{"id":30761,"date":"2024-03-01T17:27:47","date_gmt":"2024-03-01T16:27:47","guid":{"rendered":"https:\/\/institutfrancais.sk\/?post_type=podujatie&#038;p=30761"},"modified":"2024-03-01T17:27:56","modified_gmt":"2024-03-01T16:27:56","slug":"appel-a-projets-pour-la-societe-civile-slovaque","status":"publish","type":"podujatie","link":"https:\/\/institutfrancais.sk\/fr\/podujatie\/appel-a-projets-pour-la-societe-civile-slovaque\/","title":{"rendered":"Appel \u00e0 projets pour la soci\u00e9t\u00e9 civile slovaque"},"content":{"rendered":"\n<p>L\u2019Ambassade de France et l\u2019Institut fran\u00e7ais de Slovaquie lancent un appel \u00e0 projets visant \u00e0 soutenir l\u2019\u00c9tat de droit et \u00e0 lutter contre l\u2019intol\u00e9rance. Cet appel est destin\u00e9 aux organisations de la soci\u00e9t\u00e9 civile et permet d\u2019apporter un cofinancement \u00e0 leurs projets et initiatives au cours de l\u2019ann\u00e9e 2024. Il est envisag\u00e9 de soutenir quatre projets.<br><\/p>\n\n\n\n<p><strong>Th\u00e9matiques<\/strong><\/p>\n\n\n\n<p>Les projets pr\u00e9sent\u00e9s devront porter sur une ou plusieurs des th\u00e9matiques list\u00e9es ci-dessous&nbsp;:<\/p>\n\n\n\n<ul>\n<li>Soutien \u00e0 l\u2019\u00c9tat de droit&nbsp;: action de d\u00e9fense et promotion des droits de l\u2019Homme, actions de sensibilisation, d\u2019\u00e9ducation ou de plaidoyer en leur faveur.<\/li>\n\n\n\n<li>Soutien \u00e0 la participation d\u00e9mocratique&nbsp;: cr\u00e9ation, animation de structures associatives dans tous les territoires de la Slovaquie, organisation de manifestations culturelles incluant actions de sensibilisation, aide juridique et d\u00e9fense des droits du secteur associatif.<\/li>\n\n\n\n<li>Lutte contre toutes les formes de violence et de discriminations et promotion d\u2019une approche inclusive : pr\u00e9vention et lutte contre les discours de haine ;&nbsp;promotion de l\u2019\u00e9galit\u00e9 des droits et des chances entre les femmes et les hommes&nbsp;;&nbsp;lutte contre les violences fond\u00e9es sur le genre, l\u2019ethnie et l\u2019orientation sexuelle.<\/li>\n\n\n\n<li>Renforcement de l\u2019acc\u00e8s aux droits humains : promotion des droits sexuels et reproductifs&nbsp;;&nbsp;facilitation de l\u2019acc\u00e8s au droit des populations vuln\u00e9rables ;&nbsp;renforcement des droits des personnes LGBTQIA+.<\/li>\n\n\n\n<li>Sensibilisation et \u00e9ducation aux droits aupr\u00e8s des populations et des autorit\u00e9s publiques afin qu\u2019elles aient connaissance de leurs droits fondamentaux.<br><br><\/li>\n<\/ul>\n\n\n\n<p><strong>Structures et activit\u00e9s \u00e9ligibles<\/strong><\/p>\n\n\n\n<p>L\u2019appel \u00e0 projets s\u2019adresse aux organisations non gouvernementales \u00e0 but non lucratif enregistr\u00e9es en Slovaquie et mettant en \u0153uvre des projets sur le territoire slovaque. Une organisation ne pourra pr\u00e9senter qu\u2019un seul projet dans le cadre de cet appel.<\/p>\n\n\n\n<p>Les projets pourront porter sur des activit\u00e9s de sensibilisation, de plaidoyer, de formations, d\u2019autonomisation (empowerment), ou de soutien \u00e0 des publications r\u00e9pondant aux th\u00e9matiques de cet appel \u00e0 projets et \u00eatre mises en \u0153uvre dans l\u2019ensemble du pays. Les th\u00e9matiques abord\u00e9es s\u2019inscriront id\u00e9alement dans une perspective europ\u00e9enne, par la recherche de partenariats avec des organisations non-gouvernementales europ\u00e9ennes, et notamment fran\u00e7aises. Le Service de Coop\u00e9ration et d\u2019Action culturelle pourra accompagner les organisations laur\u00e9ates dans la recherche de ces partenariats.<br><br><\/p>\n\n\n\n<p><strong>Montant et modalit\u00e9s du cofinancement<\/strong><\/p>\n\n\n\n<p>Chaque projet laur\u00e9at b\u00e9n\u00e9ficiera d\u2019un cofinancement \u00e0 hauteur de 80% maximum et d\u2019un montant maximal de 2&nbsp;000&nbsp;\u20ac ;&nbsp;les institutions candidates sont donc invit\u00e9es \u00e0 recourir \u00e0 d\u2019autres sources de financements. La subvention sera vers\u00e9e en une tranche lors de la signature de la convention.<\/p>\n\n\n\n<p>Les moyens mat\u00e9riels et humains (temps de travail etc.) peuvent \u00eatre valoris\u00e9s comme financement propre.<\/p>\n\n\n\n<p>Les charges administratives (co\u00fbts de fonctionnement de la structure, tels que les salaires et loyers) ne devront pas d\u00e9passer 30% du budget total : le cofinancement apport\u00e9 par l\u2019Ambassade de France et l\u2019Institut fran\u00e7ais de Slovaquie vise \u00e0 mettre en \u0153uvre un projet dans le but de renforcer les capacit\u00e9s des ONG slovaques et n\u2019a pas vocation \u00e0 couvrir les d\u00e9penses habituelles de fonctionnement d\u2019une organisation.<\/p>\n\n\n\n<p>Les projets devront \u00eatre engag\u00e9s en 2024 et se terminer d\u2019ici au 30 avril 2025. Leur mise en \u0153uvre devra faire l\u2019objet d\u2019informations r\u00e9guli\u00e8res et un bref compte rendu narratif et financier devra \u00eatre soumis au maximum un mois apr\u00e8s sa finalisation. Les porteurs de projet devront faire mention du soutien de l\u2019Ambassade de France et de l\u2019Institut fran\u00e7ais de Slovaquie dans les supports de communication relatifs au projet. Dans la mesure du possible, l\u2019Ambassade de France et l\u2019Institut fran\u00e7ais de Slovaquie organiseront en fin d\u2019ann\u00e9e 2024 une session de rencontres et d\u2019\u00e9changes&nbsp;;&nbsp;il sera attendu des organisations b\u00e9n\u00e9ficiaires de cet appel qu\u2019elles y soient repr\u00e9sent\u00e9es.<br><br><\/p>\n\n\n\n<p><strong>Dossier de candidature<\/strong><\/p>\n\n\n\n<p>Le dossier de candidature (en fran\u00e7ais ou anglais) devra \u00eatre transmis au plus tard le 22 mars 2024 \u00e0 23h59, au format \u00e9lectronique par courriel \u00e0 l\u2019adresse yan.pautrat@diplomatie.gouv.fr et contenir :<\/p>\n\n\n\n<ul>\n<li>Le formulaire de candidature <a href=\"https:\/\/institutfrancais.sk\/wp-content\/uploads\/2024\/02\/FormulaireAppel_FR.docx\">suivant le mod\u00e8le fourni<\/a>&nbsp;;<\/li>\n\n\n\n<li>Un budget d\u00e9taill\u00e9&nbsp;;<\/li>\n\n\n\n<li>Une copie du certificat d\u2019enregistrement de l\u2019institution candidate, \u00e9mis par le Minist\u00e8re de l\u2019int\u00e9rieur de la R\u00e9publique slovaque ;<\/li>\n\n\n\n<li>Les statuts de l\u2019organisation ;<\/li>\n\n\n\n<li>Une pr\u00e9sentation de l\u2019association&nbsp;et de ses activit\u00e9s ;<\/li>\n\n\n\n<li>Les coordonn\u00e9es bancaires de l\u2019institution candidate (IBAN transmis par un \u00e9tablissement bancaire).<\/li>\n<\/ul>\n\n\n\n<p>Tous les fichiers doivent \u00eatre en format PDF&nbsp;&nbsp;Les participants \u00e0 cet appel \u00e0 projets s\u2019engagent \u00e0 compl\u00e9ter les formulaires de mani\u00e8re fiable et pr\u00e9cise&nbsp;;&nbsp;la transmission d\u2019informations erron\u00e9es pourra entra\u00eener la disqualification de la candidature, ou, si elle est constat\u00e9e apr\u00e8s la s\u00e9lection, une demande de restitution du financement accord\u00e9. Seuls les dossiers ayant fait l\u2019objet d\u2019un accus\u00e9 de r\u00e9ception par retour de courriel seront examin\u00e9s.<br><br><\/p>\n\n\n\n<p><strong>Crit\u00e8res de s\u00e9lection<\/strong><\/p>\n\n\n\n<p>La s\u00e9lection sera effectu\u00e9e par un jury constitu\u00e9 de membres de l\u2019Ambassade de France et de l\u2019Institut fran\u00e7ais de Slovaquie, qui pourront faire appel \u00e0 des experts ext\u00e9rieurs. La s\u00e9lection se fera sur la base des crit\u00e8res suivants :<\/p>\n\n\n\n<ul>\n<li>L\u2019ad\u00e9quation avec une des th\u00e9matiques de l\u2019appel \u00e0 projets et les priorit\u00e9s europ\u00e9ennes&nbsp;;<\/li>\n\n\n\n<li>La pertinence du projet au regard des besoins identifi\u00e9s&nbsp;;<\/li>\n\n\n\n<li>La faisabilit\u00e9 technique et \u00e9conomique dans les d\u00e9lais impartis ;<\/li>\n\n\n\n<li>L\u2019impact du projet : objectifs pr\u00e9cis, nombre de b\u00e9n\u00e9ficiaires directs et indirects, durabilit\u00e9 des r\u00e9sultats ;<\/li>\n\n\n\n<li>Le caract\u00e8re r\u00e9plicable du projet ;<\/li>\n\n\n\n<li>L\u2019inscription du projet dans le cadre d\u2019une strat\u00e9gie globale et de plus long terme.<\/li>\n<\/ul>\n\n\n\n<p>Une attention particuli\u00e8re sera port\u00e9e :<\/p>\n\n\n\n<ul>\n<li>Aux approches innovantes&nbsp;;<\/li>\n\n\n\n<li>A la prise en compte de l\u2019\u00e9galit\u00e9 de genre dans les activit\u00e9s ;<\/li>\n\n\n\n<li>Aux liens d\u00e9velopp\u00e9s avec des partenaires institutionnels dans la conduite du projet. Les projets favorisant le d\u00e9veloppement de la coop\u00e9ration entre organisations de la soci\u00e9t\u00e9 civile et\/ou collectivit\u00e9s locales slovaques et fran\u00e7aises seront particuli\u00e8rement appr\u00e9ci\u00e9s&nbsp;;<\/li>\n\n\n\n<li>Aux actions permettant une visibilit\u00e9 de l\u2019Ambassade de France\/Institut fran\u00e7ais de Slovaquie.<\/li>\n<\/ul>\n\n\n\n<p>Les r\u00e9sultats seront communiqu\u00e9s aux candidats par courrier \u00e9lectronique le 29 mars 2024. La d\u00e9cision du jury est souveraine.<br><br><\/p>\n\n\n\n<p><strong>Contact<\/strong><\/p>\n\n\n\n<p>Les demandes d&rsquo;information peuvent \u00eatre adress\u00e9es \u00e0 <a href=\"mailto:yan.pautrat@diplomatie.gouv.fr\">yan.pautrat@diplomatie.gouv.fr<\/a>.<\/p>\n\n\n<div class=\"space md\"><\/div>","protected":false},"featured_media":30758,"template":"","typ-podujatia":[],"acf":[],"yoast_head":"<!-- This site is optimized with the Yoast SEO plugin v24.5 - https:\/\/yoast.com\/wordpress\/plugins\/seo\/ -->\n<title>Appel \u00e0 projets pour la soci\u00e9t\u00e9 civile slovaque - Franc\u00fazsky in\u0161tit\u00fat na Slovensku<\/title>\n<meta name=\"robots\" content=\"index, follow, max-snippet:-1, max-image-preview:large, max-video-preview:-1\" \/>\n<link rel=\"canonical\" href=\"https:\/\/institutfrancais.sk\/fr\/podujatie\/appel-a-projets-pour-la-societe-civile-slovaque\/\" \/>\n<meta property=\"og:locale\" content=\"fr_FR\" \/>\n<meta property=\"og:type\" content=\"article\" \/>\n<meta property=\"og:title\" content=\"Appel \u00e0 projets pour la soci\u00e9t\u00e9 civile slovaque - Franc\u00fazsky in\u0161tit\u00fat na Slovensku\" \/>\n<meta property=\"og:description\" content=\"L\u2019Ambassade de France et l\u2019Institut fran\u00e7ais de Slovaquie lancent un appel \u00e0 projets visant \u00e0 soutenir l\u2019\u00c9tat de droit et \u00e0 lutter contre l\u2019intol\u00e9rance. Cet appel est destin\u00e9 aux organisations de la soci\u00e9t\u00e9 civile et permet d\u2019apporter un cofinancement \u00e0 leurs projets et initiatives au cours de l\u2019ann\u00e9e 2024. Il est envisag\u00e9 de soutenir quatre [&hellip;]\" \/>\n<meta property=\"og:url\" content=\"https:\/\/institutfrancais.sk\/fr\/podujatie\/appel-a-projets-pour-la-societe-civile-slovaque\/\" \/>\n<meta property=\"og:site_name\" content=\"Franc\u00fazsky in\u0161tit\u00fat na Slovensku\" \/>\n<meta property=\"article:modified_time\" content=\"2024-03-01T16:27:56+00:00\" \/>\n<meta property=\"og:image\" content=\"https:\/\/institutfrancais.sk\/wp-content\/uploads\/2024\/02\/SC-Appel-2-1.png\" \/>\n\t<meta property=\"og:image:width\" content=\"1600\" \/>\n\t<meta property=\"og:image:height\" content=\"900\" \/>\n\t<meta property=\"og:image:type\" content=\"image\/png\" \/>\n<meta name=\"twitter:card\" content=\"summary_large_image\" \/>\n<meta name=\"twitter:label1\" content=\"Dur\u00e9e de lecture estim\u00e9e\" \/>\n\t<meta name=\"twitter:data1\" content=\"6 minutes\" \/>\n<script type=\"application\/ld+json\" class=\"yoast-schema-graph\">{\"@context\":\"https:\/\/schema.org\",\"@graph\":[{\"@type\":\"WebPage\",\"@id\":\"https:\/\/institutfrancais.sk\/fr\/podujatie\/appel-a-projets-pour-la-societe-civile-slovaque\/\",\"url\":\"https:\/\/institutfrancais.sk\/fr\/podujatie\/appel-a-projets-pour-la-societe-civile-slovaque\/\",\"name\":\"Appel \u00e0 projets pour la soci\u00e9t\u00e9 civile slovaque - Franc\u00fazsky in\u0161tit\u00fat na Slovensku\",\"isPartOf\":{\"@id\":\"https:\/\/institutfrancais.sk\/fr\/#website\"},\"primaryImageOfPage\":{\"@id\":\"https:\/\/institutfrancais.sk\/fr\/podujatie\/appel-a-projets-pour-la-societe-civile-slovaque\/#primaryimage\"},\"image\":{\"@id\":\"https:\/\/institutfrancais.sk\/fr\/podujatie\/appel-a-projets-pour-la-societe-civile-slovaque\/#primaryimage\"},\"thumbnailUrl\":\"https:\/\/institutfrancais.sk\/wp-content\/uploads\/2024\/02\/SC-Appel-2-1.png\",\"datePublished\":\"2024-03-01T16:27:47+00:00\",\"dateModified\":\"2024-03-01T16:27:56+00:00\",\"breadcrumb\":{\"@id\":\"https:\/\/institutfrancais.sk\/fr\/podujatie\/appel-a-projets-pour-la-societe-civile-slovaque\/#breadcrumb\"},\"inLanguage\":\"fr-FR\",\"potentialAction\":[{\"@type\":\"ReadAction\",\"target\":[\"https:\/\/institutfrancais.sk\/fr\/podujatie\/appel-a-projets-pour-la-societe-civile-slovaque\/\"]}]},{\"@type\":\"ImageObject\",\"inLanguage\":\"fr-FR\",\"@id\":\"https:\/\/institutfrancais.sk\/fr\/podujatie\/appel-a-projets-pour-la-societe-civile-slovaque\/#primaryimage\",\"url\":\"https:\/\/institutfrancais.sk\/wp-content\/uploads\/2024\/02\/SC-Appel-2-1.png\",\"contentUrl\":\"https:\/\/institutfrancais.sk\/wp-content\/uploads\/2024\/02\/SC-Appel-2-1.png\",\"width\":1600,\"height\":900},{\"@type\":\"BreadcrumbList\",\"@id\":\"https:\/\/institutfrancais.sk\/fr\/podujatie\/appel-a-projets-pour-la-societe-civile-slovaque\/#breadcrumb\",\"itemListElement\":[{\"@type\":\"ListItem\",\"position\":1,\"name\":\"Home\",\"item\":\"https:\/\/institutfrancais.sk\/fr\/\"},{\"@type\":\"ListItem\",\"position\":2,\"name\":\"Events\",\"item\":\"https:\/\/institutfrancais.sk\/fr\/podujatie\/\"},{\"@type\":\"ListItem\",\"position\":3,\"name\":\"Appel \u00e0 projets pour la soci\u00e9t\u00e9 civile slovaque\"}]},{\"@type\":\"WebSite\",\"@id\":\"https:\/\/institutfrancais.sk\/fr\/#website\",\"url\":\"https:\/\/institutfrancais.sk\/fr\/\",\"name\":\"Franc\u00fazsky in\u0161tit\u00fat na Slovensku\",\"description\":\"Franc\u00fazsky in\u0161tit\u00fat na Slovensku\",\"potentialAction\":[{\"@type\":\"SearchAction\",\"target\":{\"@type\":\"EntryPoint\",\"urlTemplate\":\"https:\/\/institutfrancais.sk\/fr\/?s={search_term_string}\"},\"query-input\":{\"@type\":\"PropertyValueSpecification\",\"valueRequired\":true,\"valueName\":\"search_term_string\"}}],\"inLanguage\":\"fr-FR\"}]}<\/script>\n<!-- \/ Yoast SEO plugin. -->","yoast_head_json":{"title":"Appel \u00e0 projets pour la soci\u00e9t\u00e9 civile slovaque - Franc\u00fazsky in\u0161tit\u00fat na Slovensku","robots":{"index":"index","follow":"follow","max-snippet":"max-snippet:-1","max-image-preview":"max-image-preview:large","max-video-preview":"max-video-preview:-1"},"canonical":"https:\/\/institutfrancais.sk\/fr\/podujatie\/appel-a-projets-pour-la-societe-civile-slovaque\/","og_locale":"fr_FR","og_type":"article","og_title":"Appel \u00e0 projets pour la soci\u00e9t\u00e9 civile slovaque - Franc\u00fazsky in\u0161tit\u00fat na Slovensku","og_description":"L\u2019Ambassade de France et l\u2019Institut fran\u00e7ais de Slovaquie lancent un appel \u00e0 projets visant \u00e0 soutenir l\u2019\u00c9tat de droit et \u00e0 lutter contre l\u2019intol\u00e9rance. Cet appel est destin\u00e9 aux organisations de la soci\u00e9t\u00e9 civile et permet d\u2019apporter un cofinancement \u00e0 leurs projets et initiatives au cours de l\u2019ann\u00e9e 2024. Il est envisag\u00e9 de soutenir quatre [&hellip;]","og_url":"https:\/\/institutfrancais.sk\/fr\/podujatie\/appel-a-projets-pour-la-societe-civile-slovaque\/","og_site_name":"Franc\u00fazsky in\u0161tit\u00fat na Slovensku","article_modified_time":"2024-03-01T16:27:56+00:00","og_image":[{"width":1600,"height":900,"url":"https:\/\/institutfrancais.sk\/wp-content\/uploads\/2024\/02\/SC-Appel-2-1.png","type":"image\/png"}],"twitter_card":"summary_large_image","twitter_misc":{"Dur\u00e9e de lecture estim\u00e9e":"6 minutes"},"schema":{"@context":"https:\/\/schema.org","@graph":[{"@type":"WebPage","@id":"https:\/\/institutfrancais.sk\/fr\/podujatie\/appel-a-projets-pour-la-societe-civile-slovaque\/","url":"https:\/\/institutfrancais.sk\/fr\/podujatie\/appel-a-projets-pour-la-societe-civile-slovaque\/","name":"Appel \u00e0 projets pour la soci\u00e9t\u00e9 civile slovaque - Franc\u00fazsky in\u0161tit\u00fat na Slovensku","isPartOf":{"@id":"https:\/\/institutfrancais.sk\/fr\/#website"},"primaryImageOfPage":{"@id":"https:\/\/institutfrancais.sk\/fr\/podujatie\/appel-a-projets-pour-la-societe-civile-slovaque\/#primaryimage"},"image":{"@id":"https:\/\/institutfrancais.sk\/fr\/podujatie\/appel-a-projets-pour-la-societe-civile-slovaque\/#primaryimage"},"thumbnailUrl":"https:\/\/institutfrancais.sk\/wp-content\/uploads\/2024\/02\/SC-Appel-2-1.png","datePublished":"2024-03-01T16:27:47+00:00","dateModified":"2024-03-01T16:27:56+00:00","breadcrumb":{"@id":"https:\/\/institutfrancais.sk\/fr\/podujatie\/appel-a-projets-pour-la-societe-civile-slovaque\/#breadcrumb"},"inLanguage":"fr-FR","potentialAction":[{"@type":"ReadAction","target":["https:\/\/institutfrancais.sk\/fr\/podujatie\/appel-a-projets-pour-la-societe-civile-slovaque\/"]}]},{"@type":"ImageObject","inLanguage":"fr-FR","@id":"https:\/\/institutfrancais.sk\/fr\/podujatie\/appel-a-projets-pour-la-societe-civile-slovaque\/#primaryimage","url":"https:\/\/institutfrancais.sk\/wp-content\/uploads\/2024\/02\/SC-Appel-2-1.png","contentUrl":"https:\/\/institutfrancais.sk\/wp-content\/uploads\/2024\/02\/SC-Appel-2-1.png","width":1600,"height":900},{"@type":"BreadcrumbList","@id":"https:\/\/institutfrancais.sk\/fr\/podujatie\/appel-a-projets-pour-la-societe-civile-slovaque\/#breadcrumb","itemListElement":[{"@type":"ListItem","position":1,"name":"Home","item":"https:\/\/institutfrancais.sk\/fr\/"},{"@type":"ListItem","position":2,"name":"Events","item":"https:\/\/institutfrancais.sk\/fr\/podujatie\/"},{"@type":"ListItem","position":3,"name":"Appel \u00e0 projets pour la soci\u00e9t\u00e9 civile slovaque"}]},{"@type":"WebSite","@id":"https:\/\/institutfrancais.sk\/fr\/#website","url":"https:\/\/institutfrancais.sk\/fr\/","name":"Franc\u00fazsky in\u0161tit\u00fat na Slovensku","description":"Franc\u00fazsky in\u0161tit\u00fat na Slovensku","potentialAction":[{"@type":"SearchAction","target":{"@type":"EntryPoint","urlTemplate":"https:\/\/institutfrancais.sk\/fr\/?s={search_term_string}"},"query-input":{"@type":"PropertyValueSpecification","valueRequired":true,"valueName":"search_term_string"}}],"inLanguage":"fr-FR"}]}},"_links":{"self":[{"href":"https:\/\/institutfrancais.sk\/fr\/wp-json\/wp\/v2\/podujatie\/30761"}],"collection":[{"href":"https:\/\/institutfrancais.sk\/fr\/wp-json\/wp\/v2\/podujatie"}],"about":[{"href":"https:\/\/institutfrancais.sk\/fr\/wp-json\/wp\/v2\/types\/podujatie"}],"wp:featuredmedia":[{"embeddable":true,"href":"https:\/\/institutfrancais.sk\/fr\/wp-json\/wp\/v2\/media\/30758"}],"wp:attachment":[{"href":"https:\/\/institutfrancais.sk\/fr\/wp-json\/wp\/v2\/media?parent=30761"}],"wp:term":[{"taxonomy":"typ-podujatia","embeddable":true,"href":"https:\/\/institutfrancais.sk\/fr\/wp-json\/wp\/v2\/typ-podujatia?post=30761"}],"curies":[{"name":"wp","href":"https:\/\/api.w.org\/{rel}","templated":true}]}}