{"id":30861,"date":"2024-03-01T09:41:00","date_gmt":"2024-03-01T08:41:00","guid":{"rendered":"https:\/\/institutfrancais.sk\/?post_type=podujatie&#038;p=30861"},"modified":"2024-03-14T08:43:07","modified_gmt":"2024-03-14T07:43:07","slug":"exposition-rimbaud-explorateur-photographies-du-poete-vagabond","status":"publish","type":"podujatie","link":"https:\/\/institutfrancais.sk\/fr\/podujatie\/exposition-rimbaud-explorateur-photographies-du-poete-vagabond\/","title":{"rendered":"Exposition \u00ab\u00a0Rimbaud, Explorateur \u2013 Photographies du po\u00e8te vagabond\u00a0\u00bb"},"content":{"rendered":"\n<p>En mars &#8211;&nbsp;Mois de la francophonie &#8211;&nbsp;l&rsquo;Institut fran\u00e7ais de Slovaquie (IFS)&nbsp;rendra hommage \u00e0 Arthur Rimbaud (1854-1891), classique de la litt\u00e9rature fran\u00e7aise, dont on c\u00e9l\u00e8brera le 170e anniversaire cette ann\u00e9e. L&rsquo;IFS \u00e0 Bratislava se joint ainsi au vaste cycle d&rsquo;\u00e9v\u00e9nements d\u00e9di\u00e9s \u00e0 Rimbaud organis\u00e9 par nos coll\u00e8gues de l\u2019Institut fran\u00e7ais d&rsquo;Autriche \u00e0 Vienne en juin 2023, \u00e0 l\u2019occasion du 150<sup>e<\/sup> anniversaire de la sortie du recueil <em>Une saison en enfer<\/em>. Du riche programme rimbaldien viennois, l\u2019IFS a&nbsp;choisi de pr\u00e9senter l\u2019exposition <em>\u00ab&nbsp;Rimbaud, Explorateur \u2013 Photographies du po\u00e8te vagabond&nbsp;\u00bb, <\/em>qui met l\u2019accent sur un aspect m\u00e9connu du po\u00e8te \u2013 son travail de photographe. L&rsquo;Institut fran\u00e7ais de Slovaquie pr\u00e9sentera cette exposition en version franco-slovaque, invitant ainsi le public slovaque \u00e0 (re)d\u00e9couvrir l\u2019artiste \u00e0 l\u2019aune de ce chapitre occult\u00e9 de son \u0153uvre. \u00c0 cette occasion, l\u2019IFS accueillera \u00e0 Bratislava Hugues Fontaine &#8211;&nbsp;\u00e9crivain, voyageur, photographe et commissaire d\u2019exposition &nbsp;\u2013 pour donner une conf\u00e9rence autour de ses recherches sur Rimbaud comme photographe.<\/p>\n\n\n\n<h4 class=\"wp-block-heading\">Partenaire principal de l&rsquo;\u00e9v\u00e9nement<\/h4>\n\n\n\n<figure class=\"wp-block-image size-full\"><a href=\"https:\/\/www.dsautomobiles.sk\/\" target=\"_blank\" rel=\"noreferrer noopener\"><img loading=\"lazy\" decoding=\"async\" width=\"300\" height=\"300\" src=\"https:\/\/institutfrancais.sk\/wp-content\/uploads\/2024\/02\/DS_Logo_2019-signature_2023_reversed_300.png\" alt=\"\" class=\"wp-image-30889\" srcset=\"https:\/\/institutfrancais.sk\/wp-content\/uploads\/2024\/02\/DS_Logo_2019-signature_2023_reversed_300.png 300w, https:\/\/institutfrancais.sk\/wp-content\/uploads\/2024\/02\/DS_Logo_2019-signature_2023_reversed_300-150x150.png 150w\" sizes=\"(max-width: 300px) 100vw, 300px\" \/><\/a><\/figure>\n\n\n<div class=\"space md\"><\/div>\n\n\n<h2 class=\"wp-block-heading\">Avant-propos pour l\u2019exposition \u00e0 Vienne<\/h2>\n\n\n\n<p>Rimbaud \u00e0 Vienne : ce n\u2019est pas la premi\u00e8re fois que cette association s\u2019impose dans l\u2019histoire du po\u00e8te et de la litt\u00e9rature. Si l\u2019on en croit les lettres et les dessins potaches \u00e9chang\u00e9s entre Ernest Delahaye et Paul Verlaine, l\u2019ami fid\u00e8le et l\u2019amant tourment\u00e9, deux t\u00e9moins essentiels de sa jeunesse, Arthur Rimbaud s\u00e9journa quelques jours en Autriche, au cours d\u2019une odyss\u00e9e maritime et p\u00e9destre loin des contr\u00e9es natales. Apr\u00e8s la parution d\u2019Une saison en enfer, en 1873, \u00ab l\u2019homme aux semelles de vent \u00bb traverse Londres, Stuttgart, Milan, regagne Charleville, puis vogue vers Vienne, Rotterdam, Batavia, ancien nom de Jakarta, dans les rangs de l\u2019arm\u00e9e hollandaise qu\u2019il d\u00e9serte aussit\u00f4t. Suivent Liverpool, Cologne, Hambourg, Stockholm, Alexandrie ou Larnaca, petite ville chypriote. Apr\u00e8s un hiver ardennais, en 1880, il s\u2019embarque \u00e0 nouveau pour l\u2019Orient, puis se fixe en Afrique. Quatre ans plus t\u00f4t, au printemps 1876, le passage par l\u2019Autriche s\u2019\u00e9tait sold\u00e9 par un fiasco. D\u00e9trouss\u00e9 par un cocher viennois apr\u00e8s une nuit d\u2019ivresse, Rimbaud s\u2019\u00e9tait retrouv\u00e9 sans le sou, somm\u00e9 par la police locale de quitter le territoire. Voil\u00e0 mati\u00e8re \u00e0 confirmer l\u2019image du po\u00e8te vagabond. Mais l\u2019anecdote biographique n\u2019\u00e9puise pas le sujet des liens de Rimbaud avec l\u2019Autriche.<\/p>\n\n\n\n<p>Son premier traducteur en langue allemande, Karl Klammer, est un natif de Vienne. En 1907, il propose une premi\u00e8re anthologie de textes rimbaldiens dans une \u00e9dition pr\u00e9fac\u00e9e par un autre Viennois, Stefan Zweig, biographe de Verlaine et collectionneur de plusieurs manuscrits originaux d\u2019Arthur Rimbaud qu\u2019il conservera soigneusement jusqu\u2019\u00e0 sa mort aux c\u00f4t\u00e9s de manuscrits de Proust, Mozart ou Beethoven, autant de g\u00e9nies universels. Mais Rimbaud n\u2019est pas seulement pr\u00e9coce. Il est l\u2019enfant terrible de cette collection, un audacieux \u00ab conquistador \u00bb, \u00e9crit Zweig, qui, \u00e0 vingt-trois ans, connaissait \u00ab la duret\u00e9 des paillasses de prisons et les averses de la for\u00eat vierge \u00bb. C\u2019est cet aspect de Rimbaud, assoiff\u00e9 d\u2019aventure et d\u2019exil, que cette exposition entend mettre en valeur. \u00ab Rimbaud, Explorateur \u00bb, voil\u00e0 le th\u00e8me central qui, \u00e0 travers une s\u00e9rie de photographies, con\u00e7ue par Hugues Fontaine et pr\u00e9sent\u00e9e \u00e0 l\u2019ambassade de France en Autriche \u00e0 l\u2019occasion de l\u2019\u00e9dition 2023 de Foto Wien, s\u2019impose pour souligner la passion de Rimbaud pour le voyage et la photographie.<\/p>\n\n\n\n<p>Mais loin de se limiter \u00e0 des portraits de l\u2019auteur \u2013 m\u00e9daillon de Carjat fixant l\u2019adolescent fugueur des Ardennes ou dessin d\u2019Isabelle Rimbaud, croquant son fr\u00e8re en musicien \u2013 cette s\u00e9rie t\u00e9moigne \u00e9galement d\u2019un chapitre occult\u00e9 de l\u2019oeuvre de Rimbaud qui se r\u00eava artisan des images apr\u00e8s s\u2019\u00eatre voulu alchimiste du verbe. On connaissait d\u00e9j\u00e0 plusieurs autoportraits du voyageur \u00e9tabli en Abyssinie, mais ce n\u2019\u00e9tait l\u00e0 qu\u2019une preuve parmi tant d\u2019autres des efforts de Rimbaud pour ma\u00eetriser l\u2019art d\u00e9licat de la photographie. En 2019, la d\u00e9couverte inattendue de trois clich\u00e9s pr\u00e9cieusement conserv\u00e9s par le Weltmuseum, \u00e0 Vienne, et &nbsp;attribu\u00e9es \u00e0 l\u2019enfant de Charleville par l\u2019ethnographe autrichien Philip Paulitschke, confirment l\u2019int\u00e9r\u00eat et l\u2019aura myst\u00e9rieuse de son travail de photographe. C\u2019est l\u2019ambition de cette s\u00e9rie d\u2019images, alliant portraits et paysages autour d\u2019un globe \u2013 symbole des p\u00e9r\u00e9grinations infinies du po\u00e8te \u2013 que de lever le voile sur le parcours m\u00e9connu de Rimbaud hors du vieux continent, poursuivant des chim\u00e8res et recueillant la po\u00e9sie du monde &nbsp;ailleurs que dans les mots.<\/p>\n\n\n<div class=\"space md\"><\/div>\n\n\n<h2 class=\"wp-block-heading\">Hugues Fontaine<\/h2>\n\n\n\n<p>Tour \u00e0 tour \u00e9crivain, voyageur, photographe, r\u00e9alisateur et commissaire d\u2019exposition, Hugues Fontaine fr\u00e9quente la corne de l\u2019Afrique et la P\u00e9ninsule arabique depuis des ann\u00e9es. Il est devenu, par ses publications, un sp\u00e9cialiste reconnu de l\u2019histoire de la photographie de la fin du XIXe si\u00e8cle dans ces r\u00e9gions.<br>On lui doit notamment les publications <em>Un train en Afrique<\/em> (CFEE\/Shama books, 2012), <em>Arthur Rimbaud photographe<\/em> (Textuel, 2019) et <em>M\u00e9n\u00e9lik<\/em> (Amarna, 2020), ainsi que des expositions au Mus\u00e9e d\u2019art moderne de l\u2019Universit\u00e9 d\u2019Addis Abeba (<em>Alfred Ilg. The Engineer and the King<\/em>, 2016), \u00e0 l\u2019Institut d\u2019\u00c9tudes \u00c9thiopiennes de l\u2019Universit\u00e9 d\u2019Addis Abeba (<em>Une passion g\u00e9ographique<\/em>, 2018) ou au Carr\u00e9 d\u2019Art de N\u00eemes (<em>Rimbaud \u2013 Soleillet. Une saison en Afrique<\/em>, 2019).<br>Son ouvrage le plus r\u00e9cent, <em>Obock Tadjoura. Ann\u00e9es 1880<\/em>, a&nbsp;paru aux \u00e9ditions Amarna \u00e0 l\u2019octobre 2023. L\u2019administration des palais nationaux d\u2019\u00c9thiopie vient par ailleurs de lui confier la conception du sc\u00e9nario de la visite du Palais national d\u2019Addis Abeba (Palais du Jubil\u00e9 de Ha\u00efl\u00e9 Selassi\u00e9), dont l\u2019ouverture est pr\u00e9vue pour 2024.<\/p>\n\n\n<div class=\"space md\"><\/div>","protected":false},"featured_media":30845,"template":"","typ-podujatia":[56,160],"acf":[],"yoast_head":"<!-- This site is optimized with the Yoast SEO plugin v24.5 - https:\/\/yoast.com\/wordpress\/plugins\/seo\/ -->\n<title>Exposition &quot;Rimbaud, Explorateur \u2013 Photographies du po\u00e8te vagabond&quot; - Franc\u00fazsky in\u0161tit\u00fat na Slovensku<\/title>\n<meta name=\"description\" content=\"Exposition &quot;Rimbaud, Explorateur \u2013 Photographies du po\u00e8te vagabond&quot;\" \/>\n<meta name=\"robots\" content=\"index, follow, max-snippet:-1, max-image-preview:large, max-video-preview:-1\" \/>\n<link rel=\"canonical\" href=\"https:\/\/institutfrancais.sk\/fr\/podujatie\/exposition-rimbaud-explorateur-photographies-du-poete-vagabond\/\" \/>\n<meta property=\"og:locale\" content=\"fr_FR\" \/>\n<meta property=\"og:type\" content=\"article\" \/>\n<meta property=\"og:title\" content=\"Exposition &quot;Rimbaud, Explorateur \u2013 Photographies du po\u00e8te vagabond&quot; - Franc\u00fazsky in\u0161tit\u00fat na Slovensku\" \/>\n<meta property=\"og:description\" content=\"Exposition &quot;Rimbaud, Explorateur \u2013 Photographies du po\u00e8te vagabond&quot;\" \/>\n<meta property=\"og:url\" content=\"https:\/\/institutfrancais.sk\/fr\/podujatie\/exposition-rimbaud-explorateur-photographies-du-poete-vagabond\/\" \/>\n<meta property=\"og:site_name\" content=\"Franc\u00fazsky in\u0161tit\u00fat na Slovensku\" \/>\n<meta property=\"article:modified_time\" content=\"2024-03-14T07:43:07+00:00\" \/>\n<meta property=\"og:image\" content=\"https:\/\/institutfrancais.sk\/wp-content\/uploads\/2024\/02\/Etienne_Carjat_-_Portrait_dArthur_Rimbaud-v2.jpg\" \/>\n\t<meta property=\"og:image:width\" content=\"602\" \/>\n\t<meta property=\"og:image:height\" content=\"788\" \/>\n\t<meta property=\"og:image:type\" content=\"image\/jpeg\" \/>\n<meta name=\"twitter:card\" content=\"summary_large_image\" \/>\n<meta name=\"twitter:label1\" content=\"Dur\u00e9e de lecture estim\u00e9e\" \/>\n\t<meta name=\"twitter:data1\" content=\"6 minutes\" \/>\n<script type=\"application\/ld+json\" class=\"yoast-schema-graph\">{\"@context\":\"https:\/\/schema.org\",\"@graph\":[{\"@type\":\"WebPage\",\"@id\":\"https:\/\/institutfrancais.sk\/fr\/podujatie\/exposition-rimbaud-explorateur-photographies-du-poete-vagabond\/\",\"url\":\"https:\/\/institutfrancais.sk\/fr\/podujatie\/exposition-rimbaud-explorateur-photographies-du-poete-vagabond\/\",\"name\":\"Exposition \\\"Rimbaud, Explorateur \u2013 Photographies du po\u00e8te vagabond\\\" - Franc\u00fazsky in\u0161tit\u00fat na Slovensku\",\"isPartOf\":{\"@id\":\"https:\/\/institutfrancais.sk\/fr\/#website\"},\"primaryImageOfPage\":{\"@id\":\"https:\/\/institutfrancais.sk\/fr\/podujatie\/exposition-rimbaud-explorateur-photographies-du-poete-vagabond\/#primaryimage\"},\"image\":{\"@id\":\"https:\/\/institutfrancais.sk\/fr\/podujatie\/exposition-rimbaud-explorateur-photographies-du-poete-vagabond\/#primaryimage\"},\"thumbnailUrl\":\"https:\/\/institutfrancais.sk\/wp-content\/uploads\/2024\/02\/Etienne_Carjat_-_Portrait_dArthur_Rimbaud-v2.jpg\",\"datePublished\":\"2024-03-01T08:41:00+00:00\",\"dateModified\":\"2024-03-14T07:43:07+00:00\",\"description\":\"Exposition \\\"Rimbaud, Explorateur \u2013 Photographies du po\u00e8te vagabond\\\"\",\"breadcrumb\":{\"@id\":\"https:\/\/institutfrancais.sk\/fr\/podujatie\/exposition-rimbaud-explorateur-photographies-du-poete-vagabond\/#breadcrumb\"},\"inLanguage\":\"fr-FR\",\"potentialAction\":[{\"@type\":\"ReadAction\",\"target\":[\"https:\/\/institutfrancais.sk\/fr\/podujatie\/exposition-rimbaud-explorateur-photographies-du-poete-vagabond\/\"]}]},{\"@type\":\"ImageObject\",\"inLanguage\":\"fr-FR\",\"@id\":\"https:\/\/institutfrancais.sk\/fr\/podujatie\/exposition-rimbaud-explorateur-photographies-du-poete-vagabond\/#primaryimage\",\"url\":\"https:\/\/institutfrancais.sk\/wp-content\/uploads\/2024\/02\/Etienne_Carjat_-_Portrait_dArthur_Rimbaud-v2.jpg\",\"contentUrl\":\"https:\/\/institutfrancais.sk\/wp-content\/uploads\/2024\/02\/Etienne_Carjat_-_Portrait_dArthur_Rimbaud-v2.jpg\",\"width\":602,\"height\":788},{\"@type\":\"BreadcrumbList\",\"@id\":\"https:\/\/institutfrancais.sk\/fr\/podujatie\/exposition-rimbaud-explorateur-photographies-du-poete-vagabond\/#breadcrumb\",\"itemListElement\":[{\"@type\":\"ListItem\",\"position\":1,\"name\":\"Home\",\"item\":\"https:\/\/institutfrancais.sk\/fr\/\"},{\"@type\":\"ListItem\",\"position\":2,\"name\":\"Events\",\"item\":\"https:\/\/institutfrancais.sk\/fr\/podujatie\/\"},{\"@type\":\"ListItem\",\"position\":3,\"name\":\"Exposition &#8222;Rimbaud, Explorateur \u2013 Photographies du po\u00e8te vagabond&#8220;\"}]},{\"@type\":\"WebSite\",\"@id\":\"https:\/\/institutfrancais.sk\/fr\/#website\",\"url\":\"https:\/\/institutfrancais.sk\/fr\/\",\"name\":\"Franc\u00fazsky in\u0161tit\u00fat na Slovensku\",\"description\":\"Franc\u00fazsky in\u0161tit\u00fat na Slovensku\",\"potentialAction\":[{\"@type\":\"SearchAction\",\"target\":{\"@type\":\"EntryPoint\",\"urlTemplate\":\"https:\/\/institutfrancais.sk\/fr\/?s={search_term_string}\"},\"query-input\":{\"@type\":\"PropertyValueSpecification\",\"valueRequired\":true,\"valueName\":\"search_term_string\"}}],\"inLanguage\":\"fr-FR\"}]}<\/script>\n<!-- \/ Yoast SEO plugin. -->","yoast_head_json":{"title":"Exposition \"Rimbaud, Explorateur \u2013 Photographies du po\u00e8te vagabond\" - Franc\u00fazsky in\u0161tit\u00fat na Slovensku","description":"Exposition \"Rimbaud, Explorateur \u2013 Photographies du po\u00e8te vagabond\"","robots":{"index":"index","follow":"follow","max-snippet":"max-snippet:-1","max-image-preview":"max-image-preview:large","max-video-preview":"max-video-preview:-1"},"canonical":"https:\/\/institutfrancais.sk\/fr\/podujatie\/exposition-rimbaud-explorateur-photographies-du-poete-vagabond\/","og_locale":"fr_FR","og_type":"article","og_title":"Exposition \"Rimbaud, Explorateur \u2013 Photographies du po\u00e8te vagabond\" - Franc\u00fazsky in\u0161tit\u00fat na Slovensku","og_description":"Exposition \"Rimbaud, Explorateur \u2013 Photographies du po\u00e8te vagabond\"","og_url":"https:\/\/institutfrancais.sk\/fr\/podujatie\/exposition-rimbaud-explorateur-photographies-du-poete-vagabond\/","og_site_name":"Franc\u00fazsky in\u0161tit\u00fat na Slovensku","article_modified_time":"2024-03-14T07:43:07+00:00","og_image":[{"width":602,"height":788,"url":"https:\/\/institutfrancais.sk\/wp-content\/uploads\/2024\/02\/Etienne_Carjat_-_Portrait_dArthur_Rimbaud-v2.jpg","type":"image\/jpeg"}],"twitter_card":"summary_large_image","twitter_misc":{"Dur\u00e9e de lecture estim\u00e9e":"6 minutes"},"schema":{"@context":"https:\/\/schema.org","@graph":[{"@type":"WebPage","@id":"https:\/\/institutfrancais.sk\/fr\/podujatie\/exposition-rimbaud-explorateur-photographies-du-poete-vagabond\/","url":"https:\/\/institutfrancais.sk\/fr\/podujatie\/exposition-rimbaud-explorateur-photographies-du-poete-vagabond\/","name":"Exposition \"Rimbaud, Explorateur \u2013 Photographies du po\u00e8te vagabond\" - Franc\u00fazsky in\u0161tit\u00fat na Slovensku","isPartOf":{"@id":"https:\/\/institutfrancais.sk\/fr\/#website"},"primaryImageOfPage":{"@id":"https:\/\/institutfrancais.sk\/fr\/podujatie\/exposition-rimbaud-explorateur-photographies-du-poete-vagabond\/#primaryimage"},"image":{"@id":"https:\/\/institutfrancais.sk\/fr\/podujatie\/exposition-rimbaud-explorateur-photographies-du-poete-vagabond\/#primaryimage"},"thumbnailUrl":"https:\/\/institutfrancais.sk\/wp-content\/uploads\/2024\/02\/Etienne_Carjat_-_Portrait_dArthur_Rimbaud-v2.jpg","datePublished":"2024-03-01T08:41:00+00:00","dateModified":"2024-03-14T07:43:07+00:00","description":"Exposition \"Rimbaud, Explorateur \u2013 Photographies du po\u00e8te vagabond\"","breadcrumb":{"@id":"https:\/\/institutfrancais.sk\/fr\/podujatie\/exposition-rimbaud-explorateur-photographies-du-poete-vagabond\/#breadcrumb"},"inLanguage":"fr-FR","potentialAction":[{"@type":"ReadAction","target":["https:\/\/institutfrancais.sk\/fr\/podujatie\/exposition-rimbaud-explorateur-photographies-du-poete-vagabond\/"]}]},{"@type":"ImageObject","inLanguage":"fr-FR","@id":"https:\/\/institutfrancais.sk\/fr\/podujatie\/exposition-rimbaud-explorateur-photographies-du-poete-vagabond\/#primaryimage","url":"https:\/\/institutfrancais.sk\/wp-content\/uploads\/2024\/02\/Etienne_Carjat_-_Portrait_dArthur_Rimbaud-v2.jpg","contentUrl":"https:\/\/institutfrancais.sk\/wp-content\/uploads\/2024\/02\/Etienne_Carjat_-_Portrait_dArthur_Rimbaud-v2.jpg","width":602,"height":788},{"@type":"BreadcrumbList","@id":"https:\/\/institutfrancais.sk\/fr\/podujatie\/exposition-rimbaud-explorateur-photographies-du-poete-vagabond\/#breadcrumb","itemListElement":[{"@type":"ListItem","position":1,"name":"Home","item":"https:\/\/institutfrancais.sk\/fr\/"},{"@type":"ListItem","position":2,"name":"Events","item":"https:\/\/institutfrancais.sk\/fr\/podujatie\/"},{"@type":"ListItem","position":3,"name":"Exposition &#8222;Rimbaud, Explorateur \u2013 Photographies du po\u00e8te vagabond&#8220;"}]},{"@type":"WebSite","@id":"https:\/\/institutfrancais.sk\/fr\/#website","url":"https:\/\/institutfrancais.sk\/fr\/","name":"Franc\u00fazsky in\u0161tit\u00fat na Slovensku","description":"Franc\u00fazsky in\u0161tit\u00fat na Slovensku","potentialAction":[{"@type":"SearchAction","target":{"@type":"EntryPoint","urlTemplate":"https:\/\/institutfrancais.sk\/fr\/?s={search_term_string}"},"query-input":{"@type":"PropertyValueSpecification","valueRequired":true,"valueName":"search_term_string"}}],"inLanguage":"fr-FR"}]}},"_links":{"self":[{"href":"https:\/\/institutfrancais.sk\/fr\/wp-json\/wp\/v2\/podujatie\/30861"}],"collection":[{"href":"https:\/\/institutfrancais.sk\/fr\/wp-json\/wp\/v2\/podujatie"}],"about":[{"href":"https:\/\/institutfrancais.sk\/fr\/wp-json\/wp\/v2\/types\/podujatie"}],"wp:featuredmedia":[{"embeddable":true,"href":"https:\/\/institutfrancais.sk\/fr\/wp-json\/wp\/v2\/media\/30845"}],"wp:attachment":[{"href":"https:\/\/institutfrancais.sk\/fr\/wp-json\/wp\/v2\/media?parent=30861"}],"wp:term":[{"taxonomy":"typ-podujatia","embeddable":true,"href":"https:\/\/institutfrancais.sk\/fr\/wp-json\/wp\/v2\/typ-podujatia?post=30861"}],"curies":[{"name":"wp","href":"https:\/\/api.w.org\/{rel}","templated":true}]}}