{"id":30895,"date":"2024-03-01T09:43:00","date_gmt":"2024-03-01T08:43:00","guid":{"rendered":"https:\/\/institutfrancais.sk\/?post_type=podujatie&#038;p=30895"},"modified":"2024-03-07T14:50:22","modified_gmt":"2024-03-07T13:50:22","slug":"groupe-val-voies-et-aspects-du-lendemain-viera-meckova-alex-mlynarcik-ludovit-kupkovic-a-la-galerie-de-la-radio-slovaque","status":"publish","type":"podujatie","link":"https:\/\/institutfrancais.sk\/fr\/podujatie\/groupe-val-voies-et-aspects-du-lendemain-viera-meckova-alex-mlynarcik-ludovit-kupkovic-a-la-galerie-de-la-radio-slovaque\/","title":{"rendered":"VAL : Voies et aspects du lendemain \/ Viera Meckov\u00e1, Alex Mlyn\u00e1r\u010dik, \u013dudov\u00edt Kupkovi\u010d \/ \u2013 l&rsquo;ultime exposition de la Galerie de la Radio Slovaque"},"content":{"rendered":"\n<p>Les projets architecturaux prospectifs de VAL refl\u00e8tent la capacit\u00e9 de l&rsquo;art moderne \u00e0 s&rsquo;affranchir des limites existantes. Ils procurent dans le m\u00eame temps un espace de communication entre l&rsquo;humanit\u00e9 et son contrepoint &#8211;&nbsp;le monde herm\u00e9tique d&rsquo;un art r\u00e9serv\u00e9 \u00e0 l&rsquo;\u00e9lite. Ces projets visionnaires n&rsquo;ont pas \u00e9t\u00e9 con\u00e7us sur mesure;&nbsp;ils ont vu &nbsp;lu jour sans aucune commande ni la moindre chance d&rsquo;\u00eatre mis en \u0153uvre. Les membres de VAL, Viera Meckov\u00e1, Alex Mlyn\u00e1r\u010dik et \u013dudov\u00edt Kupkovi\u010d, ont toujours appr\u00e9hend\u00e9 leurs projets comme une synth\u00e8se de la science, de la technologie, de l&rsquo;art et de la nature, tout en s&rsquo;effor\u00e7ant de saisir la r\u00e9alit\u00e9 et de d\u00e9mystifier l&rsquo;art. Ces projets sont l&rsquo;incarnation du d\u00e9sir exprim\u00e9 par le membres de VAL, de trouver leur propre espace de libert\u00e9, en explorant diff\u00e9rentes visions spatiales et temporelles de la r\u00e9alit\u00e9. Les auteurs de VAL ont commenc\u00e9 leur coop\u00e9ration en 1968, au moment de l&rsquo;invasion de la Tch\u00e9coslovaquie par les troupes sovi\u00e9tiques et celle des autres pays \u00ab\u00a0fr\u00e8res\u00a0\u00bb du Pacte de Varsovie;&nbsp;la coop\u00e9ration s&rsquo;est poursuivie pendant les ann\u00e9es de normalisation jusqu&rsquo;en 1989, et ne s&rsquo;est pas interrompu avant 1994, le contexte politique et social ayant d\u00e9finitivement chang\u00e9.<\/p>\n\n\n\n<p>Au cours des ann\u00e9es de normalisation, le travail en commun a&nbsp;constitu\u00e9 un refuge, vis-\u00e0-vis de la p\u00e9nible r\u00e9alit\u00e9 du socialisme \u00ab\u00a0r\u00e9el\u00a0\u00bb, &nbsp;marqu\u00e9e par l&rsquo;absence de libert\u00e9 de cr\u00e9ation et l&rsquo;impossibilit\u00e9 de pr\u00e9senter des \u0153uvres d&rsquo;art sans avoir \u00e0 satisfaire aux crit\u00e8res \u00e9tablies par les comit\u00e9s d&rsquo;inspection artistique mis en place sous la supervision du grand fr\u00e8re sovi\u00e9tique.<\/p>\n\n\n\n<p>Les projets de VAL restent incroyablement intemporels. Ils s&rsquo;inscrivent bien s\u00fbr dans l&rsquo;esprit du nouveau r\u00e9alisme, mais leurs auteurs ne se sont heureusement fix\u00e9s de limites et ont \u00e9galement apport\u00e9 leur vision d&rsquo;un monde meilleur. L&rsquo;exposition Superlund sur l&rsquo;avenir du monde et la fonction de l&rsquo;art qui s&rsquo;est tenue en 1967 dans la ville su\u00e9doise de Lund, en offre un aper\u00e7u. Voici comment Pierre Restany a&nbsp;caract\u00e9ris\u00e9 l&rsquo;exposition : \u00ab\u00a0UN PARI SUR L&rsquo;AVENIR. Il s&rsquo;agit de remettre l&rsquo;homme dans le tableau &nbsp;qui ne cesse de cro\u00eetre dans ses dimensions spatiales et plastiques, jusqu&rsquo;\u00e0 ce que le \u00ab\u00a0tableau\u00a0\u00bb actuel devienne une synth\u00e8se du mouvement de la structure de l&rsquo;existence humaine\u00a0\u00bb. La premi\u00e8re exposition de VAL s&rsquo;est tenue en secret en 1977 \u00e0 Paris, \u00e0 la galerie Lara Vincy, avec la complicit\u00e9 du th\u00e9\u00e2tre de marionnettes de \u017dilina, dont les membres ont parvenu \u00e0 faire sortir clandestinement du pays trois projets de VAL, dissimul\u00e9s parmi des \u00e9l\u00e9ments de d\u00e9cor et des accessoires de th\u00e9\u00e2tre. La premi\u00e8re exposition organis\u00e9e dans l&rsquo;ancienne Tch\u00e9coslovaquie n&rsquo;a&nbsp;eu lieu qu&rsquo;en 1996. Elle a&nbsp;\u00e9t\u00e9 inaugur\u00e9e \u00e0 la galerie Umeleck\u00e1 beseda de Bratislava, mais elle n&rsquo;a&nbsp;pas suscit\u00e9 de r\u00e9action majeure du public, en l&rsquo;absence d&rsquo;un d\u00e9bat plus large. Finalement, un d\u00e9bat pertinent a&nbsp;\u00e9t\u00e9 lanc\u00e9 lors de l&rsquo;exposition \u00e0 Venise, en 1999.<\/p>\n\n\n\n<p>Le premier projet, HELIOPOLIS (1968-1974), une ville olympique dans les Tatras, \u00e9tait comme les autres projets de VAL, tr\u00e8s en avance de son temps. Ce n\u2019est qu\u2019aujourd\u2019hui que leur pr\u00e9monitions prennent tout leur sens et que des concepts qui n\u2019\u00e9taient pas si \u00e9trangers \u00e0 leurs conceptions sont mis en \u0153uvre, comme par exemple une construction de 120 km de long et 487&nbsp;m de haut pour 5 millions d\u2019habitants dans la ville futuriste de Neom en Arabie Saoudite. HELIOPOLIS, avec sa surface habitable de 3&nbsp;910&nbsp;000&nbsp;m<sup>2<\/sup> et sa superzone climatis\u00e9e, ses zones d\u2019installations sportives, de randonn\u00e9es estivales et hivernales, ou encore ses zones de silence hautement prot\u00e9g\u00e9es et ses r\u00e9serves de faune et de flore des Tatras, est en quelque sort un projet pr\u00e9curseur de Neom. Tout cela, bien s\u00fbr en utilisant l\u2019\u00e9nergie solaire. Comme l\u2019ont \u00e9crit les membres de VAL \u00e0 propos d\u2019Heliopolis, il ne s\u2019agissait pas l\u00e0&nbsp;\u201ed\u2019une utopie, mais d\u2019une recherche \u00e0 la synth\u00e8se entre les exigences de l\u2019homme et les possibilit\u00e9s de la nature\u201c.<\/p>\n\n\n\n<p>La salle de concert cin\u00e9tique AKUSTICON (1969-1971), d\u00e9di\u00e9 \u00e0 la m\u00e9moire de Miroslav Filip, est une sculpture monumentale qui permet \u00e0 ses visiteurs de cr\u00e9er de la musique en se d\u00e9pla\u00e7ant eux-m\u00eames. Alex Mlyn\u00e1r\u010dik a&nbsp;\u00e9galement cr\u00e9\u00e9 son mod\u00e8le au 1\/4<sup>\u00e8me<\/sup>, enti\u00e8rement fonctionnel. Aujourd\u2019hui, la mise en \u0153uvre du projet d&rsquo;une hauteur propos\u00e9e de 18 m\u00e8tres et dont le diam\u00e8tre maximum est de 13 m\u00e8tres n\u2019est plus une question de technologies disponibles, mais juste une question de finances.<\/p>\n\n\n\n<p>HOMMAGE TO&nbsp;HOPE AND COURAGE (1974-1975) a&nbsp;\u00e9t\u00e9 cr\u00e9\u00e9 pour rendre hommage \u00e0 un astronaute am\u00e9ricain d\u2019origine slovaque, Eugene A. Cernan. Le projet SCARABEA (1985-1989) est une station spatiale orbitale pour 12&nbsp;000 habitants. Elle tourne autour de la Terre en suivant sa propre orbite, le diam\u00e8tre de son cylindre \u00e9tant 3000 m\u00e8tres. La concr\u00e9tisation d\u2019un tel projet n\u2019est plus une utopie. Il en va de m\u00eame pour ISTROPORT (1974-1976) et ses 120&nbsp;000 habitants une ville situ\u00e9 directement sur le Danube \u00e0 Bratislava. ANTARCTICA (1982), d\u00e9di\u00e9e au courage de l\u2019exploration, proposait un monument de 25 m\u00e8tres de haut pour la base n\u00e9o-z\u00e9landaise de Scott. Le Parlement mondial \u2013 ASSEMBL\u00c9E NATIONALE D\u2019ARGILLIE (1980-1994) \u00e0 Bora Bora, non loin de Tahiti, se voulait un lieu pour la r\u00e9solution de conflits et la r\u00e9conciliation.&nbsp;&nbsp;Le dernier projet est E-TEMEN-AN-KI \u2013 SHERATON HOTEL BABYLON (1980-1994), r\u00e9f\u00e9rence \u00e0 la Tour de Babel de Bruegel.<\/p>\n\n\n\n<p>Tous ces projets on \u00e9t\u00e9 \u00e9labor\u00e9s avec soin et minutie, portant clairement les traces de la main et de l&rsquo;esprit de l&rsquo;artiste et des architectes. On y trouve des \u00e9tudes urbaines, des vues sous diff\u00e9rentes perspectives et angles, des plans, des coupes, des installations techniques et de transport, des r\u00e9f\u00e9rences \u00e0 des artefacts du pass\u00e9 tels que la Tour de Babel, le tableau de Peter Bruegel l&rsquo;Ancien, une sph\u00e8re en relief de Polyn\u00e9sie, l&rsquo;aile de L\u00e9onard de Vinci, des \u0153uvres d&rsquo;art de J\u00e9r\u00f4me Bosch, l&rsquo;\u0153uf de Constantin Brancusi, des photographie du dernier alunissage du commandant de bord d&rsquo;Apollo 17, Eugene A. Cernan, et ainsi de suite.<\/p>\n\n\n\n<p>Je suis convaincu que ces projets d&rsquo;anticipation n&rsquo;ont pas encore \u00e9t\u00e9 appr\u00e9ci\u00e9s \u00e0 leur juste valeur. C&rsquo;est pourquoi nous sommes heureux de pouvoir les pr\u00e9senter \u00e0 la Galerie de la Radio slovaque. Nous esp\u00e9rons que les projets de VAL attireront une attention m\u00e9rit\u00e9e et nous sommes ravis de leurs donner par ailleurs une seconde opportunit\u00e9 de rencontrer leur public \u00e0 la galerie du Kolektiv Cit\u00e9 Radieuse \u00e0 Marseille, situ\u00e9e au sein de l&rsquo;Unit\u00e9 d&rsquo;Habitation con\u00e7ue par Le Corbusier et class\u00e9e au Patrimoine mondial.<\/p>\n\n\n\n<p>Ivan Jan\u010d\u00e1r<\/p>\n\n\n<div class=\"space md\"><\/div>\n\n\n<figure class=\"wp-block-image size-large\"><img loading=\"lazy\" decoding=\"async\" width=\"1024\" height=\"512\" src=\"https:\/\/institutfrancais.sk\/wp-content\/uploads\/2024\/03\/Pozv-navrh-1024x512.jpg\" alt=\"\" class=\"wp-image-31336\" srcset=\"https:\/\/institutfrancais.sk\/wp-content\/uploads\/2024\/03\/Pozv-navrh-1024x512.jpg 1024w, https:\/\/institutfrancais.sk\/wp-content\/uploads\/2024\/03\/Pozv-navrh-300x150.jpg 300w, https:\/\/institutfrancais.sk\/wp-content\/uploads\/2024\/03\/Pozv-navrh-768x384.jpg 768w, https:\/\/institutfrancais.sk\/wp-content\/uploads\/2024\/03\/Pozv-navrh-1536x768.jpg 1536w, https:\/\/institutfrancais.sk\/wp-content\/uploads\/2024\/03\/Pozv-navrh-2048x1024.jpg 2048w, https:\/\/institutfrancais.sk\/wp-content\/uploads\/2024\/03\/Pozv-navrh-1190x595.jpg 1190w, https:\/\/institutfrancais.sk\/wp-content\/uploads\/2024\/03\/Pozv-navrh-1690x845.jpg 1690w\" sizes=\"(max-width: 1024px) 100vw, 1024px\" \/><\/figure>\n","protected":false},"featured_media":30892,"template":"","typ-podujatia":[347,56],"acf":[],"yoast_head":"<!-- This site is optimized with the Yoast SEO plugin v24.5 - https:\/\/yoast.com\/wordpress\/plugins\/seo\/ -->\n<title>VAL : Voies et aspects du lendemain \/ Viera Meckov\u00e1, Alex Mlyn\u00e1r\u010dik, \u013dudov\u00edt Kupkovi\u010d \/ \u2013 l&#039;ultime exposition de la Galerie de la Radio Slovaque - Franc\u00fazsky in\u0161tit\u00fat na Slovensku<\/title>\n<meta name=\"description\" content=\"Exposition VAL : Voies et aspects du lendemain \u00e0 la Galerie de la Radio slovaque\" \/>\n<meta name=\"robots\" content=\"index, follow, max-snippet:-1, max-image-preview:large, max-video-preview:-1\" \/>\n<link rel=\"canonical\" href=\"https:\/\/institutfrancais.sk\/fr\/podujatie\/groupe-val-voies-et-aspects-du-lendemain-viera-meckova-alex-mlynarcik-ludovit-kupkovic-a-la-galerie-de-la-radio-slovaque\/\" \/>\n<meta property=\"og:locale\" content=\"fr_FR\" \/>\n<meta property=\"og:type\" content=\"article\" \/>\n<meta property=\"og:title\" content=\"VAL : Voies et aspects du lendemain \/ Viera Meckov\u00e1, Alex Mlyn\u00e1r\u010dik, \u013dudov\u00edt Kupkovi\u010d \/ \u2013 l&#039;ultime exposition de la Galerie de la Radio Slovaque - Franc\u00fazsky in\u0161tit\u00fat na Slovensku\" \/>\n<meta property=\"og:description\" content=\"Exposition VAL : Voies et aspects du lendemain \u00e0 la Galerie de la Radio slovaque\" \/>\n<meta property=\"og:url\" content=\"https:\/\/institutfrancais.sk\/fr\/podujatie\/groupe-val-voies-et-aspects-du-lendemain-viera-meckova-alex-mlynarcik-ludovit-kupkovic-a-la-galerie-de-la-radio-slovaque\/\" \/>\n<meta property=\"og:site_name\" content=\"Franc\u00fazsky in\u0161tit\u00fat na Slovensku\" \/>\n<meta property=\"article:modified_time\" content=\"2024-03-07T13:50:22+00:00\" \/>\n<meta property=\"og:image\" content=\"https:\/\/institutfrancais.sk\/wp-content\/uploads\/2024\/02\/VAL-front-page.png\" \/>\n\t<meta property=\"og:image:width\" content=\"1304\" \/>\n\t<meta property=\"og:image:height\" content=\"1758\" \/>\n\t<meta property=\"og:image:type\" content=\"image\/png\" \/>\n<meta name=\"twitter:card\" content=\"summary_large_image\" \/>\n<meta name=\"twitter:label1\" content=\"Dur\u00e9e de lecture estim\u00e9e\" \/>\n\t<meta name=\"twitter:data1\" content=\"7 minutes\" \/>\n<script type=\"application\/ld+json\" class=\"yoast-schema-graph\">{\"@context\":\"https:\/\/schema.org\",\"@graph\":[{\"@type\":\"WebPage\",\"@id\":\"https:\/\/institutfrancais.sk\/fr\/podujatie\/groupe-val-voies-et-aspects-du-lendemain-viera-meckova-alex-mlynarcik-ludovit-kupkovic-a-la-galerie-de-la-radio-slovaque\/\",\"url\":\"https:\/\/institutfrancais.sk\/fr\/podujatie\/groupe-val-voies-et-aspects-du-lendemain-viera-meckova-alex-mlynarcik-ludovit-kupkovic-a-la-galerie-de-la-radio-slovaque\/\",\"name\":\"VAL : Voies et aspects du lendemain \/ Viera Meckov\u00e1, Alex Mlyn\u00e1r\u010dik, \u013dudov\u00edt Kupkovi\u010d \/ \u2013 l'ultime exposition de la Galerie de la Radio Slovaque - Franc\u00fazsky in\u0161tit\u00fat na Slovensku\",\"isPartOf\":{\"@id\":\"https:\/\/institutfrancais.sk\/fr\/#website\"},\"primaryImageOfPage\":{\"@id\":\"https:\/\/institutfrancais.sk\/fr\/podujatie\/groupe-val-voies-et-aspects-du-lendemain-viera-meckova-alex-mlynarcik-ludovit-kupkovic-a-la-galerie-de-la-radio-slovaque\/#primaryimage\"},\"image\":{\"@id\":\"https:\/\/institutfrancais.sk\/fr\/podujatie\/groupe-val-voies-et-aspects-du-lendemain-viera-meckova-alex-mlynarcik-ludovit-kupkovic-a-la-galerie-de-la-radio-slovaque\/#primaryimage\"},\"thumbnailUrl\":\"https:\/\/institutfrancais.sk\/wp-content\/uploads\/2024\/02\/VAL-front-page.png\",\"datePublished\":\"2024-03-01T08:43:00+00:00\",\"dateModified\":\"2024-03-07T13:50:22+00:00\",\"description\":\"Exposition VAL : Voies et aspects du lendemain \u00e0 la Galerie de la Radio slovaque\",\"breadcrumb\":{\"@id\":\"https:\/\/institutfrancais.sk\/fr\/podujatie\/groupe-val-voies-et-aspects-du-lendemain-viera-meckova-alex-mlynarcik-ludovit-kupkovic-a-la-galerie-de-la-radio-slovaque\/#breadcrumb\"},\"inLanguage\":\"fr-FR\",\"potentialAction\":[{\"@type\":\"ReadAction\",\"target\":[\"https:\/\/institutfrancais.sk\/fr\/podujatie\/groupe-val-voies-et-aspects-du-lendemain-viera-meckova-alex-mlynarcik-ludovit-kupkovic-a-la-galerie-de-la-radio-slovaque\/\"]}]},{\"@type\":\"ImageObject\",\"inLanguage\":\"fr-FR\",\"@id\":\"https:\/\/institutfrancais.sk\/fr\/podujatie\/groupe-val-voies-et-aspects-du-lendemain-viera-meckova-alex-mlynarcik-ludovit-kupkovic-a-la-galerie-de-la-radio-slovaque\/#primaryimage\",\"url\":\"https:\/\/institutfrancais.sk\/wp-content\/uploads\/2024\/02\/VAL-front-page.png\",\"contentUrl\":\"https:\/\/institutfrancais.sk\/wp-content\/uploads\/2024\/02\/VAL-front-page.png\",\"width\":1304,\"height\":1758},{\"@type\":\"BreadcrumbList\",\"@id\":\"https:\/\/institutfrancais.sk\/fr\/podujatie\/groupe-val-voies-et-aspects-du-lendemain-viera-meckova-alex-mlynarcik-ludovit-kupkovic-a-la-galerie-de-la-radio-slovaque\/#breadcrumb\",\"itemListElement\":[{\"@type\":\"ListItem\",\"position\":1,\"name\":\"Home\",\"item\":\"https:\/\/institutfrancais.sk\/fr\/\"},{\"@type\":\"ListItem\",\"position\":2,\"name\":\"Events\",\"item\":\"https:\/\/institutfrancais.sk\/fr\/podujatie\/\"},{\"@type\":\"ListItem\",\"position\":3,\"name\":\"VAL : Voies et aspects du lendemain \/ Viera Meckov\u00e1, Alex Mlyn\u00e1r\u010dik, \u013dudov\u00edt Kupkovi\u010d \/ \u2013 l&#8217;ultime exposition de la Galerie de la Radio Slovaque\"}]},{\"@type\":\"WebSite\",\"@id\":\"https:\/\/institutfrancais.sk\/fr\/#website\",\"url\":\"https:\/\/institutfrancais.sk\/fr\/\",\"name\":\"Franc\u00fazsky in\u0161tit\u00fat na Slovensku\",\"description\":\"Franc\u00fazsky in\u0161tit\u00fat na Slovensku\",\"potentialAction\":[{\"@type\":\"SearchAction\",\"target\":{\"@type\":\"EntryPoint\",\"urlTemplate\":\"https:\/\/institutfrancais.sk\/fr\/?s={search_term_string}\"},\"query-input\":{\"@type\":\"PropertyValueSpecification\",\"valueRequired\":true,\"valueName\":\"search_term_string\"}}],\"inLanguage\":\"fr-FR\"}]}<\/script>\n<!-- \/ Yoast SEO plugin. -->","yoast_head_json":{"title":"VAL : Voies et aspects du lendemain \/ Viera Meckov\u00e1, Alex Mlyn\u00e1r\u010dik, \u013dudov\u00edt Kupkovi\u010d \/ \u2013 l'ultime exposition de la Galerie de la Radio Slovaque - Franc\u00fazsky in\u0161tit\u00fat na Slovensku","description":"Exposition VAL : Voies et aspects du lendemain \u00e0 la Galerie de la Radio slovaque","robots":{"index":"index","follow":"follow","max-snippet":"max-snippet:-1","max-image-preview":"max-image-preview:large","max-video-preview":"max-video-preview:-1"},"canonical":"https:\/\/institutfrancais.sk\/fr\/podujatie\/groupe-val-voies-et-aspects-du-lendemain-viera-meckova-alex-mlynarcik-ludovit-kupkovic-a-la-galerie-de-la-radio-slovaque\/","og_locale":"fr_FR","og_type":"article","og_title":"VAL : Voies et aspects du lendemain \/ Viera Meckov\u00e1, Alex Mlyn\u00e1r\u010dik, \u013dudov\u00edt Kupkovi\u010d \/ \u2013 l'ultime exposition de la Galerie de la Radio Slovaque - Franc\u00fazsky in\u0161tit\u00fat na Slovensku","og_description":"Exposition VAL : Voies et aspects du lendemain \u00e0 la Galerie de la Radio slovaque","og_url":"https:\/\/institutfrancais.sk\/fr\/podujatie\/groupe-val-voies-et-aspects-du-lendemain-viera-meckova-alex-mlynarcik-ludovit-kupkovic-a-la-galerie-de-la-radio-slovaque\/","og_site_name":"Franc\u00fazsky in\u0161tit\u00fat na Slovensku","article_modified_time":"2024-03-07T13:50:22+00:00","og_image":[{"width":1304,"height":1758,"url":"https:\/\/institutfrancais.sk\/wp-content\/uploads\/2024\/02\/VAL-front-page.png","type":"image\/png"}],"twitter_card":"summary_large_image","twitter_misc":{"Dur\u00e9e de lecture estim\u00e9e":"7 minutes"},"schema":{"@context":"https:\/\/schema.org","@graph":[{"@type":"WebPage","@id":"https:\/\/institutfrancais.sk\/fr\/podujatie\/groupe-val-voies-et-aspects-du-lendemain-viera-meckova-alex-mlynarcik-ludovit-kupkovic-a-la-galerie-de-la-radio-slovaque\/","url":"https:\/\/institutfrancais.sk\/fr\/podujatie\/groupe-val-voies-et-aspects-du-lendemain-viera-meckova-alex-mlynarcik-ludovit-kupkovic-a-la-galerie-de-la-radio-slovaque\/","name":"VAL : Voies et aspects du lendemain \/ Viera Meckov\u00e1, Alex Mlyn\u00e1r\u010dik, \u013dudov\u00edt Kupkovi\u010d \/ \u2013 l'ultime exposition de la Galerie de la Radio Slovaque - Franc\u00fazsky in\u0161tit\u00fat na Slovensku","isPartOf":{"@id":"https:\/\/institutfrancais.sk\/fr\/#website"},"primaryImageOfPage":{"@id":"https:\/\/institutfrancais.sk\/fr\/podujatie\/groupe-val-voies-et-aspects-du-lendemain-viera-meckova-alex-mlynarcik-ludovit-kupkovic-a-la-galerie-de-la-radio-slovaque\/#primaryimage"},"image":{"@id":"https:\/\/institutfrancais.sk\/fr\/podujatie\/groupe-val-voies-et-aspects-du-lendemain-viera-meckova-alex-mlynarcik-ludovit-kupkovic-a-la-galerie-de-la-radio-slovaque\/#primaryimage"},"thumbnailUrl":"https:\/\/institutfrancais.sk\/wp-content\/uploads\/2024\/02\/VAL-front-page.png","datePublished":"2024-03-01T08:43:00+00:00","dateModified":"2024-03-07T13:50:22+00:00","description":"Exposition VAL : Voies et aspects du lendemain \u00e0 la Galerie de la Radio slovaque","breadcrumb":{"@id":"https:\/\/institutfrancais.sk\/fr\/podujatie\/groupe-val-voies-et-aspects-du-lendemain-viera-meckova-alex-mlynarcik-ludovit-kupkovic-a-la-galerie-de-la-radio-slovaque\/#breadcrumb"},"inLanguage":"fr-FR","potentialAction":[{"@type":"ReadAction","target":["https:\/\/institutfrancais.sk\/fr\/podujatie\/groupe-val-voies-et-aspects-du-lendemain-viera-meckova-alex-mlynarcik-ludovit-kupkovic-a-la-galerie-de-la-radio-slovaque\/"]}]},{"@type":"ImageObject","inLanguage":"fr-FR","@id":"https:\/\/institutfrancais.sk\/fr\/podujatie\/groupe-val-voies-et-aspects-du-lendemain-viera-meckova-alex-mlynarcik-ludovit-kupkovic-a-la-galerie-de-la-radio-slovaque\/#primaryimage","url":"https:\/\/institutfrancais.sk\/wp-content\/uploads\/2024\/02\/VAL-front-page.png","contentUrl":"https:\/\/institutfrancais.sk\/wp-content\/uploads\/2024\/02\/VAL-front-page.png","width":1304,"height":1758},{"@type":"BreadcrumbList","@id":"https:\/\/institutfrancais.sk\/fr\/podujatie\/groupe-val-voies-et-aspects-du-lendemain-viera-meckova-alex-mlynarcik-ludovit-kupkovic-a-la-galerie-de-la-radio-slovaque\/#breadcrumb","itemListElement":[{"@type":"ListItem","position":1,"name":"Home","item":"https:\/\/institutfrancais.sk\/fr\/"},{"@type":"ListItem","position":2,"name":"Events","item":"https:\/\/institutfrancais.sk\/fr\/podujatie\/"},{"@type":"ListItem","position":3,"name":"VAL : Voies et aspects du lendemain \/ Viera Meckov\u00e1, Alex Mlyn\u00e1r\u010dik, \u013dudov\u00edt Kupkovi\u010d \/ \u2013 l&#8217;ultime exposition de la Galerie de la Radio Slovaque"}]},{"@type":"WebSite","@id":"https:\/\/institutfrancais.sk\/fr\/#website","url":"https:\/\/institutfrancais.sk\/fr\/","name":"Franc\u00fazsky in\u0161tit\u00fat na Slovensku","description":"Franc\u00fazsky in\u0161tit\u00fat na Slovensku","potentialAction":[{"@type":"SearchAction","target":{"@type":"EntryPoint","urlTemplate":"https:\/\/institutfrancais.sk\/fr\/?s={search_term_string}"},"query-input":{"@type":"PropertyValueSpecification","valueRequired":true,"valueName":"search_term_string"}}],"inLanguage":"fr-FR"}]}},"_links":{"self":[{"href":"https:\/\/institutfrancais.sk\/fr\/wp-json\/wp\/v2\/podujatie\/30895"}],"collection":[{"href":"https:\/\/institutfrancais.sk\/fr\/wp-json\/wp\/v2\/podujatie"}],"about":[{"href":"https:\/\/institutfrancais.sk\/fr\/wp-json\/wp\/v2\/types\/podujatie"}],"wp:featuredmedia":[{"embeddable":true,"href":"https:\/\/institutfrancais.sk\/fr\/wp-json\/wp\/v2\/media\/30892"}],"wp:attachment":[{"href":"https:\/\/institutfrancais.sk\/fr\/wp-json\/wp\/v2\/media?parent=30895"}],"wp:term":[{"taxonomy":"typ-podujatia","embeddable":true,"href":"https:\/\/institutfrancais.sk\/fr\/wp-json\/wp\/v2\/typ-podujatia?post=30895"}],"curies":[{"name":"wp","href":"https:\/\/api.w.org\/{rel}","templated":true}]}}