{"id":31747,"date":"2024-03-26T17:10:00","date_gmt":"2024-03-26T16:10:00","guid":{"rendered":"https:\/\/institutfrancais.sk\/?post_type=podujatie&#038;p=31747"},"modified":"2024-04-10T09:53:39","modified_gmt":"2024-04-10T07:53:39","slug":"grimpeuse-francaise-catherine-destivelle-invitee-dhonneur-du-festival-montagnes-et-ville","status":"publish","type":"podujatie","link":"https:\/\/institutfrancais.sk\/fr\/podujatie\/grimpeuse-francaise-catherine-destivelle-invitee-dhonneur-du-festival-montagnes-et-ville\/","title":{"rendered":"Grimpeuse fran\u00e7aise Catherine Destivelle invit\u00e9e d&rsquo;honneur du festival Montagnes et ville"},"content":{"rendered":"\n<p>Catherine Destivelle, n\u00e9e le 24 juillet 1960 \u00e0 Oran, est une grimpeuse et alpiniste fran\u00e7aise. Initi\u00e9e tr\u00e8s jeune \u00e0 l&rsquo;escalade, elle a&nbsp;d\u00e9j\u00e0 parcouru \u00e0 vingt ans les voies d&rsquo;escalade les plus difficiles des Alpes fran\u00e7aises. Elle devient \u00e0 la fin des ann\u00e9es 1980 une des meilleures grimpeuses mondiales et collectionne records, troph\u00e9es et distinctions honorifiques. Les ann\u00e9es 1990 marquent un virage vers l&rsquo;alpinisme puisqu&rsquo;elle participe alors \u00e0 des exp\u00e9ditions dans l&rsquo;Himalaya et qu&rsquo;elle est la premi\u00e8re femme \u00e0 gravir en hiver et en solitaire les trois grandes faces nord des Alpes. Tr\u00e8s populaire, elle a&nbsp;fait l&rsquo;objet de nombreux reportages et films documentaires.<\/p>\n\n\n\n<p>Catherine Destivelle sera pr\u00e9sente \u00e0 Bratislava le vendredi 12 avril 2024 pour donner une conf\u00e9rence sur son parcours dans le cadre du festival Hory a&nbsp;mesto, et pour d\u00e9corer les meilleurs grimpeurs et alpinistes slovaques pour leurs escalades en 2023. <\/p>\n\n\n\n<figure class=\"wp-block-gallery has-nested-images columns-default is-cropped wp-block-gallery-1 is-layout-flex wp-block-gallery-is-layout-flex\">\n<figure class=\"wp-block-image size-large\"><img loading=\"lazy\" decoding=\"async\" width=\"357\" height=\"537\" data-id=\"31808\" src=\"https:\/\/institutfrancais.sk\/wp-content\/uploads\/2024\/03\/destivelle-3-s-357x537.jpg\" alt=\"\" class=\"wp-image-31808\" srcset=\"https:\/\/institutfrancais.sk\/wp-content\/uploads\/2024\/03\/destivelle-3-s-357x537.jpg 357w, https:\/\/institutfrancais.sk\/wp-content\/uploads\/2024\/03\/destivelle-3-s-232x350.jpg 232w, https:\/\/institutfrancais.sk\/wp-content\/uploads\/2024\/03\/destivelle-3-s-768x1157.jpg 768w, https:\/\/institutfrancais.sk\/wp-content\/uploads\/2024\/03\/destivelle-3-s-1020x1536.jpg 1020w, https:\/\/institutfrancais.sk\/wp-content\/uploads\/2024\/03\/destivelle-3-s-664x1000.jpg 664w, https:\/\/institutfrancais.sk\/wp-content\/uploads\/2024\/03\/destivelle-3-s.jpg 1275w\" sizes=\"(max-width: 357px) 100vw, 357px\" \/><\/figure>\n\n\n\n<figure class=\"wp-block-image size-large\"><img loading=\"lazy\" decoding=\"async\" width=\"357\" height=\"537\" data-id=\"31818\" src=\"https:\/\/institutfrancais.sk\/wp-content\/uploads\/2024\/03\/destivelle-2-s-357x537.jpg\" alt=\"\" class=\"wp-image-31818\" srcset=\"https:\/\/institutfrancais.sk\/wp-content\/uploads\/2024\/03\/destivelle-2-s-357x537.jpg 357w, https:\/\/institutfrancais.sk\/wp-content\/uploads\/2024\/03\/destivelle-2-s-232x350.jpg 232w, https:\/\/institutfrancais.sk\/wp-content\/uploads\/2024\/03\/destivelle-2-s-768x1157.jpg 768w, https:\/\/institutfrancais.sk\/wp-content\/uploads\/2024\/03\/destivelle-2-s-1020x1536.jpg 1020w, https:\/\/institutfrancais.sk\/wp-content\/uploads\/2024\/03\/destivelle-2-s-664x1000.jpg 664w, https:\/\/institutfrancais.sk\/wp-content\/uploads\/2024\/03\/destivelle-2-s.jpg 1275w\" sizes=\"(max-width: 357px) 100vw, 357px\" \/><\/figure>\n\n\n\n<figure class=\"wp-block-image size-large\"><img loading=\"lazy\" decoding=\"async\" width=\"354\" height=\"537\" data-id=\"31806\" src=\"https:\/\/institutfrancais.sk\/wp-content\/uploads\/2024\/03\/plan-praz-s-354x537.jpg\" alt=\"\" class=\"wp-image-31806\" srcset=\"https:\/\/institutfrancais.sk\/wp-content\/uploads\/2024\/03\/plan-praz-s-354x537.jpg 354w, https:\/\/institutfrancais.sk\/wp-content\/uploads\/2024\/03\/plan-praz-s-231x350.jpg 231w, https:\/\/institutfrancais.sk\/wp-content\/uploads\/2024\/03\/plan-praz-s-768x1166.jpg 768w, https:\/\/institutfrancais.sk\/wp-content\/uploads\/2024\/03\/plan-praz-s-1012x1536.jpg 1012w, https:\/\/institutfrancais.sk\/wp-content\/uploads\/2024\/03\/plan-praz-s-659x1000.jpg 659w, https:\/\/institutfrancais.sk\/wp-content\/uploads\/2024\/03\/plan-praz-s.jpg 1265w\" sizes=\"(max-width: 354px) 100vw, 354px\" \/><\/figure>\n<\/figure>\n\n\n\n<figure class=\"wp-block-embed is-type-video is-provider-youtube wp-block-embed-youtube wp-embed-aspect-16-9 wp-has-aspect-ratio\"><div class=\"wp-block-embed__wrapper\">\n<iframe loading=\"lazy\" title=\"LA REGINA DEL FREE SOLO | Catherine Destivelle - Devil&#039;s Tower | 40mt\" width=\"500\" height=\"281\" src=\"https:\/\/www.youtube.com\/embed\/pFWrCz23yEE?feature=oembed\" frameborder=\"0\" allow=\"accelerometer; autoplay; clipboard-write; encrypted-media; gyroscope; picture-in-picture; web-share\" referrerpolicy=\"strict-origin-when-cross-origin\" allowfullscreen><\/iframe>\n<\/div><\/figure>\n\n\n<a href=\"https:\/\/horyamesto.sk\/\" class=\"btn\" target=\"blank\" rel=\"noreferrer noopener\">Plus sur horyamesto.sk<\/a>\n\n<\/div><iframe loading=\"lazy\" src=\"https:\/\/www.google.com\/maps\/embed?pb=!1m18!1m12!1m3!1d2660.979220309594!2d17.136124076826952!3d48.16848174900854!2m3!1f0!2f0!3f0!3m2!1i1024!2i768!4f13.1!3m3!1m2!1s0x476c8ec7eb76c2bb%3A0x22ab214644779a43!2sVIVO*21%20Bratislava!5e0!3m2!1ssk!2ssk!4v1711536092095!5m2!1ssk!2ssk\" width=\"100%\" height=\"558\" frameborder=\"0\" class=\"gmap-iframe\" allowfullscreen=\"\"><\/iframe><div class=\"wrap narrow-wrap\">","protected":false},"featured_media":31813,"template":"","typ-podujatia":[53],"acf":[],"yoast_head":"<!-- This site is optimized with the Yoast SEO plugin v24.5 - https:\/\/yoast.com\/wordpress\/plugins\/seo\/ -->\n<title>Grimpeuse fran\u00e7aise Catherine Destivelle invit\u00e9e d&#039;honneur du festival Montagnes et ville - Franc\u00fazsky in\u0161tit\u00fat na Slovensku<\/title>\n<meta name=\"description\" content=\"Grimpeuse fran\u00e7aise Catherine Destivelle invit\u00e9e d&#039;honneur du festival Montagnes et ville\" \/>\n<meta name=\"robots\" content=\"index, follow, max-snippet:-1, max-image-preview:large, max-video-preview:-1\" \/>\n<link rel=\"canonical\" href=\"https:\/\/institutfrancais.sk\/fr\/podujatie\/grimpeuse-francaise-catherine-destivelle-invitee-dhonneur-du-festival-montagnes-et-ville\/\" \/>\n<meta property=\"og:locale\" content=\"fr_FR\" \/>\n<meta property=\"og:type\" content=\"article\" \/>\n<meta property=\"og:title\" content=\"Grimpeuse fran\u00e7aise Catherine Destivelle invit\u00e9e d&#039;honneur du festival Montagnes et ville - Franc\u00fazsky in\u0161tit\u00fat na Slovensku\" \/>\n<meta property=\"og:description\" content=\"Grimpeuse fran\u00e7aise Catherine Destivelle invit\u00e9e d&#039;honneur du festival Montagnes et ville\" \/>\n<meta property=\"og:url\" content=\"https:\/\/institutfrancais.sk\/fr\/podujatie\/grimpeuse-francaise-catherine-destivelle-invitee-dhonneur-du-festival-montagnes-et-ville\/\" \/>\n<meta property=\"og:site_name\" content=\"Franc\u00fazsky in\u0161tit\u00fat na Slovensku\" \/>\n<meta property=\"article:modified_time\" content=\"2024-04-10T07:53:39+00:00\" \/>\n<meta property=\"og:image\" content=\"https:\/\/institutfrancais.sk\/wp-content\/uploads\/2024\/03\/destivelle-1-s.jpg\" \/>\n\t<meta property=\"og:image:width\" content=\"1285\" \/>\n\t<meta property=\"og:image:height\" content=\"1920\" \/>\n\t<meta property=\"og:image:type\" content=\"image\/jpeg\" \/>\n<meta name=\"twitter:card\" content=\"summary_large_image\" \/>\n<meta name=\"twitter:label1\" content=\"Dur\u00e9e de lecture estim\u00e9e\" \/>\n\t<meta name=\"twitter:data1\" content=\"2 minutes\" \/>\n<script type=\"application\/ld+json\" class=\"yoast-schema-graph\">{\"@context\":\"https:\/\/schema.org\",\"@graph\":[{\"@type\":\"WebPage\",\"@id\":\"https:\/\/institutfrancais.sk\/fr\/podujatie\/grimpeuse-francaise-catherine-destivelle-invitee-dhonneur-du-festival-montagnes-et-ville\/\",\"url\":\"https:\/\/institutfrancais.sk\/fr\/podujatie\/grimpeuse-francaise-catherine-destivelle-invitee-dhonneur-du-festival-montagnes-et-ville\/\",\"name\":\"Grimpeuse fran\u00e7aise Catherine Destivelle invit\u00e9e d'honneur du festival Montagnes et ville - Franc\u00fazsky in\u0161tit\u00fat na Slovensku\",\"isPartOf\":{\"@id\":\"https:\/\/institutfrancais.sk\/fr\/#website\"},\"primaryImageOfPage\":{\"@id\":\"https:\/\/institutfrancais.sk\/fr\/podujatie\/grimpeuse-francaise-catherine-destivelle-invitee-dhonneur-du-festival-montagnes-et-ville\/#primaryimage\"},\"image\":{\"@id\":\"https:\/\/institutfrancais.sk\/fr\/podujatie\/grimpeuse-francaise-catherine-destivelle-invitee-dhonneur-du-festival-montagnes-et-ville\/#primaryimage\"},\"thumbnailUrl\":\"https:\/\/institutfrancais.sk\/wp-content\/uploads\/2024\/03\/destivelle-1-s.jpg\",\"datePublished\":\"2024-03-26T16:10:00+00:00\",\"dateModified\":\"2024-04-10T07:53:39+00:00\",\"description\":\"Grimpeuse fran\u00e7aise Catherine Destivelle invit\u00e9e d'honneur du festival Montagnes et ville\",\"breadcrumb\":{\"@id\":\"https:\/\/institutfrancais.sk\/fr\/podujatie\/grimpeuse-francaise-catherine-destivelle-invitee-dhonneur-du-festival-montagnes-et-ville\/#breadcrumb\"},\"inLanguage\":\"fr-FR\",\"potentialAction\":[{\"@type\":\"ReadAction\",\"target\":[\"https:\/\/institutfrancais.sk\/fr\/podujatie\/grimpeuse-francaise-catherine-destivelle-invitee-dhonneur-du-festival-montagnes-et-ville\/\"]}]},{\"@type\":\"ImageObject\",\"inLanguage\":\"fr-FR\",\"@id\":\"https:\/\/institutfrancais.sk\/fr\/podujatie\/grimpeuse-francaise-catherine-destivelle-invitee-dhonneur-du-festival-montagnes-et-ville\/#primaryimage\",\"url\":\"https:\/\/institutfrancais.sk\/wp-content\/uploads\/2024\/03\/destivelle-1-s.jpg\",\"contentUrl\":\"https:\/\/institutfrancais.sk\/wp-content\/uploads\/2024\/03\/destivelle-1-s.jpg\",\"width\":1285,\"height\":1920},{\"@type\":\"BreadcrumbList\",\"@id\":\"https:\/\/institutfrancais.sk\/fr\/podujatie\/grimpeuse-francaise-catherine-destivelle-invitee-dhonneur-du-festival-montagnes-et-ville\/#breadcrumb\",\"itemListElement\":[{\"@type\":\"ListItem\",\"position\":1,\"name\":\"Home\",\"item\":\"https:\/\/institutfrancais.sk\/fr\/\"},{\"@type\":\"ListItem\",\"position\":2,\"name\":\"Events\",\"item\":\"https:\/\/institutfrancais.sk\/fr\/podujatie\/\"},{\"@type\":\"ListItem\",\"position\":3,\"name\":\"Grimpeuse fran\u00e7aise Catherine Destivelle invit\u00e9e d&#8217;honneur du festival Montagnes et ville\"}]},{\"@type\":\"WebSite\",\"@id\":\"https:\/\/institutfrancais.sk\/fr\/#website\",\"url\":\"https:\/\/institutfrancais.sk\/fr\/\",\"name\":\"Franc\u00fazsky in\u0161tit\u00fat na Slovensku\",\"description\":\"Franc\u00fazsky in\u0161tit\u00fat na Slovensku\",\"potentialAction\":[{\"@type\":\"SearchAction\",\"target\":{\"@type\":\"EntryPoint\",\"urlTemplate\":\"https:\/\/institutfrancais.sk\/fr\/?s={search_term_string}\"},\"query-input\":{\"@type\":\"PropertyValueSpecification\",\"valueRequired\":true,\"valueName\":\"search_term_string\"}}],\"inLanguage\":\"fr-FR\"}]}<\/script>\n<!-- \/ Yoast SEO plugin. -->","yoast_head_json":{"title":"Grimpeuse fran\u00e7aise Catherine Destivelle invit\u00e9e d'honneur du festival Montagnes et ville - Franc\u00fazsky in\u0161tit\u00fat na Slovensku","description":"Grimpeuse fran\u00e7aise Catherine Destivelle invit\u00e9e d'honneur du festival Montagnes et ville","robots":{"index":"index","follow":"follow","max-snippet":"max-snippet:-1","max-image-preview":"max-image-preview:large","max-video-preview":"max-video-preview:-1"},"canonical":"https:\/\/institutfrancais.sk\/fr\/podujatie\/grimpeuse-francaise-catherine-destivelle-invitee-dhonneur-du-festival-montagnes-et-ville\/","og_locale":"fr_FR","og_type":"article","og_title":"Grimpeuse fran\u00e7aise Catherine Destivelle invit\u00e9e d'honneur du festival Montagnes et ville - Franc\u00fazsky in\u0161tit\u00fat na Slovensku","og_description":"Grimpeuse fran\u00e7aise Catherine Destivelle invit\u00e9e d'honneur du festival Montagnes et ville","og_url":"https:\/\/institutfrancais.sk\/fr\/podujatie\/grimpeuse-francaise-catherine-destivelle-invitee-dhonneur-du-festival-montagnes-et-ville\/","og_site_name":"Franc\u00fazsky in\u0161tit\u00fat na Slovensku","article_modified_time":"2024-04-10T07:53:39+00:00","og_image":[{"width":1285,"height":1920,"url":"https:\/\/institutfrancais.sk\/wp-content\/uploads\/2024\/03\/destivelle-1-s.jpg","type":"image\/jpeg"}],"twitter_card":"summary_large_image","twitter_misc":{"Dur\u00e9e de lecture estim\u00e9e":"2 minutes"},"schema":{"@context":"https:\/\/schema.org","@graph":[{"@type":"WebPage","@id":"https:\/\/institutfrancais.sk\/fr\/podujatie\/grimpeuse-francaise-catherine-destivelle-invitee-dhonneur-du-festival-montagnes-et-ville\/","url":"https:\/\/institutfrancais.sk\/fr\/podujatie\/grimpeuse-francaise-catherine-destivelle-invitee-dhonneur-du-festival-montagnes-et-ville\/","name":"Grimpeuse fran\u00e7aise Catherine Destivelle invit\u00e9e d'honneur du festival Montagnes et ville - Franc\u00fazsky in\u0161tit\u00fat na Slovensku","isPartOf":{"@id":"https:\/\/institutfrancais.sk\/fr\/#website"},"primaryImageOfPage":{"@id":"https:\/\/institutfrancais.sk\/fr\/podujatie\/grimpeuse-francaise-catherine-destivelle-invitee-dhonneur-du-festival-montagnes-et-ville\/#primaryimage"},"image":{"@id":"https:\/\/institutfrancais.sk\/fr\/podujatie\/grimpeuse-francaise-catherine-destivelle-invitee-dhonneur-du-festival-montagnes-et-ville\/#primaryimage"},"thumbnailUrl":"https:\/\/institutfrancais.sk\/wp-content\/uploads\/2024\/03\/destivelle-1-s.jpg","datePublished":"2024-03-26T16:10:00+00:00","dateModified":"2024-04-10T07:53:39+00:00","description":"Grimpeuse fran\u00e7aise Catherine Destivelle invit\u00e9e d'honneur du festival Montagnes et ville","breadcrumb":{"@id":"https:\/\/institutfrancais.sk\/fr\/podujatie\/grimpeuse-francaise-catherine-destivelle-invitee-dhonneur-du-festival-montagnes-et-ville\/#breadcrumb"},"inLanguage":"fr-FR","potentialAction":[{"@type":"ReadAction","target":["https:\/\/institutfrancais.sk\/fr\/podujatie\/grimpeuse-francaise-catherine-destivelle-invitee-dhonneur-du-festival-montagnes-et-ville\/"]}]},{"@type":"ImageObject","inLanguage":"fr-FR","@id":"https:\/\/institutfrancais.sk\/fr\/podujatie\/grimpeuse-francaise-catherine-destivelle-invitee-dhonneur-du-festival-montagnes-et-ville\/#primaryimage","url":"https:\/\/institutfrancais.sk\/wp-content\/uploads\/2024\/03\/destivelle-1-s.jpg","contentUrl":"https:\/\/institutfrancais.sk\/wp-content\/uploads\/2024\/03\/destivelle-1-s.jpg","width":1285,"height":1920},{"@type":"BreadcrumbList","@id":"https:\/\/institutfrancais.sk\/fr\/podujatie\/grimpeuse-francaise-catherine-destivelle-invitee-dhonneur-du-festival-montagnes-et-ville\/#breadcrumb","itemListElement":[{"@type":"ListItem","position":1,"name":"Home","item":"https:\/\/institutfrancais.sk\/fr\/"},{"@type":"ListItem","position":2,"name":"Events","item":"https:\/\/institutfrancais.sk\/fr\/podujatie\/"},{"@type":"ListItem","position":3,"name":"Grimpeuse fran\u00e7aise Catherine Destivelle invit\u00e9e d&#8217;honneur du festival Montagnes et ville"}]},{"@type":"WebSite","@id":"https:\/\/institutfrancais.sk\/fr\/#website","url":"https:\/\/institutfrancais.sk\/fr\/","name":"Franc\u00fazsky in\u0161tit\u00fat na Slovensku","description":"Franc\u00fazsky in\u0161tit\u00fat na Slovensku","potentialAction":[{"@type":"SearchAction","target":{"@type":"EntryPoint","urlTemplate":"https:\/\/institutfrancais.sk\/fr\/?s={search_term_string}"},"query-input":{"@type":"PropertyValueSpecification","valueRequired":true,"valueName":"search_term_string"}}],"inLanguage":"fr-FR"}]}},"_links":{"self":[{"href":"https:\/\/institutfrancais.sk\/fr\/wp-json\/wp\/v2\/podujatie\/31747"}],"collection":[{"href":"https:\/\/institutfrancais.sk\/fr\/wp-json\/wp\/v2\/podujatie"}],"about":[{"href":"https:\/\/institutfrancais.sk\/fr\/wp-json\/wp\/v2\/types\/podujatie"}],"wp:featuredmedia":[{"embeddable":true,"href":"https:\/\/institutfrancais.sk\/fr\/wp-json\/wp\/v2\/media\/31813"}],"wp:attachment":[{"href":"https:\/\/institutfrancais.sk\/fr\/wp-json\/wp\/v2\/media?parent=31747"}],"wp:term":[{"taxonomy":"typ-podujatia","embeddable":true,"href":"https:\/\/institutfrancais.sk\/fr\/wp-json\/wp\/v2\/typ-podujatia?post=31747"}],"curies":[{"name":"wp","href":"https:\/\/api.w.org\/{rel}","templated":true}]}}