{"id":31852,"date":"2024-03-27T17:50:00","date_gmt":"2024-03-27T16:50:00","guid":{"rendered":"https:\/\/institutfrancais.sk\/?post_type=podujatie&#038;p=31852"},"modified":"2024-04-26T15:38:26","modified_gmt":"2024-04-26T13:38:26","slug":"exposition-le-monde-sans-fin-de-jean-marc-jancovici-et-christophe-blain","status":"publish","type":"podujatie","link":"https:\/\/institutfrancais.sk\/fr\/podujatie\/exposition-le-monde-sans-fin-de-jean-marc-jancovici-et-christophe-blain\/","title":{"rendered":"Exposition Le Monde sans fin\u00a0de Jean-Marc Jancovici et Christophe Blain"},"content":{"rendered":"\n<p>La Journ\u00e9e de la Terre, c\u00e9l\u00e9br\u00e9e le 22 avril chaque ann\u00e9e, est un \u00e9v\u00e9nement mondial d\u00e9di\u00e9 \u00e0 sensibiliser et \u00e0 promouvoir des actions pour la protection de l&rsquo;environnement et la conservation de la plan\u00e8te. L\u2019Institut fran\u00e7ais de Slovaquie a&nbsp;donc choisi cette date particuli\u00e8re comme premier jour de l\u2019exposition <em>Le Monde sans fin<\/em>, pr\u00e9sent\u00e9e en collaboration avec l\u2019Institut fran\u00e7ais de Paris.<\/p>\n\n\n\n<p>Exposition \u00e9co-con\u00e7ue \u00e0 partir de la bande dessin\u00e9e \u00e9ponyme de Jean-Marc Jancovici et Christophe Blain (Dargaud, 2021), <em>Le Monde sans fin<\/em> offre une perspective \u00e9clairante et engag\u00e9e sur les d\u00e9fis environnementaux contemporains.<\/p>\n\n\n\n<p>L\u2019exposition se distingue par son approche p\u00e9dagogique et incite \u00e0 la r\u00e9flexion profonde. Elle soul\u00e8ve la question d\u00e9licate de la possibilit\u00e9 de poursuivre une croissance effr\u00e9n\u00e9e. Les auteurs invitent les visiteurs \u00e0 explorer les complexit\u00e9s du changement climatique, de la transition \u00e9nerg\u00e9tique et de la durabilit\u00e9. En pr\u00e9sentant des sc\u00e9narios probables pour l&rsquo;avenir de notre plan\u00e8te, cette exposition ludique incite \u00e0 la r\u00e9flexion et inspire l&rsquo;action individuelle et collective afin de pr\u00e9server notre Terre pour les g\u00e9n\u00e9rations \u00e0 venir. Transition \u00e9nerg\u00e9tique, enjeux \u00e9conomiques, \u00e9cologiques et sociaux, solutions concr\u00e8tes dans divers domaines des \u00e9nergies non carbon\u00e9es, de l\u2019alimentation, des transports et de l\u2019urbanisme\u2026 sont des sujets illustr\u00e9s par l\u2019exposition.<\/p>\n\n\n\n<p>La bande dessin\u00e9e a&nbsp;connu un succ\u00e8s retentissant en France, se hissant au rang de livre le plus vendu en 2022 avec plus de 800&nbsp;000 exemplaires \u00e9coul\u00e9s, et a&nbsp;\u00e9galement \u00e9t\u00e9 traduite dans de nombreuses langues.<\/p>\n\n\n\n<p><\/p>\n\n\n\n<h3 class=\"wp-block-heading\">Les auteurs<\/h3>\n\n\n\n<p><strong><a href=\"https:\/\/fr.wikipedia.org\/wiki\/Christophe_Blain\" target=\"_blank\" rel=\"noreferrer noopener\">Christophe Blain<\/a><\/strong><strong>&nbsp;\u2013&nbsp;<\/strong>Auteur \u2013 Sc\u00e9nario \u2013 Dessin \u2013 Couleurs<\/p>\n\n\n\n<p>Christophe Blain a&nbsp;re\u00e7u \u00e0 deux reprises le prix du meilleur album du festival d&rsquo;Angoul\u00eame, pour le premier tome d&rsquo;<em>Isaac le pirate <\/em>(en 2002) et pour le tome 2 de <em>Quai d&rsquo;Orsay<\/em> (en 2013), ce qui fait de lui l&rsquo;un des rares auteurs \u00e0 avoir obtenu deux fois cette distinction.<\/p>\n\n\n\n<p>D\u00e9j\u00e0 en 1997, il fait une entr\u00e9e remarqu\u00e9e dans le neuvi\u00e8me art avec <em>La R\u00e9volte d&rsquo;Hop-Frog<\/em> (Dargaud, sc\u00e9nario de David B.) avant d&rsquo;obtenir la reconnaissance publique et critique avec les s\u00e9ries <em>Isaac le Pirate<\/em>, <em>Socrate le demi-chien<\/em> et <em>Gus <\/em>(Dargaud).<\/p>\n\n\n\n<p>En 2010 sort le premier volet du diptyque <em>Quai d&rsquo;Orsay, chroniques diplomatiques <\/em>(Dargaud) avec Abel Lanzac, cosc\u00e9nariste, qui lui confie ses exp\u00e9riences au minist\u00e8re fran\u00e7ais des Affaires \u00e9trang\u00e8res lors de l&rsquo;\u00e8re Villepin. <em>Quai d&rsquo;Orsay<\/em> devient un v\u00e9ritable best-seller (plus de 500&nbsp;000 exemplaires vendus !) et est adapt\u00e9 au cin\u00e9ma en 2013 par Bertrand Tavernier. Christophe Blain est aussi l&rsquo;auteur de <em>La Fille<\/em>, un album r\u00e9alis\u00e9 en collaboration avec la chanteuse Barbara Carlotti, de <em>En cuisine avec Alain Passard<\/em> (Gallimard, 2011) et de <em>King Kong<\/em> (r\u00e9\u00e9dition chez Hachette en 2019).<\/p>\n\n\n\n<p><strong><a href=\"https:\/\/jancovici.com\/\" target=\"_blank\" rel=\"noreferrer noopener\">Jean-Marc Jancovici<\/a><\/strong><strong>&nbsp;\u2013&nbsp;<\/strong>Sc\u00e9nario<\/p>\n\n\n\n<p>Jean-Marc Jancovici est consid\u00e9r\u00e9 comme le sp\u00e9cialiste incontournable en mati\u00e8re d&rsquo;\u00e9nergie et de climat. \u00ab\u00a0<em>Le Monde sans fin<\/em>\u00a0\u00bb (Dargaud) est sa premi\u00e8re bande dessin\u00e9e.<\/p>\n\n\n\n<p>Associ\u00e9 co-fondateur de <em>Carbone 4<\/em>, soci\u00e9t\u00e9 de conseil sp\u00e9cialis\u00e9e dans ces questions, occupe \u00e9galement la pr\u00e9sidence du think tank The Shift Project. Il est aussi enseignant \u00e0 Mines ParisTech, membre du Haut Conseil pour le climat et conf\u00e9rencier.<\/p>\n\n\n\n<p>Il a&nbsp;\u00e9crit et co-\u00e9crit plusieurs ouvrages, <em>dont&nbsp;L\u2019Avenir climatique, quel temps ferons-nous ?<\/em>&nbsp;(Points),&nbsp;<em>Dormez tranquille jusqu\u2019en 2100<\/em>&nbsp;(Odile Jacob), <em>et C\u2019est maintenant ! 3 ans pour sauver le monde<\/em> (Seuil). Il est dipl\u00f4m\u00e9 de l\u2019\u00c9cole Polytechnique et de l\u2019\u00c9cole Nationale Sup\u00e9rieure des T\u00e9l\u00e9communications.<\/p>\n\n\n<\/div><iframe loading=\"lazy\" src=\"https:\/\/www.google.com\/maps\/embed?pb=!1m18!1m12!1m3!1d2662.2735746915087!2d17.10532635165492!3d48.14353077912193!2m3!1f0!2f0!3f0!3m2!1i1024!2i768!4f13.1!3m3!1m2!1s0x476c8942d3867d0f%3A0xf92cfa7be90ee73!2zRnJhbmPDunpza3kgaW7FoXRpdMO6dA!5e0!3m2!1ssk!2ssk!4v1575902399794!5m2!1ssk!2ssk\" width=\"100%\" height=\"558\" frameborder=\"0\" class=\"gmap-iframe\" allowfullscreen=\"\"><\/iframe><div class=\"wrap narrow-wrap\">","protected":false},"featured_media":31849,"template":"","typ-podujatia":[56],"acf":[],"yoast_head":"<!-- This site is optimized with the Yoast SEO plugin v24.5 - https:\/\/yoast.com\/wordpress\/plugins\/seo\/ -->\n<title>Exposition Le Monde sans fin\u00a0de Jean-Marc Jancovici et Christophe Blain - Franc\u00fazsky in\u0161tit\u00fat na Slovensku<\/title>\n<meta name=\"description\" content=\"Exposition Le Monde sans fin de Jean-Marc Jancovici et Christophe Blain\" \/>\n<meta name=\"robots\" content=\"index, follow, max-snippet:-1, max-image-preview:large, max-video-preview:-1\" \/>\n<link rel=\"canonical\" href=\"https:\/\/institutfrancais.sk\/fr\/podujatie\/exposition-le-monde-sans-fin-de-jean-marc-jancovici-et-christophe-blain\/\" \/>\n<meta property=\"og:locale\" content=\"fr_FR\" \/>\n<meta property=\"og:type\" content=\"article\" \/>\n<meta property=\"og:title\" content=\"Exposition Le Monde sans fin\u00a0de Jean-Marc Jancovici et Christophe Blain - Franc\u00fazsky in\u0161tit\u00fat na Slovensku\" \/>\n<meta property=\"og:description\" content=\"Exposition Le Monde sans fin de Jean-Marc Jancovici et Christophe Blain\" \/>\n<meta property=\"og:url\" content=\"https:\/\/institutfrancais.sk\/fr\/podujatie\/exposition-le-monde-sans-fin-de-jean-marc-jancovici-et-christophe-blain\/\" \/>\n<meta property=\"og:site_name\" content=\"Franc\u00fazsky in\u0161tit\u00fat na Slovensku\" \/>\n<meta property=\"article:modified_time\" content=\"2024-04-26T13:38:26+00:00\" \/>\n<meta property=\"og:image\" content=\"https:\/\/institutfrancais.sk\/wp-content\/uploads\/2024\/04\/image001.png\" \/>\n\t<meta property=\"og:image:width\" content=\"682\" \/>\n\t<meta property=\"og:image:height\" content=\"852\" \/>\n\t<meta property=\"og:image:type\" content=\"image\/png\" \/>\n<meta name=\"twitter:card\" content=\"summary_large_image\" \/>\n<meta name=\"twitter:label1\" content=\"Dur\u00e9e de lecture estim\u00e9e\" \/>\n\t<meta name=\"twitter:data1\" content=\"4 minutes\" \/>\n<script type=\"application\/ld+json\" class=\"yoast-schema-graph\">{\"@context\":\"https:\/\/schema.org\",\"@graph\":[{\"@type\":\"WebPage\",\"@id\":\"https:\/\/institutfrancais.sk\/fr\/podujatie\/exposition-le-monde-sans-fin-de-jean-marc-jancovici-et-christophe-blain\/\",\"url\":\"https:\/\/institutfrancais.sk\/fr\/podujatie\/exposition-le-monde-sans-fin-de-jean-marc-jancovici-et-christophe-blain\/\",\"name\":\"Exposition Le Monde sans fin\u00a0de Jean-Marc Jancovici et Christophe Blain - Franc\u00fazsky in\u0161tit\u00fat na Slovensku\",\"isPartOf\":{\"@id\":\"https:\/\/institutfrancais.sk\/fr\/#website\"},\"primaryImageOfPage\":{\"@id\":\"https:\/\/institutfrancais.sk\/fr\/podujatie\/exposition-le-monde-sans-fin-de-jean-marc-jancovici-et-christophe-blain\/#primaryimage\"},\"image\":{\"@id\":\"https:\/\/institutfrancais.sk\/fr\/podujatie\/exposition-le-monde-sans-fin-de-jean-marc-jancovici-et-christophe-blain\/#primaryimage\"},\"thumbnailUrl\":\"https:\/\/institutfrancais.sk\/wp-content\/uploads\/2024\/04\/image001.png\",\"datePublished\":\"2024-03-27T16:50:00+00:00\",\"dateModified\":\"2024-04-26T13:38:26+00:00\",\"description\":\"Exposition Le Monde sans fin de Jean-Marc Jancovici et Christophe Blain\",\"breadcrumb\":{\"@id\":\"https:\/\/institutfrancais.sk\/fr\/podujatie\/exposition-le-monde-sans-fin-de-jean-marc-jancovici-et-christophe-blain\/#breadcrumb\"},\"inLanguage\":\"fr-FR\",\"potentialAction\":[{\"@type\":\"ReadAction\",\"target\":[\"https:\/\/institutfrancais.sk\/fr\/podujatie\/exposition-le-monde-sans-fin-de-jean-marc-jancovici-et-christophe-blain\/\"]}]},{\"@type\":\"ImageObject\",\"inLanguage\":\"fr-FR\",\"@id\":\"https:\/\/institutfrancais.sk\/fr\/podujatie\/exposition-le-monde-sans-fin-de-jean-marc-jancovici-et-christophe-blain\/#primaryimage\",\"url\":\"https:\/\/institutfrancais.sk\/wp-content\/uploads\/2024\/04\/image001.png\",\"contentUrl\":\"https:\/\/institutfrancais.sk\/wp-content\/uploads\/2024\/04\/image001.png\",\"width\":682,\"height\":852},{\"@type\":\"BreadcrumbList\",\"@id\":\"https:\/\/institutfrancais.sk\/fr\/podujatie\/exposition-le-monde-sans-fin-de-jean-marc-jancovici-et-christophe-blain\/#breadcrumb\",\"itemListElement\":[{\"@type\":\"ListItem\",\"position\":1,\"name\":\"Home\",\"item\":\"https:\/\/institutfrancais.sk\/fr\/\"},{\"@type\":\"ListItem\",\"position\":2,\"name\":\"Events\",\"item\":\"https:\/\/institutfrancais.sk\/fr\/podujatie\/\"},{\"@type\":\"ListItem\",\"position\":3,\"name\":\"Exposition Le Monde sans fin\u00a0de Jean-Marc Jancovici et Christophe Blain\"}]},{\"@type\":\"WebSite\",\"@id\":\"https:\/\/institutfrancais.sk\/fr\/#website\",\"url\":\"https:\/\/institutfrancais.sk\/fr\/\",\"name\":\"Franc\u00fazsky in\u0161tit\u00fat na Slovensku\",\"description\":\"Franc\u00fazsky in\u0161tit\u00fat na Slovensku\",\"potentialAction\":[{\"@type\":\"SearchAction\",\"target\":{\"@type\":\"EntryPoint\",\"urlTemplate\":\"https:\/\/institutfrancais.sk\/fr\/?s={search_term_string}\"},\"query-input\":{\"@type\":\"PropertyValueSpecification\",\"valueRequired\":true,\"valueName\":\"search_term_string\"}}],\"inLanguage\":\"fr-FR\"}]}<\/script>\n<!-- \/ Yoast SEO plugin. -->","yoast_head_json":{"title":"Exposition Le Monde sans fin\u00a0de Jean-Marc Jancovici et Christophe Blain - Franc\u00fazsky in\u0161tit\u00fat na Slovensku","description":"Exposition Le Monde sans fin de Jean-Marc Jancovici et Christophe Blain","robots":{"index":"index","follow":"follow","max-snippet":"max-snippet:-1","max-image-preview":"max-image-preview:large","max-video-preview":"max-video-preview:-1"},"canonical":"https:\/\/institutfrancais.sk\/fr\/podujatie\/exposition-le-monde-sans-fin-de-jean-marc-jancovici-et-christophe-blain\/","og_locale":"fr_FR","og_type":"article","og_title":"Exposition Le Monde sans fin\u00a0de Jean-Marc Jancovici et Christophe Blain - Franc\u00fazsky in\u0161tit\u00fat na Slovensku","og_description":"Exposition Le Monde sans fin de Jean-Marc Jancovici et Christophe Blain","og_url":"https:\/\/institutfrancais.sk\/fr\/podujatie\/exposition-le-monde-sans-fin-de-jean-marc-jancovici-et-christophe-blain\/","og_site_name":"Franc\u00fazsky in\u0161tit\u00fat na Slovensku","article_modified_time":"2024-04-26T13:38:26+00:00","og_image":[{"width":682,"height":852,"url":"https:\/\/institutfrancais.sk\/wp-content\/uploads\/2024\/04\/image001.png","type":"image\/png"}],"twitter_card":"summary_large_image","twitter_misc":{"Dur\u00e9e de lecture estim\u00e9e":"4 minutes"},"schema":{"@context":"https:\/\/schema.org","@graph":[{"@type":"WebPage","@id":"https:\/\/institutfrancais.sk\/fr\/podujatie\/exposition-le-monde-sans-fin-de-jean-marc-jancovici-et-christophe-blain\/","url":"https:\/\/institutfrancais.sk\/fr\/podujatie\/exposition-le-monde-sans-fin-de-jean-marc-jancovici-et-christophe-blain\/","name":"Exposition Le Monde sans fin\u00a0de Jean-Marc Jancovici et Christophe Blain - Franc\u00fazsky in\u0161tit\u00fat na Slovensku","isPartOf":{"@id":"https:\/\/institutfrancais.sk\/fr\/#website"},"primaryImageOfPage":{"@id":"https:\/\/institutfrancais.sk\/fr\/podujatie\/exposition-le-monde-sans-fin-de-jean-marc-jancovici-et-christophe-blain\/#primaryimage"},"image":{"@id":"https:\/\/institutfrancais.sk\/fr\/podujatie\/exposition-le-monde-sans-fin-de-jean-marc-jancovici-et-christophe-blain\/#primaryimage"},"thumbnailUrl":"https:\/\/institutfrancais.sk\/wp-content\/uploads\/2024\/04\/image001.png","datePublished":"2024-03-27T16:50:00+00:00","dateModified":"2024-04-26T13:38:26+00:00","description":"Exposition Le Monde sans fin de Jean-Marc Jancovici et Christophe Blain","breadcrumb":{"@id":"https:\/\/institutfrancais.sk\/fr\/podujatie\/exposition-le-monde-sans-fin-de-jean-marc-jancovici-et-christophe-blain\/#breadcrumb"},"inLanguage":"fr-FR","potentialAction":[{"@type":"ReadAction","target":["https:\/\/institutfrancais.sk\/fr\/podujatie\/exposition-le-monde-sans-fin-de-jean-marc-jancovici-et-christophe-blain\/"]}]},{"@type":"ImageObject","inLanguage":"fr-FR","@id":"https:\/\/institutfrancais.sk\/fr\/podujatie\/exposition-le-monde-sans-fin-de-jean-marc-jancovici-et-christophe-blain\/#primaryimage","url":"https:\/\/institutfrancais.sk\/wp-content\/uploads\/2024\/04\/image001.png","contentUrl":"https:\/\/institutfrancais.sk\/wp-content\/uploads\/2024\/04\/image001.png","width":682,"height":852},{"@type":"BreadcrumbList","@id":"https:\/\/institutfrancais.sk\/fr\/podujatie\/exposition-le-monde-sans-fin-de-jean-marc-jancovici-et-christophe-blain\/#breadcrumb","itemListElement":[{"@type":"ListItem","position":1,"name":"Home","item":"https:\/\/institutfrancais.sk\/fr\/"},{"@type":"ListItem","position":2,"name":"Events","item":"https:\/\/institutfrancais.sk\/fr\/podujatie\/"},{"@type":"ListItem","position":3,"name":"Exposition Le Monde sans fin\u00a0de Jean-Marc Jancovici et Christophe Blain"}]},{"@type":"WebSite","@id":"https:\/\/institutfrancais.sk\/fr\/#website","url":"https:\/\/institutfrancais.sk\/fr\/","name":"Franc\u00fazsky in\u0161tit\u00fat na Slovensku","description":"Franc\u00fazsky in\u0161tit\u00fat na Slovensku","potentialAction":[{"@type":"SearchAction","target":{"@type":"EntryPoint","urlTemplate":"https:\/\/institutfrancais.sk\/fr\/?s={search_term_string}"},"query-input":{"@type":"PropertyValueSpecification","valueRequired":true,"valueName":"search_term_string"}}],"inLanguage":"fr-FR"}]}},"_links":{"self":[{"href":"https:\/\/institutfrancais.sk\/fr\/wp-json\/wp\/v2\/podujatie\/31852"}],"collection":[{"href":"https:\/\/institutfrancais.sk\/fr\/wp-json\/wp\/v2\/podujatie"}],"about":[{"href":"https:\/\/institutfrancais.sk\/fr\/wp-json\/wp\/v2\/types\/podujatie"}],"wp:featuredmedia":[{"embeddable":true,"href":"https:\/\/institutfrancais.sk\/fr\/wp-json\/wp\/v2\/media\/31849"}],"wp:attachment":[{"href":"https:\/\/institutfrancais.sk\/fr\/wp-json\/wp\/v2\/media?parent=31852"}],"wp:term":[{"taxonomy":"typ-podujatia","embeddable":true,"href":"https:\/\/institutfrancais.sk\/fr\/wp-json\/wp\/v2\/typ-podujatia?post=31852"}],"curies":[{"name":"wp","href":"https:\/\/api.w.org\/{rel}","templated":true}]}}