{"id":32017,"date":"2024-04-29T16:30:31","date_gmt":"2024-04-29T14:30:31","guid":{"rendered":"https:\/\/institutfrancais.sk\/?post_type=podujatie&#038;p=32017"},"modified":"2024-04-30T12:35:17","modified_gmt":"2024-04-30T10:35:17","slug":"nuit-de-la-litterature-2024","status":"publish","type":"podujatie","link":"https:\/\/institutfrancais.sk\/fr\/podujatie\/nuit-de-la-litterature-2024\/","title":{"rendered":"Nuit de la litt\u00e9rature 2024"},"content":{"rendered":"\n<h3 class=\"wp-block-heading\">Nuit de le litt\u00e9rature \u00e0 Bratislava<\/h3>\n\n\n\n<p><br>Ce 15 mai, la litt\u00e9rature europ\u00e9enne sera mise \u00e0 l&rsquo;honneur dans neuf lieux diff\u00e9rents de la Vieille ville de Bratislava. Six institutions, habituellement d\u00e9di\u00e9es \u00e0 d&rsquo;autres formes artistiques que la litt\u00e9rature, accueilleront des lectures d&rsquo;extraits de romans d&rsquo;auteurs europ\u00e9ens, par des acteurs slovaques. Les lectures d\u00e9buteront dans chaque lieux \u00e0 18 heures et, par intervalles d&rsquo;une demi-heure, la lecture d&rsquo;extraits sera r\u00e9p\u00e9t\u00e9e huit fois dans la soir\u00e9e &#8211;&nbsp;avec un quart d&rsquo;heure de lecture et un quart d&rsquo;heure pour se d\u00e9placer entre les lieux. <\/p>\n\n\n\n<p>C&rsquo;est vous choisissez l&rsquo;ordre dans lequel vous assistez aux lectures de la Nuit de la litt\u00e9rature. Tous les lieux sont indiqu\u00e9s sur une carte que vous pouvez retirer \u00e0 l&rsquo;avance aupr\u00e8s de l&rsquo;un des instituts culturels participant \u00e0 la Nuit ou lors de la Journ\u00e9e de l&rsquo;Europe, le 9 mai, au Vieux march\u00e9 de Bratislava.<\/p>\n\n\n\n<p><\/p>\n\n\n<div class=\"space md\"><\/div>\n\n\n<h3 class=\"wp-block-heading\">Livre fran\u00e7ais \u2013 Annie Ernaux : L&rsquo;\u00c9v\u00e9nement<\/h3>\n\n\n\n<p>En 1963, Annie Ernaux, vingt-trois ans et c\u00e9libataire, se rend compte qu&rsquo;elle est enceinte. <em>L&rsquo;\u00c9v\u00e9nement<\/em> est le r\u00e9cit, \u00e9crit quarante ans plus tard, d&rsquo;un traumatisme que l&rsquo;auteure n&rsquo;a&nbsp;jamais surmont\u00e9. En France, o\u00f9 l&rsquo;avortement \u00e9tait ill\u00e9gal, Annie essaye en vain de provoquer un avortement spontan\u00e9. \u00a0Elle est pr\u00eate \u00e0 tout pour avorter, m\u00eame \u00e0 enfreindre la loi, car \u00ab\u00a0comme d\u2019habitude, il \u00e9tait impossible de d\u00e9terminer si l\u2019avortement \u00e9tait interdit parce que c\u2019\u00e9tait mal, ou si c\u2019\u00e9tait mal parce que c\u2019\u00e9tait interdit\u00a0\u00bb. Effray\u00e9e et d\u00e9sesp\u00e9r\u00e9e, elle fini par consulter un m\u00e9decin et se retrouve aux urgences, fr\u00f4lant la mort. Ce livre montre comment une jeune femme jug\u00e9e trop libre fait face au rejet des m\u00e9decins, aux regards m\u00e9prisants, aux tabous ainsi qu\u2019aux pr\u00e9jug\u00e9s de classe.<\/p>\n\n\n\n<p>Roman \u00e0 caract\u00e8re auto-socio-biographique, publi\u00e9 en 2000 par l&rsquo;auteure fran\u00e7aise Prix Nobel de litt\u00e9rature, Annie Ernaux se livre dans cet ouvrage, sans filtre et avec honn\u00eatet\u00e9, sur cet \u00e9v\u00e9nement qui a&nbsp;boulevers\u00e9 sa vie. Elle compare son travail d\u2019\u00e9criture au \u00ab\u00a0v\u00e9ritable but de sa vie\u00a0\u00bb. Elle communique \u00e9galement la fiert\u00e9 qu\u2019elle a&nbsp;\u00e9prouv\u00e9, celle d\u2019\u00eatre all\u00e9e au bout de quelque chose. Au bout de \u00ab\u00a0l\u2019horreur ou de la beaut\u00e9\u00a0\u00bb, elle ne sait pas. La romanci\u00e8re utilise parfois un langage cru et violent, mais dit vouloir \u00ab\u00a0r\u00e9sister au lyrisme et \u00e0 la col\u00e8re\u00a0\u00bb. Il s\u2019agit d\u2019un \u00e9clairage historique et social sur la condition des femmes.<\/p>\n\n\n\n<p>Le livre est class\u00e9 parmi \u00ab les 25 livres f\u00e9ministes qu&rsquo;il faut avoir lu \u00bb par le quotidien suisse <em>Le Temps<\/em>. Fran\u00e7oise Gillard de la Com\u00e9die-Fran\u00e7aise adapte <em>L&rsquo;\u00c9v\u00e8nement<\/em> au th\u00e9\u00e2tre en 2017. Cette version seule sur sc\u00e8ne fera l&rsquo;objet de plusieurs tourn\u00e9es, dont une au Maroc en 2018 et au Liban en 2020, pays o\u00f9 la loi restreint l&rsquo;avortement uniquement aux situations mettant en danger la vie de la m\u00e8re. Le roman fait aussi l&rsquo;objet d&rsquo;une adaptation cin\u00e9matographique en 2021, <em>L&rsquo;\u00c9v\u00e9nement<\/em>, film r\u00e9alis\u00e9 par Audrey Diwan, qui remporte le Lion d&rsquo;or \u00e0 la 78e \u00e9dition de la Mostra de Venise.<\/p>\n\n\n\n<p>Dans le cadre de la Nuit de la litt\u00e9rature 2024 \u00e0 Bratislava, l&rsquo;extrait du roman fran\u00e7ais sera interpr\u00e9t\u00e9 en slovaque par Jana O\u013ehov\u00e1, personnalit\u00e9 remarquable du th\u00e9\u00e2tre slovaque. Le roman <em>L&rsquo;\u00c9v\u00e9nement<\/em> est paru en Slovaquie en 2023 aux \u00e9ditions Inaque ensemble avec la nouvelle <em>Le jeune homme<\/em>, de la m\u00eame autrice, les deux ouvrages traduits en slovaque par M\u00e1ria Michalkov\u00e1.<\/p>\n\n\n<div class=\"space md\"><\/div>\n\n\n<h3 class=\"wp-block-heading\">Programme complet &nbsp;\u00e0 &nbsp;Bratislava<\/h3>\n\n\n\n<ul>\n<li><strong>Mus\u00e9e municipal de Bratislava, Viieille mairie \u2013 Salle d&rsquo;audience, Radni\u010dn\u00e1 1<\/strong><\/li>\n<\/ul>\n\n\n\n<p><strong>REPR\u00c9SENTATION DE LA COMMISSION EUROP\u00c9ENNE EN SLOVAQUIE<\/strong> <strong>lue par Richard Stanke<\/strong><\/p>\n\n\n\n<p><strong><u>Timothy Garton Ash: Homelands \/ Domoviny<\/u><\/strong> \/<\/p>\n\n\n\n<p>N Pres, 2023<\/p>\n\n\n\n<p>Traduit par Peter Tka\u010denko<\/p>\n\n\n\n<p><strong>ALLEMAGNE lue par Ingrida Baginov\u00e1<\/strong><\/p>\n\n\n\n<p><strong><u>Nino Haratischwili: Das mangelnde Licht<\/u><\/strong> \/ <strong><u>Nedostatok svetla<\/u><\/strong> \/<\/p>\n\n\n\n<p>Inaque, 2023<\/p>\n\n\n\n<p>Traduit par Paul\u00edna \u0160ed\u00edkov\u00e1 \u010cuhov\u00e1<\/p>\n\n\n\n<ul>\n<li><strong>Mus\u00e9e municipal de Bratislava, Palais Apponyi \u2013 2e \u00e9tage, Radni\u010dn\u00e1 1<\/strong><\/li>\n<\/ul>\n\n\n\n<p><strong>AUTRICHE lue par Zuzana Porubjakov\u00e1<\/strong><\/p>\n\n\n\n<p><strong><u>Susanne Gregor: Wir werden fliegen \/ Vo\u013en\u00fdm p\u00e1dom<\/u><\/strong> <strong><u>\/<\/u><\/strong><\/p>\n\n\n\n<p>Liter\u00e1rna ba\u0161ta, 2024<\/p>\n\n\n\n<p>Traduit par Paul\u00edna \u0160ed\u00edkov\u00e1 \u010cuhov\u00e1<\/p>\n\n\n\n<p><strong>POLOGNE lue par \u013dubom\u00edr Bagin<\/strong><\/p>\n\n\n\n<p><strong><u>Andrzej Stasiuk: Sur la route vers Babadag \/ Cestou do&nbsp;Babadagu<\/u><\/strong><\/p>\n\n\n\n<p><strong>Absynt, 2023<\/strong><\/p>\n\n\n\n<p>Traduit par Karol Chmel<\/p>\n\n\n\n<ul>\n<li><strong>Teatro Colorato <strong>\u2013<\/strong> club de th\u00e9\u00e2tre derri\u00e8re la sc\u00e8ne, Franti\u0161k\u00e1nske n\u00e1mestie 3<\/strong><\/li>\n<\/ul>\n\n\n\n<p><strong>TCH\u00c9QUIE<\/strong> <strong>lue par Michal Kraus<\/strong><\/p>\n\n\n\n<p><strong><u>Marek Tor\u010d\u00edk: Tu va \u00e9taler ta m\u00e9moire \/ Rozlo\u017e\u00ed\u0161 pam\u011b\u0165<\/u><\/strong><\/p>\n\n\n\n<p>Paseka, 2023<\/p>\n\n\n\n<p><strong>ESPAGNE lue par Peter Bebjak<\/strong><\/p>\n\n\n\n<p><strong><u>Pedro Alm\u00f3dovar Caballero: Le Dernier r\u00eave \/ Posledn\u00fd sen<\/u><\/strong> <strong>\/<\/strong><\/p>\n\n\n\n<p>Lindeni, 2024<\/p>\n\n\n\n<p>Traduit par Eva Reichwalderov\u00e1<\/p>\n\n\n\n<ul>\n<li><strong>Teatro Colorato<strong> <strong>\u2013<\/strong> <\/strong>dressing-room, Franti\u0161k\u00e1nske n\u00e1mestie 3<\/strong><\/li>\n<\/ul>\n\n\n\n<p><strong>IRLANDE lue par Katrin Vir\u00e1gov\u00e1<\/strong><\/p>\n\n\n\n<p><strong><u>Louise Nealon: Snowflake \/ Snehov\u00e1 vlo\u010dka \/<\/u><\/strong><\/p>\n\n\n\n<p>Lindeni, 2022<\/p>\n\n\n\n<p>Traduit par Mar\u00edna Galisov\u00e1<\/p>\n\n\n\n<p><strong>BULGARIE lue par Juraj Hr\u010dka<\/strong><\/p>\n\n\n\n<p><strong><u>Georgi Gospodinov: Time Shelter<\/u><\/strong><\/p>\n\n\n\n<p>Traduit par Igor Hochel<\/p>\n\n\n\n<ul>\n<li><strong>Letn\u00e1 \u010dit\u00e1re\u0148 U&nbsp;\u010derven\u00e9ho raka, Michalsk\u00e1 26\/\/\/<\/strong><strong>mokr\u00fd variant: <\/strong><strong>Pod kni\u017enicou, Klarisk\u00e1 16<\/strong><\/li>\n<\/ul>\n\n\n\n<p><strong>SUISSE lue par Michal Re\u017en\u00fd<\/strong><\/p>\n\n\n\n<p><strong><u>Kim de l&rsquo;Horizon: Blutbuch \/ Kniha krvi \/<\/u><\/strong><\/p>\n\n\n\n<p>Premedia, 2024<\/p>\n\n\n\n<p>Traduit par Zuzana Demj\u00e1nov\u00e1&nbsp;<\/p>\n\n\n\n<p><strong>ITALIE lue par Janka Koval\u010d\u00edkov\u00e1<\/strong><\/p>\n\n\n\n<p><strong><u>Veronica Raimo: Niente di vero \/ Rien de vrai \/ Ni\u010d pravdiv\u00e9<strong><u> \/<\/u><\/strong><br><\/u><\/strong>Inaque, 2024<\/p>\n\n\n\n<p>Traduit par Ivana Dobrakovov\u00e1<\/p>\n\n\n\n<ul>\n<li><strong>Galerie de la ville de Bratislava, palais Mirbach <strong><strong>\u2013<\/strong><\/strong> grenier, Franti\u0161k\u00e1nske n\u00e1m. 11<\/strong><\/li>\n<\/ul>\n\n\n\n<p><strong>PORTUGAL lu par J\u00e1n Galovi\u010d<\/strong><\/p>\n\n\n\n<p><strong><u>Miguel Sousa Tavares: Equador \/ \u00c9quateur \/ Rovn\u00edk&nbsp;\/<\/u><\/strong><\/p>\n\n\n\n<p>Portugalsk\u00fd in\u0161tit\u00fat, 2023<\/p>\n\n\n\n<p>Traduit par Anton Pasienka<\/p>\n\n\n\n<p><strong>SLOVENSKO lue par Lenka Libjakov\u00e1<\/strong><\/p>\n\n\n\n<p><strong><u>So\u0148a Ur\u00edkov\u00e1: La raison pour la joie \/ D\u00f4vod na&nbsp;rados\u0165<\/u><\/strong><\/p>\n\n\n\n<p>KK Bagala, 2022<\/p>\n\n\n\n<ul>\n<li><strong>Maison de Romer, Z\u00e1mo\u010dn\u00edcka 10<\/strong><\/li>\n<\/ul>\n\n\n\n<p><strong>HONGRIE lue par D\u00e1vid Uzsak<\/strong><\/p>\n\n\n\n<p><strong><u>L\u00e1szl\u00f3 Krasznahorkai:&nbsp;Az ellen\u00e1ll\u00e1s melank\u00f3li\u00e1ja<\/u> \/ La M\u00e9lancolie de la r\u00e9sistance<\/strong> \/ <strong><u>Melanch\u00f3lia vzdoru<\/u><\/strong><\/p>\n\n\n\n<p><strong>BRAK, 2020<\/strong><\/p>\n\n\n\n<p>Traduit par Gabriela Magov\u00e1<\/p>\n\n\n\n<p><strong>PAYS-BAS lu par Robert Roth<\/strong><\/p>\n\n\n\n<p><strong><u>Jacob Isra\u00ebl de Haan: Pathologie\u00ebn \/ Pathologies<\/u><\/strong><span style=\"text-decoration: underline;\"> \/<strong><u> <\/u><\/strong><\/span><strong><u>Patol\u00f3gie<\/u><\/strong><\/p>\n\n\n\n<p><strong>Eur\u00f3pa, 2024<\/strong><\/p>\n\n\n\n<p>Traduit par Adam B\u017eoch<\/p>\n\n\n\n<ul>\n<li><strong>Zichyho pal\u00e1c, podkrovie, Vent\u00farska 9<\/strong><\/li>\n<\/ul>\n\n\n\n<p><strong>BELGIQUE-WALLONIE lu par Marek Majesk\u00fd<\/strong><\/p>\n\n\n\n<p><strong><u>In Koli Jean Bofane: C<strong><u>ongo Inc. : Le testament de Bismarck \/ <\/u><\/strong>Kongo, s.r.o. Bismarckov testament<strong><u> \/<\/u><\/strong><\/u><\/strong><\/p>\n\n\n\n<p><strong>Actes Sud, 2014<\/strong><\/p>\n\n\n\n<p>Traduit pas Monika Kapustov\u00e1<\/p>\n\n\n\n<p><strong>BELGIQUE-FLANDRE lu par Jana Majesk\u00e1<\/strong><\/p>\n\n\n\n<p><strong><u>Elvis Peeters a&nbsp;Nicole van Bael: \u010casy<\/u><\/strong><\/p>\n\n\n\n<p>Traduit par Michaela Z\u00e1reck\u00e1<\/p>\n\n\n\n<ul>\n<li><strong>Zichyho pal\u00e1c, Zasadacia miestnos\u0165 \u2013 2.&nbsp;poschodie, Vent\u00farska 9<\/strong><\/li>\n<\/ul>\n\n\n\n<p><strong>FRANCE lue par Jana O\u013ehov\u00e1<\/strong><\/p>\n\n\n\n<p><strong><u>Annie Ernaux: L&rsquo;\u00c9v\u00e9nement \/ Udalos\u0165<\/u><\/strong><\/p>\n\n\n\n<p><strong>Inaque, 2023<\/strong><\/p>\n\n\n\n<p>Traduit par M\u00e1ria Michalkov\u00e1<\/p>\n\n\n<div class=\"space md\"><\/div>\n\n\n<h3 class=\"wp-block-heading\">Liens importants<\/h3>\n\n\n\n<p><a href=\"https:\/\/bratislava.czechcentres.cz\/program\/noc-literatury-2024\">https:\/\/bratislava.czechcentres.cz\/program\/noc-literatury-2024<\/a><\/p>\n\n\n<div class=\"space md\"><\/div>","protected":false},"featured_media":32012,"template":"","typ-podujatia":[58],"acf":[],"yoast_head":"<!-- This site is optimized with the Yoast SEO plugin v24.5 - https:\/\/yoast.com\/wordpress\/plugins\/seo\/ -->\n<title>Nuit de la litt\u00e9rature 2024 - Franc\u00fazsky in\u0161tit\u00fat na Slovensku<\/title>\n<meta name=\"description\" content=\"Nuit de la litt\u00e9rature 2024\" \/>\n<meta name=\"robots\" content=\"index, follow, max-snippet:-1, max-image-preview:large, max-video-preview:-1\" \/>\n<link rel=\"canonical\" href=\"https:\/\/institutfrancais.sk\/fr\/podujatie\/nuit-de-la-litterature-2024\/\" \/>\n<meta property=\"og:locale\" content=\"fr_FR\" \/>\n<meta property=\"og:type\" content=\"article\" \/>\n<meta property=\"og:title\" content=\"Nuit de la litt\u00e9rature 2024 - Franc\u00fazsky in\u0161tit\u00fat na Slovensku\" \/>\n<meta property=\"og:description\" content=\"Nuit de la litt\u00e9rature 2024\" \/>\n<meta property=\"og:url\" content=\"https:\/\/institutfrancais.sk\/fr\/podujatie\/nuit-de-la-litterature-2024\/\" \/>\n<meta property=\"og:site_name\" content=\"Franc\u00fazsky in\u0161tit\u00fat na Slovensku\" \/>\n<meta property=\"article:modified_time\" content=\"2024-04-30T10:35:17+00:00\" \/>\n<meta property=\"og:image\" content=\"https:\/\/institutfrancais.sk\/wp-content\/uploads\/2024\/04\/NL2024.png\" \/>\n\t<meta property=\"og:image:width\" content=\"800\" \/>\n\t<meta property=\"og:image:height\" content=\"800\" \/>\n\t<meta property=\"og:image:type\" content=\"image\/png\" \/>\n<meta name=\"twitter:card\" content=\"summary_large_image\" \/>\n<meta name=\"twitter:label1\" content=\"Dur\u00e9e de lecture estim\u00e9e\" \/>\n\t<meta name=\"twitter:data1\" content=\"6 minutes\" \/>\n<script type=\"application\/ld+json\" class=\"yoast-schema-graph\">{\"@context\":\"https:\/\/schema.org\",\"@graph\":[{\"@type\":\"WebPage\",\"@id\":\"https:\/\/institutfrancais.sk\/fr\/podujatie\/nuit-de-la-litterature-2024\/\",\"url\":\"https:\/\/institutfrancais.sk\/fr\/podujatie\/nuit-de-la-litterature-2024\/\",\"name\":\"Nuit de la litt\u00e9rature 2024 - Franc\u00fazsky in\u0161tit\u00fat na Slovensku\",\"isPartOf\":{\"@id\":\"https:\/\/institutfrancais.sk\/fr\/#website\"},\"primaryImageOfPage\":{\"@id\":\"https:\/\/institutfrancais.sk\/fr\/podujatie\/nuit-de-la-litterature-2024\/#primaryimage\"},\"image\":{\"@id\":\"https:\/\/institutfrancais.sk\/fr\/podujatie\/nuit-de-la-litterature-2024\/#primaryimage\"},\"thumbnailUrl\":\"https:\/\/institutfrancais.sk\/wp-content\/uploads\/2024\/04\/NL2024.png\",\"datePublished\":\"2024-04-29T14:30:31+00:00\",\"dateModified\":\"2024-04-30T10:35:17+00:00\",\"description\":\"Nuit de la litt\u00e9rature 2024\",\"breadcrumb\":{\"@id\":\"https:\/\/institutfrancais.sk\/fr\/podujatie\/nuit-de-la-litterature-2024\/#breadcrumb\"},\"inLanguage\":\"fr-FR\",\"potentialAction\":[{\"@type\":\"ReadAction\",\"target\":[\"https:\/\/institutfrancais.sk\/fr\/podujatie\/nuit-de-la-litterature-2024\/\"]}]},{\"@type\":\"ImageObject\",\"inLanguage\":\"fr-FR\",\"@id\":\"https:\/\/institutfrancais.sk\/fr\/podujatie\/nuit-de-la-litterature-2024\/#primaryimage\",\"url\":\"https:\/\/institutfrancais.sk\/wp-content\/uploads\/2024\/04\/NL2024.png\",\"contentUrl\":\"https:\/\/institutfrancais.sk\/wp-content\/uploads\/2024\/04\/NL2024.png\",\"width\":800,\"height\":800},{\"@type\":\"BreadcrumbList\",\"@id\":\"https:\/\/institutfrancais.sk\/fr\/podujatie\/nuit-de-la-litterature-2024\/#breadcrumb\",\"itemListElement\":[{\"@type\":\"ListItem\",\"position\":1,\"name\":\"Home\",\"item\":\"https:\/\/institutfrancais.sk\/fr\/\"},{\"@type\":\"ListItem\",\"position\":2,\"name\":\"Events\",\"item\":\"https:\/\/institutfrancais.sk\/fr\/podujatie\/\"},{\"@type\":\"ListItem\",\"position\":3,\"name\":\"Nuit de la litt\u00e9rature 2024\"}]},{\"@type\":\"WebSite\",\"@id\":\"https:\/\/institutfrancais.sk\/fr\/#website\",\"url\":\"https:\/\/institutfrancais.sk\/fr\/\",\"name\":\"Franc\u00fazsky in\u0161tit\u00fat na Slovensku\",\"description\":\"Franc\u00fazsky in\u0161tit\u00fat na Slovensku\",\"potentialAction\":[{\"@type\":\"SearchAction\",\"target\":{\"@type\":\"EntryPoint\",\"urlTemplate\":\"https:\/\/institutfrancais.sk\/fr\/?s={search_term_string}\"},\"query-input\":{\"@type\":\"PropertyValueSpecification\",\"valueRequired\":true,\"valueName\":\"search_term_string\"}}],\"inLanguage\":\"fr-FR\"}]}<\/script>\n<!-- \/ Yoast SEO plugin. -->","yoast_head_json":{"title":"Nuit de la litt\u00e9rature 2024 - Franc\u00fazsky in\u0161tit\u00fat na Slovensku","description":"Nuit de la litt\u00e9rature 2024","robots":{"index":"index","follow":"follow","max-snippet":"max-snippet:-1","max-image-preview":"max-image-preview:large","max-video-preview":"max-video-preview:-1"},"canonical":"https:\/\/institutfrancais.sk\/fr\/podujatie\/nuit-de-la-litterature-2024\/","og_locale":"fr_FR","og_type":"article","og_title":"Nuit de la litt\u00e9rature 2024 - Franc\u00fazsky in\u0161tit\u00fat na Slovensku","og_description":"Nuit de la litt\u00e9rature 2024","og_url":"https:\/\/institutfrancais.sk\/fr\/podujatie\/nuit-de-la-litterature-2024\/","og_site_name":"Franc\u00fazsky in\u0161tit\u00fat na Slovensku","article_modified_time":"2024-04-30T10:35:17+00:00","og_image":[{"width":800,"height":800,"url":"https:\/\/institutfrancais.sk\/wp-content\/uploads\/2024\/04\/NL2024.png","type":"image\/png"}],"twitter_card":"summary_large_image","twitter_misc":{"Dur\u00e9e de lecture estim\u00e9e":"6 minutes"},"schema":{"@context":"https:\/\/schema.org","@graph":[{"@type":"WebPage","@id":"https:\/\/institutfrancais.sk\/fr\/podujatie\/nuit-de-la-litterature-2024\/","url":"https:\/\/institutfrancais.sk\/fr\/podujatie\/nuit-de-la-litterature-2024\/","name":"Nuit de la litt\u00e9rature 2024 - Franc\u00fazsky in\u0161tit\u00fat na Slovensku","isPartOf":{"@id":"https:\/\/institutfrancais.sk\/fr\/#website"},"primaryImageOfPage":{"@id":"https:\/\/institutfrancais.sk\/fr\/podujatie\/nuit-de-la-litterature-2024\/#primaryimage"},"image":{"@id":"https:\/\/institutfrancais.sk\/fr\/podujatie\/nuit-de-la-litterature-2024\/#primaryimage"},"thumbnailUrl":"https:\/\/institutfrancais.sk\/wp-content\/uploads\/2024\/04\/NL2024.png","datePublished":"2024-04-29T14:30:31+00:00","dateModified":"2024-04-30T10:35:17+00:00","description":"Nuit de la litt\u00e9rature 2024","breadcrumb":{"@id":"https:\/\/institutfrancais.sk\/fr\/podujatie\/nuit-de-la-litterature-2024\/#breadcrumb"},"inLanguage":"fr-FR","potentialAction":[{"@type":"ReadAction","target":["https:\/\/institutfrancais.sk\/fr\/podujatie\/nuit-de-la-litterature-2024\/"]}]},{"@type":"ImageObject","inLanguage":"fr-FR","@id":"https:\/\/institutfrancais.sk\/fr\/podujatie\/nuit-de-la-litterature-2024\/#primaryimage","url":"https:\/\/institutfrancais.sk\/wp-content\/uploads\/2024\/04\/NL2024.png","contentUrl":"https:\/\/institutfrancais.sk\/wp-content\/uploads\/2024\/04\/NL2024.png","width":800,"height":800},{"@type":"BreadcrumbList","@id":"https:\/\/institutfrancais.sk\/fr\/podujatie\/nuit-de-la-litterature-2024\/#breadcrumb","itemListElement":[{"@type":"ListItem","position":1,"name":"Home","item":"https:\/\/institutfrancais.sk\/fr\/"},{"@type":"ListItem","position":2,"name":"Events","item":"https:\/\/institutfrancais.sk\/fr\/podujatie\/"},{"@type":"ListItem","position":3,"name":"Nuit de la litt\u00e9rature 2024"}]},{"@type":"WebSite","@id":"https:\/\/institutfrancais.sk\/fr\/#website","url":"https:\/\/institutfrancais.sk\/fr\/","name":"Franc\u00fazsky in\u0161tit\u00fat na Slovensku","description":"Franc\u00fazsky in\u0161tit\u00fat na Slovensku","potentialAction":[{"@type":"SearchAction","target":{"@type":"EntryPoint","urlTemplate":"https:\/\/institutfrancais.sk\/fr\/?s={search_term_string}"},"query-input":{"@type":"PropertyValueSpecification","valueRequired":true,"valueName":"search_term_string"}}],"inLanguage":"fr-FR"}]}},"_links":{"self":[{"href":"https:\/\/institutfrancais.sk\/fr\/wp-json\/wp\/v2\/podujatie\/32017"}],"collection":[{"href":"https:\/\/institutfrancais.sk\/fr\/wp-json\/wp\/v2\/podujatie"}],"about":[{"href":"https:\/\/institutfrancais.sk\/fr\/wp-json\/wp\/v2\/types\/podujatie"}],"wp:featuredmedia":[{"embeddable":true,"href":"https:\/\/institutfrancais.sk\/fr\/wp-json\/wp\/v2\/media\/32012"}],"wp:attachment":[{"href":"https:\/\/institutfrancais.sk\/fr\/wp-json\/wp\/v2\/media?parent=32017"}],"wp:term":[{"taxonomy":"typ-podujatia","embeddable":true,"href":"https:\/\/institutfrancais.sk\/fr\/wp-json\/wp\/v2\/typ-podujatia?post=32017"}],"curies":[{"name":"wp","href":"https:\/\/api.w.org\/{rel}","templated":true}]}}