{"id":32134,"date":"2024-05-06T17:21:52","date_gmt":"2024-05-06T15:21:52","guid":{"rendered":"https:\/\/institutfrancais.sk\/?post_type=podujatie&#038;p=32134"},"modified":"2024-05-21T18:53:48","modified_gmt":"2024-05-21T16:53:48","slug":"quelles-energies-pour-leurope","status":"publish","type":"podujatie","link":"https:\/\/institutfrancais.sk\/fr\/podujatie\/quelles-energies-pour-leurope\/","title":{"rendered":"Quelle(s) \u00e9nergie(s) pour l\u2019Europe\u00a0?"},"content":{"rendered":"\n<p>Nous avons tous besoin d\u2019\u00e9nergie, que ce soit pour nous chauffer, nous d\u00e9placer, nous nourrir, nous soigner, nous \u00e9quiper ou nous d\u00e9fendre. C\u2019est normal&nbsp;: comme l\u2019illustre l\u2019exposition \u00ab&nbsp;Le Monde sans fin&nbsp;\u00bb pr\u00e9sent\u00e9e actuellement \u00e0 l\u2019Institut fran\u00e7ais de Slovaquie, l\u2019\u00e9nergie est ce qui nous permet d\u2019agir sur le monde.<\/p>\n\n\n\n<p>L\u2019acc\u00e8s \u00e0 une \u00e9nergie \u00e9conomique est donc essentiel au bon fonctionnement de nos soci\u00e9t\u00e9s. Le co\u00fbt de l\u2019\u00e9nergie, cependant, ne se limite pas \u00e0 son prix de revient. Nous savons que diff\u00e9rentes sources d\u2019\u00e9nergie peuvent avoir un impact plus ou moins grand sur l\u2019environnement. Nous savons aussi que toute \u00e9nergie d\u00e9pend d\u2019une ressource naturelle et peut nous rendre d\u00e9pendants des pays qui d\u00e9tiennent ces ressources.<\/p>\n\n\n\n<p>Dans ces conditions, comment les pays de l\u2019Union europ\u00e9enne peuvent-ils organiser ensemble leur approvisionnement&nbsp;&nbsp;\u00e9nerg\u00e9tique&nbsp;? Pour en parler, nous d\u00e9battrons avec deux invit\u00e9s&nbsp;:<\/p>\n\n\n\n<ul>\n<li><strong>Martina Olejn\u00edkov\u00e1<\/strong>, directrice commerciale de Veolia Slovaquie, sp\u00e9cialiste des aspects strat\u00e9giques du secteur de l\u2019\u00e9nergie&nbsp;;<\/li>\n\n\n\n<li><strong>Gilles Lepesant<\/strong>, g\u00e9ographe directeur de recherche au CNRS, sp\u00e9cialiste du d\u00e9ploiement des \u00e9nergies renouvelables au sein de l\u2019Union europ\u00e9enne.<\/li>\n<\/ul>\n\n\n\n<p>L&rsquo;\u00e9v\u00e9nement sera mod\u00e9r\u00e9 par Irena Jen\u010dov\u00e1.<\/p>\n\n\n\n<p><em>Mercredi 22 mai \u00e0 18h \u00e0 l\u2019Institut fran\u00e7ais de Slovaquie<\/em>, <em>en fran\u00e7ais et slovaque avec traduction simultan\u00e9e<\/em>.<\/p>\n\n\n\n<p>Entr\u00e9e libre.<\/p>\n\n\n<div class=\"space md\"><\/div>","protected":false},"featured_media":32156,"template":"","typ-podujatia":[53],"acf":[],"yoast_head":"<!-- This site is optimized with the Yoast SEO plugin v24.5 - https:\/\/yoast.com\/wordpress\/plugins\/seo\/ -->\n<title>Quelle(s) \u00e9nergie(s) pour l\u2019Europe\u00a0? - Franc\u00fazsky in\u0161tit\u00fat na Slovensku<\/title>\n<meta name=\"robots\" content=\"index, follow, max-snippet:-1, max-image-preview:large, max-video-preview:-1\" \/>\n<link rel=\"canonical\" href=\"https:\/\/institutfrancais.sk\/fr\/podujatie\/quelles-energies-pour-leurope\/\" \/>\n<meta property=\"og:locale\" content=\"fr_FR\" \/>\n<meta property=\"og:type\" content=\"article\" \/>\n<meta property=\"og:title\" content=\"Quelle(s) \u00e9nergie(s) pour l\u2019Europe\u00a0? - Franc\u00fazsky in\u0161tit\u00fat na Slovensku\" \/>\n<meta property=\"og:description\" content=\"Nous avons tous besoin d\u2019\u00e9nergie, que ce soit pour nous chauffer, nous d\u00e9placer, nous nourrir, nous soigner, nous \u00e9quiper ou nous d\u00e9fendre. C\u2019est normal&nbsp;: comme l\u2019illustre l\u2019exposition \u00ab&nbsp;Le Monde sans fin&nbsp;\u00bb pr\u00e9sent\u00e9e actuellement \u00e0 l\u2019Institut fran\u00e7ais de Slovaquie, l\u2019\u00e9nergie est ce qui nous permet d\u2019agir sur le monde. L\u2019acc\u00e8s \u00e0 une \u00e9nergie \u00e9conomique est donc [&hellip;]\" \/>\n<meta property=\"og:url\" content=\"https:\/\/institutfrancais.sk\/fr\/podujatie\/quelles-energies-pour-leurope\/\" \/>\n<meta property=\"og:site_name\" content=\"Franc\u00fazsky in\u0161tit\u00fat na Slovensku\" \/>\n<meta property=\"article:modified_time\" content=\"2024-05-21T16:53:48+00:00\" \/>\n<meta property=\"og:image\" content=\"https:\/\/institutfrancais.sk\/wp-content\/uploads\/2024\/05\/Conference-Energie2.png\" \/>\n\t<meta property=\"og:image:width\" content=\"1750\" \/>\n\t<meta property=\"og:image:height\" content=\"1237\" \/>\n\t<meta property=\"og:image:type\" content=\"image\/png\" \/>\n<meta name=\"twitter:card\" content=\"summary_large_image\" \/>\n<meta name=\"twitter:label1\" content=\"Dur\u00e9e de lecture estim\u00e9e\" \/>\n\t<meta name=\"twitter:data1\" content=\"2 minutes\" \/>\n<script type=\"application\/ld+json\" class=\"yoast-schema-graph\">{\"@context\":\"https:\/\/schema.org\",\"@graph\":[{\"@type\":\"WebPage\",\"@id\":\"https:\/\/institutfrancais.sk\/fr\/podujatie\/quelles-energies-pour-leurope\/\",\"url\":\"https:\/\/institutfrancais.sk\/fr\/podujatie\/quelles-energies-pour-leurope\/\",\"name\":\"Quelle(s) \u00e9nergie(s) pour l\u2019Europe\u00a0? - Franc\u00fazsky in\u0161tit\u00fat na Slovensku\",\"isPartOf\":{\"@id\":\"https:\/\/institutfrancais.sk\/fr\/#website\"},\"primaryImageOfPage\":{\"@id\":\"https:\/\/institutfrancais.sk\/fr\/podujatie\/quelles-energies-pour-leurope\/#primaryimage\"},\"image\":{\"@id\":\"https:\/\/institutfrancais.sk\/fr\/podujatie\/quelles-energies-pour-leurope\/#primaryimage\"},\"thumbnailUrl\":\"https:\/\/institutfrancais.sk\/wp-content\/uploads\/2024\/05\/Conference-Energie2.png\",\"datePublished\":\"2024-05-06T15:21:52+00:00\",\"dateModified\":\"2024-05-21T16:53:48+00:00\",\"breadcrumb\":{\"@id\":\"https:\/\/institutfrancais.sk\/fr\/podujatie\/quelles-energies-pour-leurope\/#breadcrumb\"},\"inLanguage\":\"fr-FR\",\"potentialAction\":[{\"@type\":\"ReadAction\",\"target\":[\"https:\/\/institutfrancais.sk\/fr\/podujatie\/quelles-energies-pour-leurope\/\"]}]},{\"@type\":\"ImageObject\",\"inLanguage\":\"fr-FR\",\"@id\":\"https:\/\/institutfrancais.sk\/fr\/podujatie\/quelles-energies-pour-leurope\/#primaryimage\",\"url\":\"https:\/\/institutfrancais.sk\/wp-content\/uploads\/2024\/05\/Conference-Energie2.png\",\"contentUrl\":\"https:\/\/institutfrancais.sk\/wp-content\/uploads\/2024\/05\/Conference-Energie2.png\",\"width\":1750,\"height\":1237},{\"@type\":\"BreadcrumbList\",\"@id\":\"https:\/\/institutfrancais.sk\/fr\/podujatie\/quelles-energies-pour-leurope\/#breadcrumb\",\"itemListElement\":[{\"@type\":\"ListItem\",\"position\":1,\"name\":\"Home\",\"item\":\"https:\/\/institutfrancais.sk\/fr\/\"},{\"@type\":\"ListItem\",\"position\":2,\"name\":\"Events\",\"item\":\"https:\/\/institutfrancais.sk\/fr\/podujatie\/\"},{\"@type\":\"ListItem\",\"position\":3,\"name\":\"Quelle(s) \u00e9nergie(s) pour l\u2019Europe\u00a0?\"}]},{\"@type\":\"WebSite\",\"@id\":\"https:\/\/institutfrancais.sk\/fr\/#website\",\"url\":\"https:\/\/institutfrancais.sk\/fr\/\",\"name\":\"Franc\u00fazsky in\u0161tit\u00fat na Slovensku\",\"description\":\"Franc\u00fazsky in\u0161tit\u00fat na Slovensku\",\"potentialAction\":[{\"@type\":\"SearchAction\",\"target\":{\"@type\":\"EntryPoint\",\"urlTemplate\":\"https:\/\/institutfrancais.sk\/fr\/?s={search_term_string}\"},\"query-input\":{\"@type\":\"PropertyValueSpecification\",\"valueRequired\":true,\"valueName\":\"search_term_string\"}}],\"inLanguage\":\"fr-FR\"}]}<\/script>\n<!-- \/ Yoast SEO plugin. -->","yoast_head_json":{"title":"Quelle(s) \u00e9nergie(s) pour l\u2019Europe\u00a0? - Franc\u00fazsky in\u0161tit\u00fat na Slovensku","robots":{"index":"index","follow":"follow","max-snippet":"max-snippet:-1","max-image-preview":"max-image-preview:large","max-video-preview":"max-video-preview:-1"},"canonical":"https:\/\/institutfrancais.sk\/fr\/podujatie\/quelles-energies-pour-leurope\/","og_locale":"fr_FR","og_type":"article","og_title":"Quelle(s) \u00e9nergie(s) pour l\u2019Europe\u00a0? - Franc\u00fazsky in\u0161tit\u00fat na Slovensku","og_description":"Nous avons tous besoin d\u2019\u00e9nergie, que ce soit pour nous chauffer, nous d\u00e9placer, nous nourrir, nous soigner, nous \u00e9quiper ou nous d\u00e9fendre. C\u2019est normal&nbsp;: comme l\u2019illustre l\u2019exposition \u00ab&nbsp;Le Monde sans fin&nbsp;\u00bb pr\u00e9sent\u00e9e actuellement \u00e0 l\u2019Institut fran\u00e7ais de Slovaquie, l\u2019\u00e9nergie est ce qui nous permet d\u2019agir sur le monde. L\u2019acc\u00e8s \u00e0 une \u00e9nergie \u00e9conomique est donc [&hellip;]","og_url":"https:\/\/institutfrancais.sk\/fr\/podujatie\/quelles-energies-pour-leurope\/","og_site_name":"Franc\u00fazsky in\u0161tit\u00fat na Slovensku","article_modified_time":"2024-05-21T16:53:48+00:00","og_image":[{"width":1750,"height":1237,"url":"https:\/\/institutfrancais.sk\/wp-content\/uploads\/2024\/05\/Conference-Energie2.png","type":"image\/png"}],"twitter_card":"summary_large_image","twitter_misc":{"Dur\u00e9e de lecture estim\u00e9e":"2 minutes"},"schema":{"@context":"https:\/\/schema.org","@graph":[{"@type":"WebPage","@id":"https:\/\/institutfrancais.sk\/fr\/podujatie\/quelles-energies-pour-leurope\/","url":"https:\/\/institutfrancais.sk\/fr\/podujatie\/quelles-energies-pour-leurope\/","name":"Quelle(s) \u00e9nergie(s) pour l\u2019Europe\u00a0? - Franc\u00fazsky in\u0161tit\u00fat na Slovensku","isPartOf":{"@id":"https:\/\/institutfrancais.sk\/fr\/#website"},"primaryImageOfPage":{"@id":"https:\/\/institutfrancais.sk\/fr\/podujatie\/quelles-energies-pour-leurope\/#primaryimage"},"image":{"@id":"https:\/\/institutfrancais.sk\/fr\/podujatie\/quelles-energies-pour-leurope\/#primaryimage"},"thumbnailUrl":"https:\/\/institutfrancais.sk\/wp-content\/uploads\/2024\/05\/Conference-Energie2.png","datePublished":"2024-05-06T15:21:52+00:00","dateModified":"2024-05-21T16:53:48+00:00","breadcrumb":{"@id":"https:\/\/institutfrancais.sk\/fr\/podujatie\/quelles-energies-pour-leurope\/#breadcrumb"},"inLanguage":"fr-FR","potentialAction":[{"@type":"ReadAction","target":["https:\/\/institutfrancais.sk\/fr\/podujatie\/quelles-energies-pour-leurope\/"]}]},{"@type":"ImageObject","inLanguage":"fr-FR","@id":"https:\/\/institutfrancais.sk\/fr\/podujatie\/quelles-energies-pour-leurope\/#primaryimage","url":"https:\/\/institutfrancais.sk\/wp-content\/uploads\/2024\/05\/Conference-Energie2.png","contentUrl":"https:\/\/institutfrancais.sk\/wp-content\/uploads\/2024\/05\/Conference-Energie2.png","width":1750,"height":1237},{"@type":"BreadcrumbList","@id":"https:\/\/institutfrancais.sk\/fr\/podujatie\/quelles-energies-pour-leurope\/#breadcrumb","itemListElement":[{"@type":"ListItem","position":1,"name":"Home","item":"https:\/\/institutfrancais.sk\/fr\/"},{"@type":"ListItem","position":2,"name":"Events","item":"https:\/\/institutfrancais.sk\/fr\/podujatie\/"},{"@type":"ListItem","position":3,"name":"Quelle(s) \u00e9nergie(s) pour l\u2019Europe\u00a0?"}]},{"@type":"WebSite","@id":"https:\/\/institutfrancais.sk\/fr\/#website","url":"https:\/\/institutfrancais.sk\/fr\/","name":"Franc\u00fazsky in\u0161tit\u00fat na Slovensku","description":"Franc\u00fazsky in\u0161tit\u00fat na Slovensku","potentialAction":[{"@type":"SearchAction","target":{"@type":"EntryPoint","urlTemplate":"https:\/\/institutfrancais.sk\/fr\/?s={search_term_string}"},"query-input":{"@type":"PropertyValueSpecification","valueRequired":true,"valueName":"search_term_string"}}],"inLanguage":"fr-FR"}]}},"_links":{"self":[{"href":"https:\/\/institutfrancais.sk\/fr\/wp-json\/wp\/v2\/podujatie\/32134"}],"collection":[{"href":"https:\/\/institutfrancais.sk\/fr\/wp-json\/wp\/v2\/podujatie"}],"about":[{"href":"https:\/\/institutfrancais.sk\/fr\/wp-json\/wp\/v2\/types\/podujatie"}],"wp:featuredmedia":[{"embeddable":true,"href":"https:\/\/institutfrancais.sk\/fr\/wp-json\/wp\/v2\/media\/32156"}],"wp:attachment":[{"href":"https:\/\/institutfrancais.sk\/fr\/wp-json\/wp\/v2\/media?parent=32134"}],"wp:term":[{"taxonomy":"typ-podujatia","embeddable":true,"href":"https:\/\/institutfrancais.sk\/fr\/wp-json\/wp\/v2\/typ-podujatia?post=32134"}],"curies":[{"name":"wp","href":"https:\/\/api.w.org\/{rel}","templated":true}]}}