{"id":32871,"date":"2024-09-02T15:48:46","date_gmt":"2024-09-02T13:48:46","guid":{"rendered":"https:\/\/institutfrancais.sk\/?post_type=podujatie&#038;p=32871"},"modified":"2024-09-12T10:02:58","modified_gmt":"2024-09-12T08:02:58","slug":"la-defense-de-liberte-ne-connait-pas-les-frontieres","status":"publish","type":"podujatie","link":"https:\/\/institutfrancais.sk\/fr\/podujatie\/la-defense-de-liberte-ne-connait-pas-les-frontieres\/","title":{"rendered":"La d\u00e9fense de la libert\u00e9 ne conna\u00eet pas les fronti\u00e8res"},"content":{"rendered":"\n<p>Photo \u00a9 Archives du Mus\u00e9e du Soul\u00e8vement national Slovaque (M\u00fazeum SNP)<\/p>\n\n\n\n<h3 class=\"wp-block-heading\">Volontaires pour combattre et mourir en Slovaquie<\/h3>\n\n\n\n<p>\u00c0 l\u2019occasion du 80<sup>e<\/sup> anniversaire du Soul\u00e8vement national slovaque (SNP), insurrection arm\u00e9e contre l\u2019entr\u00e9e en territoire slovaque le 29 ao\u00fbt 1944 de l\u2019arm\u00e9e allemande, l\u2019ambassade de France en Slovaquie a&nbsp;pr\u00e9par\u00e9 une exposition de photographies d\u2019archives, en coop\u00e9ration avec le Mus\u00e9e SNP de Bansk\u00e1 Bystrica et l\u2019Institut d\u2019histoire militaire de Bratislava, qui met en exergue la participation de Fran\u00e7ais, militaires \u00e9vad\u00e9s des camps de prisonniers et jeunes du STO ayant fui les usines d\u2019armements, \u00e0 cette lutte pour la libert\u00e9 du peuple slovaque.<\/p>\n\n\n\n<p><em>L&rsquo;exposition sera transf\u00e9r\u00e9e \u00e0 l&rsquo;Institut fran\u00e7ais de Slovaquie apr\u00e8s sa pr\u00e9sentation le 30 ao\u00fbt 2024 au Monument aux partisans fran\u00e7ais sur la colline Zvonica pr\u00e8s du village Stre\u010dno dans le cadre des comm\u00e9morations officielles du 80<sup>e<\/sup> anniversaire du SNP.<\/em><\/p>\n\n\n<\/div><iframe loading=\"lazy\" src=\"https:\/\/www.google.com\/maps\/embed?pb=!1m18!1m12!1m3!1d2662.2735746915087!2d17.10532635165492!3d48.14353077912193!2m3!1f0!2f0!3f0!3m2!1i1024!2i768!4f13.1!3m3!1m2!1s0x476c8942d3867d0f%3A0xf92cfa7be90ee73!2zRnJhbmPDunpza3kgaW7FoXRpdMO6dA!5e0!3m2!1ssk!2ssk!4v1575902399794!5m2!1ssk!2ssk\" width=\"100%\" height=\"558\" frameborder=\"0\" class=\"gmap-iframe\" allowfullscreen=\"\"><\/iframe><div class=\"wrap narrow-wrap\">","protected":false},"featured_media":32869,"template":"","typ-podujatia":[56,519,160],"acf":[],"yoast_head":"<!-- This site is optimized with the Yoast SEO plugin v24.5 - https:\/\/yoast.com\/wordpress\/plugins\/seo\/ -->\n<title>La d\u00e9fense de la libert\u00e9 ne conna\u00eet pas les fronti\u00e8res - Franc\u00fazsky in\u0161tit\u00fat na Slovensku<\/title>\n<meta name=\"description\" content=\"Exposition &quot;La d\u00e9fense de la libert\u00e9 ne conna\u00eet pas les fronti\u00e8res&quot;\" \/>\n<meta name=\"robots\" content=\"index, follow, max-snippet:-1, max-image-preview:large, max-video-preview:-1\" \/>\n<link rel=\"canonical\" href=\"https:\/\/institutfrancais.sk\/fr\/podujatie\/la-defense-de-liberte-ne-connait-pas-les-frontieres\/\" \/>\n<meta property=\"og:locale\" content=\"fr_FR\" \/>\n<meta property=\"og:type\" content=\"article\" \/>\n<meta property=\"og:title\" content=\"La d\u00e9fense de la libert\u00e9 ne conna\u00eet pas les fronti\u00e8res - Franc\u00fazsky in\u0161tit\u00fat na Slovensku\" \/>\n<meta property=\"og:description\" content=\"Exposition &quot;La d\u00e9fense de la libert\u00e9 ne conna\u00eet pas les fronti\u00e8res&quot;\" \/>\n<meta property=\"og:url\" content=\"https:\/\/institutfrancais.sk\/fr\/podujatie\/la-defense-de-liberte-ne-connait-pas-les-frontieres\/\" \/>\n<meta property=\"og:site_name\" content=\"Franc\u00fazsky in\u0161tit\u00fat na Slovensku\" \/>\n<meta property=\"article:modified_time\" content=\"2024-09-12T08:02:58+00:00\" \/>\n<meta property=\"og:image\" content=\"https:\/\/institutfrancais.sk\/wp-content\/uploads\/2024\/08\/P-15-scaled.jpg\" \/>\n\t<meta property=\"og:image:width\" content=\"2560\" \/>\n\t<meta property=\"og:image:height\" content=\"1582\" \/>\n\t<meta property=\"og:image:type\" content=\"image\/jpeg\" \/>\n<meta name=\"twitter:card\" content=\"summary_large_image\" \/>\n<meta name=\"twitter:label1\" content=\"Dur\u00e9e de lecture estim\u00e9e\" \/>\n\t<meta name=\"twitter:data1\" content=\"1 minute\" \/>\n<script type=\"application\/ld+json\" class=\"yoast-schema-graph\">{\"@context\":\"https:\/\/schema.org\",\"@graph\":[{\"@type\":\"WebPage\",\"@id\":\"https:\/\/institutfrancais.sk\/fr\/podujatie\/la-defense-de-liberte-ne-connait-pas-les-frontieres\/\",\"url\":\"https:\/\/institutfrancais.sk\/fr\/podujatie\/la-defense-de-liberte-ne-connait-pas-les-frontieres\/\",\"name\":\"La d\u00e9fense de la libert\u00e9 ne conna\u00eet pas les fronti\u00e8res - Franc\u00fazsky in\u0161tit\u00fat na Slovensku\",\"isPartOf\":{\"@id\":\"https:\/\/institutfrancais.sk\/fr\/#website\"},\"primaryImageOfPage\":{\"@id\":\"https:\/\/institutfrancais.sk\/fr\/podujatie\/la-defense-de-liberte-ne-connait-pas-les-frontieres\/#primaryimage\"},\"image\":{\"@id\":\"https:\/\/institutfrancais.sk\/fr\/podujatie\/la-defense-de-liberte-ne-connait-pas-les-frontieres\/#primaryimage\"},\"thumbnailUrl\":\"https:\/\/institutfrancais.sk\/wp-content\/uploads\/2024\/08\/P-15-scaled.jpg\",\"datePublished\":\"2024-09-02T13:48:46+00:00\",\"dateModified\":\"2024-09-12T08:02:58+00:00\",\"description\":\"Exposition \\\"La d\u00e9fense de la libert\u00e9 ne conna\u00eet pas les fronti\u00e8res\\\"\",\"breadcrumb\":{\"@id\":\"https:\/\/institutfrancais.sk\/fr\/podujatie\/la-defense-de-liberte-ne-connait-pas-les-frontieres\/#breadcrumb\"},\"inLanguage\":\"fr-FR\",\"potentialAction\":[{\"@type\":\"ReadAction\",\"target\":[\"https:\/\/institutfrancais.sk\/fr\/podujatie\/la-defense-de-liberte-ne-connait-pas-les-frontieres\/\"]}]},{\"@type\":\"ImageObject\",\"inLanguage\":\"fr-FR\",\"@id\":\"https:\/\/institutfrancais.sk\/fr\/podujatie\/la-defense-de-liberte-ne-connait-pas-les-frontieres\/#primaryimage\",\"url\":\"https:\/\/institutfrancais.sk\/wp-content\/uploads\/2024\/08\/P-15-scaled.jpg\",\"contentUrl\":\"https:\/\/institutfrancais.sk\/wp-content\/uploads\/2024\/08\/P-15-scaled.jpg\",\"width\":2560,\"height\":1582,\"caption\":\"\u00a9 Arch\u00edv M\u00fazea SNP\"},{\"@type\":\"BreadcrumbList\",\"@id\":\"https:\/\/institutfrancais.sk\/fr\/podujatie\/la-defense-de-liberte-ne-connait-pas-les-frontieres\/#breadcrumb\",\"itemListElement\":[{\"@type\":\"ListItem\",\"position\":1,\"name\":\"Home\",\"item\":\"https:\/\/institutfrancais.sk\/fr\/\"},{\"@type\":\"ListItem\",\"position\":2,\"name\":\"Events\",\"item\":\"https:\/\/institutfrancais.sk\/fr\/podujatie\/\"},{\"@type\":\"ListItem\",\"position\":3,\"name\":\"La d\u00e9fense de la libert\u00e9 ne conna\u00eet pas les fronti\u00e8res\"}]},{\"@type\":\"WebSite\",\"@id\":\"https:\/\/institutfrancais.sk\/fr\/#website\",\"url\":\"https:\/\/institutfrancais.sk\/fr\/\",\"name\":\"Franc\u00fazsky in\u0161tit\u00fat na Slovensku\",\"description\":\"Franc\u00fazsky in\u0161tit\u00fat na Slovensku\",\"potentialAction\":[{\"@type\":\"SearchAction\",\"target\":{\"@type\":\"EntryPoint\",\"urlTemplate\":\"https:\/\/institutfrancais.sk\/fr\/?s={search_term_string}\"},\"query-input\":{\"@type\":\"PropertyValueSpecification\",\"valueRequired\":true,\"valueName\":\"search_term_string\"}}],\"inLanguage\":\"fr-FR\"}]}<\/script>\n<!-- \/ Yoast SEO plugin. -->","yoast_head_json":{"title":"La d\u00e9fense de la libert\u00e9 ne conna\u00eet pas les fronti\u00e8res - Franc\u00fazsky in\u0161tit\u00fat na Slovensku","description":"Exposition \"La d\u00e9fense de la libert\u00e9 ne conna\u00eet pas les fronti\u00e8res\"","robots":{"index":"index","follow":"follow","max-snippet":"max-snippet:-1","max-image-preview":"max-image-preview:large","max-video-preview":"max-video-preview:-1"},"canonical":"https:\/\/institutfrancais.sk\/fr\/podujatie\/la-defense-de-liberte-ne-connait-pas-les-frontieres\/","og_locale":"fr_FR","og_type":"article","og_title":"La d\u00e9fense de la libert\u00e9 ne conna\u00eet pas les fronti\u00e8res - Franc\u00fazsky in\u0161tit\u00fat na Slovensku","og_description":"Exposition \"La d\u00e9fense de la libert\u00e9 ne conna\u00eet pas les fronti\u00e8res\"","og_url":"https:\/\/institutfrancais.sk\/fr\/podujatie\/la-defense-de-liberte-ne-connait-pas-les-frontieres\/","og_site_name":"Franc\u00fazsky in\u0161tit\u00fat na Slovensku","article_modified_time":"2024-09-12T08:02:58+00:00","og_image":[{"width":2560,"height":1582,"url":"https:\/\/institutfrancais.sk\/wp-content\/uploads\/2024\/08\/P-15-scaled.jpg","type":"image\/jpeg"}],"twitter_card":"summary_large_image","twitter_misc":{"Dur\u00e9e de lecture estim\u00e9e":"1 minute"},"schema":{"@context":"https:\/\/schema.org","@graph":[{"@type":"WebPage","@id":"https:\/\/institutfrancais.sk\/fr\/podujatie\/la-defense-de-liberte-ne-connait-pas-les-frontieres\/","url":"https:\/\/institutfrancais.sk\/fr\/podujatie\/la-defense-de-liberte-ne-connait-pas-les-frontieres\/","name":"La d\u00e9fense de la libert\u00e9 ne conna\u00eet pas les fronti\u00e8res - Franc\u00fazsky in\u0161tit\u00fat na Slovensku","isPartOf":{"@id":"https:\/\/institutfrancais.sk\/fr\/#website"},"primaryImageOfPage":{"@id":"https:\/\/institutfrancais.sk\/fr\/podujatie\/la-defense-de-liberte-ne-connait-pas-les-frontieres\/#primaryimage"},"image":{"@id":"https:\/\/institutfrancais.sk\/fr\/podujatie\/la-defense-de-liberte-ne-connait-pas-les-frontieres\/#primaryimage"},"thumbnailUrl":"https:\/\/institutfrancais.sk\/wp-content\/uploads\/2024\/08\/P-15-scaled.jpg","datePublished":"2024-09-02T13:48:46+00:00","dateModified":"2024-09-12T08:02:58+00:00","description":"Exposition \"La d\u00e9fense de la libert\u00e9 ne conna\u00eet pas les fronti\u00e8res\"","breadcrumb":{"@id":"https:\/\/institutfrancais.sk\/fr\/podujatie\/la-defense-de-liberte-ne-connait-pas-les-frontieres\/#breadcrumb"},"inLanguage":"fr-FR","potentialAction":[{"@type":"ReadAction","target":["https:\/\/institutfrancais.sk\/fr\/podujatie\/la-defense-de-liberte-ne-connait-pas-les-frontieres\/"]}]},{"@type":"ImageObject","inLanguage":"fr-FR","@id":"https:\/\/institutfrancais.sk\/fr\/podujatie\/la-defense-de-liberte-ne-connait-pas-les-frontieres\/#primaryimage","url":"https:\/\/institutfrancais.sk\/wp-content\/uploads\/2024\/08\/P-15-scaled.jpg","contentUrl":"https:\/\/institutfrancais.sk\/wp-content\/uploads\/2024\/08\/P-15-scaled.jpg","width":2560,"height":1582,"caption":"\u00a9 Arch\u00edv M\u00fazea SNP"},{"@type":"BreadcrumbList","@id":"https:\/\/institutfrancais.sk\/fr\/podujatie\/la-defense-de-liberte-ne-connait-pas-les-frontieres\/#breadcrumb","itemListElement":[{"@type":"ListItem","position":1,"name":"Home","item":"https:\/\/institutfrancais.sk\/fr\/"},{"@type":"ListItem","position":2,"name":"Events","item":"https:\/\/institutfrancais.sk\/fr\/podujatie\/"},{"@type":"ListItem","position":3,"name":"La d\u00e9fense de la libert\u00e9 ne conna\u00eet pas les fronti\u00e8res"}]},{"@type":"WebSite","@id":"https:\/\/institutfrancais.sk\/fr\/#website","url":"https:\/\/institutfrancais.sk\/fr\/","name":"Franc\u00fazsky in\u0161tit\u00fat na Slovensku","description":"Franc\u00fazsky in\u0161tit\u00fat na Slovensku","potentialAction":[{"@type":"SearchAction","target":{"@type":"EntryPoint","urlTemplate":"https:\/\/institutfrancais.sk\/fr\/?s={search_term_string}"},"query-input":{"@type":"PropertyValueSpecification","valueRequired":true,"valueName":"search_term_string"}}],"inLanguage":"fr-FR"}]}},"_links":{"self":[{"href":"https:\/\/institutfrancais.sk\/fr\/wp-json\/wp\/v2\/podujatie\/32871"}],"collection":[{"href":"https:\/\/institutfrancais.sk\/fr\/wp-json\/wp\/v2\/podujatie"}],"about":[{"href":"https:\/\/institutfrancais.sk\/fr\/wp-json\/wp\/v2\/types\/podujatie"}],"wp:featuredmedia":[{"embeddable":true,"href":"https:\/\/institutfrancais.sk\/fr\/wp-json\/wp\/v2\/media\/32869"}],"wp:attachment":[{"href":"https:\/\/institutfrancais.sk\/fr\/wp-json\/wp\/v2\/media?parent=32871"}],"wp:term":[{"taxonomy":"typ-podujatia","embeddable":true,"href":"https:\/\/institutfrancais.sk\/fr\/wp-json\/wp\/v2\/typ-podujatia?post=32871"}],"curies":[{"name":"wp","href":"https:\/\/api.w.org\/{rel}","templated":true}]}}