{"id":33095,"date":"2024-09-04T15:45:30","date_gmt":"2024-09-04T13:45:30","guid":{"rendered":"https:\/\/institutfrancais.sk\/podujatie\/noc-myslienok-vyzva-na-reportaz\/"},"modified":"2024-09-18T10:02:59","modified_gmt":"2024-09-18T08:02:59","slug":"la-nuit-des-idees-appel-a-reportage","status":"publish","type":"podujatie","link":"https:\/\/institutfrancais.sk\/fr\/podujatie\/la-nuit-des-idees-appel-a-reportage\/","title":{"rendered":"La Nuit des id\u00e9es &#8211;&nbsp;Appel \u00e0 candidature"},"content":{"rendered":"\n<p><strong>Couverture journalistique de la Nuit des id\u00e9es du 17 octobre 2024 \u00e0 Bratislava<\/strong><\/p>\n\n\n\n<p>L\u2019Institut fran\u00e7ais de Slovaquie lance un appel \u00e0 candidature destin\u00e9 aux \u00e9tudiants en journalisme et aux journalistes, qui devront constituer une \u00e9quipe pour assurer la couverture journalistique de la Nuit des id\u00e9es organis\u00e9e le 17 octobre 2024 \u00e0 Bratislava. Le r\u00e9sultat final devra \u00eatre un compte-rendu audio d\u2019une dur\u00e9e de trente \u00e0 soixante minutes, qui sera publi\u00e9 sur les r\u00e9seaux de l\u2019Institut fran\u00e7ais de Slovaquie.<\/p>\n\n\n\n<p><strong>La Nuit des Id\u00e9es<\/strong><\/p>\n\n\n\n<p>L\u2019Institut fran\u00e7ais de Slovaquie organise le 17 octobre 2024 sa premi\u00e8re \u00ab&nbsp;Nuit des id\u00e9es&nbsp;\u00bb. Les Nuits des id\u00e9es sont des cycles d\u2019\u00e9v\u00e9nements propos\u00e9s par le r\u00e9seau des instituts fran\u00e7ais, et qui portent chaque ann\u00e9e sur un th\u00e8me donn\u00e9&nbsp;;&nbsp;en 2024 le titre g\u00e9n\u00e9ral est \u00ab&nbsp;Lignes de faille&nbsp;\u00bb. A&nbsp;l\u2019occasion du vingti\u00e8me anniversaire de l\u2019entr\u00e9e de la Slovaquie dans l\u2019Union europ\u00e9enne, l\u2019Institut fran\u00e7ais de Slovaquie a&nbsp;retenu la th\u00e9matique \u00ab&nbsp;Lignes de faille \u2013 une Europe fragment\u00e9e&nbsp;?&nbsp;\u00bb.<\/p>\n\n\n\n<p>Cette Nuit des id\u00e9es consistera en deux d\u00e9bats&nbsp;:<\/p>\n\n\n\n<ul>\n<li>Y a-t-il une \u00ab vieille \u00bb et une \u00ab nouvelle \u00bb Europe ?<\/li>\n\n\n\n<li>O\u00f9 en est la d\u00e9mocratie en Europe ?<\/li>\n<\/ul>\n\n\n\n<p>Les \u00e9changes se tiendront int\u00e9gralement en anglais. Chaque d\u00e9bat r\u00e9unira trois intervenants&nbsp;: universitaires, repr\u00e9sentants de la soci\u00e9t\u00e9 civile ou d\u2019institutions publiques, de six nationalit\u00e9s diff\u00e9rentes. Les spectateurs, dont feront partie de nombreux journalistes, diplomates et experts slovaques et de plusieurs pays d\u2019Europe centrale et orientale, seront encourag\u00e9s \u00e0 participer aux d\u00e9bats. L\u2019ensemble de l\u2019\u00e9v\u00e9nement sera anim\u00e9 de fa\u00e7on commune par les deux journalistes Michal Havran (RTVS) et Fr\u00e9d\u00e9ric Martel (Radio France). Il se tiendra \u00e0 Bratislava, le jeudi 17 octobre de 18h \u00e0 22h dans un lieu convivial qui pourra accueillir environ 150 personnes. Un programme culturel devrait \u00eatre propos\u00e9 \u00e0 la suite des deux d\u00e9bats.<\/p>\n\n\n\n<p><strong>Termes de l\u2019appel<\/strong><\/p>\n\n\n\n<p>La candidature sera pr\u00e9sent\u00e9e par des \u00e9tudiants en journalisme ou journalistes.<\/p>\n\n\n\n<p>Les obligations de cette \u00e9quipe seront les suivantes&nbsp;:<\/p>\n\n\n\n<ul>\n<li>Participer \u00e0 l\u2019int\u00e9gralit\u00e9 de l\u2019\u00e9v\u00e9nement du 17 octobre 2024&nbsp;;<\/li>\n\n\n\n<li>Participer \u00e0 une \u00ab master class \u00bb (deux heures) sur le journalisme radio avec Fr\u00e9d\u00e9ric Martel organis\u00e9e le 15 ou 16 octobre, et dans la mesure du possible aux r\u00e9unions de pr\u00e9paration de l\u2019\u00e9v\u00e9nement&nbsp;;<\/li>\n\n\n\n<li>Produire un compte-rendu audio d\u2019une dur\u00e9e de trente \u00e0 soixante minutes, en langue anglaise, que l\u2019Institut fran\u00e7ais de Slovaquie sera autoris\u00e9 \u00e0 diffuser au format podcast sur l\u2019ensemble de ses r\u00e9seaux sociaux.<\/li>\n<\/ul>\n\n\n\n<p>L\u2019\u00e9quipe sera collectivement r\u00e9mun\u00e9r\u00e9e \u00e0 hauteur de 1800\u20ac pour la r\u00e9alisation de ces obligations. Aucun autre frais (d\u00e9placement, logement, frais techniques) ne sera pris en charge par l\u2019Institut fran\u00e7ais de Slovaquie.<\/p>\n\n\n\n<p><strong>Modalit\u00e9s de candidature<\/strong><\/p>\n\n\n\n<p>Les dossiers de candidature devront \u00eatre envoy\u00e9s&nbsp;<strong>avant le 5 octobre 2024<\/strong>&nbsp;\u00e0 Martina SAGANOVA (<a href=\"mailto:martina.saganova@diplomatie.gouv.fr\">martina.saganova@diplomatie.gouv.fr<\/a>) de l\u2019Institut fran\u00e7ais de Slovaquie. Ils devront \u00eatre r\u00e9dig\u00e9s en fran\u00e7ais ou anglais et comprendre&nbsp;:<\/p>\n\n\n\n<ul>\n<li>Une liste des membres de l\u2019\u00e9quipe (trois personnes minimum)&nbsp;;<\/li>\n\n\n\n<li>Un CV pour chacun des membres&nbsp;;<\/li>\n\n\n\n<li>Une pr\u00e9sentation du projet (1500 \u00e0 5000 caract\u00e8res).<\/li>\n<\/ul>\n\n\n\n<p>L\u2019Institut fran\u00e7ais de Slovaquie pourra proposer un entretien de s\u00e9lection (en ligne) avant de se prononcer.<\/p>\n\n\n\n<p><strong>Conditions de participation<\/strong><\/p>\n\n\n\n<p>Une \u00e9quipe devra \u00eatre constitu\u00e9e de trois membres minimum. Les membres de l\u2019\u00e9quipe devront&nbsp;\u00eatre \u00e9tudiants en journalisme inscrits dans une universit\u00e9 slovaque,&nbsp;ou journalistes en activit\u00e9. La priorit\u00e9 sera donn\u00e9e aux \u00e9tudiants et journalistes d\u00e9butants. La r\u00e9mun\u00e9ration de 1800\u20ac ne pourra \u00eatre pay\u00e9e que sur facture, il est donc n\u00e9cessaire qu\u2019au moins l\u2019un des membres de l\u2019\u00e9quipe dispose d\u2019un statut lui permettant d\u2019\u00e9mettre une facture.<\/p>\n\n\n<a href=\"https:\/\/institutfrancais.sk\/wp-content\/uploads\/2024\/09\/AAPjournalistes_Nuit-des-idees-2024.docx\" class=\"btn\">INFO<\/a>","protected":false},"featured_media":33106,"template":"","typ-podujatia":[218,522],"acf":[],"yoast_head":"<!-- This site is optimized with the Yoast SEO plugin v24.5 - https:\/\/yoast.com\/wordpress\/plugins\/seo\/ -->\n<title>La Nuit des id\u00e9es - Appel \u00e0 candidature - Franc\u00fazsky in\u0161tit\u00fat na Slovensku<\/title>\n<meta name=\"robots\" content=\"index, follow, max-snippet:-1, max-image-preview:large, max-video-preview:-1\" \/>\n<link rel=\"canonical\" href=\"https:\/\/institutfrancais.sk\/fr\/podujatie\/la-nuit-des-idees-appel-a-reportage\/\" \/>\n<meta property=\"og:locale\" content=\"fr_FR\" \/>\n<meta property=\"og:type\" content=\"article\" \/>\n<meta property=\"og:title\" content=\"La Nuit des id\u00e9es - Appel \u00e0 candidature - Franc\u00fazsky in\u0161tit\u00fat na Slovensku\" \/>\n<meta property=\"og:description\" content=\"Couverture journalistique de la Nuit des id\u00e9es du 17 octobre 2024 \u00e0 Bratislava L\u2019Institut fran\u00e7ais de Slovaquie lance un appel \u00e0 candidature destin\u00e9 aux \u00e9tudiants en journalisme et aux journalistes, qui devront constituer une \u00e9quipe pour assurer la couverture journalistique de la Nuit des id\u00e9es organis\u00e9e le 17 octobre 2024 \u00e0 Bratislava. Le r\u00e9sultat final [&hellip;]\" \/>\n<meta property=\"og:url\" content=\"https:\/\/institutfrancais.sk\/fr\/podujatie\/la-nuit-des-idees-appel-a-reportage\/\" \/>\n<meta property=\"og:site_name\" content=\"Franc\u00fazsky in\u0161tit\u00fat na Slovensku\" \/>\n<meta property=\"article:modified_time\" content=\"2024-09-18T08:02:59+00:00\" \/>\n<meta property=\"og:image\" content=\"https:\/\/institutfrancais.sk\/wp-content\/uploads\/2024\/09\/La-nuit-des-idees-web-2.jpg\" \/>\n\t<meta property=\"og:image:width\" content=\"851\" \/>\n\t<meta property=\"og:image:height\" content=\"315\" \/>\n\t<meta property=\"og:image:type\" content=\"image\/jpeg\" \/>\n<meta name=\"twitter:card\" content=\"summary_large_image\" \/>\n<meta name=\"twitter:label1\" content=\"Dur\u00e9e de lecture estim\u00e9e\" \/>\n\t<meta name=\"twitter:data1\" content=\"4 minutes\" \/>\n<script type=\"application\/ld+json\" class=\"yoast-schema-graph\">{\"@context\":\"https:\/\/schema.org\",\"@graph\":[{\"@type\":\"WebPage\",\"@id\":\"https:\/\/institutfrancais.sk\/fr\/podujatie\/la-nuit-des-idees-appel-a-reportage\/\",\"url\":\"https:\/\/institutfrancais.sk\/fr\/podujatie\/la-nuit-des-idees-appel-a-reportage\/\",\"name\":\"La Nuit des id\u00e9es - Appel \u00e0 candidature - Franc\u00fazsky in\u0161tit\u00fat na Slovensku\",\"isPartOf\":{\"@id\":\"https:\/\/institutfrancais.sk\/fr\/#website\"},\"primaryImageOfPage\":{\"@id\":\"https:\/\/institutfrancais.sk\/fr\/podujatie\/la-nuit-des-idees-appel-a-reportage\/#primaryimage\"},\"image\":{\"@id\":\"https:\/\/institutfrancais.sk\/fr\/podujatie\/la-nuit-des-idees-appel-a-reportage\/#primaryimage\"},\"thumbnailUrl\":\"https:\/\/institutfrancais.sk\/wp-content\/uploads\/2024\/09\/La-nuit-des-idees-web-2.jpg\",\"datePublished\":\"2024-09-04T13:45:30+00:00\",\"dateModified\":\"2024-09-18T08:02:59+00:00\",\"breadcrumb\":{\"@id\":\"https:\/\/institutfrancais.sk\/fr\/podujatie\/la-nuit-des-idees-appel-a-reportage\/#breadcrumb\"},\"inLanguage\":\"fr-FR\",\"potentialAction\":[{\"@type\":\"ReadAction\",\"target\":[\"https:\/\/institutfrancais.sk\/fr\/podujatie\/la-nuit-des-idees-appel-a-reportage\/\"]}]},{\"@type\":\"ImageObject\",\"inLanguage\":\"fr-FR\",\"@id\":\"https:\/\/institutfrancais.sk\/fr\/podujatie\/la-nuit-des-idees-appel-a-reportage\/#primaryimage\",\"url\":\"https:\/\/institutfrancais.sk\/wp-content\/uploads\/2024\/09\/La-nuit-des-idees-web-2.jpg\",\"contentUrl\":\"https:\/\/institutfrancais.sk\/wp-content\/uploads\/2024\/09\/La-nuit-des-idees-web-2.jpg\",\"width\":851,\"height\":315},{\"@type\":\"BreadcrumbList\",\"@id\":\"https:\/\/institutfrancais.sk\/fr\/podujatie\/la-nuit-des-idees-appel-a-reportage\/#breadcrumb\",\"itemListElement\":[{\"@type\":\"ListItem\",\"position\":1,\"name\":\"Home\",\"item\":\"https:\/\/institutfrancais.sk\/fr\/\"},{\"@type\":\"ListItem\",\"position\":2,\"name\":\"Events\",\"item\":\"https:\/\/institutfrancais.sk\/fr\/podujatie\/\"},{\"@type\":\"ListItem\",\"position\":3,\"name\":\"La Nuit des id\u00e9es &#8211; Appel \u00e0 candidature\"}]},{\"@type\":\"WebSite\",\"@id\":\"https:\/\/institutfrancais.sk\/fr\/#website\",\"url\":\"https:\/\/institutfrancais.sk\/fr\/\",\"name\":\"Franc\u00fazsky in\u0161tit\u00fat na Slovensku\",\"description\":\"Franc\u00fazsky in\u0161tit\u00fat na Slovensku\",\"potentialAction\":[{\"@type\":\"SearchAction\",\"target\":{\"@type\":\"EntryPoint\",\"urlTemplate\":\"https:\/\/institutfrancais.sk\/fr\/?s={search_term_string}\"},\"query-input\":{\"@type\":\"PropertyValueSpecification\",\"valueRequired\":true,\"valueName\":\"search_term_string\"}}],\"inLanguage\":\"fr-FR\"}]}<\/script>\n<!-- \/ Yoast SEO plugin. -->","yoast_head_json":{"title":"La Nuit des id\u00e9es - Appel \u00e0 candidature - Franc\u00fazsky in\u0161tit\u00fat na Slovensku","robots":{"index":"index","follow":"follow","max-snippet":"max-snippet:-1","max-image-preview":"max-image-preview:large","max-video-preview":"max-video-preview:-1"},"canonical":"https:\/\/institutfrancais.sk\/fr\/podujatie\/la-nuit-des-idees-appel-a-reportage\/","og_locale":"fr_FR","og_type":"article","og_title":"La Nuit des id\u00e9es - Appel \u00e0 candidature - Franc\u00fazsky in\u0161tit\u00fat na Slovensku","og_description":"Couverture journalistique de la Nuit des id\u00e9es du 17 octobre 2024 \u00e0 Bratislava L\u2019Institut fran\u00e7ais de Slovaquie lance un appel \u00e0 candidature destin\u00e9 aux \u00e9tudiants en journalisme et aux journalistes, qui devront constituer une \u00e9quipe pour assurer la couverture journalistique de la Nuit des id\u00e9es organis\u00e9e le 17 octobre 2024 \u00e0 Bratislava. Le r\u00e9sultat final [&hellip;]","og_url":"https:\/\/institutfrancais.sk\/fr\/podujatie\/la-nuit-des-idees-appel-a-reportage\/","og_site_name":"Franc\u00fazsky in\u0161tit\u00fat na Slovensku","article_modified_time":"2024-09-18T08:02:59+00:00","og_image":[{"width":851,"height":315,"url":"https:\/\/institutfrancais.sk\/wp-content\/uploads\/2024\/09\/La-nuit-des-idees-web-2.jpg","type":"image\/jpeg"}],"twitter_card":"summary_large_image","twitter_misc":{"Dur\u00e9e de lecture estim\u00e9e":"4 minutes"},"schema":{"@context":"https:\/\/schema.org","@graph":[{"@type":"WebPage","@id":"https:\/\/institutfrancais.sk\/fr\/podujatie\/la-nuit-des-idees-appel-a-reportage\/","url":"https:\/\/institutfrancais.sk\/fr\/podujatie\/la-nuit-des-idees-appel-a-reportage\/","name":"La Nuit des id\u00e9es - Appel \u00e0 candidature - Franc\u00fazsky in\u0161tit\u00fat na Slovensku","isPartOf":{"@id":"https:\/\/institutfrancais.sk\/fr\/#website"},"primaryImageOfPage":{"@id":"https:\/\/institutfrancais.sk\/fr\/podujatie\/la-nuit-des-idees-appel-a-reportage\/#primaryimage"},"image":{"@id":"https:\/\/institutfrancais.sk\/fr\/podujatie\/la-nuit-des-idees-appel-a-reportage\/#primaryimage"},"thumbnailUrl":"https:\/\/institutfrancais.sk\/wp-content\/uploads\/2024\/09\/La-nuit-des-idees-web-2.jpg","datePublished":"2024-09-04T13:45:30+00:00","dateModified":"2024-09-18T08:02:59+00:00","breadcrumb":{"@id":"https:\/\/institutfrancais.sk\/fr\/podujatie\/la-nuit-des-idees-appel-a-reportage\/#breadcrumb"},"inLanguage":"fr-FR","potentialAction":[{"@type":"ReadAction","target":["https:\/\/institutfrancais.sk\/fr\/podujatie\/la-nuit-des-idees-appel-a-reportage\/"]}]},{"@type":"ImageObject","inLanguage":"fr-FR","@id":"https:\/\/institutfrancais.sk\/fr\/podujatie\/la-nuit-des-idees-appel-a-reportage\/#primaryimage","url":"https:\/\/institutfrancais.sk\/wp-content\/uploads\/2024\/09\/La-nuit-des-idees-web-2.jpg","contentUrl":"https:\/\/institutfrancais.sk\/wp-content\/uploads\/2024\/09\/La-nuit-des-idees-web-2.jpg","width":851,"height":315},{"@type":"BreadcrumbList","@id":"https:\/\/institutfrancais.sk\/fr\/podujatie\/la-nuit-des-idees-appel-a-reportage\/#breadcrumb","itemListElement":[{"@type":"ListItem","position":1,"name":"Home","item":"https:\/\/institutfrancais.sk\/fr\/"},{"@type":"ListItem","position":2,"name":"Events","item":"https:\/\/institutfrancais.sk\/fr\/podujatie\/"},{"@type":"ListItem","position":3,"name":"La Nuit des id\u00e9es &#8211; Appel \u00e0 candidature"}]},{"@type":"WebSite","@id":"https:\/\/institutfrancais.sk\/fr\/#website","url":"https:\/\/institutfrancais.sk\/fr\/","name":"Franc\u00fazsky in\u0161tit\u00fat na Slovensku","description":"Franc\u00fazsky in\u0161tit\u00fat na Slovensku","potentialAction":[{"@type":"SearchAction","target":{"@type":"EntryPoint","urlTemplate":"https:\/\/institutfrancais.sk\/fr\/?s={search_term_string}"},"query-input":{"@type":"PropertyValueSpecification","valueRequired":true,"valueName":"search_term_string"}}],"inLanguage":"fr-FR"}]}},"_links":{"self":[{"href":"https:\/\/institutfrancais.sk\/fr\/wp-json\/wp\/v2\/podujatie\/33095"}],"collection":[{"href":"https:\/\/institutfrancais.sk\/fr\/wp-json\/wp\/v2\/podujatie"}],"about":[{"href":"https:\/\/institutfrancais.sk\/fr\/wp-json\/wp\/v2\/types\/podujatie"}],"wp:featuredmedia":[{"embeddable":true,"href":"https:\/\/institutfrancais.sk\/fr\/wp-json\/wp\/v2\/media\/33106"}],"wp:attachment":[{"href":"https:\/\/institutfrancais.sk\/fr\/wp-json\/wp\/v2\/media?parent=33095"}],"wp:term":[{"taxonomy":"typ-podujatia","embeddable":true,"href":"https:\/\/institutfrancais.sk\/fr\/wp-json\/wp\/v2\/typ-podujatia?post=33095"}],"curies":[{"name":"wp","href":"https:\/\/api.w.org\/{rel}","templated":true}]}}