{"id":33239,"date":"2024-10-02T17:22:12","date_gmt":"2024-10-02T15:22:12","guid":{"rendered":"https:\/\/institutfrancais.sk\/?post_type=podujatie&#038;p=33239"},"modified":"2024-10-16T15:51:22","modified_gmt":"2024-10-16T13:51:22","slug":"films-francais-au-festival-jeden-svet-2024","status":"publish","type":"podujatie","link":"https:\/\/institutfrancais.sk\/fr\/podujatie\/films-francais-au-festival-jeden-svet-2024\/","title":{"rendered":"Films fran\u00e7ais au festival Jeden svet 2024"},"content":{"rendered":"\n<p>La 25e \u00e9dition du festival international du film documentaire Jeden svet se tiendra \u00e0 Bratislava du 18 au 27 octobre 2024 et proposera, dans le cadre de son programme, plusieurs films fran\u00e7ais ou co-produits en France.<\/p>\n\n\n\n<figure class=\"wp-block-embed is-type-video is-provider-youtube wp-block-embed-youtube wp-embed-aspect-16-9 wp-has-aspect-ratio\"><div class=\"wp-block-embed__wrapper\">\n<iframe loading=\"lazy\" title=\"I SHALL NOT HATE | CPH:DOX 2024\" width=\"500\" height=\"281\" src=\"https:\/\/www.youtube.com\/embed\/8jhhegBnuow?feature=oembed\" frameborder=\"0\" allow=\"accelerometer; autoplay; clipboard-write; encrypted-media; gyroscope; picture-in-picture; web-share\" referrerpolicy=\"strict-origin-when-cross-origin\" allowfullscreen><\/iframe>\n<\/div><\/figure>\n\n\n\n<h2 class=\"wp-block-heading\">I shall not hate<\/h2>\n\n\n\n<p>18 octobre 2024 \u00e0 19h, Kino Lumi\u00e8re &#8211;&nbsp;K1<\/p>\n\n\n\n<p>R\u00e9alis\u00e9 par Tal Barda, Canada, France, 95 min, 2024<\/p>\n\n\n\n<p>Le m\u00e9decin palestinien Izzeldin Abuelaish est un homme au c\u0153ur exceptionnellement grand. <em>I shall not hate <\/em>suit le parcours de sa vie, du camp de r\u00e9fugi\u00e9s de Jabaliya \u00e0 Gaza \u00e0 la Cour supr\u00eame isra\u00e9lienne, en passant par l&rsquo;universit\u00e9 de Toronto. Abuelaish a&nbsp;\u00e9t\u00e9 le premier m\u00e9decin palestinien \u00e0 travailler dans une maternit\u00e9 isra\u00e9lienne. Mais lorsque les chars isra\u00e9liens d\u00e9truisent sa maison et tuent ses trois filles, le parcours de pardon et de r\u00e9conciliation d&rsquo;Abuelaish est mis \u00e0 rude \u00e9preuve.<\/p>\n\n\n\n<p><em>Le film sera projet\u00e9 dans le cadre de la c\u00e9r\u00e9monie d&rsquo;ouverture du festival.<\/em><\/p>\n\n\n\n<figure class=\"wp-block-embed is-type-video is-provider-youtube wp-block-embed-youtube wp-embed-aspect-16-9 wp-has-aspect-ratio\"><div class=\"wp-block-embed__wrapper\">\n<iframe loading=\"lazy\" title=\"Kamay - Trailer\/Bande Annonce (NL-FR)\" width=\"500\" height=\"281\" src=\"https:\/\/www.youtube.com\/embed\/qvTPIcWZaXA?feature=oembed\" frameborder=\"0\" allow=\"accelerometer; autoplay; clipboard-write; encrypted-media; gyroscope; picture-in-picture; web-share\" referrerpolicy=\"strict-origin-when-cross-origin\" allowfullscreen><\/iframe>\n<\/div><\/figure>\n\n\n\n<h2 class=\"wp-block-heading\">Kamay<\/h2>\n\n\n\n<p>19 octobre 2024 \u00e0 15h30, Kino Lumi\u00e8re &#8211;&nbsp;K1<\/p>\n\n\n\n<p>R\u00e9alis\u00e9 par Ilyas Yourish a&nbsp;Shahrokh Bikaran, Afghanistan, Belgique, France, Allemagne, 106 min, 2024 <\/p>\n\n\n\n<p>Apr\u00e8s la mort myst\u00e9rieuse de Zahra \u00e0 l&rsquo;universit\u00e9 de Kaboul, sa famille Hazara se lance dans une qu\u00eate de v\u00e9rit\u00e9 et de justice dans les montagnes recul\u00e9es du centre de l&rsquo;Afghanistan. Racont\u00e9 du point de vue de Freshta, la jeune s\u0153ur de Zahra, le film devient une r\u00e9flexion poignante sur l&rsquo;amour, la perte et la pers\u00e9v\u00e9rance \u00e0 une \u00e9poque de troubles croissants li\u00e9s \u00e0 la mont\u00e9e des talibans.<\/p>\n\n\n\n<p><em>Le r\u00e9alisateur sera pr\u00e9sent pour une discussion en anglais apr\u00e8s la projection. La discussion sera \u00e9galement interpr\u00e9t\u00e9e en langue des signes slovaque.<\/em><\/p>\n\n\n\n<figure class=\"wp-block-embed is-type-video is-provider-youtube wp-block-embed-youtube wp-embed-aspect-16-9 wp-has-aspect-ratio\"><div class=\"wp-block-embed__wrapper\">\n<iframe loading=\"lazy\" title=\"Trailer | Save Our Souls | Jean-Baptiste Bonnet\" width=\"500\" height=\"281\" src=\"https:\/\/www.youtube.com\/embed\/xAz_IoB6ds4?feature=oembed\" frameborder=\"0\" allow=\"accelerometer; autoplay; clipboard-write; encrypted-media; gyroscope; picture-in-picture; web-share\" referrerpolicy=\"strict-origin-when-cross-origin\" allowfullscreen><\/iframe>\n<\/div><\/figure>\n\n\n\n<h2 class=\"wp-block-heading\">Save our souls<\/h2>\n\n\n\n<p>23 octobre 2024 \u00e0 17h, Kino Lumi\u00e8re &#8211;&nbsp;K4<\/p>\n\n\n\n<p>R\u00e9alis\u00e9 par Jean-Baptiste Bonnet, France, 91 minutes, 2024<\/p>\n\n\n\n<p>La M\u00e9diterran\u00e9e est un d\u00e9sert mortel pour celles et ceux qui veulent atteindre les c\u00f4tes europ\u00e9ennes. Au large des c\u00f4tes libyennes, l\u2019\u00e9quipage de l\u2019Ocean Viking veille, \u00e0 la recherche d\u2019embarcations en d\u00e9tresse.<br>Apr\u00e8s un sauvetage \u00e0 hauts risques, naufrag\u00e9s et sauveteurs vivent ensemble sur le bateau, dans l\u2019attente d\u2019un port d\u2019accueil. Ce temps \u00e0 bord est le premier refuge des rescap\u00e9s. Avec les sauveteurs, se tisse une relation faite d\u2019\u00e9coute, de soin et de pr\u00e9sence. Une relation qui est comme un gilet de sauvetage.<\/p>\n\n\n\n<p><strong>D\u00e9bat apr\u00e8s le film<\/strong><\/p>\n\n\n\n<p>Chaque ann\u00e9e, des milliers de personnes risquent leur vie en effectuant la dangereuse travers\u00e9e de la M\u00e9diterran\u00e9e dans l&rsquo;espoir d&rsquo;une vie meilleure en Europe. Beaucoup ne survivent pas au voyage et les pays europ\u00e9ens sont de plus en plus r\u00e9ticents \u00e0 les accueillir. Que peut et doit faire la communaut\u00e9 internationale ? O\u00f9 se situent les limites entre le devoir et la responsabilit\u00e9 moraux et l\u00e9gaux des \u00c9tats et des institutions ? Lors de la discussion qui suivra le film, nous nous pencherons sur diff\u00e9rents aspects de cette crise. Le d\u00e9bat portera sur les intersections entre ce que l&rsquo;opinion publique et le public europ\u00e9en en g\u00e9n\u00e9ral demandent, ce que les droits de l&rsquo;homme et le droit de la mer garantissent, et le r\u00f4le des organisations internationales.<\/p>\n\n\n\n<p>Invit\u00e9s du d\u00e9bat :<\/p>\n\n\n\n<p>Sara \u010cin\u010durov\u00e1, journaliste ayant effectu\u00e9 un reportage sur un tel navire,<\/p>\n\n\n\n<p>Oana Curtiss, UNHCR.<\/p>\n\n\n\n<p>Mod\u00e9r\u00e9 par Peter Ivani\u010d, journaliste et professeur d&rsquo;universit\u00e9.<\/p>\n\n\n\n<p><em>Le d\u00e9bat a&nbsp;\u00e9t\u00e9 produit en coop\u00e9ration avec l&rsquo;initiative m\u00e9diatique Svet medzi riadkami (Le monde entre les lignes) et est cofinanc\u00e9 par SlovakAid.<\/em><\/p>\n\n\n\n<figure class=\"wp-block-embed is-type-video is-provider-youtube wp-block-embed-youtube wp-embed-aspect-16-9 wp-has-aspect-ratio\"><div class=\"wp-block-embed__wrapper\">\n<iframe loading=\"lazy\" title=\"Against The Tide | Official Trailer | ALT EFF 2023\" width=\"500\" height=\"281\" src=\"https:\/\/www.youtube.com\/embed\/g4-IAJAckjk?feature=oembed\" frameborder=\"0\" allow=\"accelerometer; autoplay; clipboard-write; encrypted-media; gyroscope; picture-in-picture; web-share\" referrerpolicy=\"strict-origin-when-cross-origin\" allowfullscreen><\/iframe>\n<\/div><\/figure>\n\n\n\n<h2 class=\"wp-block-heading\">Against the Tide<\/h2>\n\n\n\n<p>27 octobre 2024 \u00e0 18.30, Kino Lumi\u00e8re &#8211;&nbsp;K2<\/p>\n\n\n\n<p>R\u00e9alis\u00e9 par Sarvnik Kaur, Inde, France, 2023, 97 minutes<\/p>\n\n\n\n<p>Rakesh et Ganesh sont meilleurs amis, mais ne sont pas d\u2019accord sur la mani\u00e8re d\u2019exercer leur m\u00e9tier. Le premier pratique la p\u00eache traditionnelle, peinant \u00e0 joindre les deux bouts, tandis que le second opte pour une nouvelle m\u00e9thode, rentable mais ill\u00e9gale et d\u00e9vastatrice. Une histoire sur la solidit\u00e9 des liens extra \u00e9conomiques lorsque les int\u00e9r\u00eats divergent.<\/p>\n\n\n\n<p>S\u00e9lections et distinctions<\/p>\n\n\n\n<pre class=\"wp-block-code\"><code>2024 \u2022 FIPADOC - Festival International Documentaire \u2022 Biarritz (France) \u2022 Grand Prix Documentaire Impact\n2024 \u2022 Filmer le travail \u2022 Poitiers (France) \u2022 Prix du partenariat France - Organisation Internationale du Travail\n2024 \u2022 Festival International Jean Rouch - Voir autrement le monde \u2022 Paris (France) \u2022 S\u00e9lection officielle\n2024 \u2022 Images en biblioth\u00e8ques \u2022 Paris (France) \u2022 Film soutenu par la Commission nationale de s\u00e9lection des m\u00e9diath\u00e8ques\n2023 \u2022 Sundance Film Festival \u2022 Utah (\u00c9tats-Unis) \u2022 World Cinema Documentary Competition\n2023 \u2022 Visions du R\u00e9el \u2022 Nyon (Suisse) \u2022 Perception Change Project Award\n2023 \u2022 Escales Documentaires \u2022 La Rochelle (France) \u2022 Escale Oc\u00e9an &amp; Escale jeune public\n2023 \u2022 IDFA - International Documentary Festival Amsterdam \u2022 Amsterdam (Pays-Bas) \u2022 Best of Fests<\/code><\/pre>\n\n\n<a href=\"https:\/\/jedensvet.cinepass.sk\/en\/tickets\/?day=all\" class=\"btn\" target=\"blank\" rel=\"noreferrer noopener\">Acheter des places pour les projections<\/a>\n\n<div class=\"space md\"><\/div>\n\n<\/div><iframe loading=\"lazy\" src=\"https:\/\/www.google.com\/maps\/embed?pb=!1m18!1m12!1m3!1d2662.115843343301!2d17.113420076841326!3d48.14657185053437!2m3!1f0!2f0!3f0!3m2!1i1024!2i768!4f13.1!3m3!1m2!1s0x476c894423d62a39%3A0x26f5de5b4cc10ba8!2sKino%20Lumi%C3%A8re!5e0!3m2!1ssk!2ssk!4v1727866774486!5m2!1ssk!2ssk\" width=\"100%\" height=\"558\" frameborder=\"0\" class=\"gmap-iframe\" allowfullscreen=\"\"><\/iframe><div class=\"wrap narrow-wrap\">","protected":false},"featured_media":33238,"template":"","typ-podujatia":[52],"acf":[],"yoast_head":"<!-- This site is optimized with the Yoast SEO plugin v24.5 - https:\/\/yoast.com\/wordpress\/plugins\/seo\/ -->\n<title>Films fran\u00e7ais au festival Jeden svet 2024 - Franc\u00fazsky in\u0161tit\u00fat na Slovensku<\/title>\n<meta name=\"description\" content=\"Films fran\u00e7ais au festival Jeden svet 2024\" \/>\n<meta name=\"robots\" content=\"index, follow, max-snippet:-1, max-image-preview:large, max-video-preview:-1\" \/>\n<link rel=\"canonical\" href=\"https:\/\/institutfrancais.sk\/fr\/podujatie\/films-francais-au-festival-jeden-svet-2024\/\" \/>\n<meta property=\"og:locale\" content=\"fr_FR\" \/>\n<meta property=\"og:type\" content=\"article\" \/>\n<meta property=\"og:title\" content=\"Films fran\u00e7ais au festival Jeden svet 2024 - Franc\u00fazsky in\u0161tit\u00fat na Slovensku\" \/>\n<meta property=\"og:description\" content=\"Films fran\u00e7ais au festival Jeden svet 2024\" \/>\n<meta property=\"og:url\" content=\"https:\/\/institutfrancais.sk\/fr\/podujatie\/films-francais-au-festival-jeden-svet-2024\/\" \/>\n<meta property=\"og:site_name\" content=\"Franc\u00fazsky in\u0161tit\u00fat na Slovensku\" \/>\n<meta property=\"article:modified_time\" content=\"2024-10-16T13:51:22+00:00\" \/>\n<meta property=\"og:image\" content=\"https:\/\/institutfrancais.sk\/wp-content\/uploads\/2024\/10\/JSlogo.jpg\" \/>\n\t<meta property=\"og:image:width\" content=\"1082\" \/>\n\t<meta property=\"og:image:height\" content=\"1082\" \/>\n\t<meta property=\"og:image:type\" content=\"image\/jpeg\" \/>\n<meta name=\"twitter:card\" content=\"summary_large_image\" \/>\n<meta name=\"twitter:label1\" content=\"Dur\u00e9e de lecture estim\u00e9e\" \/>\n\t<meta name=\"twitter:data1\" content=\"4 minutes\" \/>\n<script type=\"application\/ld+json\" class=\"yoast-schema-graph\">{\"@context\":\"https:\/\/schema.org\",\"@graph\":[{\"@type\":\"WebPage\",\"@id\":\"https:\/\/institutfrancais.sk\/fr\/podujatie\/films-francais-au-festival-jeden-svet-2024\/\",\"url\":\"https:\/\/institutfrancais.sk\/fr\/podujatie\/films-francais-au-festival-jeden-svet-2024\/\",\"name\":\"Films fran\u00e7ais au festival Jeden svet 2024 - Franc\u00fazsky in\u0161tit\u00fat na Slovensku\",\"isPartOf\":{\"@id\":\"https:\/\/institutfrancais.sk\/fr\/#website\"},\"primaryImageOfPage\":{\"@id\":\"https:\/\/institutfrancais.sk\/fr\/podujatie\/films-francais-au-festival-jeden-svet-2024\/#primaryimage\"},\"image\":{\"@id\":\"https:\/\/institutfrancais.sk\/fr\/podujatie\/films-francais-au-festival-jeden-svet-2024\/#primaryimage\"},\"thumbnailUrl\":\"https:\/\/institutfrancais.sk\/wp-content\/uploads\/2024\/10\/JSlogo.jpg\",\"datePublished\":\"2024-10-02T15:22:12+00:00\",\"dateModified\":\"2024-10-16T13:51:22+00:00\",\"description\":\"Films fran\u00e7ais au festival Jeden svet 2024\",\"breadcrumb\":{\"@id\":\"https:\/\/institutfrancais.sk\/fr\/podujatie\/films-francais-au-festival-jeden-svet-2024\/#breadcrumb\"},\"inLanguage\":\"fr-FR\",\"potentialAction\":[{\"@type\":\"ReadAction\",\"target\":[\"https:\/\/institutfrancais.sk\/fr\/podujatie\/films-francais-au-festival-jeden-svet-2024\/\"]}]},{\"@type\":\"ImageObject\",\"inLanguage\":\"fr-FR\",\"@id\":\"https:\/\/institutfrancais.sk\/fr\/podujatie\/films-francais-au-festival-jeden-svet-2024\/#primaryimage\",\"url\":\"https:\/\/institutfrancais.sk\/wp-content\/uploads\/2024\/10\/JSlogo.jpg\",\"contentUrl\":\"https:\/\/institutfrancais.sk\/wp-content\/uploads\/2024\/10\/JSlogo.jpg\",\"width\":1082,\"height\":1082},{\"@type\":\"BreadcrumbList\",\"@id\":\"https:\/\/institutfrancais.sk\/fr\/podujatie\/films-francais-au-festival-jeden-svet-2024\/#breadcrumb\",\"itemListElement\":[{\"@type\":\"ListItem\",\"position\":1,\"name\":\"Home\",\"item\":\"https:\/\/institutfrancais.sk\/fr\/\"},{\"@type\":\"ListItem\",\"position\":2,\"name\":\"Events\",\"item\":\"https:\/\/institutfrancais.sk\/fr\/podujatie\/\"},{\"@type\":\"ListItem\",\"position\":3,\"name\":\"Films fran\u00e7ais au festival Jeden svet 2024\"}]},{\"@type\":\"WebSite\",\"@id\":\"https:\/\/institutfrancais.sk\/fr\/#website\",\"url\":\"https:\/\/institutfrancais.sk\/fr\/\",\"name\":\"Franc\u00fazsky in\u0161tit\u00fat na Slovensku\",\"description\":\"Franc\u00fazsky in\u0161tit\u00fat na Slovensku\",\"potentialAction\":[{\"@type\":\"SearchAction\",\"target\":{\"@type\":\"EntryPoint\",\"urlTemplate\":\"https:\/\/institutfrancais.sk\/fr\/?s={search_term_string}\"},\"query-input\":{\"@type\":\"PropertyValueSpecification\",\"valueRequired\":true,\"valueName\":\"search_term_string\"}}],\"inLanguage\":\"fr-FR\"}]}<\/script>\n<!-- \/ Yoast SEO plugin. -->","yoast_head_json":{"title":"Films fran\u00e7ais au festival Jeden svet 2024 - Franc\u00fazsky in\u0161tit\u00fat na Slovensku","description":"Films fran\u00e7ais au festival Jeden svet 2024","robots":{"index":"index","follow":"follow","max-snippet":"max-snippet:-1","max-image-preview":"max-image-preview:large","max-video-preview":"max-video-preview:-1"},"canonical":"https:\/\/institutfrancais.sk\/fr\/podujatie\/films-francais-au-festival-jeden-svet-2024\/","og_locale":"fr_FR","og_type":"article","og_title":"Films fran\u00e7ais au festival Jeden svet 2024 - Franc\u00fazsky in\u0161tit\u00fat na Slovensku","og_description":"Films fran\u00e7ais au festival Jeden svet 2024","og_url":"https:\/\/institutfrancais.sk\/fr\/podujatie\/films-francais-au-festival-jeden-svet-2024\/","og_site_name":"Franc\u00fazsky in\u0161tit\u00fat na Slovensku","article_modified_time":"2024-10-16T13:51:22+00:00","og_image":[{"width":1082,"height":1082,"url":"https:\/\/institutfrancais.sk\/wp-content\/uploads\/2024\/10\/JSlogo.jpg","type":"image\/jpeg"}],"twitter_card":"summary_large_image","twitter_misc":{"Dur\u00e9e de lecture estim\u00e9e":"4 minutes"},"schema":{"@context":"https:\/\/schema.org","@graph":[{"@type":"WebPage","@id":"https:\/\/institutfrancais.sk\/fr\/podujatie\/films-francais-au-festival-jeden-svet-2024\/","url":"https:\/\/institutfrancais.sk\/fr\/podujatie\/films-francais-au-festival-jeden-svet-2024\/","name":"Films fran\u00e7ais au festival Jeden svet 2024 - Franc\u00fazsky in\u0161tit\u00fat na Slovensku","isPartOf":{"@id":"https:\/\/institutfrancais.sk\/fr\/#website"},"primaryImageOfPage":{"@id":"https:\/\/institutfrancais.sk\/fr\/podujatie\/films-francais-au-festival-jeden-svet-2024\/#primaryimage"},"image":{"@id":"https:\/\/institutfrancais.sk\/fr\/podujatie\/films-francais-au-festival-jeden-svet-2024\/#primaryimage"},"thumbnailUrl":"https:\/\/institutfrancais.sk\/wp-content\/uploads\/2024\/10\/JSlogo.jpg","datePublished":"2024-10-02T15:22:12+00:00","dateModified":"2024-10-16T13:51:22+00:00","description":"Films fran\u00e7ais au festival Jeden svet 2024","breadcrumb":{"@id":"https:\/\/institutfrancais.sk\/fr\/podujatie\/films-francais-au-festival-jeden-svet-2024\/#breadcrumb"},"inLanguage":"fr-FR","potentialAction":[{"@type":"ReadAction","target":["https:\/\/institutfrancais.sk\/fr\/podujatie\/films-francais-au-festival-jeden-svet-2024\/"]}]},{"@type":"ImageObject","inLanguage":"fr-FR","@id":"https:\/\/institutfrancais.sk\/fr\/podujatie\/films-francais-au-festival-jeden-svet-2024\/#primaryimage","url":"https:\/\/institutfrancais.sk\/wp-content\/uploads\/2024\/10\/JSlogo.jpg","contentUrl":"https:\/\/institutfrancais.sk\/wp-content\/uploads\/2024\/10\/JSlogo.jpg","width":1082,"height":1082},{"@type":"BreadcrumbList","@id":"https:\/\/institutfrancais.sk\/fr\/podujatie\/films-francais-au-festival-jeden-svet-2024\/#breadcrumb","itemListElement":[{"@type":"ListItem","position":1,"name":"Home","item":"https:\/\/institutfrancais.sk\/fr\/"},{"@type":"ListItem","position":2,"name":"Events","item":"https:\/\/institutfrancais.sk\/fr\/podujatie\/"},{"@type":"ListItem","position":3,"name":"Films fran\u00e7ais au festival Jeden svet 2024"}]},{"@type":"WebSite","@id":"https:\/\/institutfrancais.sk\/fr\/#website","url":"https:\/\/institutfrancais.sk\/fr\/","name":"Franc\u00fazsky in\u0161tit\u00fat na Slovensku","description":"Franc\u00fazsky in\u0161tit\u00fat na Slovensku","potentialAction":[{"@type":"SearchAction","target":{"@type":"EntryPoint","urlTemplate":"https:\/\/institutfrancais.sk\/fr\/?s={search_term_string}"},"query-input":{"@type":"PropertyValueSpecification","valueRequired":true,"valueName":"search_term_string"}}],"inLanguage":"fr-FR"}]}},"_links":{"self":[{"href":"https:\/\/institutfrancais.sk\/fr\/wp-json\/wp\/v2\/podujatie\/33239"}],"collection":[{"href":"https:\/\/institutfrancais.sk\/fr\/wp-json\/wp\/v2\/podujatie"}],"about":[{"href":"https:\/\/institutfrancais.sk\/fr\/wp-json\/wp\/v2\/types\/podujatie"}],"wp:featuredmedia":[{"embeddable":true,"href":"https:\/\/institutfrancais.sk\/fr\/wp-json\/wp\/v2\/media\/33238"}],"wp:attachment":[{"href":"https:\/\/institutfrancais.sk\/fr\/wp-json\/wp\/v2\/media?parent=33239"}],"wp:term":[{"taxonomy":"typ-podujatia","embeddable":true,"href":"https:\/\/institutfrancais.sk\/fr\/wp-json\/wp\/v2\/typ-podujatia?post=33239"}],"curies":[{"name":"wp","href":"https:\/\/api.w.org\/{rel}","templated":true}]}}