{"id":33566,"date":"2024-11-06T18:08:58","date_gmt":"2024-11-06T17:08:58","guid":{"rendered":"https:\/\/institutfrancais.sk\/?post_type=podujatie&#038;p=33566"},"modified":"2024-11-06T18:08:59","modified_gmt":"2024-11-06T17:08:59","slug":"pierre-laurent-aimard-vedette-principale-du-festival-melos-etos-2024","status":"publish","type":"podujatie","link":"https:\/\/institutfrancais.sk\/fr\/podujatie\/pierre-laurent-aimard-vedette-principale-du-festival-melos-etos-2024\/","title":{"rendered":"Pierre-Laurent Aimard, vedette principale du festival Melos-\u00c9tos 2024"},"content":{"rendered":"\n<h2 class=\"wp-block-heading\">Melos-\u00c9tos<\/h2>\n\n\n\n<p><strong><em>La 17e \u00e9dition du festival international de musique contemporaine Melos-\u00c9tos <\/em><\/strong><em>propose un programme vari\u00e9 des derni\u00e8res tendances de la musique contemporaine.<\/em> <em>Le festival se d\u00e9roulera \u00e0<\/em> <strong>Bratislava du 7 au 14 novembre 2024,<\/strong> \u00e0 l&rsquo;exception du concert d&rsquo;ouverture qui aura lieu \u00e0 <strong>Ko\u0161ice<\/strong> \u00e0 la Kunsthalle.<\/p>\n\n\n\n<p>Au fil des ann\u00e9es, Melos-\u00c9tos a&nbsp;su s&rsquo;imposer parmi les plus grands et les plus prestigieux festivals de musique contemporaine d&rsquo;Europe centrale, comme en t\u00e9moigne la dramaturgie de cette \u00e9dition, qui proposera<strong> 7 concerts <\/strong>et plus de<strong> 40 \u0153uvres contemporaines,<\/strong> dont la plupart seront interpr\u00e9t\u00e9es pour la premi\u00e8re fois en Slovaquie. Le festival pr\u00e9sentera \u00e9galement trois \u0153uvres en premi\u00e8re mondiale. Les concerts r\u00e9uniront plus de 100 artistes venant de Slovaquie, de R\u00e9publique tch\u00e8que, de Suisse, de France, de Cor\u00e9e du Sud, de Hongrie et d&rsquo;autres pays. La grande vedette du festival sera le pianiste fran\u00e7ais de renomm\u00e9e mondiale <a href=\"https:\/\/pierrelaurentaimard.com\/about\/\"><strong>Pierre-Laurent Aimard<\/strong><\/a>.<\/p>\n\n\n\n<h2 class=\"wp-block-heading\">Pierre-Laurent Aimard<\/h2>\n\n\n\n<p>Ce brillant musicien et extraordinaire visionnaire se produira <strong>le 11 novembre 2024<\/strong> \u00e0 la <strong>Salle<\/strong> <strong>Moyzes<\/strong>. Au cours de sa saison de concerts de cette ann\u00e9e, tr\u00e8s charg\u00e9e, avec des arr\u00eats en solo au Carnegie Hall de New York, au Wiener Musikverein en Autriche, \u00e0 l&rsquo;Auditorium national de Lyon et au Centro Nacional de Difusi\u00f3n Musical de Madrid, et il donnera un r\u00e9cital \u00e0 Bratislava.<\/p>\n\n\n\n<p>Pierre-Laurent Aimard fait partie de l&rsquo;\u00e9lite de la sc\u00e8ne pianistique internationale, capable d&rsquo;interpr\u00e9ter aussi bien la musique des ma\u00eetres baroques que les compositions les plus modernes de l&rsquo;avant-garde contemporaine. Il collabore chaque ann\u00e9e avec les plus grands orchestres du monde, travaillant avec les plus grands chefs d&rsquo;orchestre tels que Esa-Pekka Salonen, Ricardo Chailly, Gustavo Dudamel, Simon Rattle, et d&rsquo;autres. En outre, il enseigne en tant que professeur au Conservatoire de Paris, et dirige des masterclasses et divers ateliers dans le monde entier. Depuis 2009, il est le directeur artistique du c\u00e9l\u00e8bre festival d&rsquo;Aldeburgh, dans le comt\u00e9 de Suffolk, en East Anglia.<\/p>\n\n\n\n<p>Tout au long de sa vie professionnelle, Aimard a&nbsp;travaill\u00e9 en \u00e9troite collaboration avec des compositeurs de premier plan, notamment Messiaen et Boulez, Gy\u00f6rgy Kurt\u00e1g, Karlheinz Stockhausen, Elliott Carter, George Benjamin et Gy\u00f6rgy Ligeti. Des compositions de ces compositeurs seront \u00e9galement incluses dans le programme avec lequel il se pr\u00e9sentera au public de Bratislava. Dans son interpr\u00e9tation, nous entendrons une s\u00e9lection d&rsquo;\u00e9tudes pour piano <strong>de G.<\/strong> <strong>Ligeti<\/strong>, <em>To An Utterance &#8211;&nbsp;Study<\/em> de <strong>Rebecca Saunders<\/strong>, <em>Piano Miniatures<\/em> <strong>de Marc Stroppa<\/strong>, <em>Shadowlines &#8211;&nbsp;six pr\u00e9ludes canoniques <\/em>de <strong>George Benjamin<\/strong><em>, une s\u00e9lection de <\/em>miniatures pour piano <strong>de Kurt\u00e1g<\/strong><em>.<\/em> Au cours de la pr\u00e9sente saison de concerts, Aimard comm\u00e9more le centenaire de la naissance de son professeur et ami <strong>Pierre Boulez<\/strong>, et sa <em>Sonate pour piano n\u00b0 1<\/em> sera jou\u00e9e \u00e0 cette occasion.<\/p>\n\n\n\n<h2 class=\"wp-block-heading\">Programme du concert<\/h2>\n\n\n\n<p><strong>11.&nbsp;11.&nbsp;2024 \/ 19h00 \/ Salle Moyzes, Bratislava<\/strong><\/p>\n\n\n\n<p><strong>Pierre-Laurent Aimard<\/strong> <em>piano<\/em><\/p>\n\n\n\n<p><strong>Marco Stroppa<\/strong> (1959)<br><em>Miniature Estrose* <\/em>(1991)<br>&nbsp;&nbsp;&nbsp;&nbsp;&nbsp;&nbsp;&nbsp;&nbsp;&nbsp;&nbsp;&nbsp;&nbsp;&nbsp;&nbsp;&nbsp;&nbsp;I. Passacaglia canonica, in contrappunto policromatico<br>&nbsp;&nbsp;&nbsp;&nbsp;&nbsp;&nbsp;&nbsp;&nbsp;&nbsp;&nbsp;&nbsp;&nbsp;&nbsp;&nbsp;&nbsp;&nbsp;IV. Ninnananna<br>&nbsp;&nbsp;&nbsp;&nbsp;&nbsp;&nbsp;&nbsp;&nbsp;&nbsp;&nbsp;&nbsp;&nbsp;&nbsp;&nbsp;&nbsp;&nbsp;II. Birichino, come un furetto<\/p>\n\n\n\n<p><strong>George Benjamin<\/strong> (1960)<br><em>Shadowlines &#8211;&nbsp;six canonic preludes<\/em>* (2001)<\/p>\n\n\n\n<p><strong>Rebecca Saunders<\/strong> (1967)<br><em>To An Utterance &#8211;&nbsp;Study*<\/em> (2020)<br>***<br><strong>Pierre Boulez<\/strong> (1925 \u2013 2016)<br><em>Sonata pour piano n\u00b01&nbsp;&nbsp;&nbsp;&nbsp;&nbsp;&nbsp;<\/em>(1946)<br><br><strong>Gy\u00f6rgy Kurt\u00e1g<\/strong> (1926)<br><em>J\u00e1t\u00e9kok &#8211;&nbsp;s\u00e9lection (1973 \u2013 2021)<\/em><br><em>&nbsp;&nbsp;&nbsp;&nbsp;&nbsp;&nbsp;&nbsp;<\/em>Quiet Dialogue<br>&nbsp;&nbsp;&nbsp;&nbsp;&nbsp;&nbsp;&nbsp;Hommage \u00e0 Georg Kr\u00f6ll 70<br>&nbsp;&nbsp;&nbsp;&nbsp;&nbsp;&nbsp;&nbsp;&#8230;just so&#8230;<br>&nbsp;&nbsp;&nbsp;&nbsp;&nbsp;&nbsp;&nbsp;&#8230;the dog\u2026<br>&nbsp;&nbsp;&nbsp;&nbsp;&nbsp;&nbsp;&nbsp;Dialogue &#8212;&nbsp;B\u00e1lint Varga 70<br>&nbsp;&nbsp;&nbsp;&nbsp;&nbsp;&nbsp;&nbsp;&#8230;for Heinz\u2026<br>&nbsp;&nbsp;&nbsp;&nbsp;&nbsp;&nbsp;&nbsp;Passio sine nomine<br>&nbsp;&nbsp;&nbsp;&nbsp;&nbsp;&nbsp;&nbsp;Ligatura for M\u00e1rta<\/p>\n\n\n\n<p><strong>Gy\u00f6rgy Ligeti<\/strong> (1923 \u2013 2006)<br><em>\u00c9tudes &#8211;&nbsp;s\u00e9lection<\/em> (1985 \u2013 2001)<br>&nbsp;&nbsp;&nbsp;&nbsp;&nbsp;&nbsp;&nbsp;&nbsp;\u00c9tude 7, Galamb borong<br>&nbsp;&nbsp;&nbsp;&nbsp;&nbsp;&nbsp;&nbsp;&nbsp;\u00c9tude 8, F\u00e9m<br>&nbsp;&nbsp;&nbsp;&nbsp;&nbsp;&nbsp;&nbsp;&nbsp;\u00c9tude 2, Cordes \u00e0 vide<br>&nbsp;&nbsp;&nbsp;&nbsp;&nbsp;&nbsp;&nbsp;&nbsp;\u00c9tude 13, L&rsquo;escalier du diable<\/p>\n\n\n\n<p><strong>Les places<\/strong> peuvent \u00eatre achet\u00e9s sur le r\u00e9seau Ticketportal : &nbsp;<a href=\"https:\/\/www.ticketportal.sk\/nevent\/Melos-Etos-2024\">https:\/\/www.ticketportal.sk\/nevent\/Melos-Etos-2024<\/a><\/p>\n\n\n\n<p>Retrouvez plus d&rsquo;information et le programme completsur le site du festival : <a href=\"http:\/\/www.melosetos.sk\/\">www.melosetos.sk<\/a><\/p>\n\n\n\n<p><a href=\"https:\/\/www.facebook.com\/profile.php?id=100037032825852\">Page FB de Melos-\u00c9tos<\/a><\/p>\n\n\n\n<p><a href=\"https:\/\/fb.me\/e\/97R4kpAsY\">\u00c9venement FB Melos-\u00c9tos 2024<\/a><\/p>\n\n\n\n<p><strong>Extraits YouTube :<\/strong><\/p>\n\n\n\n<figure class=\"wp-block-embed is-type-video is-provider-youtube wp-block-embed-youtube wp-embed-aspect-16-9 wp-has-aspect-ratio\"><div class=\"wp-block-embed__wrapper\">\n<iframe loading=\"lazy\" title=\"Gy\u00f6rgy Ligeti: \u00c9tude No. 13: L&#039;escalier du diable \/ The Devil\u2019s Staircase\" width=\"500\" height=\"281\" src=\"https:\/\/www.youtube.com\/embed\/uoLam2O3gtY?feature=oembed\" frameborder=\"0\" allow=\"accelerometer; autoplay; clipboard-write; encrypted-media; gyroscope; picture-in-picture; web-share\" referrerpolicy=\"strict-origin-when-cross-origin\" allowfullscreen><\/iframe>\n<\/div><\/figure>\n\n\n\n<figure class=\"wp-block-embed is-type-video is-provider-youtube wp-block-embed-youtube wp-embed-aspect-16-9 wp-has-aspect-ratio\"><div class=\"wp-block-embed__wrapper\">\n<iframe loading=\"lazy\" title=\"Pierre-Laurent Aimard plays Beethoven\" width=\"500\" height=\"281\" src=\"https:\/\/www.youtube.com\/embed\/N0Jh5_UUsFE?feature=oembed\" frameborder=\"0\" allow=\"accelerometer; autoplay; clipboard-write; encrypted-media; gyroscope; picture-in-picture; web-share\" referrerpolicy=\"strict-origin-when-cross-origin\" allowfullscreen><\/iframe>\n<\/div><\/figure>\n\n\n\n<p><strong>Photo et CV:<\/strong> Pierre-Laurent Aimard: <a href=\"https:\/\/pierrelaurentaimard.com\/about\/\">https:\/\/pierrelaurentaimard.com\/about\/<\/a><\/p>\n\n\n\n<p>L&rsquo;organisateur principal du Melos-\u00c9tos est <strong>Hudobn\u00e9 centrum<\/strong> (Centre de musique) \u2013 organisme public contributeur du minist\u00e8re de la culture de la R\u00e9publique slovaque.<\/p>\n\n\n\n<p>Les partenaires de l&rsquo;\u00e9v\u00e9nement sont la Philharmonie d&rsquo;\u00c9tat slovaque de Ko\u0161ice, la Facult\u00e9 des arts de l&rsquo;Universit\u00e9 Comenius de Bratislava, l&rsquo;Institut Liszt de Bratislava, le Centre tch\u00e8que de Bratislava, le Centre culturel et d&rsquo;information de Bratislava, le Forum Voix \u00c9touf\u00e9es, l&rsquo;Institut fran\u00e7ais de Slovaquie et l&rsquo;Ambassade de Suisse en Slovaquie. Le Festival tient \u00e9galement \u00e0 remercier ses autres partenaires ainsi que ses partenaires m\u00e9dias.<\/p>\n","protected":false},"featured_media":33567,"template":"","typ-podujatia":[51],"acf":[],"yoast_head":"<!-- This site is optimized with the Yoast SEO plugin v24.5 - https:\/\/yoast.com\/wordpress\/plugins\/seo\/ -->\n<title>Pierre-Laurent Aimard, vedette principale du festival Melos-\u00c9tos 2024 - Franc\u00fazsky in\u0161tit\u00fat na Slovensku<\/title>\n<meta name=\"description\" content=\"Pierre-Laurent Aimard - vedette principale du festival Melos-\u00c9tos\" \/>\n<meta name=\"robots\" content=\"index, follow, max-snippet:-1, max-image-preview:large, max-video-preview:-1\" \/>\n<link rel=\"canonical\" href=\"https:\/\/institutfrancais.sk\/fr\/podujatie\/pierre-laurent-aimard-vedette-principale-du-festival-melos-etos-2024\/\" \/>\n<meta property=\"og:locale\" content=\"fr_FR\" \/>\n<meta property=\"og:type\" content=\"article\" \/>\n<meta property=\"og:title\" content=\"Pierre-Laurent Aimard, vedette principale du festival Melos-\u00c9tos 2024 - Franc\u00fazsky in\u0161tit\u00fat na Slovensku\" \/>\n<meta property=\"og:description\" content=\"Pierre-Laurent Aimard - vedette principale du festival Melos-\u00c9tos\" \/>\n<meta property=\"og:url\" content=\"https:\/\/institutfrancais.sk\/fr\/podujatie\/pierre-laurent-aimard-vedette-principale-du-festival-melos-etos-2024\/\" \/>\n<meta property=\"og:site_name\" content=\"Franc\u00fazsky in\u0161tit\u00fat na Slovensku\" \/>\n<meta property=\"article:modified_time\" content=\"2024-11-06T17:08:59+00:00\" \/>\n<meta property=\"og:image\" content=\"https:\/\/institutfrancais.sk\/wp-content\/uploads\/2024\/10\/Pierre-Laurent-Aimard-1.jpg\" \/>\n\t<meta property=\"og:image:width\" content=\"1080\" \/>\n\t<meta property=\"og:image:height\" content=\"1080\" \/>\n\t<meta property=\"og:image:type\" content=\"image\/jpeg\" \/>\n<meta name=\"twitter:card\" content=\"summary_large_image\" \/>\n<meta name=\"twitter:label1\" content=\"Dur\u00e9e de lecture estim\u00e9e\" \/>\n\t<meta name=\"twitter:data1\" content=\"4 minutes\" \/>\n<script type=\"application\/ld+json\" class=\"yoast-schema-graph\">{\"@context\":\"https:\/\/schema.org\",\"@graph\":[{\"@type\":\"WebPage\",\"@id\":\"https:\/\/institutfrancais.sk\/fr\/podujatie\/pierre-laurent-aimard-vedette-principale-du-festival-melos-etos-2024\/\",\"url\":\"https:\/\/institutfrancais.sk\/fr\/podujatie\/pierre-laurent-aimard-vedette-principale-du-festival-melos-etos-2024\/\",\"name\":\"Pierre-Laurent Aimard, vedette principale du festival Melos-\u00c9tos 2024 - Franc\u00fazsky in\u0161tit\u00fat na Slovensku\",\"isPartOf\":{\"@id\":\"https:\/\/institutfrancais.sk\/fr\/#website\"},\"primaryImageOfPage\":{\"@id\":\"https:\/\/institutfrancais.sk\/fr\/podujatie\/pierre-laurent-aimard-vedette-principale-du-festival-melos-etos-2024\/#primaryimage\"},\"image\":{\"@id\":\"https:\/\/institutfrancais.sk\/fr\/podujatie\/pierre-laurent-aimard-vedette-principale-du-festival-melos-etos-2024\/#primaryimage\"},\"thumbnailUrl\":\"https:\/\/institutfrancais.sk\/wp-content\/uploads\/2024\/10\/Pierre-Laurent-Aimard-1.jpg\",\"datePublished\":\"2024-11-06T17:08:58+00:00\",\"dateModified\":\"2024-11-06T17:08:59+00:00\",\"description\":\"Pierre-Laurent Aimard - vedette principale du festival Melos-\u00c9tos\",\"breadcrumb\":{\"@id\":\"https:\/\/institutfrancais.sk\/fr\/podujatie\/pierre-laurent-aimard-vedette-principale-du-festival-melos-etos-2024\/#breadcrumb\"},\"inLanguage\":\"fr-FR\",\"potentialAction\":[{\"@type\":\"ReadAction\",\"target\":[\"https:\/\/institutfrancais.sk\/fr\/podujatie\/pierre-laurent-aimard-vedette-principale-du-festival-melos-etos-2024\/\"]}]},{\"@type\":\"ImageObject\",\"inLanguage\":\"fr-FR\",\"@id\":\"https:\/\/institutfrancais.sk\/fr\/podujatie\/pierre-laurent-aimard-vedette-principale-du-festival-melos-etos-2024\/#primaryimage\",\"url\":\"https:\/\/institutfrancais.sk\/wp-content\/uploads\/2024\/10\/Pierre-Laurent-Aimard-1.jpg\",\"contentUrl\":\"https:\/\/institutfrancais.sk\/wp-content\/uploads\/2024\/10\/Pierre-Laurent-Aimard-1.jpg\",\"width\":1080,\"height\":1080},{\"@type\":\"BreadcrumbList\",\"@id\":\"https:\/\/institutfrancais.sk\/fr\/podujatie\/pierre-laurent-aimard-vedette-principale-du-festival-melos-etos-2024\/#breadcrumb\",\"itemListElement\":[{\"@type\":\"ListItem\",\"position\":1,\"name\":\"Home\",\"item\":\"https:\/\/institutfrancais.sk\/fr\/\"},{\"@type\":\"ListItem\",\"position\":2,\"name\":\"Events\",\"item\":\"https:\/\/institutfrancais.sk\/fr\/podujatie\/\"},{\"@type\":\"ListItem\",\"position\":3,\"name\":\"Pierre-Laurent Aimard, vedette principale du festival Melos-\u00c9tos 2024\"}]},{\"@type\":\"WebSite\",\"@id\":\"https:\/\/institutfrancais.sk\/fr\/#website\",\"url\":\"https:\/\/institutfrancais.sk\/fr\/\",\"name\":\"Franc\u00fazsky in\u0161tit\u00fat na Slovensku\",\"description\":\"Franc\u00fazsky in\u0161tit\u00fat na Slovensku\",\"potentialAction\":[{\"@type\":\"SearchAction\",\"target\":{\"@type\":\"EntryPoint\",\"urlTemplate\":\"https:\/\/institutfrancais.sk\/fr\/?s={search_term_string}\"},\"query-input\":{\"@type\":\"PropertyValueSpecification\",\"valueRequired\":true,\"valueName\":\"search_term_string\"}}],\"inLanguage\":\"fr-FR\"}]}<\/script>\n<!-- \/ Yoast SEO plugin. -->","yoast_head_json":{"title":"Pierre-Laurent Aimard, vedette principale du festival Melos-\u00c9tos 2024 - Franc\u00fazsky in\u0161tit\u00fat na Slovensku","description":"Pierre-Laurent Aimard - vedette principale du festival Melos-\u00c9tos","robots":{"index":"index","follow":"follow","max-snippet":"max-snippet:-1","max-image-preview":"max-image-preview:large","max-video-preview":"max-video-preview:-1"},"canonical":"https:\/\/institutfrancais.sk\/fr\/podujatie\/pierre-laurent-aimard-vedette-principale-du-festival-melos-etos-2024\/","og_locale":"fr_FR","og_type":"article","og_title":"Pierre-Laurent Aimard, vedette principale du festival Melos-\u00c9tos 2024 - Franc\u00fazsky in\u0161tit\u00fat na Slovensku","og_description":"Pierre-Laurent Aimard - vedette principale du festival Melos-\u00c9tos","og_url":"https:\/\/institutfrancais.sk\/fr\/podujatie\/pierre-laurent-aimard-vedette-principale-du-festival-melos-etos-2024\/","og_site_name":"Franc\u00fazsky in\u0161tit\u00fat na Slovensku","article_modified_time":"2024-11-06T17:08:59+00:00","og_image":[{"width":1080,"height":1080,"url":"https:\/\/institutfrancais.sk\/wp-content\/uploads\/2024\/10\/Pierre-Laurent-Aimard-1.jpg","type":"image\/jpeg"}],"twitter_card":"summary_large_image","twitter_misc":{"Dur\u00e9e de lecture estim\u00e9e":"4 minutes"},"schema":{"@context":"https:\/\/schema.org","@graph":[{"@type":"WebPage","@id":"https:\/\/institutfrancais.sk\/fr\/podujatie\/pierre-laurent-aimard-vedette-principale-du-festival-melos-etos-2024\/","url":"https:\/\/institutfrancais.sk\/fr\/podujatie\/pierre-laurent-aimard-vedette-principale-du-festival-melos-etos-2024\/","name":"Pierre-Laurent Aimard, vedette principale du festival Melos-\u00c9tos 2024 - Franc\u00fazsky in\u0161tit\u00fat na Slovensku","isPartOf":{"@id":"https:\/\/institutfrancais.sk\/fr\/#website"},"primaryImageOfPage":{"@id":"https:\/\/institutfrancais.sk\/fr\/podujatie\/pierre-laurent-aimard-vedette-principale-du-festival-melos-etos-2024\/#primaryimage"},"image":{"@id":"https:\/\/institutfrancais.sk\/fr\/podujatie\/pierre-laurent-aimard-vedette-principale-du-festival-melos-etos-2024\/#primaryimage"},"thumbnailUrl":"https:\/\/institutfrancais.sk\/wp-content\/uploads\/2024\/10\/Pierre-Laurent-Aimard-1.jpg","datePublished":"2024-11-06T17:08:58+00:00","dateModified":"2024-11-06T17:08:59+00:00","description":"Pierre-Laurent Aimard - vedette principale du festival Melos-\u00c9tos","breadcrumb":{"@id":"https:\/\/institutfrancais.sk\/fr\/podujatie\/pierre-laurent-aimard-vedette-principale-du-festival-melos-etos-2024\/#breadcrumb"},"inLanguage":"fr-FR","potentialAction":[{"@type":"ReadAction","target":["https:\/\/institutfrancais.sk\/fr\/podujatie\/pierre-laurent-aimard-vedette-principale-du-festival-melos-etos-2024\/"]}]},{"@type":"ImageObject","inLanguage":"fr-FR","@id":"https:\/\/institutfrancais.sk\/fr\/podujatie\/pierre-laurent-aimard-vedette-principale-du-festival-melos-etos-2024\/#primaryimage","url":"https:\/\/institutfrancais.sk\/wp-content\/uploads\/2024\/10\/Pierre-Laurent-Aimard-1.jpg","contentUrl":"https:\/\/institutfrancais.sk\/wp-content\/uploads\/2024\/10\/Pierre-Laurent-Aimard-1.jpg","width":1080,"height":1080},{"@type":"BreadcrumbList","@id":"https:\/\/institutfrancais.sk\/fr\/podujatie\/pierre-laurent-aimard-vedette-principale-du-festival-melos-etos-2024\/#breadcrumb","itemListElement":[{"@type":"ListItem","position":1,"name":"Home","item":"https:\/\/institutfrancais.sk\/fr\/"},{"@type":"ListItem","position":2,"name":"Events","item":"https:\/\/institutfrancais.sk\/fr\/podujatie\/"},{"@type":"ListItem","position":3,"name":"Pierre-Laurent Aimard, vedette principale du festival Melos-\u00c9tos 2024"}]},{"@type":"WebSite","@id":"https:\/\/institutfrancais.sk\/fr\/#website","url":"https:\/\/institutfrancais.sk\/fr\/","name":"Franc\u00fazsky in\u0161tit\u00fat na Slovensku","description":"Franc\u00fazsky in\u0161tit\u00fat na Slovensku","potentialAction":[{"@type":"SearchAction","target":{"@type":"EntryPoint","urlTemplate":"https:\/\/institutfrancais.sk\/fr\/?s={search_term_string}"},"query-input":{"@type":"PropertyValueSpecification","valueRequired":true,"valueName":"search_term_string"}}],"inLanguage":"fr-FR"}]}},"_links":{"self":[{"href":"https:\/\/institutfrancais.sk\/fr\/wp-json\/wp\/v2\/podujatie\/33566"}],"collection":[{"href":"https:\/\/institutfrancais.sk\/fr\/wp-json\/wp\/v2\/podujatie"}],"about":[{"href":"https:\/\/institutfrancais.sk\/fr\/wp-json\/wp\/v2\/types\/podujatie"}],"wp:featuredmedia":[{"embeddable":true,"href":"https:\/\/institutfrancais.sk\/fr\/wp-json\/wp\/v2\/media\/33567"}],"wp:attachment":[{"href":"https:\/\/institutfrancais.sk\/fr\/wp-json\/wp\/v2\/media?parent=33566"}],"wp:term":[{"taxonomy":"typ-podujatia","embeddable":true,"href":"https:\/\/institutfrancais.sk\/fr\/wp-json\/wp\/v2\/typ-podujatia?post=33566"}],"curies":[{"name":"wp","href":"https:\/\/api.w.org\/{rel}","templated":true}]}}