{"id":33613,"date":"2024-11-06T18:10:07","date_gmt":"2024-11-06T17:10:07","guid":{"rendered":"https:\/\/institutfrancais.sk\/?post_type=podujatie&#038;p=33613"},"modified":"2024-11-12T18:11:49","modified_gmt":"2024-11-12T17:11:49","slug":"films-francais-au-slovak-queer-film-festival-2024","status":"publish","type":"podujatie","link":"https:\/\/institutfrancais.sk\/fr\/podujatie\/films-francais-au-slovak-queer-film-festival-2024\/","title":{"rendered":"Films fran\u00e7ais au Slovak Queer Film Festival 2024"},"content":{"rendered":"\n<p>Dans le cadre de son programme, le festival pr\u00e9sentera les longs m\u00e9trages :<\/p>\n\n\n\n<h2 class=\"wp-block-heading\"><a href=\"https:\/\/ffi.cinepass.sk\/en\/movies\/6211da27-708b-40c0-b2ec-3df1a1549b1f\/\" target=\"_blank\" rel=\"noreferrer noopener\">Les reines du drame<\/a><\/h2>\n\n\n\n<p>Un film de Alexis Langlois, 2024, Belgique, France, 114 min<\/p>\n\n\n\n<p>Projections :<\/p>\n\n\n\n<p>samedi 23 novembre 2024 \u00e0 16h10, K2 Kino Lumi\u00e8re, \u0160pit\u00e1lska 4, 811&nbsp;08 Bratislava<\/p>\n\n\n\n<p>lundi 25 novembre 2024 \u00e0 19h50, K4 Kino Lumi\u00e8re, \u0160pit\u00e1lska 4, 811&nbsp;08 Bratislava<\/p>\n\n\n\n<figure class=\"wp-block-embed is-type-video is-provider-youtube wp-block-embed-youtube wp-embed-aspect-16-9 wp-has-aspect-ratio\"><div class=\"wp-block-embed__wrapper\">\n<iframe loading=\"lazy\" title=\"QUEENS OF DRAMA clip | BFI London Film Festival 2024\" width=\"500\" height=\"281\" src=\"https:\/\/www.youtube.com\/embed\/Xo5sf8y2ReE?feature=oembed\" frameborder=\"0\" allow=\"accelerometer; autoplay; clipboard-write; encrypted-media; gyroscope; picture-in-picture; web-share\" referrerpolicy=\"strict-origin-when-cross-origin\" allowfullscreen><\/iframe>\n<\/div><\/figure>\n\n\n<div class=\"space xs\"><\/div>\n\n\n<div class=\"wp-block-group\"><div class=\"wp-block-group__inner-container is-layout-constrained wp-block-group-is-layout-constrained\">\n<h2 class=\"wp-block-heading\"><a href=\"https:\/\/ffi.cinepass.sk\/en\/movies\/f2d8080b-1f89-4a24-af50-97e90e8744c6\/\" target=\"_blank\" rel=\"noreferrer noopener\">Vivre, Mourir, Rena\u00eetre<\/a><\/h2>\n\n\n\n<p>Un film de Ga\u00ebl Morel, 2024, France, 109 min<\/p>\n\n\n\n<p>Projections :<\/p>\n\n\n\n<p>mercredi 20 novembre 2024 \u00e0 19h30, Kino Film Europe, \u0160tef\u00e1nikova 25, Bratislava<\/p>\n\n\n\n<p>samedi 23 novembre 2024 \u00e0 21h, K1 Kino Lumi\u00e8re, \u0160pit\u00e1lska 4, Bratislava<\/p>\n\n\n\n<figure class=\"wp-block-embed is-type-video is-provider-youtube wp-block-embed-youtube wp-embed-aspect-16-9 wp-has-aspect-ratio\"><div class=\"wp-block-embed__wrapper\">\n<iframe loading=\"lazy\" title=\"VIVRE MOURIR RENA\u00ceTRE Bande Annonce (2024) Victor Belmondo, Th\u00e9o Christine\" width=\"500\" height=\"281\" src=\"https:\/\/www.youtube.com\/embed\/cGCsoebbvB0?feature=oembed\" frameborder=\"0\" allow=\"accelerometer; autoplay; clipboard-write; encrypted-media; gyroscope; picture-in-picture; web-share\" referrerpolicy=\"strict-origin-when-cross-origin\" allowfullscreen><\/iframe>\n<\/div><\/figure>\n\n\n<div class=\"space xs\"><\/div><\/div><\/div>\n\n\n\n<div class=\"wp-block-group\"><div class=\"wp-block-group__inner-container is-layout-constrained wp-block-group-is-layout-constrained\">\n<h2 class=\"wp-block-heading\"><a href=\"https:\/\/ffi.cinepass.sk\/en\/movies\/848083a1-c9d6-4c13-906f-5fff983313f6\/\" target=\"_blank\" rel=\"noreferrer noopener\">Le retour<\/a><\/h2>\n\n\n\n<p>Un film de Catherine Corsini, 2023, France, 110 min<\/p>\n\n\n\n<p>Projections :<\/p>\n\n\n\n<p>vendredi 22 novembre 2024 \u00e0 20h30, K2 Kino Lumi\u00e8re, \u0160pit\u00e1lska 4, Bratislava<\/p>\n\n\n\n<p>mardi 26 novembre 2024 \u00e0 17h, Kino Film Europe, \u0160tef\u00e1nikova 25, Bratislava<\/p>\n\n\n\n<figure class=\"wp-block-embed is-type-video is-provider-youtube wp-block-embed-youtube wp-embed-aspect-16-9 wp-has-aspect-ratio\"><div class=\"wp-block-embed__wrapper\">\n<iframe loading=\"lazy\" title=\"Le Retour | Bande-annonce\" width=\"500\" height=\"281\" src=\"https:\/\/www.youtube.com\/embed\/GR7f7oUrN0Q?feature=oembed\" frameborder=\"0\" allow=\"accelerometer; autoplay; clipboard-write; encrypted-media; gyroscope; picture-in-picture; web-share\" referrerpolicy=\"strict-origin-when-cross-origin\" allowfullscreen><\/iframe>\n<\/div><\/figure>\n\n\n<div class=\"space xs\"><\/div><\/div><\/div>\n\n\n\n<div class=\"wp-block-group\"><div class=\"wp-block-group__inner-container is-layout-constrained wp-block-group-is-layout-constrained\">\n<h2 class=\"wp-block-heading\"><a href=\"https:\/\/ffi.cinepass.sk\/en\/movies\/27f650d0-1f04-4378-a2a7-37e4d7370c7c\/\" target=\"_blank\" rel=\"noreferrer noopener\">Emilia P\u00e9rez<\/a><\/h2>\n\n\n\n<p>Un film de Jacques Audiard, 2024, France, Belgique, 130 min<\/p>\n\n\n\n<p>Projections :<\/p>\n\n\n\n<p>jeudi 21 novembre 2024 \u00e0 20h10, K1 Kino Lumi\u00e8re, \u0160pit\u00e1lska 4, Bratislava<\/p>\n\n\n\n<p>dimanche 24 novembre 2024 \u00e0 19h30, K1 Kino Lumi\u00e8re, \u0160pit\u00e1lska 4, Bratislava<\/p>\n\n\n\n<figure class=\"wp-block-embed is-type-video is-provider-youtube wp-block-embed-youtube wp-embed-aspect-16-9 wp-has-aspect-ratio\"><div class=\"wp-block-embed__wrapper\">\n<iframe loading=\"lazy\" title=\"Emilia P\u00e9rez Trailer #1 (2024)\" width=\"500\" height=\"281\" src=\"https:\/\/www.youtube.com\/embed\/Qlbr7gJgBus?feature=oembed\" frameborder=\"0\" allow=\"accelerometer; autoplay; clipboard-write; encrypted-media; gyroscope; picture-in-picture; web-share\" referrerpolicy=\"strict-origin-when-cross-origin\" allowfullscreen><\/iframe>\n<\/div><\/figure>\n\n\n<div class=\"space xs\"><\/div><\/div><\/div>\n\n\n\n<div class=\"wp-block-group\"><div class=\"wp-block-group__inner-container is-layout-constrained wp-block-group-is-layout-constrained\">\n<h2 class=\"wp-block-heading\"><a href=\"https:\/\/ffi.cinepass.sk\/en\/movies\/36125718-2e9f-4805-933d-e1331e8e589e\/\" target=\"_blank\" rel=\"noreferrer noopener\">Rivi\u00e8re<\/a><\/h2>\n\n\n\n<p>Un film de Hugues Hariche, 2023, France, Suisse, 105 min<\/p>\n\n\n\n<p>Projection : jeudi 21 novembre 2024 \u00e0 17h30, K4 Kino Lumi\u00e8re, \u0160pit\u00e1lska 4, Bratislava<\/p>\n\n\n\n<figure class=\"wp-block-embed is-type-video is-provider-youtube wp-block-embed-youtube wp-embed-aspect-16-9 wp-has-aspect-ratio\"><div class=\"wp-block-embed__wrapper\">\n<iframe loading=\"lazy\" title=\"RIVIERE - OFFICIAL INTERNATIONAL TRAILER\" width=\"500\" height=\"281\" src=\"https:\/\/www.youtube.com\/embed\/fPkL3zHIhx4?feature=oembed\" frameborder=\"0\" allow=\"accelerometer; autoplay; clipboard-write; encrypted-media; gyroscope; picture-in-picture; web-share\" referrerpolicy=\"strict-origin-when-cross-origin\" allowfullscreen><\/iframe>\n<\/div><\/figure>\n\n\n<div class=\"space xs\"><\/div><\/div><\/div>\n\n\n\n<div class=\"wp-block-group\"><div class=\"wp-block-group__inner-container is-layout-constrained wp-block-group-is-layout-constrained\">\n<h2 class=\"wp-block-heading\"><a href=\"https:\/\/ffi.cinepass.sk\/en\/movies\/7ac92cd4-c186-4010-9fa9-d5d1891817f4\/\" target=\"_blank\" rel=\"noreferrer noopener\">Robot Dreams<\/a><\/h2>\n\n\n\n<p>Un film de Pablo Berger, 2023, Espagne, France, 101 min<\/p>\n\n\n\n<p>Projection : samedi 23 novembre 2024 \u00e0 14h30, K1 Kino Lumi\u00e8re, \u0160pit\u00e1lska 4, 811&nbsp;08 Bratislava <\/p>\n\n\n\n<figure class=\"wp-block-embed is-type-video is-provider-youtube wp-block-embed-youtube wp-embed-aspect-16-9 wp-has-aspect-ratio\"><div class=\"wp-block-embed__wrapper\">\n<iframe loading=\"lazy\" title=\"Robot Dreams - Official Trailer\" width=\"500\" height=\"281\" src=\"https:\/\/www.youtube.com\/embed\/0CHV_ZDlhrA?feature=oembed\" frameborder=\"0\" allow=\"accelerometer; autoplay; clipboard-write; encrypted-media; gyroscope; picture-in-picture; web-share\" referrerpolicy=\"strict-origin-when-cross-origin\" allowfullscreen><\/iframe>\n<\/div><\/figure>\n\n\n<div class=\"space xs\"><\/div><\/div><\/div>\n\n\n\n<div class=\"wp-block-group\"><div class=\"wp-block-group__inner-container is-layout-constrained wp-block-group-is-layout-constrained\">\n<h2 class=\"wp-block-heading\"><a href=\"https:\/\/ffi.cinepass.sk\/en\/movies\/822cd356-2ed1-471e-bcd9-371ba1968cba\/\" target=\"_blank\" rel=\"noreferrer noopener\">Baby<\/a><\/h2>\n\n\n\n<p>Un film de\u00a0Marcelo Caetano, 2024, Br\u00e9sil, France, Pays-Bas, 107\u00a0min<\/p>\n\n\n\n<p>Projections :<\/p>\n\n\n\n<p>samedi 23 novembre 2024 \u00e0 19h30, Kino Film Europe, \u0160tef\u00e1nikova 25, Bratislava<\/p>\n\n\n\n<p>dimanche 24 novembre 2024 \u00e0 17h10, K1 Kino Lumi\u00e8re, \u0160pit\u00e1lska 4, 811&nbsp;08 Bratislava<\/p>\n\n\n\n<figure class=\"wp-block-embed is-type-video is-provider-youtube wp-block-embed-youtube wp-embed-aspect-16-9 wp-has-aspect-ratio\"><div class=\"wp-block-embed__wrapper\">\n<iframe loading=\"lazy\" title=\"BABY | Teaser Oficial\" width=\"500\" height=\"281\" src=\"https:\/\/www.youtube.com\/embed\/iCMLLgEJ1QE?feature=oembed\" frameborder=\"0\" allow=\"accelerometer; autoplay; clipboard-write; encrypted-media; gyroscope; picture-in-picture; web-share\" referrerpolicy=\"strict-origin-when-cross-origin\" allowfullscreen><\/iframe>\n<\/div><\/figure>\n\n\n<div class=\"space xs\"><\/div><\/div><\/div>\n\n\n\n<div class=\"wp-block-group\"><div class=\"wp-block-group__inner-container is-layout-constrained wp-block-group-is-layout-constrained\">\n<h2 class=\"wp-block-heading\"><a href=\"https:\/\/ffi.cinepass.sk\/en\/movies\/0c00c485-39e7-4904-a3a9-8583201bc742\/\" target=\"_blank\" rel=\"noreferrer noopener\">Trans Memoria<\/a><\/h2>\n\n\n\n<p>Un film de Victoria Verseau, 2024, Su\u00e8de, France, 72 min<\/p>\n\n\n\n<p>Projection : vendredi 22 novembre 2024 \u00e0 20h20, K4 Kino Lumi\u00e8re, \u0160pit\u00e1lska 4, Bratislava<\/p>\n\n\n\n<figure class=\"wp-block-embed is-type-video is-provider-youtube wp-block-embed-youtube wp-embed-aspect-16-9 wp-has-aspect-ratio\"><div class=\"wp-block-embed__wrapper\">\n<iframe loading=\"lazy\" title=\"TRANS MEMORIA - OFFICIAL INTERNATIONAL TRAILER\" width=\"500\" height=\"281\" src=\"https:\/\/www.youtube.com\/embed\/-7luzIkWWs0?feature=oembed\" frameborder=\"0\" allow=\"accelerometer; autoplay; clipboard-write; encrypted-media; gyroscope; picture-in-picture; web-share\" referrerpolicy=\"strict-origin-when-cross-origin\" allowfullscreen><\/iframe>\n<\/div><\/figure>\n\n\n<div class=\"space xs\"><\/div><\/div><\/div>\n\n\n\n<div class=\"wp-block-group\"><div class=\"wp-block-group__inner-container is-layout-constrained wp-block-group-is-layout-constrained\">\n<h2 class=\"wp-block-heading\"><a href=\"https:\/\/ffi.cinepass.sk\/en\/movies\/4f596b3a-0399-4bca-91c6-080df27da2fe\/\" target=\"_blank\" rel=\"noreferrer noopener\">Passage | Crossing<\/a><\/h2>\n\n\n\n<p>Un film de Levan Akin, 2024, Su\u00e8de, Danemark, Turquie, France, G\u00e9orgie, 106 min<\/p>\n\n\n\n<p>Projection : vendredi 22 novembre 2024 \u00e0 16h10, K1 Kino Lumi\u00e8re, \u0160pit\u00e1lska 4, Bratislava<\/p>\n\n\n\n<figure class=\"wp-block-embed is-type-video is-provider-youtube wp-block-embed-youtube wp-embed-aspect-16-9 wp-has-aspect-ratio\"><div class=\"wp-block-embed__wrapper\">\n<iframe loading=\"lazy\" title=\"Crossing Trailer #1 (2024)\" width=\"500\" height=\"281\" src=\"https:\/\/www.youtube.com\/embed\/Lpn4iRPuckg?feature=oembed\" frameborder=\"0\" allow=\"accelerometer; autoplay; clipboard-write; encrypted-media; gyroscope; picture-in-picture; web-share\" referrerpolicy=\"strict-origin-when-cross-origin\" allowfullscreen><\/iframe>\n<\/div><\/figure>\n\n\n<div class=\"space xs\"><\/div><\/div><\/div>\n\n\n\n<div class=\"wp-block-group\"><div class=\"wp-block-group__inner-container is-layout-constrained wp-block-group-is-layout-constrained\">\n<h2 class=\"wp-block-heading\"><a href=\"https:\/\/ffi.cinepass.sk\/en\/movies\/da1cff68-154f-4ed5-b42d-bd6f0cc7ae3a\/\" target=\"_blank\" rel=\"noreferrer noopener\">My Sunshine | Boku no ohisama<\/a><\/h2>\n\n\n\n<p>Un film de Hiroshi Okuyama, 2024, Japon, France, 90 min<\/p>\n\n\n\n<p>Projection : dimanche 24 novembre 2024 \u00e0 13h10, K4 Kino Lumi\u00e8re, \u0160pit\u00e1lska 4, 811&nbsp;08 Bratislava<\/p>\n\n\n\n<figure class=\"wp-block-embed is-type-video is-provider-youtube wp-block-embed-youtube wp-embed-aspect-16-9 wp-has-aspect-ratio\"><div class=\"wp-block-embed__wrapper\">\n<iframe loading=\"lazy\" title=\"MY SUNSHINE Clip | TIFF 2024\" width=\"500\" height=\"281\" src=\"https:\/\/www.youtube.com\/embed\/znUy1nkyR8M?feature=oembed\" frameborder=\"0\" allow=\"accelerometer; autoplay; clipboard-write; encrypted-media; gyroscope; picture-in-picture; web-share\" referrerpolicy=\"strict-origin-when-cross-origin\" allowfullscreen><\/iframe>\n<\/div><\/figure>\n\n\n<div class=\"space xs\"><\/div><\/div><\/div>\n\n\n\n<p>ainsi que les courts-m\u00e9trages :<\/p>\n\n\n\n<p><a href=\"https:\/\/ffi.cinepass.sk\/en\/movies\/0f16aedb-b408-4734-9e92-af580294744b\/\" target=\"_blank\" rel=\"noreferrer noopener\">Gigi<\/a> (r. Cynthia Calvi, 2023, France, 14 min), projection : mercredi 20 novembre 2024 \u00e0 18h, K2 Kino Lumi\u00e8re, \u0160pit\u00e1lska 4, Bratislava, dans le cadre de la s\u00e9rie de court-m\u00e9trages \u00ab\u00a0FFi kra\u0165asy : human behaviour\u00a0\u00bb<\/p>\n\n\n\n<p><a href=\"https:\/\/ffi.cinepass.sk\/en\/movies\/594e7f60-655d-4f0c-b54e-8154648d8d69\/\" target=\"_blank\" rel=\"noreferrer noopener\">Les gar\u00e7ons dans l\u2019eau<\/a> (r. Pawel Thomas Larue, 2023, France, 39 min), projection : lundi 25 novembre 2024 \u00e0 18h K2, Kino Lumi\u00e8re, \u0160pit\u00e1lska 4, Bratislava, dans le cadre de la s\u00e9rie de court-m\u00e9trages \u00ab\u00a0FFi kra\u0165asy : arisen my senses\u00a0\u00bb<\/p>\n\n\n\n<p><a href=\"https:\/\/ffi.cinepass.sk\/en\/movies\/d0bdf219-6a5a-4c8d-9ec2-8d046a9c75f4\/\" target=\"_blank\" rel=\"noreferrer noopener\">La tentation du panda roux<\/a> (Ha\u00efga Jappain, 2023, France, 18 min), projection : lundi 25 novembre 2024 \u00e0 18h K2, Kino Lumi\u00e8re, \u0160pit\u00e1lska 4, Bratislava, dans le cadre de la s\u00e9rie de court-m\u00e9trages \u00ab\u00a0FFi kra\u0165asy : arisen my senses\u00a0\u00bb<\/p>\n\n\n\n<p><a href=\"https:\/\/ffi.cinepass.sk\/sk\/movies\/86b41d6d-a525-4329-a5a5-22c43a59ea79\/\" target=\"_blank\" rel=\"noreferrer noopener\">Robespierre<\/a> (r. Pierre Menahem, 2024, France, 24 min), projection : mercredi 20 novembre 2024 \u00e0 18h, K2 Kino Lumi\u00e8re, \u0160pit\u00e1lska 4, Bratislava, dans le cadre de la s\u00e9rie de court-m\u00e9trages \u00ab\u00a0FFi kra\u0165asy : human behaviour\u00a0\u00bb<\/p>\n\n\n\n<p><a href=\"https:\/\/ffi.cinepass.sk\/en\/movies\/e8eb7699-a167-42e6-9cca-60f60ed7ff9f\/\" target=\"_blank\" rel=\"noreferrer noopener\">Je suis avec elle<\/a> (r. Melodie Bianca Cissou, 2023, France, 12 min), projection : lundi 25 novembre 2024 \u00e0 18h K2, Kino Lumi\u00e8re, \u0160pit\u00e1lska 4, Bratislava, dans le cadre de la s\u00e9rie de court-m\u00e9trages \u00ab\u00a0FFi kra\u0165asy : arisen my senses\u00a0\u00bb<\/p>\n\n\n\n<p>produits ou coproduits en France.<\/p>\n\n\n<a href=\"https:\/\/www.ffi.sk\/en\/ffi\/\" class=\"btn\" target=\"blank\" rel=\"noreferrer noopener\">Plus sur le festival sur www.ffi.sk<\/a>\n\n<div class=\"space md\"><\/div>","protected":false},"featured_media":33612,"template":"","typ-podujatia":[52],"acf":[],"yoast_head":"<!-- This site is optimized with the Yoast SEO plugin v24.5 - https:\/\/yoast.com\/wordpress\/plugins\/seo\/ -->\n<title>Films fran\u00e7ais au Slovak Queer Film Festival 2024 - Franc\u00fazsky in\u0161tit\u00fat na Slovensku<\/title>\n<meta name=\"description\" content=\"Films fran\u00e7ais au Slovak Queer Film Festival 2024\" \/>\n<meta name=\"robots\" content=\"index, follow, max-snippet:-1, max-image-preview:large, max-video-preview:-1\" \/>\n<link rel=\"canonical\" href=\"https:\/\/institutfrancais.sk\/fr\/podujatie\/films-francais-au-slovak-queer-film-festival-2024\/\" \/>\n<meta property=\"og:locale\" content=\"fr_FR\" \/>\n<meta property=\"og:type\" content=\"article\" \/>\n<meta property=\"og:title\" content=\"Films fran\u00e7ais au Slovak Queer Film Festival 2024 - Franc\u00fazsky in\u0161tit\u00fat na Slovensku\" \/>\n<meta property=\"og:description\" content=\"Films fran\u00e7ais au Slovak Queer Film Festival 2024\" \/>\n<meta property=\"og:url\" content=\"https:\/\/institutfrancais.sk\/fr\/podujatie\/films-francais-au-slovak-queer-film-festival-2024\/\" \/>\n<meta property=\"og:site_name\" content=\"Franc\u00fazsky in\u0161tit\u00fat na Slovensku\" \/>\n<meta property=\"article:modified_time\" content=\"2024-11-12T17:11:49+00:00\" \/>\n<meta property=\"og:image\" content=\"https:\/\/institutfrancais.sk\/wp-content\/uploads\/2024\/11\/FFi_24_web_cover_v01_n.jpg\" \/>\n\t<meta property=\"og:image:width\" content=\"1720\" \/>\n\t<meta property=\"og:image:height\" content=\"590\" \/>\n\t<meta property=\"og:image:type\" content=\"image\/jpeg\" \/>\n<meta name=\"twitter:card\" content=\"summary_large_image\" \/>\n<meta name=\"twitter:label1\" content=\"Dur\u00e9e de lecture estim\u00e9e\" \/>\n\t<meta name=\"twitter:data1\" content=\"4 minutes\" \/>\n<script type=\"application\/ld+json\" class=\"yoast-schema-graph\">{\"@context\":\"https:\/\/schema.org\",\"@graph\":[{\"@type\":\"WebPage\",\"@id\":\"https:\/\/institutfrancais.sk\/fr\/podujatie\/films-francais-au-slovak-queer-film-festival-2024\/\",\"url\":\"https:\/\/institutfrancais.sk\/fr\/podujatie\/films-francais-au-slovak-queer-film-festival-2024\/\",\"name\":\"Films fran\u00e7ais au Slovak Queer Film Festival 2024 - Franc\u00fazsky in\u0161tit\u00fat na Slovensku\",\"isPartOf\":{\"@id\":\"https:\/\/institutfrancais.sk\/fr\/#website\"},\"primaryImageOfPage\":{\"@id\":\"https:\/\/institutfrancais.sk\/fr\/podujatie\/films-francais-au-slovak-queer-film-festival-2024\/#primaryimage\"},\"image\":{\"@id\":\"https:\/\/institutfrancais.sk\/fr\/podujatie\/films-francais-au-slovak-queer-film-festival-2024\/#primaryimage\"},\"thumbnailUrl\":\"https:\/\/institutfrancais.sk\/wp-content\/uploads\/2024\/11\/FFi_24_web_cover_v01_n.jpg\",\"datePublished\":\"2024-11-06T17:10:07+00:00\",\"dateModified\":\"2024-11-12T17:11:49+00:00\",\"description\":\"Films fran\u00e7ais au Slovak Queer Film Festival 2024\",\"breadcrumb\":{\"@id\":\"https:\/\/institutfrancais.sk\/fr\/podujatie\/films-francais-au-slovak-queer-film-festival-2024\/#breadcrumb\"},\"inLanguage\":\"fr-FR\",\"potentialAction\":[{\"@type\":\"ReadAction\",\"target\":[\"https:\/\/institutfrancais.sk\/fr\/podujatie\/films-francais-au-slovak-queer-film-festival-2024\/\"]}]},{\"@type\":\"ImageObject\",\"inLanguage\":\"fr-FR\",\"@id\":\"https:\/\/institutfrancais.sk\/fr\/podujatie\/films-francais-au-slovak-queer-film-festival-2024\/#primaryimage\",\"url\":\"https:\/\/institutfrancais.sk\/wp-content\/uploads\/2024\/11\/FFi_24_web_cover_v01_n.jpg\",\"contentUrl\":\"https:\/\/institutfrancais.sk\/wp-content\/uploads\/2024\/11\/FFi_24_web_cover_v01_n.jpg\",\"width\":1720,\"height\":590},{\"@type\":\"BreadcrumbList\",\"@id\":\"https:\/\/institutfrancais.sk\/fr\/podujatie\/films-francais-au-slovak-queer-film-festival-2024\/#breadcrumb\",\"itemListElement\":[{\"@type\":\"ListItem\",\"position\":1,\"name\":\"Home\",\"item\":\"https:\/\/institutfrancais.sk\/fr\/\"},{\"@type\":\"ListItem\",\"position\":2,\"name\":\"Events\",\"item\":\"https:\/\/institutfrancais.sk\/fr\/podujatie\/\"},{\"@type\":\"ListItem\",\"position\":3,\"name\":\"Films fran\u00e7ais au Slovak Queer Film Festival 2024\"}]},{\"@type\":\"WebSite\",\"@id\":\"https:\/\/institutfrancais.sk\/fr\/#website\",\"url\":\"https:\/\/institutfrancais.sk\/fr\/\",\"name\":\"Franc\u00fazsky in\u0161tit\u00fat na Slovensku\",\"description\":\"Franc\u00fazsky in\u0161tit\u00fat na Slovensku\",\"potentialAction\":[{\"@type\":\"SearchAction\",\"target\":{\"@type\":\"EntryPoint\",\"urlTemplate\":\"https:\/\/institutfrancais.sk\/fr\/?s={search_term_string}\"},\"query-input\":{\"@type\":\"PropertyValueSpecification\",\"valueRequired\":true,\"valueName\":\"search_term_string\"}}],\"inLanguage\":\"fr-FR\"}]}<\/script>\n<!-- \/ Yoast SEO plugin. -->","yoast_head_json":{"title":"Films fran\u00e7ais au Slovak Queer Film Festival 2024 - Franc\u00fazsky in\u0161tit\u00fat na Slovensku","description":"Films fran\u00e7ais au Slovak Queer Film Festival 2024","robots":{"index":"index","follow":"follow","max-snippet":"max-snippet:-1","max-image-preview":"max-image-preview:large","max-video-preview":"max-video-preview:-1"},"canonical":"https:\/\/institutfrancais.sk\/fr\/podujatie\/films-francais-au-slovak-queer-film-festival-2024\/","og_locale":"fr_FR","og_type":"article","og_title":"Films fran\u00e7ais au Slovak Queer Film Festival 2024 - Franc\u00fazsky in\u0161tit\u00fat na Slovensku","og_description":"Films fran\u00e7ais au Slovak Queer Film Festival 2024","og_url":"https:\/\/institutfrancais.sk\/fr\/podujatie\/films-francais-au-slovak-queer-film-festival-2024\/","og_site_name":"Franc\u00fazsky in\u0161tit\u00fat na Slovensku","article_modified_time":"2024-11-12T17:11:49+00:00","og_image":[{"width":1720,"height":590,"url":"https:\/\/institutfrancais.sk\/wp-content\/uploads\/2024\/11\/FFi_24_web_cover_v01_n.jpg","type":"image\/jpeg"}],"twitter_card":"summary_large_image","twitter_misc":{"Dur\u00e9e de lecture estim\u00e9e":"4 minutes"},"schema":{"@context":"https:\/\/schema.org","@graph":[{"@type":"WebPage","@id":"https:\/\/institutfrancais.sk\/fr\/podujatie\/films-francais-au-slovak-queer-film-festival-2024\/","url":"https:\/\/institutfrancais.sk\/fr\/podujatie\/films-francais-au-slovak-queer-film-festival-2024\/","name":"Films fran\u00e7ais au Slovak Queer Film Festival 2024 - Franc\u00fazsky in\u0161tit\u00fat na Slovensku","isPartOf":{"@id":"https:\/\/institutfrancais.sk\/fr\/#website"},"primaryImageOfPage":{"@id":"https:\/\/institutfrancais.sk\/fr\/podujatie\/films-francais-au-slovak-queer-film-festival-2024\/#primaryimage"},"image":{"@id":"https:\/\/institutfrancais.sk\/fr\/podujatie\/films-francais-au-slovak-queer-film-festival-2024\/#primaryimage"},"thumbnailUrl":"https:\/\/institutfrancais.sk\/wp-content\/uploads\/2024\/11\/FFi_24_web_cover_v01_n.jpg","datePublished":"2024-11-06T17:10:07+00:00","dateModified":"2024-11-12T17:11:49+00:00","description":"Films fran\u00e7ais au Slovak Queer Film Festival 2024","breadcrumb":{"@id":"https:\/\/institutfrancais.sk\/fr\/podujatie\/films-francais-au-slovak-queer-film-festival-2024\/#breadcrumb"},"inLanguage":"fr-FR","potentialAction":[{"@type":"ReadAction","target":["https:\/\/institutfrancais.sk\/fr\/podujatie\/films-francais-au-slovak-queer-film-festival-2024\/"]}]},{"@type":"ImageObject","inLanguage":"fr-FR","@id":"https:\/\/institutfrancais.sk\/fr\/podujatie\/films-francais-au-slovak-queer-film-festival-2024\/#primaryimage","url":"https:\/\/institutfrancais.sk\/wp-content\/uploads\/2024\/11\/FFi_24_web_cover_v01_n.jpg","contentUrl":"https:\/\/institutfrancais.sk\/wp-content\/uploads\/2024\/11\/FFi_24_web_cover_v01_n.jpg","width":1720,"height":590},{"@type":"BreadcrumbList","@id":"https:\/\/institutfrancais.sk\/fr\/podujatie\/films-francais-au-slovak-queer-film-festival-2024\/#breadcrumb","itemListElement":[{"@type":"ListItem","position":1,"name":"Home","item":"https:\/\/institutfrancais.sk\/fr\/"},{"@type":"ListItem","position":2,"name":"Events","item":"https:\/\/institutfrancais.sk\/fr\/podujatie\/"},{"@type":"ListItem","position":3,"name":"Films fran\u00e7ais au Slovak Queer Film Festival 2024"}]},{"@type":"WebSite","@id":"https:\/\/institutfrancais.sk\/fr\/#website","url":"https:\/\/institutfrancais.sk\/fr\/","name":"Franc\u00fazsky in\u0161tit\u00fat na Slovensku","description":"Franc\u00fazsky in\u0161tit\u00fat na Slovensku","potentialAction":[{"@type":"SearchAction","target":{"@type":"EntryPoint","urlTemplate":"https:\/\/institutfrancais.sk\/fr\/?s={search_term_string}"},"query-input":{"@type":"PropertyValueSpecification","valueRequired":true,"valueName":"search_term_string"}}],"inLanguage":"fr-FR"}]}},"_links":{"self":[{"href":"https:\/\/institutfrancais.sk\/fr\/wp-json\/wp\/v2\/podujatie\/33613"}],"collection":[{"href":"https:\/\/institutfrancais.sk\/fr\/wp-json\/wp\/v2\/podujatie"}],"about":[{"href":"https:\/\/institutfrancais.sk\/fr\/wp-json\/wp\/v2\/types\/podujatie"}],"wp:featuredmedia":[{"embeddable":true,"href":"https:\/\/institutfrancais.sk\/fr\/wp-json\/wp\/v2\/media\/33612"}],"wp:attachment":[{"href":"https:\/\/institutfrancais.sk\/fr\/wp-json\/wp\/v2\/media?parent=33613"}],"wp:term":[{"taxonomy":"typ-podujatia","embeddable":true,"href":"https:\/\/institutfrancais.sk\/fr\/wp-json\/wp\/v2\/typ-podujatia?post=33613"}],"curies":[{"name":"wp","href":"https:\/\/api.w.org\/{rel}","templated":true}]}}