{"id":33616,"date":"2024-11-06T17:58:47","date_gmt":"2024-11-06T16:58:47","guid":{"rendered":"https:\/\/institutfrancais.sk\/?post_type=podujatie&#038;p=33616"},"modified":"2024-11-18T15:15:04","modified_gmt":"2024-11-18T14:15:04","slug":"exposition-phenomenales-danne-plaisance","status":"publish","type":"podujatie","link":"https:\/\/institutfrancais.sk\/fr\/podujatie\/exposition-phenomenales-danne-plaisance\/","title":{"rendered":"Exposition \u00ab\u00a0Ph\u00e9nom\u00e9nales\u00a0\u00bb d&rsquo;Anne Plaisance"},"content":{"rendered":"\n<p>L\u2019exposition <strong>Ph\u00e9nom\u00e9nales<\/strong> d&rsquo;Anne Plaisance, pr\u00e9sent\u00e9e \u00e0 l&rsquo;Institut fran\u00e7ais de Slovaquie, fait partie du projet international <strong>Wonder Women Now<\/strong>, un projet artistique d\u2019\u00e9mancipation des femmes qui aborde la probl\u00e9matique de la violence domestique \u00e0 travers le monde.&nbsp;<\/p>\n\n\n\n<p>Dans <strong>Ph\u00e9nom\u00e9nales<\/strong>, Plaisance explore les r\u00e9cits h\u00e9ro\u00efques de femmes et d\u2019enfants qui ont surv\u00e9cu \u00e0 la violence domestique, transformant leurs exp\u00e9riences traumatiques gr\u00e2ce \u00e0 leur force et r\u00e9silience. Les visiteurs sont invit\u00e9s \u00e0 traverser un parcours immersif et multisensoriel o\u00f9 diff\u00e9rentes disciplines artistiques, telles que la photographie, la peinture, l&rsquo;installation et les t\u00e9moignages de survivantes, convergent pour cr\u00e9er une exp\u00e9rience engageante.&nbsp;<\/p>\n\n\n\n<p>Les \u0153uvres phares incluent des installations marquantes comme \u201cBorn to&nbsp;be Abused\u201d qui d\u00e9nonce la r\u00e9alit\u00e9 brutale \u00e0 laquelle de nombreuses femmes sont confront\u00e9es, o\u00f9 la violence semble ancr\u00e9e d\u00e8s la naissance. Quant \u00e0 \u201cBadrooms\u201d, cette s\u00e9rie nous plonge dans la r\u00e9alit\u00e9 sordide que trop d\u2019enfants connaissent encore aujourd\u2019hui. Au niveau sensoriel, \u201cLes parfums\u201d, une installation qui interpelle, s\u2019inspire des codes du luxe, et les d\u00e9tourne pour montrer l\u2019industrialisation du syst\u00e8me d\u2019oppression patriarchale auquel une grande majorit\u00e9 de femmes fait face au quotidien, \u00e0 la maison, au travail et au sein des institutions.<\/p>\n\n\n\n<p>La mont\u00e9e des violences domestiques pendant la pand\u00e9mie mondiale a&nbsp;exacerb\u00e9 les d\u00e9fis pour les victimes, un fait soulign\u00e9 par Anita Bhatia, directrice ex\u00e9cutive adjointe d\u2019ONU Femmes, qui a&nbsp;d\u00e9clar\u00e9 que le confinement avait \u00ab\u00a0pervers\u00e9ment impact\u00e9 les victimes de violences domestiques\u00a0\u00bb. La violence domestique durant le lockdown a&nbsp;augment\u00e9 de 20 \u00e0 200 %, dans le monde, plongeant des familles enti\u00e8res dans le chaos.<\/p>\n\n\n\n<p>Dans cette exposition, les \u0153uvres de Plaisance offrent une voix aux survivantes et encouragent une r\u00e9flexion sur le pouvoir de la r\u00e9silience. L&rsquo;artiste utilise son travail pour incarner l\u2019espoir et l&rsquo;\u00e9mancipation, cr\u00e9ant un espace de gu\u00e9rison \u00e0 travers l&rsquo;art. <strong>Ph\u00e9nom\u00e9nales<\/strong> invite le public \u00e0 ne pas rester simple spectateur, mais \u00e0 devenir partie prenante dans ce voyage de r\u00e9invention et de gu\u00e9rison.&nbsp;<\/p>\n\n\n\n<figure class=\"wp-block-gallery has-nested-images columns-default is-cropped wp-block-gallery-1 is-layout-flex wp-block-gallery-is-layout-flex\">\n<figure class=\"wp-block-image size-large\"><img loading=\"lazy\" decoding=\"async\" width=\"403\" height=\"537\" data-id=\"33868\" src=\"https:\/\/institutfrancais.sk\/wp-content\/uploads\/2024\/11\/Anne-Plaisance-Wonder-Women-1-403x537.jpg\" alt=\"\" class=\"wp-image-33868\" srcset=\"https:\/\/institutfrancais.sk\/wp-content\/uploads\/2024\/11\/Anne-Plaisance-Wonder-Women-1-403x537.jpg 403w, https:\/\/institutfrancais.sk\/wp-content\/uploads\/2024\/11\/Anne-Plaisance-Wonder-Women-1-263x350.jpg 263w, https:\/\/institutfrancais.sk\/wp-content\/uploads\/2024\/11\/Anne-Plaisance-Wonder-Women-1-768x1024.jpg 768w, https:\/\/institutfrancais.sk\/wp-content\/uploads\/2024\/11\/Anne-Plaisance-Wonder-Women-1-1152x1536.jpg 1152w, https:\/\/institutfrancais.sk\/wp-content\/uploads\/2024\/11\/Anne-Plaisance-Wonder-Women-1-750x1000.jpg 750w, https:\/\/institutfrancais.sk\/wp-content\/uploads\/2024\/11\/Anne-Plaisance-Wonder-Women-1.jpg 1440w\" sizes=\"(max-width: 403px) 100vw, 403px\" \/><\/figure>\n\n\n\n<figure class=\"wp-block-image size-large\"><img loading=\"lazy\" decoding=\"async\" width=\"432\" height=\"537\" data-id=\"33870\" src=\"https:\/\/institutfrancais.sk\/wp-content\/uploads\/2024\/11\/Anne-Plaisance-Born-to-be-abused-432x537.jpg\" alt=\"\" class=\"wp-image-33870\" srcset=\"https:\/\/institutfrancais.sk\/wp-content\/uploads\/2024\/11\/Anne-Plaisance-Born-to-be-abused-432x537.jpg 432w, https:\/\/institutfrancais.sk\/wp-content\/uploads\/2024\/11\/Anne-Plaisance-Born-to-be-abused-281x350.jpg 281w, https:\/\/institutfrancais.sk\/wp-content\/uploads\/2024\/11\/Anne-Plaisance-Born-to-be-abused-768x956.jpg 768w, https:\/\/institutfrancais.sk\/wp-content\/uploads\/2024\/11\/Anne-Plaisance-Born-to-be-abused-1234x1536.jpg 1234w, https:\/\/institutfrancais.sk\/wp-content\/uploads\/2024\/11\/Anne-Plaisance-Born-to-be-abused-804x1000.jpg 804w, https:\/\/institutfrancais.sk\/wp-content\/uploads\/2024\/11\/Anne-Plaisance-Born-to-be-abused.jpg 1543w\" sizes=\"(max-width: 432px) 100vw, 432px\" \/><\/figure>\n\n\n\n<figure class=\"wp-block-image size-large\"><img loading=\"lazy\" decoding=\"async\" width=\"403\" height=\"537\" data-id=\"33874\" src=\"https:\/\/institutfrancais.sk\/wp-content\/uploads\/2024\/11\/Anne-Plaisance-Gods-away-on-business-16x12x9-2018-copy-403x537.jpg\" alt=\"\" class=\"wp-image-33874\" srcset=\"https:\/\/institutfrancais.sk\/wp-content\/uploads\/2024\/11\/Anne-Plaisance-Gods-away-on-business-16x12x9-2018-copy-403x537.jpg 403w, https:\/\/institutfrancais.sk\/wp-content\/uploads\/2024\/11\/Anne-Plaisance-Gods-away-on-business-16x12x9-2018-copy-263x350.jpg 263w, https:\/\/institutfrancais.sk\/wp-content\/uploads\/2024\/11\/Anne-Plaisance-Gods-away-on-business-16x12x9-2018-copy-768x1024.jpg 768w, https:\/\/institutfrancais.sk\/wp-content\/uploads\/2024\/11\/Anne-Plaisance-Gods-away-on-business-16x12x9-2018-copy-1152x1536.jpg 1152w, https:\/\/institutfrancais.sk\/wp-content\/uploads\/2024\/11\/Anne-Plaisance-Gods-away-on-business-16x12x9-2018-copy-750x1000.jpg 750w, https:\/\/institutfrancais.sk\/wp-content\/uploads\/2024\/11\/Anne-Plaisance-Gods-away-on-business-16x12x9-2018-copy.jpg 1440w\" sizes=\"(max-width: 403px) 100vw, 403px\" \/><\/figure>\n\n\n\n<figure class=\"wp-block-image size-large\"><img loading=\"lazy\" decoding=\"async\" width=\"403\" height=\"537\" data-id=\"33876\" src=\"https:\/\/institutfrancais.sk\/wp-content\/uploads\/2024\/11\/Badrooms-Paris-2-403x537.jpg\" alt=\"\" class=\"wp-image-33876\" srcset=\"https:\/\/institutfrancais.sk\/wp-content\/uploads\/2024\/11\/Badrooms-Paris-2-403x537.jpg 403w, https:\/\/institutfrancais.sk\/wp-content\/uploads\/2024\/11\/Badrooms-Paris-2-263x350.jpg 263w, https:\/\/institutfrancais.sk\/wp-content\/uploads\/2024\/11\/Badrooms-Paris-2-768x1024.jpg 768w, https:\/\/institutfrancais.sk\/wp-content\/uploads\/2024\/11\/Badrooms-Paris-2-1152x1536.jpg 1152w, https:\/\/institutfrancais.sk\/wp-content\/uploads\/2024\/11\/Badrooms-Paris-2-750x1000.jpg 750w, https:\/\/institutfrancais.sk\/wp-content\/uploads\/2024\/11\/Badrooms-Paris-2.jpg 1440w\" sizes=\"(max-width: 403px) 100vw, 403px\" \/><\/figure>\n\n\n\n<figure class=\"wp-block-image size-large\"><img loading=\"lazy\" decoding=\"async\" width=\"537\" height=\"537\" data-id=\"33872\" src=\"https:\/\/institutfrancais.sk\/wp-content\/uploads\/2024\/11\/La-charge-Mentale-537x537.jpg\" alt=\"\" class=\"wp-image-33872\" srcset=\"https:\/\/institutfrancais.sk\/wp-content\/uploads\/2024\/11\/La-charge-Mentale-537x537.jpg 537w, https:\/\/institutfrancais.sk\/wp-content\/uploads\/2024\/11\/La-charge-Mentale-350x350.jpg 350w, https:\/\/institutfrancais.sk\/wp-content\/uploads\/2024\/11\/La-charge-Mentale-150x150.jpg 150w, https:\/\/institutfrancais.sk\/wp-content\/uploads\/2024\/11\/La-charge-Mentale-768x768.jpg 768w, https:\/\/institutfrancais.sk\/wp-content\/uploads\/2024\/11\/La-charge-Mentale-1536x1536.jpg 1536w, https:\/\/institutfrancais.sk\/wp-content\/uploads\/2024\/11\/La-charge-Mentale-1000x1000.jpg 1000w, https:\/\/institutfrancais.sk\/wp-content\/uploads\/2024\/11\/La-charge-Mentale.jpg 1920w\" sizes=\"(max-width: 537px) 100vw, 537px\" \/><\/figure>\n\n\n\n<figure class=\"wp-block-image size-large\"><img loading=\"lazy\" decoding=\"async\" width=\"403\" height=\"537\" data-id=\"33878\" src=\"https:\/\/institutfrancais.sk\/wp-content\/uploads\/2024\/11\/Les-Parfums-Shame-No5-403x537.jpg\" alt=\"\" class=\"wp-image-33878\" srcset=\"https:\/\/institutfrancais.sk\/wp-content\/uploads\/2024\/11\/Les-Parfums-Shame-No5-403x537.jpg 403w, https:\/\/institutfrancais.sk\/wp-content\/uploads\/2024\/11\/Les-Parfums-Shame-No5-263x350.jpg 263w, https:\/\/institutfrancais.sk\/wp-content\/uploads\/2024\/11\/Les-Parfums-Shame-No5-768x1024.jpg 768w, https:\/\/institutfrancais.sk\/wp-content\/uploads\/2024\/11\/Les-Parfums-Shame-No5-1152x1536.jpg 1152w, https:\/\/institutfrancais.sk\/wp-content\/uploads\/2024\/11\/Les-Parfums-Shame-No5-750x1000.jpg 750w, https:\/\/institutfrancais.sk\/wp-content\/uploads\/2024\/11\/Les-Parfums-Shame-No5.jpg 1440w\" sizes=\"(max-width: 403px) 100vw, 403px\" \/><\/figure>\n<\/figure>\n\n\n<div class=\"space xs\"><\/div>\n\n\n<h2 class=\"wp-block-heading\">Anne Plaisance<\/h2>\n\n\n\n<p>Artiste peintre de renomm\u00e9e internationale, <strong>Anne Plaisance<\/strong> s\u2019est affirm\u00e9e comme une figure incontournable de la sc\u00e8ne artistique contemporaine, avec plus de 100 expositions \u00e0 travers le monde. R\u00e9compens\u00e9e \u00e0 de nombreuses reprises, elle a&nbsp;re\u00e7u des distinctions majeures ainsi que des subventions du prestigieux Cambridge Arts Council et du Massachusetts Cultural Council. Son \u0153uvre, impr\u00e9gn\u00e9e d\u2019un engagement artistique et social profond, a&nbsp;\u00e9t\u00e9 largement mise en avant dans des m\u00e9dias influents tels que&nbsp;<em>The Boston Globe<\/em>,&nbsp;<em>Harper\u2019s Bazaar<\/em>,&nbsp;<em>Elle Decoration<\/em>&nbsp;et&nbsp;<em>Artscope<\/em>. Elle est \u00e9galement r\u00e9guli\u00e8rement invit\u00e9e sur des cha\u00eenes de t\u00e9l\u00e9vision et de radio.<\/p>\n\n\n\n<p>Ses cr\u00e9ations figurent dans des collections priv\u00e9es prestigieuses \u00e0 Londres, Milan, Paris, Varsovie, Duba\u00ef, Kyoto, Boston, entre autres, faisant d\u2019elle une artiste internationalement collectionn\u00e9e et reconnue. Elle a&nbsp;\u00e9galement enrichi sa pratique lors de r\u00e9sidences artistiques renomm\u00e9es comme le&nbsp;<em>Vermont Studio Center<\/em>&nbsp;aux \u00c9tats-Unis,&nbsp;<em>Saruya &#8211;&nbsp;Fujiyoshida<\/em>&nbsp;au Japon,&nbsp;<em>DFEWA Mallnitz<\/em>&nbsp;en Autriche et&nbsp;<em>DFEWA Ulcinj<\/em>&nbsp;au Mont\u00e9n\u00e9gro.<\/p>\n\n\n\n<p>Fondatrice du projet&nbsp;<strong>Wonder Women Now<\/strong>, une exposition artistique transformatrice, elle s&rsquo;est distingu\u00e9e par son engagement en faveur de l&rsquo;\u00e9mancipation des femmes et par son approche audacieuse de la probl\u00e9matique mondiale des violences domestiques, faisant de son \u0153uvre un puissant levier de changement social et culturel.<\/p>\n\n\n\n<figure class=\"wp-block-image size-large\"><img loading=\"lazy\" decoding=\"async\" width=\"411\" height=\"537\" src=\"https:\/\/institutfrancais.sk\/wp-content\/uploads\/2024\/11\/Anne-Plaisance-411x537.jpg\" alt=\"\" class=\"wp-image-33621\" srcset=\"https:\/\/institutfrancais.sk\/wp-content\/uploads\/2024\/11\/Anne-Plaisance-411x537.jpg 411w, https:\/\/institutfrancais.sk\/wp-content\/uploads\/2024\/11\/Anne-Plaisance-268x350.jpg 268w, https:\/\/institutfrancais.sk\/wp-content\/uploads\/2024\/11\/Anne-Plaisance-768x1002.jpg 768w, https:\/\/institutfrancais.sk\/wp-content\/uploads\/2024\/11\/Anne-Plaisance-766x1000.jpg 766w, https:\/\/institutfrancais.sk\/wp-content\/uploads\/2024\/11\/Anne-Plaisance.jpg 960w\" sizes=\"(max-width: 411px) 100vw, 411px\" \/><\/figure>\n\n\n<div class=\"space xs\"><\/div>\n\n\n<h2 class=\"wp-block-heading\">D\u00e9claration de l&rsquo;artiste<\/h2>\n\n\n\n<p>Mon art est ma voix dans un monde souvent r\u00e9duit au silence par la peur et l&rsquo;injustice. Chaque coup de pinceau, chaque m\u00e9dium avec lequel je travaille, devient un cri de r\u00e9volte contre l&rsquo;oppression, un hymne \u00e0 la r\u00e9silience et une exploration de la condition humaine. \u00c0 travers mon travail, je confronte le personnel et le politique, les traumatismes invisibles qui fa\u00e7onnent les vies, le pouvoir de l&rsquo;espoir et de la transformation. Mon pinceau est mon \u00e9p\u00e9e, tranchant \u00e0 travers le silence, la honte et l&rsquo;indiff\u00e9rence.<\/p>\n\n\n\n<p>Au c\u0153ur de ma pratique se trouve un engagement profond pour l&rsquo;\u00e9mancipation des femmes. J\u2019explore les complexit\u00e9s du genre, de la violence et de la survie, tissant des r\u00e9cits qui exigent d&rsquo;\u00eatre vus et qui provoquent le dialogue. Je travaille avec une diversit\u00e9 de m\u00e9diums\u2014peinture, installation, sculpture, collage, vid\u00e9o\u2014\u00e9voluant constamment pour refl\u00e9ter la nature multiforme des histoires que je raconte. Mes mat\u00e9riaux sont aussi vari\u00e9s que les \u00e9motions que je canalise : toile, papier, argile, fil barbel\u00e9, poup\u00e9es, sacs Louis Vuitton, missels du XVIIIe si\u00e8cle, intelligence artificielle et objets trouv\u00e9s. Chaque \u00e9l\u00e9ment porte sa propre histoire, que je r\u00e9invente pour cr\u00e9er un nouveau langage visuel de r\u00e9silience et de d\u00e9fi.<\/p>\n\n\n\n<p>L\u2019art est un acte de r\u00e9sistance et un phare d\u2019espoir. Il a&nbsp;le pouvoir de rendre visible l\u2019invisible, de d\u00e9fier le statu quo et d&rsquo;inspirer le changement. \u00c0 travers mon travail, je vous invite \u00e0 entrer dans un monde o\u00f9 les complexit\u00e9s de la vie\u2014sa beaut\u00e9, sa douleur, sa r\u00e9silience\u2014sont explor\u00e9es en profondeur, avec honn\u00eatet\u00e9 et c\u0153ur.<\/p>\n\n\n<div class=\"space xs\"><\/div>\n\n\n<h2 class=\"wp-block-heading\">Liens utiles<\/h2>\n\n\n\n<p><a href=\"https:\/\/www.anneplaisance.com\/\">https:\/\/www.anneplaisance.com\/<\/a><\/p>\n\n\n\n<p><a href=\"https:\/\/www.instagram.com\/anneplaisance\">https:\/\/www.instagram.com\/anneplaisance<\/a><\/p>\n\n\n\n<p><a href=\"https:\/\/www.facebook.com\/profile.php?id=100063915008930\">https:\/\/www.facebook.com\/profile.php?id=100063915008930<\/a><\/p>\n\n\n\n<p><a href=\"https:\/\/www.facebook.com\/anne.plaisance\">https:\/\/www.facebook.com\/anne.plaisance<\/a><\/p>\n\n\n\n<p><a href=\"https:\/\/www.linkedin.com\/in\/theanneplaisance\">https:\/\/www.linkedin.com\/in\/theanneplaisance<\/a><\/p>\n\n\n\n<p><a href=\"http:\/\/www.anneplaisance.com\/\">www.anneplaisance.com<\/a><\/p>\n\n\n\n<p><a href=\"https:\/\/wonderwomennow.com\/\">wonderwomennow.com<\/a><\/p>\n\n\n\n<p>#anneplaisance<\/p>\n\n\n\n<p>#wonderwomennow<\/p>\n\n\n\n<p><a href=\"https:\/\/www.bostonglobe.com\/2022\/03\/10\/arts\/wonder-women-now-artists-around-world-shine-light-domestic-violence\/?event=event12\">In \u2018Wonder Women Now,\u2019 artists from around the world shine a&nbsp;light on domestic violence &#8211;&nbsp;The Boston Globe<\/a><\/p>\n\n\n\n<p><a href=\"https:\/\/www.artmajeur.com\/anne-plaisance\">https:\/\/www.artmajeur.com\/anne-plaisance<\/a><\/p>\n\n\n<div class=\"space\"><\/div>\n\n<\/div><iframe loading=\"lazy\" src=\"https:\/\/www.google.com\/maps\/embed?pb=!1m18!1m12!1m3!1d2662.2735746915087!2d17.10532635165492!3d48.14353077912193!2m3!1f0!2f0!3f0!3m2!1i1024!2i768!4f13.1!3m3!1m2!1s0x476c8942d3867d0f%3A0xf92cfa7be90ee73!2zRnJhbmPDunpza3kgaW7FoXRpdMO6dA!5e0!3m2!1ssk!2ssk!4v1575902399794!5m2!1ssk!2ssk\" width=\"100%\" height=\"558\" frameborder=\"0\" class=\"gmap-iframe\" allowfullscreen=\"\"><\/iframe><div class=\"wrap narrow-wrap\">","protected":false},"featured_media":33619,"template":"","typ-podujatia":[56],"acf":[],"yoast_head":"<!-- This site is optimized with the Yoast SEO plugin v24.5 - https:\/\/yoast.com\/wordpress\/plugins\/seo\/ -->\n<title>Exposition &quot;Ph\u00e9nom\u00e9nales&quot; d&#039;Anne Plaisance - Franc\u00fazsky in\u0161tit\u00fat na Slovensku<\/title>\n<meta name=\"description\" content=\"Exposition &quot;Ph\u00e9nom\u00e9nales&quot; d&#039;Anne Plaisance\" \/>\n<meta name=\"robots\" content=\"index, follow, max-snippet:-1, max-image-preview:large, max-video-preview:-1\" \/>\n<link rel=\"canonical\" href=\"https:\/\/institutfrancais.sk\/fr\/podujatie\/exposition-phenomenales-danne-plaisance\/\" \/>\n<meta property=\"og:locale\" content=\"fr_FR\" \/>\n<meta property=\"og:type\" content=\"article\" \/>\n<meta property=\"og:title\" content=\"Exposition &quot;Ph\u00e9nom\u00e9nales&quot; d&#039;Anne Plaisance - Franc\u00fazsky in\u0161tit\u00fat na Slovensku\" \/>\n<meta property=\"og:description\" content=\"Exposition &quot;Ph\u00e9nom\u00e9nales&quot; d&#039;Anne Plaisance\" \/>\n<meta property=\"og:url\" content=\"https:\/\/institutfrancais.sk\/fr\/podujatie\/exposition-phenomenales-danne-plaisance\/\" \/>\n<meta property=\"og:site_name\" content=\"Franc\u00fazsky in\u0161tit\u00fat na Slovensku\" \/>\n<meta property=\"article:modified_time\" content=\"2024-11-18T14:15:04+00:00\" \/>\n<meta property=\"og:image\" content=\"https:\/\/institutfrancais.sk\/wp-content\/uploads\/2024\/11\/visuel-Phenomenales.jpg\" \/>\n\t<meta property=\"og:image:width\" content=\"960\" \/>\n\t<meta property=\"og:image:height\" content=\"1280\" \/>\n\t<meta property=\"og:image:type\" content=\"image\/jpeg\" \/>\n<meta name=\"twitter:card\" content=\"summary_large_image\" \/>\n<meta name=\"twitter:label1\" content=\"Dur\u00e9e de lecture estim\u00e9e\" \/>\n\t<meta name=\"twitter:data1\" content=\"6 minutes\" \/>\n<script type=\"application\/ld+json\" class=\"yoast-schema-graph\">{\"@context\":\"https:\/\/schema.org\",\"@graph\":[{\"@type\":\"WebPage\",\"@id\":\"https:\/\/institutfrancais.sk\/fr\/podujatie\/exposition-phenomenales-danne-plaisance\/\",\"url\":\"https:\/\/institutfrancais.sk\/fr\/podujatie\/exposition-phenomenales-danne-plaisance\/\",\"name\":\"Exposition \\\"Ph\u00e9nom\u00e9nales\\\" d'Anne Plaisance - Franc\u00fazsky in\u0161tit\u00fat na Slovensku\",\"isPartOf\":{\"@id\":\"https:\/\/institutfrancais.sk\/fr\/#website\"},\"primaryImageOfPage\":{\"@id\":\"https:\/\/institutfrancais.sk\/fr\/podujatie\/exposition-phenomenales-danne-plaisance\/#primaryimage\"},\"image\":{\"@id\":\"https:\/\/institutfrancais.sk\/fr\/podujatie\/exposition-phenomenales-danne-plaisance\/#primaryimage\"},\"thumbnailUrl\":\"https:\/\/institutfrancais.sk\/wp-content\/uploads\/2024\/11\/visuel-Phenomenales.jpg\",\"datePublished\":\"2024-11-06T16:58:47+00:00\",\"dateModified\":\"2024-11-18T14:15:04+00:00\",\"description\":\"Exposition \\\"Ph\u00e9nom\u00e9nales\\\" d'Anne Plaisance\",\"breadcrumb\":{\"@id\":\"https:\/\/institutfrancais.sk\/fr\/podujatie\/exposition-phenomenales-danne-plaisance\/#breadcrumb\"},\"inLanguage\":\"fr-FR\",\"potentialAction\":[{\"@type\":\"ReadAction\",\"target\":[\"https:\/\/institutfrancais.sk\/fr\/podujatie\/exposition-phenomenales-danne-plaisance\/\"]}]},{\"@type\":\"ImageObject\",\"inLanguage\":\"fr-FR\",\"@id\":\"https:\/\/institutfrancais.sk\/fr\/podujatie\/exposition-phenomenales-danne-plaisance\/#primaryimage\",\"url\":\"https:\/\/institutfrancais.sk\/wp-content\/uploads\/2024\/11\/visuel-Phenomenales.jpg\",\"contentUrl\":\"https:\/\/institutfrancais.sk\/wp-content\/uploads\/2024\/11\/visuel-Phenomenales.jpg\",\"width\":960,\"height\":1280},{\"@type\":\"BreadcrumbList\",\"@id\":\"https:\/\/institutfrancais.sk\/fr\/podujatie\/exposition-phenomenales-danne-plaisance\/#breadcrumb\",\"itemListElement\":[{\"@type\":\"ListItem\",\"position\":1,\"name\":\"Home\",\"item\":\"https:\/\/institutfrancais.sk\/fr\/\"},{\"@type\":\"ListItem\",\"position\":2,\"name\":\"Events\",\"item\":\"https:\/\/institutfrancais.sk\/fr\/podujatie\/\"},{\"@type\":\"ListItem\",\"position\":3,\"name\":\"Exposition &#8222;Ph\u00e9nom\u00e9nales&#8220; d&#8217;Anne Plaisance\"}]},{\"@type\":\"WebSite\",\"@id\":\"https:\/\/institutfrancais.sk\/fr\/#website\",\"url\":\"https:\/\/institutfrancais.sk\/fr\/\",\"name\":\"Franc\u00fazsky in\u0161tit\u00fat na Slovensku\",\"description\":\"Franc\u00fazsky in\u0161tit\u00fat na Slovensku\",\"potentialAction\":[{\"@type\":\"SearchAction\",\"target\":{\"@type\":\"EntryPoint\",\"urlTemplate\":\"https:\/\/institutfrancais.sk\/fr\/?s={search_term_string}\"},\"query-input\":{\"@type\":\"PropertyValueSpecification\",\"valueRequired\":true,\"valueName\":\"search_term_string\"}}],\"inLanguage\":\"fr-FR\"}]}<\/script>\n<!-- \/ Yoast SEO plugin. -->","yoast_head_json":{"title":"Exposition \"Ph\u00e9nom\u00e9nales\" d'Anne Plaisance - Franc\u00fazsky in\u0161tit\u00fat na Slovensku","description":"Exposition \"Ph\u00e9nom\u00e9nales\" d'Anne Plaisance","robots":{"index":"index","follow":"follow","max-snippet":"max-snippet:-1","max-image-preview":"max-image-preview:large","max-video-preview":"max-video-preview:-1"},"canonical":"https:\/\/institutfrancais.sk\/fr\/podujatie\/exposition-phenomenales-danne-plaisance\/","og_locale":"fr_FR","og_type":"article","og_title":"Exposition \"Ph\u00e9nom\u00e9nales\" d'Anne Plaisance - Franc\u00fazsky in\u0161tit\u00fat na Slovensku","og_description":"Exposition \"Ph\u00e9nom\u00e9nales\" d'Anne Plaisance","og_url":"https:\/\/institutfrancais.sk\/fr\/podujatie\/exposition-phenomenales-danne-plaisance\/","og_site_name":"Franc\u00fazsky in\u0161tit\u00fat na Slovensku","article_modified_time":"2024-11-18T14:15:04+00:00","og_image":[{"width":960,"height":1280,"url":"https:\/\/institutfrancais.sk\/wp-content\/uploads\/2024\/11\/visuel-Phenomenales.jpg","type":"image\/jpeg"}],"twitter_card":"summary_large_image","twitter_misc":{"Dur\u00e9e de lecture estim\u00e9e":"6 minutes"},"schema":{"@context":"https:\/\/schema.org","@graph":[{"@type":"WebPage","@id":"https:\/\/institutfrancais.sk\/fr\/podujatie\/exposition-phenomenales-danne-plaisance\/","url":"https:\/\/institutfrancais.sk\/fr\/podujatie\/exposition-phenomenales-danne-plaisance\/","name":"Exposition \"Ph\u00e9nom\u00e9nales\" d'Anne Plaisance - Franc\u00fazsky in\u0161tit\u00fat na Slovensku","isPartOf":{"@id":"https:\/\/institutfrancais.sk\/fr\/#website"},"primaryImageOfPage":{"@id":"https:\/\/institutfrancais.sk\/fr\/podujatie\/exposition-phenomenales-danne-plaisance\/#primaryimage"},"image":{"@id":"https:\/\/institutfrancais.sk\/fr\/podujatie\/exposition-phenomenales-danne-plaisance\/#primaryimage"},"thumbnailUrl":"https:\/\/institutfrancais.sk\/wp-content\/uploads\/2024\/11\/visuel-Phenomenales.jpg","datePublished":"2024-11-06T16:58:47+00:00","dateModified":"2024-11-18T14:15:04+00:00","description":"Exposition \"Ph\u00e9nom\u00e9nales\" d'Anne Plaisance","breadcrumb":{"@id":"https:\/\/institutfrancais.sk\/fr\/podujatie\/exposition-phenomenales-danne-plaisance\/#breadcrumb"},"inLanguage":"fr-FR","potentialAction":[{"@type":"ReadAction","target":["https:\/\/institutfrancais.sk\/fr\/podujatie\/exposition-phenomenales-danne-plaisance\/"]}]},{"@type":"ImageObject","inLanguage":"fr-FR","@id":"https:\/\/institutfrancais.sk\/fr\/podujatie\/exposition-phenomenales-danne-plaisance\/#primaryimage","url":"https:\/\/institutfrancais.sk\/wp-content\/uploads\/2024\/11\/visuel-Phenomenales.jpg","contentUrl":"https:\/\/institutfrancais.sk\/wp-content\/uploads\/2024\/11\/visuel-Phenomenales.jpg","width":960,"height":1280},{"@type":"BreadcrumbList","@id":"https:\/\/institutfrancais.sk\/fr\/podujatie\/exposition-phenomenales-danne-plaisance\/#breadcrumb","itemListElement":[{"@type":"ListItem","position":1,"name":"Home","item":"https:\/\/institutfrancais.sk\/fr\/"},{"@type":"ListItem","position":2,"name":"Events","item":"https:\/\/institutfrancais.sk\/fr\/podujatie\/"},{"@type":"ListItem","position":3,"name":"Exposition &#8222;Ph\u00e9nom\u00e9nales&#8220; d&#8217;Anne Plaisance"}]},{"@type":"WebSite","@id":"https:\/\/institutfrancais.sk\/fr\/#website","url":"https:\/\/institutfrancais.sk\/fr\/","name":"Franc\u00fazsky in\u0161tit\u00fat na Slovensku","description":"Franc\u00fazsky in\u0161tit\u00fat na Slovensku","potentialAction":[{"@type":"SearchAction","target":{"@type":"EntryPoint","urlTemplate":"https:\/\/institutfrancais.sk\/fr\/?s={search_term_string}"},"query-input":{"@type":"PropertyValueSpecification","valueRequired":true,"valueName":"search_term_string"}}],"inLanguage":"fr-FR"}]}},"_links":{"self":[{"href":"https:\/\/institutfrancais.sk\/fr\/wp-json\/wp\/v2\/podujatie\/33616"}],"collection":[{"href":"https:\/\/institutfrancais.sk\/fr\/wp-json\/wp\/v2\/podujatie"}],"about":[{"href":"https:\/\/institutfrancais.sk\/fr\/wp-json\/wp\/v2\/types\/podujatie"}],"wp:featuredmedia":[{"embeddable":true,"href":"https:\/\/institutfrancais.sk\/fr\/wp-json\/wp\/v2\/media\/33619"}],"wp:attachment":[{"href":"https:\/\/institutfrancais.sk\/fr\/wp-json\/wp\/v2\/media?parent=33616"}],"wp:term":[{"taxonomy":"typ-podujatia","embeddable":true,"href":"https:\/\/institutfrancais.sk\/fr\/wp-json\/wp\/v2\/typ-podujatia?post=33616"}],"curies":[{"name":"wp","href":"https:\/\/api.w.org\/{rel}","templated":true}]}}