{"id":33646,"date":"2024-11-06T17:57:03","date_gmt":"2024-11-06T16:57:03","guid":{"rendered":"https:\/\/institutfrancais.sk\/?post_type=podujatie&#038;p=33646"},"modified":"2024-11-14T10:06:41","modified_gmt":"2024-11-14T09:06:41","slug":"masterclass-et-atelier-avec-la-cineaste-francaise-anna-salzberg-a-bratislava","status":"publish","type":"podujatie","link":"https:\/\/institutfrancais.sk\/fr\/podujatie\/masterclass-et-atelier-avec-la-cineaste-francaise-anna-salzberg-a-bratislava\/","title":{"rendered":"Le film politique f\u00e9ministe en pratique collective : La masterclass d&rsquo;Anna Salzberg"},"content":{"rendered":"\n<p>Un film exp\u00e9rimental personnel se m\u00eale \u00e0 un documentaire f\u00e9ministe et politique dans l&rsquo;\u0153uvre de la cin\u00e9aste fran\u00e7aise Anna Salzberg. Elle passe souvent d&rsquo;une forme \u00e0 l&rsquo;autre (documentaire auto-ethnographique, reportage, film d&rsquo;observation) et d&rsquo;un format \u00e0 l&rsquo;autre (Super8, 16 mm, VHS, num\u00e9rique), tout en \u00e9tant influenc\u00e9e par son travail au sein de collectifs artistiques.<\/p>\n\n\n\n<p>Dans sa masterclass, Anna Salzberg nous pr\u00e9sentera non seulement son travail, mais parlera \u00e9galement de la pratique des laboratoires de films d&rsquo;artistes tels que L&rsquo;Etna et L&rsquo;Abominable, dont elle est membre.<\/p>\n\n\n\n<p>L&rsquo;\u00e9v\u00e9nement comprend une projection du long m\u00e9trage d&rsquo;Anna Salzberg, <em>Le jour o\u00f9 j&rsquo;ai d\u00e9couvert que Jane Fonda \u00e9tait brune<\/em>, et du court m\u00e9trage de Marie Bottois, <em>Le Passage du col.<\/em><\/p>\n\n\n\n<p>La Masterclass se d\u00e9roulera en anglais, les films seront projet\u00e9s en version originale fran\u00e7aise sous-titr\u00e9e en anglais.<\/p>\n\n\n\n<p>Anim\u00e9e par Robert Kirchhoff.<\/p>\n\n\n\n<p>Entr\u00e9e libre.<\/p>\n\n\n<div class=\"space md\"><\/div>\n\n\n<p><strong>Le jour o\u00f9 j&rsquo;ai d\u00e9couvert que Jane Fonda \u00e9tait brune<\/strong><\/p>\n\n\n\n<p>r\u00e9alis\u00e9 par Anna Salzberg<\/p>\n\n\n\n<p>FR, 2022, 84 min.<\/p>\n\n\n\n<p>J&rsquo;interroge ma m\u00e8re sur son engagement f\u00e9ministe pass\u00e9, et sur les raisons qui l&rsquo;ont pouss\u00e9e \u00e0 faire un enfant toute seule. Elle ne me r\u00e9pond pas. Je veux percer le myst\u00e8re de ma m\u00e8re. Je d\u00e9couvre le mouvement des femmes des ann\u00e9es 1970, un cin\u00e9ma f\u00e9ministe militant, et la femme cin\u00e9aste que je suis change. Je rencontre et t\u00e9moigne de la transmission d&rsquo;une m\u00e9moire des luttes f\u00e9ministes \u00e0 travers des pratiques cin\u00e9matographiques collectives.<\/p>\n\n\n<div class=\"space md\"><\/div>\n\n\n<p><strong>Le Passage du col<\/strong><\/p>\n\n\n\n<p>r\u00e9alis\u00e9 par Marie Bottois<\/p>\n\n\n\n<p>FR, 2022, 15 min.<\/p>\n\n\n\n<p>L\u00e9na est sage-femme et je suis sa patiente. Pendant qu&rsquo;elle remplace mon st\u00e9rilet, je documente notre rendez-vous. La cam\u00e9ra devient un miroir, tandis qu&rsquo;une relation de soins se d\u00e9veloppe entre la sage-femme, la patiente et l&rsquo;\u00e9quipe de tournage.<\/p>\n\n\n<div class=\"space md\"><\/div>\n\n\n<p>L&rsquo;\u00e9v\u00e9nement est organis\u00e9 par l&rsquo;Association slovaque du film documentaire. Partenaire : Acad\u00e9mie des arts du spectacle de Bratislava (V\u0160MU) ;&nbsp;financ\u00e9 gr\u00e2ce au projet FILMEU. Avec le soutien de l&rsquo;Institut fran\u00e7ais de Slovaquie.<\/p>\n\n\n<div class=\"space md\"><\/div>\n\n<\/div><iframe loading=\"lazy\" src=\"https:\/\/www.google.com\/maps\/embed?pb=!1m18!1m12!1m3!1d2662.1827306375912!2d17.097549096725384!3d48.14528227648522!2m3!1f0!2f0!3f0!3m2!1i1024!2i768!4f13.1!3m3!1m2!1s0x476c89b99c8d7bff%3A0xf1cdb124afacd7fd!2sFilmov%C3%A1%20a%20telev%C3%ADzna%20fakulta%20V%C5%A0MU!5e0!3m2!1sfr!2ssk!4v1731058740559!5m2!1sfr!2ssk\" width=\"100%\" height=\"558\" frameborder=\"0\" class=\"gmap-iframe\" allowfullscreen=\"\"><\/iframe><div class=\"wrap narrow-wrap\">","protected":false},"featured_media":33856,"template":"","typ-podujatia":[52],"acf":[],"yoast_head":"<!-- This site is optimized with the Yoast SEO plugin v24.5 - https:\/\/yoast.com\/wordpress\/plugins\/seo\/ -->\n<title>Le film politique f\u00e9ministe en pratique collective : La masterclass d&#039;Anna Salzberg - Franc\u00fazsky in\u0161tit\u00fat na Slovensku<\/title>\n<meta name=\"description\" content=\"Masterclassavec la cin\u00e9aste fran\u00e7aise Anna Salzberg \u00e0 Bratislava\" \/>\n<meta name=\"robots\" content=\"index, follow, max-snippet:-1, max-image-preview:large, max-video-preview:-1\" \/>\n<link rel=\"canonical\" href=\"https:\/\/institutfrancais.sk\/fr\/podujatie\/masterclass-et-atelier-avec-la-cineaste-francaise-anna-salzberg-a-bratislava\/\" \/>\n<meta property=\"og:locale\" content=\"fr_FR\" \/>\n<meta property=\"og:type\" content=\"article\" \/>\n<meta property=\"og:title\" content=\"Le film politique f\u00e9ministe en pratique collective : La masterclass d&#039;Anna Salzberg - Franc\u00fazsky in\u0161tit\u00fat na Slovensku\" \/>\n<meta property=\"og:description\" content=\"Masterclassavec la cin\u00e9aste fran\u00e7aise Anna Salzberg \u00e0 Bratislava\" \/>\n<meta property=\"og:url\" content=\"https:\/\/institutfrancais.sk\/fr\/podujatie\/masterclass-et-atelier-avec-la-cineaste-francaise-anna-salzberg-a-bratislava\/\" \/>\n<meta property=\"og:site_name\" content=\"Franc\u00fazsky in\u0161tit\u00fat na Slovensku\" \/>\n<meta property=\"article:modified_time\" content=\"2024-11-14T09:06:41+00:00\" \/>\n<meta property=\"og:image\" content=\"https:\/\/institutfrancais.sk\/wp-content\/uploads\/2024\/11\/Feministicky-politicky-film-v-kolektivnej-praxi-masterclass-Anny-Salzberg-4.png\" \/>\n\t<meta property=\"og:image:width\" content=\"1080\" \/>\n\t<meta property=\"og:image:height\" content=\"1080\" \/>\n\t<meta property=\"og:image:type\" content=\"image\/png\" \/>\n<meta name=\"twitter:card\" content=\"summary_large_image\" \/>\n<meta name=\"twitter:label1\" content=\"Dur\u00e9e de lecture estim\u00e9e\" \/>\n\t<meta name=\"twitter:data1\" content=\"2 minutes\" \/>\n<script type=\"application\/ld+json\" class=\"yoast-schema-graph\">{\"@context\":\"https:\/\/schema.org\",\"@graph\":[{\"@type\":\"WebPage\",\"@id\":\"https:\/\/institutfrancais.sk\/fr\/podujatie\/masterclass-et-atelier-avec-la-cineaste-francaise-anna-salzberg-a-bratislava\/\",\"url\":\"https:\/\/institutfrancais.sk\/fr\/podujatie\/masterclass-et-atelier-avec-la-cineaste-francaise-anna-salzberg-a-bratislava\/\",\"name\":\"Le film politique f\u00e9ministe en pratique collective : La masterclass d'Anna Salzberg - Franc\u00fazsky in\u0161tit\u00fat na Slovensku\",\"isPartOf\":{\"@id\":\"https:\/\/institutfrancais.sk\/fr\/#website\"},\"primaryImageOfPage\":{\"@id\":\"https:\/\/institutfrancais.sk\/fr\/podujatie\/masterclass-et-atelier-avec-la-cineaste-francaise-anna-salzberg-a-bratislava\/#primaryimage\"},\"image\":{\"@id\":\"https:\/\/institutfrancais.sk\/fr\/podujatie\/masterclass-et-atelier-avec-la-cineaste-francaise-anna-salzberg-a-bratislava\/#primaryimage\"},\"thumbnailUrl\":\"https:\/\/institutfrancais.sk\/wp-content\/uploads\/2024\/11\/Feministicky-politicky-film-v-kolektivnej-praxi-masterclass-Anny-Salzberg-4.png\",\"datePublished\":\"2024-11-06T16:57:03+00:00\",\"dateModified\":\"2024-11-14T09:06:41+00:00\",\"description\":\"Masterclassavec la cin\u00e9aste fran\u00e7aise Anna Salzberg \u00e0 Bratislava\",\"breadcrumb\":{\"@id\":\"https:\/\/institutfrancais.sk\/fr\/podujatie\/masterclass-et-atelier-avec-la-cineaste-francaise-anna-salzberg-a-bratislava\/#breadcrumb\"},\"inLanguage\":\"fr-FR\",\"potentialAction\":[{\"@type\":\"ReadAction\",\"target\":[\"https:\/\/institutfrancais.sk\/fr\/podujatie\/masterclass-et-atelier-avec-la-cineaste-francaise-anna-salzberg-a-bratislava\/\"]}]},{\"@type\":\"ImageObject\",\"inLanguage\":\"fr-FR\",\"@id\":\"https:\/\/institutfrancais.sk\/fr\/podujatie\/masterclass-et-atelier-avec-la-cineaste-francaise-anna-salzberg-a-bratislava\/#primaryimage\",\"url\":\"https:\/\/institutfrancais.sk\/wp-content\/uploads\/2024\/11\/Feministicky-politicky-film-v-kolektivnej-praxi-masterclass-Anny-Salzberg-4.png\",\"contentUrl\":\"https:\/\/institutfrancais.sk\/wp-content\/uploads\/2024\/11\/Feministicky-politicky-film-v-kolektivnej-praxi-masterclass-Anny-Salzberg-4.png\",\"width\":1080,\"height\":1080},{\"@type\":\"BreadcrumbList\",\"@id\":\"https:\/\/institutfrancais.sk\/fr\/podujatie\/masterclass-et-atelier-avec-la-cineaste-francaise-anna-salzberg-a-bratislava\/#breadcrumb\",\"itemListElement\":[{\"@type\":\"ListItem\",\"position\":1,\"name\":\"Home\",\"item\":\"https:\/\/institutfrancais.sk\/fr\/\"},{\"@type\":\"ListItem\",\"position\":2,\"name\":\"Events\",\"item\":\"https:\/\/institutfrancais.sk\/fr\/podujatie\/\"},{\"@type\":\"ListItem\",\"position\":3,\"name\":\"Le film politique f\u00e9ministe en pratique collective : La masterclass d&#8217;Anna Salzberg\"}]},{\"@type\":\"WebSite\",\"@id\":\"https:\/\/institutfrancais.sk\/fr\/#website\",\"url\":\"https:\/\/institutfrancais.sk\/fr\/\",\"name\":\"Franc\u00fazsky in\u0161tit\u00fat na Slovensku\",\"description\":\"Franc\u00fazsky in\u0161tit\u00fat na Slovensku\",\"potentialAction\":[{\"@type\":\"SearchAction\",\"target\":{\"@type\":\"EntryPoint\",\"urlTemplate\":\"https:\/\/institutfrancais.sk\/fr\/?s={search_term_string}\"},\"query-input\":{\"@type\":\"PropertyValueSpecification\",\"valueRequired\":true,\"valueName\":\"search_term_string\"}}],\"inLanguage\":\"fr-FR\"}]}<\/script>\n<!-- \/ Yoast SEO plugin. -->","yoast_head_json":{"title":"Le film politique f\u00e9ministe en pratique collective : La masterclass d'Anna Salzberg - Franc\u00fazsky in\u0161tit\u00fat na Slovensku","description":"Masterclassavec la cin\u00e9aste fran\u00e7aise Anna Salzberg \u00e0 Bratislava","robots":{"index":"index","follow":"follow","max-snippet":"max-snippet:-1","max-image-preview":"max-image-preview:large","max-video-preview":"max-video-preview:-1"},"canonical":"https:\/\/institutfrancais.sk\/fr\/podujatie\/masterclass-et-atelier-avec-la-cineaste-francaise-anna-salzberg-a-bratislava\/","og_locale":"fr_FR","og_type":"article","og_title":"Le film politique f\u00e9ministe en pratique collective : La masterclass d'Anna Salzberg - Franc\u00fazsky in\u0161tit\u00fat na Slovensku","og_description":"Masterclassavec la cin\u00e9aste fran\u00e7aise Anna Salzberg \u00e0 Bratislava","og_url":"https:\/\/institutfrancais.sk\/fr\/podujatie\/masterclass-et-atelier-avec-la-cineaste-francaise-anna-salzberg-a-bratislava\/","og_site_name":"Franc\u00fazsky in\u0161tit\u00fat na Slovensku","article_modified_time":"2024-11-14T09:06:41+00:00","og_image":[{"width":1080,"height":1080,"url":"https:\/\/institutfrancais.sk\/wp-content\/uploads\/2024\/11\/Feministicky-politicky-film-v-kolektivnej-praxi-masterclass-Anny-Salzberg-4.png","type":"image\/png"}],"twitter_card":"summary_large_image","twitter_misc":{"Dur\u00e9e de lecture estim\u00e9e":"2 minutes"},"schema":{"@context":"https:\/\/schema.org","@graph":[{"@type":"WebPage","@id":"https:\/\/institutfrancais.sk\/fr\/podujatie\/masterclass-et-atelier-avec-la-cineaste-francaise-anna-salzberg-a-bratislava\/","url":"https:\/\/institutfrancais.sk\/fr\/podujatie\/masterclass-et-atelier-avec-la-cineaste-francaise-anna-salzberg-a-bratislava\/","name":"Le film politique f\u00e9ministe en pratique collective : La masterclass d'Anna Salzberg - Franc\u00fazsky in\u0161tit\u00fat na Slovensku","isPartOf":{"@id":"https:\/\/institutfrancais.sk\/fr\/#website"},"primaryImageOfPage":{"@id":"https:\/\/institutfrancais.sk\/fr\/podujatie\/masterclass-et-atelier-avec-la-cineaste-francaise-anna-salzberg-a-bratislava\/#primaryimage"},"image":{"@id":"https:\/\/institutfrancais.sk\/fr\/podujatie\/masterclass-et-atelier-avec-la-cineaste-francaise-anna-salzberg-a-bratislava\/#primaryimage"},"thumbnailUrl":"https:\/\/institutfrancais.sk\/wp-content\/uploads\/2024\/11\/Feministicky-politicky-film-v-kolektivnej-praxi-masterclass-Anny-Salzberg-4.png","datePublished":"2024-11-06T16:57:03+00:00","dateModified":"2024-11-14T09:06:41+00:00","description":"Masterclassavec la cin\u00e9aste fran\u00e7aise Anna Salzberg \u00e0 Bratislava","breadcrumb":{"@id":"https:\/\/institutfrancais.sk\/fr\/podujatie\/masterclass-et-atelier-avec-la-cineaste-francaise-anna-salzberg-a-bratislava\/#breadcrumb"},"inLanguage":"fr-FR","potentialAction":[{"@type":"ReadAction","target":["https:\/\/institutfrancais.sk\/fr\/podujatie\/masterclass-et-atelier-avec-la-cineaste-francaise-anna-salzberg-a-bratislava\/"]}]},{"@type":"ImageObject","inLanguage":"fr-FR","@id":"https:\/\/institutfrancais.sk\/fr\/podujatie\/masterclass-et-atelier-avec-la-cineaste-francaise-anna-salzberg-a-bratislava\/#primaryimage","url":"https:\/\/institutfrancais.sk\/wp-content\/uploads\/2024\/11\/Feministicky-politicky-film-v-kolektivnej-praxi-masterclass-Anny-Salzberg-4.png","contentUrl":"https:\/\/institutfrancais.sk\/wp-content\/uploads\/2024\/11\/Feministicky-politicky-film-v-kolektivnej-praxi-masterclass-Anny-Salzberg-4.png","width":1080,"height":1080},{"@type":"BreadcrumbList","@id":"https:\/\/institutfrancais.sk\/fr\/podujatie\/masterclass-et-atelier-avec-la-cineaste-francaise-anna-salzberg-a-bratislava\/#breadcrumb","itemListElement":[{"@type":"ListItem","position":1,"name":"Home","item":"https:\/\/institutfrancais.sk\/fr\/"},{"@type":"ListItem","position":2,"name":"Events","item":"https:\/\/institutfrancais.sk\/fr\/podujatie\/"},{"@type":"ListItem","position":3,"name":"Le film politique f\u00e9ministe en pratique collective : La masterclass d&#8217;Anna Salzberg"}]},{"@type":"WebSite","@id":"https:\/\/institutfrancais.sk\/fr\/#website","url":"https:\/\/institutfrancais.sk\/fr\/","name":"Franc\u00fazsky in\u0161tit\u00fat na Slovensku","description":"Franc\u00fazsky in\u0161tit\u00fat na Slovensku","potentialAction":[{"@type":"SearchAction","target":{"@type":"EntryPoint","urlTemplate":"https:\/\/institutfrancais.sk\/fr\/?s={search_term_string}"},"query-input":{"@type":"PropertyValueSpecification","valueRequired":true,"valueName":"search_term_string"}}],"inLanguage":"fr-FR"}]}},"_links":{"self":[{"href":"https:\/\/institutfrancais.sk\/fr\/wp-json\/wp\/v2\/podujatie\/33646"}],"collection":[{"href":"https:\/\/institutfrancais.sk\/fr\/wp-json\/wp\/v2\/podujatie"}],"about":[{"href":"https:\/\/institutfrancais.sk\/fr\/wp-json\/wp\/v2\/types\/podujatie"}],"wp:featuredmedia":[{"embeddable":true,"href":"https:\/\/institutfrancais.sk\/fr\/wp-json\/wp\/v2\/media\/33856"}],"wp:attachment":[{"href":"https:\/\/institutfrancais.sk\/fr\/wp-json\/wp\/v2\/media?parent=33646"}],"wp:term":[{"taxonomy":"typ-podujatia","embeddable":true,"href":"https:\/\/institutfrancais.sk\/fr\/wp-json\/wp\/v2\/typ-podujatia?post=33646"}],"curies":[{"name":"wp","href":"https:\/\/api.w.org\/{rel}","templated":true}]}}