{"id":34540,"date":"2025-01-10T14:15:40","date_gmt":"2025-01-10T13:15:40","guid":{"rendered":"https:\/\/institutfrancais.sk\/podujatie\/filozoficka-prednaska-s-diskusiou\/"},"modified":"2025-01-13T18:26:58","modified_gmt":"2025-01-13T17:26:58","slug":"filozoficka-prednaska-s-diskusiou","status":"publish","type":"podujatie","link":"https:\/\/institutfrancais.sk\/fr\/podujatie\/filozoficka-prednaska-s-diskusiou\/","title":{"rendered":"Conf\u00e9rence et d\u00e9bat de philosophie"},"content":{"rendered":"\n<p><strong>Al\u017ebeta Kuchtov\u00e1 et Jon Stewart d\u2019apr\u00e8s l\u2019ouvrage d\u2019Al\u017ebeta Kuchtov\u00e1 <em>The Ungraspable as a&nbsp;Philosophical Problem<\/em> paru chez Brill en 2024.<\/strong><\/p>\n\n\n\n<p>Date 27\/1\/2025 \u00e0 18h00<\/p>\n\n\n\n<p>Programme&nbsp;:<\/p>\n\n\n\n<ol>\n<li>L\u2019introduction de Dr. Al\u017ebeta Kuchtov\u00e1 et de Prof. Jon Stewart en fran\u00e7ais par une personne de l\u2019IF\u00a0(5 min)<\/li>\n\n\n\n<li>Pr\u00e9sentation de l\u2019ouvrage en fran\u00e7ais par\u00a0Kuchtov\u00e1 (15 min)<\/li>\n\n\n\n<li>Pr\u00e9sentation de l\u2019ouvrage en slovaque par\u00a0Kuchtov\u00e1 (15 min)<\/li>\n\n\n\n<li>Discussion en fran\u00e7ais et en slovaque entre Stewart et\u00a0Kuchtov\u00e1 (30min)<\/li>\n\n\n\n<li>Questions du public en slovaque et en fran\u00e7ais (20min)<\/li>\n<\/ol>\n\n\n\n<p>Lieu&nbsp;: la salle d\u2019expo de l\u2019IF si possible<\/p>\n\n\n\n<p>Biographies,<\/p>\n\n\n\n<p>Dr. Al\u017ebeta Kuchtov\u00e1 est charg\u00e9e de recherche \u00e0 l\u2019institut de Philosophie de l&rsquo;Acad\u00e9mie slovaque des sciences. Elle travaille sur la philosophie fran\u00e7aise et la ph\u00e9nom\u00e9nologie, la philosophie environnementale, le posthumanisme, la philosophie de la technologie et le f\u00e9minisme post-sovi\u00e9tique. Elle travaille aussi sur des traductions (E. Levinas, J. Derrida) du fran\u00e7ais vers le slovaque. Elle est l&rsquo;auteur de&nbsp;<em>The Ungraspable as a&nbsp;Philosophical Problem<\/em>&nbsp;(Berlin, Brill, 2024) et co-\u00e9ditrice de&nbsp;<em>Repenser la logique du vivant apr\u00e8s Jacques Derrida<\/em>&nbsp;(Paris, Hermann 2024). Ses derni\u00e8res publications incluent : \u00ab&nbsp;La radicalit\u00e9 du manger&nbsp;\u00bb dans&nbsp;<em>Journal of French and Francophone Philosophy<\/em>&nbsp;vol. 31(1\/2), 2023&nbsp;;&nbsp;\u00ab&nbsp;The Incalculability of Generated Text&nbsp;\u00bb dans&nbsp;<em>Philosophy and Technology<\/em>&nbsp;vol. 37(1), 2024&nbsp;;&nbsp;\u00ab&nbsp;Humanity as a&nbsp;New Image of the Divine Absoluteness&nbsp;\u00bb (2023) dans&nbsp;<em>The Modern Experience of the Religious<\/em>, (Berlin, Brill, 2023).<\/p>\n\n\n\n<p>Prof. Jon Stewart est un philosophe et historien de la philosophie am\u00e9ricain. Il se sp\u00e9cialise dans la philosophie continentale du XIXe si\u00e8cle, en particulier dans la pens\u00e9e de Kierkegaard et de Hegel. Il a&nbsp;\u00e9galement travaill\u00e9 dans le domaine des \u00c9tudes scandinaves et il a&nbsp;fait conna\u00eetre la culture de l&rsquo;\u00e2ge d&rsquo;or danois au niveau international. Il est actuellement charg\u00e9 de recherche \u00e0 l&rsquo;institut de Philosophie de l&rsquo;Acad\u00e9mie slovaque des sciences, r\u00e9dacteur en chef de la revue&nbsp;<em>Filozofia<\/em>&nbsp;et co-\u00e9diteur du&nbsp;<em>Kierkegaard Studies Yearbook<\/em>&nbsp;et de la&nbsp;<em>Kierkegaard Studies Monograph Series<\/em>(Berlin and New York, De Gruyter).<\/p>\n\n\n<div class=\"space md\"><\/div>\n\n\n<p><\/p>\n","protected":false},"featured_media":34550,"template":"","typ-podujatia":[53],"acf":[],"yoast_head":"<!-- This site is optimized with the Yoast SEO plugin v24.5 - https:\/\/yoast.com\/wordpress\/plugins\/seo\/ -->\n<title>Conf\u00e9rence et d\u00e9bat de philosophie - Franc\u00fazsky in\u0161tit\u00fat na Slovensku<\/title>\n<meta name=\"robots\" content=\"index, follow, max-snippet:-1, max-image-preview:large, max-video-preview:-1\" \/>\n<link rel=\"canonical\" href=\"https:\/\/institutfrancais.sk\/fr\/podujatie\/filozoficka-prednaska-s-diskusiou\/\" \/>\n<meta property=\"og:locale\" content=\"fr_FR\" \/>\n<meta property=\"og:type\" content=\"article\" \/>\n<meta property=\"og:title\" content=\"Conf\u00e9rence et d\u00e9bat de philosophie - Franc\u00fazsky in\u0161tit\u00fat na Slovensku\" \/>\n<meta property=\"og:description\" content=\"Al\u017ebeta Kuchtov\u00e1 et Jon Stewart d\u2019apr\u00e8s l\u2019ouvrage d\u2019Al\u017ebeta Kuchtov\u00e1 The Ungraspable as a&nbsp;Philosophical Problem paru chez Brill en 2024. Date 27\/1\/2025 \u00e0 18h00 Programme&nbsp;: Lieu&nbsp;: la salle d\u2019expo de l\u2019IF si possible Biographies, Dr. Al\u017ebeta Kuchtov\u00e1 est charg\u00e9e de recherche \u00e0 l\u2019institut de Philosophie de l&rsquo;Acad\u00e9mie slovaque des sciences. Elle travaille sur la philosophie fran\u00e7aise [&hellip;]\" \/>\n<meta property=\"og:url\" content=\"https:\/\/institutfrancais.sk\/fr\/podujatie\/filozoficka-prednaska-s-diskusiou\/\" \/>\n<meta property=\"og:site_name\" content=\"Franc\u00fazsky in\u0161tit\u00fat na Slovensku\" \/>\n<meta property=\"article:modified_time\" content=\"2025-01-13T17:26:58+00:00\" \/>\n<meta property=\"og:image\" content=\"https:\/\/institutfrancais.sk\/wp-content\/uploads\/2025\/01\/A-Kuchtova-et-Jon-Stewart-IG-KNIHA.jpg\" \/>\n\t<meta property=\"og:image:width\" content=\"1350\" \/>\n\t<meta property=\"og:image:height\" content=\"1350\" \/>\n\t<meta property=\"og:image:type\" content=\"image\/jpeg\" \/>\n<meta name=\"twitter:card\" content=\"summary_large_image\" \/>\n<meta name=\"twitter:label1\" content=\"Dur\u00e9e de lecture estim\u00e9e\" \/>\n\t<meta name=\"twitter:data1\" content=\"2 minutes\" \/>\n<script type=\"application\/ld+json\" class=\"yoast-schema-graph\">{\"@context\":\"https:\/\/schema.org\",\"@graph\":[{\"@type\":\"WebPage\",\"@id\":\"https:\/\/institutfrancais.sk\/fr\/podujatie\/filozoficka-prednaska-s-diskusiou\/\",\"url\":\"https:\/\/institutfrancais.sk\/fr\/podujatie\/filozoficka-prednaska-s-diskusiou\/\",\"name\":\"Conf\u00e9rence et d\u00e9bat de philosophie - Franc\u00fazsky in\u0161tit\u00fat na Slovensku\",\"isPartOf\":{\"@id\":\"https:\/\/institutfrancais.sk\/fr\/#website\"},\"primaryImageOfPage\":{\"@id\":\"https:\/\/institutfrancais.sk\/fr\/podujatie\/filozoficka-prednaska-s-diskusiou\/#primaryimage\"},\"image\":{\"@id\":\"https:\/\/institutfrancais.sk\/fr\/podujatie\/filozoficka-prednaska-s-diskusiou\/#primaryimage\"},\"thumbnailUrl\":\"https:\/\/institutfrancais.sk\/wp-content\/uploads\/2025\/01\/Prednaska-3.jpg\",\"datePublished\":\"2025-01-10T13:15:40+00:00\",\"dateModified\":\"2025-01-13T17:26:58+00:00\",\"breadcrumb\":{\"@id\":\"https:\/\/institutfrancais.sk\/fr\/podujatie\/filozoficka-prednaska-s-diskusiou\/#breadcrumb\"},\"inLanguage\":\"fr-FR\",\"potentialAction\":[{\"@type\":\"ReadAction\",\"target\":[\"https:\/\/institutfrancais.sk\/fr\/podujatie\/filozoficka-prednaska-s-diskusiou\/\"]}]},{\"@type\":\"ImageObject\",\"inLanguage\":\"fr-FR\",\"@id\":\"https:\/\/institutfrancais.sk\/fr\/podujatie\/filozoficka-prednaska-s-diskusiou\/#primaryimage\",\"url\":\"https:\/\/institutfrancais.sk\/wp-content\/uploads\/2025\/01\/Prednaska-3.jpg\",\"contentUrl\":\"https:\/\/institutfrancais.sk\/wp-content\/uploads\/2025\/01\/Prednaska-3.jpg\",\"width\":1755,\"height\":1755,\"caption\":\"Conf\u00e9rence\"},{\"@type\":\"BreadcrumbList\",\"@id\":\"https:\/\/institutfrancais.sk\/fr\/podujatie\/filozoficka-prednaska-s-diskusiou\/#breadcrumb\",\"itemListElement\":[{\"@type\":\"ListItem\",\"position\":1,\"name\":\"Home\",\"item\":\"https:\/\/institutfrancais.sk\/fr\/\"},{\"@type\":\"ListItem\",\"position\":2,\"name\":\"Events\",\"item\":\"https:\/\/institutfrancais.sk\/fr\/podujatie\/\"},{\"@type\":\"ListItem\",\"position\":3,\"name\":\"Conf\u00e9rence et d\u00e9bat de philosophie\"}]},{\"@type\":\"WebSite\",\"@id\":\"https:\/\/institutfrancais.sk\/fr\/#website\",\"url\":\"https:\/\/institutfrancais.sk\/fr\/\",\"name\":\"Franc\u00fazsky in\u0161tit\u00fat na Slovensku\",\"description\":\"Franc\u00fazsky in\u0161tit\u00fat na Slovensku\",\"potentialAction\":[{\"@type\":\"SearchAction\",\"target\":{\"@type\":\"EntryPoint\",\"urlTemplate\":\"https:\/\/institutfrancais.sk\/fr\/?s={search_term_string}\"},\"query-input\":{\"@type\":\"PropertyValueSpecification\",\"valueRequired\":true,\"valueName\":\"search_term_string\"}}],\"inLanguage\":\"fr-FR\"}]}<\/script>\n<!-- \/ Yoast SEO plugin. -->","yoast_head_json":{"title":"Conf\u00e9rence et d\u00e9bat de philosophie - Franc\u00fazsky in\u0161tit\u00fat na Slovensku","robots":{"index":"index","follow":"follow","max-snippet":"max-snippet:-1","max-image-preview":"max-image-preview:large","max-video-preview":"max-video-preview:-1"},"canonical":"https:\/\/institutfrancais.sk\/fr\/podujatie\/filozoficka-prednaska-s-diskusiou\/","og_locale":"fr_FR","og_type":"article","og_title":"Conf\u00e9rence et d\u00e9bat de philosophie - Franc\u00fazsky in\u0161tit\u00fat na Slovensku","og_description":"Al\u017ebeta Kuchtov\u00e1 et Jon Stewart d\u2019apr\u00e8s l\u2019ouvrage d\u2019Al\u017ebeta Kuchtov\u00e1 The Ungraspable as a&nbsp;Philosophical Problem paru chez Brill en 2024. Date 27\/1\/2025 \u00e0 18h00 Programme&nbsp;: Lieu&nbsp;: la salle d\u2019expo de l\u2019IF si possible Biographies, Dr. Al\u017ebeta Kuchtov\u00e1 est charg\u00e9e de recherche \u00e0 l\u2019institut de Philosophie de l&rsquo;Acad\u00e9mie slovaque des sciences. Elle travaille sur la philosophie fran\u00e7aise [&hellip;]","og_url":"https:\/\/institutfrancais.sk\/fr\/podujatie\/filozoficka-prednaska-s-diskusiou\/","og_site_name":"Franc\u00fazsky in\u0161tit\u00fat na Slovensku","article_modified_time":"2025-01-13T17:26:58+00:00","og_image":[{"width":1350,"height":1350,"url":"https:\/\/institutfrancais.sk\/wp-content\/uploads\/2025\/01\/A-Kuchtova-et-Jon-Stewart-IG-KNIHA.jpg","type":"image\/jpeg"}],"twitter_card":"summary_large_image","twitter_misc":{"Dur\u00e9e de lecture estim\u00e9e":"2 minutes"},"schema":{"@context":"https:\/\/schema.org","@graph":[{"@type":"WebPage","@id":"https:\/\/institutfrancais.sk\/fr\/podujatie\/filozoficka-prednaska-s-diskusiou\/","url":"https:\/\/institutfrancais.sk\/fr\/podujatie\/filozoficka-prednaska-s-diskusiou\/","name":"Conf\u00e9rence et d\u00e9bat de philosophie - Franc\u00fazsky in\u0161tit\u00fat na Slovensku","isPartOf":{"@id":"https:\/\/institutfrancais.sk\/fr\/#website"},"primaryImageOfPage":{"@id":"https:\/\/institutfrancais.sk\/fr\/podujatie\/filozoficka-prednaska-s-diskusiou\/#primaryimage"},"image":{"@id":"https:\/\/institutfrancais.sk\/fr\/podujatie\/filozoficka-prednaska-s-diskusiou\/#primaryimage"},"thumbnailUrl":"https:\/\/institutfrancais.sk\/wp-content\/uploads\/2025\/01\/Prednaska-3.jpg","datePublished":"2025-01-10T13:15:40+00:00","dateModified":"2025-01-13T17:26:58+00:00","breadcrumb":{"@id":"https:\/\/institutfrancais.sk\/fr\/podujatie\/filozoficka-prednaska-s-diskusiou\/#breadcrumb"},"inLanguage":"fr-FR","potentialAction":[{"@type":"ReadAction","target":["https:\/\/institutfrancais.sk\/fr\/podujatie\/filozoficka-prednaska-s-diskusiou\/"]}]},{"@type":"ImageObject","inLanguage":"fr-FR","@id":"https:\/\/institutfrancais.sk\/fr\/podujatie\/filozoficka-prednaska-s-diskusiou\/#primaryimage","url":"https:\/\/institutfrancais.sk\/wp-content\/uploads\/2025\/01\/Prednaska-3.jpg","contentUrl":"https:\/\/institutfrancais.sk\/wp-content\/uploads\/2025\/01\/Prednaska-3.jpg","width":1755,"height":1755,"caption":"Conf\u00e9rence"},{"@type":"BreadcrumbList","@id":"https:\/\/institutfrancais.sk\/fr\/podujatie\/filozoficka-prednaska-s-diskusiou\/#breadcrumb","itemListElement":[{"@type":"ListItem","position":1,"name":"Home","item":"https:\/\/institutfrancais.sk\/fr\/"},{"@type":"ListItem","position":2,"name":"Events","item":"https:\/\/institutfrancais.sk\/fr\/podujatie\/"},{"@type":"ListItem","position":3,"name":"Conf\u00e9rence et d\u00e9bat de philosophie"}]},{"@type":"WebSite","@id":"https:\/\/institutfrancais.sk\/fr\/#website","url":"https:\/\/institutfrancais.sk\/fr\/","name":"Franc\u00fazsky in\u0161tit\u00fat na Slovensku","description":"Franc\u00fazsky in\u0161tit\u00fat na Slovensku","potentialAction":[{"@type":"SearchAction","target":{"@type":"EntryPoint","urlTemplate":"https:\/\/institutfrancais.sk\/fr\/?s={search_term_string}"},"query-input":{"@type":"PropertyValueSpecification","valueRequired":true,"valueName":"search_term_string"}}],"inLanguage":"fr-FR"}]}},"_links":{"self":[{"href":"https:\/\/institutfrancais.sk\/fr\/wp-json\/wp\/v2\/podujatie\/34540"}],"collection":[{"href":"https:\/\/institutfrancais.sk\/fr\/wp-json\/wp\/v2\/podujatie"}],"about":[{"href":"https:\/\/institutfrancais.sk\/fr\/wp-json\/wp\/v2\/types\/podujatie"}],"wp:featuredmedia":[{"embeddable":true,"href":"https:\/\/institutfrancais.sk\/fr\/wp-json\/wp\/v2\/media\/34550"}],"wp:attachment":[{"href":"https:\/\/institutfrancais.sk\/fr\/wp-json\/wp\/v2\/media?parent=34540"}],"wp:term":[{"taxonomy":"typ-podujatia","embeddable":true,"href":"https:\/\/institutfrancais.sk\/fr\/wp-json\/wp\/v2\/typ-podujatia?post=34540"}],"curies":[{"name":"wp","href":"https:\/\/api.w.org\/{rel}","templated":true}]}}