{"id":35301,"date":"2025-02-26T16:40:00","date_gmt":"2025-02-26T15:40:00","guid":{"rendered":"https:\/\/institutfrancais.sk\/?post_type=podujatie&#038;p=35301"},"modified":"2025-03-10T19:06:13","modified_gmt":"2025-03-10T18:06:13","slug":"soiree-cinema-canada-suisse","status":"publish","type":"podujatie","link":"https:\/\/institutfrancais.sk\/fr\/podujatie\/soiree-cinema-canada-suisse\/","title":{"rendered":"Soir\u00e9e cin\u00e9ma Canada-Suisse"},"content":{"rendered":"\n<p><strong>Soir\u00e9e Cin\u00e9ma Canada-Suisse<\/strong> au KINO LUMI\u00c8RE \u00e0 Bratislava<\/p>\n\n\n\n<p><strong>17:30 &nbsp;\u00abLa note parfaite\u00bb C\u00e9line Dion \u00e0 l\u2019Eurovision<br><\/strong>53 min. \/ 2024<\/p>\n\n\n\n<p>Comment C\u00e9line Dion, star plan\u00e9taire, s\u2019est-elle retrouv\u00e9e \u00e0 d\u00e9fendre les couleurs de la Suisse \u00e0 la 33\u1d49 \u00e9dition du concours de l\u2019Eurovision en 1988 ? \u00c0 travers le prisme de ce concours au final haletant se dessine le portrait d\u2019une concurrente d\u00e9termin\u00e9e. Son triomphe europ\u00e9en l\u2019a propuls\u00e9e sur la sc\u00e8ne mondiale.<br>Langue&nbsp;: fran\u00e7ais<br>Sous-titres : anglais, slovaque<\/p>\n\n\n\n<figure class=\"wp-block-image size-large\"><img loading=\"lazy\" decoding=\"async\" width=\"537\" height=\"302\" src=\"https:\/\/institutfrancais.sk\/wp-content\/uploads\/2025\/03\/Snimka-obrazovky-2025-03-03-o-15.53.09-1-537x302.png\" alt=\"\" class=\"wp-image-35563\" srcset=\"https:\/\/institutfrancais.sk\/wp-content\/uploads\/2025\/03\/Snimka-obrazovky-2025-03-03-o-15.53.09-1-537x302.png 537w, https:\/\/institutfrancais.sk\/wp-content\/uploads\/2025\/03\/Snimka-obrazovky-2025-03-03-o-15.53.09-1-350x197.png 350w, https:\/\/institutfrancais.sk\/wp-content\/uploads\/2025\/03\/Snimka-obrazovky-2025-03-03-o-15.53.09-1-768x432.png 768w, https:\/\/institutfrancais.sk\/wp-content\/uploads\/2025\/03\/Snimka-obrazovky-2025-03-03-o-15.53.09-1-1536x863.png 1536w, https:\/\/institutfrancais.sk\/wp-content\/uploads\/2025\/03\/Snimka-obrazovky-2025-03-03-o-15.53.09-1-2048x1151.png 2048w, https:\/\/institutfrancais.sk\/wp-content\/uploads\/2025\/03\/Snimka-obrazovky-2025-03-03-o-15.53.09-1-1190x669.png 1190w, https:\/\/institutfrancais.sk\/wp-content\/uploads\/2025\/03\/Snimka-obrazovky-2025-03-03-o-15.53.09-1-1690x950.png 1690w\" sizes=\"(max-width: 537px) 100vw, 537px\" \/><\/figure>\n\n\n\n\n\n<p class=\"has-small-font-size\">copyright \u00aeGetty Images_Sobli_RDB_Ullstein Bild<\/p>\n\n\n\n<p>*<\/p>\n\n\n\n<p><strong>19:30 \u00abRU\u00bb<br><\/strong>116 min \/ 2023<\/p>\n\n\n\n<p>Une famille de r\u00e9fugi\u00e9s vietnamiens s&rsquo;installe \u00e0 Montr\u00e9al en 1975 dans l&rsquo;espoir de commencer une nouvelle vie, et traversent une s\u00e9rie de succ\u00e8s et d&rsquo;\u00e9checs alors qu\u2019ils tentent de s\u2019adapter \u00e0 leur nouveau pays. Le film m\u00eale leurs exp\u00e9riences au Canada \u00e0 une s\u00e9rie de retours en arri\u00e8re sur leur vie confortable au Vietnam, les bouleversements politiques qui les ont forc\u00e9s \u00e0 fuir et leur voyage p\u00e9rilleux \u00e0 travers le Pacifique. Brillamment adapt\u00e9e du roman \u00e9ponyme de Kim Th\u00fay, laur\u00e9at du prix du Gouverneur g\u00e9n\u00e9ral, cette histoire de r\u00e9silience face \u00e0 l&rsquo;adversit\u00e9 est saisissante et profond\u00e9ment \u00e9mouvante.<br>Langue : fran\u00e7ais<br>Sous-titres : anglais et slovaque<br>Projection public, payant (prix du billet r\u00e9duit)<\/p>\n\n\n<div class=\"space xxs\"><\/div>\n\n\n<figure class=\"wp-block-image size-large\"><img loading=\"lazy\" decoding=\"async\" width=\"373\" height=\"537\" src=\"https:\/\/institutfrancais.sk\/wp-content\/uploads\/2025\/02\/RU-poster-1-373x537.png\" alt=\"\" class=\"wp-image-35347\" srcset=\"https:\/\/institutfrancais.sk\/wp-content\/uploads\/2025\/02\/RU-poster-1-373x537.png 373w, https:\/\/institutfrancais.sk\/wp-content\/uploads\/2025\/02\/RU-poster-1-243x350.png 243w, https:\/\/institutfrancais.sk\/wp-content\/uploads\/2025\/02\/RU-poster-1.png 492w\" sizes=\"(max-width: 373px) 100vw, 373px\" \/><\/figure>\n\n\n<div class=\"space md\"><\/div>\n\n\n<figure class=\"wp-block-image size-full is-resized\"><img loading=\"lazy\" decoding=\"async\" width=\"328\" height=\"146\" src=\"https:\/\/institutfrancais.sk\/wp-content\/uploads\/2025\/02\/Screenshot-2025-02-28-161839-2.jpg\" alt=\"\" class=\"wp-image-35457\" style=\"width:355px;height:auto\"\/><\/figure>\n\n\n\n<figure class=\"wp-block-image size-large is-resized\"><img loading=\"lazy\" decoding=\"async\" width=\"537\" height=\"142\" src=\"https:\/\/institutfrancais.sk\/wp-content\/uploads\/2025\/03\/Snimka-obrazovky-2025-03-10-o-18.41.58-537x142.png\" alt=\"\" class=\"wp-image-35696\" style=\"width:910px;height:auto\" srcset=\"https:\/\/institutfrancais.sk\/wp-content\/uploads\/2025\/03\/Snimka-obrazovky-2025-03-10-o-18.41.58-537x142.png 537w, https:\/\/institutfrancais.sk\/wp-content\/uploads\/2025\/03\/Snimka-obrazovky-2025-03-10-o-18.41.58-350x92.png 350w, https:\/\/institutfrancais.sk\/wp-content\/uploads\/2025\/03\/Snimka-obrazovky-2025-03-10-o-18.41.58-768x203.png 768w, https:\/\/institutfrancais.sk\/wp-content\/uploads\/2025\/03\/Snimka-obrazovky-2025-03-10-o-18.41.58-1536x405.png 1536w, https:\/\/institutfrancais.sk\/wp-content\/uploads\/2025\/03\/Snimka-obrazovky-2025-03-10-o-18.41.58-1190x314.png 1190w, https:\/\/institutfrancais.sk\/wp-content\/uploads\/2025\/03\/Snimka-obrazovky-2025-03-10-o-18.41.58-1690x446.png 1690w, https:\/\/institutfrancais.sk\/wp-content\/uploads\/2025\/03\/Snimka-obrazovky-2025-03-10-o-18.41.58.png 1872w\" sizes=\"(max-width: 537px) 100vw, 537px\" \/><\/figure>\n\n\n<div class=\"space md\"><\/div>","protected":false},"featured_media":35565,"template":"","typ-podujatia":[52],"acf":[],"yoast_head":"<!-- This site is optimized with the Yoast SEO plugin v24.5 - https:\/\/yoast.com\/wordpress\/plugins\/seo\/ -->\n<title>Soir\u00e9e cin\u00e9ma Canada-Suisse - Franc\u00fazsky in\u0161tit\u00fat na Slovensku<\/title>\n<meta name=\"robots\" content=\"index, follow, max-snippet:-1, max-image-preview:large, max-video-preview:-1\" \/>\n<link rel=\"canonical\" href=\"https:\/\/institutfrancais.sk\/fr\/podujatie\/soiree-cinema-canada-suisse\/\" \/>\n<meta property=\"og:locale\" content=\"fr_FR\" \/>\n<meta property=\"og:type\" content=\"article\" \/>\n<meta property=\"og:title\" content=\"Soir\u00e9e cin\u00e9ma Canada-Suisse - Franc\u00fazsky in\u0161tit\u00fat na Slovensku\" \/>\n<meta property=\"og:description\" content=\"Soir\u00e9e Cin\u00e9ma Canada-Suisse au KINO LUMI\u00c8RE \u00e0 Bratislava 17:30 &nbsp;\u00abLa note parfaite\u00bb C\u00e9line Dion \u00e0 l\u2019Eurovision53 min. \/ 2024 Comment C\u00e9line Dion, star plan\u00e9taire, s\u2019est-elle retrouv\u00e9e \u00e0 d\u00e9fendre les couleurs de la Suisse \u00e0 la 33\u1d49 \u00e9dition du concours de l\u2019Eurovision en 1988 ? \u00c0 travers le prisme de ce concours au final haletant se [&hellip;]\" \/>\n<meta property=\"og:url\" content=\"https:\/\/institutfrancais.sk\/fr\/podujatie\/soiree-cinema-canada-suisse\/\" \/>\n<meta property=\"og:site_name\" content=\"Franc\u00fazsky in\u0161tit\u00fat na Slovensku\" \/>\n<meta property=\"article:modified_time\" content=\"2025-03-10T18:06:13+00:00\" \/>\n<meta property=\"og:image\" content=\"https:\/\/institutfrancais.sk\/wp-content\/uploads\/2025\/02\/Soiree-cinema-537x259.png\" \/>\n\t<meta property=\"og:image:width\" content=\"537\" \/>\n\t<meta property=\"og:image:height\" content=\"259\" \/>\n\t<meta property=\"og:image:type\" content=\"image\/png\" \/>\n<meta name=\"twitter:card\" content=\"summary_large_image\" \/>\n<meta name=\"twitter:label1\" content=\"Dur\u00e9e de lecture estim\u00e9e\" \/>\n\t<meta name=\"twitter:data1\" content=\"3 minutes\" \/>\n<script type=\"application\/ld+json\" class=\"yoast-schema-graph\">{\"@context\":\"https:\/\/schema.org\",\"@graph\":[{\"@type\":\"WebPage\",\"@id\":\"https:\/\/institutfrancais.sk\/fr\/podujatie\/soiree-cinema-canada-suisse\/\",\"url\":\"https:\/\/institutfrancais.sk\/fr\/podujatie\/soiree-cinema-canada-suisse\/\",\"name\":\"Soir\u00e9e cin\u00e9ma Canada-Suisse - Franc\u00fazsky in\u0161tit\u00fat na Slovensku\",\"isPartOf\":{\"@id\":\"https:\/\/institutfrancais.sk\/fr\/#website\"},\"primaryImageOfPage\":{\"@id\":\"https:\/\/institutfrancais.sk\/fr\/podujatie\/soiree-cinema-canada-suisse\/#primaryimage\"},\"image\":{\"@id\":\"https:\/\/institutfrancais.sk\/fr\/podujatie\/soiree-cinema-canada-suisse\/#primaryimage\"},\"thumbnailUrl\":\"https:\/\/institutfrancais.sk\/wp-content\/uploads\/2025\/02\/Soiree-cinema.png\",\"datePublished\":\"2025-02-26T15:40:00+00:00\",\"dateModified\":\"2025-03-10T18:06:13+00:00\",\"breadcrumb\":{\"@id\":\"https:\/\/institutfrancais.sk\/fr\/podujatie\/soiree-cinema-canada-suisse\/#breadcrumb\"},\"inLanguage\":\"fr-FR\",\"potentialAction\":[{\"@type\":\"ReadAction\",\"target\":[\"https:\/\/institutfrancais.sk\/fr\/podujatie\/soiree-cinema-canada-suisse\/\"]}]},{\"@type\":\"ImageObject\",\"inLanguage\":\"fr-FR\",\"@id\":\"https:\/\/institutfrancais.sk\/fr\/podujatie\/soiree-cinema-canada-suisse\/#primaryimage\",\"url\":\"https:\/\/institutfrancais.sk\/wp-content\/uploads\/2025\/02\/Soiree-cinema.png\",\"contentUrl\":\"https:\/\/institutfrancais.sk\/wp-content\/uploads\/2025\/02\/Soiree-cinema.png\",\"width\":2590,\"height\":1250,\"caption\":\"Soiree cinema\"},{\"@type\":\"BreadcrumbList\",\"@id\":\"https:\/\/institutfrancais.sk\/fr\/podujatie\/soiree-cinema-canada-suisse\/#breadcrumb\",\"itemListElement\":[{\"@type\":\"ListItem\",\"position\":1,\"name\":\"Home\",\"item\":\"https:\/\/institutfrancais.sk\/fr\/\"},{\"@type\":\"ListItem\",\"position\":2,\"name\":\"Events\",\"item\":\"https:\/\/institutfrancais.sk\/fr\/podujatie\/\"},{\"@type\":\"ListItem\",\"position\":3,\"name\":\"Soir\u00e9e cin\u00e9ma Canada-Suisse\"}]},{\"@type\":\"WebSite\",\"@id\":\"https:\/\/institutfrancais.sk\/fr\/#website\",\"url\":\"https:\/\/institutfrancais.sk\/fr\/\",\"name\":\"Franc\u00fazsky in\u0161tit\u00fat na Slovensku\",\"description\":\"Franc\u00fazsky in\u0161tit\u00fat na Slovensku\",\"potentialAction\":[{\"@type\":\"SearchAction\",\"target\":{\"@type\":\"EntryPoint\",\"urlTemplate\":\"https:\/\/institutfrancais.sk\/fr\/?s={search_term_string}\"},\"query-input\":{\"@type\":\"PropertyValueSpecification\",\"valueRequired\":true,\"valueName\":\"search_term_string\"}}],\"inLanguage\":\"fr-FR\"}]}<\/script>\n<!-- \/ Yoast SEO plugin. -->","yoast_head_json":{"title":"Soir\u00e9e cin\u00e9ma Canada-Suisse - Franc\u00fazsky in\u0161tit\u00fat na Slovensku","robots":{"index":"index","follow":"follow","max-snippet":"max-snippet:-1","max-image-preview":"max-image-preview:large","max-video-preview":"max-video-preview:-1"},"canonical":"https:\/\/institutfrancais.sk\/fr\/podujatie\/soiree-cinema-canada-suisse\/","og_locale":"fr_FR","og_type":"article","og_title":"Soir\u00e9e cin\u00e9ma Canada-Suisse - Franc\u00fazsky in\u0161tit\u00fat na Slovensku","og_description":"Soir\u00e9e Cin\u00e9ma Canada-Suisse au KINO LUMI\u00c8RE \u00e0 Bratislava 17:30 &nbsp;\u00abLa note parfaite\u00bb C\u00e9line Dion \u00e0 l\u2019Eurovision53 min. \/ 2024 Comment C\u00e9line Dion, star plan\u00e9taire, s\u2019est-elle retrouv\u00e9e \u00e0 d\u00e9fendre les couleurs de la Suisse \u00e0 la 33\u1d49 \u00e9dition du concours de l\u2019Eurovision en 1988 ? \u00c0 travers le prisme de ce concours au final haletant se [&hellip;]","og_url":"https:\/\/institutfrancais.sk\/fr\/podujatie\/soiree-cinema-canada-suisse\/","og_site_name":"Franc\u00fazsky in\u0161tit\u00fat na Slovensku","article_modified_time":"2025-03-10T18:06:13+00:00","og_image":[{"width":537,"height":259,"url":"https:\/\/institutfrancais.sk\/wp-content\/uploads\/2025\/02\/Soiree-cinema-537x259.png","type":"image\/png"}],"twitter_card":"summary_large_image","twitter_misc":{"Dur\u00e9e de lecture estim\u00e9e":"3 minutes"},"schema":{"@context":"https:\/\/schema.org","@graph":[{"@type":"WebPage","@id":"https:\/\/institutfrancais.sk\/fr\/podujatie\/soiree-cinema-canada-suisse\/","url":"https:\/\/institutfrancais.sk\/fr\/podujatie\/soiree-cinema-canada-suisse\/","name":"Soir\u00e9e cin\u00e9ma Canada-Suisse - Franc\u00fazsky in\u0161tit\u00fat na Slovensku","isPartOf":{"@id":"https:\/\/institutfrancais.sk\/fr\/#website"},"primaryImageOfPage":{"@id":"https:\/\/institutfrancais.sk\/fr\/podujatie\/soiree-cinema-canada-suisse\/#primaryimage"},"image":{"@id":"https:\/\/institutfrancais.sk\/fr\/podujatie\/soiree-cinema-canada-suisse\/#primaryimage"},"thumbnailUrl":"https:\/\/institutfrancais.sk\/wp-content\/uploads\/2025\/02\/Soiree-cinema.png","datePublished":"2025-02-26T15:40:00+00:00","dateModified":"2025-03-10T18:06:13+00:00","breadcrumb":{"@id":"https:\/\/institutfrancais.sk\/fr\/podujatie\/soiree-cinema-canada-suisse\/#breadcrumb"},"inLanguage":"fr-FR","potentialAction":[{"@type":"ReadAction","target":["https:\/\/institutfrancais.sk\/fr\/podujatie\/soiree-cinema-canada-suisse\/"]}]},{"@type":"ImageObject","inLanguage":"fr-FR","@id":"https:\/\/institutfrancais.sk\/fr\/podujatie\/soiree-cinema-canada-suisse\/#primaryimage","url":"https:\/\/institutfrancais.sk\/wp-content\/uploads\/2025\/02\/Soiree-cinema.png","contentUrl":"https:\/\/institutfrancais.sk\/wp-content\/uploads\/2025\/02\/Soiree-cinema.png","width":2590,"height":1250,"caption":"Soiree cinema"},{"@type":"BreadcrumbList","@id":"https:\/\/institutfrancais.sk\/fr\/podujatie\/soiree-cinema-canada-suisse\/#breadcrumb","itemListElement":[{"@type":"ListItem","position":1,"name":"Home","item":"https:\/\/institutfrancais.sk\/fr\/"},{"@type":"ListItem","position":2,"name":"Events","item":"https:\/\/institutfrancais.sk\/fr\/podujatie\/"},{"@type":"ListItem","position":3,"name":"Soir\u00e9e cin\u00e9ma Canada-Suisse"}]},{"@type":"WebSite","@id":"https:\/\/institutfrancais.sk\/fr\/#website","url":"https:\/\/institutfrancais.sk\/fr\/","name":"Franc\u00fazsky in\u0161tit\u00fat na Slovensku","description":"Franc\u00fazsky in\u0161tit\u00fat na Slovensku","potentialAction":[{"@type":"SearchAction","target":{"@type":"EntryPoint","urlTemplate":"https:\/\/institutfrancais.sk\/fr\/?s={search_term_string}"},"query-input":{"@type":"PropertyValueSpecification","valueRequired":true,"valueName":"search_term_string"}}],"inLanguage":"fr-FR"}]}},"_links":{"self":[{"href":"https:\/\/institutfrancais.sk\/fr\/wp-json\/wp\/v2\/podujatie\/35301"}],"collection":[{"href":"https:\/\/institutfrancais.sk\/fr\/wp-json\/wp\/v2\/podujatie"}],"about":[{"href":"https:\/\/institutfrancais.sk\/fr\/wp-json\/wp\/v2\/types\/podujatie"}],"wp:featuredmedia":[{"embeddable":true,"href":"https:\/\/institutfrancais.sk\/fr\/wp-json\/wp\/v2\/media\/35565"}],"wp:attachment":[{"href":"https:\/\/institutfrancais.sk\/fr\/wp-json\/wp\/v2\/media?parent=35301"}],"wp:term":[{"taxonomy":"typ-podujatia","embeddable":true,"href":"https:\/\/institutfrancais.sk\/fr\/wp-json\/wp\/v2\/typ-podujatia?post=35301"}],"curies":[{"name":"wp","href":"https:\/\/api.w.org\/{rel}","templated":true}]}}