{"id":35332,"date":"2025-02-26T20:53:04","date_gmt":"2025-02-26T19:53:04","guid":{"rendered":"https:\/\/institutfrancais.sk\/?post_type=podujatie&#038;p=35332"},"modified":"2025-02-26T21:04:55","modified_gmt":"2025-02-26T20:04:55","slug":"table-ronde-le-francais-et-le-xxie-siecle-dans-la-francophonie","status":"publish","type":"podujatie","link":"https:\/\/institutfrancais.sk\/fr\/podujatie\/table-ronde-le-francais-et-le-xxie-siecle-dans-la-francophonie\/","title":{"rendered":"Table Ronde : Le Fran\u00e7ais et le XXIe Si\u00e8cle dans la Francophonie"},"content":{"rendered":"\n<p>La Facult\u00e9 des Langues appliqu\u00e9es de l\u2019Universit\u00e9 d\u2019\u00c9conomie de Bratislava et la Facult\u00e9 des Lettres de l\u2019Universit\u00e9 Comenius de Bratislava ont le plaisir de vous inviter \u00e0 une <strong>table ronde<\/strong> sur le th\u00e8me :<\/p>\n\n\n\n<p><strong>\u00ab\u00a0Le Fran\u00e7ais et le XXIe Si\u00e8cle dans la Francophonie\u00a0\u00bb<\/strong><\/p>\n\n\n\n<p>Cet \u00e9v\u00e9nement rassemble chercheurs, \u00e9tudiants et passionn\u00e9s de la langue fran\u00e7aise autour de discussions et d\u2019expos\u00e9s sur l\u2019\u00e9volution du fran\u00e7ais et de la francophonie \u00e0 l\u2019\u00e8re contemporaine.<\/p>\n\n\n\n<p><strong>Date :<\/strong> 12 mars 2025, \u00e0 10h<br><strong>Lieu :<\/strong> Universit\u00e9 d&rsquo;\u00c9conomie de Bratislava<br><strong>Public :<\/strong> Ouvert \u00e0 tous les francophones, \u00e9tudiants et curieux de la langue et de la culture fran\u00e7aises.<\/p>\n\n\n<a href=\"https:\/\/institutfrancais.sk\/wp-content\/uploads\/2025\/02\/Programme_Table-ronde_Francophonie-.pdf\" class=\"btn\">Programme<\/a>\n\n<div class=\"space xxs\"><\/div>\n\n\n<p>Ne manquez pas cette occasion unique de participer aux c\u00e9l\u00e9brations du Mois de la Francophonie et de contribuer aux r\u00e9flexions sur le futur du fran\u00e7ais dans le monde.<\/p>\n\n\n\n<p>Venez \u00e9changer, d\u00e9battre et c\u00e9l\u00e9brer la langue fran\u00e7aise !<\/p>\n\n\n<div class=\"space md\"><\/div>","protected":false},"featured_media":35333,"template":"","typ-podujatia":[53],"acf":[],"yoast_head":"<!-- This site is optimized with the Yoast SEO plugin v24.5 - https:\/\/yoast.com\/wordpress\/plugins\/seo\/ -->\n<title>Table Ronde : Le Fran\u00e7ais et le XXIe Si\u00e8cle dans la Francophonie - Franc\u00fazsky in\u0161tit\u00fat na Slovensku<\/title>\n<meta name=\"robots\" content=\"index, follow, max-snippet:-1, max-image-preview:large, max-video-preview:-1\" \/>\n<link rel=\"canonical\" href=\"https:\/\/institutfrancais.sk\/fr\/podujatie\/table-ronde-le-francais-et-le-xxie-siecle-dans-la-francophonie\/\" \/>\n<meta property=\"og:locale\" content=\"fr_FR\" \/>\n<meta property=\"og:type\" content=\"article\" \/>\n<meta property=\"og:title\" content=\"Table Ronde : Le Fran\u00e7ais et le XXIe Si\u00e8cle dans la Francophonie - Franc\u00fazsky in\u0161tit\u00fat na Slovensku\" \/>\n<meta property=\"og:description\" content=\"La Facult\u00e9 des Langues appliqu\u00e9es de l\u2019Universit\u00e9 d\u2019\u00c9conomie de Bratislava et la Facult\u00e9 des Lettres de l\u2019Universit\u00e9 Comenius de Bratislava ont le plaisir de vous inviter \u00e0 une table ronde sur le th\u00e8me : \u00ab\u00a0Le Fran\u00e7ais et le XXIe Si\u00e8cle dans la Francophonie\u00a0\u00bb Cet \u00e9v\u00e9nement rassemble chercheurs, \u00e9tudiants et passionn\u00e9s de la langue fran\u00e7aise autour [&hellip;]\" \/>\n<meta property=\"og:url\" content=\"https:\/\/institutfrancais.sk\/fr\/podujatie\/table-ronde-le-francais-et-le-xxie-siecle-dans-la-francophonie\/\" \/>\n<meta property=\"og:site_name\" content=\"Franc\u00fazsky in\u0161tit\u00fat na Slovensku\" \/>\n<meta property=\"article:modified_time\" content=\"2025-02-26T20:04:55+00:00\" \/>\n<meta name=\"twitter:card\" content=\"summary_large_image\" \/>\n<meta name=\"twitter:label1\" content=\"Dur\u00e9e de lecture estim\u00e9e\" \/>\n\t<meta name=\"twitter:data1\" content=\"1 minute\" \/>\n<script type=\"application\/ld+json\" class=\"yoast-schema-graph\">{\"@context\":\"https:\/\/schema.org\",\"@graph\":[{\"@type\":\"WebPage\",\"@id\":\"https:\/\/institutfrancais.sk\/fr\/podujatie\/table-ronde-le-francais-et-le-xxie-siecle-dans-la-francophonie\/\",\"url\":\"https:\/\/institutfrancais.sk\/fr\/podujatie\/table-ronde-le-francais-et-le-xxie-siecle-dans-la-francophonie\/\",\"name\":\"Table Ronde : Le Fran\u00e7ais et le XXIe Si\u00e8cle dans la Francophonie - Franc\u00fazsky in\u0161tit\u00fat na Slovensku\",\"isPartOf\":{\"@id\":\"https:\/\/institutfrancais.sk\/fr\/#website\"},\"primaryImageOfPage\":{\"@id\":\"https:\/\/institutfrancais.sk\/fr\/podujatie\/table-ronde-le-francais-et-le-xxie-siecle-dans-la-francophonie\/#primaryimage\"},\"image\":{\"@id\":\"https:\/\/institutfrancais.sk\/fr\/podujatie\/table-ronde-le-francais-et-le-xxie-siecle-dans-la-francophonie\/#primaryimage\"},\"thumbnailUrl\":\"https:\/\/institutfrancais.sk\/wp-content\/uploads\/2025\/02\/Affiche_Table-ronde_Francophonie-pdf.jpg\",\"datePublished\":\"2025-02-26T19:53:04+00:00\",\"dateModified\":\"2025-02-26T20:04:55+00:00\",\"breadcrumb\":{\"@id\":\"https:\/\/institutfrancais.sk\/fr\/podujatie\/table-ronde-le-francais-et-le-xxie-siecle-dans-la-francophonie\/#breadcrumb\"},\"inLanguage\":\"fr-FR\",\"potentialAction\":[{\"@type\":\"ReadAction\",\"target\":[\"https:\/\/institutfrancais.sk\/fr\/podujatie\/table-ronde-le-francais-et-le-xxie-siecle-dans-la-francophonie\/\"]}]},{\"@type\":\"ImageObject\",\"inLanguage\":\"fr-FR\",\"@id\":\"https:\/\/institutfrancais.sk\/fr\/podujatie\/table-ronde-le-francais-et-le-xxie-siecle-dans-la-francophonie\/#primaryimage\",\"url\":\"https:\/\/institutfrancais.sk\/wp-content\/uploads\/2025\/02\/Affiche_Table-ronde_Francophonie-pdf.jpg\",\"contentUrl\":\"https:\/\/institutfrancais.sk\/wp-content\/uploads\/2025\/02\/Affiche_Table-ronde_Francophonie-pdf.jpg\"},{\"@type\":\"BreadcrumbList\",\"@id\":\"https:\/\/institutfrancais.sk\/fr\/podujatie\/table-ronde-le-francais-et-le-xxie-siecle-dans-la-francophonie\/#breadcrumb\",\"itemListElement\":[{\"@type\":\"ListItem\",\"position\":1,\"name\":\"Home\",\"item\":\"https:\/\/institutfrancais.sk\/fr\/\"},{\"@type\":\"ListItem\",\"position\":2,\"name\":\"Events\",\"item\":\"https:\/\/institutfrancais.sk\/fr\/podujatie\/\"},{\"@type\":\"ListItem\",\"position\":3,\"name\":\"Table Ronde : Le Fran\u00e7ais et le XXIe Si\u00e8cle dans la Francophonie\"}]},{\"@type\":\"WebSite\",\"@id\":\"https:\/\/institutfrancais.sk\/fr\/#website\",\"url\":\"https:\/\/institutfrancais.sk\/fr\/\",\"name\":\"Franc\u00fazsky in\u0161tit\u00fat na Slovensku\",\"description\":\"Franc\u00fazsky in\u0161tit\u00fat na Slovensku\",\"potentialAction\":[{\"@type\":\"SearchAction\",\"target\":{\"@type\":\"EntryPoint\",\"urlTemplate\":\"https:\/\/institutfrancais.sk\/fr\/?s={search_term_string}\"},\"query-input\":{\"@type\":\"PropertyValueSpecification\",\"valueRequired\":true,\"valueName\":\"search_term_string\"}}],\"inLanguage\":\"fr-FR\"}]}<\/script>\n<!-- \/ Yoast SEO plugin. -->","yoast_head_json":{"title":"Table Ronde : Le Fran\u00e7ais et le XXIe Si\u00e8cle dans la Francophonie - Franc\u00fazsky in\u0161tit\u00fat na Slovensku","robots":{"index":"index","follow":"follow","max-snippet":"max-snippet:-1","max-image-preview":"max-image-preview:large","max-video-preview":"max-video-preview:-1"},"canonical":"https:\/\/institutfrancais.sk\/fr\/podujatie\/table-ronde-le-francais-et-le-xxie-siecle-dans-la-francophonie\/","og_locale":"fr_FR","og_type":"article","og_title":"Table Ronde : Le Fran\u00e7ais et le XXIe Si\u00e8cle dans la Francophonie - Franc\u00fazsky in\u0161tit\u00fat na Slovensku","og_description":"La Facult\u00e9 des Langues appliqu\u00e9es de l\u2019Universit\u00e9 d\u2019\u00c9conomie de Bratislava et la Facult\u00e9 des Lettres de l\u2019Universit\u00e9 Comenius de Bratislava ont le plaisir de vous inviter \u00e0 une table ronde sur le th\u00e8me : \u00ab\u00a0Le Fran\u00e7ais et le XXIe Si\u00e8cle dans la Francophonie\u00a0\u00bb Cet \u00e9v\u00e9nement rassemble chercheurs, \u00e9tudiants et passionn\u00e9s de la langue fran\u00e7aise autour [&hellip;]","og_url":"https:\/\/institutfrancais.sk\/fr\/podujatie\/table-ronde-le-francais-et-le-xxie-siecle-dans-la-francophonie\/","og_site_name":"Franc\u00fazsky in\u0161tit\u00fat na Slovensku","article_modified_time":"2025-02-26T20:04:55+00:00","twitter_card":"summary_large_image","twitter_misc":{"Dur\u00e9e de lecture estim\u00e9e":"1 minute"},"schema":{"@context":"https:\/\/schema.org","@graph":[{"@type":"WebPage","@id":"https:\/\/institutfrancais.sk\/fr\/podujatie\/table-ronde-le-francais-et-le-xxie-siecle-dans-la-francophonie\/","url":"https:\/\/institutfrancais.sk\/fr\/podujatie\/table-ronde-le-francais-et-le-xxie-siecle-dans-la-francophonie\/","name":"Table Ronde : Le Fran\u00e7ais et le XXIe Si\u00e8cle dans la Francophonie - Franc\u00fazsky in\u0161tit\u00fat na Slovensku","isPartOf":{"@id":"https:\/\/institutfrancais.sk\/fr\/#website"},"primaryImageOfPage":{"@id":"https:\/\/institutfrancais.sk\/fr\/podujatie\/table-ronde-le-francais-et-le-xxie-siecle-dans-la-francophonie\/#primaryimage"},"image":{"@id":"https:\/\/institutfrancais.sk\/fr\/podujatie\/table-ronde-le-francais-et-le-xxie-siecle-dans-la-francophonie\/#primaryimage"},"thumbnailUrl":"https:\/\/institutfrancais.sk\/wp-content\/uploads\/2025\/02\/Affiche_Table-ronde_Francophonie-pdf.jpg","datePublished":"2025-02-26T19:53:04+00:00","dateModified":"2025-02-26T20:04:55+00:00","breadcrumb":{"@id":"https:\/\/institutfrancais.sk\/fr\/podujatie\/table-ronde-le-francais-et-le-xxie-siecle-dans-la-francophonie\/#breadcrumb"},"inLanguage":"fr-FR","potentialAction":[{"@type":"ReadAction","target":["https:\/\/institutfrancais.sk\/fr\/podujatie\/table-ronde-le-francais-et-le-xxie-siecle-dans-la-francophonie\/"]}]},{"@type":"ImageObject","inLanguage":"fr-FR","@id":"https:\/\/institutfrancais.sk\/fr\/podujatie\/table-ronde-le-francais-et-le-xxie-siecle-dans-la-francophonie\/#primaryimage","url":"https:\/\/institutfrancais.sk\/wp-content\/uploads\/2025\/02\/Affiche_Table-ronde_Francophonie-pdf.jpg","contentUrl":"https:\/\/institutfrancais.sk\/wp-content\/uploads\/2025\/02\/Affiche_Table-ronde_Francophonie-pdf.jpg"},{"@type":"BreadcrumbList","@id":"https:\/\/institutfrancais.sk\/fr\/podujatie\/table-ronde-le-francais-et-le-xxie-siecle-dans-la-francophonie\/#breadcrumb","itemListElement":[{"@type":"ListItem","position":1,"name":"Home","item":"https:\/\/institutfrancais.sk\/fr\/"},{"@type":"ListItem","position":2,"name":"Events","item":"https:\/\/institutfrancais.sk\/fr\/podujatie\/"},{"@type":"ListItem","position":3,"name":"Table Ronde : Le Fran\u00e7ais et le XXIe Si\u00e8cle dans la Francophonie"}]},{"@type":"WebSite","@id":"https:\/\/institutfrancais.sk\/fr\/#website","url":"https:\/\/institutfrancais.sk\/fr\/","name":"Franc\u00fazsky in\u0161tit\u00fat na Slovensku","description":"Franc\u00fazsky in\u0161tit\u00fat na Slovensku","potentialAction":[{"@type":"SearchAction","target":{"@type":"EntryPoint","urlTemplate":"https:\/\/institutfrancais.sk\/fr\/?s={search_term_string}"},"query-input":{"@type":"PropertyValueSpecification","valueRequired":true,"valueName":"search_term_string"}}],"inLanguage":"fr-FR"}]}},"_links":{"self":[{"href":"https:\/\/institutfrancais.sk\/fr\/wp-json\/wp\/v2\/podujatie\/35332"}],"collection":[{"href":"https:\/\/institutfrancais.sk\/fr\/wp-json\/wp\/v2\/podujatie"}],"about":[{"href":"https:\/\/institutfrancais.sk\/fr\/wp-json\/wp\/v2\/types\/podujatie"}],"wp:featuredmedia":[{"embeddable":true,"href":"https:\/\/institutfrancais.sk\/fr\/wp-json\/wp\/v2\/media\/35333"}],"wp:attachment":[{"href":"https:\/\/institutfrancais.sk\/fr\/wp-json\/wp\/v2\/media?parent=35332"}],"wp:term":[{"taxonomy":"typ-podujatia","embeddable":true,"href":"https:\/\/institutfrancais.sk\/fr\/wp-json\/wp\/v2\/typ-podujatia?post=35332"}],"curies":[{"name":"wp","href":"https:\/\/api.w.org\/{rel}","templated":true}]}}