{"id":35344,"date":"2025-02-26T21:55:55","date_gmt":"2025-02-26T20:55:55","guid":{"rendered":"https:\/\/institutfrancais.sk\/?post_type=podujatie&#038;p=35344"},"modified":"2025-02-27T17:06:38","modified_gmt":"2025-02-27T16:06:38","slug":"concert-de-lea-gasser-4tet-ch","status":"publish","type":"podujatie","link":"https:\/\/institutfrancais.sk\/fr\/podujatie\/concert-de-lea-gasser-4tet-ch\/","title":{"rendered":"Concert de Lea Gasser 4tet (CH)"},"content":{"rendered":"\n<p>L\u2019accord\u00e9oniste suisse Lea Gasser lance son projet personnel en 2020 et d\u00e9cide de fonder son quintet. Ses compositions jazz laissent transpara\u00eetre des influences de la musique classique ou encore folklorique. La musicienne et compositrice m\u00e9lange habilement les diff\u00e9rentes couleurs de son univers et explore les limites de la tessiture de son quintet, laissant toutefois une place importante aux improvisations. Elle marie avec d\u00e9licatesse les diverses facettes de son instrument aux timbres caract\u00e9ristiques de ses musiciens, leur octroyant tour \u00e0 tour des r\u00f4les vari\u00e9s. Les m\u00e9lodies parfois m\u00e9lancoliques rencontrent des lignes de basse envo\u00fbtantes et le public se laisse facilement porter par ces dialogues po\u00e9tiques et cette musique en constante \u00e9volution.<\/p>\n\n\n\n<p>Le groupe sort son premier album \u00ab\u00a0L&rsquo;Heure Bleue\u00a0\u00bb en d\u00e9cembre 2022, a&nbsp;\u00e9t\u00e9 s\u00e9lectionn\u00e9 pour le Festival Suisse Diagonales Jazz 2024 et gagne le renomm\u00e9 ZKB Jazzpreis 2024.<\/p>\n\n\n\n<p>\u00c0 Bratislava, Lea Gasser se pr\u00e9sentera en quartett.<\/p>\n\n\n\n<p>Entr\u00e9e libre<\/p>\n\n\n\n<p><em>\u00a9<\/em> Photo Mathilda Olmi<\/p>\n\n\n<div class=\"space md\"><\/div>","protected":false},"featured_media":35416,"template":"","typ-podujatia":[51],"acf":[],"yoast_head":"<!-- This site is optimized with the Yoast SEO plugin v24.5 - https:\/\/yoast.com\/wordpress\/plugins\/seo\/ -->\n<title>Concert de Lea Gasser 4tet (CH) - Franc\u00fazsky in\u0161tit\u00fat na Slovensku<\/title>\n<meta name=\"robots\" content=\"index, follow, max-snippet:-1, max-image-preview:large, max-video-preview:-1\" \/>\n<link rel=\"canonical\" href=\"https:\/\/institutfrancais.sk\/fr\/podujatie\/concert-de-lea-gasser-4tet-ch\/\" \/>\n<meta property=\"og:locale\" content=\"fr_FR\" \/>\n<meta property=\"og:type\" content=\"article\" \/>\n<meta property=\"og:title\" content=\"Concert de Lea Gasser 4tet (CH) - Franc\u00fazsky in\u0161tit\u00fat na Slovensku\" \/>\n<meta property=\"og:description\" content=\"L\u2019accord\u00e9oniste suisse Lea Gasser lance son projet personnel en 2020 et d\u00e9cide de fonder son quintet. Ses compositions jazz laissent transpara\u00eetre des influences de la musique classique ou encore folklorique. La musicienne et compositrice m\u00e9lange habilement les diff\u00e9rentes couleurs de son univers et explore les limites de la tessiture de son quintet, laissant toutefois une [&hellip;]\" \/>\n<meta property=\"og:url\" content=\"https:\/\/institutfrancais.sk\/fr\/podujatie\/concert-de-lea-gasser-4tet-ch\/\" \/>\n<meta property=\"og:site_name\" content=\"Franc\u00fazsky in\u0161tit\u00fat na Slovensku\" \/>\n<meta property=\"article:modified_time\" content=\"2025-02-27T16:06:38+00:00\" \/>\n<meta property=\"og:image\" content=\"https:\/\/institutfrancais.sk\/wp-content\/uploads\/2025\/02\/Lea-Gasser-4tet_stairs_Credits_Mathilda-Olmi-scaled.jpg\" \/>\n\t<meta property=\"og:image:width\" content=\"2560\" \/>\n\t<meta property=\"og:image:height\" content=\"2484\" \/>\n\t<meta property=\"og:image:type\" content=\"image\/jpeg\" \/>\n<meta name=\"twitter:card\" content=\"summary_large_image\" \/>\n<meta name=\"twitter:label1\" content=\"Dur\u00e9e de lecture estim\u00e9e\" \/>\n\t<meta name=\"twitter:data1\" content=\"2 minutes\" \/>\n<script type=\"application\/ld+json\" class=\"yoast-schema-graph\">{\"@context\":\"https:\/\/schema.org\",\"@graph\":[{\"@type\":\"WebPage\",\"@id\":\"https:\/\/institutfrancais.sk\/fr\/podujatie\/concert-de-lea-gasser-4tet-ch\/\",\"url\":\"https:\/\/institutfrancais.sk\/fr\/podujatie\/concert-de-lea-gasser-4tet-ch\/\",\"name\":\"Concert de Lea Gasser 4tet (CH) - Franc\u00fazsky in\u0161tit\u00fat na Slovensku\",\"isPartOf\":{\"@id\":\"https:\/\/institutfrancais.sk\/fr\/#website\"},\"primaryImageOfPage\":{\"@id\":\"https:\/\/institutfrancais.sk\/fr\/podujatie\/concert-de-lea-gasser-4tet-ch\/#primaryimage\"},\"image\":{\"@id\":\"https:\/\/institutfrancais.sk\/fr\/podujatie\/concert-de-lea-gasser-4tet-ch\/#primaryimage\"},\"thumbnailUrl\":\"https:\/\/institutfrancais.sk\/wp-content\/uploads\/2025\/02\/Lea-Gasser-4tet_stairs_Credits_Mathilda-Olmi-scaled.jpg\",\"datePublished\":\"2025-02-26T20:55:55+00:00\",\"dateModified\":\"2025-02-27T16:06:38+00:00\",\"breadcrumb\":{\"@id\":\"https:\/\/institutfrancais.sk\/fr\/podujatie\/concert-de-lea-gasser-4tet-ch\/#breadcrumb\"},\"inLanguage\":\"fr-FR\",\"potentialAction\":[{\"@type\":\"ReadAction\",\"target\":[\"https:\/\/institutfrancais.sk\/fr\/podujatie\/concert-de-lea-gasser-4tet-ch\/\"]}]},{\"@type\":\"ImageObject\",\"inLanguage\":\"fr-FR\",\"@id\":\"https:\/\/institutfrancais.sk\/fr\/podujatie\/concert-de-lea-gasser-4tet-ch\/#primaryimage\",\"url\":\"https:\/\/institutfrancais.sk\/wp-content\/uploads\/2025\/02\/Lea-Gasser-4tet_stairs_Credits_Mathilda-Olmi-scaled.jpg\",\"contentUrl\":\"https:\/\/institutfrancais.sk\/wp-content\/uploads\/2025\/02\/Lea-Gasser-4tet_stairs_Credits_Mathilda-Olmi-scaled.jpg\",\"width\":2560,\"height\":2484},{\"@type\":\"BreadcrumbList\",\"@id\":\"https:\/\/institutfrancais.sk\/fr\/podujatie\/concert-de-lea-gasser-4tet-ch\/#breadcrumb\",\"itemListElement\":[{\"@type\":\"ListItem\",\"position\":1,\"name\":\"Home\",\"item\":\"https:\/\/institutfrancais.sk\/fr\/\"},{\"@type\":\"ListItem\",\"position\":2,\"name\":\"Events\",\"item\":\"https:\/\/institutfrancais.sk\/fr\/podujatie\/\"},{\"@type\":\"ListItem\",\"position\":3,\"name\":\"Concert de Lea Gasser 4tet (CH)\"}]},{\"@type\":\"WebSite\",\"@id\":\"https:\/\/institutfrancais.sk\/fr\/#website\",\"url\":\"https:\/\/institutfrancais.sk\/fr\/\",\"name\":\"Franc\u00fazsky in\u0161tit\u00fat na Slovensku\",\"description\":\"Franc\u00fazsky in\u0161tit\u00fat na Slovensku\",\"potentialAction\":[{\"@type\":\"SearchAction\",\"target\":{\"@type\":\"EntryPoint\",\"urlTemplate\":\"https:\/\/institutfrancais.sk\/fr\/?s={search_term_string}\"},\"query-input\":{\"@type\":\"PropertyValueSpecification\",\"valueRequired\":true,\"valueName\":\"search_term_string\"}}],\"inLanguage\":\"fr-FR\"}]}<\/script>\n<!-- \/ Yoast SEO plugin. -->","yoast_head_json":{"title":"Concert de Lea Gasser 4tet (CH) - Franc\u00fazsky in\u0161tit\u00fat na Slovensku","robots":{"index":"index","follow":"follow","max-snippet":"max-snippet:-1","max-image-preview":"max-image-preview:large","max-video-preview":"max-video-preview:-1"},"canonical":"https:\/\/institutfrancais.sk\/fr\/podujatie\/concert-de-lea-gasser-4tet-ch\/","og_locale":"fr_FR","og_type":"article","og_title":"Concert de Lea Gasser 4tet (CH) - Franc\u00fazsky in\u0161tit\u00fat na Slovensku","og_description":"L\u2019accord\u00e9oniste suisse Lea Gasser lance son projet personnel en 2020 et d\u00e9cide de fonder son quintet. Ses compositions jazz laissent transpara\u00eetre des influences de la musique classique ou encore folklorique. La musicienne et compositrice m\u00e9lange habilement les diff\u00e9rentes couleurs de son univers et explore les limites de la tessiture de son quintet, laissant toutefois une [&hellip;]","og_url":"https:\/\/institutfrancais.sk\/fr\/podujatie\/concert-de-lea-gasser-4tet-ch\/","og_site_name":"Franc\u00fazsky in\u0161tit\u00fat na Slovensku","article_modified_time":"2025-02-27T16:06:38+00:00","og_image":[{"width":2560,"height":2484,"url":"https:\/\/institutfrancais.sk\/wp-content\/uploads\/2025\/02\/Lea-Gasser-4tet_stairs_Credits_Mathilda-Olmi-scaled.jpg","type":"image\/jpeg"}],"twitter_card":"summary_large_image","twitter_misc":{"Dur\u00e9e de lecture estim\u00e9e":"2 minutes"},"schema":{"@context":"https:\/\/schema.org","@graph":[{"@type":"WebPage","@id":"https:\/\/institutfrancais.sk\/fr\/podujatie\/concert-de-lea-gasser-4tet-ch\/","url":"https:\/\/institutfrancais.sk\/fr\/podujatie\/concert-de-lea-gasser-4tet-ch\/","name":"Concert de Lea Gasser 4tet (CH) - Franc\u00fazsky in\u0161tit\u00fat na Slovensku","isPartOf":{"@id":"https:\/\/institutfrancais.sk\/fr\/#website"},"primaryImageOfPage":{"@id":"https:\/\/institutfrancais.sk\/fr\/podujatie\/concert-de-lea-gasser-4tet-ch\/#primaryimage"},"image":{"@id":"https:\/\/institutfrancais.sk\/fr\/podujatie\/concert-de-lea-gasser-4tet-ch\/#primaryimage"},"thumbnailUrl":"https:\/\/institutfrancais.sk\/wp-content\/uploads\/2025\/02\/Lea-Gasser-4tet_stairs_Credits_Mathilda-Olmi-scaled.jpg","datePublished":"2025-02-26T20:55:55+00:00","dateModified":"2025-02-27T16:06:38+00:00","breadcrumb":{"@id":"https:\/\/institutfrancais.sk\/fr\/podujatie\/concert-de-lea-gasser-4tet-ch\/#breadcrumb"},"inLanguage":"fr-FR","potentialAction":[{"@type":"ReadAction","target":["https:\/\/institutfrancais.sk\/fr\/podujatie\/concert-de-lea-gasser-4tet-ch\/"]}]},{"@type":"ImageObject","inLanguage":"fr-FR","@id":"https:\/\/institutfrancais.sk\/fr\/podujatie\/concert-de-lea-gasser-4tet-ch\/#primaryimage","url":"https:\/\/institutfrancais.sk\/wp-content\/uploads\/2025\/02\/Lea-Gasser-4tet_stairs_Credits_Mathilda-Olmi-scaled.jpg","contentUrl":"https:\/\/institutfrancais.sk\/wp-content\/uploads\/2025\/02\/Lea-Gasser-4tet_stairs_Credits_Mathilda-Olmi-scaled.jpg","width":2560,"height":2484},{"@type":"BreadcrumbList","@id":"https:\/\/institutfrancais.sk\/fr\/podujatie\/concert-de-lea-gasser-4tet-ch\/#breadcrumb","itemListElement":[{"@type":"ListItem","position":1,"name":"Home","item":"https:\/\/institutfrancais.sk\/fr\/"},{"@type":"ListItem","position":2,"name":"Events","item":"https:\/\/institutfrancais.sk\/fr\/podujatie\/"},{"@type":"ListItem","position":3,"name":"Concert de Lea Gasser 4tet (CH)"}]},{"@type":"WebSite","@id":"https:\/\/institutfrancais.sk\/fr\/#website","url":"https:\/\/institutfrancais.sk\/fr\/","name":"Franc\u00fazsky in\u0161tit\u00fat na Slovensku","description":"Franc\u00fazsky in\u0161tit\u00fat na Slovensku","potentialAction":[{"@type":"SearchAction","target":{"@type":"EntryPoint","urlTemplate":"https:\/\/institutfrancais.sk\/fr\/?s={search_term_string}"},"query-input":{"@type":"PropertyValueSpecification","valueRequired":true,"valueName":"search_term_string"}}],"inLanguage":"fr-FR"}]}},"_links":{"self":[{"href":"https:\/\/institutfrancais.sk\/fr\/wp-json\/wp\/v2\/podujatie\/35344"}],"collection":[{"href":"https:\/\/institutfrancais.sk\/fr\/wp-json\/wp\/v2\/podujatie"}],"about":[{"href":"https:\/\/institutfrancais.sk\/fr\/wp-json\/wp\/v2\/types\/podujatie"}],"wp:featuredmedia":[{"embeddable":true,"href":"https:\/\/institutfrancais.sk\/fr\/wp-json\/wp\/v2\/media\/35416"}],"wp:attachment":[{"href":"https:\/\/institutfrancais.sk\/fr\/wp-json\/wp\/v2\/media?parent=35344"}],"wp:term":[{"taxonomy":"typ-podujatia","embeddable":true,"href":"https:\/\/institutfrancais.sk\/fr\/wp-json\/wp\/v2\/typ-podujatia?post=35344"}],"curies":[{"name":"wp","href":"https:\/\/api.w.org\/{rel}","templated":true}]}}