{"id":35670,"date":"2025-03-09T20:05:02","date_gmt":"2025-03-09T19:05:02","guid":{"rendered":"https:\/\/institutfrancais.sk\/podujatie\/mesiac-frankofonie-2025\/"},"modified":"2025-03-09T20:20:21","modified_gmt":"2025-03-09T19:20:21","slug":"mesiac-frankofonie-2025","status":"publish","type":"podujatie","link":"https:\/\/institutfrancais.sk\/fr\/podujatie\/mesiac-frankofonie-2025\/","title":{"rendered":"Mois de la Francophonie 2025"},"content":{"rendered":"\n<h2 class=\"wp-block-heading\">Prenez la parole ! <\/h2>\n\n\n\n<p style=\"font-size:16px;letter-spacing:0px\">Chers francophones, chers francophiles,<\/p>\n\n\n\n<p style=\"font-size:16px;letter-spacing:0px\">Comme chaque ann\u00e9e, nous f\u00eatons la francophonie au mois de mars !<\/p>\n\n\n\n<p style=\"font-size:16px;letter-spacing:0px\">La francophonie est une communaut\u00e9 linguistique compos\u00e9e de personnes qui partagent une langue mondiale, le fran\u00e7ais, non pas la plus parl\u00e9e, mais la plus r\u00e9pandue et la plus enseign\u00e9e dans le monde, apr\u00e8s l\u2019anglais.&nbsp;<\/p>\n\n\n\n<p style=\"font-size:16px;letter-spacing:0px\">Cette maison qu&rsquo;est la langue fran\u00e7aise, tous les amoureux des multiples&nbsp;cultures francophones&nbsp;peuvent la partager&nbsp;\u00e0 travers la Slovaquie,&nbsp;gr\u00e2ce \u00e0 un programme vari\u00e9&nbsp;que nous vous avons pr\u00e9par\u00e9, en partenariat avec les Alliances fran\u00e7aises de Banska Bystrica et de Ko\u0161ice.<\/p>\n\n\n\n<p style=\"font-size:16px;letter-spacing:0px\">Nous attirons votre attention particuli\u00e8re sur <strong><a href=\"https:\/\/institutfrancais.sk\/fr\/podujatie\/soiree-francophone\/\" target=\"_blank\" rel=\"noreferrer noopener\">la soir\u00e9e francophone<\/a><\/strong> qui se tiendra dans la galerie de l&rsquo;Institut fran\u00e7ais de Slovaquie le 20 mars 2025, journ\u00e9e internationale de la francophonie, entre 17h et 19h. Cette soir\u00e9e sera l&rsquo;occasion de se retrouver autour d&rsquo;un moment convivial, de jeux de soci\u00e9t\u00e9s, de conversation en fran\u00e7ais et d&rsquo;un grand quiz pour tester votre culture francophone ! Nous aurons d&rsquo;ailleurs l&rsquo;honneur d&rsquo;accueillir Madame Lucia Hurajov\u00e1, francophone et ambassadrice de la <a href=\"https:\/\/caravanedesdixmots.com\/\" target=\"_blank\" rel=\"noreferrer noopener\">Caravane des dix mots<\/a> en Slovaquie.<\/p>\n\n\n\n<p style=\"font-size:16px;letter-spacing:0px\">Parmi les nombreux autres \u00e9v\u00e9nements, vous d\u00e9couvrirez, pour la seconde \u00e9dition en Slovaquie, le Choix Goncourt, ainsi que, comme chaque ann\u00e9e, le concours de la chanson francophone<a href=\"https:\/\/institutfrancais.sk\/spievam-po-francuzsky-2025-zapisy-su-otvorene\/\" target=\"_blank\" rel=\"noreferrer noopener\"> Spievam po&nbsp;Franc\u00fazsky<\/a>.<\/p>\n\n\n\n<p style=\"font-size:16px;letter-spacing:0px\">Nous sommes \u00e9galement fiers de travailler conjointement avec nos partenaires francophones, dont nous vous d\u00e9voilerons le programme pour le mois de la francophonie tr\u00e8s vite !<\/p>\n\n\n\n<p style=\"font-size:16px;letter-spacing:0px\">Enfin, n\u2019oubliez pas que vous pouvez toujours vous inscrire au prochain trimestre de cours de langue fran\u00e7aise pour tous les niveaux, avec la possibilit\u00e9 d\u2019obtenir une certification !<\/p>\n\n\n\n<p style=\"font-size:16px;letter-spacing:0px\">Toute l&rsquo;\u00e9quipe de l&rsquo;Institut fran\u00e7ais de Slovaquie vous souhaite un beau mois de la francophonie ! &nbsp;&nbsp;&nbsp;&nbsp;&nbsp;&nbsp;&nbsp;&nbsp;&nbsp;&nbsp;&nbsp;&nbsp;&nbsp;&nbsp;&nbsp;&nbsp;&nbsp;&nbsp;&nbsp;&nbsp;&nbsp;&nbsp;&nbsp;&nbsp;&nbsp;&nbsp;&nbsp;&nbsp;&nbsp;&nbsp;&nbsp;&nbsp;&nbsp;&nbsp;&nbsp;&nbsp;&nbsp;&nbsp;&nbsp;&nbsp;&nbsp;&nbsp;&nbsp;<\/p>\n\n\n\n<p style=\"font-size:16px;letter-spacing:0px\">Olivier FAVRY, Directeur et Conseiller de Coop\u00e9ration et d\u2019Action Culturelle<\/p>\n\n\n<div class=\"accordion-menu\"><a href=\"#a1-\" class=\"smooth\"><\/a><\/div><div class=\"accordion\" id=\"a989\"><div class=\"card\"><div class=\"card-header\" id=\"ha989_1\"><h3 class=\"card-opener\"><button class=\"collapsed\" type=\"button\" data-toggle=\"collapse\" data-target=\"#ca989_1\" aria-expanded=\"true\" aria-controls=\"ca989_1\">Rendez-vous \u00e0 Bratislava<span class=\"plus\"><svg viewBox=\"0 0 29 29\" xmlns=\"http:\/\/www.w3.org\/2000\/svg\"><path d=\"M28.2857 12.9286V16.7857C28.2857 17.3214 28.0982 17.7768 27.7232 18.1518C27.3482 18.5268 26.8929 18.7143 26.3571 18.7143H18V27.0714C18 27.6071 17.8125 28.0625 17.4375 28.4375C17.0625 28.8125 16.6071 29 16.0714 29H12.2143C11.6786 29 11.2232 28.8125 10.8482 28.4375C10.4732 28.0625 10.2857 27.6071 10.2857 27.0714V18.7143H1.92857C1.39286 18.7143 0.9375 18.5268 0.5625 18.1518C0.1875 17.7768 0 17.3214 0 16.7857V12.9286C0 12.3929 0.1875 11.9375 0.5625 11.5625C0.9375 11.1875 1.39286 11 1.92857 11H10.2857V2.64286C10.2857 2.10714 10.4732 1.65178 10.8482 1.27678C11.2232 0.901784 11.6786 0.714284 12.2143 0.714284H16.0714C16.6071 0.714284 17.0625 0.901784 17.4375 1.27678C17.8125 1.65178 18 2.10714 18 2.64286V11H26.3571C26.8929 11 27.3482 11.1875 27.7232 11.5625C28.0982 11.9375 28.2857 12.3929 28.2857 12.9286Z\"><\/svg><\/span><span class=\"minus\"><svg viewBox=\"0 0 29 8\" xmlns=\"http:\/\/www.w3.org\/2000\/svg\"><path d=\"M28.2857 1.92857V5.78571C28.2857 6.32143 28.0982 6.77679 27.7232 7.15179C27.3482 7.52679 26.8929 7.71429 26.3571 7.71429H1.92857C1.39286 7.71429 0.9375 7.52679 0.5625 7.15179C0.1875 6.77679 0 6.32143 0 5.78571V1.92857C0 1.39286 0.1875 0.937499 0.5625 0.562499C0.9375 0.1875 1.39286 0 1.92857 0H26.3571C26.8929 0 27.3482 0.1875 27.7232 0.562499C28.0982 0.937499 28.2857 1.39286 28.2857 1.92857Z\"><\/svg><\/span><\/button><\/h3><\/div><div id=\"ca989_1\" class=\"collapse\" aria-labelledby=\"ha989_1\" data-parent=\"#a989\"><div class=\"card-body\"><h3 style=\"text-align: center;\"><strong>Expositions<\/strong><\/h3>\n<p style=\"text-align: center;\"><strong>\u00c9crire en fran\u00e7ais<\/strong><br \/>\n<em>Histoires de langues, voyages de mots<\/em><\/p>\n<p style=\"text-align: center;\">Venez d\u00e9couvrir l&rsquo;histoire de 100 autrices et auteurs du monde entier, qui ont toutes et tous choisi la langue fran\u00e7aise comme moyen d&rsquo;expression et de transmission.<br \/>\n\u00c0 travers des citations tir\u00e9es de leurs ouvrages et des t\u00e9moignages \u00e9crits et vid\u00e9os in\u00e9dits, vous serez plong\u00e9s au c\u0153ur d&rsquo;une multitude de parcours et d&rsquo;exp\u00e9riences mis en lumi\u00e8re par Bernard Magnier et Sabyl Ghoussoub et illustr\u00e9s par Raphaelle Macaron.<br \/>\n20.03.2025 &#8211;&nbsp;01.04.2025 \/ Galerie de l&rsquo;Institut fran\u00e7ais de Slovaquie<\/p>\n<h3 style=\"text-align: center;\"><strong>Musique<\/strong><\/h3>\n<p style=\"text-align: center;\"><strong>Spievam po&nbsp;Franc\u00fazsky<\/strong><br \/>\nDemi-finale pour la r\u00e9gion de Bratislava<br \/>\n09.04.2025 &#8211;&nbsp;horaire \u00e0 venir &#8211;&nbsp;V-Klub<br \/>\n&gt;<a href=\"https:\/\/institutfrancais.sk\/fr\/spievam-po-francuzsky-2025-zapisy-su-otvorene\/\"> Informations et Inscriptions<\/a> &lt;<\/p>\n<h3 style=\"text-align: center;\"><strong>Cin\u00e9ma<\/strong><\/h3>\n<p style=\"text-align: center;\"><strong>L&rsquo;histoire d&rsquo;Ad\u00e8le H.<\/strong><\/p>\n<p style=\"text-align: center;\">\u00c0 l\u2019occasion du\u00a0<strong>Mois de la Francophonie<\/strong>\u00a0et du\u00a0<strong>140\u1d49 anniversaire de la mort de Victor Hugo<\/strong>, l\u2019Institut fran\u00e7ais de Slovaquie vous invite \u00e0 une projection exceptionnelle du film\u00a0<em>L\u2019Histoire d\u2019Ad\u00e8le H.<\/em>\u00a0de Fran\u00e7ois Truffaut.<br \/>\n12.03.2025 \/ 17h \/ Cin\u00e9ma du Palais Pistori \/ Sur inscription<br \/>\n&gt;&nbsp;<a href=\"https:\/\/institutfrancais.sk\/fr\/podujatie\/lhistoire-dadele-h\/\">Informations<\/a> &lt;<\/p>\n<p style=\"text-align: center;\"><strong>Soir\u00e9e Cin\u00e9ma Canada-Suisse<br \/>\n<\/strong><em>au Kino Lumi\u00e8re<\/em><\/p>\n<p style=\"text-align: center;\"><strong>17:30 \u00a0\u00abLa note parfaite\u00bb C\u00e9line Dion \u00e0 l\u2019Eurovision<br \/>\n<\/strong>53 min. \/ 2024<\/p>\n<p style=\"text-align: center;\">Comment C\u00e9line Dion, star plan\u00e9taire, s\u2019est-elle retrouv\u00e9e \u00e0 d\u00e9fendre les couleurs de la Suisse \u00e0 la 33\u1d49 \u00e9dition du concours de l\u2019Eurovision en 1988 ? \u00c0 travers le prisme de ce concours au final haletant se dessine le portrait d\u2019une concurrente d\u00e9termin\u00e9e. Son triomphe europ\u00e9en l\u2019a propuls\u00e9e sur la sc\u00e8ne mondiale.<br \/>\nLangue\u00a0: fran\u00e7ais<br \/>\nSous-titres : anglais, slovaque<\/p>\n<p style=\"text-align: center;\">*<\/p>\n<p style=\"text-align: center;\"><strong>19:30 \u00abRU\u00bb<br \/>\n<\/strong>116 min \/ 2023<\/p>\n<p style=\"text-align: center;\">Une famille de r\u00e9fugi\u00e9s vietnamiens s&rsquo;installe \u00e0 Montr\u00e9al en 1975 dans l&rsquo;espoir de commencer une nouvelle vie, et traversent une s\u00e9rie de succ\u00e8s et d&rsquo;\u00e9checs alors qu\u2019ils tentent de s\u2019adapter \u00e0 leur nouveau pays. Le film m\u00eale leurs exp\u00e9riences au Canada \u00e0 une s\u00e9rie de retours en arri\u00e8re sur leur vie confortable au Vietnam, les bouleversements politiques qui les ont forc\u00e9s \u00e0 fuir et leur voyage p\u00e9rilleux \u00e0 travers le Pacifique. Brillamment adapt\u00e9e du roman \u00e9ponyme de Kim Th\u00fay, laur\u00e9at du prix du Gouverneur g\u00e9n\u00e9ral, cette histoire de r\u00e9silience face \u00e0 l&rsquo;adversit\u00e9 est saisissante et profond\u00e9ment \u00e9mouvante.<br \/>\nLangue : fran\u00e7ais<br \/>\nSous-titres : anglais et slovaque<br \/>\nProjection public, payant (prix du billet r\u00e9duit)<br \/>\n&gt;&nbsp;<a href=\"https:\/\/institutfrancais.sk\/fr\/podujatie\/soiree-cinema-canada-suisse\/\">Informations<\/a> &lt;<\/p>\n<p style=\"text-align: center;\"><strong>Cin\u00e9club<\/strong><br \/>\nChien pourri, la vie \u00e0 Paris<br \/>\n23.03.2025 \/ 10h30 \/ Institut fran\u00e7ais de Slovaquie<br \/>\n&gt;<a href=\"https:\/\/institutfrancais.sk\/fr\/podujatie\/premietanie-filmu-chien-pourri-la-vie-a-paris\/\"> Informations<\/a> &lt;<\/p>\n<h3 style=\"text-align: center;\"><strong>Concours<\/strong><\/h3>\n<p style=\"text-align: center;\"><strong>Concours scolaire : dis-moi dix mots pour la plan\u00e8te<\/strong><br \/>\n&gt;<a href=\"https:\/\/institutfrancais.sk\/fr\/podujatie\/dis-moi-dix-mots-pour-la-planete-de-septembre-2024-a-juin-2025\/\"> Informations et inscription<\/a> &lt;<\/p>\n<p style=\"text-align: center;\"><strong>Concours de fiche p\u00e9dagogique<\/strong><br \/>\nNIVAM<br \/>\n&gt;&nbsp;<a href=\"https:\/\/nivam.sk\/ucitelia-francuzskeho-jazyka-maju-slovo-mozu-sa-zapojit-do-sutaze-frankofonia-2025\/\">Informations<\/a> &lt;<\/p>\n<h3 style=\"text-align: center;\"><strong>Litt\u00e9rature<\/strong><\/h3>\n<p style=\"text-align: center;\"><strong>Le Choix Goncourt de Slovaquie revient en 2025 !<\/strong><\/p>\n<p style=\"text-align: center;\">Ce projet permet aux \u00e9tudiants francophones des universit\u00e9s slovaques d\u2019\u00e9lire leur laur\u00e9at parmi les finalistes du prix Goncourt 2024.<br \/>\n21.03.2025 &#8211;&nbsp;Institut fran\u00e7ais de Slovaquie<br \/>\nSur invitation uniquement<br \/>\n&gt;&nbsp;<a href=\"https:\/\/institutfrancais.sk\/fr\/podujatie\/choix-goncourt-2025\/#:~:text=Le%20Choix%20Goncourt%20de%20Slovaquie,finalistes%20du%20prix%20Goncourt%202024.\">Informations<\/a> &lt;<\/p>\n<p style=\"text-align: center;\"><strong>Rencontre litt\u00e9raire<\/strong><br \/>\nPierric Bailly : La foudre (2023), Le roman de Jim (2021)<br \/>\n01\/04\/2025 &#8211;&nbsp;horaire \u00e0 d\u00e9finir<br \/>\n&gt;&nbsp;informations \u00e0 venir &lt;<\/p>\n<p style=\"text-align: center;\"><strong>Coin lecture \u00ab\u00a0Lisez-vous le belge\u00a0?\u00a0\u00bb<br \/>\n<\/strong>Le petit coin de belgitude \u00e0 la Biblioth\u00e8que universitaire de Bratislava<\/p>\n<p style=\"text-align: center;\">Le Coin lecture \u00ab Lisez-vous le belge ? \u00bb est un espace d\u00e9di\u00e9 \u00e0 la d\u00e9couverte de la litt\u00e9rature belge francophone \u00e0 la Biblioth\u00e8que universitaire de Bratislava.<br \/>\nCet espace met en avant la richesse et la diversit\u00e9 des auteurs belges \u00e0 travers une s\u00e9lection d\u2019ouvrages vari\u00e9s. Les visiteurs et \u00e9tudiants sont invit\u00e9s \u00e0 plonger dans l\u2019univers litt\u00e9raire de la Belgique, \u00e0 explorer ses th\u00e9matiques, son humour et son imaginaire, tout en profitant d\u2019un petit coin de belgitude au c\u0153ur de la biblioth\u00e8que.<br \/>\nOuverture 07.03.2025<br \/>\nBarokov\u00e9 n\u00e1dvorie &#8211;&nbsp;Univerzitn\u00e1 kni\u017enica v&nbsp;Bratislave<\/p>\n<h3 style=\"text-align: center;\"><strong>Jeux<\/strong><\/h3>\n<p style=\"text-align: center;\">Soir\u00e9e francophone : jeux de soci\u00e9t\u00e9 et grand quiz sur la francophonie<br \/>\n20.03.2025 \/ 17h &#8211;&nbsp;19h \/ Galerie de l&rsquo;Institut fran\u00e7ais de Slovaquie<br \/>\n&gt;&nbsp;<a href=\"https:\/\/institutfrancais.sk\/fr\/podujatie\/soiree-francophone\/\">Informations<\/a> &lt;<\/p>\n<p style=\"text-align: center;\">\n<\/div><\/div><\/div><\/div>\n\n<\/div><div class=\"lines-bg lines-bg-threeleft-g\"><div class=\"lines-bg lines-bg-absolute lines-bg-oneright-g\"><\/div><div class=\"wrap\"><div class=\"events articles-events\"><div class=\"row\"><div class=\"col-md-6 col-lg-4\"><a href=\"https:\/\/institutfrancais.sk\/fr\/podujatie\/dis-moi-dix-mots-pour-la-planete-de-septembre-2024-a-juin-2025\/\" class=\"event \"><div class=\"bg\"><div class=\"bghdn\"><div class=\"img\" style=\"background-image:url(https:\/\/institutfrancais.sk\/wp-content\/uploads\/2025\/01\/Screenshot-2025-01-26-165209-378x537.jpg)\"><\/div><\/div><span class=\"type\">appel \u00e0 projets<\/span><\/div><div class=\"content\"><div class=\"meta\"><strong class=\"color-green\">19.2. &#8211;&nbsp;17.3.<\/strong><\/div><h3>Dis-moi dix mots pour la plan\u00e8te : concours d&rsquo;\u00e9criture cr\u00e9ative \u00e0 destination des scolaires et \u00e9tudiants<\/h3><\/div><\/a><\/div><div class=\"col-md-6 col-lg-4\"><a href=\"https:\/\/institutfrancais.sk\/fr\/podujatie\/lhistoire-dadele-h\/\" class=\"event \"><div class=\"bg\"><div class=\"bghdn\"><div class=\"img\" style=\"background-image:url(https:\/\/institutfrancais.sk\/wp-content\/uploads\/2025\/02\/l-histoire-d-adele-h-1-537x358.jpg)\"><\/div><\/div><span class=\"type\">cin\u00e9ma\/film<\/span><\/div><div class=\"content\"><div class=\"meta\"><strong class=\"color-green\">12.3.<\/strong> | <span class=\"color-black\">17:00<\/span><\/div><h3>L&rsquo;Histoire d&rsquo;Ad\u00e8le H<\/h3><\/div><\/a><\/div><div class=\"col-md-6 col-lg-4\"><a href=\"https:\/\/institutfrancais.sk\/fr\/podujatie\/soiree-francophone\/\" class=\"event \"><div class=\"bg\"><div class=\"bghdn\"><div class=\"img\" style=\"background-image:url(https:\/\/institutfrancais.sk\/wp-content\/uploads\/2025\/02\/Invitation-Soiree-Jeux-537x379.jpg)\"><\/div><\/div><span class=\"type\">jeu-concours\/quiz<\/span><\/div><div class=\"content\"><div class=\"meta\"><strong class=\"color-green\">23.3.<\/strong> | <span class=\"color-black\">17:00<\/span><\/div><h3>Soir\u00e9e francophone &#8211;&nbsp;Jeux<\/h3><\/div><\/a><\/div><div class=\"col-md-6 col-lg-4\"><a href=\"https:\/\/institutfrancais.sk\/fr\/podujatie\/choix-goncourt-2025\/\" class=\"event \"><div class=\"bg\"><div class=\"bghdn\"><div class=\"img\" style=\"background-image:url(https:\/\/institutfrancais.sk\/wp-content\/uploads\/2025\/02\/CHOIX-GONCOURT-SLOVAQUIE-3-537x302.jpg)\"><\/div><\/div><span class=\"type\">litt\u00e9rature<\/span><\/div><div class=\"content\"><div class=\"meta\"><strong class=\"color-green\">21.3.<\/strong><\/div><h3>Choix Goncourt 2025<\/h3><\/div><\/a><\/div><div class=\"col-md-6 col-lg-4\"><a href=\"https:\/\/institutfrancais.sk\/fr\/podujatie\/premietanie-filmu-chien-pourri-la-vie-a-paris\/\" class=\"event \"><div class=\"bg\"><div class=\"bghdn\"><div class=\"img\" style=\"background-image:url(https:\/\/institutfrancais.sk\/wp-content\/uploads\/2025\/02\/media-394x537.jpeg)\"><\/div><\/div><span class=\"type\">cin\u00e9ma\/film<\/span><\/div><div class=\"content\"><div class=\"meta\"><strong class=\"color-green\">29.3.<\/strong> | <span class=\"color-black\">10:30<\/span><\/div><h3>Cin\u00e9club \u00ab\u00a0Chien pourri, la vie \u00e0 Paris\u00a0\u00bb<\/h3><\/div><\/a><\/div><div class=\"col-md-6 col-lg-4\"><a href=\"https:\/\/institutfrancais.sk\/fr\/podujatie\/lisez-vous-le-belge-belgitude-en-slovaquie\/\" class=\"event \"><div class=\"bg\"><div class=\"bghdn\"><div class=\"img\" style=\"background-image:url(https:\/\/institutfrancais.sk\/wp-content\/uploads\/2025\/02\/Instagram-post-Lisez-vous-le-belge-Univerzitna-kniznica-v-Bratislave-UKB-537x537.png)\"><\/div><\/div><span class=\"type\">litt\u00e9rature<\/span><\/div><div class=\"content\"><div class=\"meta\"><strong class=\"color-green\">7.3.<\/strong><\/div><h3>\u00ab\u00a0Lisez-vous le belge ?\u00a0\u00bb \u2013 Belgitude en Slovaquie\u00a0<\/h3><\/div><\/a><\/div><div class=\"col-md-6 col-lg-4\"><a href=\"https:\/\/institutfrancais.sk\/fr\/podujatie\/ecrire-en-francais\/\" class=\"event \"><div class=\"bg\"><div class=\"bghdn\"><div class=\"img\" style=\"background-image:url(https:\/\/institutfrancais.sk\/wp-content\/uploads\/2025\/02\/Screenshot-2025-02-25-213218-537x290.jpg)\"><\/div><\/div><span class=\"type\">exposition<\/span><\/div><div class=\"content\"><div class=\"meta\"><strong class=\"color-green\">20.3. &#8211;&nbsp;1.4.<\/strong><\/div><h3>\u00c9crire en fran\u00e7ais<\/h3><\/div><\/a><\/div><div class=\"col-md-6 col-lg-4\"><a href=\"https:\/\/institutfrancais.sk\/fr\/podujatie\/soiree-cinema-canada-suisse\/\" class=\"event \"><div class=\"bg\"><div class=\"bghdn\"><div class=\"img\" style=\"background-image:url(https:\/\/institutfrancais.sk\/wp-content\/uploads\/2025\/02\/Soiree-cinema-537x259.png)\"><\/div><\/div><span class=\"type\">cin\u00e9ma\/film<\/span><\/div><div class=\"content\"><div class=\"meta\"><strong class=\"color-green\">13.3.<\/strong> | <span class=\"color-black\">17:30<\/span><\/div><h3>Soir\u00e9e cin\u00e9ma Canada-Suisse<\/h3><\/div><\/a><\/div><div class=\"col-md-6 col-lg-4\"><a href=\"https:\/\/institutfrancais.sk\/fr\/podujatie\/forum-etudiants-entreprises-universites-a-kosice\/\" class=\"event \"><div class=\"bg\"><div class=\"bghdn\"><div class=\"img\" style=\"background-image:url(https:\/\/institutfrancais.sk\/wp-content\/uploads\/2025\/02\/Screenshot-2025-02-26-201516-537x179.jpg)\"><\/div><\/div><\/div><div class=\"content\"><div class=\"meta\"><strong class=\"color-green\">19.3.<\/strong><\/div><h3>Forum \u00c9tudiants &#8211;&nbsp;Entreprises \u2013 Universit\u00e9s \u00e0 KO\u0160ICE<\/h3><\/div><\/a><\/div><div class=\"col-md-6 col-lg-4\"><a href=\"https:\/\/institutfrancais.sk\/fr\/podujatie\/table-ronde-le-francais-et-le-xxie-siecle-dans-la-francophonie\/\" class=\"event \"><div class=\"bg\"><div class=\"bghdn\"><div class=\"img\" style=\"background-image:url(https:\/\/institutfrancais.sk\/wp-content\/uploads\/2025\/02\/Affiche_Table-ronde_Francophonie-pdf-415x537.jpg)\"><\/div><\/div><span class=\"type\">conf\u00e9rence\/d\u00e9bat<\/span><\/div><div class=\"content\"><div class=\"meta\"><strong class=\"color-green\">12.3.<\/strong> | <span class=\"color-black\">10:00<\/span><\/div><h3>Table Ronde : Le Fran\u00e7ais et le XXIe Si\u00e8cle dans la Francophonie<\/h3><\/div><\/a><\/div><div class=\"col-md-6 col-lg-4\"><a href=\"https:\/\/institutfrancais.sk\/fr\/podujatie\/choix-goncourt-2\/\" class=\"event \"><div class=\"bg\"><div class=\"bghdn\"><div class=\"img\" style=\"background-image:url(https:\/\/institutfrancais.sk\/wp-content\/uploads\/2025\/02\/Choix-Goncourt-25-UniPO-pdf-380x537.jpg)\"><\/div><\/div><span class=\"type\">litt\u00e9rature<\/span><\/div><div class=\"content\"><div class=\"meta\"><strong class=\"color-green\">13.3.<\/strong><\/div><h3>Autour des livres : Choix Goncourt Slovaquie<\/h3><\/div><\/a><\/div><div class=\"col-md-6 col-lg-4\"><a href=\"https:\/\/institutfrancais.sk\/fr\/podujatie\/concert-de-lea-gasser-4tet-ch\/\" class=\"event \"><div class=\"bg\"><div class=\"bghdn\"><div class=\"img\" style=\"background-image:url(https:\/\/institutfrancais.sk\/wp-content\/uploads\/2025\/02\/Lea-Gasser-4tet_stairs_Credits_Mathilda-Olmi-537x521.jpg)\"><\/div><\/div><span class=\"type\">musique<\/span><\/div><div class=\"content\"><div class=\"meta\"><strong class=\"color-green\">7.3.<\/strong> | <span class=\"color-black\">19:30<\/span><\/div><h3>Concert de Lea Gasser 4tet (CH)<\/h3><\/div><\/a><\/div><div class=\"col-md-6 col-lg-4\"><a href=\"https:\/\/institutfrancais.sk\/fr\/podujatie\/%f0%9f%93%9c-from-letters-to-stage-repetition-ouverte-et-discussion-avec-lequipe%f0%9f%8e%ad\/\" class=\"event \"><div class=\"bg\"><div class=\"bghdn\"><div class=\"img\" style=\"background-image:url(https:\/\/institutfrancais.sk\/wp-content\/uploads\/2025\/02\/Screenshot-2025-02-27-182016-537x333.jpg)\"><\/div><\/div><span class=\"type\">th\u00e9\u00e2tre<\/span><\/div><div class=\"content\"><div class=\"meta\"><strong class=\"color-green\">22.3.<\/strong> | <span class=\"color-black\">12:00<\/span><\/div><h3>\ud83d\udcdc From Letters to&nbsp;Stage: R\u00e9p\u00e9tition ouverte et discussion avec l&rsquo;\u00e9quipe\ud83c\udfad<\/h3><\/div><\/a><\/div><div class=\"col-md-6 col-lg-4\"><a href=\"https:\/\/institutfrancais.sk\/fr\/podujatie\/cours-de-demonstration-debutants\/\" class=\"event \"><div class=\"bg\"><div class=\"bghdn\"><div class=\"img\" style=\"background-image:url(https:\/\/institutfrancais.sk\/wp-content\/uploads\/2025\/08\/FR-DEMO-537x302.jpg)\"><\/div><\/div><span class=\"type\">rencontre<\/span><\/div><div class=\"content\"><div class=\"meta\"><strong class=\"color-green\">1.4.<\/strong><\/div><h3>Cours de d\u00e9monstration gratuits<\/h3><\/div><\/a><\/div><\/div><\/div><\/div><\/div><div class=\"wrap narrow-wrap\">\n\n<div class=\"accordion-menu\"><a href=\"#a1-\" class=\"smooth\"><\/a><\/div><div class=\"accordion\" id=\"a824\"><div class=\"card\"><div class=\"card-header\" id=\"ha824_1\"><h3 class=\"card-opener\"><button class=\"collapsed\" type=\"button\" data-toggle=\"collapse\" data-target=\"#ca824_1\" aria-expanded=\"true\" aria-controls=\"ca824_1\">Rendez-vous \u00e0 Bansk\u00e1 Bystrica<span class=\"plus\"><svg viewBox=\"0 0 29 29\" xmlns=\"http:\/\/www.w3.org\/2000\/svg\"><path d=\"M28.2857 12.9286V16.7857C28.2857 17.3214 28.0982 17.7768 27.7232 18.1518C27.3482 18.5268 26.8929 18.7143 26.3571 18.7143H18V27.0714C18 27.6071 17.8125 28.0625 17.4375 28.4375C17.0625 28.8125 16.6071 29 16.0714 29H12.2143C11.6786 29 11.2232 28.8125 10.8482 28.4375C10.4732 28.0625 10.2857 27.6071 10.2857 27.0714V18.7143H1.92857C1.39286 18.7143 0.9375 18.5268 0.5625 18.1518C0.1875 17.7768 0 17.3214 0 16.7857V12.9286C0 12.3929 0.1875 11.9375 0.5625 11.5625C0.9375 11.1875 1.39286 11 1.92857 11H10.2857V2.64286C10.2857 2.10714 10.4732 1.65178 10.8482 1.27678C11.2232 0.901784 11.6786 0.714284 12.2143 0.714284H16.0714C16.6071 0.714284 17.0625 0.901784 17.4375 1.27678C17.8125 1.65178 18 2.10714 18 2.64286V11H26.3571C26.8929 11 27.3482 11.1875 27.7232 11.5625C28.0982 11.9375 28.2857 12.3929 28.2857 12.9286Z\"><\/svg><\/span><span class=\"minus\"><svg viewBox=\"0 0 29 8\" xmlns=\"http:\/\/www.w3.org\/2000\/svg\"><path d=\"M28.2857 1.92857V5.78571C28.2857 6.32143 28.0982 6.77679 27.7232 7.15179C27.3482 7.52679 26.8929 7.71429 26.3571 7.71429H1.92857C1.39286 7.71429 0.9375 7.52679 0.5625 7.15179C0.1875 6.77679 0 6.32143 0 5.78571V1.92857C0 1.39286 0.1875 0.937499 0.5625 0.562499C0.9375 0.1875 1.39286 0 1.92857 0H26.3571C26.8929 0 27.3482 0.1875 27.7232 0.562499C28.0982 0.937499 28.2857 1.39286 28.2857 1.92857Z\"><\/svg><\/span><\/button><\/h3><\/div><div id=\"ca824_1\" class=\"collapse\" aria-labelledby=\"ha824_1\" data-parent=\"#a824\"><div class=\"card-body\"><h3 style=\"text-align: center;\"><strong>Quiz<\/strong><\/h3>\n<p style=\"text-align: center;\"><strong>Kviz franco-slovaque vol.21<\/strong><br \/>\n25.03.2025 \/ 20:00 (sur inscription)<br \/>\nZ\u00e1hrada CNK<\/p>\n<p style=\"text-align: center;\"><strong>FootKviz vol.2<\/strong><br \/>\n9.4. \/ 18:30<br \/>\nU&nbsp;Franc\u00faza Jazz Klub 12<\/p>\n<h3 style=\"text-align: center;\"><strong>Expositions et conf\u00e9rences<\/strong><\/h3>\n<p style=\"text-align: center;\"><strong>Lecture de l\u2019Ambassadeur de Suisse S.E. Peter Nelson : <\/strong><strong>Comment fonctionne la Suisse? Histoire, politique, relations internationales\u201c<br \/>\n<\/strong>05.03.2025 \/ 14:00<br \/>\nUniversit\u00e9 Matej Bel, Bansk\u00e1 Bystrica<br \/>\n&gt;&nbsp;<a href=\"https:\/\/institutfrancais.sk\/fr\/podujatie\/lecture-de-lambassadeur-de-suisse-s-e-peter-nelson\/\">Informations<\/a> &lt;<\/p>\n<p style=\"text-align: center;\"><strong>\u00ab\u00a0Apprendre \u00e0 lire et \u00e0 \u00e9crire en slovaque dans un environnement bilingue slovaque-fran\u00e7ais.\u00a0\u00bb<br \/>\n<\/strong>06.03.2025 \/ 14:00<br \/>\nWelcomeHub, UMB, SD1 Tajovskeho 40<br \/>\n&gt;&nbsp;<a href=\"https:\/\/institutfrancais.sk\/fr\/podujatie\/apprendre-a-lire-et-a-ecrire-en-slovaque-dans-un-environnement-bilingue-slovaque-francais\/\">Informations<\/a> &lt;<\/p>\n<p style=\"text-align: center;\"><strong>Les Elles des Jeux<\/strong><br \/>\n13.02.2025 \u2013 03.04.2025<br \/>\nGymn\u00e1zium Jozefa Gregora Tajovsk\u00e9ho<\/p>\n<p style=\"text-align: center;\"><strong>Exposition \u00ab\u00a0La mer en France et moi\u00a0\u00bb<\/strong><br \/>\n10.04.2025 \u2013 28.04.2025 (vernissage 10.04.2025 \/ 14:00)<br \/>\nKaviare\u0148 Poetika<\/p>\n<h3 style=\"text-align: center;\"><strong>Concerts et danse<\/strong><\/h3>\n<p style=\"text-align: center;\"><strong>The Whynots (concert)<\/strong><br \/>\n28.02.2025 \/ 20:30<br \/>\nMusic Factory<\/p>\n<p style=\"text-align: center;\"><strong>The Whynots (concert)<\/strong><br \/>\n07.3.2025 \/ 20:00<br \/>\nU&nbsp;Franc\u00faza Jazz Klub 12<\/p>\n<p style=\"text-align: center;\"><strong>Karaok\u00e9 vol.3<\/strong><br \/>\n21.03.2025 \/ 20:00<br \/>\nU&nbsp;Franc\u00faza Jazz Klub 12<\/p>\n<p style=\"text-align: center;\"><strong>FrancoFun vol.17\u00a0: Ema Majerov\u00e1 &amp;&nbsp;friends (concert)<\/strong><br \/>\n28.03.2025 \/ 20:00<br \/>\nU&nbsp;Franc\u00faza Jazz Klub 12<\/p>\n<p style=\"text-align: center;\"><strong>Spievam po&nbsp;franc\u00fazsky \u00bd finale r\u00e9gion centre<\/strong><br \/>\n11.04.2025 \/ 11:00<br \/>\nZ\u00e1hrada CNK<\/p>\n<p style=\"text-align: center;\"><strong>35 ans AFBB \u2013 AfterParty<\/strong><br \/>\n25.04.2025 \/ 21:00<br \/>\nU&nbsp;Franc\u00faza Jazz Klub 12<\/p>\n<h3 style=\"text-align: center;\"><strong>Cin\u00e9ma<\/strong><\/h3>\n<p style=\"text-align: center;\"><strong>Emilia P\u00e9rez<\/strong><br \/>\n03.03.2025 \/ 19:00<br \/>\nFilmov\u00fd klub v&nbsp;M\u00fazeu SNP<\/p>\n<p style=\"text-align: center;\"><strong>Vingt dieux\u00a0\/ Pane bo\u017ee!<\/strong><br \/>\n10.03.2025 \/ 20:00<br \/>\nFilmov\u00fd klub v&nbsp;M\u00fazeu SNP<\/p>\n<p style=\"text-align: center;\"><strong>Critique ton film vol.3<\/strong><br \/>\n19.03.2025 \/ 18:30<br \/>\nU&nbsp;Franc\u00faza Jazz Klub 12<\/p>\n<p style=\"text-align: center;\"><strong>Aznavour<\/strong><br \/>\n20.03.2025 \/ 19:30<br \/>\nFilmov\u00fd klub v&nbsp;M\u00fazeu SNP<\/p>\n<p style=\"text-align: center;\"><strong>L\u2019amour et les for\u00eats \/ Len my dvaja<\/strong><br \/>\n27.03.2025 \/ 20:00<br \/>\nFilmov\u00fd klub v&nbsp;M\u00fazeu SNP<\/p>\n<p style=\"text-align: center;\"><strong>Mis\u00e9ricorde \/ Pre&nbsp;zmilovanie!<\/strong><br \/>\n31.03.2025 \/ 19:00<br \/>\nFilmov\u00fd klub v&nbsp;M\u00fazeu SNP<\/p>\n<h3 style=\"text-align: center;\"><strong>Gastronomie<\/strong><\/h3>\n<p style=\"text-align: center;\"><strong>Moules \u2013 frites \/ Chef nomade<\/strong><br \/>\n27.2. \/ 18:00 (sur r\u00e9servation)<br \/>\nU&nbsp;Franc\u00faza Jazz Klub 12<\/p>\n<p style=\"text-align: center;\"><strong>Repas francophone \/ Chef nomade<\/strong><br \/>\n06.03.2025 \/ 18:00 (sur r\u00e9servation)<br \/>\nU&nbsp;Franc\u00faza Jazz Klub 12<\/p>\n<p style=\"text-align: center;\"><strong>Tour de France gastronomique (tartiflette) \u2013 Chef nomade<\/strong><br \/>\n13.03.2025 \/ 18:00 (sur r\u00e9servation)<br \/>\nU&nbsp;Franc\u00faza Jazz Klub 12<\/p>\n<p style=\"text-align: center;\"><strong>Atelier cuisine ouvert au public \u2013 Chef nomade<\/strong><br \/>\n14.3. \/ 16:30 (sur inscription)<br \/>\nStredn\u00e1 odborn\u00e1 \u0161kola hotelov\u00fdch slu\u017eieb a&nbsp;obchodu<\/p>\n<h3 style=\"text-align: center;\"><strong>Litt\u00e9rature<\/strong><\/h3>\n<p style=\"text-align: center;\"><strong>Soir\u00e9e litt\u00e9rature\u00a0\u00ab\u00a0Rompre le silence\u00a0\u00bb<\/strong><br \/>\n24.03.2025 \/ 17:00<br \/>\nFilozofick\u00e1 fakulta Univerzity Mateja Bela<\/p>\n<h3 style=\"text-align: center;\"><strong>Jeux et sport<\/strong><\/h3>\n<p style=\"text-align: center;\"><strong>\u0160achov\u00fd turnaj vol.5<\/strong><br \/>\n18.03.2025 \/ 18:00 (sur inscription)<br \/>\nU&nbsp;Franc\u00faza Jazz Klub 12<\/p>\n<p style=\"text-align: center;\"><strong>Tournoi p\u00e9tanque indoor<\/strong><br \/>\n29.03.2025 \/ 9:00 (sur inscription)<br \/>\nKomunitn\u00e9 centrum Fon\u010dorda<\/p>\n<p style=\"text-align: center;\"><strong>Football Champions League<\/strong><br \/>\n04.03.2025 \/ 21:00<br \/>\nU&nbsp;Franc\u00faza Jazz Klub 12<\/p>\n<p style=\"text-align: center;\"><strong>Randonn\u00e9e \/ T\u00fara<\/strong><br \/>\n26.04.2025<br \/>\nTreKlub AFBB<\/p>\n<h4><strong>Suivez l&rsquo;Alliance Fran\u00e7aise Bansk\u00e1 Bystrica :\u00a0<\/strong><\/h4>\n<ul>\n<li><strong><a href=\"https:\/\/www.afsk.sk\/index.php?lang=sk\">www.afsk.sk<\/a><\/strong><\/li>\n<li><strong><a href=\"https:\/\/www.facebook.com\/af.debanskabystrica\">Facebook\u00a0<\/a><\/strong><\/li>\n<li><strong><strong><a href=\"https:\/\/www.instagram.com\/alliancefrancaisebb\/\">Instagram<\/a><\/strong><\/strong>\n\t\t<style type=\"text\/css\">\n\t\t\t#gallery-1 {\n\t\t\t\tmargin: auto;\n\t\t\t}\n\t\t\t#gallery-1 .gallery-item {\n\t\t\t\tfloat: left;\n\t\t\t\tmargin-top: 10px;\n\t\t\t\ttext-align: center;\n\t\t\t\twidth: 33%;\n\t\t\t}\n\t\t\t#gallery-1 img {\n\t\t\t\tborder: 2px solid #cfcfcf;\n\t\t\t}\n\t\t\t#gallery-1 .gallery-caption {\n\t\t\t\tmargin-left: 0;\n\t\t\t}\n\t\t\t\/* see gallery_shortcode() in wp-includes\/media.php *\/\n\t\t<\/style>\n\t\t<div id='gallery-1' class='gallery galleryid-35670 gallery-columns-3 gallery-size-thumbnail'><dl class='gallery-item'>\n\t\t\t<dt class='gallery-icon landscape'>\n\t\t\t\t<a href='https:\/\/institutfrancais.sk\/fr\/mois-de-la-francophonie-2025\/the-whynots-ig-7-3-25\/'><img loading=\"lazy\" decoding=\"async\" width=\"150\" height=\"150\" src=\"https:\/\/institutfrancais.sk\/wp-content\/uploads\/2025\/02\/The-Whynots-IG-7.3.25-150x150.png\" class=\"attachment-thumbnail size-thumbnail\" alt=\"\" srcset=\"https:\/\/institutfrancais.sk\/wp-content\/uploads\/2025\/02\/The-Whynots-IG-7.3.25-150x150.png 150w, https:\/\/institutfrancais.sk\/wp-content\/uploads\/2025\/02\/The-Whynots-IG-7.3.25-350x350.png 350w, https:\/\/institutfrancais.sk\/wp-content\/uploads\/2025\/02\/The-Whynots-IG-7.3.25-537x537.png 537w, https:\/\/institutfrancais.sk\/wp-content\/uploads\/2025\/02\/The-Whynots-IG-7.3.25-768x768.png 768w, https:\/\/institutfrancais.sk\/wp-content\/uploads\/2025\/02\/The-Whynots-IG-7.3.25-1536x1536.png 1536w, https:\/\/institutfrancais.sk\/wp-content\/uploads\/2025\/02\/The-Whynots-IG-7.3.25-2048x2048.png 2048w, https:\/\/institutfrancais.sk\/wp-content\/uploads\/2025\/02\/The-Whynots-IG-7.3.25-1000x1000.png 1000w\" sizes=\"(max-width: 150px) 100vw, 150px\" \/><\/a>\n\t\t\t<\/dt><\/dl><dl class='gallery-item'>\n\t\t\t<dt class='gallery-icon landscape'>\n\t\t\t\t<a href='https:\/\/institutfrancais.sk\/fr\/mois-de-la-francophonie-2025\/kvizkids15-visuel\/'><img loading=\"lazy\" decoding=\"async\" width=\"150\" height=\"150\" src=\"https:\/\/institutfrancais.sk\/wp-content\/uploads\/2025\/02\/KvizKids15-visuel-150x150.png\" class=\"attachment-thumbnail size-thumbnail\" alt=\"\" \/><\/a>\n\t\t\t<\/dt><\/dl><dl class='gallery-item'>\n\t\t\t<dt class='gallery-icon landscape'>\n\t\t\t\t<a href='https:\/\/institutfrancais.sk\/fr\/mois-de-la-francophonie-2025\/kviz-vol21-visuel\/'><img loading=\"lazy\" decoding=\"async\" width=\"150\" height=\"150\" src=\"https:\/\/institutfrancais.sk\/wp-content\/uploads\/2025\/02\/Kviz-vol21-visuel-150x150.png\" class=\"attachment-thumbnail size-thumbnail\" alt=\"\" \/><\/a>\n\t\t\t<\/dt><\/dl><br style=\"clear: both\" \/><dl class='gallery-item'>\n\t\t\t<dt class='gallery-icon landscape'>\n\t\t\t\t<a href='https:\/\/institutfrancais.sk\/fr\/mois-de-la-francophonie-2025\/francofun-vol-17-ig-ema-majerova-friends\/'><img loading=\"lazy\" decoding=\"async\" width=\"150\" height=\"150\" src=\"https:\/\/institutfrancais.sk\/wp-content\/uploads\/2025\/02\/FrancoFun-vol.17-IG-Ema-Majerova-friends-150x150.png\" class=\"attachment-thumbnail size-thumbnail\" alt=\"\" srcset=\"https:\/\/institutfrancais.sk\/wp-content\/uploads\/2025\/02\/FrancoFun-vol.17-IG-Ema-Majerova-friends-150x150.png 150w, https:\/\/institutfrancais.sk\/wp-content\/uploads\/2025\/02\/FrancoFun-vol.17-IG-Ema-Majerova-friends-350x350.png 350w, https:\/\/institutfrancais.sk\/wp-content\/uploads\/2025\/02\/FrancoFun-vol.17-IG-Ema-Majerova-friends-537x537.png 537w, https:\/\/institutfrancais.sk\/wp-content\/uploads\/2025\/02\/FrancoFun-vol.17-IG-Ema-Majerova-friends-768x768.png 768w, https:\/\/institutfrancais.sk\/wp-content\/uploads\/2025\/02\/FrancoFun-vol.17-IG-Ema-Majerova-friends-1536x1536.png 1536w, https:\/\/institutfrancais.sk\/wp-content\/uploads\/2025\/02\/FrancoFun-vol.17-IG-Ema-Majerova-friends-2048x2048.png 2048w, https:\/\/institutfrancais.sk\/wp-content\/uploads\/2025\/02\/FrancoFun-vol.17-IG-Ema-Majerova-friends-1000x1000.png 1000w\" sizes=\"(max-width: 150px) 100vw, 150px\" \/><\/a>\n\t\t\t<\/dt><\/dl><dl class='gallery-item'>\n\t\t\t<dt class='gallery-icon portrait'>\n\t\t\t\t<a href='https:\/\/institutfrancais.sk\/fr\/mois-de-la-francophonie-2025\/echecs-vol4\/'><img loading=\"lazy\" decoding=\"async\" width=\"150\" height=\"150\" src=\"https:\/\/institutfrancais.sk\/wp-content\/uploads\/2025\/02\/Echecs-vol4-150x150.png\" class=\"attachment-thumbnail size-thumbnail\" alt=\"\" \/><\/a>\n\t\t\t<\/dt><\/dl><dl class='gallery-item'>\n\t\t\t<dt class='gallery-icon portrait'>\n\t\t\t\t<a href='https:\/\/institutfrancais.sk\/fr\/mois-de-la-francophonie-2025\/expo-mer-affiche-2025\/'><img loading=\"lazy\" decoding=\"async\" width=\"150\" height=\"150\" src=\"https:\/\/institutfrancais.sk\/wp-content\/uploads\/2025\/02\/Expo-Mer-Affiche-2025-150x150.png\" class=\"attachment-thumbnail size-thumbnail\" alt=\"\" \/><\/a>\n\t\t\t<\/dt><\/dl><br style=\"clear: both\" \/><dl class='gallery-item'>\n\t\t\t<dt class='gallery-icon portrait'>\n\t\t\t\t<a href='https:\/\/institutfrancais.sk\/fr\/mois-de-la-francophonie-2025\/footkviz-vol2\/'><img loading=\"lazy\" decoding=\"async\" width=\"150\" height=\"150\" src=\"https:\/\/institutfrancais.sk\/wp-content\/uploads\/2025\/02\/FootKviz-vol2-150x150.jpg\" class=\"attachment-thumbnail size-thumbnail\" alt=\"\" \/><\/a>\n\t\t\t<\/dt><\/dl><dl class='gallery-item'>\n\t\t\t<dt class='gallery-icon portrait'>\n\t\t\t\t<a href='https:\/\/institutfrancais.sk\/fr\/mois-de-la-francophonie-2025\/25_03_10_sc_affiche-1\/'><img loading=\"lazy\" decoding=\"async\" width=\"150\" height=\"150\" src=\"https:\/\/institutfrancais.sk\/wp-content\/uploads\/2025\/02\/25_03_10_sc_affiche-1-150x150.png\" class=\"attachment-thumbnail size-thumbnail\" alt=\"\" \/><\/a>\n\t\t\t<\/dt><\/dl><dl class='gallery-item'>\n\t\t\t<dt class='gallery-icon portrait'>\n\t\t\t\t<a href='https:\/\/institutfrancais.sk\/fr\/mois-de-la-francophonie-2025\/franco-afbb-2025-blanc-ig\/'><img loading=\"lazy\" decoding=\"async\" width=\"150\" height=\"150\" src=\"https:\/\/institutfrancais.sk\/wp-content\/uploads\/2025\/03\/Franco-AFBB-2025-blanc-IG-150x150.png\" class=\"attachment-thumbnail size-thumbnail\" alt=\"\" \/><\/a>\n\t\t\t<\/dt><\/dl><br style=\"clear: both\" \/>\n\t\t<\/div>\n<\/li>\n<\/ul>\n<p>&nbsp;<\/p>\n<\/div><\/div><\/div><\/div>\n\n\n<div class=\"wp-block-columns is-layout-flex wp-container-core-columns-is-layout-1 wp-block-columns-is-layout-flex\">\n<div class=\"wp-block-column is-layout-flow wp-block-column-is-layout-flow\" style=\"flex-basis:100%\"><div class=\"accordion-menu\"><a href=\"#a1-\" class=\"smooth\"><\/a><\/div><div class=\"accordion\" id=\"a270\"><div class=\"card\"><div class=\"card-header\" id=\"ha270_1\"><h3 class=\"card-opener\"><button class=\"collapsed\" type=\"button\" data-toggle=\"collapse\" data-target=\"#ca270_1\" aria-expanded=\"true\" aria-controls=\"ca270_1\">Rendez-vous \u00e0 Ko\u0161ice<span class=\"plus\"><svg viewBox=\"0 0 29 29\" xmlns=\"http:\/\/www.w3.org\/2000\/svg\"><path d=\"M28.2857 12.9286V16.7857C28.2857 17.3214 28.0982 17.7768 27.7232 18.1518C27.3482 18.5268 26.8929 18.7143 26.3571 18.7143H18V27.0714C18 27.6071 17.8125 28.0625 17.4375 28.4375C17.0625 28.8125 16.6071 29 16.0714 29H12.2143C11.6786 29 11.2232 28.8125 10.8482 28.4375C10.4732 28.0625 10.2857 27.6071 10.2857 27.0714V18.7143H1.92857C1.39286 18.7143 0.9375 18.5268 0.5625 18.1518C0.1875 17.7768 0 17.3214 0 16.7857V12.9286C0 12.3929 0.1875 11.9375 0.5625 11.5625C0.9375 11.1875 1.39286 11 1.92857 11H10.2857V2.64286C10.2857 2.10714 10.4732 1.65178 10.8482 1.27678C11.2232 0.901784 11.6786 0.714284 12.2143 0.714284H16.0714C16.6071 0.714284 17.0625 0.901784 17.4375 1.27678C17.8125 1.65178 18 2.10714 18 2.64286V11H26.3571C26.8929 11 27.3482 11.1875 27.7232 11.5625C28.0982 11.9375 28.2857 12.3929 28.2857 12.9286Z\"><\/svg><\/span><span class=\"minus\"><svg viewBox=\"0 0 29 8\" xmlns=\"http:\/\/www.w3.org\/2000\/svg\"><path d=\"M28.2857 1.92857V5.78571C28.2857 6.32143 28.0982 6.77679 27.7232 7.15179C27.3482 7.52679 26.8929 7.71429 26.3571 7.71429H1.92857C1.39286 7.71429 0.9375 7.52679 0.5625 7.15179C0.1875 6.77679 0 6.32143 0 5.78571V1.92857C0 1.39286 0.1875 0.937499 0.5625 0.562499C0.9375 0.1875 1.39286 0 1.92857 0H26.3571C26.8929 0 27.3482 0.1875 27.7232 0.562499C28.0982 0.937499 28.2857 1.39286 28.2857 1.92857Z\"><\/svg><\/span><\/button><\/h3><\/div><div id=\"ca270_1\" class=\"collapse\" aria-labelledby=\"ha270_1\" data-parent=\"#a270\"><div class=\"card-body\"><h3 style=\"text-align: center;\"><strong>Cin\u00e9ma<\/strong><\/h3>\n<p style=\"text-align: center;\">Soir\u00e9e cin\u00e9 francophone : <strong>Au revoir les enfants<\/strong><\/p>\n<p style=\"text-align: center;\">Film de 1987, 1h35, Drame<br \/>\nDe : Louis Malle<\/p>\n<p style=\"text-align: center;\">En 1944, Julien est pensionnaire dans un coll\u00e8ge catholique. Il d\u00e9couvre Jean, un nouveau venu, fier et secret. Julien et Jean se prennent peu \u00e0 peu en amiti\u00e9. Cependant, ce lien ne pourra jamais s&rsquo;\u00e9panouir. La Gestapo d\u00e9barque un jour au coll\u00e8ge et arr\u00eate le P\u00e8re Jean et les trois enfants juifs qu&rsquo;il avait cach\u00e9s parmi ses petits catholiques.<\/p>\n<p style=\"text-align: center;\">10.03.2025 \/ 18h00 \/ KulturFabrik<br \/>\n<a href=\"https:\/\/youtu.be\/QXWQ-kv6_kg\">&gt;&nbsp;Bande annonce &lt;<\/a><\/p>\n<h3 style=\"text-align: center;\"><strong>Rencontres<\/strong><\/h3>\n<p style=\"text-align: center;\"><strong>Discussion : Partir \u00e9tudier en France<\/strong><br \/>\nDeux \u00e9tudiantes slovaques nous livrent leur exp\u00e9rience sur les \u00e9tudes en France.<br \/>\n4.03.2025 \/ 18h \/ Alliance Fran\u00e7aise de Ko\u0161ice<\/p>\n<p style=\"text-align: center;\"><strong>Atelier couture bilingue slovaque-fran\u00e7ais<\/strong><br \/>\nFabrication d&rsquo;un joli sac \u00e0 tarte et discuter en fran\u00e7ais et en slovaque !<br \/>\n14.03\/2025 \/ 17h00<br \/>\nPr\u00e9voir sa propre machine, son n\u00e9cessaire \u00e0 couture et son tissu (optionnel)<br \/>\nTarif : 15\u20ac \/ 10\u20ac si vous amener votre tissu<br \/>\n&gt;&nbsp;R\u00e9servation avant le 12 mars 2025 \u00e0 <a href=\"mailto:info@afke.sk\">info@afke.sk <\/a>&lt;<\/p>\n<p style=\"text-align: center;\"><strong>Soir\u00e9e Antoine De Saint Exup\u00e9ry<br \/>\n<\/strong><br \/>\nA&nbsp;l&rsquo;occasion du mois de mars &#8211;&nbsp;mois du livre et de la Francophonie, l&rsquo;Alliance fran\u00e7aise de Ko\u0161ice, en coop\u00e9ration avec Nov\u00e1 Akropolis, vous invitent \u00e0 un \u00e9v\u00e9nement consacr\u00e9 \u00e0 la vie et aux \u0153uvres d&rsquo;Antoine de Saint-Exup\u00e9ry.<br \/>\nVous allez entendre des extraits de ses \u0153uvres les plus c\u00e9l\u00e8bres en slovaque et en fran\u00e7ais.<br \/>\nLe contenu de la soir\u00e9e :<br \/>\n&#8211;&nbsp;Une br\u00e8ve introduction de la vie de l&rsquo;auteur<br \/>\n&#8211;&nbsp;Lecture d&rsquo;extraits du Petit Prince, de La Citadelle et du Pays du peuple<br \/>\n&#8211;&nbsp;Lecture accompagn\u00e9e d&rsquo;une courte r\u00e9flexion sur l&rsquo;auteur et l&rsquo;\u0153uvre.<br \/>\nLe nombre de participants par conf\u00e9rence est limit\u00e9 \u00e0 25 personnes.<br \/>\nLe prix est de 6 \u20ac, \u00e9tudiants et seniors 4&nbsp;\u20ac<br \/>\nGratuit pour les membres de l&rsquo;NA&nbsp;et de l&rsquo;AFKE<\/p>\n<p style=\"text-align: center;\">&gt;&nbsp;Inscriptions ouvertes jusqu&rsquo;au mercredi 26.03.2025 inclus sur le site web <a href=\"http:\/\/www.akropolis.sk\">www.akropolis.sk<\/a> ou par mail \u00e0 <a href=\"mailto:kosice@akropolis.sk\">kosice@akropolis.sk<\/a>. &lt;<\/p>\n<h3 style=\"text-align: center;\"><strong>Musique<\/strong><\/h3>\n<p style=\"text-align: center;\"><strong>Spievam po&nbsp;franc\u00fazsky \u00bd finale r\u00e9gion est<\/strong><br \/>\n28.04.2025 \/ 11h00-15h00<br \/>\nGES Club \/ Agent\u00fara GES<br \/>\nAcc\u00e8s libre<\/p>\n<h3 style=\"text-align: center;\"><strong>Gastronomie<\/strong><\/h3>\n<p style=\"text-align: center;\"><strong>D\u00e9gustation de fromages fran\u00e7ais<\/strong><br \/>\n10.04.2025 \/ 18h00 \/ Alliance Fran\u00e7aise de Ko\u0161ice<\/p>\n<h3 style=\"text-align: center;\"><strong>Quiz<br \/>\n<\/strong><\/h3>\n<p style=\"text-align: center;\"><strong>Frankofokviz<\/strong><br \/>\nQuiz en fran\u00e7ais sur les cultures francophones<br \/>\n20.03.2025 \/ 18h45 \/ Alliance Fran\u00e7aise de Ko\u0161ice<\/p>\n<h4><\/h4>\n<h4><strong>Suivez l&rsquo;Alliance Fran\u00e7aise Ko\u0161ice :\u00a0<\/strong><\/h4>\n<ul>\n<li><strong><a href=\"http:\/\/afke.sk\/\">www.afke.sk<\/a><\/strong><\/li>\n<li><strong><a href=\"https:\/\/www.facebook.com\/AFKosice\">Facebook\u00a0<\/a><\/strong><\/li>\n<li><strong><a href=\"https:\/\/www.instagram.com\/alliancefrancaisekosice\/\">Instagram<\/a><\/strong><\/li>\n<\/ul>\n\n\t\t<style type=\"text\/css\">\n\t\t\t#gallery-2 {\n\t\t\t\tmargin: auto;\n\t\t\t}\n\t\t\t#gallery-2 .gallery-item {\n\t\t\t\tfloat: left;\n\t\t\t\tmargin-top: 10px;\n\t\t\t\ttext-align: center;\n\t\t\t\twidth: 33%;\n\t\t\t}\n\t\t\t#gallery-2 img {\n\t\t\t\tborder: 2px solid #cfcfcf;\n\t\t\t}\n\t\t\t#gallery-2 .gallery-caption {\n\t\t\t\tmargin-left: 0;\n\t\t\t}\n\t\t\t\/* see gallery_shortcode() in wp-includes\/media.php *\/\n\t\t<\/style>\n\t\t<div id='gallery-2' class='gallery galleryid-35670 gallery-columns-3 gallery-size-thumbnail'><dl class='gallery-item'>\n\t\t\t<dt class='gallery-icon landscape'>\n\t\t\t\t<a href='https:\/\/institutfrancais.sk\/fr\/mois-de-la-francophonie-2025\/atelier-couture\/'><img loading=\"lazy\" decoding=\"async\" width=\"150\" height=\"150\" src=\"https:\/\/institutfrancais.sk\/wp-content\/uploads\/2025\/02\/atelier-couture-150x150.png\" class=\"attachment-thumbnail size-thumbnail\" alt=\"\" srcset=\"https:\/\/institutfrancais.sk\/wp-content\/uploads\/2025\/02\/atelier-couture-150x150.png 150w, https:\/\/institutfrancais.sk\/wp-content\/uploads\/2025\/02\/atelier-couture-350x350.png 350w, https:\/\/institutfrancais.sk\/wp-content\/uploads\/2025\/02\/atelier-couture-537x537.png 537w, https:\/\/institutfrancais.sk\/wp-content\/uploads\/2025\/02\/atelier-couture-768x768.png 768w, https:\/\/institutfrancais.sk\/wp-content\/uploads\/2025\/02\/atelier-couture-1000x1000.png 1000w, https:\/\/institutfrancais.sk\/wp-content\/uploads\/2025\/02\/atelier-couture.png 1080w\" sizes=\"(max-width: 150px) 100vw, 150px\" \/><\/a>\n\t\t\t<\/dt><\/dl><dl class='gallery-item'>\n\t\t\t<dt class='gallery-icon portrait'>\n\t\t\t\t<a href='https:\/\/institutfrancais.sk\/fr\/mois-de-la-francophonie-2025\/st-exupery\/'><img loading=\"lazy\" decoding=\"async\" width=\"150\" height=\"150\" src=\"https:\/\/institutfrancais.sk\/wp-content\/uploads\/2025\/02\/St-Exupery-150x150.jpg\" class=\"attachment-thumbnail size-thumbnail\" alt=\"\" \/><\/a>\n\t\t\t<\/dt><\/dl><dl class='gallery-item'>\n\t\t\t<dt class='gallery-icon portrait'>\n\t\t\t\t<a href='https:\/\/institutfrancais.sk\/fr\/mois-de-la-francophonie-2025\/1-partir-etudier-en-france\/'><img loading=\"lazy\" decoding=\"async\" width=\"150\" height=\"150\" src=\"https:\/\/institutfrancais.sk\/wp-content\/uploads\/2025\/02\/1-Partir-etudier-en-France-150x150.png\" class=\"attachment-thumbnail size-thumbnail\" alt=\"\" \/><\/a>\n\t\t\t<\/dt><\/dl><br style=\"clear: both\" \/><dl class='gallery-item'>\n\t\t\t<dt class='gallery-icon landscape'>\n\t\t\t\t<a href='https:\/\/institutfrancais.sk\/fr\/mois-de-la-francophonie-2025\/3-frankofo-kviz\/'><img loading=\"lazy\" decoding=\"async\" width=\"150\" height=\"150\" src=\"https:\/\/institutfrancais.sk\/wp-content\/uploads\/2025\/02\/3-Frankofo-kviz-150x150.png\" class=\"attachment-thumbnail size-thumbnail\" alt=\"\" srcset=\"https:\/\/institutfrancais.sk\/wp-content\/uploads\/2025\/02\/3-Frankofo-kviz-150x150.png 150w, https:\/\/institutfrancais.sk\/wp-content\/uploads\/2025\/02\/3-Frankofo-kviz-350x350.png 350w, https:\/\/institutfrancais.sk\/wp-content\/uploads\/2025\/02\/3-Frankofo-kviz-537x537.png 537w, https:\/\/institutfrancais.sk\/wp-content\/uploads\/2025\/02\/3-Frankofo-kviz-768x768.png 768w, https:\/\/institutfrancais.sk\/wp-content\/uploads\/2025\/02\/3-Frankofo-kviz-1000x1000.png 1000w, https:\/\/institutfrancais.sk\/wp-content\/uploads\/2025\/02\/3-Frankofo-kviz.png 1080w\" sizes=\"(max-width: 150px) 100vw, 150px\" \/><\/a>\n\t\t\t<\/dt><\/dl><dl class='gallery-item'>\n\t\t\t<dt class='gallery-icon landscape'>\n\t\t\t\t<a href='https:\/\/institutfrancais.sk\/fr\/mois-de-la-francophonie-2025\/6-spf\/'><img loading=\"lazy\" decoding=\"async\" width=\"150\" height=\"150\" src=\"https:\/\/institutfrancais.sk\/wp-content\/uploads\/2025\/02\/6-SPF-150x150.jpg\" class=\"attachment-thumbnail size-thumbnail\" alt=\"\" \/><\/a>\n\t\t\t<\/dt><\/dl>\n\t\t\t<br style='clear: both' \/>\n\t\t<\/div>\n\n<p>&nbsp;<\/p>\n<\/div><\/div><\/div><\/div><\/div>\n<\/div>\n\n\n\n<h2 class=\"wp-block-heading\">Les coorganisateurs et partenaires <\/h2>\n\n\n\n<p><em>Les Journ\u00e9es de la francophonie sont organis\u00e9es par l\u2019Institut fran\u00e7ais de Slovaquie, conjointement avec les Ambassades des pays membres ou membres observateurs de l\u2019OIF, le Minist\u00e8re des Affaires \u00e9trang\u00e8res de la R\u00e9publique slovaque, et les Alliances fran\u00e7aises de Bansk\u00e1 Bystrica et de Ko\u0161ice, ainsi qu\u2019avec la participation des \u00e9coles, lyc\u00e9es et universit\u00e9s slovaques et de l\u2019\u00c9cole Fran\u00e7aise <em>Internationale<\/em> de Bratislava<\/em> (EFIB).<\/p>\n\n\n<\/div><div class=\"gray-bg\"><div class=\"wrap\"><div class=\"white-boxes sponsors-partners nobtn\"><h2><span>Partenaires<\/span><\/h2><div class=\"box\"><h3>Partenaires<\/h3><div class=\"owl-carousel loop\"><div class=\"img\"><picture><source srcset=\"https:\/\/institutfrancais.sk\/wp-content\/uploads\/2021\/02\/OIF-300x148.jpg\" type=\"image\/jpeg\"><img decoding=\"async\" src=\"https:\/\/institutfrancais.sk\/wp-content\/uploads\/2021\/02\/OIF-300x148.jpg\" alt=\"\"width=\"100%\"\"><\/picture><\/div><div class=\"img\"><picture><source srcset=\"https:\/\/institutfrancais.sk\/wp-content\/uploads\/2023\/02\/IF_Logo_Slovaquie_Sans-Claim_Bleu_RVB-300x201.png\" type=\"image\/jpeg\"><img decoding=\"async\" src=\"https:\/\/institutfrancais.sk\/wp-content\/uploads\/2023\/02\/IF_Logo_Slovaquie_Sans-Claim_Bleu_RVB-300x201.png\" alt=\"\"width=\"100%\"\"><\/picture><\/div><div class=\"img\"><picture><source srcset=\"https:\/\/institutfrancais.sk\/wp-content\/uploads\/2020\/09\/logoAmb-Slovaquie-300x208.png\" type=\"image\/jpeg\"><img decoding=\"async\" src=\"https:\/\/institutfrancais.sk\/wp-content\/uploads\/2020\/09\/logoAmb-Slovaquie-300x208.png\" alt=\"\"width=\"100%\"\"><\/picture><\/div><div class=\"img\"><picture><source srcset=\"https:\/\/institutfrancais.sk\/wp-content\/uploads\/2021\/02\/3-Ambassade-de-Suisse-300x118.jpg\" type=\"image\/jpeg\"><img decoding=\"async\" src=\"https:\/\/institutfrancais.sk\/wp-content\/uploads\/2021\/02\/3-Ambassade-de-Suisse-300x118.jpg\" alt=\"\"width=\"100%\"\"><\/picture><\/div><div class=\"img\"><picture><source srcset=\"https:\/\/institutfrancais.sk\/wp-content\/uploads\/2021\/02\/6-Ambassade-du-Canada-2-300x75.jpg\" type=\"image\/jpeg\"><img decoding=\"async\" src=\"https:\/\/institutfrancais.sk\/wp-content\/uploads\/2021\/02\/6-Ambassade-du-Canada-2-300x75.jpg\" alt=\"\"width=\"100%\"\"><\/picture><\/div><div class=\"img\"><picture><source srcset=\"https:\/\/institutfrancais.sk\/wp-content\/uploads\/2021\/02\/5-Walonnie-Bruxelles-International-300x168.jpg\" type=\"image\/jpeg\"><img decoding=\"async\" src=\"https:\/\/institutfrancais.sk\/wp-content\/uploads\/2021\/02\/5-Walonnie-Bruxelles-International-300x168.jpg\" alt=\"\"width=\"100%\"\"><\/picture><\/div><div class=\"img\"><picture><source srcset=\"https:\/\/institutfrancais.sk\/wp-content\/uploads\/2021\/02\/9-MZV-300x88.jpg\" type=\"image\/jpeg\"><img decoding=\"async\" src=\"https:\/\/institutfrancais.sk\/wp-content\/uploads\/2021\/02\/9-MZV-300x88.jpg\" alt=\"\"width=\"100%\"\"><\/picture><\/div><div class=\"img\"><picture><source srcset=\"https:\/\/institutfrancais.sk\/wp-content\/uploads\/2020\/01\/Logo-AF-BB-1-300x268.jpg\" type=\"image\/jpeg\"><img decoding=\"async\" src=\"https:\/\/institutfrancais.sk\/wp-content\/uploads\/2020\/01\/Logo-AF-BB-1-300x268.jpg\" alt=\"\"width=\"100%\"\"><\/picture><\/div><div class=\"img\"><picture><source srcset=\"https:\/\/institutfrancais.sk\/wp-content\/uploads\/2020\/01\/af-kosice-300x229.png\" type=\"image\/jpeg\"><img decoding=\"async\" src=\"https:\/\/institutfrancais.sk\/wp-content\/uploads\/2020\/01\/af-kosice-300x229.png\" alt=\"\"width=\"100%\"\"><\/picture><\/div><div class=\"img\"><picture><source srcset=\"https:\/\/institutfrancais.sk\/wp-content\/uploads\/2021\/02\/13-Ambassade-de-Roumanie-215x300.jpg\" type=\"image\/jpeg\"><img decoding=\"async\" src=\"https:\/\/institutfrancais.sk\/wp-content\/uploads\/2021\/02\/13-Ambassade-de-Roumanie-215x300.jpg\" alt=\"\"width=\"100%\"\"><\/picture><\/div><div class=\"img\"><picture><source srcset=\"https:\/\/institutfrancais.sk\/wp-content\/uploads\/2022\/03\/LOGO-Albanie-2-300x253.png\" type=\"image\/jpeg\"><img decoding=\"async\" src=\"https:\/\/institutfrancais.sk\/wp-content\/uploads\/2022\/03\/LOGO-Albanie-2-300x253.png\" alt=\"\"width=\"100%\"\"><\/picture><\/div><div class=\"img\"><picture><source srcset=\"https:\/\/institutfrancais.sk\/wp-content\/uploads\/2021\/02\/14-Bulharsky-kulturny-institut-300x53.jpg\" type=\"image\/jpeg\"><img decoding=\"async\" src=\"https:\/\/institutfrancais.sk\/wp-content\/uploads\/2021\/02\/14-Bulharsky-kulturny-institut-300x53.jpg\" alt=\"\"width=\"100%\"\"><\/picture><\/div><div class=\"img\"><picture><source srcset=\"https:\/\/institutfrancais.sk\/wp-content\/uploads\/2023\/02\/logo-nivam-300x108.png\" type=\"image\/jpeg\"><img decoding=\"async\" src=\"https:\/\/institutfrancais.sk\/wp-content\/uploads\/2023\/02\/logo-nivam-300x108.png\" alt=\"\"width=\"100%\"\"><\/picture><\/div><div class=\"img\"><picture><source srcset=\"https:\/\/institutfrancais.sk\/wp-content\/uploads\/2023\/02\/efib-logo.jpg\" type=\"image\/jpeg\"><img decoding=\"async\" src=\"https:\/\/institutfrancais.sk\/wp-content\/uploads\/2023\/02\/efib-logo.jpg\" alt=\"\"width=\"100%\"\"><\/picture><\/div><div class=\"img\"><picture><source srcset=\"https:\/\/institutfrancais.sk\/wp-content\/uploads\/2023\/02\/Logo-Metodova.jpg\" type=\"image\/jpeg\"><img decoding=\"async\" src=\"https:\/\/institutfrancais.sk\/wp-content\/uploads\/2023\/02\/Logo-Metodova.jpg\" alt=\"\"width=\"100%\"\"><\/picture><\/div><div class=\"img\"><picture><source srcset=\"https:\/\/institutfrancais.sk\/wp-content\/uploads\/2021\/02\/18-Section-bilingue-GJGT-212x300.jpg\" type=\"image\/jpeg\"><img decoding=\"async\" src=\"https:\/\/institutfrancais.sk\/wp-content\/uploads\/2021\/02\/18-Section-bilingue-GJGT-212x300.jpg\" alt=\"\"width=\"100%\"\"><\/picture><\/div><div class=\"img\"><picture><source srcset=\"https:\/\/institutfrancais.sk\/wp-content\/uploads\/2021\/02\/unnamed.png\" type=\"image\/jpeg\"><img decoding=\"async\" src=\"https:\/\/institutfrancais.sk\/wp-content\/uploads\/2021\/02\/unnamed.png\" alt=\"\"width=\"100%\"\"><\/picture><\/div><div class=\"img\"><picture><source srcset=\"https:\/\/institutfrancais.sk\/wp-content\/uploads\/2021\/02\/20-UMB.png\" type=\"image\/jpeg\"><img decoding=\"async\" src=\"https:\/\/institutfrancais.sk\/wp-content\/uploads\/2021\/02\/20-UMB.png\" alt=\"\"width=\"100%\"\"><\/picture><\/div><div class=\"img\"><picture><source srcset=\"https:\/\/institutfrancais.sk\/wp-content\/uploads\/2021\/02\/unnamed-300x300.jpg\" type=\"image\/jpeg\"><img decoding=\"async\" src=\"https:\/\/institutfrancais.sk\/wp-content\/uploads\/2021\/02\/unnamed-300x300.jpg\" alt=\"\"width=\"100%\"\"><\/picture><\/div><div class=\"img\"><picture><source srcset=\"https:\/\/institutfrancais.sk\/wp-content\/uploads\/2023\/02\/FAJ-EUBA-300x200.jpg\" type=\"image\/jpeg\"><img decoding=\"async\" src=\"https:\/\/institutfrancais.sk\/wp-content\/uploads\/2023\/02\/FAJ-EUBA-300x200.jpg\" alt=\"\"width=\"100%\"\"><\/picture><\/div><div class=\"img\"><picture><source srcset=\"https:\/\/institutfrancais.sk\/wp-content\/uploads\/2021\/02\/30-Universite-de-Presov.jpg\" type=\"image\/jpeg\"><img decoding=\"async\" src=\"https:\/\/institutfrancais.sk\/wp-content\/uploads\/2021\/02\/30-Universite-de-Presov.jpg\" alt=\"\"width=\"100%\"\"><\/picture><\/div><div class=\"img\"><picture><source srcset=\"https:\/\/institutfrancais.sk\/wp-content\/uploads\/2023\/02\/logo-upjs-300x300.jpg\" type=\"image\/jpeg\"><img decoding=\"async\" src=\"https:\/\/institutfrancais.sk\/wp-content\/uploads\/2023\/02\/logo-upjs-300x300.jpg\" alt=\"\"width=\"100%\"\"><\/picture><\/div><div class=\"img\"><picture><source srcset=\"https:\/\/institutfrancais.sk\/wp-content\/uploads\/2022\/02\/92498669_1159849881034534_5729274570846765056_n-300x300.png\" type=\"image\/jpeg\"><img decoding=\"async\" src=\"https:\/\/institutfrancais.sk\/wp-content\/uploads\/2022\/02\/92498669_1159849881034534_5729274570846765056_n-300x300.png\" alt=\"\"width=\"100%\"\"><\/picture><\/div><div class=\"img\"><picture><source srcset=\"https:\/\/institutfrancais.sk\/wp-content\/uploads\/2023\/02\/les-ateliers-francais-logo.jpg\" type=\"image\/jpeg\"><img decoding=\"async\" src=\"https:\/\/institutfrancais.sk\/wp-content\/uploads\/2023\/02\/les-ateliers-francais-logo.jpg\" alt=\"\"width=\"100%\"\"><\/picture><\/div><div class=\"img\"><picture><source srcset=\"https:\/\/institutfrancais.sk\/wp-content\/uploads\/2025\/02\/Screenshot-2024-03-07-193006-768x542-1-350x247.png\" type=\"image\/jpeg\"><img decoding=\"async\" src=\"https:\/\/institutfrancais.sk\/wp-content\/uploads\/2025\/02\/Screenshot-2024-03-07-193006-768x542-1-350x247.png\" alt=\"\"width=\"100%\"\"><\/picture><\/div><div class=\"img\"><picture><source srcset=\"https:\/\/institutfrancais.sk\/wp-content\/uploads\/2025\/02\/logo_david_1-350x134.jpg\" type=\"image\/jpeg\"><img decoding=\"async\" src=\"https:\/\/institutfrancais.sk\/wp-content\/uploads\/2025\/02\/logo_david_1-350x134.jpg\" alt=\"\"width=\"100%\"\"><\/picture><\/div><div class=\"img\"><picture><source srcset=\"https:\/\/institutfrancais.sk\/wp-content\/uploads\/2025\/02\/logo_kybernetix-350x112.png\" type=\"image\/jpeg\"><img decoding=\"async\" src=\"https:\/\/institutfrancais.sk\/wp-content\/uploads\/2025\/02\/logo_kybernetix-350x112.png\" alt=\"\"width=\"100%\"\"><\/picture><\/div><div class=\"img\"><picture><source srcset=\"https:\/\/institutfrancais.sk\/wp-content\/uploads\/2025\/02\/GES-768x459-1-350x209.jpg\" type=\"image\/jpeg\"><img decoding=\"async\" src=\"https:\/\/institutfrancais.sk\/wp-content\/uploads\/2025\/02\/GES-768x459-1-350x209.jpg\" alt=\"\"width=\"100%\"\"><\/picture><\/div><\/div><\/div><\/div><\/div><\/div><\/div><div class=\"wrap narrow-wrap\">\n\n<\/div><div class=\"gray-bg\"><div class=\"wrap\"><div class=\"white-boxes sponsors-partners nobtn\"><h2><span>Partenaires<\/span><\/h2><div class=\"box\"><h3>Partenaires<\/h3><div class=\"owl-carousel loop-8\"><div class=\"img\"><picture><source srcset=\"\" type=\"image\/jpeg\"><img decoding=\"async\" src=\"\" alt=\"\"width=\"100%\"\"><\/picture><\/div><div class=\"img\"><picture><source srcset=\"https:\/\/institutfrancais.sk\/wp-content\/uploads\/2021\/02\/2-Radio-Devin-300x101.png\" type=\"image\/jpeg\"><img decoding=\"async\" src=\"https:\/\/institutfrancais.sk\/wp-content\/uploads\/2021\/02\/2-Radio-Devin-300x101.png\" alt=\"\"width=\"100%\"\"><\/picture><\/div><div class=\"img\"><picture><source srcset=\"https:\/\/institutfrancais.sk\/wp-content\/uploads\/2021\/02\/3-Radio-Slovakia-International-300x73.png\" type=\"image\/jpeg\"><img decoding=\"async\" src=\"https:\/\/institutfrancais.sk\/wp-content\/uploads\/2021\/02\/3-Radio-Slovakia-International-300x73.png\" alt=\"\"width=\"100%\"\"><\/picture><\/div><div class=\"img\"><picture><source srcset=\"https:\/\/institutfrancais.sk\/wp-content\/uploads\/2022\/12\/Dizajn-bez-nazvu-51-300x193.png\" type=\"image\/jpeg\"><img decoding=\"async\" src=\"https:\/\/institutfrancais.sk\/wp-content\/uploads\/2022\/12\/Dizajn-bez-nazvu-51-300x193.png\" alt=\"\"width=\"100%\"\"><\/picture><\/div><div class=\"img\"><picture><source srcset=\"https:\/\/institutfrancais.sk\/wp-content\/uploads\/2021\/02\/6-InBa-300x211.jpg\" type=\"image\/jpeg\"><img decoding=\"async\" src=\"https:\/\/institutfrancais.sk\/wp-content\/uploads\/2021\/02\/6-InBa-300x211.jpg\" alt=\"\"width=\"100%\"\"><\/picture><\/div><div class=\"img\"><picture><source srcset=\"https:\/\/institutfrancais.sk\/wp-content\/uploads\/2021\/02\/GO-OUT-300x151.jpg\" type=\"image\/jpeg\"><img decoding=\"async\" src=\"https:\/\/institutfrancais.sk\/wp-content\/uploads\/2021\/02\/GO-OUT-300x151.jpg\" alt=\"\"width=\"100%\"\"><\/picture><\/div><div class=\"img\"><picture><source srcset=\"https:\/\/institutfrancais.sk\/wp-content\/uploads\/2022\/01\/LOGO-TV5MONDE-digita\u0301l-modre\u0301-300x104.png\" type=\"image\/jpeg\"><img decoding=\"async\" src=\"https:\/\/institutfrancais.sk\/wp-content\/uploads\/2022\/01\/LOGO-TV5MONDE-digita\u0301l-modre\u0301-300x104.png\" alt=\"\"width=\"100%\"\"><\/picture><\/div><div class=\"img\"><picture><source srcset=\"https:\/\/institutfrancais.sk\/wp-content\/uploads\/2020\/01\/635px-France24-300x283.png\" type=\"image\/jpeg\"><img decoding=\"async\" src=\"https:\/\/institutfrancais.sk\/wp-content\/uploads\/2020\/01\/635px-France24-300x283.png\" alt=\"\"width=\"100%\"\"><\/picture><\/div><\/div><\/div><\/div><\/div><\/div><\/div><div class=\"wrap narrow-wrap\">\n\n<div class=\"space sm\"><\/div>\n\n\n<h2 class=\"wp-block-heading\">Liens utiles <\/h2>\n\n\n<div class=\"space xs\"><\/div>\n\n<a href=\"https:\/\/www.facebook.com\/dnifrankofonie\" class=\"btn btn-blue-invert\" target=\"blank\" rel=\"noreferrer noopener\">Suivez-nous sur Facebook<\/a>\n\n<div class=\"space xs\"><\/div>\n\n<\/div><div class=\"articles articles-events\"><div class=\"gray-bg\"><div class=\"lines-bg lines-bg-boldright-c\"><div class=\"wrap\"><div class=\"white-boxes\"><div class=\"row posts-list\"><a class=\"articles-redirection\" href=\"https:\/\/institutfrancais.sk\/fr\/fr\/informacie\/\"><svg xmlns=\"http:\/\/www.w3.org\/2000\/svg\" viewBox=\"0 0 320 512\" width=\"20\"><path fill=\"#000\" d=\"M285.476 272.971L91.132 467.314c-9.373 9.373-24.569 9.373-33.941 0l-22.667-22.667c-9.357-9.357-9.375-24.522-.04-33.901L188.505 256 34.484 101.255c-9.335-9.379-9.317-24.544.04-33.901l22.667-22.667c9.373-9.373 24.569-9.373 33.941 0L285.475 239.03c9.373 9.372 9.373 24.568.001 33.941z\"><\/path><\/svg> <\/a><div class=\"col-lg-4 col-md-6 col-sm-6\">\n<section>\n<div class=\"post\">\n<div class=\"post-container\">\n<a href=\"https:\/\/institutfrancais.sk\/fr\/spievam-po-francuzsky-2026-2\/\"><div class=\"post-img\">\n<img decoding=\"async\" src=\"https:\/\/institutfrancais.sk\/wp-content\/uploads\/2025\/11\/SPF-2026-J1-537x235.png\" alt=\"Spievam po\u00a0franc\u00fazsky 2026 &#8211;&nbsp;le concours de la chanson francophone\" class=\"post-thumbnail\" width=\"100%\">\n<\/div><\/a>\n<div class=\"card-content\">\n<div class=\"post-meta\">\n<a href=\"https:\/\/institutfrancais.sk\/fr\/category\/non-classifiee\/\">Musique<\/a> \/<\/div>\n<a href=\"https:\/\/institutfrancais.sk\/fr\/spievam-po-francuzsky-2026-2\/\">\n<h1>Spievam po\u00a0franc\u00fazsky 2026 &#8211;&nbsp;le concours de la chanson francophone<\/h1>\n<\/a>\n<div class=\"line-after-title\"><\/div>\n<article>\n<p>Le concours de la chanson francophone&nbsp;&nbsp;Je chante en fran\u00e7ais &nbsp;est de retour en 2026 ! Vous \u00eates amateurs de chansons francophones ? Votre langue maternelle n&rsquo;est pas le fran\u00e7ais ? Vous r\u00e9sidez en Slovaquie ? Vous \u00eates \u00e0 la bonne adresse ! Inscrivez-vous jusqu\u2019au 15 mars 2026 ! Comment faire&#8230;<\/p>\n<\/article>\n<\/div>\n<\/div>\n<\/div>\n<\/section>\n<\/div>\n<div class=\"col-lg-4 col-md-6 col-sm-6\">\n<section>\n<div class=\"post\">\n<div class=\"post-container\">\n<a href=\"https:\/\/institutfrancais.sk\/fr\/cours-de-francais-session-de-printemps-2025\/\"><div class=\"post-img\">\n<img decoding=\"async\" src=\"https:\/\/institutfrancais.sk\/wp-content\/uploads\/2025\/02\/Jarne-kurzy-1080-x-1080-px-Website-16-537x302.jpg\" alt=\"Cours de fran\u00e7ais : session de printemps 2025\" class=\"post-thumbnail\" width=\"100%\">\n<\/div><\/a>\n<div class=\"card-content\">\n<div class=\"post-meta\">\n<a href=\"https:\/\/institutfrancais.sk\/fr\/category\/cours\/\">Cours<\/a> \/<\/div>\n<a href=\"https:\/\/institutfrancais.sk\/fr\/cours-de-francais-session-de-printemps-2025\/\">\n<h1>Cours de fran\u00e7ais : session de printemps 2025<\/h1>\n<\/a>\n<div class=\"line-after-title\"><\/div>\n<article>\n<p>Trimestre de printemps \u00e0 partir du 7 avril 2025 Inscription en ligne Inscription en pr\u00e9sentiel \u00e0 partir du 1er mars 2025 du 31 mars au 1er avril 2025 de 14h00 \u00e0 18h00 L&rsquo;ann\u00e9e de la mer 2025&nbsp;est une occasion id\u00e9ale de plonger dans le monde de la langue et de&#8230;<\/p>\n<\/article>\n<\/div>\n<\/div>\n<\/div>\n<\/section>\n<\/div>\n<\/div><\/div><div class=\"btn-articles-redirection\"><a class=\"btn btn-black\" href=\"https:\/\/institutfrancais.sk\/fr\/informacie\/\">Plus d&rsquo;infos<\/a><\/div><\/div><\/div><\/div><\/div><div class=\"wrap narrow-wrap\">","protected":false},"featured_media":35517,"template":"","typ-podujatia":[],"acf":[],"yoast_head":"<!-- This site is optimized with the Yoast SEO plugin v24.5 - https:\/\/yoast.com\/wordpress\/plugins\/seo\/ -->\n<title>Mois de la Francophonie 2025 - Franc\u00fazsky in\u0161tit\u00fat na Slovensku<\/title>\n<meta name=\"robots\" content=\"index, follow, max-snippet:-1, max-image-preview:large, max-video-preview:-1\" \/>\n<link rel=\"canonical\" href=\"https:\/\/institutfrancais.sk\/fr\/podujatie\/mesiac-frankofonie-2025\/\" \/>\n<meta property=\"og:locale\" content=\"fr_FR\" \/>\n<meta property=\"og:type\" content=\"article\" \/>\n<meta property=\"og:title\" content=\"Mois de la Francophonie 2025 - Franc\u00fazsky in\u0161tit\u00fat na Slovensku\" \/>\n<meta property=\"og:description\" content=\"Prenez la parole ! Chers francophones, chers francophiles, Comme chaque ann\u00e9e, nous f\u00eatons la francophonie au mois de mars ! La francophonie est une communaut\u00e9 linguistique compos\u00e9e de personnes qui partagent une langue mondiale, le fran\u00e7ais, non pas la plus parl\u00e9e, mais la plus r\u00e9pandue et la plus enseign\u00e9e dans le monde, apr\u00e8s l\u2019anglais.&nbsp; Cette [&hellip;]\" \/>\n<meta property=\"og:url\" content=\"https:\/\/institutfrancais.sk\/fr\/podujatie\/mesiac-frankofonie-2025\/\" \/>\n<meta property=\"og:site_name\" content=\"Franc\u00fazsky in\u0161tit\u00fat na Slovensku\" \/>\n<meta property=\"article:modified_time\" content=\"2025-03-09T19:20:21+00:00\" \/>\n<meta property=\"og:image\" content=\"https:\/\/institutfrancais.sk\/wp-content\/uploads\/2025\/02\/Cote-Atlantique-841-x-594-mm-scaled.jpg\" \/>\n\t<meta property=\"og:image:width\" content=\"2560\" \/>\n\t<meta property=\"og:image:height\" content=\"1808\" \/>\n\t<meta property=\"og:image:type\" content=\"image\/jpeg\" \/>\n<meta name=\"twitter:card\" content=\"summary_large_image\" \/>\n<meta name=\"twitter:label1\" content=\"Dur\u00e9e de lecture estim\u00e9e\" \/>\n\t<meta name=\"twitter:data1\" content=\"3 minutes\" \/>\n<script type=\"application\/ld+json\" class=\"yoast-schema-graph\">{\"@context\":\"https:\/\/schema.org\",\"@graph\":[{\"@type\":\"WebPage\",\"@id\":\"https:\/\/institutfrancais.sk\/fr\/podujatie\/mesiac-frankofonie-2025\/\",\"url\":\"https:\/\/institutfrancais.sk\/fr\/podujatie\/mesiac-frankofonie-2025\/\",\"name\":\"Mois de la Francophonie 2025 - Franc\u00fazsky in\u0161tit\u00fat na Slovensku\",\"isPartOf\":{\"@id\":\"https:\/\/institutfrancais.sk\/fr\/#website\"},\"primaryImageOfPage\":{\"@id\":\"https:\/\/institutfrancais.sk\/fr\/podujatie\/mesiac-frankofonie-2025\/#primaryimage\"},\"image\":{\"@id\":\"https:\/\/institutfrancais.sk\/fr\/podujatie\/mesiac-frankofonie-2025\/#primaryimage\"},\"thumbnailUrl\":\"https:\/\/institutfrancais.sk\/wp-content\/uploads\/2025\/02\/Cote-Atlantique-841-x-594-mm-scaled.jpg\",\"datePublished\":\"2025-03-09T19:05:02+00:00\",\"dateModified\":\"2025-03-09T19:20:21+00:00\",\"breadcrumb\":{\"@id\":\"https:\/\/institutfrancais.sk\/fr\/podujatie\/mesiac-frankofonie-2025\/#breadcrumb\"},\"inLanguage\":\"fr-FR\",\"potentialAction\":[{\"@type\":\"ReadAction\",\"target\":[\"https:\/\/institutfrancais.sk\/fr\/podujatie\/mesiac-frankofonie-2025\/\"]}]},{\"@type\":\"ImageObject\",\"inLanguage\":\"fr-FR\",\"@id\":\"https:\/\/institutfrancais.sk\/fr\/podujatie\/mesiac-frankofonie-2025\/#primaryimage\",\"url\":\"https:\/\/institutfrancais.sk\/wp-content\/uploads\/2025\/02\/Cote-Atlantique-841-x-594-mm-scaled.jpg\",\"contentUrl\":\"https:\/\/institutfrancais.sk\/wp-content\/uploads\/2025\/02\/Cote-Atlantique-841-x-594-mm-scaled.jpg\",\"width\":2560,\"height\":1808,\"caption\":\"Francophonie 2025\"},{\"@type\":\"BreadcrumbList\",\"@id\":\"https:\/\/institutfrancais.sk\/fr\/podujatie\/mesiac-frankofonie-2025\/#breadcrumb\",\"itemListElement\":[{\"@type\":\"ListItem\",\"position\":1,\"name\":\"Home\",\"item\":\"https:\/\/institutfrancais.sk\/fr\/\"},{\"@type\":\"ListItem\",\"position\":2,\"name\":\"Events\",\"item\":\"https:\/\/institutfrancais.sk\/fr\/podujatie\/\"},{\"@type\":\"ListItem\",\"position\":3,\"name\":\"Mois de la Francophonie 2025\"}]},{\"@type\":\"WebSite\",\"@id\":\"https:\/\/institutfrancais.sk\/fr\/#website\",\"url\":\"https:\/\/institutfrancais.sk\/fr\/\",\"name\":\"Franc\u00fazsky in\u0161tit\u00fat na Slovensku\",\"description\":\"Franc\u00fazsky in\u0161tit\u00fat na Slovensku\",\"potentialAction\":[{\"@type\":\"SearchAction\",\"target\":{\"@type\":\"EntryPoint\",\"urlTemplate\":\"https:\/\/institutfrancais.sk\/fr\/?s={search_term_string}\"},\"query-input\":{\"@type\":\"PropertyValueSpecification\",\"valueRequired\":true,\"valueName\":\"search_term_string\"}}],\"inLanguage\":\"fr-FR\"}]}<\/script>\n<!-- \/ Yoast SEO plugin. -->","yoast_head_json":{"title":"Mois de la Francophonie 2025 - Franc\u00fazsky in\u0161tit\u00fat na Slovensku","robots":{"index":"index","follow":"follow","max-snippet":"max-snippet:-1","max-image-preview":"max-image-preview:large","max-video-preview":"max-video-preview:-1"},"canonical":"https:\/\/institutfrancais.sk\/fr\/podujatie\/mesiac-frankofonie-2025\/","og_locale":"fr_FR","og_type":"article","og_title":"Mois de la Francophonie 2025 - Franc\u00fazsky in\u0161tit\u00fat na Slovensku","og_description":"Prenez la parole ! Chers francophones, chers francophiles, Comme chaque ann\u00e9e, nous f\u00eatons la francophonie au mois de mars ! La francophonie est une communaut\u00e9 linguistique compos\u00e9e de personnes qui partagent une langue mondiale, le fran\u00e7ais, non pas la plus parl\u00e9e, mais la plus r\u00e9pandue et la plus enseign\u00e9e dans le monde, apr\u00e8s l\u2019anglais.&nbsp; Cette [&hellip;]","og_url":"https:\/\/institutfrancais.sk\/fr\/podujatie\/mesiac-frankofonie-2025\/","og_site_name":"Franc\u00fazsky in\u0161tit\u00fat na Slovensku","article_modified_time":"2025-03-09T19:20:21+00:00","og_image":[{"width":2560,"height":1808,"url":"https:\/\/institutfrancais.sk\/wp-content\/uploads\/2025\/02\/Cote-Atlantique-841-x-594-mm-scaled.jpg","type":"image\/jpeg"}],"twitter_card":"summary_large_image","twitter_misc":{"Dur\u00e9e de lecture estim\u00e9e":"3 minutes"},"schema":{"@context":"https:\/\/schema.org","@graph":[{"@type":"WebPage","@id":"https:\/\/institutfrancais.sk\/fr\/podujatie\/mesiac-frankofonie-2025\/","url":"https:\/\/institutfrancais.sk\/fr\/podujatie\/mesiac-frankofonie-2025\/","name":"Mois de la Francophonie 2025 - Franc\u00fazsky in\u0161tit\u00fat na Slovensku","isPartOf":{"@id":"https:\/\/institutfrancais.sk\/fr\/#website"},"primaryImageOfPage":{"@id":"https:\/\/institutfrancais.sk\/fr\/podujatie\/mesiac-frankofonie-2025\/#primaryimage"},"image":{"@id":"https:\/\/institutfrancais.sk\/fr\/podujatie\/mesiac-frankofonie-2025\/#primaryimage"},"thumbnailUrl":"https:\/\/institutfrancais.sk\/wp-content\/uploads\/2025\/02\/Cote-Atlantique-841-x-594-mm-scaled.jpg","datePublished":"2025-03-09T19:05:02+00:00","dateModified":"2025-03-09T19:20:21+00:00","breadcrumb":{"@id":"https:\/\/institutfrancais.sk\/fr\/podujatie\/mesiac-frankofonie-2025\/#breadcrumb"},"inLanguage":"fr-FR","potentialAction":[{"@type":"ReadAction","target":["https:\/\/institutfrancais.sk\/fr\/podujatie\/mesiac-frankofonie-2025\/"]}]},{"@type":"ImageObject","inLanguage":"fr-FR","@id":"https:\/\/institutfrancais.sk\/fr\/podujatie\/mesiac-frankofonie-2025\/#primaryimage","url":"https:\/\/institutfrancais.sk\/wp-content\/uploads\/2025\/02\/Cote-Atlantique-841-x-594-mm-scaled.jpg","contentUrl":"https:\/\/institutfrancais.sk\/wp-content\/uploads\/2025\/02\/Cote-Atlantique-841-x-594-mm-scaled.jpg","width":2560,"height":1808,"caption":"Francophonie 2025"},{"@type":"BreadcrumbList","@id":"https:\/\/institutfrancais.sk\/fr\/podujatie\/mesiac-frankofonie-2025\/#breadcrumb","itemListElement":[{"@type":"ListItem","position":1,"name":"Home","item":"https:\/\/institutfrancais.sk\/fr\/"},{"@type":"ListItem","position":2,"name":"Events","item":"https:\/\/institutfrancais.sk\/fr\/podujatie\/"},{"@type":"ListItem","position":3,"name":"Mois de la Francophonie 2025"}]},{"@type":"WebSite","@id":"https:\/\/institutfrancais.sk\/fr\/#website","url":"https:\/\/institutfrancais.sk\/fr\/","name":"Franc\u00fazsky in\u0161tit\u00fat na Slovensku","description":"Franc\u00fazsky in\u0161tit\u00fat na Slovensku","potentialAction":[{"@type":"SearchAction","target":{"@type":"EntryPoint","urlTemplate":"https:\/\/institutfrancais.sk\/fr\/?s={search_term_string}"},"query-input":{"@type":"PropertyValueSpecification","valueRequired":true,"valueName":"search_term_string"}}],"inLanguage":"fr-FR"}]}},"_links":{"self":[{"href":"https:\/\/institutfrancais.sk\/fr\/wp-json\/wp\/v2\/podujatie\/35670"}],"collection":[{"href":"https:\/\/institutfrancais.sk\/fr\/wp-json\/wp\/v2\/podujatie"}],"about":[{"href":"https:\/\/institutfrancais.sk\/fr\/wp-json\/wp\/v2\/types\/podujatie"}],"wp:featuredmedia":[{"embeddable":true,"href":"https:\/\/institutfrancais.sk\/fr\/wp-json\/wp\/v2\/media\/35517"}],"wp:attachment":[{"href":"https:\/\/institutfrancais.sk\/fr\/wp-json\/wp\/v2\/media?parent=35670"}],"wp:term":[{"taxonomy":"typ-podujatia","embeddable":true,"href":"https:\/\/institutfrancais.sk\/fr\/wp-json\/wp\/v2\/typ-podujatia?post=35670"}],"curies":[{"name":"wp","href":"https:\/\/api.w.org\/{rel}","templated":true}]}}