{"id":35828,"date":"2025-03-31T11:48:40","date_gmt":"2025-03-31T09:48:40","guid":{"rendered":"https:\/\/institutfrancais.sk\/?post_type=podujatie&#038;p=35828"},"modified":"2025-04-07T12:03:46","modified_gmt":"2025-04-07T10:03:46","slug":"recital-de-piano-par-maxime-zecchini-hommage-a-erik-satie-et-ses-amis-paris-la-belle-epoque","status":"publish","type":"podujatie","link":"https:\/\/institutfrancais.sk\/fr\/podujatie\/recital-de-piano-par-maxime-zecchini-hommage-a-erik-satie-et-ses-amis-paris-la-belle-epoque\/","title":{"rendered":"R\u00e9cital de piano par Maxime Zecchini : Hommage \u00e0 Erik Satie et ses amis : \u00ab\u00a0Paris, La Belle \u00c9poque\u00a0\u00bb"},"content":{"rendered":"\n<p>Photo <em>Maxime Zecchini \u00a9 JB Millot<\/em><\/p>\n\n\n<a href=\"https:\/\/www.ticketportal.sk\/event\/POCTA-ERIKOVI-SATIEMU-A-JEHO-PRIATELOM?idpartner=523\" class=\"btn\" target=\"blank\" rel=\"noreferrer noopener\">Acheter des places<\/a>\n\n<div class=\"space md\"><\/div>\n\n\n<p>En cette ann\u00e9e-anniversaire (1925-2025) comm\u00e9morant le centenaire de la disparition du grand compositeur fran\u00e7ais <strong>Erik Satie<\/strong> (1866-1925), le pianiste <strong>Maxime Zecchini<\/strong> propose un voyage musical autour de l\u2019\u0153uvre g\u00e9niale de ce musicien hors norme et de ses amis artistes. <br>Ainsi, les tr\u00e8s c\u00e9l\u00e8bres <em>Gymnop\u00e9dies<\/em>, <em>Gnossiennes<\/em>, <em>Valses<\/em>, <em>Pr\u00e9ludes<\/em> d\u2019Erik Satie, r\u00e9pondront aux <em>Pr\u00e9ludes<\/em> de Debussy, aux <em>Improvisations<\/em> de Poulenc, au <em>Concerto pour la main gauche de Ravel<\/em> ou encore \u00e0 la <em>Romance<\/em> de Tailleferre.<br>C\u2019est donc une immersion totale dans la musique fran\u00e7aise et dans le \u00ab Paris Culturel \u00bb du d\u00e9but du si\u00e8cle que le spectateur sera invit\u00e9 \u00e0 voyager au travers des \u0153uvres les plus c\u00e9l\u00e8bres de cette \u00ab\u00a0Belle \u00c9poque\u00a0\u00bb.<\/p>\n\n\n\n<p><em>Cet \u00e9v\u00e9nement est organis\u00e9 par l&rsquo;Institut fran\u00e7ais de Slovaquie en collaboration avec <em>Albrecht Forum dans le cadre du festival<\/em> <em>Domus &amp;&nbsp;Hortus Artis<\/em> 2025 Ann\u00e9e de la musique fran\u00e7aise.<\/em><\/p>\n\n\n\n<figure class=\"wp-block-image size-full\"><img loading=\"lazy\" decoding=\"async\" width=\"131\" height=\"135\" src=\"https:\/\/institutfrancais.sk\/wp-content\/uploads\/2025\/03\/Logo-AF-CB1-s-2.jpg\" alt=\"\" class=\"wp-image-35842\"\/><\/figure>\n\n\n<div class=\"space md\"><\/div>\n\n\n<h4 class=\"wp-block-heading\">Programme<\/h4>\n\n\n\n<p><\/p>\n\n\n\n<p><strong>ERIK SATIE<\/strong>&nbsp;: Gymnop\u00e9dies n\u00b01 et n\u00b02&nbsp;&nbsp;&nbsp;&nbsp;&nbsp;&nbsp;&nbsp;&nbsp;&nbsp;&nbsp;&nbsp;6&prime;<\/p>\n\n\n\n<p><strong>CAMILLE SAINT-SA\u00cbNS<\/strong>&nbsp;:&nbsp;&nbsp;\u00ab\u00a0Que mon coeur s&rsquo;ouvre \u00e0 ta voix\u00a0\u00bb, extrait de l&rsquo;op\u00e9ra \u00ab\u00a0Samson et Dalila\u00a0\u00bb&nbsp;&nbsp;&nbsp;&nbsp;&nbsp;&nbsp;5&prime;<\/p>\n\n\n\n<p><strong>ERIK SATIE<\/strong>&nbsp;: Valse \u00ab\u00a0Je te veux\u00a0\u00bb&nbsp;&nbsp;&nbsp;&nbsp;&nbsp;&nbsp;5&prime;<\/p>\n\n\n\n<p><strong>FRANCIS POULENC<\/strong>&nbsp;: Improvisations n\u00b07, n\u00b012 et n\u00b015&nbsp;&nbsp;&nbsp;&nbsp;&nbsp;&nbsp;&nbsp;&nbsp;&nbsp;&nbsp;&nbsp;&nbsp;&nbsp;&nbsp;8&prime;<\/p>\n\n\n\n<p><strong>GABRIEL FAUR\u00c9<\/strong>&nbsp;: Romance sans paroles opus 17 n\u00b03 et Libera me, extrait du Requiem&nbsp;&nbsp;&nbsp;&nbsp;&nbsp;&nbsp;&nbsp;&nbsp;&nbsp;8&prime;<\/p>\n\n\n\n<p>&#8212;&#8212;&#8212;&#8212;&#8212;-entracte&#8212;&#8212;&#8212;&#8212;&#8211;<\/p>\n\n\n\n<p><strong>ERIK SATIE<\/strong>&nbsp;: Trois Gnossiennes n\u00b01, n\u00b03 et n\u00b04&nbsp;&nbsp;&nbsp;&nbsp;&nbsp;&nbsp;&nbsp;&nbsp;&nbsp;&nbsp;&nbsp;&nbsp;&nbsp;&nbsp;10&prime;<\/p>\n\n\n\n<p><strong>CLAUDE DEBUSSY<\/strong>&nbsp;: Trois Pr\u00e9ludes (&nbsp;La fille aux cheveux de lin, La s\u00e9r\u00e9nade interrompue, La cath\u00e9drale engloutie )&nbsp;&nbsp;&nbsp;&nbsp;&nbsp;10&prime;<\/p>\n\n\n\n<p><strong>GERMAINE TAILLEFERRE<\/strong>&nbsp;: Romance&nbsp;&nbsp;&nbsp;&nbsp;&nbsp;&nbsp;&nbsp;3&prime;<\/p>\n\n\n\n<p><strong>MEL BONIS<\/strong>&nbsp;: Pavane&nbsp;&nbsp;&nbsp;&nbsp;&nbsp;&nbsp;&nbsp;&nbsp;&nbsp;&nbsp;&nbsp;4&prime;<\/p>\n\n\n\n<p><strong>MAURICE RAVEL \/ MAXIME ZECCHINI<\/strong>&nbsp;: Transcription piano solo du Concerto pour la main gauche&nbsp;&nbsp;&nbsp;&nbsp;&nbsp;&nbsp;10&prime;<\/p>\n\n\n<div class=\"space md\"><\/div>\n\n<a href=\"https:\/\/www.ticketportal.sk\/event\/POCTA-ERIKOVI-SATIEMU-A-JEHO-PRIATELOM?idpartner=523\" class=\"btn\" target=\"blank\" rel=\"noreferrer noopener\">Acheter des places<\/a>\n\n<div class=\"space md\"><\/div>\n\n\n<figure class=\"wp-block-image size-large\"><img loading=\"lazy\" decoding=\"async\" width=\"537\" height=\"379\" src=\"https:\/\/institutfrancais.sk\/wp-content\/uploads\/2025\/03\/photo-12-ss-537x379.jpg\" alt=\"\" class=\"wp-image-35827\" srcset=\"https:\/\/institutfrancais.sk\/wp-content\/uploads\/2025\/03\/photo-12-ss-537x379.jpg 537w, https:\/\/institutfrancais.sk\/wp-content\/uploads\/2025\/03\/photo-12-ss-350x247.jpg 350w, https:\/\/institutfrancais.sk\/wp-content\/uploads\/2025\/03\/photo-12-ss-768x542.jpg 768w, https:\/\/institutfrancais.sk\/wp-content\/uploads\/2025\/03\/photo-12-ss-1536x1084.jpg 1536w, https:\/\/institutfrancais.sk\/wp-content\/uploads\/2025\/03\/photo-12-ss-1190x840.jpg 1190w, https:\/\/institutfrancais.sk\/wp-content\/uploads\/2025\/03\/photo-12-ss-1417x1000.jpg 1417w, https:\/\/institutfrancais.sk\/wp-content\/uploads\/2025\/03\/photo-12-ss.jpg 1920w\" sizes=\"(max-width: 537px) 100vw, 537px\" \/><\/figure>\n\n\n\n<p>Photo <em>Maxime Zecchini \u00a9 JB Millot<\/em><\/p>\n\n\n\n<h4 class=\"wp-block-heading\">Maxime ZECCHINI (1979)<\/h4>\n\n\n\n<p>Maxime ZECCHINI a&nbsp;fait ses d\u00e9buts au Carnegie Hall de New York en mai 2022.<br>Il s&rsquo;est produit dans de nombreux festivals et a&nbsp;jou\u00e9 notamment \u00e0 la Seine Musicale, Salle Gaveau, au Th\u00e9\u00e2tre du Ch\u00e2telet, \u00e0 l&rsquo;Op\u00e9ra de P\u00e9kin, \u00e0 l&rsquo;Op\u00e9ra de Shanghai, au Conservatoire Tcha\u00efkovsky de Moscou, \u00e0 la Philharmonie de Kiev, avec l&rsquo;Orchestre National Symphonique de Malaisie, l&rsquo;Orchestre Pasdeloup, l&rsquo;Orchestre Philharmonique de Capetown, le Johannesburg Philharmonic Orchestra, l&rsquo;Orchestre Symphonique de Cuenca, l&rsquo;Orchestre Philharmonique de Nijni-Novgorod\u2026<br>On a&nbsp;pu&nbsp;ainsi l&rsquo;\u00e9couter dans environ 60 pays : tourn\u00e9es en Italie, Allemagne, Royaume-Uni, Chine, Cor\u00e9e du Sud, Japon, Afrique du Sud, Australie, Am\u00e9rique Centrale\u2026<br>Son enregistrement en 10 volumes et DVD d&rsquo;une anthologie des oeuvres pour la main gauche &#8211;&nbsp;piano solo,<br>concertos pour piano et orchestre, musique de chambre &#8211;&nbsp;constitue une premi\u00e8re mondiale dans l&rsquo;\u00e9dition<br>discographique (&nbsp;label AdVitam Records \/ PIAS ).<br>Ce projet a&nbsp;\u00e9t\u00e9 tr\u00e8s largement salu\u00e9 par la presse (&nbsp;FFFF de T\u00e9l\u00e9rama, 4 cl\u00e9s de Diapason, 4 \u00e9toiles de Classica,<br>Le Monde, Le Figaro\u2026) et a&nbsp;fait l&rsquo;objet de nombreuses \u00e9missions sur France 4, TV5 Monde, France Info TV, France Musique, Radio Classique, France Inter, France Culture\u2026<br>Form\u00e9 au Conservatoire National Sup\u00e9rieur de Musique de Lyon dans la classe de G\u00e9ry Moutier et Dani\u00e8le<br>Renault-Fasquelle, le Dipl\u00f4me National d&rsquo;\u00c9tudes Sup\u00e9rieures Musicales &#8211;&nbsp;DNESM &#8211;&nbsp;mention tr\u00e8s bien \u00e0<br>l&rsquo;unanimit\u00e9 et f\u00e9licitations du jury lui est d\u00e9cern\u00e9. Il est re\u00e7u par la suite au Conservatoire National Sup\u00e9rieur de<br>Musique de Paris en Cycle de Perfectionnement dans la classe de Jean-Fran\u00e7ois Heisser. Il a&nbsp;\u00e9galement b\u00e9n\u00e9fici\u00e9 des conseils r\u00e9guliers de Laurent Cabasso et Olivier Cazal.<br>Premier pianiste fran\u00e7ais \u00e0 \u00eatre dipl\u00f4m\u00e9 de la prestigieuse Acad\u00e9mie \u00ab\u00a0Incontri col Maestro\u00a0\u00bb d&rsquo;Imola en Italie, il<br>est vainqueur du concours international d&rsquo;Arcachon, du concours international du Forum de Normandie, Laur\u00e9at de la fondation Cziffra, laur\u00e9at du Concours Ragusa-Ibla en Sicile.<br>Il a&nbsp;obtenu le Premier Prix \u00e0 l&rsquo;unanimit\u00e9 du concours international de Varenna-Lac de C\u00f4me en Italie.<br>Maxime Zecchini est \u00e9galement Laur\u00e9at-boursier de la Vocation-Fondation Marcel Bleustein-Blanchet, de la<br>Fondation Meyer et du M\u00e9c\u00e9nat Musical Soci\u00e9t\u00e9 G\u00e9n\u00e9rale. Il a&nbsp;\u00e9t\u00e9 labellis\u00e9 par la Mission Minist\u00e9rielle du<br>Centenaire et soutenu par la Fondation Bru Zane de Venise.<br>Musicien \u00e9clectique, Maxime Zecchini a&nbsp;donn\u00e9 des r\u00e9citals avec la chanteuse Julia Migenes et des concerts lecture avec l&rsquo;actrice Anouk Aim\u00e9e ou le com\u00e9dien Francis Huster. Compositeur, il est l&rsquo;auteur de nombreuses<br>transcriptions et ses pi\u00e8ces originales sont publi\u00e9es aux Editions Durand-Salabert-Universal Music.<\/p>\n\n\n\n<p><a href=\"http:\/\/www.maximezecchini.fr\" target=\"_blank\" rel=\"noreferrer noopener\">www.maximezecchini.fr<\/a><\/p>\n\n\n<div class=\"space md\"><\/div>\n\n<a href=\"https:\/\/www.ticketportal.sk\/event\/POCTA-ERIKOVI-SATIEMU-A-JEHO-PRIATELOM?idpartner=523\" class=\"btn\" target=\"blank\" rel=\"noreferrer noopener\">Acheter des places<\/a>\n\n<a href=\"https:\/\/www.albrechtforum.com\/event\/pocta-erikovi-satiemu-a-jeho-priatelom\/\" class=\"btn\" target=\"blank\" rel=\"noreferrer noopener\">Plus sur Albrecht Forum<\/a>\n\n<div class=\"space md\"><\/div>\n\n<\/div><iframe loading=\"lazy\" src=\"https:\/\/www.google.com\/maps\/embed?pb=!1m18!1m12!1m3!1d2662.2472074881184!2d17.101999276636604!3d48.14403915071092!2m3!1f0!2f0!3f0!3m2!1i1024!2i768!4f13.1!3m3!1m2!1s0x476c896fff1b3331%3A0xeb529f8f3b33684b!2sDom%20Albrechtovcov!5e0!3m2!1ssk!2ssk!4v1743412731366!5m2!1ssk!2ssk\" width=\"100%\" height=\"558\" frameborder=\"0\" class=\"gmap-iframe\" allowfullscreen=\"\"><\/iframe><div class=\"wrap narrow-wrap\">","protected":false},"featured_media":35825,"template":"","typ-podujatia":[51],"acf":[],"yoast_head":"<!-- This site is optimized with the Yoast SEO plugin v24.5 - https:\/\/yoast.com\/wordpress\/plugins\/seo\/ -->\n<title>R\u00e9cital de piano par Maxime Zecchini : Hommage \u00e0 Erik Satie et ses amis : &quot;Paris, La Belle \u00c9poque&quot; - Franc\u00fazsky in\u0161tit\u00fat na Slovensku<\/title>\n<meta name=\"description\" content=\"R\u00e9cital de piano par Maxime Zecchini : Hommage \u00e0 Erik Satie et ses amis : Paris &quot;La Belle \u00c9poque&quot;\" \/>\n<meta name=\"robots\" content=\"index, follow, max-snippet:-1, max-image-preview:large, max-video-preview:-1\" \/>\n<link rel=\"canonical\" href=\"https:\/\/institutfrancais.sk\/fr\/podujatie\/recital-de-piano-par-maxime-zecchini-hommage-a-erik-satie-et-ses-amis-paris-la-belle-epoque\/\" \/>\n<meta property=\"og:locale\" content=\"fr_FR\" \/>\n<meta property=\"og:type\" content=\"article\" \/>\n<meta property=\"og:title\" content=\"R\u00e9cital de piano par Maxime Zecchini : Hommage \u00e0 Erik Satie et ses amis : &quot;Paris, La Belle \u00c9poque&quot; - Franc\u00fazsky in\u0161tit\u00fat na Slovensku\" \/>\n<meta property=\"og:description\" content=\"R\u00e9cital de piano par Maxime Zecchini : Hommage \u00e0 Erik Satie et ses amis : Paris &quot;La Belle \u00c9poque&quot;\" \/>\n<meta property=\"og:url\" content=\"https:\/\/institutfrancais.sk\/fr\/podujatie\/recital-de-piano-par-maxime-zecchini-hommage-a-erik-satie-et-ses-amis-paris-la-belle-epoque\/\" \/>\n<meta property=\"og:site_name\" content=\"Franc\u00fazsky in\u0161tit\u00fat na Slovensku\" \/>\n<meta property=\"article:modified_time\" content=\"2025-04-07T10:03:46+00:00\" \/>\n<meta property=\"og:image\" content=\"https:\/\/institutfrancais.sk\/wp-content\/uploads\/2025\/03\/photo-4-MZ-ss.jpg\" \/>\n\t<meta property=\"og:image:width\" content=\"1920\" \/>\n\t<meta property=\"og:image:height\" content=\"1277\" \/>\n\t<meta property=\"og:image:type\" content=\"image\/jpeg\" \/>\n<meta name=\"twitter:card\" content=\"summary_large_image\" \/>\n<meta name=\"twitter:label1\" content=\"Dur\u00e9e de lecture estim\u00e9e\" \/>\n\t<meta name=\"twitter:data1\" content=\"5 minutes\" \/>\n<script type=\"application\/ld+json\" class=\"yoast-schema-graph\">{\"@context\":\"https:\/\/schema.org\",\"@graph\":[{\"@type\":\"WebPage\",\"@id\":\"https:\/\/institutfrancais.sk\/fr\/podujatie\/recital-de-piano-par-maxime-zecchini-hommage-a-erik-satie-et-ses-amis-paris-la-belle-epoque\/\",\"url\":\"https:\/\/institutfrancais.sk\/fr\/podujatie\/recital-de-piano-par-maxime-zecchini-hommage-a-erik-satie-et-ses-amis-paris-la-belle-epoque\/\",\"name\":\"R\u00e9cital de piano par Maxime Zecchini : Hommage \u00e0 Erik Satie et ses amis : \\\"Paris, La Belle \u00c9poque\\\" - Franc\u00fazsky in\u0161tit\u00fat na Slovensku\",\"isPartOf\":{\"@id\":\"https:\/\/institutfrancais.sk\/fr\/#website\"},\"primaryImageOfPage\":{\"@id\":\"https:\/\/institutfrancais.sk\/fr\/podujatie\/recital-de-piano-par-maxime-zecchini-hommage-a-erik-satie-et-ses-amis-paris-la-belle-epoque\/#primaryimage\"},\"image\":{\"@id\":\"https:\/\/institutfrancais.sk\/fr\/podujatie\/recital-de-piano-par-maxime-zecchini-hommage-a-erik-satie-et-ses-amis-paris-la-belle-epoque\/#primaryimage\"},\"thumbnailUrl\":\"https:\/\/institutfrancais.sk\/wp-content\/uploads\/2025\/03\/photo-4-MZ-ss.jpg\",\"datePublished\":\"2025-03-31T09:48:40+00:00\",\"dateModified\":\"2025-04-07T10:03:46+00:00\",\"description\":\"R\u00e9cital de piano par Maxime Zecchini : Hommage \u00e0 Erik Satie et ses amis : Paris \\\"La Belle \u00c9poque\\\"\",\"breadcrumb\":{\"@id\":\"https:\/\/institutfrancais.sk\/fr\/podujatie\/recital-de-piano-par-maxime-zecchini-hommage-a-erik-satie-et-ses-amis-paris-la-belle-epoque\/#breadcrumb\"},\"inLanguage\":\"fr-FR\",\"potentialAction\":[{\"@type\":\"ReadAction\",\"target\":[\"https:\/\/institutfrancais.sk\/fr\/podujatie\/recital-de-piano-par-maxime-zecchini-hommage-a-erik-satie-et-ses-amis-paris-la-belle-epoque\/\"]}]},{\"@type\":\"ImageObject\",\"inLanguage\":\"fr-FR\",\"@id\":\"https:\/\/institutfrancais.sk\/fr\/podujatie\/recital-de-piano-par-maxime-zecchini-hommage-a-erik-satie-et-ses-amis-paris-la-belle-epoque\/#primaryimage\",\"url\":\"https:\/\/institutfrancais.sk\/wp-content\/uploads\/2025\/03\/photo-4-MZ-ss.jpg\",\"contentUrl\":\"https:\/\/institutfrancais.sk\/wp-content\/uploads\/2025\/03\/photo-4-MZ-ss.jpg\",\"width\":1920,\"height\":1277},{\"@type\":\"BreadcrumbList\",\"@id\":\"https:\/\/institutfrancais.sk\/fr\/podujatie\/recital-de-piano-par-maxime-zecchini-hommage-a-erik-satie-et-ses-amis-paris-la-belle-epoque\/#breadcrumb\",\"itemListElement\":[{\"@type\":\"ListItem\",\"position\":1,\"name\":\"Home\",\"item\":\"https:\/\/institutfrancais.sk\/fr\/\"},{\"@type\":\"ListItem\",\"position\":2,\"name\":\"Events\",\"item\":\"https:\/\/institutfrancais.sk\/fr\/podujatie\/\"},{\"@type\":\"ListItem\",\"position\":3,\"name\":\"R\u00e9cital de piano par Maxime Zecchini : Hommage \u00e0 Erik Satie et ses amis : &#8222;Paris, La Belle \u00c9poque&#8220;\"}]},{\"@type\":\"WebSite\",\"@id\":\"https:\/\/institutfrancais.sk\/fr\/#website\",\"url\":\"https:\/\/institutfrancais.sk\/fr\/\",\"name\":\"Franc\u00fazsky in\u0161tit\u00fat na Slovensku\",\"description\":\"Franc\u00fazsky in\u0161tit\u00fat na Slovensku\",\"potentialAction\":[{\"@type\":\"SearchAction\",\"target\":{\"@type\":\"EntryPoint\",\"urlTemplate\":\"https:\/\/institutfrancais.sk\/fr\/?s={search_term_string}\"},\"query-input\":{\"@type\":\"PropertyValueSpecification\",\"valueRequired\":true,\"valueName\":\"search_term_string\"}}],\"inLanguage\":\"fr-FR\"}]}<\/script>\n<!-- \/ Yoast SEO plugin. -->","yoast_head_json":{"title":"R\u00e9cital de piano par Maxime Zecchini : Hommage \u00e0 Erik Satie et ses amis : \"Paris, La Belle \u00c9poque\" - Franc\u00fazsky in\u0161tit\u00fat na Slovensku","description":"R\u00e9cital de piano par Maxime Zecchini : Hommage \u00e0 Erik Satie et ses amis : Paris \"La Belle \u00c9poque\"","robots":{"index":"index","follow":"follow","max-snippet":"max-snippet:-1","max-image-preview":"max-image-preview:large","max-video-preview":"max-video-preview:-1"},"canonical":"https:\/\/institutfrancais.sk\/fr\/podujatie\/recital-de-piano-par-maxime-zecchini-hommage-a-erik-satie-et-ses-amis-paris-la-belle-epoque\/","og_locale":"fr_FR","og_type":"article","og_title":"R\u00e9cital de piano par Maxime Zecchini : Hommage \u00e0 Erik Satie et ses amis : \"Paris, La Belle \u00c9poque\" - Franc\u00fazsky in\u0161tit\u00fat na Slovensku","og_description":"R\u00e9cital de piano par Maxime Zecchini : Hommage \u00e0 Erik Satie et ses amis : Paris \"La Belle \u00c9poque\"","og_url":"https:\/\/institutfrancais.sk\/fr\/podujatie\/recital-de-piano-par-maxime-zecchini-hommage-a-erik-satie-et-ses-amis-paris-la-belle-epoque\/","og_site_name":"Franc\u00fazsky in\u0161tit\u00fat na Slovensku","article_modified_time":"2025-04-07T10:03:46+00:00","og_image":[{"width":1920,"height":1277,"url":"https:\/\/institutfrancais.sk\/wp-content\/uploads\/2025\/03\/photo-4-MZ-ss.jpg","type":"image\/jpeg"}],"twitter_card":"summary_large_image","twitter_misc":{"Dur\u00e9e de lecture estim\u00e9e":"5 minutes"},"schema":{"@context":"https:\/\/schema.org","@graph":[{"@type":"WebPage","@id":"https:\/\/institutfrancais.sk\/fr\/podujatie\/recital-de-piano-par-maxime-zecchini-hommage-a-erik-satie-et-ses-amis-paris-la-belle-epoque\/","url":"https:\/\/institutfrancais.sk\/fr\/podujatie\/recital-de-piano-par-maxime-zecchini-hommage-a-erik-satie-et-ses-amis-paris-la-belle-epoque\/","name":"R\u00e9cital de piano par Maxime Zecchini : Hommage \u00e0 Erik Satie et ses amis : \"Paris, La Belle \u00c9poque\" - Franc\u00fazsky in\u0161tit\u00fat na Slovensku","isPartOf":{"@id":"https:\/\/institutfrancais.sk\/fr\/#website"},"primaryImageOfPage":{"@id":"https:\/\/institutfrancais.sk\/fr\/podujatie\/recital-de-piano-par-maxime-zecchini-hommage-a-erik-satie-et-ses-amis-paris-la-belle-epoque\/#primaryimage"},"image":{"@id":"https:\/\/institutfrancais.sk\/fr\/podujatie\/recital-de-piano-par-maxime-zecchini-hommage-a-erik-satie-et-ses-amis-paris-la-belle-epoque\/#primaryimage"},"thumbnailUrl":"https:\/\/institutfrancais.sk\/wp-content\/uploads\/2025\/03\/photo-4-MZ-ss.jpg","datePublished":"2025-03-31T09:48:40+00:00","dateModified":"2025-04-07T10:03:46+00:00","description":"R\u00e9cital de piano par Maxime Zecchini : Hommage \u00e0 Erik Satie et ses amis : Paris \"La Belle \u00c9poque\"","breadcrumb":{"@id":"https:\/\/institutfrancais.sk\/fr\/podujatie\/recital-de-piano-par-maxime-zecchini-hommage-a-erik-satie-et-ses-amis-paris-la-belle-epoque\/#breadcrumb"},"inLanguage":"fr-FR","potentialAction":[{"@type":"ReadAction","target":["https:\/\/institutfrancais.sk\/fr\/podujatie\/recital-de-piano-par-maxime-zecchini-hommage-a-erik-satie-et-ses-amis-paris-la-belle-epoque\/"]}]},{"@type":"ImageObject","inLanguage":"fr-FR","@id":"https:\/\/institutfrancais.sk\/fr\/podujatie\/recital-de-piano-par-maxime-zecchini-hommage-a-erik-satie-et-ses-amis-paris-la-belle-epoque\/#primaryimage","url":"https:\/\/institutfrancais.sk\/wp-content\/uploads\/2025\/03\/photo-4-MZ-ss.jpg","contentUrl":"https:\/\/institutfrancais.sk\/wp-content\/uploads\/2025\/03\/photo-4-MZ-ss.jpg","width":1920,"height":1277},{"@type":"BreadcrumbList","@id":"https:\/\/institutfrancais.sk\/fr\/podujatie\/recital-de-piano-par-maxime-zecchini-hommage-a-erik-satie-et-ses-amis-paris-la-belle-epoque\/#breadcrumb","itemListElement":[{"@type":"ListItem","position":1,"name":"Home","item":"https:\/\/institutfrancais.sk\/fr\/"},{"@type":"ListItem","position":2,"name":"Events","item":"https:\/\/institutfrancais.sk\/fr\/podujatie\/"},{"@type":"ListItem","position":3,"name":"R\u00e9cital de piano par Maxime Zecchini : Hommage \u00e0 Erik Satie et ses amis : &#8222;Paris, La Belle \u00c9poque&#8220;"}]},{"@type":"WebSite","@id":"https:\/\/institutfrancais.sk\/fr\/#website","url":"https:\/\/institutfrancais.sk\/fr\/","name":"Franc\u00fazsky in\u0161tit\u00fat na Slovensku","description":"Franc\u00fazsky in\u0161tit\u00fat na Slovensku","potentialAction":[{"@type":"SearchAction","target":{"@type":"EntryPoint","urlTemplate":"https:\/\/institutfrancais.sk\/fr\/?s={search_term_string}"},"query-input":{"@type":"PropertyValueSpecification","valueRequired":true,"valueName":"search_term_string"}}],"inLanguage":"fr-FR"}]}},"_links":{"self":[{"href":"https:\/\/institutfrancais.sk\/fr\/wp-json\/wp\/v2\/podujatie\/35828"}],"collection":[{"href":"https:\/\/institutfrancais.sk\/fr\/wp-json\/wp\/v2\/podujatie"}],"about":[{"href":"https:\/\/institutfrancais.sk\/fr\/wp-json\/wp\/v2\/types\/podujatie"}],"wp:featuredmedia":[{"embeddable":true,"href":"https:\/\/institutfrancais.sk\/fr\/wp-json\/wp\/v2\/media\/35825"}],"wp:attachment":[{"href":"https:\/\/institutfrancais.sk\/fr\/wp-json\/wp\/v2\/media?parent=35828"}],"wp:term":[{"taxonomy":"typ-podujatia","embeddable":true,"href":"https:\/\/institutfrancais.sk\/fr\/wp-json\/wp\/v2\/typ-podujatia?post=35828"}],"curies":[{"name":"wp","href":"https:\/\/api.w.org\/{rel}","templated":true}]}}