{"id":35919,"date":"2025-04-11T17:19:55","date_gmt":"2025-04-11T15:19:55","guid":{"rendered":"https:\/\/institutfrancais.sk\/?post_type=podujatie&#038;p=35919"},"modified":"2025-04-14T11:41:43","modified_gmt":"2025-04-14T09:41:43","slug":"premietanie-v-ramci-frankofonie-kralova-vojna","status":"publish","type":"podujatie","link":"https:\/\/institutfrancais.sk\/fr\/podujatie\/premietanie-v-ramci-frankofonie-kralova-vojna\/","title":{"rendered":"Projection dans le cadre de la Francophonie :\u00a0La Guerre du Roi"},"content":{"rendered":"\n<p>Dans le cadre de la c\u00e9l\u00e9bration de la Francophonie \u2013 qui ne se limite pas au mois de mars mais se vit tout au long de l\u2019ann\u00e9e \u2013 l\u2019Ambassade de Roumanie en Slovaquie, en partenariat avec l\u2019Institut fran\u00e7ais de Slovaquie, projette le film documentaire\u00a0<strong><em>La Guerre du Roi<\/em><\/strong>, le\u00a0<strong>mardi 15 avril \u00e0 17h30<\/strong>, dans la galerie de l\u2019IFS.<\/p>\n\n\n\n<p>R\u00e9alis\u00e9 en 2016 par Trevor Poots, ce film retrace un \u00e9pisode marquant mais souvent m\u00e9connu de l\u2019histoire europ\u00e9enne :&nbsp;<strong>la d\u00e9cision de la Roumanie de quitter l\u2019alliance avec l\u2019Allemagne nazie le 23 ao\u00fbt 1944<\/strong>. \u00c0 travers les souvenirs du roi Michel Ier lui-m\u00eame, le documentaire d\u00e9voile les dessous d\u2019un acte de courage hors du commun.<\/p>\n\n\n\n<p>Alors \u00e2g\u00e9 de moins de 23 ans, le jeune souverain joue un r\u00f4le d\u00e9cisif dans&nbsp;<strong>le renversement du r\u00e9gime dictatorial du mar\u00e9chal Antonescu<\/strong>, au prix de repr\u00e9sailles imm\u00e9diates :&nbsp;<strong>bombardement du Palais Royal par Hitler<\/strong>, pressions sovi\u00e9tiques croissantes, puis&nbsp;<strong>exil in\u00e9vitable<\/strong>. Le film met en lumi\u00e8re&nbsp;<strong>les enjeux g\u00e9opolitiques, les zones d\u2019ombre historiques<\/strong>, et l\u2019engagement personnel d\u2019un roi face \u00e0 l\u2019oppression.<\/p>\n\n\n\n<p><strong>Le film est pr\u00e9sent\u00e9 en version originale roumaine, sous-titr\u00e9e en fran\u00e7ais.<\/strong><br>Entr\u00e9e libre.<\/p>\n\n\n\n<p>\ud83c\udf9e&nbsp;Bande annonce&nbsp;:&nbsp;<a href=\"https:\/\/www.youtube.com\/watch?v=2WGOyS-xgwQ\">https:\/\/www.youtube.com\/watch?v=2WGOyS-xgwQ<\/a><\/p>\n\n\n\n<p><\/p>\n","protected":false},"featured_media":35920,"template":"","typ-podujatia":[52],"acf":[],"yoast_head":"<!-- This site is optimized with the Yoast SEO plugin v24.5 - https:\/\/yoast.com\/wordpress\/plugins\/seo\/ -->\n<title>Projection dans le cadre de la Francophonie :\u00a0La Guerre du Roi - Franc\u00fazsky in\u0161tit\u00fat na Slovensku<\/title>\n<meta name=\"robots\" content=\"index, follow, max-snippet:-1, max-image-preview:large, max-video-preview:-1\" \/>\n<link rel=\"canonical\" href=\"https:\/\/institutfrancais.sk\/fr\/podujatie\/premietanie-v-ramci-frankofonie-kralova-vojna\/\" \/>\n<meta property=\"og:locale\" content=\"fr_FR\" \/>\n<meta property=\"og:type\" content=\"article\" \/>\n<meta property=\"og:title\" content=\"Projection dans le cadre de la Francophonie :\u00a0La Guerre du Roi - Franc\u00fazsky in\u0161tit\u00fat na Slovensku\" \/>\n<meta property=\"og:description\" content=\"Dans le cadre de la c\u00e9l\u00e9bration de la Francophonie \u2013 qui ne se limite pas au mois de mars mais se vit tout au long de l\u2019ann\u00e9e \u2013 l\u2019Ambassade de Roumanie en Slovaquie, en partenariat avec l\u2019Institut fran\u00e7ais de Slovaquie, projette le film documentaire\u00a0La Guerre du Roi, le\u00a0mardi 15 avril \u00e0 17h30, dans la galerie [&hellip;]\" \/>\n<meta property=\"og:url\" content=\"https:\/\/institutfrancais.sk\/fr\/podujatie\/premietanie-v-ramci-frankofonie-kralova-vojna\/\" \/>\n<meta property=\"og:site_name\" content=\"Franc\u00fazsky in\u0161tit\u00fat na Slovensku\" \/>\n<meta property=\"article:modified_time\" content=\"2025-04-14T09:41:43+00:00\" \/>\n<meta property=\"og:image\" content=\"https:\/\/institutfrancais.sk\/wp-content\/uploads\/2025\/04\/Snimka-obrazovky-2025-04-11-o-17.19.08.png\" \/>\n\t<meta property=\"og:image:width\" content=\"826\" \/>\n\t<meta property=\"og:image:height\" content=\"1468\" \/>\n\t<meta property=\"og:image:type\" content=\"image\/png\" \/>\n<meta name=\"twitter:card\" content=\"summary_large_image\" \/>\n<meta name=\"twitter:label1\" content=\"Dur\u00e9e de lecture estim\u00e9e\" \/>\n\t<meta name=\"twitter:data1\" content=\"2 minutes\" \/>\n<script type=\"application\/ld+json\" class=\"yoast-schema-graph\">{\"@context\":\"https:\/\/schema.org\",\"@graph\":[{\"@type\":\"WebPage\",\"@id\":\"https:\/\/institutfrancais.sk\/fr\/podujatie\/premietanie-v-ramci-frankofonie-kralova-vojna\/\",\"url\":\"https:\/\/institutfrancais.sk\/fr\/podujatie\/premietanie-v-ramci-frankofonie-kralova-vojna\/\",\"name\":\"Projection dans le cadre de la Francophonie :\u00a0La Guerre du Roi - Franc\u00fazsky in\u0161tit\u00fat na Slovensku\",\"isPartOf\":{\"@id\":\"https:\/\/institutfrancais.sk\/fr\/#website\"},\"primaryImageOfPage\":{\"@id\":\"https:\/\/institutfrancais.sk\/fr\/podujatie\/premietanie-v-ramci-frankofonie-kralova-vojna\/#primaryimage\"},\"image\":{\"@id\":\"https:\/\/institutfrancais.sk\/fr\/podujatie\/premietanie-v-ramci-frankofonie-kralova-vojna\/#primaryimage\"},\"thumbnailUrl\":\"https:\/\/institutfrancais.sk\/wp-content\/uploads\/2025\/04\/Snimka-obrazovky-2025-04-11-o-17.19.08.png\",\"datePublished\":\"2025-04-11T15:19:55+00:00\",\"dateModified\":\"2025-04-14T09:41:43+00:00\",\"breadcrumb\":{\"@id\":\"https:\/\/institutfrancais.sk\/fr\/podujatie\/premietanie-v-ramci-frankofonie-kralova-vojna\/#breadcrumb\"},\"inLanguage\":\"fr-FR\",\"potentialAction\":[{\"@type\":\"ReadAction\",\"target\":[\"https:\/\/institutfrancais.sk\/fr\/podujatie\/premietanie-v-ramci-frankofonie-kralova-vojna\/\"]}]},{\"@type\":\"ImageObject\",\"inLanguage\":\"fr-FR\",\"@id\":\"https:\/\/institutfrancais.sk\/fr\/podujatie\/premietanie-v-ramci-frankofonie-kralova-vojna\/#primaryimage\",\"url\":\"https:\/\/institutfrancais.sk\/wp-content\/uploads\/2025\/04\/Snimka-obrazovky-2025-04-11-o-17.19.08.png\",\"contentUrl\":\"https:\/\/institutfrancais.sk\/wp-content\/uploads\/2025\/04\/Snimka-obrazovky-2025-04-11-o-17.19.08.png\",\"width\":826,\"height\":1468},{\"@type\":\"BreadcrumbList\",\"@id\":\"https:\/\/institutfrancais.sk\/fr\/podujatie\/premietanie-v-ramci-frankofonie-kralova-vojna\/#breadcrumb\",\"itemListElement\":[{\"@type\":\"ListItem\",\"position\":1,\"name\":\"Home\",\"item\":\"https:\/\/institutfrancais.sk\/fr\/\"},{\"@type\":\"ListItem\",\"position\":2,\"name\":\"Events\",\"item\":\"https:\/\/institutfrancais.sk\/fr\/podujatie\/\"},{\"@type\":\"ListItem\",\"position\":3,\"name\":\"Projection dans le cadre de la Francophonie :\u00a0La Guerre du Roi\"}]},{\"@type\":\"WebSite\",\"@id\":\"https:\/\/institutfrancais.sk\/fr\/#website\",\"url\":\"https:\/\/institutfrancais.sk\/fr\/\",\"name\":\"Franc\u00fazsky in\u0161tit\u00fat na Slovensku\",\"description\":\"Franc\u00fazsky in\u0161tit\u00fat na Slovensku\",\"potentialAction\":[{\"@type\":\"SearchAction\",\"target\":{\"@type\":\"EntryPoint\",\"urlTemplate\":\"https:\/\/institutfrancais.sk\/fr\/?s={search_term_string}\"},\"query-input\":{\"@type\":\"PropertyValueSpecification\",\"valueRequired\":true,\"valueName\":\"search_term_string\"}}],\"inLanguage\":\"fr-FR\"}]}<\/script>\n<!-- \/ Yoast SEO plugin. -->","yoast_head_json":{"title":"Projection dans le cadre de la Francophonie :\u00a0La Guerre du Roi - Franc\u00fazsky in\u0161tit\u00fat na Slovensku","robots":{"index":"index","follow":"follow","max-snippet":"max-snippet:-1","max-image-preview":"max-image-preview:large","max-video-preview":"max-video-preview:-1"},"canonical":"https:\/\/institutfrancais.sk\/fr\/podujatie\/premietanie-v-ramci-frankofonie-kralova-vojna\/","og_locale":"fr_FR","og_type":"article","og_title":"Projection dans le cadre de la Francophonie :\u00a0La Guerre du Roi - Franc\u00fazsky in\u0161tit\u00fat na Slovensku","og_description":"Dans le cadre de la c\u00e9l\u00e9bration de la Francophonie \u2013 qui ne se limite pas au mois de mars mais se vit tout au long de l\u2019ann\u00e9e \u2013 l\u2019Ambassade de Roumanie en Slovaquie, en partenariat avec l\u2019Institut fran\u00e7ais de Slovaquie, projette le film documentaire\u00a0La Guerre du Roi, le\u00a0mardi 15 avril \u00e0 17h30, dans la galerie [&hellip;]","og_url":"https:\/\/institutfrancais.sk\/fr\/podujatie\/premietanie-v-ramci-frankofonie-kralova-vojna\/","og_site_name":"Franc\u00fazsky in\u0161tit\u00fat na Slovensku","article_modified_time":"2025-04-14T09:41:43+00:00","og_image":[{"width":826,"height":1468,"url":"https:\/\/institutfrancais.sk\/wp-content\/uploads\/2025\/04\/Snimka-obrazovky-2025-04-11-o-17.19.08.png","type":"image\/png"}],"twitter_card":"summary_large_image","twitter_misc":{"Dur\u00e9e de lecture estim\u00e9e":"2 minutes"},"schema":{"@context":"https:\/\/schema.org","@graph":[{"@type":"WebPage","@id":"https:\/\/institutfrancais.sk\/fr\/podujatie\/premietanie-v-ramci-frankofonie-kralova-vojna\/","url":"https:\/\/institutfrancais.sk\/fr\/podujatie\/premietanie-v-ramci-frankofonie-kralova-vojna\/","name":"Projection dans le cadre de la Francophonie :\u00a0La Guerre du Roi - Franc\u00fazsky in\u0161tit\u00fat na Slovensku","isPartOf":{"@id":"https:\/\/institutfrancais.sk\/fr\/#website"},"primaryImageOfPage":{"@id":"https:\/\/institutfrancais.sk\/fr\/podujatie\/premietanie-v-ramci-frankofonie-kralova-vojna\/#primaryimage"},"image":{"@id":"https:\/\/institutfrancais.sk\/fr\/podujatie\/premietanie-v-ramci-frankofonie-kralova-vojna\/#primaryimage"},"thumbnailUrl":"https:\/\/institutfrancais.sk\/wp-content\/uploads\/2025\/04\/Snimka-obrazovky-2025-04-11-o-17.19.08.png","datePublished":"2025-04-11T15:19:55+00:00","dateModified":"2025-04-14T09:41:43+00:00","breadcrumb":{"@id":"https:\/\/institutfrancais.sk\/fr\/podujatie\/premietanie-v-ramci-frankofonie-kralova-vojna\/#breadcrumb"},"inLanguage":"fr-FR","potentialAction":[{"@type":"ReadAction","target":["https:\/\/institutfrancais.sk\/fr\/podujatie\/premietanie-v-ramci-frankofonie-kralova-vojna\/"]}]},{"@type":"ImageObject","inLanguage":"fr-FR","@id":"https:\/\/institutfrancais.sk\/fr\/podujatie\/premietanie-v-ramci-frankofonie-kralova-vojna\/#primaryimage","url":"https:\/\/institutfrancais.sk\/wp-content\/uploads\/2025\/04\/Snimka-obrazovky-2025-04-11-o-17.19.08.png","contentUrl":"https:\/\/institutfrancais.sk\/wp-content\/uploads\/2025\/04\/Snimka-obrazovky-2025-04-11-o-17.19.08.png","width":826,"height":1468},{"@type":"BreadcrumbList","@id":"https:\/\/institutfrancais.sk\/fr\/podujatie\/premietanie-v-ramci-frankofonie-kralova-vojna\/#breadcrumb","itemListElement":[{"@type":"ListItem","position":1,"name":"Home","item":"https:\/\/institutfrancais.sk\/fr\/"},{"@type":"ListItem","position":2,"name":"Events","item":"https:\/\/institutfrancais.sk\/fr\/podujatie\/"},{"@type":"ListItem","position":3,"name":"Projection dans le cadre de la Francophonie :\u00a0La Guerre du Roi"}]},{"@type":"WebSite","@id":"https:\/\/institutfrancais.sk\/fr\/#website","url":"https:\/\/institutfrancais.sk\/fr\/","name":"Franc\u00fazsky in\u0161tit\u00fat na Slovensku","description":"Franc\u00fazsky in\u0161tit\u00fat na Slovensku","potentialAction":[{"@type":"SearchAction","target":{"@type":"EntryPoint","urlTemplate":"https:\/\/institutfrancais.sk\/fr\/?s={search_term_string}"},"query-input":{"@type":"PropertyValueSpecification","valueRequired":true,"valueName":"search_term_string"}}],"inLanguage":"fr-FR"}]}},"_links":{"self":[{"href":"https:\/\/institutfrancais.sk\/fr\/wp-json\/wp\/v2\/podujatie\/35919"}],"collection":[{"href":"https:\/\/institutfrancais.sk\/fr\/wp-json\/wp\/v2\/podujatie"}],"about":[{"href":"https:\/\/institutfrancais.sk\/fr\/wp-json\/wp\/v2\/types\/podujatie"}],"wp:featuredmedia":[{"embeddable":true,"href":"https:\/\/institutfrancais.sk\/fr\/wp-json\/wp\/v2\/media\/35920"}],"wp:attachment":[{"href":"https:\/\/institutfrancais.sk\/fr\/wp-json\/wp\/v2\/media?parent=35919"}],"wp:term":[{"taxonomy":"typ-podujatia","embeddable":true,"href":"https:\/\/institutfrancais.sk\/fr\/wp-json\/wp\/v2\/typ-podujatia?post=35919"}],"curies":[{"name":"wp","href":"https:\/\/api.w.org\/{rel}","templated":true}]}}