{"id":36421,"date":"2025-05-27T11:08:29","date_gmt":"2025-05-27T09:08:29","guid":{"rendered":"https:\/\/institutfrancais.sk\/podujatie\/noc-napadov-2\/"},"modified":"2025-06-09T19:05:18","modified_gmt":"2025-06-09T17:05:18","slug":"la-nuit-des-idees-2025","status":"publish","type":"podujatie","link":"https:\/\/institutfrancais.sk\/fr\/podujatie\/la-nuit-des-idees-2025\/","title":{"rendered":"La Nuit des id\u00e9es"},"content":{"rendered":"\n<p><strong>La Nuit des id\u00e9es 2025 \u00e0 Bratislava \u2013 \u00ab Pouvoir agir \u00bb face \u00e0 la d\u00e9sinformation<\/strong><\/p>\n\n\n<a href=\"https:\/\/www.kino-lumiere.sk\/klient-863\/kino-241\/stranka-8409\/film-795104\" class=\"btn\">INSCRIPTION<\/a>\n\n\n<p>Dans le cas o\u00f9 vous ne pouvez pas vous inscrire via le lien en raison de la capacit\u00e9 atteinte, veuillez nous \u00e9crire \u00e0 l&rsquo;adresse suivante : <a>culture@institutfrancais.sk<\/a>.<\/p>\n\n\n<div class=\"space xs\"><\/div>\n\n\n<p>Le jeudi 12 juin 2025, l\u2019Institut fran\u00e7ais de Slovaquie vous invite \u00e0 la deuxi\u00e8me \u00e9dition de La Nuit des id\u00e9es \u00e0 Bratislava, sur le th\u00e8me \u00ab Pouvoir agir \u00bb. Organis\u00e9 au&nbsp;<strong>Kino Lumi\u00e8re<\/strong>&nbsp;\u00e0 partir de 17h30, cet \u00e9v\u00e9nement exceptionnel proposera une discussion d\u2019experts suivie d\u2019une projection de film, autour d\u2019un enjeu crucial : la d\u00e9sinformation.<\/p>\n\n\n\n<p>Ph\u00e9nom\u00e8ne mondial, la d\u00e9sinformation prolif\u00e8re \u00e0 l\u2019\u00e8re des r\u00e9seaux sociaux et de l\u2019intelligence artificielle. Elle touche tous les domaines \u2014 sant\u00e9, environnement, politique, culture \u2014 et remet en cause les fondements de la d\u00e9mocratie, de la pens\u00e9e critique et de la libert\u00e9 d\u2019expression. Cette \u00e9dition 2025 de La Nuit des id\u00e9es a&nbsp;pour ambition de donner des cl\u00e9s de compr\u00e9hension et d\u2019action face \u00e0 ces d\u00e9rives informationnelles.<\/p>\n\n\n\n<p><strong>Une table ronde engag\u00e9e<\/strong><\/p>\n\n\n\n<p>La soir\u00e9e d\u00e9butera par une table ronde en anglais, anim\u00e9e par le journaliste&nbsp;<strong>Victor Breiner<\/strong>, fondateur du m\u00e9dia Infosecurity.sk, en pr\u00e9sence de sp\u00e9cialistes venus d\u2019horizons compl\u00e9mentaires :<\/p>\n\n\n\n<ul>\n<li><strong>Morgan Large<\/strong>, journaliste fran\u00e7aise confront\u00e9e \u00e0 la d\u00e9sinformation, a&nbsp;travaill\u00e9 aux c\u00f4t\u00e9s d\u2019In\u00e8s L\u00e9raud sur le scandale sanitaire et environnemental en Bretagne relat\u00e9 dans le film <em>Les Algues vertes<\/em>.<\/li>\n\n\n\n<li><strong>Dominik \u017delinsk\u00fd<\/strong>, sociologue \u00e0 l\u2019Acad\u00e9mie slovaque des sciences, sp\u00e9cialiste des th\u00e9ories du complot ;<\/li>\n\n\n\n<li><strong>Thalia Bayle<\/strong>, conseill\u00e8re en communication strat\u00e9gique au minist\u00e8re de l\u2019Europe et des Affaires \u00e9trang\u00e8res de la France ;<\/li>\n\n\n\n<li><strong>R\u00f3bert M\u00f3ro<\/strong>, chercheur \u00e0 l\u2019Institut Kempelen pour les technologies intelligentes, expert en intelligence artificielle et en manipulation de l\u2019information.<\/li>\n<\/ul>\n\n\n\n<p><strong>Une fiction inspir\u00e9e de faits r\u00e9els :&nbsp;<em>Les Algues vertes<\/em><\/strong><\/p>\n\n\n\n<p>La discussion sera suivie de la projection du film&nbsp;<strong>Les Algues vertes<\/strong>&nbsp;(2023), r\u00e9alis\u00e9 par&nbsp;<strong>Pierre Jolivet<\/strong>. Adapt\u00e9 de la bande dessin\u00e9e d\u2019enqu\u00eate d\u2019In\u00e8s L\u00e9raud, ce thriller environnemental retrace le combat d\u2019une journaliste pour faire la lumi\u00e8re sur un scandale sanitaire \u00e9touff\u00e9 en Bretagne. Le film d\u00e9nonce les pressions exerc\u00e9es sur les journalistes et les tentatives de faire taire l\u2019information.<\/p>\n\n\n\n<p>La journaliste&nbsp;<strong>Morgan Large<\/strong>, dont le personnage est pr\u00e9sent \u00e0 l\u2019\u00e9cran, reviendra sur son exp\u00e9rience \u00e0 l\u2019issue de la projection.<\/p>\n\n\n\n<p><strong>Programme <\/strong><\/p>\n\n\n\n<ul>\n<li><strong>17h30 : Accueil du public<\/strong><\/li>\n\n\n\n<li><strong>17h35 : Discours d\u2019ouverture de S.E. M. Nicolas Suran, ambassadeur de France en Slovaquie<\/strong><\/li>\n\n\n\n<li><strong>17h40 : Table ronde, \u00e9change avec le public<\/strong><\/li>\n\n\n\n<li><strong>19h00 : Pause et rafra\u00eechissements<\/strong><\/li>\n\n\n\n<li><strong>19h15 : Projection du film <em>Les Algues vertes (2023)<\/em><\/strong><\/li>\n\n\n\n<li><strong>21h00 : Echange avec le public, mot de cl\u00f4ture<\/strong><\/li>\n<\/ul>\n\n\n\n<p><strong>Un \u00e9v\u00e9nement pour sensibiliser et mobiliser<\/strong><\/p>\n\n\n\n<p>En r\u00e9unissant chercheurs, journalistes, institutions et citoyens,&nbsp;<strong>La Nuit des id\u00e9es 2025<\/strong>&nbsp;propose un espace de dialogue ouvert sur les menaces que repr\u00e9sente la d\u00e9sinformation, mais aussi sur les outils et les initiatives pour y r\u00e9pondre.<\/p>\n\n\n\n<p><strong>Entr\u00e9e libre<\/strong>&nbsp;dans la limite des places disponibles, tickets disponibles sur&nbsp;<a href=\"https:\/\/www.kino-lumiere.sk\/\">https:\/\/www.kino-lumiere.sk\/<\/a>&nbsp;et \u00e0 la billetterie du cin\u00e9ma.<br><strong>Partenaire m\u00e9dia :<\/strong>&nbsp;aktuality.sk<\/p>\n\n\n\n<p><strong>Contact presse :<\/strong><br>Institut fran\u00e7ais de Slovaquie<\/p>\n\n\n\n<p><a href=\"mailto:didier.rogasik@diplomatie.gouv.fr\">didier.rogasik@diplomatie.gouv.fr<\/a><br><a href=\"mailto:silvia.litva@institutfrancais.sk\">silvia.litva@institutfrancais.sk<\/a><\/p>\n\n\n\n<p><strong>La Nuit des id\u00e9es<\/strong>&nbsp;est un \u00e9v\u00e9nement mondial port\u00e9 par l\u2019Institut fran\u00e7ais, organis\u00e9 chaque ann\u00e9e dans plus de 100 pays pour faire dialoguer les savoirs et les soci\u00e9t\u00e9s autour des grandes questions contemporaines.<\/p>\n\n\n<a href=\"https:\/\/institutfrancais.sk\/wp-content\/uploads\/2025\/06\/Nuit_des_Idees_2025_FR.pdf\" class=\"btn\">La Nuit des Id\u00e9es &#8211;&nbsp;pr\u00e9sentation<\/a>\n\n\n<figure class=\"wp-block-gallery has-nested-images columns-default is-cropped wp-block-gallery-1 is-layout-flex wp-block-gallery-is-layout-flex\">\n<figure class=\"wp-block-image size-large\"><img loading=\"lazy\" decoding=\"async\" width=\"537\" height=\"358\" data-id=\"36425\" src=\"https:\/\/institutfrancais.sk\/wp-content\/uploads\/2025\/05\/LAV_credit-photo-Me\u2560ulanie-Bodolec-537x358.jpg\" alt=\"\" class=\"wp-image-36425\" srcset=\"https:\/\/institutfrancais.sk\/wp-content\/uploads\/2025\/05\/LAV_credit-photo-Me\u2560ulanie-Bodolec-537x358.jpg 537w, https:\/\/institutfrancais.sk\/wp-content\/uploads\/2025\/05\/LAV_credit-photo-Me\u2560ulanie-Bodolec-350x233.jpg 350w, https:\/\/institutfrancais.sk\/wp-content\/uploads\/2025\/05\/LAV_credit-photo-Me\u2560ulanie-Bodolec-768x512.jpg 768w, https:\/\/institutfrancais.sk\/wp-content\/uploads\/2025\/05\/LAV_credit-photo-Me\u2560ulanie-Bodolec-1536x1024.jpg 1536w, https:\/\/institutfrancais.sk\/wp-content\/uploads\/2025\/05\/LAV_credit-photo-Me\u2560ulanie-Bodolec-2048x1365.jpg 2048w, https:\/\/institutfrancais.sk\/wp-content\/uploads\/2025\/05\/LAV_credit-photo-Me\u2560ulanie-Bodolec-1190x793.jpg 1190w, https:\/\/institutfrancais.sk\/wp-content\/uploads\/2025\/05\/LAV_credit-photo-Me\u2560ulanie-Bodolec-1500x1000.jpg 1500w\" sizes=\"(max-width: 537px) 100vw, 537px\" \/><\/figure>\n\n\n\n<figure class=\"wp-block-image size-large\"><img loading=\"lazy\" decoding=\"async\" width=\"537\" height=\"225\" data-id=\"36427\" src=\"https:\/\/institutfrancais.sk\/wp-content\/uploads\/2025\/05\/Photogramme-1-HD-copie-537x225.jpg\" alt=\"\" class=\"wp-image-36427\" srcset=\"https:\/\/institutfrancais.sk\/wp-content\/uploads\/2025\/05\/Photogramme-1-HD-copie-537x225.jpg 537w, https:\/\/institutfrancais.sk\/wp-content\/uploads\/2025\/05\/Photogramme-1-HD-copie-350x147.jpg 350w, https:\/\/institutfrancais.sk\/wp-content\/uploads\/2025\/05\/Photogramme-1-HD-copie-768x322.jpg 768w, https:\/\/institutfrancais.sk\/wp-content\/uploads\/2025\/05\/Photogramme-1-HD-copie-1536x644.jpg 1536w, https:\/\/institutfrancais.sk\/wp-content\/uploads\/2025\/05\/Photogramme-1-HD-copie-1190x499.jpg 1190w, https:\/\/institutfrancais.sk\/wp-content\/uploads\/2025\/05\/Photogramme-1-HD-copie-1690x708.jpg 1690w, https:\/\/institutfrancais.sk\/wp-content\/uploads\/2025\/05\/Photogramme-1-HD-copie.jpg 2048w\" sizes=\"(max-width: 537px) 100vw, 537px\" \/><\/figure>\n\n\n\n<figure class=\"wp-block-image size-large\"><img loading=\"lazy\" decoding=\"async\" width=\"537\" height=\"225\" data-id=\"36429\" src=\"https:\/\/institutfrancais.sk\/wp-content\/uploads\/2025\/05\/Photogramme-2-HD-copie-537x225.jpg\" alt=\"\" class=\"wp-image-36429\" srcset=\"https:\/\/institutfrancais.sk\/wp-content\/uploads\/2025\/05\/Photogramme-2-HD-copie-537x225.jpg 537w, https:\/\/institutfrancais.sk\/wp-content\/uploads\/2025\/05\/Photogramme-2-HD-copie-350x147.jpg 350w, https:\/\/institutfrancais.sk\/wp-content\/uploads\/2025\/05\/Photogramme-2-HD-copie-768x322.jpg 768w, https:\/\/institutfrancais.sk\/wp-content\/uploads\/2025\/05\/Photogramme-2-HD-copie-1536x644.jpg 1536w, https:\/\/institutfrancais.sk\/wp-content\/uploads\/2025\/05\/Photogramme-2-HD-copie-1190x499.jpg 1190w, https:\/\/institutfrancais.sk\/wp-content\/uploads\/2025\/05\/Photogramme-2-HD-copie-1690x708.jpg 1690w, https:\/\/institutfrancais.sk\/wp-content\/uploads\/2025\/05\/Photogramme-2-HD-copie.jpg 2048w\" sizes=\"(max-width: 537px) 100vw, 537px\" \/><\/figure>\n\n\n\n<figure class=\"wp-block-image size-large\"><img loading=\"lazy\" decoding=\"async\" width=\"537\" height=\"225\" data-id=\"36431\" src=\"https:\/\/institutfrancais.sk\/wp-content\/uploads\/2025\/05\/Photogramme-3-HD-copie-537x225.jpg\" alt=\"\" class=\"wp-image-36431\" srcset=\"https:\/\/institutfrancais.sk\/wp-content\/uploads\/2025\/05\/Photogramme-3-HD-copie-537x225.jpg 537w, https:\/\/institutfrancais.sk\/wp-content\/uploads\/2025\/05\/Photogramme-3-HD-copie-350x147.jpg 350w, https:\/\/institutfrancais.sk\/wp-content\/uploads\/2025\/05\/Photogramme-3-HD-copie-768x322.jpg 768w, https:\/\/institutfrancais.sk\/wp-content\/uploads\/2025\/05\/Photogramme-3-HD-copie-1536x644.jpg 1536w, https:\/\/institutfrancais.sk\/wp-content\/uploads\/2025\/05\/Photogramme-3-HD-copie-1190x499.jpg 1190w, https:\/\/institutfrancais.sk\/wp-content\/uploads\/2025\/05\/Photogramme-3-HD-copie-1690x708.jpg 1690w, https:\/\/institutfrancais.sk\/wp-content\/uploads\/2025\/05\/Photogramme-3-HD-copie.jpg 2048w\" sizes=\"(max-width: 537px) 100vw, 537px\" \/><\/figure>\n\n\n\n<figure class=\"wp-block-image size-large\"><img loading=\"lazy\" decoding=\"async\" width=\"537\" height=\"225\" data-id=\"36433\" src=\"https:\/\/institutfrancais.sk\/wp-content\/uploads\/2025\/05\/Photogramme-5-HD-copie-537x225.jpg\" alt=\"\" class=\"wp-image-36433\" srcset=\"https:\/\/institutfrancais.sk\/wp-content\/uploads\/2025\/05\/Photogramme-5-HD-copie-537x225.jpg 537w, https:\/\/institutfrancais.sk\/wp-content\/uploads\/2025\/05\/Photogramme-5-HD-copie-350x147.jpg 350w, https:\/\/institutfrancais.sk\/wp-content\/uploads\/2025\/05\/Photogramme-5-HD-copie-768x322.jpg 768w, https:\/\/institutfrancais.sk\/wp-content\/uploads\/2025\/05\/Photogramme-5-HD-copie-1536x644.jpg 1536w, https:\/\/institutfrancais.sk\/wp-content\/uploads\/2025\/05\/Photogramme-5-HD-copie-1190x499.jpg 1190w, https:\/\/institutfrancais.sk\/wp-content\/uploads\/2025\/05\/Photogramme-5-HD-copie-1690x708.jpg 1690w, https:\/\/institutfrancais.sk\/wp-content\/uploads\/2025\/05\/Photogramme-5-HD-copie.jpg 2048w\" sizes=\"(max-width: 537px) 100vw, 537px\" \/><\/figure>\n\n\n\n<figure class=\"wp-block-image size-large\"><img loading=\"lazy\" decoding=\"async\" width=\"537\" height=\"225\" data-id=\"36435\" src=\"https:\/\/institutfrancais.sk\/wp-content\/uploads\/2025\/05\/Photogramme-6-HD-copie-537x225.jpg\" alt=\"\" class=\"wp-image-36435\" srcset=\"https:\/\/institutfrancais.sk\/wp-content\/uploads\/2025\/05\/Photogramme-6-HD-copie-537x225.jpg 537w, https:\/\/institutfrancais.sk\/wp-content\/uploads\/2025\/05\/Photogramme-6-HD-copie-350x147.jpg 350w, https:\/\/institutfrancais.sk\/wp-content\/uploads\/2025\/05\/Photogramme-6-HD-copie-768x322.jpg 768w, https:\/\/institutfrancais.sk\/wp-content\/uploads\/2025\/05\/Photogramme-6-HD-copie-1536x644.jpg 1536w, https:\/\/institutfrancais.sk\/wp-content\/uploads\/2025\/05\/Photogramme-6-HD-copie-1190x499.jpg 1190w, https:\/\/institutfrancais.sk\/wp-content\/uploads\/2025\/05\/Photogramme-6-HD-copie-1690x708.jpg 1690w, https:\/\/institutfrancais.sk\/wp-content\/uploads\/2025\/05\/Photogramme-6-HD-copie.jpg 2048w\" sizes=\"(max-width: 537px) 100vw, 537px\" \/><\/figure>\n<\/figure>\n\n\n\n<p class=\"has-small-font-size\">\u00a9Photo credit : M\u00e9lanie Bolodec<\/p>\n\n\n\n<figure class=\"wp-block-embed is-type-video is-provider-youtube wp-block-embed-youtube wp-embed-aspect-16-9 wp-has-aspect-ratio\"><div class=\"wp-block-embed__wrapper\">\n<iframe loading=\"lazy\" title=\"Green Tide \/ Les Algues vertes (2023) - Trailer (English Subs)\" width=\"500\" height=\"281\" src=\"https:\/\/www.youtube.com\/embed\/UV6bkCwlQjo?feature=oembed\" frameborder=\"0\" allow=\"accelerometer; autoplay; clipboard-write; encrypted-media; gyroscope; picture-in-picture; web-share\" referrerpolicy=\"strict-origin-when-cross-origin\" allowfullscreen><\/iframe>\n<\/div><\/figure>\n","protected":false},"featured_media":36534,"template":"","typ-podujatia":[98,271],"acf":[],"yoast_head":"<!-- This site is optimized with the Yoast SEO plugin v24.5 - https:\/\/yoast.com\/wordpress\/plugins\/seo\/ -->\n<title>La Nuit des id\u00e9es - Franc\u00fazsky in\u0161tit\u00fat na Slovensku<\/title>\n<meta name=\"robots\" content=\"index, follow, max-snippet:-1, max-image-preview:large, max-video-preview:-1\" \/>\n<link rel=\"canonical\" href=\"https:\/\/institutfrancais.sk\/fr\/podujatie\/la-nuit-des-idees-2025\/\" \/>\n<meta property=\"og:locale\" content=\"fr_FR\" \/>\n<meta property=\"og:type\" content=\"article\" \/>\n<meta property=\"og:title\" content=\"La Nuit des id\u00e9es - Franc\u00fazsky in\u0161tit\u00fat na Slovensku\" \/>\n<meta property=\"og:description\" content=\"La Nuit des id\u00e9es 2025 \u00e0 Bratislava \u2013 \u00ab Pouvoir agir \u00bb face \u00e0 la d\u00e9sinformation Dans le cas o\u00f9 vous ne pouvez pas vous inscrire via le lien en raison de la capacit\u00e9 atteinte, veuillez nous \u00e9crire \u00e0 l&rsquo;adresse suivante : culture@institutfrancais.sk. Le jeudi 12 juin 2025, l\u2019Institut fran\u00e7ais de Slovaquie vous invite \u00e0 [&hellip;]\" \/>\n<meta property=\"og:url\" content=\"https:\/\/institutfrancais.sk\/fr\/podujatie\/la-nuit-des-idees-2025\/\" \/>\n<meta property=\"og:site_name\" content=\"Franc\u00fazsky in\u0161tit\u00fat na Slovensku\" \/>\n<meta property=\"article:modified_time\" content=\"2025-06-09T17:05:18+00:00\" \/>\n<meta property=\"og:image\" content=\"https:\/\/institutfrancais.sk\/wp-content\/uploads\/2025\/05\/Nuit_des_Idees_2025_SK.jpg\" \/>\n\t<meta property=\"og:image:width\" content=\"1920\" \/>\n\t<meta property=\"og:image:height\" content=\"1080\" \/>\n\t<meta property=\"og:image:type\" content=\"image\/jpeg\" \/>\n<meta name=\"twitter:card\" content=\"summary_large_image\" \/>\n<meta name=\"twitter:label1\" content=\"Dur\u00e9e de lecture estim\u00e9e\" \/>\n\t<meta name=\"twitter:data1\" content=\"5 minutes\" \/>\n<script type=\"application\/ld+json\" class=\"yoast-schema-graph\">{\"@context\":\"https:\/\/schema.org\",\"@graph\":[{\"@type\":\"WebPage\",\"@id\":\"https:\/\/institutfrancais.sk\/fr\/podujatie\/la-nuit-des-idees-2025\/\",\"url\":\"https:\/\/institutfrancais.sk\/fr\/podujatie\/la-nuit-des-idees-2025\/\",\"name\":\"La Nuit des id\u00e9es - Franc\u00fazsky in\u0161tit\u00fat na Slovensku\",\"isPartOf\":{\"@id\":\"https:\/\/institutfrancais.sk\/fr\/#website\"},\"primaryImageOfPage\":{\"@id\":\"https:\/\/institutfrancais.sk\/fr\/podujatie\/la-nuit-des-idees-2025\/#primaryimage\"},\"image\":{\"@id\":\"https:\/\/institutfrancais.sk\/fr\/podujatie\/la-nuit-des-idees-2025\/#primaryimage\"},\"thumbnailUrl\":\"https:\/\/institutfrancais.sk\/wp-content\/uploads\/2025\/05\/Nuit_des_Idees_2025_SK.jpg\",\"datePublished\":\"2025-05-27T09:08:29+00:00\",\"dateModified\":\"2025-06-09T17:05:18+00:00\",\"breadcrumb\":{\"@id\":\"https:\/\/institutfrancais.sk\/fr\/podujatie\/la-nuit-des-idees-2025\/#breadcrumb\"},\"inLanguage\":\"fr-FR\",\"potentialAction\":[{\"@type\":\"ReadAction\",\"target\":[\"https:\/\/institutfrancais.sk\/fr\/podujatie\/la-nuit-des-idees-2025\/\"]}]},{\"@type\":\"ImageObject\",\"inLanguage\":\"fr-FR\",\"@id\":\"https:\/\/institutfrancais.sk\/fr\/podujatie\/la-nuit-des-idees-2025\/#primaryimage\",\"url\":\"https:\/\/institutfrancais.sk\/wp-content\/uploads\/2025\/05\/Nuit_des_Idees_2025_SK.jpg\",\"contentUrl\":\"https:\/\/institutfrancais.sk\/wp-content\/uploads\/2025\/05\/Nuit_des_Idees_2025_SK.jpg\",\"width\":1920,\"height\":1080,\"caption\":\"Noc n\u00e1padov\"},{\"@type\":\"BreadcrumbList\",\"@id\":\"https:\/\/institutfrancais.sk\/fr\/podujatie\/la-nuit-des-idees-2025\/#breadcrumb\",\"itemListElement\":[{\"@type\":\"ListItem\",\"position\":1,\"name\":\"Home\",\"item\":\"https:\/\/institutfrancais.sk\/fr\/\"},{\"@type\":\"ListItem\",\"position\":2,\"name\":\"Events\",\"item\":\"https:\/\/institutfrancais.sk\/fr\/podujatie\/\"},{\"@type\":\"ListItem\",\"position\":3,\"name\":\"La Nuit des id\u00e9es\"}]},{\"@type\":\"WebSite\",\"@id\":\"https:\/\/institutfrancais.sk\/fr\/#website\",\"url\":\"https:\/\/institutfrancais.sk\/fr\/\",\"name\":\"Franc\u00fazsky in\u0161tit\u00fat na Slovensku\",\"description\":\"Franc\u00fazsky in\u0161tit\u00fat na Slovensku\",\"potentialAction\":[{\"@type\":\"SearchAction\",\"target\":{\"@type\":\"EntryPoint\",\"urlTemplate\":\"https:\/\/institutfrancais.sk\/fr\/?s={search_term_string}\"},\"query-input\":{\"@type\":\"PropertyValueSpecification\",\"valueRequired\":true,\"valueName\":\"search_term_string\"}}],\"inLanguage\":\"fr-FR\"}]}<\/script>\n<!-- \/ Yoast SEO plugin. -->","yoast_head_json":{"title":"La Nuit des id\u00e9es - Franc\u00fazsky in\u0161tit\u00fat na Slovensku","robots":{"index":"index","follow":"follow","max-snippet":"max-snippet:-1","max-image-preview":"max-image-preview:large","max-video-preview":"max-video-preview:-1"},"canonical":"https:\/\/institutfrancais.sk\/fr\/podujatie\/la-nuit-des-idees-2025\/","og_locale":"fr_FR","og_type":"article","og_title":"La Nuit des id\u00e9es - Franc\u00fazsky in\u0161tit\u00fat na Slovensku","og_description":"La Nuit des id\u00e9es 2025 \u00e0 Bratislava \u2013 \u00ab Pouvoir agir \u00bb face \u00e0 la d\u00e9sinformation Dans le cas o\u00f9 vous ne pouvez pas vous inscrire via le lien en raison de la capacit\u00e9 atteinte, veuillez nous \u00e9crire \u00e0 l&rsquo;adresse suivante : culture@institutfrancais.sk. Le jeudi 12 juin 2025, l\u2019Institut fran\u00e7ais de Slovaquie vous invite \u00e0 [&hellip;]","og_url":"https:\/\/institutfrancais.sk\/fr\/podujatie\/la-nuit-des-idees-2025\/","og_site_name":"Franc\u00fazsky in\u0161tit\u00fat na Slovensku","article_modified_time":"2025-06-09T17:05:18+00:00","og_image":[{"width":1920,"height":1080,"url":"https:\/\/institutfrancais.sk\/wp-content\/uploads\/2025\/05\/Nuit_des_Idees_2025_SK.jpg","type":"image\/jpeg"}],"twitter_card":"summary_large_image","twitter_misc":{"Dur\u00e9e de lecture estim\u00e9e":"5 minutes"},"schema":{"@context":"https:\/\/schema.org","@graph":[{"@type":"WebPage","@id":"https:\/\/institutfrancais.sk\/fr\/podujatie\/la-nuit-des-idees-2025\/","url":"https:\/\/institutfrancais.sk\/fr\/podujatie\/la-nuit-des-idees-2025\/","name":"La Nuit des id\u00e9es - Franc\u00fazsky in\u0161tit\u00fat na Slovensku","isPartOf":{"@id":"https:\/\/institutfrancais.sk\/fr\/#website"},"primaryImageOfPage":{"@id":"https:\/\/institutfrancais.sk\/fr\/podujatie\/la-nuit-des-idees-2025\/#primaryimage"},"image":{"@id":"https:\/\/institutfrancais.sk\/fr\/podujatie\/la-nuit-des-idees-2025\/#primaryimage"},"thumbnailUrl":"https:\/\/institutfrancais.sk\/wp-content\/uploads\/2025\/05\/Nuit_des_Idees_2025_SK.jpg","datePublished":"2025-05-27T09:08:29+00:00","dateModified":"2025-06-09T17:05:18+00:00","breadcrumb":{"@id":"https:\/\/institutfrancais.sk\/fr\/podujatie\/la-nuit-des-idees-2025\/#breadcrumb"},"inLanguage":"fr-FR","potentialAction":[{"@type":"ReadAction","target":["https:\/\/institutfrancais.sk\/fr\/podujatie\/la-nuit-des-idees-2025\/"]}]},{"@type":"ImageObject","inLanguage":"fr-FR","@id":"https:\/\/institutfrancais.sk\/fr\/podujatie\/la-nuit-des-idees-2025\/#primaryimage","url":"https:\/\/institutfrancais.sk\/wp-content\/uploads\/2025\/05\/Nuit_des_Idees_2025_SK.jpg","contentUrl":"https:\/\/institutfrancais.sk\/wp-content\/uploads\/2025\/05\/Nuit_des_Idees_2025_SK.jpg","width":1920,"height":1080,"caption":"Noc n\u00e1padov"},{"@type":"BreadcrumbList","@id":"https:\/\/institutfrancais.sk\/fr\/podujatie\/la-nuit-des-idees-2025\/#breadcrumb","itemListElement":[{"@type":"ListItem","position":1,"name":"Home","item":"https:\/\/institutfrancais.sk\/fr\/"},{"@type":"ListItem","position":2,"name":"Events","item":"https:\/\/institutfrancais.sk\/fr\/podujatie\/"},{"@type":"ListItem","position":3,"name":"La Nuit des id\u00e9es"}]},{"@type":"WebSite","@id":"https:\/\/institutfrancais.sk\/fr\/#website","url":"https:\/\/institutfrancais.sk\/fr\/","name":"Franc\u00fazsky in\u0161tit\u00fat na Slovensku","description":"Franc\u00fazsky in\u0161tit\u00fat na Slovensku","potentialAction":[{"@type":"SearchAction","target":{"@type":"EntryPoint","urlTemplate":"https:\/\/institutfrancais.sk\/fr\/?s={search_term_string}"},"query-input":{"@type":"PropertyValueSpecification","valueRequired":true,"valueName":"search_term_string"}}],"inLanguage":"fr-FR"}]}},"_links":{"self":[{"href":"https:\/\/institutfrancais.sk\/fr\/wp-json\/wp\/v2\/podujatie\/36421"}],"collection":[{"href":"https:\/\/institutfrancais.sk\/fr\/wp-json\/wp\/v2\/podujatie"}],"about":[{"href":"https:\/\/institutfrancais.sk\/fr\/wp-json\/wp\/v2\/types\/podujatie"}],"wp:featuredmedia":[{"embeddable":true,"href":"https:\/\/institutfrancais.sk\/fr\/wp-json\/wp\/v2\/media\/36534"}],"wp:attachment":[{"href":"https:\/\/institutfrancais.sk\/fr\/wp-json\/wp\/v2\/media?parent=36421"}],"wp:term":[{"taxonomy":"typ-podujatia","embeddable":true,"href":"https:\/\/institutfrancais.sk\/fr\/wp-json\/wp\/v2\/typ-podujatia?post=36421"}],"curies":[{"name":"wp","href":"https:\/\/api.w.org\/{rel}","templated":true}]}}