{"id":36674,"date":"2025-06-25T17:09:57","date_gmt":"2025-06-25T15:09:57","guid":{"rendered":"https:\/\/institutfrancais.sk\/?post_type=podujatie&#038;p=36674"},"modified":"2025-07-11T15:29:47","modified_gmt":"2025-07-11T13:29:47","slug":"mois-de-la-lecture-dauteur-2025-guy-regis-jr-la-musique-de-haiti-qui-transforme-la-douleur-en-litterature","status":"publish","type":"podujatie","link":"https:\/\/institutfrancais.sk\/fr\/podujatie\/mois-de-la-lecture-dauteur-2025-guy-regis-jr-la-musique-de-haiti-qui-transforme-la-douleur-en-litterature\/","title":{"rendered":"Mois de la lecture d&rsquo;auteur 2025 : Guy R\u00e9gis Jr. : La musique de Ha\u00efti qui transforme la douleur en litt\u00e9rature"},"content":{"rendered":"\n<h2 class=\"wp-block-heading\">Guy R\u00e9gis Jr (Ha\u00efti)<\/h2>\n\n\n\n<p>Guy R\u00e9gis Jr, n\u00e9 en 1974 \u00e0 Port-au-Prince, <strong>Guy R\u00e9gis Jr<\/strong>, n\u00e9 \u00e0 <a href=\"https:\/\/fr.wikipedia.org\/wiki\/Port-au-Prince\">Port-au-Prince<\/a> (<a href=\"https:\/\/fr.wikipedia.org\/wiki\/Ha%C3%AFti\">Ha\u00efti<\/a>) en avril 1974, est un \u00e9crivain, com\u00e9dien et metteur en sc\u00e8ne ha\u00eftien. Ses pi\u00e8ces de th\u00e9\u00e2tre, ses romans et ses po\u00e8mes ont \u00e9t\u00e9 traduits en plusieurs langues.<\/p>\n\n\n\n<p>Le plus r\u00e9cemment il a&nbsp;publi\u00e9 son roman <em>Les cinq fois o\u00f9 j&rsquo;ai vu mon p\u00e8re<\/em> (2020) et la pi\u00e8ce <em>Goebbels, juif et footballeur<\/em> (2020).<\/p>\n\n\n\n<p>En 2001, il fonde Nous Th\u00e9\u00e2tre, une compagnie qui se confronte aux valeurs v\u00e9cues du th\u00e9\u00e2tre contemporain, par exemple avec la production Service Violence S\u00e9rie (2005), qui est devenue un manifeste politique et un point de d\u00e9part pour le travail ult\u00e9rieur de l&rsquo;auteur.<\/p>\n\n\n\n<p>Il est activement impliqu\u00e9 dans le d\u00e9veloppement de l&rsquo;art vivant en Ha\u00efti. Il est actuellement le directeur artistique du Festival 4 Chemins \u00e0 Port-au-Prince. Il s&rsquo;agit de l&rsquo;important \u00e9v\u00e9nement culturel de la Cara\u00efbe.<\/p>\n\n\n\n<p>En 2017, il a&nbsp;\u00e9t\u00e9 d\u00e9cor\u00e9 Chevalier de l&rsquo;Ordre national des Arts et des Lettres.<\/p>\n\n\n\n<h2 class=\"wp-block-heading\"><strong>Veronika \u0160ikulov\u00e1 (Slovaquie) <\/strong><\/h2>\n\n\n\n<p><strong>Veronika \u0160ikulov\u00e1<\/strong> (1967) a&nbsp;travaill\u00e9 comme journaliste tout en \u00e9crivant de la prose. Ses premi\u00e8res \u0153uvres ont \u00e9t\u00e9 publi\u00e9es dans le suppl\u00e9ment litt\u00e9raire du quotidien Smena, dans des magazines litt\u00e9raires et dans la collection de jeunes auteurs Druh\u00fd dych (1985). Elle a&nbsp;fait ses d\u00e9buts dans l&rsquo;\u00e9dition en 1997 avec le recueil de prose Odtiene. Depuis, elle a&nbsp;publi\u00e9 plus d&rsquo;une dizaine de livres ou de contributions \u00e0 des anthologies (par exemple <em>Dom\u010dek jedn\u00fdm \u0165ahom<\/em>, <em>Miesta v&nbsp;sieti<\/em>,<em> Medzerov\u00fd plod<\/em>,<em> Petrichor <\/em>et d&rsquo;autres), qui lui ont valu plusieurs prix litt\u00e9raires et une grande popularit\u00e9 aupr\u00e8s du public. Elle travaille \u00e0 la biblioth\u00e8que de Petites Carpates \u00e0 Pezinok. Elle vit et travaille \u00e0 Modra. Son dernier roman, <em>Un dimanche apr\u00e8s-midi \u00e0 l&rsquo;\u00eele de la Grande Jatte<\/em> (Slovart, 2025), qui se d\u00e9roule en partie en France et en partie en Slovaquie, est un inventaire d&rsquo;\u00e9v\u00e9nements, d&rsquo;exp\u00e9riences, un r\u00e9cit de la relation de ses protagonistes, depuis leur premier enchantement mutuel jusqu&rsquo;\u00e0 la p\u00e9riode o\u00f9 tous deux, dans leur vieillesse, r\u00e9capitulent leur propre vie et le lien qui les unit, en passant par une s\u00e9rie de s\u00e9parations et de retrouvailles. La premi\u00e8re repr\u00e9sentation de ce roman s&rsquo;est tenu, avec un grand int\u00e9r\u00eat de la part du public, \u00e0 l&rsquo;Institut fran\u00e7ais de Slovaquie le 10 avril 2025 (vid\u00e9o de l&rsquo;\u00e9v\u00e9nement <a href=\"https:\/\/www.youtube.com\/watch?v=DixqPLYNDl4\">ici<\/a>).<\/p>\n\n\n\n<p>Plus sur l&rsquo;\u00e9v\u00e9nement sur :<\/p>\n\n\n<a href=\"https:\/\/www.autorskecitanie.sk\/def\/akce\/guy-regis-jr---hudba-haiti--co-promenuje-bolest-v-literaturu-3\/12946\" class=\"btn\" target=\"blank\" rel=\"noreferrer noopener\">autorskecitanie.sk<\/a>\n\n<a href=\"https:\/\/www.instagram.com\/p\/DLMcIIbN37O\/?igsh=MTlqNzNhbmJocXg0bA== \" class=\"btn\" target=\"blank\" rel=\"noreferrer noopener\">Instagram<\/a>\n\n<a href=\"https:\/\/www.facebook.com\/autorskecitanie\/posts\/pfbid0a1Gofsb5NDwyJbKY6NA43q2QCV1Sx9tWeoSeB9YqVtQYJhhneScXRhawW2r7jpsjl\" class=\"btn\" target=\"blank\" rel=\"noreferrer noopener\">FB<\/a>\n\n<div class=\"space md\"><\/div>\n\n\n<p>Le programme suivant avec des auteurs francophones dans le cadre du Mois de la lecture d&rsquo;auteur 2025:<\/p>\n\n\n\n<p><strong>25.&nbsp;7.<\/strong> <strong>Sami Tchak a&nbsp;Annie Ferret<\/strong> (Togo) &amp;&nbsp;Ivana Gibov\u00e1 (Slovaquie) <a href=\"https:\/\/institutfrancais.sk\/fr\/podujatie\/mois-de-la-lecture-dauteur-2025-sami-tchak-annie-ferret-profaner-les-mythes-celebres-et-explorer-togo-et-la-france\/\" target=\"_blank\" rel=\"noreferrer noopener\">plus<\/a><\/p>\n\n\n\n<p><strong>26.&nbsp;7.<\/strong> <strong>V\u00e9ronique Tadjo <\/strong>(Pobre\u017eie slonoviny) &amp;&nbsp;Peter Mil\u010d\u00e1k (Slovaquie) <a href=\"https:\/\/institutfrancais.sk\/fr\/podujatie\/mois-de-la-lecture-dauteur-2025-veronique-tadjo-les-voix-multiples-de-lafrique-francophone-de-paris-a-johannesburg\/\" target=\"_blank\" rel=\"noreferrer noopener\">plus<\/a><\/p>\n\n\n\n<p><strong>28.7.<\/strong> <strong>Touhfat Mouhtare<\/strong> (Komorsk\u00e9 ostrovy) &amp;&nbsp;J\u00e1n Babar\u00edk (Slovaquie) <a href=\"https:\/\/institutfrancais.sk\/fr\/podujatie\/mois-de-la-lecture-dauteur-2025-touhfat-mouhtare-des-ames-suspendues-entre-le-temps-et-les-mondes\/\" target=\"_blank\" rel=\"noreferrer noopener\">plus<\/a><\/p>\n\n\n<div class=\"space md\"><\/div>\n\n\n<p>Programme complet du festival sur <a href=\"https:\/\/www.autorskecitanie.sk\/\" target=\"_blank\" rel=\"noreferrer noopener\">https:\/\/www.autorskecitanie.sk\/<\/a><\/p>\n\n\n\n<p>Programme du festival \u00e0 Bratislava <a href=\"https:\/\/www.citylife.sk\/festival\/mesiac-autorskeho-citania-bratislava\">https:\/\/www.citylife.sk\/festival\/mesiac-autorskeho-citania-bratislava<\/a><\/p>\n\n\n<div class=\"space md\"><\/div>\n\n<\/div><iframe loading=\"lazy\" src=\"https:\/\/www.google.com\/maps\/embed?pb=!1m18!1m12!1m3!1d2662.192016197593!2d17.10512617748731!3d48.14510325063566!2m3!1f0!2f0!3f0!3m2!1i1024!2i768!4f13.1!3m3!1m2!1s0x476c895cb63c9833%3A0xfa2d4200519e3977!2sR%C3%B3merov%20dom!5e0!3m2!1ssk!2ssk!4v1750844809874!5m2!1ssk!2ssk\" width=\"100%\" height=\"558\" frameborder=\"0\" class=\"gmap-iframe\" allowfullscreen=\"\"><\/iframe><div class=\"wrap narrow-wrap\">","protected":false},"featured_media":36665,"template":"","typ-podujatia":[58,654],"acf":[],"yoast_head":"<!-- This site is optimized with the Yoast SEO plugin v24.5 - https:\/\/yoast.com\/wordpress\/plugins\/seo\/ -->\n<title>Mois de la lecture d&#039;auteur 2025 : Guy R\u00e9gis Jr. : La musique de Ha\u00efti qui transforme la douleur en litt\u00e9rature - Franc\u00fazsky in\u0161tit\u00fat na Slovensku<\/title>\n<meta name=\"description\" content=\"Mois de lecture d&#039;auteur 2025 : Guy R\u00e9gis Jr. : La musique de Ha\u00efti qui transforme la douleur en litt\u00e9rature\" \/>\n<meta name=\"robots\" content=\"index, follow, max-snippet:-1, max-image-preview:large, max-video-preview:-1\" \/>\n<link rel=\"canonical\" href=\"https:\/\/institutfrancais.sk\/fr\/podujatie\/mois-de-la-lecture-dauteur-2025-guy-regis-jr-la-musique-de-haiti-qui-transforme-la-douleur-en-litterature\/\" \/>\n<meta property=\"og:locale\" content=\"fr_FR\" \/>\n<meta property=\"og:type\" content=\"article\" \/>\n<meta property=\"og:title\" content=\"Mois de la lecture d&#039;auteur 2025 : Guy R\u00e9gis Jr. : La musique de Ha\u00efti qui transforme la douleur en litt\u00e9rature - Franc\u00fazsky in\u0161tit\u00fat na Slovensku\" \/>\n<meta property=\"og:description\" content=\"Mois de lecture d&#039;auteur 2025 : Guy R\u00e9gis Jr. : La musique de Ha\u00efti qui transforme la douleur en litt\u00e9rature\" \/>\n<meta property=\"og:url\" content=\"https:\/\/institutfrancais.sk\/fr\/podujatie\/mois-de-la-lecture-dauteur-2025-guy-regis-jr-la-musique-de-haiti-qui-transforme-la-douleur-en-litterature\/\" \/>\n<meta property=\"og:site_name\" content=\"Franc\u00fazsky in\u0161tit\u00fat na Slovensku\" \/>\n<meta property=\"article:modified_time\" content=\"2025-07-11T13:29:47+00:00\" \/>\n<meta property=\"og:image\" content=\"https:\/\/institutfrancais.sk\/wp-content\/uploads\/2025\/06\/MAC2025-scaled.jpg\" \/>\n\t<meta property=\"og:image:width\" content=\"2560\" \/>\n\t<meta property=\"og:image:height\" content=\"1009\" \/>\n\t<meta property=\"og:image:type\" content=\"image\/jpeg\" \/>\n<meta name=\"twitter:card\" content=\"summary_large_image\" \/>\n<meta name=\"twitter:label1\" content=\"Dur\u00e9e de lecture estim\u00e9e\" \/>\n\t<meta name=\"twitter:data1\" content=\"3 minutes\" \/>\n<script type=\"application\/ld+json\" class=\"yoast-schema-graph\">{\"@context\":\"https:\/\/schema.org\",\"@graph\":[{\"@type\":\"WebPage\",\"@id\":\"https:\/\/institutfrancais.sk\/fr\/podujatie\/mois-de-la-lecture-dauteur-2025-guy-regis-jr-la-musique-de-haiti-qui-transforme-la-douleur-en-litterature\/\",\"url\":\"https:\/\/institutfrancais.sk\/fr\/podujatie\/mois-de-la-lecture-dauteur-2025-guy-regis-jr-la-musique-de-haiti-qui-transforme-la-douleur-en-litterature\/\",\"name\":\"Mois de la lecture d'auteur 2025 : Guy R\u00e9gis Jr. : La musique de Ha\u00efti qui transforme la douleur en litt\u00e9rature - Franc\u00fazsky in\u0161tit\u00fat na Slovensku\",\"isPartOf\":{\"@id\":\"https:\/\/institutfrancais.sk\/fr\/#website\"},\"primaryImageOfPage\":{\"@id\":\"https:\/\/institutfrancais.sk\/fr\/podujatie\/mois-de-la-lecture-dauteur-2025-guy-regis-jr-la-musique-de-haiti-qui-transforme-la-douleur-en-litterature\/#primaryimage\"},\"image\":{\"@id\":\"https:\/\/institutfrancais.sk\/fr\/podujatie\/mois-de-la-lecture-dauteur-2025-guy-regis-jr-la-musique-de-haiti-qui-transforme-la-douleur-en-litterature\/#primaryimage\"},\"thumbnailUrl\":\"https:\/\/institutfrancais.sk\/wp-content\/uploads\/2025\/06\/MAC2025-scaled.jpg\",\"datePublished\":\"2025-06-25T15:09:57+00:00\",\"dateModified\":\"2025-07-11T13:29:47+00:00\",\"description\":\"Mois de lecture d'auteur 2025 : Guy R\u00e9gis Jr. : La musique de Ha\u00efti qui transforme la douleur en litt\u00e9rature\",\"breadcrumb\":{\"@id\":\"https:\/\/institutfrancais.sk\/fr\/podujatie\/mois-de-la-lecture-dauteur-2025-guy-regis-jr-la-musique-de-haiti-qui-transforme-la-douleur-en-litterature\/#breadcrumb\"},\"inLanguage\":\"fr-FR\",\"potentialAction\":[{\"@type\":\"ReadAction\",\"target\":[\"https:\/\/institutfrancais.sk\/fr\/podujatie\/mois-de-la-lecture-dauteur-2025-guy-regis-jr-la-musique-de-haiti-qui-transforme-la-douleur-en-litterature\/\"]}]},{\"@type\":\"ImageObject\",\"inLanguage\":\"fr-FR\",\"@id\":\"https:\/\/institutfrancais.sk\/fr\/podujatie\/mois-de-la-lecture-dauteur-2025-guy-regis-jr-la-musique-de-haiti-qui-transforme-la-douleur-en-litterature\/#primaryimage\",\"url\":\"https:\/\/institutfrancais.sk\/wp-content\/uploads\/2025\/06\/MAC2025-scaled.jpg\",\"contentUrl\":\"https:\/\/institutfrancais.sk\/wp-content\/uploads\/2025\/06\/MAC2025-scaled.jpg\",\"width\":2560,\"height\":1009},{\"@type\":\"BreadcrumbList\",\"@id\":\"https:\/\/institutfrancais.sk\/fr\/podujatie\/mois-de-la-lecture-dauteur-2025-guy-regis-jr-la-musique-de-haiti-qui-transforme-la-douleur-en-litterature\/#breadcrumb\",\"itemListElement\":[{\"@type\":\"ListItem\",\"position\":1,\"name\":\"Home\",\"item\":\"https:\/\/institutfrancais.sk\/fr\/\"},{\"@type\":\"ListItem\",\"position\":2,\"name\":\"Events\",\"item\":\"https:\/\/institutfrancais.sk\/fr\/podujatie\/\"},{\"@type\":\"ListItem\",\"position\":3,\"name\":\"Mois de la lecture d&#8217;auteur 2025 : Guy R\u00e9gis Jr. : La musique de Ha\u00efti qui transforme la douleur en litt\u00e9rature\"}]},{\"@type\":\"WebSite\",\"@id\":\"https:\/\/institutfrancais.sk\/fr\/#website\",\"url\":\"https:\/\/institutfrancais.sk\/fr\/\",\"name\":\"Franc\u00fazsky in\u0161tit\u00fat na Slovensku\",\"description\":\"Franc\u00fazsky in\u0161tit\u00fat na Slovensku\",\"potentialAction\":[{\"@type\":\"SearchAction\",\"target\":{\"@type\":\"EntryPoint\",\"urlTemplate\":\"https:\/\/institutfrancais.sk\/fr\/?s={search_term_string}\"},\"query-input\":{\"@type\":\"PropertyValueSpecification\",\"valueRequired\":true,\"valueName\":\"search_term_string\"}}],\"inLanguage\":\"fr-FR\"}]}<\/script>\n<!-- \/ Yoast SEO plugin. -->","yoast_head_json":{"title":"Mois de la lecture d'auteur 2025 : Guy R\u00e9gis Jr. : La musique de Ha\u00efti qui transforme la douleur en litt\u00e9rature - Franc\u00fazsky in\u0161tit\u00fat na Slovensku","description":"Mois de lecture d'auteur 2025 : Guy R\u00e9gis Jr. : La musique de Ha\u00efti qui transforme la douleur en litt\u00e9rature","robots":{"index":"index","follow":"follow","max-snippet":"max-snippet:-1","max-image-preview":"max-image-preview:large","max-video-preview":"max-video-preview:-1"},"canonical":"https:\/\/institutfrancais.sk\/fr\/podujatie\/mois-de-la-lecture-dauteur-2025-guy-regis-jr-la-musique-de-haiti-qui-transforme-la-douleur-en-litterature\/","og_locale":"fr_FR","og_type":"article","og_title":"Mois de la lecture d'auteur 2025 : Guy R\u00e9gis Jr. : La musique de Ha\u00efti qui transforme la douleur en litt\u00e9rature - Franc\u00fazsky in\u0161tit\u00fat na Slovensku","og_description":"Mois de lecture d'auteur 2025 : Guy R\u00e9gis Jr. : La musique de Ha\u00efti qui transforme la douleur en litt\u00e9rature","og_url":"https:\/\/institutfrancais.sk\/fr\/podujatie\/mois-de-la-lecture-dauteur-2025-guy-regis-jr-la-musique-de-haiti-qui-transforme-la-douleur-en-litterature\/","og_site_name":"Franc\u00fazsky in\u0161tit\u00fat na Slovensku","article_modified_time":"2025-07-11T13:29:47+00:00","og_image":[{"width":2560,"height":1009,"url":"https:\/\/institutfrancais.sk\/wp-content\/uploads\/2025\/06\/MAC2025-scaled.jpg","type":"image\/jpeg"}],"twitter_card":"summary_large_image","twitter_misc":{"Dur\u00e9e de lecture estim\u00e9e":"3 minutes"},"schema":{"@context":"https:\/\/schema.org","@graph":[{"@type":"WebPage","@id":"https:\/\/institutfrancais.sk\/fr\/podujatie\/mois-de-la-lecture-dauteur-2025-guy-regis-jr-la-musique-de-haiti-qui-transforme-la-douleur-en-litterature\/","url":"https:\/\/institutfrancais.sk\/fr\/podujatie\/mois-de-la-lecture-dauteur-2025-guy-regis-jr-la-musique-de-haiti-qui-transforme-la-douleur-en-litterature\/","name":"Mois de la lecture d'auteur 2025 : Guy R\u00e9gis Jr. : La musique de Ha\u00efti qui transforme la douleur en litt\u00e9rature - Franc\u00fazsky in\u0161tit\u00fat na Slovensku","isPartOf":{"@id":"https:\/\/institutfrancais.sk\/fr\/#website"},"primaryImageOfPage":{"@id":"https:\/\/institutfrancais.sk\/fr\/podujatie\/mois-de-la-lecture-dauteur-2025-guy-regis-jr-la-musique-de-haiti-qui-transforme-la-douleur-en-litterature\/#primaryimage"},"image":{"@id":"https:\/\/institutfrancais.sk\/fr\/podujatie\/mois-de-la-lecture-dauteur-2025-guy-regis-jr-la-musique-de-haiti-qui-transforme-la-douleur-en-litterature\/#primaryimage"},"thumbnailUrl":"https:\/\/institutfrancais.sk\/wp-content\/uploads\/2025\/06\/MAC2025-scaled.jpg","datePublished":"2025-06-25T15:09:57+00:00","dateModified":"2025-07-11T13:29:47+00:00","description":"Mois de lecture d'auteur 2025 : Guy R\u00e9gis Jr. : La musique de Ha\u00efti qui transforme la douleur en litt\u00e9rature","breadcrumb":{"@id":"https:\/\/institutfrancais.sk\/fr\/podujatie\/mois-de-la-lecture-dauteur-2025-guy-regis-jr-la-musique-de-haiti-qui-transforme-la-douleur-en-litterature\/#breadcrumb"},"inLanguage":"fr-FR","potentialAction":[{"@type":"ReadAction","target":["https:\/\/institutfrancais.sk\/fr\/podujatie\/mois-de-la-lecture-dauteur-2025-guy-regis-jr-la-musique-de-haiti-qui-transforme-la-douleur-en-litterature\/"]}]},{"@type":"ImageObject","inLanguage":"fr-FR","@id":"https:\/\/institutfrancais.sk\/fr\/podujatie\/mois-de-la-lecture-dauteur-2025-guy-regis-jr-la-musique-de-haiti-qui-transforme-la-douleur-en-litterature\/#primaryimage","url":"https:\/\/institutfrancais.sk\/wp-content\/uploads\/2025\/06\/MAC2025-scaled.jpg","contentUrl":"https:\/\/institutfrancais.sk\/wp-content\/uploads\/2025\/06\/MAC2025-scaled.jpg","width":2560,"height":1009},{"@type":"BreadcrumbList","@id":"https:\/\/institutfrancais.sk\/fr\/podujatie\/mois-de-la-lecture-dauteur-2025-guy-regis-jr-la-musique-de-haiti-qui-transforme-la-douleur-en-litterature\/#breadcrumb","itemListElement":[{"@type":"ListItem","position":1,"name":"Home","item":"https:\/\/institutfrancais.sk\/fr\/"},{"@type":"ListItem","position":2,"name":"Events","item":"https:\/\/institutfrancais.sk\/fr\/podujatie\/"},{"@type":"ListItem","position":3,"name":"Mois de la lecture d&#8217;auteur 2025 : Guy R\u00e9gis Jr. : La musique de Ha\u00efti qui transforme la douleur en litt\u00e9rature"}]},{"@type":"WebSite","@id":"https:\/\/institutfrancais.sk\/fr\/#website","url":"https:\/\/institutfrancais.sk\/fr\/","name":"Franc\u00fazsky in\u0161tit\u00fat na Slovensku","description":"Franc\u00fazsky in\u0161tit\u00fat na Slovensku","potentialAction":[{"@type":"SearchAction","target":{"@type":"EntryPoint","urlTemplate":"https:\/\/institutfrancais.sk\/fr\/?s={search_term_string}"},"query-input":{"@type":"PropertyValueSpecification","valueRequired":true,"valueName":"search_term_string"}}],"inLanguage":"fr-FR"}]}},"_links":{"self":[{"href":"https:\/\/institutfrancais.sk\/fr\/wp-json\/wp\/v2\/podujatie\/36674"}],"collection":[{"href":"https:\/\/institutfrancais.sk\/fr\/wp-json\/wp\/v2\/podujatie"}],"about":[{"href":"https:\/\/institutfrancais.sk\/fr\/wp-json\/wp\/v2\/types\/podujatie"}],"wp:featuredmedia":[{"embeddable":true,"href":"https:\/\/institutfrancais.sk\/fr\/wp-json\/wp\/v2\/media\/36665"}],"wp:attachment":[{"href":"https:\/\/institutfrancais.sk\/fr\/wp-json\/wp\/v2\/media?parent=36674"}],"wp:term":[{"taxonomy":"typ-podujatia","embeddable":true,"href":"https:\/\/institutfrancais.sk\/fr\/wp-json\/wp\/v2\/typ-podujatia?post=36674"}],"curies":[{"name":"wp","href":"https:\/\/api.w.org\/{rel}","templated":true}]}}