{"id":37118,"date":"2025-09-04T10:26:12","date_gmt":"2025-09-04T08:26:12","guid":{"rendered":"https:\/\/institutfrancais.sk\/podujatie\/lingvafest\/"},"modified":"2025-09-05T14:14:02","modified_gmt":"2025-09-05T12:14:02","slug":"lingvafest","status":"publish","type":"podujatie","link":"https:\/\/institutfrancais.sk\/fr\/podujatie\/lingvafest\/","title":{"rendered":"LingvaFest"},"content":{"rendered":"\n<p>L&rsquo;INSTITUT FRANCAIS DE SLOVAQUIE VOUS INVITE A&nbsp;L&rsquo;EDITION 2025 DE LENGVA FEST !<\/p>\n\n\n<div class=\"text-center\"><a href=\"\" class=\"btn btn-blue-invert\">EN SAVOIR PLUS<\/a><\/div>\n\n\n<p>L&rsquo;objectif de ces deux journ\u00e9es :<\/p>\n\n\n\n<ul>\n<li>Pr\u00e9senter diff\u00e9rentes langues et cultures \u00e9trang\u00e8res<\/li>\n\n\n\n<li>Susciter l\u2019int\u00e9r\u00eat pour les langues \u00e9trang\u00e8res<\/li>\n\n\n\n<li>Motiver \u00e0 l\u2019apprentissage des langues \u00e9trang\u00e8res<\/li>\n\n\n\n<li>Pr\u00e9senter des m\u00e9thodes d\u2019enseignement efficaces, de nouvelles approches, des applications<\/li>\n\n\n\n<li>Offrir un espace pour une collaboration future entre diff\u00e9rentes institutions et les personnes travaillant directement avec les langues<\/li>\n<\/ul>\n\n\n\n<p><strong>EN TANT QUE VISITEUR, VOUS POURREZ<\/strong><\/p>\n\n\n\n<p>Vivre les langues \u00e0 chaque instant tout au long du festival<\/p>\n\n\n\n<ul>\n<li>Assister \u00e0 des cours de langues, des conf\u00e9rences et des ateliers : nous en pr\u00e9parons vraiment beaucoup, et ils en vaudront la peine !<\/li>\n\n\n\n<li>Rencontrer des personnes partageant les m\u00eames centres d\u2019int\u00e9r\u00eat, discuter de sujets linguistiques<\/li>\n\n\n\n<li>Participer \u00e0 un riche programme culturel<\/li>\n\n\n\n<li>Gagner des prix int\u00e9ressants \u00e0 la tombola<\/li>\n<\/ul>\n\n\n\n<p><strong>LE TEMPS FORT DU FESTIVAL : UNE CONFERENCE MULTILINGUE A&nbsp;DESTINATION DES PROFESSEURS DE LANGUES<\/strong><\/p>\n\n\n\n<p>\ud83d\udccc&nbsp;L\u2019intelligence artificielle dans les pratiques p\u00e9dagogiques. L\u2019usage de l\u2019IA par les \u00e9l\u00e8ves.<\/p>\n\n\n\n<p>\ud83d\uddd3\ufe0f&nbsp;Jeudi 11 septembre 2025 \u2013 14h00-15h00<\/p>\n\n\n\n<p>\ud83d\udcbb&nbsp;En ligne sur&nbsp;ZOOM<\/p>\n\n\n\n<p>\ud83d\udccd&nbsp;Possibilit\u00e9 d\u2019assister \u00e0 la conf\u00e9rence :<\/p>\n\n\n\n<ul>\n<li>en direct sur grand \u00e9cran \u00e0 l\u2019<a href=\"https:\/\/www.google.fr\/maps\/place\/Faculty+of+National+Economy\/@48.1272783,17.1317593,18z\/data=!4m5!3m4!1s0x476c8904b3099783:0x33cb057fa8955844!8m2!3d48.1273733!4d17.1323311?shorturl=1\">Universit\u00e9 d\u2019Economie<\/a>&nbsp;(Dolnozemsk\u00e1 cesta 3736\/1C, 851&nbsp;04 Petr\u017ealka), salle 1<\/li>\n\n\n\n<li>ou confortablement depuis chez vous, sur votre ordinateur avec le lien de connexion suivant :<a href=\"https:\/\/us06web.zoom.us\/j\/83332451237\">https:\/\/us06web.zoom.us\/j\/83332451237<\/a><\/li>\n<\/ul>\n\n\n\n<p>&gt;&gt;&nbsp;La conf\u00e9rence sera donn\u00e9e en fran\u00e7ais par&nbsp;Monsieur Bhushan Thapliyal, expert de l\u2019IA dans le domaine du Fran\u00e7ais Langue Etrang\u00e8re (FLE), et sera traduite en simultan\u00e9&nbsp;en slovaque. N\u2019h\u00e9sitez pas \u00e0 partager l\u2019information aux autres&nbsp;professeurs de votre r\u00e9seau !<\/p>\n\n\n\n<p>Cette rencontre sera l\u2019occasion de r\u00e9fl\u00e9chir ensemble aux enjeux, opportunit\u00e9s et limites de l\u2019utilisation de l\u2019IA en classe de mani\u00e8re g\u00e9n\u00e9rale pour tous les enseignants et les \u00e9l\u00e8ves puis plus sp\u00e9cifiquement pour les enseignements de FLE. La conf\u00e9rence sera suivie d\u2019un \u00e9change avec le formateur sous forme de questions\/r\u00e9ponses. Pour celles et ceux qui seront pr\u00e9sents physiquement, ils pourront aussi participer \u00e0 des ateliers th\u00e9matiques \u00e0 la suite de cette conf\u00e9rence (15h15 \u2013&nbsp;16h) :<\/p>\n\n\n\n<p>\u00b7&nbsp;&nbsp;&nbsp;&nbsp;&nbsp;&nbsp;&nbsp;&nbsp;&nbsp;&nbsp;&nbsp;&nbsp;&nbsp;&nbsp;&nbsp;&nbsp;&nbsp;&nbsp;&nbsp;&nbsp;L\u2019IA comme outil pour am\u00e9liorer l\u2019interaction orale et \u00e9crite dans une langue \u00e9trang\u00e8re&nbsp;(multilingues fr \/ en \/ sk \/ es) \u2014 Arnaud Segretain<\/p>\n\n\n\n<p>\u00b7\u00a0\u00a0\u00a0\u00a0\u00a0\u00a0\u00a0\u00a0\u00a0\u00a0\u00a0\u00a0\u00a0\u00a0\u00a0\u00a0\u00a0\u00a0\u00a0\u00a0Sprich mit mir! Formes num\u00e9riques et interactives d\u2019enseignement de la langue allemande\u00a0(allemand)\u2014 Karin Rozsov\u00e1 Wolfov\u00e1<\/p>\n\n\n\n<figure class=\"wp-block-image size-large\"><img loading=\"lazy\" decoding=\"async\" width=\"427\" height=\"537\" src=\"https:\/\/institutfrancais.sk\/wp-content\/uploads\/2025\/09\/Snimka-obrazovky-2025-09-04-o-18.05.12-2-427x537.png\" alt=\"\" class=\"wp-image-37172\" srcset=\"https:\/\/institutfrancais.sk\/wp-content\/uploads\/2025\/09\/Snimka-obrazovky-2025-09-04-o-18.05.12-2-427x537.png 427w, https:\/\/institutfrancais.sk\/wp-content\/uploads\/2025\/09\/Snimka-obrazovky-2025-09-04-o-18.05.12-2-279x350.png 279w, https:\/\/institutfrancais.sk\/wp-content\/uploads\/2025\/09\/Snimka-obrazovky-2025-09-04-o-18.05.12-2-768x965.png 768w, https:\/\/institutfrancais.sk\/wp-content\/uploads\/2025\/09\/Snimka-obrazovky-2025-09-04-o-18.05.12-2-1223x1536.png 1223w, https:\/\/institutfrancais.sk\/wp-content\/uploads\/2025\/09\/Snimka-obrazovky-2025-09-04-o-18.05.12-2-796x1000.png 796w, https:\/\/institutfrancais.sk\/wp-content\/uploads\/2025\/09\/Snimka-obrazovky-2025-09-04-o-18.05.12-2.png 1264w\" sizes=\"(max-width: 427px) 100vw, 427px\" \/><\/figure>\n\n\n\n<p><strong>LINGVAFEST DANS LES M\u00c9DIAS<\/strong><\/p>\n\n\n\n<ul>\n<li>Zdru\u017eenie miest a&nbsp;obc\u00ed Slovenska \u2013&nbsp;<a href=\"https:\/\/www.zmos.sk\/mid\/536720\/lingvafest-2025--jediny-jazykovy-festival-svojho-druhu-na-slovensku-oznam.html#m_536720\">LingvaFest\u20192025: jedin\u00fd jazykov\u00fd festival svojho druhu na&nbsp;Slovensku<\/a>&nbsp;\u2013 2.9.2025<\/li>\n\n\n\n<li>TASR \u2013&nbsp;<a href=\"https:\/\/www.tasr.sk\/ots\/ots-lingvafest2025--jazykovy-fes\/39239-clanok.html\">OTS: LingvaFest\u20192025 \u2013 jazykov\u00fd festival v&nbsp;Bratislave u\u017e o&nbsp;2 t\u00fd\u017edne!<\/a>&nbsp;\u2013 28.8.2025<\/li>\n\n\n\n<li>\u0160kolsk\u00e9 \u2013&nbsp;<a href=\"https:\/\/skolske.sk\/clanok\/63782\/lingva-fest2025\">Lingva Fest\u00b42025<\/a>&nbsp;\u2013 28.8.2025<\/li>\n\n\n\n<li>Tla\u010dov\u00e1 spr\u00e1va \u2013&nbsp;<a href=\"https:\/\/www.lingvafest.sk\/wp-content\/uploads\/sites\/9\/2025\/08\/TS_LingvaFest_2025.pdf\">LingvaFest\u20192025 \u2013 jazykov\u00fd festival v&nbsp;Bratislave u\u017e o&nbsp;2 t\u00fd\u017edne!<\/a>&nbsp;\u2013 28.8.2025<\/li>\n\n\n\n<li>NIVAM \u2013&nbsp;<a href=\"https:\/\/nivam.sk\/podme-jazykmi-otvorit-srdcia-a-mysle-europa-motivuje-ziakov-a-studentov-oslavit-svoju-kulturnu-rozmanitost\/\">Po\u010fme jazykmi otvori\u0165 srdcia a&nbsp;mysle. Eur\u00f3pa motivuje \u017eiakov a&nbsp;\u0161tudentov osl\u00e1vi\u0165 svoju kult\u00farnu rozmanitos\u0165<\/a>&nbsp;\u2013 26.08.2025<\/li>\n\n\n\n<li><a href=\"http:\/\/direktor.sk\/\">direktor.sk<\/a>&nbsp;\u2013&nbsp;<a href=\"https:\/\/www.direktor.sk\/sk\/vyzvy\/lingvafest-2025-je-oslavou-jazykov-a-kultur-11-9-12-9.a-2853.html\">LingvaFEST 2025 je oslavou jazykov a&nbsp;kult\u00far (11.&nbsp;9. \u2013 12.&nbsp;9.)<\/a>&nbsp;\u2013 12.6.2025<\/li>\n\n\n\n<li>\u00darad pre&nbsp;Slov\u00e1kov \u017eij\u00facich v&nbsp;z\u00e1hrani\u010d\u00ed \u2013&nbsp;<a href=\"https:\/\/www.uszz.sk\/lingvafest-2025-oslava-jazykov-a-kulturnej-rozmanitosti\/\">LingvaFest\u2019 2025: Oslava jazykov a&nbsp;kult\u00farnej rozmanitosti<\/a><\/li>\n\n\n\n<li>Eur\u00f3pska komisia \u2013 Zast\u00fapenie na&nbsp;Slovensku:&nbsp;<a href=\"https:\/\/slovakia.representation.ec.europa.eu\/events\/lingvafest-2025-09-11_sk\">slovakia.representation.ec.europa.eu\/events\/lingvafest-2025-09-11_sk<\/a><\/li>\n<\/ul>\n\n\n<div class=\"space md\"><\/div>","protected":false},"featured_media":37117,"template":"","typ-podujatia":[268,184],"acf":[],"yoast_head":"<!-- This site is optimized with the Yoast SEO plugin v24.5 - https:\/\/yoast.com\/wordpress\/plugins\/seo\/ -->\n<title>LingvaFest - Franc\u00fazsky in\u0161tit\u00fat na Slovensku<\/title>\n<meta name=\"robots\" content=\"index, follow, max-snippet:-1, max-image-preview:large, max-video-preview:-1\" \/>\n<link rel=\"canonical\" href=\"https:\/\/institutfrancais.sk\/fr\/podujatie\/lingvafest\/\" \/>\n<meta property=\"og:locale\" content=\"fr_FR\" \/>\n<meta property=\"og:type\" content=\"article\" \/>\n<meta property=\"og:title\" content=\"LingvaFest - Franc\u00fazsky in\u0161tit\u00fat na Slovensku\" \/>\n<meta property=\"og:description\" content=\"L&rsquo;INSTITUT FRANCAIS DE SLOVAQUIE VOUS INVITE A&nbsp;L&rsquo;EDITION 2025 DE LENGVA FEST ! L&rsquo;objectif de ces deux journ\u00e9es : EN TANT QUE VISITEUR, VOUS POURREZ Vivre les langues \u00e0 chaque instant tout au long du festival LE TEMPS FORT DU FESTIVAL : UNE CONFERENCE MULTILINGUE A&nbsp;DESTINATION DES PROFESSEURS DE LANGUES \ud83d\udccc&nbsp;L\u2019intelligence artificielle dans les pratiques p\u00e9dagogiques. [&hellip;]\" \/>\n<meta property=\"og:url\" content=\"https:\/\/institutfrancais.sk\/fr\/podujatie\/lingvafest\/\" \/>\n<meta property=\"og:site_name\" content=\"Franc\u00fazsky in\u0161tit\u00fat na Slovensku\" \/>\n<meta property=\"article:modified_time\" content=\"2025-09-05T12:14:02+00:00\" \/>\n<meta property=\"og:image\" content=\"https:\/\/institutfrancais.sk\/wp-content\/uploads\/2025\/09\/LingvaFest2025_A4_landscape-scaled-1.jpeg\" \/>\n\t<meta property=\"og:image:width\" content=\"2560\" \/>\n\t<meta property=\"og:image:height\" content=\"1810\" \/>\n\t<meta property=\"og:image:type\" content=\"image\/jpeg\" \/>\n<meta name=\"twitter:card\" content=\"summary_large_image\" \/>\n<meta name=\"twitter:label1\" content=\"Dur\u00e9e de lecture estim\u00e9e\" \/>\n\t<meta name=\"twitter:data1\" content=\"3 minutes\" \/>\n<script type=\"application\/ld+json\" class=\"yoast-schema-graph\">{\"@context\":\"https:\/\/schema.org\",\"@graph\":[{\"@type\":\"WebPage\",\"@id\":\"https:\/\/institutfrancais.sk\/fr\/podujatie\/lingvafest\/\",\"url\":\"https:\/\/institutfrancais.sk\/fr\/podujatie\/lingvafest\/\",\"name\":\"LingvaFest - Franc\u00fazsky in\u0161tit\u00fat na Slovensku\",\"isPartOf\":{\"@id\":\"https:\/\/institutfrancais.sk\/fr\/#website\"},\"primaryImageOfPage\":{\"@id\":\"https:\/\/institutfrancais.sk\/fr\/podujatie\/lingvafest\/#primaryimage\"},\"image\":{\"@id\":\"https:\/\/institutfrancais.sk\/fr\/podujatie\/lingvafest\/#primaryimage\"},\"thumbnailUrl\":\"https:\/\/institutfrancais.sk\/wp-content\/uploads\/2025\/09\/LingvaFest2025_A4_landscape-scaled-1.jpeg\",\"datePublished\":\"2025-09-04T08:26:12+00:00\",\"dateModified\":\"2025-09-05T12:14:02+00:00\",\"breadcrumb\":{\"@id\":\"https:\/\/institutfrancais.sk\/fr\/podujatie\/lingvafest\/#breadcrumb\"},\"inLanguage\":\"fr-FR\",\"potentialAction\":[{\"@type\":\"ReadAction\",\"target\":[\"https:\/\/institutfrancais.sk\/fr\/podujatie\/lingvafest\/\"]}]},{\"@type\":\"ImageObject\",\"inLanguage\":\"fr-FR\",\"@id\":\"https:\/\/institutfrancais.sk\/fr\/podujatie\/lingvafest\/#primaryimage\",\"url\":\"https:\/\/institutfrancais.sk\/wp-content\/uploads\/2025\/09\/LingvaFest2025_A4_landscape-scaled-1.jpeg\",\"contentUrl\":\"https:\/\/institutfrancais.sk\/wp-content\/uploads\/2025\/09\/LingvaFest2025_A4_landscape-scaled-1.jpeg\",\"width\":2560,\"height\":1810},{\"@type\":\"BreadcrumbList\",\"@id\":\"https:\/\/institutfrancais.sk\/fr\/podujatie\/lingvafest\/#breadcrumb\",\"itemListElement\":[{\"@type\":\"ListItem\",\"position\":1,\"name\":\"Home\",\"item\":\"https:\/\/institutfrancais.sk\/fr\/\"},{\"@type\":\"ListItem\",\"position\":2,\"name\":\"Events\",\"item\":\"https:\/\/institutfrancais.sk\/fr\/podujatie\/\"},{\"@type\":\"ListItem\",\"position\":3,\"name\":\"LingvaFest\"}]},{\"@type\":\"WebSite\",\"@id\":\"https:\/\/institutfrancais.sk\/fr\/#website\",\"url\":\"https:\/\/institutfrancais.sk\/fr\/\",\"name\":\"Franc\u00fazsky in\u0161tit\u00fat na Slovensku\",\"description\":\"Franc\u00fazsky in\u0161tit\u00fat na Slovensku\",\"potentialAction\":[{\"@type\":\"SearchAction\",\"target\":{\"@type\":\"EntryPoint\",\"urlTemplate\":\"https:\/\/institutfrancais.sk\/fr\/?s={search_term_string}\"},\"query-input\":{\"@type\":\"PropertyValueSpecification\",\"valueRequired\":true,\"valueName\":\"search_term_string\"}}],\"inLanguage\":\"fr-FR\"}]}<\/script>\n<!-- \/ Yoast SEO plugin. -->","yoast_head_json":{"title":"LingvaFest - Franc\u00fazsky in\u0161tit\u00fat na Slovensku","robots":{"index":"index","follow":"follow","max-snippet":"max-snippet:-1","max-image-preview":"max-image-preview:large","max-video-preview":"max-video-preview:-1"},"canonical":"https:\/\/institutfrancais.sk\/fr\/podujatie\/lingvafest\/","og_locale":"fr_FR","og_type":"article","og_title":"LingvaFest - Franc\u00fazsky in\u0161tit\u00fat na Slovensku","og_description":"L&rsquo;INSTITUT FRANCAIS DE SLOVAQUIE VOUS INVITE A&nbsp;L&rsquo;EDITION 2025 DE LENGVA FEST ! L&rsquo;objectif de ces deux journ\u00e9es : EN TANT QUE VISITEUR, VOUS POURREZ Vivre les langues \u00e0 chaque instant tout au long du festival LE TEMPS FORT DU FESTIVAL : UNE CONFERENCE MULTILINGUE A&nbsp;DESTINATION DES PROFESSEURS DE LANGUES \ud83d\udccc&nbsp;L\u2019intelligence artificielle dans les pratiques p\u00e9dagogiques. [&hellip;]","og_url":"https:\/\/institutfrancais.sk\/fr\/podujatie\/lingvafest\/","og_site_name":"Franc\u00fazsky in\u0161tit\u00fat na Slovensku","article_modified_time":"2025-09-05T12:14:02+00:00","og_image":[{"width":2560,"height":1810,"url":"https:\/\/institutfrancais.sk\/wp-content\/uploads\/2025\/09\/LingvaFest2025_A4_landscape-scaled-1.jpeg","type":"image\/jpeg"}],"twitter_card":"summary_large_image","twitter_misc":{"Dur\u00e9e de lecture estim\u00e9e":"3 minutes"},"schema":{"@context":"https:\/\/schema.org","@graph":[{"@type":"WebPage","@id":"https:\/\/institutfrancais.sk\/fr\/podujatie\/lingvafest\/","url":"https:\/\/institutfrancais.sk\/fr\/podujatie\/lingvafest\/","name":"LingvaFest - Franc\u00fazsky in\u0161tit\u00fat na Slovensku","isPartOf":{"@id":"https:\/\/institutfrancais.sk\/fr\/#website"},"primaryImageOfPage":{"@id":"https:\/\/institutfrancais.sk\/fr\/podujatie\/lingvafest\/#primaryimage"},"image":{"@id":"https:\/\/institutfrancais.sk\/fr\/podujatie\/lingvafest\/#primaryimage"},"thumbnailUrl":"https:\/\/institutfrancais.sk\/wp-content\/uploads\/2025\/09\/LingvaFest2025_A4_landscape-scaled-1.jpeg","datePublished":"2025-09-04T08:26:12+00:00","dateModified":"2025-09-05T12:14:02+00:00","breadcrumb":{"@id":"https:\/\/institutfrancais.sk\/fr\/podujatie\/lingvafest\/#breadcrumb"},"inLanguage":"fr-FR","potentialAction":[{"@type":"ReadAction","target":["https:\/\/institutfrancais.sk\/fr\/podujatie\/lingvafest\/"]}]},{"@type":"ImageObject","inLanguage":"fr-FR","@id":"https:\/\/institutfrancais.sk\/fr\/podujatie\/lingvafest\/#primaryimage","url":"https:\/\/institutfrancais.sk\/wp-content\/uploads\/2025\/09\/LingvaFest2025_A4_landscape-scaled-1.jpeg","contentUrl":"https:\/\/institutfrancais.sk\/wp-content\/uploads\/2025\/09\/LingvaFest2025_A4_landscape-scaled-1.jpeg","width":2560,"height":1810},{"@type":"BreadcrumbList","@id":"https:\/\/institutfrancais.sk\/fr\/podujatie\/lingvafest\/#breadcrumb","itemListElement":[{"@type":"ListItem","position":1,"name":"Home","item":"https:\/\/institutfrancais.sk\/fr\/"},{"@type":"ListItem","position":2,"name":"Events","item":"https:\/\/institutfrancais.sk\/fr\/podujatie\/"},{"@type":"ListItem","position":3,"name":"LingvaFest"}]},{"@type":"WebSite","@id":"https:\/\/institutfrancais.sk\/fr\/#website","url":"https:\/\/institutfrancais.sk\/fr\/","name":"Franc\u00fazsky in\u0161tit\u00fat na Slovensku","description":"Franc\u00fazsky in\u0161tit\u00fat na Slovensku","potentialAction":[{"@type":"SearchAction","target":{"@type":"EntryPoint","urlTemplate":"https:\/\/institutfrancais.sk\/fr\/?s={search_term_string}"},"query-input":{"@type":"PropertyValueSpecification","valueRequired":true,"valueName":"search_term_string"}}],"inLanguage":"fr-FR"}]}},"_links":{"self":[{"href":"https:\/\/institutfrancais.sk\/fr\/wp-json\/wp\/v2\/podujatie\/37118"}],"collection":[{"href":"https:\/\/institutfrancais.sk\/fr\/wp-json\/wp\/v2\/podujatie"}],"about":[{"href":"https:\/\/institutfrancais.sk\/fr\/wp-json\/wp\/v2\/types\/podujatie"}],"wp:featuredmedia":[{"embeddable":true,"href":"https:\/\/institutfrancais.sk\/fr\/wp-json\/wp\/v2\/media\/37117"}],"wp:attachment":[{"href":"https:\/\/institutfrancais.sk\/fr\/wp-json\/wp\/v2\/media?parent=37118"}],"wp:term":[{"taxonomy":"typ-podujatia","embeddable":true,"href":"https:\/\/institutfrancais.sk\/fr\/wp-json\/wp\/v2\/typ-podujatia?post=37118"}],"curies":[{"name":"wp","href":"https:\/\/api.w.org\/{rel}","templated":true}]}}