{"id":37123,"date":"2025-09-04T17:28:43","date_gmt":"2025-09-04T15:28:43","guid":{"rendered":"https:\/\/institutfrancais.sk\/?post_type=podujatie&#038;p=37123"},"modified":"2025-09-05T11:09:22","modified_gmt":"2025-09-05T09:09:22","slug":"exposition-theorie-de-lessaim-avec-une-oeuvre-sonore-de-lartiste-francais-felix-blume","status":"publish","type":"podujatie","link":"https:\/\/institutfrancais.sk\/fr\/podujatie\/exposition-theorie-de-lessaim-avec-une-oeuvre-sonore-de-lartiste-francais-felix-blume\/","title":{"rendered":"Exposition \u00ab Th\u00e9orie de l&rsquo;essaim \u00bb avec une \u0153uvre sonore de l&rsquo;artiste fran\u00e7ais F\u00e9lix Blume"},"content":{"rendered":"\n<p class=\"has-small-font-size\">Photo de l&rsquo;\u0153uvre Swarm (Essaim) avec l&rsquo;aimable permission de la Galerie J\u00e1n Koniarek<\/p>\n\n\n\n<p>L&rsquo;installation sonore <strong>Essaim<\/strong> est compos\u00e9e de 250 petits haut-parleurs, chacun reproduisant le bruit d&rsquo;une abeille en vol. Suspendus dans l&rsquo;espace d&rsquo;exposition, ces dispositifs sonores nous offrent plusieurs exp\u00e9riences d&rsquo;\u00e9coute, allant du groupe \u00e0 l&rsquo;individu. Le visiteur est invit\u00e9 \u00e0 s&rsquo;approcher de ces petits \u00eatres et \u00e0 faire partie de l&rsquo;essaim, dans une exp\u00e9rience sonore immersive avec les abeilles. Il est alors possible d&rsquo;\u00e9couter ces voix comme autant de t\u00e9moignages individuels de ces travailleuses qui ont tendance \u00e0 passer inaper\u00e7ues. Nous \u00e9coutons leur chant, leurs cris ou leurs bavardages, \u00e0 la mani\u00e8re d&rsquo;une chorale a\u00e9rienne.<br>Les abeilles ont \u00e9t\u00e9 enregistr\u00e9es dans un studio d&rsquo;enregistrement sonore sp\u00e9cialement con\u00e7u pour elles.<br>Nous avons pu&nbsp;enregistrer leur vol pendant qu&rsquo;elles butinaient \u00e0 l&rsquo;int\u00e9rieur.<\/p>\n\n\n\n<p><\/p>\n\n\n\n<p><strong>F\u00e9lix Blume<\/strong> est un artiste sonore, enregistreur de terrain et ing\u00e9nieur du son fran\u00e7ais. Son travail explore le son comme m\u00e9dium dans les espaces publics, souvent en collaboration avec des communaut\u00e9s pour cr\u00e9er des installations, des actions et des vid\u00e9os. Il a&nbsp;particip\u00e9 \u00e0 de nombreuses expositions et festivals internationaux.<br><\/p>\n\n\n\n<p><br><br>Plus sur l&rsquo;artiste et son \u0153uvre sur : <a href=\"https:\/\/felixblume.com\/\" target=\"_blank\" rel=\"noreferrer noopener\">https:\/\/felixblume.com\/<\/a><\/p>\n\n\n\n<p>Plus sur l&rsquo;exposition sur : <a href=\"https:\/\/www.gjk.sk\/podujatie\/teoria-roja\" target=\"_blank\" rel=\"noreferrer noopener\">https:\/\/www.gjk.sk\/podujatie\/teoria-roja<\/a><\/p>\n\n\n<\/div><iframe loading=\"lazy\" src=\"https:\/\/www.google.com\/maps\/embed?pb=!1m18!1m12!1m3!1d2649.951697468761!2d17.579799876831014!3d48.38066413420623!2m3!1f0!2f0!3f0!3m2!1i1024!2i768!4f13.1!3m3!1m2!1s0x476ca085d715e791%3A0xc68fa6583f6d2d11!2sGal%C3%A9ria%20J%C3%A1na%20Koniarka!5e0!3m2!1ssk!2ssk!4v1756987295221!5m2!1ssk!2ssk\" width=\"100%\" height=\"558\" frameborder=\"0\" class=\"gmap-iframe\" allowfullscreen=\"\"><\/iframe><div class=\"wrap narrow-wrap\">","protected":false},"featured_media":37128,"template":"","typ-podujatia":[56],"acf":[],"yoast_head":"<!-- This site is optimized with the Yoast SEO plugin v24.5 - https:\/\/yoast.com\/wordpress\/plugins\/seo\/ -->\n<title>Exposition \u00ab Th\u00e9orie de l&#039;essaim \u00bb avec une \u0153uvre sonore de l&#039;artiste fran\u00e7ais F\u00e9lix Blume - Franc\u00fazsky in\u0161tit\u00fat na Slovensku<\/title>\n<meta name=\"description\" content=\"Exposition \u00ab Th\u00e9orie de l&#039;essaim \u00bb avec une \u0153uvre sonore de l&#039;artiste fran\u00e7ais F\u00e9lix Blume\" \/>\n<meta name=\"robots\" content=\"index, follow, max-snippet:-1, max-image-preview:large, max-video-preview:-1\" \/>\n<link rel=\"canonical\" href=\"https:\/\/institutfrancais.sk\/fr\/podujatie\/exposition-theorie-de-lessaim-avec-une-oeuvre-sonore-de-lartiste-francais-felix-blume\/\" \/>\n<meta property=\"og:locale\" content=\"fr_FR\" \/>\n<meta property=\"og:type\" content=\"article\" \/>\n<meta property=\"og:title\" content=\"Exposition \u00ab Th\u00e9orie de l&#039;essaim \u00bb avec une \u0153uvre sonore de l&#039;artiste fran\u00e7ais F\u00e9lix Blume - Franc\u00fazsky in\u0161tit\u00fat na Slovensku\" \/>\n<meta property=\"og:description\" content=\"Exposition \u00ab Th\u00e9orie de l&#039;essaim \u00bb avec une \u0153uvre sonore de l&#039;artiste fran\u00e7ais F\u00e9lix Blume\" \/>\n<meta property=\"og:url\" content=\"https:\/\/institutfrancais.sk\/fr\/podujatie\/exposition-theorie-de-lessaim-avec-une-oeuvre-sonore-de-lartiste-francais-felix-blume\/\" \/>\n<meta property=\"og:site_name\" content=\"Franc\u00fazsky in\u0161tit\u00fat na Slovensku\" \/>\n<meta property=\"article:modified_time\" content=\"2025-09-05T09:09:22+00:00\" \/>\n<meta property=\"og:image\" content=\"https:\/\/institutfrancais.sk\/wp-content\/uploads\/2025\/09\/swarm.png\" \/>\n\t<meta property=\"og:image:width\" content=\"945\" \/>\n\t<meta property=\"og:image:height\" content=\"585\" \/>\n\t<meta property=\"og:image:type\" content=\"image\/png\" \/>\n<meta name=\"twitter:card\" content=\"summary_large_image\" \/>\n<meta name=\"twitter:label1\" content=\"Dur\u00e9e de lecture estim\u00e9e\" \/>\n\t<meta name=\"twitter:data1\" content=\"2 minutes\" \/>\n<script type=\"application\/ld+json\" class=\"yoast-schema-graph\">{\"@context\":\"https:\/\/schema.org\",\"@graph\":[{\"@type\":\"WebPage\",\"@id\":\"https:\/\/institutfrancais.sk\/fr\/podujatie\/exposition-theorie-de-lessaim-avec-une-oeuvre-sonore-de-lartiste-francais-felix-blume\/\",\"url\":\"https:\/\/institutfrancais.sk\/fr\/podujatie\/exposition-theorie-de-lessaim-avec-une-oeuvre-sonore-de-lartiste-francais-felix-blume\/\",\"name\":\"Exposition \u00ab Th\u00e9orie de l'essaim \u00bb avec une \u0153uvre sonore de l'artiste fran\u00e7ais F\u00e9lix Blume - Franc\u00fazsky in\u0161tit\u00fat na Slovensku\",\"isPartOf\":{\"@id\":\"https:\/\/institutfrancais.sk\/fr\/#website\"},\"primaryImageOfPage\":{\"@id\":\"https:\/\/institutfrancais.sk\/fr\/podujatie\/exposition-theorie-de-lessaim-avec-une-oeuvre-sonore-de-lartiste-francais-felix-blume\/#primaryimage\"},\"image\":{\"@id\":\"https:\/\/institutfrancais.sk\/fr\/podujatie\/exposition-theorie-de-lessaim-avec-une-oeuvre-sonore-de-lartiste-francais-felix-blume\/#primaryimage\"},\"thumbnailUrl\":\"https:\/\/institutfrancais.sk\/wp-content\/uploads\/2025\/09\/swarm.png\",\"datePublished\":\"2025-09-04T15:28:43+00:00\",\"dateModified\":\"2025-09-05T09:09:22+00:00\",\"description\":\"Exposition \u00ab Th\u00e9orie de l'essaim \u00bb avec une \u0153uvre sonore de l'artiste fran\u00e7ais F\u00e9lix Blume\",\"breadcrumb\":{\"@id\":\"https:\/\/institutfrancais.sk\/fr\/podujatie\/exposition-theorie-de-lessaim-avec-une-oeuvre-sonore-de-lartiste-francais-felix-blume\/#breadcrumb\"},\"inLanguage\":\"fr-FR\",\"potentialAction\":[{\"@type\":\"ReadAction\",\"target\":[\"https:\/\/institutfrancais.sk\/fr\/podujatie\/exposition-theorie-de-lessaim-avec-une-oeuvre-sonore-de-lartiste-francais-felix-blume\/\"]}]},{\"@type\":\"ImageObject\",\"inLanguage\":\"fr-FR\",\"@id\":\"https:\/\/institutfrancais.sk\/fr\/podujatie\/exposition-theorie-de-lessaim-avec-une-oeuvre-sonore-de-lartiste-francais-felix-blume\/#primaryimage\",\"url\":\"https:\/\/institutfrancais.sk\/wp-content\/uploads\/2025\/09\/swarm.png\",\"contentUrl\":\"https:\/\/institutfrancais.sk\/wp-content\/uploads\/2025\/09\/swarm.png\",\"width\":945,\"height\":585},{\"@type\":\"BreadcrumbList\",\"@id\":\"https:\/\/institutfrancais.sk\/fr\/podujatie\/exposition-theorie-de-lessaim-avec-une-oeuvre-sonore-de-lartiste-francais-felix-blume\/#breadcrumb\",\"itemListElement\":[{\"@type\":\"ListItem\",\"position\":1,\"name\":\"Home\",\"item\":\"https:\/\/institutfrancais.sk\/fr\/\"},{\"@type\":\"ListItem\",\"position\":2,\"name\":\"Events\",\"item\":\"https:\/\/institutfrancais.sk\/fr\/podujatie\/\"},{\"@type\":\"ListItem\",\"position\":3,\"name\":\"Exposition \u00ab Th\u00e9orie de l&rsquo;essaim \u00bb avec une \u0153uvre sonore de l&rsquo;artiste fran\u00e7ais F\u00e9lix Blume\"}]},{\"@type\":\"WebSite\",\"@id\":\"https:\/\/institutfrancais.sk\/fr\/#website\",\"url\":\"https:\/\/institutfrancais.sk\/fr\/\",\"name\":\"Franc\u00fazsky in\u0161tit\u00fat na Slovensku\",\"description\":\"Franc\u00fazsky in\u0161tit\u00fat na Slovensku\",\"potentialAction\":[{\"@type\":\"SearchAction\",\"target\":{\"@type\":\"EntryPoint\",\"urlTemplate\":\"https:\/\/institutfrancais.sk\/fr\/?s={search_term_string}\"},\"query-input\":{\"@type\":\"PropertyValueSpecification\",\"valueRequired\":true,\"valueName\":\"search_term_string\"}}],\"inLanguage\":\"fr-FR\"}]}<\/script>\n<!-- \/ Yoast SEO plugin. -->","yoast_head_json":{"title":"Exposition \u00ab Th\u00e9orie de l'essaim \u00bb avec une \u0153uvre sonore de l'artiste fran\u00e7ais F\u00e9lix Blume - Franc\u00fazsky in\u0161tit\u00fat na Slovensku","description":"Exposition \u00ab Th\u00e9orie de l'essaim \u00bb avec une \u0153uvre sonore de l'artiste fran\u00e7ais F\u00e9lix Blume","robots":{"index":"index","follow":"follow","max-snippet":"max-snippet:-1","max-image-preview":"max-image-preview:large","max-video-preview":"max-video-preview:-1"},"canonical":"https:\/\/institutfrancais.sk\/fr\/podujatie\/exposition-theorie-de-lessaim-avec-une-oeuvre-sonore-de-lartiste-francais-felix-blume\/","og_locale":"fr_FR","og_type":"article","og_title":"Exposition \u00ab Th\u00e9orie de l'essaim \u00bb avec une \u0153uvre sonore de l'artiste fran\u00e7ais F\u00e9lix Blume - Franc\u00fazsky in\u0161tit\u00fat na Slovensku","og_description":"Exposition \u00ab Th\u00e9orie de l'essaim \u00bb avec une \u0153uvre sonore de l'artiste fran\u00e7ais F\u00e9lix Blume","og_url":"https:\/\/institutfrancais.sk\/fr\/podujatie\/exposition-theorie-de-lessaim-avec-une-oeuvre-sonore-de-lartiste-francais-felix-blume\/","og_site_name":"Franc\u00fazsky in\u0161tit\u00fat na Slovensku","article_modified_time":"2025-09-05T09:09:22+00:00","og_image":[{"width":945,"height":585,"url":"https:\/\/institutfrancais.sk\/wp-content\/uploads\/2025\/09\/swarm.png","type":"image\/png"}],"twitter_card":"summary_large_image","twitter_misc":{"Dur\u00e9e de lecture estim\u00e9e":"2 minutes"},"schema":{"@context":"https:\/\/schema.org","@graph":[{"@type":"WebPage","@id":"https:\/\/institutfrancais.sk\/fr\/podujatie\/exposition-theorie-de-lessaim-avec-une-oeuvre-sonore-de-lartiste-francais-felix-blume\/","url":"https:\/\/institutfrancais.sk\/fr\/podujatie\/exposition-theorie-de-lessaim-avec-une-oeuvre-sonore-de-lartiste-francais-felix-blume\/","name":"Exposition \u00ab Th\u00e9orie de l'essaim \u00bb avec une \u0153uvre sonore de l'artiste fran\u00e7ais F\u00e9lix Blume - Franc\u00fazsky in\u0161tit\u00fat na Slovensku","isPartOf":{"@id":"https:\/\/institutfrancais.sk\/fr\/#website"},"primaryImageOfPage":{"@id":"https:\/\/institutfrancais.sk\/fr\/podujatie\/exposition-theorie-de-lessaim-avec-une-oeuvre-sonore-de-lartiste-francais-felix-blume\/#primaryimage"},"image":{"@id":"https:\/\/institutfrancais.sk\/fr\/podujatie\/exposition-theorie-de-lessaim-avec-une-oeuvre-sonore-de-lartiste-francais-felix-blume\/#primaryimage"},"thumbnailUrl":"https:\/\/institutfrancais.sk\/wp-content\/uploads\/2025\/09\/swarm.png","datePublished":"2025-09-04T15:28:43+00:00","dateModified":"2025-09-05T09:09:22+00:00","description":"Exposition \u00ab Th\u00e9orie de l'essaim \u00bb avec une \u0153uvre sonore de l'artiste fran\u00e7ais F\u00e9lix Blume","breadcrumb":{"@id":"https:\/\/institutfrancais.sk\/fr\/podujatie\/exposition-theorie-de-lessaim-avec-une-oeuvre-sonore-de-lartiste-francais-felix-blume\/#breadcrumb"},"inLanguage":"fr-FR","potentialAction":[{"@type":"ReadAction","target":["https:\/\/institutfrancais.sk\/fr\/podujatie\/exposition-theorie-de-lessaim-avec-une-oeuvre-sonore-de-lartiste-francais-felix-blume\/"]}]},{"@type":"ImageObject","inLanguage":"fr-FR","@id":"https:\/\/institutfrancais.sk\/fr\/podujatie\/exposition-theorie-de-lessaim-avec-une-oeuvre-sonore-de-lartiste-francais-felix-blume\/#primaryimage","url":"https:\/\/institutfrancais.sk\/wp-content\/uploads\/2025\/09\/swarm.png","contentUrl":"https:\/\/institutfrancais.sk\/wp-content\/uploads\/2025\/09\/swarm.png","width":945,"height":585},{"@type":"BreadcrumbList","@id":"https:\/\/institutfrancais.sk\/fr\/podujatie\/exposition-theorie-de-lessaim-avec-une-oeuvre-sonore-de-lartiste-francais-felix-blume\/#breadcrumb","itemListElement":[{"@type":"ListItem","position":1,"name":"Home","item":"https:\/\/institutfrancais.sk\/fr\/"},{"@type":"ListItem","position":2,"name":"Events","item":"https:\/\/institutfrancais.sk\/fr\/podujatie\/"},{"@type":"ListItem","position":3,"name":"Exposition \u00ab Th\u00e9orie de l&rsquo;essaim \u00bb avec une \u0153uvre sonore de l&rsquo;artiste fran\u00e7ais F\u00e9lix Blume"}]},{"@type":"WebSite","@id":"https:\/\/institutfrancais.sk\/fr\/#website","url":"https:\/\/institutfrancais.sk\/fr\/","name":"Franc\u00fazsky in\u0161tit\u00fat na Slovensku","description":"Franc\u00fazsky in\u0161tit\u00fat na Slovensku","potentialAction":[{"@type":"SearchAction","target":{"@type":"EntryPoint","urlTemplate":"https:\/\/institutfrancais.sk\/fr\/?s={search_term_string}"},"query-input":{"@type":"PropertyValueSpecification","valueRequired":true,"valueName":"search_term_string"}}],"inLanguage":"fr-FR"}]}},"_links":{"self":[{"href":"https:\/\/institutfrancais.sk\/fr\/wp-json\/wp\/v2\/podujatie\/37123"}],"collection":[{"href":"https:\/\/institutfrancais.sk\/fr\/wp-json\/wp\/v2\/podujatie"}],"about":[{"href":"https:\/\/institutfrancais.sk\/fr\/wp-json\/wp\/v2\/types\/podujatie"}],"wp:featuredmedia":[{"embeddable":true,"href":"https:\/\/institutfrancais.sk\/fr\/wp-json\/wp\/v2\/media\/37128"}],"wp:attachment":[{"href":"https:\/\/institutfrancais.sk\/fr\/wp-json\/wp\/v2\/media?parent=37123"}],"wp:term":[{"taxonomy":"typ-podujatia","embeddable":true,"href":"https:\/\/institutfrancais.sk\/fr\/wp-json\/wp\/v2\/typ-podujatia?post=37123"}],"curies":[{"name":"wp","href":"https:\/\/api.w.org\/{rel}","templated":true}]}}