{"id":37272,"date":"2025-09-22T19:10:45","date_gmt":"2025-09-22T17:10:45","guid":{"rendered":"https:\/\/institutfrancais.sk\/?post_type=podujatie&#038;p=37272"},"modified":"2025-09-25T11:19:47","modified_gmt":"2025-09-25T09:19:47","slug":"bratislava-en-mouvement-2025-solene-weinachter-after-all","status":"publish","type":"podujatie","link":"https:\/\/institutfrancais.sk\/fr\/podujatie\/bratislava-en-mouvement-2025-solene-weinachter-after-all\/","title":{"rendered":"Bratislava en mouvement 2025 : Sol\u00e8ne Weinachter : After All"},"content":{"rendered":"\n<p class=\"has-small-font-size\" id=\"block-5ec60c60-fb45-4d18-9334-3bc074da2838\">Sol\u00e8ne Weinachter: <em>After All<\/em>, photo par Lilia Zanetti, avec l&rsquo;aimable permission du festival Bratislava v&nbsp;pohybe<\/p>\n\n\n\n<p>AFTER ALL est un spectacle sur acceptation de la mort.<\/p>\n\n\n\n<p>Dans cette c\u00e9l\u00e9bration de notre existence vuln\u00e9rable et courageuse, Sol\u00e8ne Weinachter m\u00eale danse, com\u00e9die, narration et th\u00e9\u00e2tre pour poser la question suivante : que se passe-t-il \u00e0 la fin ?<\/p>\n\n\n\n<p>Bien que la mort nous touche tous, en parler est souvent un tabou qui peut conduire les gens \u00e0 vivre leur deuil dans l&rsquo;isolement.<\/p>\n\n\n\n<p>\u00c0 travers une s\u00e9rie de reconstitutions passionn\u00e9es des fun\u00e9railles de ses proches, ainsi que de celles qu&rsquo;elle imagine pour elle-m\u00eame, Sol\u00e8ne tente de cr\u00e9er un espace plus propice, pour nous tous, afin d&rsquo;accepter la mort, le processus de fin de vie et la perte.<\/p>\n\n\n\n<p>AFTER ALL est une exploration sinc\u00e8re des diff\u00e9rents rituels fun\u00e9raires qui existent, ceux que nous avons perdus et ceux qui doivent \u00eatre invent\u00e9s. Ce spectacle nous rassemble joyeusement pour explorer le r\u00f4le que la danse peut jouer dans la gu\u00e9rison.<\/p>\n\n\n\n<p><em>Plus sur le spectacle <a href=\"https:\/\/www.bratislavavpohybe.sk\/program\/solene-weinachter-fr-uk-after-all\/\" target=\"_blank\" rel=\"noreferrer noopener\">sur le site du festival<\/a> et sur le <a href=\"http:\/\/www.soleneweinachter.com\/after-all.html\" target=\"_blank\" rel=\"noreferrer noopener\">site<\/a> de l&rsquo;artiste.<\/em><\/p>\n\n\n\n<figure class=\"wp-block-embed is-type-video is-provider-youtube wp-block-embed-youtube wp-embed-aspect-16-9 wp-has-aspect-ratio\"><div class=\"wp-block-embed__wrapper\">\n<iframe loading=\"lazy\" title=\"After All by Sol\u00e8ne Weinachter\" width=\"500\" height=\"281\" src=\"https:\/\/www.youtube.com\/embed\/UCyVbkaYEKo?start=43&#038;feature=oembed\" frameborder=\"0\" allow=\"accelerometer; autoplay; clipboard-write; encrypted-media; gyroscope; picture-in-picture; web-share\" referrerpolicy=\"strict-origin-when-cross-origin\" allowfullscreen><\/iframe>\n<\/div><\/figure>\n\n\n<div class=\"space md\"><\/div>\n\n<\/div><iframe loading=\"lazy\" src=\"https:\/\/www.google.com\/maps\/embed?pb=!1m18!1m12!1m3!1d2661.582127880456!2d17.111104676821267!3d48.15686084981784!2m3!1f0!2f0!3f0!3m2!1i1024!2i768!4f13.1!3m3!1m2!1s0x476c894379388189%3A0xd7c9cae9384eafca!2zQTQg4oCTIFByaWVzdG9yIHPDusSNYXNuZWoga3VsdMO6cnk!5e0!3m2!1ssk!2ssk!4v1758559591899!5m2!1ssk!2ssk\" width=\"100%\" height=\"558\" frameborder=\"0\" class=\"gmap-iframe\" allowfullscreen=\"\"><\/iframe><div class=\"wrap narrow-wrap\">","protected":false},"featured_media":37271,"template":"","typ-podujatia":[293],"acf":[],"yoast_head":"<!-- This site is optimized with the Yoast SEO plugin v24.5 - https:\/\/yoast.com\/wordpress\/plugins\/seo\/ -->\n<title>Bratislava en mouvement 2025 : Sol\u00e8ne Weinachter : After All - Franc\u00fazsky in\u0161tit\u00fat na Slovensku<\/title>\n<meta name=\"description\" content=\"Bratislava en mouvement 2025 : Sol\u00e8ne Weinachter : After All\" \/>\n<meta name=\"robots\" content=\"index, follow, max-snippet:-1, max-image-preview:large, max-video-preview:-1\" \/>\n<link rel=\"canonical\" href=\"https:\/\/institutfrancais.sk\/fr\/podujatie\/bratislava-en-mouvement-2025-solene-weinachter-after-all\/\" \/>\n<meta property=\"og:locale\" content=\"fr_FR\" \/>\n<meta property=\"og:type\" content=\"article\" \/>\n<meta property=\"og:title\" content=\"Bratislava en mouvement 2025 : Sol\u00e8ne Weinachter : After All - Franc\u00fazsky in\u0161tit\u00fat na Slovensku\" \/>\n<meta property=\"og:description\" content=\"Bratislava en mouvement 2025 : Sol\u00e8ne Weinachter : After All\" \/>\n<meta property=\"og:url\" content=\"https:\/\/institutfrancais.sk\/fr\/podujatie\/bratislava-en-mouvement-2025-solene-weinachter-after-all\/\" \/>\n<meta property=\"og:site_name\" content=\"Franc\u00fazsky in\u0161tit\u00fat na Slovensku\" \/>\n<meta property=\"article:modified_time\" content=\"2025-09-25T09:19:47+00:00\" \/>\n<meta property=\"og:image\" content=\"https:\/\/institutfrancais.sk\/wp-content\/uploads\/2025\/09\/AA-SW-LZ.jpg\" \/>\n\t<meta property=\"og:image:width\" content=\"1978\" \/>\n\t<meta property=\"og:image:height\" content=\"1319\" \/>\n\t<meta property=\"og:image:type\" content=\"image\/jpeg\" \/>\n<meta name=\"twitter:card\" content=\"summary_large_image\" \/>\n<meta name=\"twitter:label1\" content=\"Dur\u00e9e de lecture estim\u00e9e\" \/>\n\t<meta name=\"twitter:data1\" content=\"2 minutes\" \/>\n<script type=\"application\/ld+json\" class=\"yoast-schema-graph\">{\"@context\":\"https:\/\/schema.org\",\"@graph\":[{\"@type\":\"WebPage\",\"@id\":\"https:\/\/institutfrancais.sk\/fr\/podujatie\/bratislava-en-mouvement-2025-solene-weinachter-after-all\/\",\"url\":\"https:\/\/institutfrancais.sk\/fr\/podujatie\/bratislava-en-mouvement-2025-solene-weinachter-after-all\/\",\"name\":\"Bratislava en mouvement 2025 : Sol\u00e8ne Weinachter : After All - Franc\u00fazsky in\u0161tit\u00fat na Slovensku\",\"isPartOf\":{\"@id\":\"https:\/\/institutfrancais.sk\/fr\/#website\"},\"primaryImageOfPage\":{\"@id\":\"https:\/\/institutfrancais.sk\/fr\/podujatie\/bratislava-en-mouvement-2025-solene-weinachter-after-all\/#primaryimage\"},\"image\":{\"@id\":\"https:\/\/institutfrancais.sk\/fr\/podujatie\/bratislava-en-mouvement-2025-solene-weinachter-after-all\/#primaryimage\"},\"thumbnailUrl\":\"https:\/\/institutfrancais.sk\/wp-content\/uploads\/2025\/09\/AA-SW-LZ.jpg\",\"datePublished\":\"2025-09-22T17:10:45+00:00\",\"dateModified\":\"2025-09-25T09:19:47+00:00\",\"description\":\"Bratislava en mouvement 2025 : Sol\u00e8ne Weinachter : After All\",\"breadcrumb\":{\"@id\":\"https:\/\/institutfrancais.sk\/fr\/podujatie\/bratislava-en-mouvement-2025-solene-weinachter-after-all\/#breadcrumb\"},\"inLanguage\":\"fr-FR\",\"potentialAction\":[{\"@type\":\"ReadAction\",\"target\":[\"https:\/\/institutfrancais.sk\/fr\/podujatie\/bratislava-en-mouvement-2025-solene-weinachter-after-all\/\"]}]},{\"@type\":\"ImageObject\",\"inLanguage\":\"fr-FR\",\"@id\":\"https:\/\/institutfrancais.sk\/fr\/podujatie\/bratislava-en-mouvement-2025-solene-weinachter-after-all\/#primaryimage\",\"url\":\"https:\/\/institutfrancais.sk\/wp-content\/uploads\/2025\/09\/AA-SW-LZ.jpg\",\"contentUrl\":\"https:\/\/institutfrancais.sk\/wp-content\/uploads\/2025\/09\/AA-SW-LZ.jpg\",\"width\":1978,\"height\":1319},{\"@type\":\"BreadcrumbList\",\"@id\":\"https:\/\/institutfrancais.sk\/fr\/podujatie\/bratislava-en-mouvement-2025-solene-weinachter-after-all\/#breadcrumb\",\"itemListElement\":[{\"@type\":\"ListItem\",\"position\":1,\"name\":\"Home\",\"item\":\"https:\/\/institutfrancais.sk\/fr\/\"},{\"@type\":\"ListItem\",\"position\":2,\"name\":\"Events\",\"item\":\"https:\/\/institutfrancais.sk\/fr\/podujatie\/\"},{\"@type\":\"ListItem\",\"position\":3,\"name\":\"Bratislava en mouvement 2025 : Sol\u00e8ne Weinachter : After All\"}]},{\"@type\":\"WebSite\",\"@id\":\"https:\/\/institutfrancais.sk\/fr\/#website\",\"url\":\"https:\/\/institutfrancais.sk\/fr\/\",\"name\":\"Franc\u00fazsky in\u0161tit\u00fat na Slovensku\",\"description\":\"Franc\u00fazsky in\u0161tit\u00fat na Slovensku\",\"potentialAction\":[{\"@type\":\"SearchAction\",\"target\":{\"@type\":\"EntryPoint\",\"urlTemplate\":\"https:\/\/institutfrancais.sk\/fr\/?s={search_term_string}\"},\"query-input\":{\"@type\":\"PropertyValueSpecification\",\"valueRequired\":true,\"valueName\":\"search_term_string\"}}],\"inLanguage\":\"fr-FR\"}]}<\/script>\n<!-- \/ Yoast SEO plugin. -->","yoast_head_json":{"title":"Bratislava en mouvement 2025 : Sol\u00e8ne Weinachter : After All - Franc\u00fazsky in\u0161tit\u00fat na Slovensku","description":"Bratislava en mouvement 2025 : Sol\u00e8ne Weinachter : After All","robots":{"index":"index","follow":"follow","max-snippet":"max-snippet:-1","max-image-preview":"max-image-preview:large","max-video-preview":"max-video-preview:-1"},"canonical":"https:\/\/institutfrancais.sk\/fr\/podujatie\/bratislava-en-mouvement-2025-solene-weinachter-after-all\/","og_locale":"fr_FR","og_type":"article","og_title":"Bratislava en mouvement 2025 : Sol\u00e8ne Weinachter : After All - Franc\u00fazsky in\u0161tit\u00fat na Slovensku","og_description":"Bratislava en mouvement 2025 : Sol\u00e8ne Weinachter : After All","og_url":"https:\/\/institutfrancais.sk\/fr\/podujatie\/bratislava-en-mouvement-2025-solene-weinachter-after-all\/","og_site_name":"Franc\u00fazsky in\u0161tit\u00fat na Slovensku","article_modified_time":"2025-09-25T09:19:47+00:00","og_image":[{"width":1978,"height":1319,"url":"https:\/\/institutfrancais.sk\/wp-content\/uploads\/2025\/09\/AA-SW-LZ.jpg","type":"image\/jpeg"}],"twitter_card":"summary_large_image","twitter_misc":{"Dur\u00e9e de lecture estim\u00e9e":"2 minutes"},"schema":{"@context":"https:\/\/schema.org","@graph":[{"@type":"WebPage","@id":"https:\/\/institutfrancais.sk\/fr\/podujatie\/bratislava-en-mouvement-2025-solene-weinachter-after-all\/","url":"https:\/\/institutfrancais.sk\/fr\/podujatie\/bratislava-en-mouvement-2025-solene-weinachter-after-all\/","name":"Bratislava en mouvement 2025 : Sol\u00e8ne Weinachter : After All - Franc\u00fazsky in\u0161tit\u00fat na Slovensku","isPartOf":{"@id":"https:\/\/institutfrancais.sk\/fr\/#website"},"primaryImageOfPage":{"@id":"https:\/\/institutfrancais.sk\/fr\/podujatie\/bratislava-en-mouvement-2025-solene-weinachter-after-all\/#primaryimage"},"image":{"@id":"https:\/\/institutfrancais.sk\/fr\/podujatie\/bratislava-en-mouvement-2025-solene-weinachter-after-all\/#primaryimage"},"thumbnailUrl":"https:\/\/institutfrancais.sk\/wp-content\/uploads\/2025\/09\/AA-SW-LZ.jpg","datePublished":"2025-09-22T17:10:45+00:00","dateModified":"2025-09-25T09:19:47+00:00","description":"Bratislava en mouvement 2025 : Sol\u00e8ne Weinachter : After All","breadcrumb":{"@id":"https:\/\/institutfrancais.sk\/fr\/podujatie\/bratislava-en-mouvement-2025-solene-weinachter-after-all\/#breadcrumb"},"inLanguage":"fr-FR","potentialAction":[{"@type":"ReadAction","target":["https:\/\/institutfrancais.sk\/fr\/podujatie\/bratislava-en-mouvement-2025-solene-weinachter-after-all\/"]}]},{"@type":"ImageObject","inLanguage":"fr-FR","@id":"https:\/\/institutfrancais.sk\/fr\/podujatie\/bratislava-en-mouvement-2025-solene-weinachter-after-all\/#primaryimage","url":"https:\/\/institutfrancais.sk\/wp-content\/uploads\/2025\/09\/AA-SW-LZ.jpg","contentUrl":"https:\/\/institutfrancais.sk\/wp-content\/uploads\/2025\/09\/AA-SW-LZ.jpg","width":1978,"height":1319},{"@type":"BreadcrumbList","@id":"https:\/\/institutfrancais.sk\/fr\/podujatie\/bratislava-en-mouvement-2025-solene-weinachter-after-all\/#breadcrumb","itemListElement":[{"@type":"ListItem","position":1,"name":"Home","item":"https:\/\/institutfrancais.sk\/fr\/"},{"@type":"ListItem","position":2,"name":"Events","item":"https:\/\/institutfrancais.sk\/fr\/podujatie\/"},{"@type":"ListItem","position":3,"name":"Bratislava en mouvement 2025 : Sol\u00e8ne Weinachter : After All"}]},{"@type":"WebSite","@id":"https:\/\/institutfrancais.sk\/fr\/#website","url":"https:\/\/institutfrancais.sk\/fr\/","name":"Franc\u00fazsky in\u0161tit\u00fat na Slovensku","description":"Franc\u00fazsky in\u0161tit\u00fat na Slovensku","potentialAction":[{"@type":"SearchAction","target":{"@type":"EntryPoint","urlTemplate":"https:\/\/institutfrancais.sk\/fr\/?s={search_term_string}"},"query-input":{"@type":"PropertyValueSpecification","valueRequired":true,"valueName":"search_term_string"}}],"inLanguage":"fr-FR"}]}},"_links":{"self":[{"href":"https:\/\/institutfrancais.sk\/fr\/wp-json\/wp\/v2\/podujatie\/37272"}],"collection":[{"href":"https:\/\/institutfrancais.sk\/fr\/wp-json\/wp\/v2\/podujatie"}],"about":[{"href":"https:\/\/institutfrancais.sk\/fr\/wp-json\/wp\/v2\/types\/podujatie"}],"wp:featuredmedia":[{"embeddable":true,"href":"https:\/\/institutfrancais.sk\/fr\/wp-json\/wp\/v2\/media\/37271"}],"wp:attachment":[{"href":"https:\/\/institutfrancais.sk\/fr\/wp-json\/wp\/v2\/media?parent=37272"}],"wp:term":[{"taxonomy":"typ-podujatia","embeddable":true,"href":"https:\/\/institutfrancais.sk\/fr\/wp-json\/wp\/v2\/typ-podujatia?post=37272"}],"curies":[{"name":"wp","href":"https:\/\/api.w.org\/{rel}","templated":true}]}}