{"id":37322,"date":"2025-09-25T11:33:24","date_gmt":"2025-09-25T09:33:24","guid":{"rendered":"https:\/\/institutfrancais.sk\/podujatie\/marie-antoinette-harfovy-recital-elisabeth-plank\/"},"modified":"2025-09-25T12:00:26","modified_gmt":"2025-09-25T10:00:26","slug":"marie-antoinette-harfovy-recital-elisabeth-plank","status":"publish","type":"podujatie","link":"https:\/\/institutfrancais.sk\/fr\/podujatie\/marie-antoinette-harfovy-recital-elisabeth-plank\/","title":{"rendered":"Marie-Antoinette : R\u00e9cital de harpe d\u2019Elisabeth Plank"},"content":{"rendered":"\n<p>Marie-Antoinette a&nbsp;grandi \u00e0 Vienne dans un environnement o\u00f9 la musique et la danse faisaient partie int\u00e9grante de son \u00e9ducation. Parmi ses instruments pr\u00e9f\u00e9r\u00e9s figurait la harpe. Lorsqu\u2019elle arriva en 1770 \u00e0 la cour de France comme jeune fianc\u00e9e de quatorze ans, elle apporta avec elle non seulement des compositeurs autrichiens, mais aussi un amour de la musique qui influen\u00e7a le go\u00fbt de toute l\u2019aristocratie. D\u00e9couvrez l\u2019exposition&nbsp;<em>Marie-Antoinette<\/em>&nbsp;sous un nouveau jour gr\u00e2ce \u00e0 une exp\u00e9rience musicale accompagn\u00e9e d\u2019une d\u00e9gustation de vins fran\u00e7ais.<\/p>\n\n\n\n<p>Le r\u00e9cital de harpe d\u2019Elisabeth Plank sera accompagn\u00e9 d\u2019une lecture en slovaque par Beata Greneche.<\/p>\n\n\n\n<p>\u00c0 propos d\u2019<strong>Elisabeth Plank<\/strong>, la BBC Radio Scotland a&nbsp;\u00e9crit : \u00ab une interpr\u00e8te exceptionnelle, ma\u00eetrisant parfaitement son instrument, pleine de caract\u00e8re et de couleurs dans son jeu \u00bb. Elle compte parmi les personnalit\u00e9s les plus marquantes de la jeune g\u00e9n\u00e9ration de harpistes. Force et fragilit\u00e9, virtuosit\u00e9 et \u00e9motion, cr\u00e9ativit\u00e9 et tradition \u2013 elle r\u00e9unit tous ces contrastes en une exp\u00e9rience musicale unique et brillante. La harpiste autrichienne s\u2019est impos\u00e9e comme soliste de renomm\u00e9e internationale et ambassadrice de son instrument.<\/p>\n\n\n\n<p><strong>Beata Greneche<\/strong>&nbsp;est actrice et productrice. Elle a&nbsp;\u00e9tudi\u00e9 l\u2019art dramatique \u00e0 la V\u0160MU de Bratislava ainsi qu\u2019\u00e0 l\u2019\u00e9cole de th\u00e9\u00e2tre Florent \u00e0 Paris. Elle vit entre Prague et Toulouse, o\u00f9 elle se consacre \u00e0 la production cin\u00e9matographique et \u00e0 l\u2019organisation d\u2019\u00e9v\u00e9nements culturels \u2013 elle est notamment coproductrice de l\u2019exposition&nbsp;<em>Marie-Antoinette : De Vienne \u00e0 Versailles jusqu\u2019\u00e0 la guillotine<\/em>&nbsp;au Ch\u00e2teau de Bratislava. Sa lecture permettra aux visiteurs de comprendre l\u2019importance de la musique dans la vie personnelle de Marie-Antoinette \u2013 comme source de plaisir, d\u2019inspiration et de beaut\u00e9.<\/p>\n\n\n<div class=\"text-center\"><a href=\"https:\/\/snm-online.sk\/marie-antoinette-harfovy-recital-elisabeth-plank\/\" class=\"btn\">BILLETS<\/a><\/div>\n\n\n<p><strong>Votre billet comprend :<\/strong><\/p>\n\n\n\n<ul>\n<li>L\u2019entr\u00e9e \u00e0 l\u2019exposition&nbsp;<em>Marie-Antoinette<\/em>&nbsp;le m\u00eame jour \u2013 l\u2019exposition, pr\u00e9sent\u00e9e dans la Salle des Chevaliers du Ch\u00e2teau de Bratislava, est ouverte jusqu\u2019\u00e0 18h00. Il est donc conseill\u00e9 d\u2019arriver vers 17h00 pour avoir le temps de la visiter avant le concert.<\/li>\n\n\n\n<li>Le r\u00e9cital de harpe d\u2019Elisabeth Plank, accompagn\u00e9 d\u2019une lecture en slovaque par Beata Greneche \u2013 d\u00e9but \u00e0 18h00 dans la chapelle du ch\u00e2teau.<\/li>\n\n\n\n<li>Une d\u00e9gustation de vins fran\u00e7ais dans les salons de repr\u00e9sentation nord du ch\u00e2teau, \u00e0 l\u2019issue du concert.<\/li>\n<\/ul>\n\n\n\n<p>Cet \u00e9v\u00e9nement est organis\u00e9 par les producteurs de l\u2019exposition (<em>Ch\u00e2teau de Versailles Spectacles, SNM \u2013 Mus\u00e9e historique et Beart production s.r.o.<\/em>), en coproduction avec le Forum culturel autrichien de Bratislava.<\/p>\n\n\n<div class=\"space md\"><\/div>","protected":false},"featured_media":37321,"template":"","typ-podujatia":[51],"acf":[],"yoast_head":"<!-- This site is optimized with the Yoast SEO plugin v24.5 - https:\/\/yoast.com\/wordpress\/plugins\/seo\/ -->\n<title>Marie-Antoinette : R\u00e9cital de harpe d\u2019Elisabeth Plank - Franc\u00fazsky in\u0161tit\u00fat na Slovensku<\/title>\n<meta name=\"robots\" content=\"index, follow, max-snippet:-1, max-image-preview:large, max-video-preview:-1\" \/>\n<link rel=\"canonical\" href=\"https:\/\/institutfrancais.sk\/fr\/podujatie\/marie-antoinette-harfovy-recital-elisabeth-plank\/\" \/>\n<meta property=\"og:locale\" content=\"fr_FR\" \/>\n<meta property=\"og:type\" content=\"article\" \/>\n<meta property=\"og:title\" content=\"Marie-Antoinette : R\u00e9cital de harpe d\u2019Elisabeth Plank - Franc\u00fazsky in\u0161tit\u00fat na Slovensku\" \/>\n<meta property=\"og:description\" content=\"Marie-Antoinette a&nbsp;grandi \u00e0 Vienne dans un environnement o\u00f9 la musique et la danse faisaient partie int\u00e9grante de son \u00e9ducation. Parmi ses instruments pr\u00e9f\u00e9r\u00e9s figurait la harpe. Lorsqu\u2019elle arriva en 1770 \u00e0 la cour de France comme jeune fianc\u00e9e de quatorze ans, elle apporta avec elle non seulement des compositeurs autrichiens, mais aussi un amour de [&hellip;]\" \/>\n<meta property=\"og:url\" content=\"https:\/\/institutfrancais.sk\/fr\/podujatie\/marie-antoinette-harfovy-recital-elisabeth-plank\/\" \/>\n<meta property=\"og:site_name\" content=\"Franc\u00fazsky in\u0161tit\u00fat na Slovensku\" \/>\n<meta property=\"article:modified_time\" content=\"2025-09-25T10:00:26+00:00\" \/>\n<meta property=\"og:image\" content=\"https:\/\/institutfrancais.sk\/wp-content\/uploads\/2025\/09\/harfa2.jpg\" \/>\n\t<meta property=\"og:image:width\" content=\"1050\" \/>\n\t<meta property=\"og:image:height\" content=\"480\" \/>\n\t<meta property=\"og:image:type\" content=\"image\/jpeg\" \/>\n<meta name=\"twitter:card\" content=\"summary_large_image\" \/>\n<meta name=\"twitter:label1\" content=\"Dur\u00e9e de lecture estim\u00e9e\" \/>\n\t<meta name=\"twitter:data1\" content=\"3 minutes\" \/>\n<script type=\"application\/ld+json\" class=\"yoast-schema-graph\">{\"@context\":\"https:\/\/schema.org\",\"@graph\":[{\"@type\":\"WebPage\",\"@id\":\"https:\/\/institutfrancais.sk\/fr\/podujatie\/marie-antoinette-harfovy-recital-elisabeth-plank\/\",\"url\":\"https:\/\/institutfrancais.sk\/fr\/podujatie\/marie-antoinette-harfovy-recital-elisabeth-plank\/\",\"name\":\"Marie-Antoinette : R\u00e9cital de harpe d\u2019Elisabeth Plank - Franc\u00fazsky in\u0161tit\u00fat na Slovensku\",\"isPartOf\":{\"@id\":\"https:\/\/institutfrancais.sk\/fr\/#website\"},\"primaryImageOfPage\":{\"@id\":\"https:\/\/institutfrancais.sk\/fr\/podujatie\/marie-antoinette-harfovy-recital-elisabeth-plank\/#primaryimage\"},\"image\":{\"@id\":\"https:\/\/institutfrancais.sk\/fr\/podujatie\/marie-antoinette-harfovy-recital-elisabeth-plank\/#primaryimage\"},\"thumbnailUrl\":\"https:\/\/institutfrancais.sk\/wp-content\/uploads\/2025\/09\/harfa2.jpg\",\"datePublished\":\"2025-09-25T09:33:24+00:00\",\"dateModified\":\"2025-09-25T10:00:26+00:00\",\"breadcrumb\":{\"@id\":\"https:\/\/institutfrancais.sk\/fr\/podujatie\/marie-antoinette-harfovy-recital-elisabeth-plank\/#breadcrumb\"},\"inLanguage\":\"fr-FR\",\"potentialAction\":[{\"@type\":\"ReadAction\",\"target\":[\"https:\/\/institutfrancais.sk\/fr\/podujatie\/marie-antoinette-harfovy-recital-elisabeth-plank\/\"]}]},{\"@type\":\"ImageObject\",\"inLanguage\":\"fr-FR\",\"@id\":\"https:\/\/institutfrancais.sk\/fr\/podujatie\/marie-antoinette-harfovy-recital-elisabeth-plank\/#primaryimage\",\"url\":\"https:\/\/institutfrancais.sk\/wp-content\/uploads\/2025\/09\/harfa2.jpg\",\"contentUrl\":\"https:\/\/institutfrancais.sk\/wp-content\/uploads\/2025\/09\/harfa2.jpg\",\"width\":1050,\"height\":480},{\"@type\":\"BreadcrumbList\",\"@id\":\"https:\/\/institutfrancais.sk\/fr\/podujatie\/marie-antoinette-harfovy-recital-elisabeth-plank\/#breadcrumb\",\"itemListElement\":[{\"@type\":\"ListItem\",\"position\":1,\"name\":\"Home\",\"item\":\"https:\/\/institutfrancais.sk\/fr\/\"},{\"@type\":\"ListItem\",\"position\":2,\"name\":\"Events\",\"item\":\"https:\/\/institutfrancais.sk\/fr\/podujatie\/\"},{\"@type\":\"ListItem\",\"position\":3,\"name\":\"Marie-Antoinette : R\u00e9cital de harpe d\u2019Elisabeth Plank\"}]},{\"@type\":\"WebSite\",\"@id\":\"https:\/\/institutfrancais.sk\/fr\/#website\",\"url\":\"https:\/\/institutfrancais.sk\/fr\/\",\"name\":\"Franc\u00fazsky in\u0161tit\u00fat na Slovensku\",\"description\":\"Franc\u00fazsky in\u0161tit\u00fat na Slovensku\",\"potentialAction\":[{\"@type\":\"SearchAction\",\"target\":{\"@type\":\"EntryPoint\",\"urlTemplate\":\"https:\/\/institutfrancais.sk\/fr\/?s={search_term_string}\"},\"query-input\":{\"@type\":\"PropertyValueSpecification\",\"valueRequired\":true,\"valueName\":\"search_term_string\"}}],\"inLanguage\":\"fr-FR\"}]}<\/script>\n<!-- \/ Yoast SEO plugin. -->","yoast_head_json":{"title":"Marie-Antoinette : R\u00e9cital de harpe d\u2019Elisabeth Plank - Franc\u00fazsky in\u0161tit\u00fat na Slovensku","robots":{"index":"index","follow":"follow","max-snippet":"max-snippet:-1","max-image-preview":"max-image-preview:large","max-video-preview":"max-video-preview:-1"},"canonical":"https:\/\/institutfrancais.sk\/fr\/podujatie\/marie-antoinette-harfovy-recital-elisabeth-plank\/","og_locale":"fr_FR","og_type":"article","og_title":"Marie-Antoinette : R\u00e9cital de harpe d\u2019Elisabeth Plank - Franc\u00fazsky in\u0161tit\u00fat na Slovensku","og_description":"Marie-Antoinette a&nbsp;grandi \u00e0 Vienne dans un environnement o\u00f9 la musique et la danse faisaient partie int\u00e9grante de son \u00e9ducation. Parmi ses instruments pr\u00e9f\u00e9r\u00e9s figurait la harpe. Lorsqu\u2019elle arriva en 1770 \u00e0 la cour de France comme jeune fianc\u00e9e de quatorze ans, elle apporta avec elle non seulement des compositeurs autrichiens, mais aussi un amour de [&hellip;]","og_url":"https:\/\/institutfrancais.sk\/fr\/podujatie\/marie-antoinette-harfovy-recital-elisabeth-plank\/","og_site_name":"Franc\u00fazsky in\u0161tit\u00fat na Slovensku","article_modified_time":"2025-09-25T10:00:26+00:00","og_image":[{"width":1050,"height":480,"url":"https:\/\/institutfrancais.sk\/wp-content\/uploads\/2025\/09\/harfa2.jpg","type":"image\/jpeg"}],"twitter_card":"summary_large_image","twitter_misc":{"Dur\u00e9e de lecture estim\u00e9e":"3 minutes"},"schema":{"@context":"https:\/\/schema.org","@graph":[{"@type":"WebPage","@id":"https:\/\/institutfrancais.sk\/fr\/podujatie\/marie-antoinette-harfovy-recital-elisabeth-plank\/","url":"https:\/\/institutfrancais.sk\/fr\/podujatie\/marie-antoinette-harfovy-recital-elisabeth-plank\/","name":"Marie-Antoinette : R\u00e9cital de harpe d\u2019Elisabeth Plank - Franc\u00fazsky in\u0161tit\u00fat na Slovensku","isPartOf":{"@id":"https:\/\/institutfrancais.sk\/fr\/#website"},"primaryImageOfPage":{"@id":"https:\/\/institutfrancais.sk\/fr\/podujatie\/marie-antoinette-harfovy-recital-elisabeth-plank\/#primaryimage"},"image":{"@id":"https:\/\/institutfrancais.sk\/fr\/podujatie\/marie-antoinette-harfovy-recital-elisabeth-plank\/#primaryimage"},"thumbnailUrl":"https:\/\/institutfrancais.sk\/wp-content\/uploads\/2025\/09\/harfa2.jpg","datePublished":"2025-09-25T09:33:24+00:00","dateModified":"2025-09-25T10:00:26+00:00","breadcrumb":{"@id":"https:\/\/institutfrancais.sk\/fr\/podujatie\/marie-antoinette-harfovy-recital-elisabeth-plank\/#breadcrumb"},"inLanguage":"fr-FR","potentialAction":[{"@type":"ReadAction","target":["https:\/\/institutfrancais.sk\/fr\/podujatie\/marie-antoinette-harfovy-recital-elisabeth-plank\/"]}]},{"@type":"ImageObject","inLanguage":"fr-FR","@id":"https:\/\/institutfrancais.sk\/fr\/podujatie\/marie-antoinette-harfovy-recital-elisabeth-plank\/#primaryimage","url":"https:\/\/institutfrancais.sk\/wp-content\/uploads\/2025\/09\/harfa2.jpg","contentUrl":"https:\/\/institutfrancais.sk\/wp-content\/uploads\/2025\/09\/harfa2.jpg","width":1050,"height":480},{"@type":"BreadcrumbList","@id":"https:\/\/institutfrancais.sk\/fr\/podujatie\/marie-antoinette-harfovy-recital-elisabeth-plank\/#breadcrumb","itemListElement":[{"@type":"ListItem","position":1,"name":"Home","item":"https:\/\/institutfrancais.sk\/fr\/"},{"@type":"ListItem","position":2,"name":"Events","item":"https:\/\/institutfrancais.sk\/fr\/podujatie\/"},{"@type":"ListItem","position":3,"name":"Marie-Antoinette : R\u00e9cital de harpe d\u2019Elisabeth Plank"}]},{"@type":"WebSite","@id":"https:\/\/institutfrancais.sk\/fr\/#website","url":"https:\/\/institutfrancais.sk\/fr\/","name":"Franc\u00fazsky in\u0161tit\u00fat na Slovensku","description":"Franc\u00fazsky in\u0161tit\u00fat na Slovensku","potentialAction":[{"@type":"SearchAction","target":{"@type":"EntryPoint","urlTemplate":"https:\/\/institutfrancais.sk\/fr\/?s={search_term_string}"},"query-input":{"@type":"PropertyValueSpecification","valueRequired":true,"valueName":"search_term_string"}}],"inLanguage":"fr-FR"}]}},"_links":{"self":[{"href":"https:\/\/institutfrancais.sk\/fr\/wp-json\/wp\/v2\/podujatie\/37322"}],"collection":[{"href":"https:\/\/institutfrancais.sk\/fr\/wp-json\/wp\/v2\/podujatie"}],"about":[{"href":"https:\/\/institutfrancais.sk\/fr\/wp-json\/wp\/v2\/types\/podujatie"}],"wp:featuredmedia":[{"embeddable":true,"href":"https:\/\/institutfrancais.sk\/fr\/wp-json\/wp\/v2\/media\/37321"}],"wp:attachment":[{"href":"https:\/\/institutfrancais.sk\/fr\/wp-json\/wp\/v2\/media?parent=37322"}],"wp:term":[{"taxonomy":"typ-podujatia","embeddable":true,"href":"https:\/\/institutfrancais.sk\/fr\/wp-json\/wp\/v2\/typ-podujatia?post=37322"}],"curies":[{"name":"wp","href":"https:\/\/api.w.org\/{rel}","templated":true}]}}