{"id":37965,"date":"2025-11-14T10:18:19","date_gmt":"2025-11-14T09:18:19","guid":{"rendered":"https:\/\/institutfrancais.sk\/?post_type=podujatie&#038;p=37965"},"modified":"2025-11-14T11:03:15","modified_gmt":"2025-11-14T10:03:15","slug":"vystava-martin-smatana-rok-dobrych-sprav","status":"publish","type":"podujatie","link":"https:\/\/institutfrancais.sk\/fr\/podujatie\/vystava-martin-smatana-rok-dobrych-sprav\/","title":{"rendered":"V\u00ddSTAVA \/ Martin Smatana \u201e Rok dobr\u00fdch spr\u00e1v\u00a0\u201c"},"content":{"rendered":"\n<h2 class=\"wp-block-heading\"><strong>Poz\u00fdvame v\u00e1s na&nbsp;v\u00fdstav<\/strong>u diel Martina Smatanu.<\/h2>\n\n\n\n<p>Franc\u00fazsky in\u0161tit\u00fat na&nbsp;Slovensku v\u00e1s srde\u010dne poz\u00fdva na&nbsp;sl\u00e1vnostn\u00e9 otvorenie v\u00fdstavy\u00a0<strong>Rok dobr\u00fdch spr\u00e1v<\/strong>, ktor\u00e1 predstavuje jedine\u010dn\u00fd v\u00fdber textiln\u00fdch ilustr\u00e1ci\u00ed, kombinovan\u00fdch techn\u00edk a&nbsp;3D objektov z&nbsp;dielne oce\u0148ovan\u00e9ho slovensk\u00e9ho autora\u00a0<strong>Martina Smatanu<\/strong>.<\/p>\n\n\n\n<p>V roku 2021 vydal svoju prv\u00fa knihu&nbsp;<strong>Rok dobr\u00fdch spr\u00e1v<\/strong>, ktor\u00e1 vznikla ako&nbsp;reakcia na&nbsp;obdobie pand\u00e9mie. Z&nbsp;malej s\u00fakromnej iniciat\u00edvy h\u013eada\u0165 pozit\u00edvne pr\u00edbehy pre&nbsp;priate\u013eov sa stal medzin\u00e1rodn\u00fd fenom\u00e9n: \u010ditatelia mu za\u010dali posiela\u0165 svoje vlastn\u00e9 spr\u00e1vy, \u0161koly zakladali n\u00e1stenky dobr\u00fdch skutkov a&nbsp;v\u00fdstavy jeho diel cestovali naprie\u010d Eur\u00f3pou.<\/p>\n\n\n\n<p>Rok dobr\u00fdch spr\u00e1v, ktor\u00fd predstavujeme v&nbsp;tejto v\u00fdstave, nadv\u00e4zuje na&nbsp;autorovu snahu upozor\u0148ova\u0165 na&nbsp;dobro, s\u00facit a&nbsp;nen\u00e1padn\u00e9 hrdinstv\u00e1 v&nbsp;\u010dasoch, ke\u010f&nbsp;svet \u010dasto p\u00f4sob\u00ed nepreh\u013eadne \u010di&nbsp;temne. Ka\u017ed\u00fd pr\u00edbeh je spracovan\u00fd s&nbsp;jeho typickou ne\u017enos\u0165ou, presnos\u0165ou detailu a&nbsp;v\u00fdnimo\u010dnou schopnos\u0165ou premeni\u0165 oby\u010dajn\u00fd textil na&nbsp;poetick\u00fd obraz.<\/p>\n\n\n\n<hr class=\"wp-block-separator has-alpha-channel-opacity\"\/>\n\n\n\n<h2 class=\"wp-block-heading\"><strong>O autorovi \u2013 Martin Smatana<\/strong><\/h2>\n\n\n\n<p><strong>Martin Smatana \u2013 mlad\u00fd slovensk\u00fd talent anim\u00e1cie, ktor\u00fd oslovuje medzin\u00e1rodn\u00e9 publikum<\/strong><\/p>\n\n\n\n<p>Martin Smatana patr\u00ed k&nbsp;najv\u00fdraznej\u0161\u00edm mlad\u00fdm tvorcom anim\u00e1cie na&nbsp;Slovensku. Vy\u0161tudoval anim\u00e1ciu na&nbsp;FAMU v&nbsp;Prahe a&nbsp;jeho tvorba sa vyzna\u010duje jemnou ru\u010dnou pr\u00e1cou s&nbsp;textilom, papierom a&nbsp;\u010fal\u0161\u00edmi materi\u00e1lmi, ktor\u00e9 premie\u0148a na&nbsp;poetick\u00e9 a&nbsp;emot\u00edvne stop-motion filmy.<\/p>\n\n\n\n<p>Kr\u00e1tky animovan\u00fd film&nbsp;<strong>Hello Summer<\/strong>, ktor\u00fd vytvoril spolo\u010dne s&nbsp;Veronikou Zacharovou, z\u00edskal uznanie na&nbsp;mnoh\u00fdch medzin\u00e1rodn\u00fdch festivaloch vr\u00e1tane&nbsp;Animafestu v&nbsp;Z\u00e1hrebe, BFI London Film Festival, Fest An\u010da na&nbsp;Slovensku, Kaohsiung Film Festival na&nbsp;Taiwane, Zl\u00edn Film Festival, CinEast (Luxembursko) \u010di&nbsp;Milwaukee Film Festival (USA). Film si vysl\u00fa\u017eil viacero ocenen\u00ed, medzi nimi&nbsp;Prix Jeune Public na&nbsp;festivale Annecy, Special Mention \u2013 Best Slovak Short na&nbsp;Fest An\u010da, Audience Award \u2013 Best Short Animated Film na&nbsp;CinEast, Honored Mention na&nbsp;Hsin\u2011Yi Children\u2019s Animation Awards, Special Jury Mention na&nbsp;Milwaukee Film Festival, International Jury Award na&nbsp;Cactus International Children\u2019s &amp;&nbsp;Youth Film Festival a&nbsp;Special Mention na&nbsp;Zl\u00edn Film Festival.<\/p>\n\n\n\n<figure class=\"wp-block-embed is-type-video is-provider-youtube wp-block-embed-youtube wp-embed-aspect-16-9 wp-has-aspect-ratio\"><div class=\"wp-block-embed__wrapper\">\n<iframe loading=\"lazy\" title=\"Hello Summer - new animated film in development by Martin Smatana and Veronika Zacharova\" width=\"500\" height=\"281\" src=\"https:\/\/www.youtube.com\/embed\/RpJC5FRsl_c?feature=oembed\" frameborder=\"0\" allow=\"accelerometer; autoplay; clipboard-write; encrypted-media; gyroscope; picture-in-picture; web-share\" referrerpolicy=\"strict-origin-when-cross-origin\" allowfullscreen><\/iframe>\n<\/div><\/figure>\n\n\n\n<p>Pre&nbsp;Franc\u00fazsky in\u0161tit\u00fat na&nbsp;Slovensku&nbsp;Martin vytvoril spolo\u010dne s&nbsp;Veronikou Zacharovou origin\u00e1lny kr\u00e1tky animovan\u00fd film, ktor\u00fd predstavuje ponukou kurzov franc\u00faz\u0161tiny pre&nbsp;deti, ml\u00e1de\u017e aj&nbsp;dospel\u00fdch.<\/p>\n\n\n\n<p>Martin je dr\u017eite\u013eom viacer\u00fdch dom\u00e1cich aj&nbsp;medzin\u00e1rodn\u00fdch ocenen\u00ed, vr\u00e1tane&nbsp;Forbes 30 under 30, Ceny Nad\u00e1cie Tatra banky za&nbsp;umenie, Slnka v&nbsp;sieti za&nbsp;najlep\u0161\u00ed slovensk\u00fd film a&nbsp;Ceny Viktora Kubala. Ako&nbsp;porotca sa pravidelne z\u00fa\u010dast\u0148uje renomovan\u00fdch festivalov pre&nbsp;detsk\u00e9 a&nbsp;ml\u00e1de\u017en\u00edcke publikum, napr\u00edklad&nbsp;Ale Kino! v&nbsp;Poznani, Linoleum Festival v&nbsp;Kyjeve \u010di&nbsp;Student International Film Festival v&nbsp;Z\u00e1hrebe.<\/p>\n\n\n\n<hr class=\"wp-block-separator has-alpha-channel-opacity\"\/>\n\n\n\n<figure class=\"wp-block-embed is-type-video is-provider-vimeo wp-block-embed-vimeo wp-embed-aspect-16-9 wp-has-aspect-ratio\"><div class=\"wp-block-embed__wrapper\">\n<iframe loading=\"lazy\" title=\"Showreel\" src=\"https:\/\/player.vimeo.com\/video\/673121031?dnt=1&amp;app_id=122963\" width=\"500\" height=\"281\" frameborder=\"0\" allow=\"autoplay; fullscreen; picture-in-picture; clipboard-write; encrypted-media; web-share\" referrerpolicy=\"strict-origin-when-cross-origin\"><\/iframe>\n<\/div><figcaption class=\"wp-element-caption\">www.smatana.sk<\/figcaption><\/figure>\n\n\n\n<hr class=\"wp-block-separator has-alpha-channel-opacity\"\/>\n\n\n\n<h2 class=\"wp-block-heading\"><strong>Program vernis\u00e1\u017ee \u2013 4.&nbsp;12.&nbsp;2025 o&nbsp;16:30<\/strong><\/h2>\n\n\n\n<p><strong>Stretnutie s&nbsp;Martinom Smatanom<\/strong><br>Porozpr\u00e1vajte sa s&nbsp;autorom o&nbsp;jeho tvorbe, procese v\u00fdroby textiln\u00fdch ilustr\u00e1ci\u00ed aj&nbsp;o&nbsp;pr\u00edbehoch, ktor\u00e9 ho in\u0161piruj\u00fa.<\/p>\n\n\n\n<p>\u2702\ufe0f&nbsp;<strong>Kreat\u00edvny textiln\u00fd workshop<\/strong><br>Vytvorte si vlastn\u00e9 mini-dielo z&nbsp;l\u00e1tok, nit\u00ed a&nbsp;recyklovan\u00fdch materi\u00e1lov pod&nbsp;veden\u00edm lektorov. Vhodn\u00e9 pre&nbsp;deti aj&nbsp;dospel\u00fdch.<\/p>\n\n\n\n<p>\ud83c\uddeb\ud83c\uddf7&nbsp;<strong>Uk\u00e1\u017ekov\u00e9 hodiny franc\u00faz\u0161tiny zdarma<\/strong><br>Vysk\u00fa\u0161ajte si franc\u00faz\u0161tinu v&nbsp;kr\u00e1tkych jazykov\u00fdch minilekci\u00e1ch pripraven\u00fdch na\u0161imi lektormi.<\/p>\n\n\n\n<p class=\"wp-embed-aspect-4-3 wp-has-aspect-ratio\">V r\u00e1mci poobedia otvoren\u00fdch dver\u00ed bud\u00fa ma\u0165 n\u00e1v\u0161tevn\u00edci mo\u017enos\u0165 z\u00fa\u010dastni\u0165 sa uk\u00e1\u017ekov\u00fdch hod\u00edn franc\u00faz\u0161tiny s&nbsp;na\u0161imi \u0161armantn\u00fdmi lektormi. N\u00e1sledne sa bud\u00fa m\u00f4c\u0165 informova\u0165 o&nbsp;z\u00e1pise na&nbsp;kurzy franc\u00faz\u0161tiny v&nbsp;zimnom semestri, ktor\u00fd sa za\u010dne 14.&nbsp;janu\u00e1ra 2026.<\/p>\n\n\n\n<figure class=\"wp-block-table\"><table><tbody><tr><td><strong>\u0160tv. 4.&nbsp;decembra o&nbsp;15:15 \u2013 16:00<\/strong><\/td><td>Uk\u00e1\u017ekov\u00e1 hodina \u2013 \u00fapln\u00ed za\u010diato\u010dn\u00edci<\/td><\/tr><tr><td><strong>\u0160tv. 4.&nbsp;decembra o&nbsp;16:00 \u2013 16:20<\/strong><\/td><td>Uk\u00e1\u017ekov\u00e1 hodina franc\u00faz\u0161tiny pre&nbsp;mal\u00e9 deti<\/td><\/tr><tr><td><strong>\u0160tv. 4.&nbsp;decembra o&nbsp;17:30 \u2013 18:15<\/strong><\/td><td>Uk\u00e1\u017ekov\u00e1 hodina \u2013 \u00fapln\u00ed za\u010diato\u010dn\u00edci<\/td><\/tr><tr><td><strong>Str. 7.&nbsp;janu\u00e1ra o&nbsp;17:30 \u2013 18:15<\/strong><\/td><td>Uk\u00e1\u017ekov\u00e1 hodina \u2013 \u00fapln\u00ed za\u010diato\u010dn\u00edci<\/td><\/tr><tr><td><strong>\u0160tv. 8.&nbsp;janu\u00e1ra o&nbsp;18:00 \u2013 18:45<\/strong><\/td><td>Uk\u00e1\u017ekov\u00e1 hodina \u2013 \u00fapln\u00ed za\u010diato\u010dn\u00edci<\/td><\/tr><\/tbody><\/table><\/figure>\n\n\n\n<ul>\n<li>Prezen\u010dn\u00fd kurz sa uskuto\u010dn\u00ed v&nbsp;priestoroch Franc\u00fazskeho in\u0161tit\u00fatu na&nbsp;Slovensku, Sedl\u00e1rska 7, Bratislava<\/li>\n\n\n\n<li>Online kurz bude prebieha\u0165 prostredn\u00edctvom aplik\u00e1cie ZOOM.<\/li>\n<\/ul>\n\n\n<div class=\"text-center\"><a href=\"https:\/\/forms.gle\/E1Z2QetLX8HdsZvc6\" class=\"btn btn-blue-invert\">Registr\u00e1cia vopred<\/a><\/div>\n\n\n<p>\ud83c\udfac&nbsp;<strong>Premietanie detsk\u00fdch animovan\u00fdch filmov<\/strong><br>Hrav\u00e9, vizu\u00e1lne poetick\u00e9 kr\u00e1tke filmy pre&nbsp;mal\u00fdch i&nbsp;ve\u013ek\u00fdch n\u00e1v\u0161tevn\u00edkov.<\/p>\n\n\n\n<hr class=\"wp-block-separator has-alpha-channel-opacity\"\/>\n\n\n\n<p>V\u00fdstava potrv\u00e1 do&nbsp;<strong>16.&nbsp;janu\u00e1ra 2026<\/strong>.<br>Te\u0161\u00edme sa na&nbsp;stretnutie s&nbsp;vami v&nbsp;priestoroch Gal\u00e9rie Franc\u00fazskeho in\u0161tit\u00fatu.<\/p>\n\n\n<div class=\"space md\"><\/div>\n\n<\/div><iframe loading=\"lazy\" src=\"https:\/\/www.google.com\/maps\/embed?pb=!1m18!1m12!1m3!1d2662.2735746915087!2d17.10532635165492!3d48.14353077912193!2m3!1f0!2f0!3f0!3m2!1i1024!2i768!4f13.1!3m3!1m2!1s0x476c8942d3867d0f%3A0xf92cfa7be90ee73!2zRnJhbmPDunpza3kgaW7FoXRpdMO6dA!5e0!3m2!1ssk!2ssk!4v1575902399794!5m2!1ssk!2ssk\" width=\"100%\" height=\"558\" frameborder=\"0\" class=\"gmap-iframe\" allowfullscreen=\"\"><\/iframe><div class=\"wrap narrow-wrap\">","protected":false},"featured_media":37966,"template":"","typ-podujatia":[844],"acf":[],"yoast_head":"<!-- This site is optimized with the Yoast SEO plugin v24.5 - https:\/\/yoast.com\/wordpress\/plugins\/seo\/ -->\n<title>V\u00ddSTAVA \/ Martin Smatana \u201e Rok dobr\u00fdch spr\u00e1v\u00a0\u201c - Franc\u00fazsky in\u0161tit\u00fat na Slovensku<\/title>\n<meta name=\"robots\" content=\"index, follow, max-snippet:-1, max-image-preview:large, max-video-preview:-1\" \/>\n<link rel=\"canonical\" href=\"https:\/\/institutfrancais.sk\/fr\/podujatie\/vystava-martin-smatana-rok-dobrych-sprav\/\" \/>\n<meta property=\"og:locale\" content=\"fr_FR\" \/>\n<meta property=\"og:type\" content=\"article\" \/>\n<meta property=\"og:title\" content=\"V\u00ddSTAVA \/ Martin Smatana \u201e Rok dobr\u00fdch spr\u00e1v\u00a0\u201c - Franc\u00fazsky in\u0161tit\u00fat na Slovensku\" \/>\n<meta property=\"og:description\" content=\"Poz\u00fdvame v\u00e1s na&nbsp;v\u00fdstavu diel Martina Smatanu. Franc\u00fazsky in\u0161tit\u00fat na&nbsp;Slovensku v\u00e1s srde\u010dne poz\u00fdva na&nbsp;sl\u00e1vnostn\u00e9 otvorenie v\u00fdstavy\u00a0Rok dobr\u00fdch spr\u00e1v, ktor\u00e1 predstavuje jedine\u010dn\u00fd v\u00fdber textiln\u00fdch ilustr\u00e1ci\u00ed, kombinovan\u00fdch techn\u00edk a&nbsp;3D objektov z&nbsp;dielne oce\u0148ovan\u00e9ho slovensk\u00e9ho autora\u00a0Martina Smatanu. V roku 2021 vydal svoju prv\u00fa knihu&nbsp;Rok dobr\u00fdch spr\u00e1v, ktor\u00e1 vznikla ako&nbsp;reakcia na&nbsp;obdobie pand\u00e9mie. Z&nbsp;malej s\u00fakromnej iniciat\u00edvy h\u013eada\u0165 pozit\u00edvne pr\u00edbehy pre&nbsp;priate\u013eov sa stal [&hellip;]\" \/>\n<meta property=\"og:url\" content=\"https:\/\/institutfrancais.sk\/fr\/podujatie\/vystava-martin-smatana-rok-dobrych-sprav\/\" \/>\n<meta property=\"og:site_name\" content=\"Franc\u00fazsky in\u0161tit\u00fat na Slovensku\" \/>\n<meta property=\"article:modified_time\" content=\"2025-11-14T10:03:15+00:00\" \/>\n<meta property=\"og:image\" content=\"https:\/\/institutfrancais.sk\/wp-content\/uploads\/2025\/11\/Invitation-Martin-Smatana.png\" \/>\n\t<meta property=\"og:image:width\" content=\"2049\" \/>\n\t<meta property=\"og:image:height\" content=\"1152\" \/>\n\t<meta property=\"og:image:type\" content=\"image\/png\" \/>\n<meta name=\"twitter:card\" content=\"summary_large_image\" \/>\n<meta name=\"twitter:label1\" content=\"Dur\u00e9e de lecture estim\u00e9e\" \/>\n\t<meta name=\"twitter:data1\" content=\"4 minutes\" \/>\n<script type=\"application\/ld+json\" class=\"yoast-schema-graph\">{\"@context\":\"https:\/\/schema.org\",\"@graph\":[{\"@type\":\"WebPage\",\"@id\":\"https:\/\/institutfrancais.sk\/fr\/podujatie\/vystava-martin-smatana-rok-dobrych-sprav\/\",\"url\":\"https:\/\/institutfrancais.sk\/fr\/podujatie\/vystava-martin-smatana-rok-dobrych-sprav\/\",\"name\":\"V\u00ddSTAVA \/ Martin Smatana \u201e Rok dobr\u00fdch spr\u00e1v\u00a0\u201c - Franc\u00fazsky in\u0161tit\u00fat na Slovensku\",\"isPartOf\":{\"@id\":\"https:\/\/institutfrancais.sk\/fr\/#website\"},\"primaryImageOfPage\":{\"@id\":\"https:\/\/institutfrancais.sk\/fr\/podujatie\/vystava-martin-smatana-rok-dobrych-sprav\/#primaryimage\"},\"image\":{\"@id\":\"https:\/\/institutfrancais.sk\/fr\/podujatie\/vystava-martin-smatana-rok-dobrych-sprav\/#primaryimage\"},\"thumbnailUrl\":\"https:\/\/institutfrancais.sk\/wp-content\/uploads\/2025\/11\/Invitation-Martin-Smatana.png\",\"datePublished\":\"2025-11-14T09:18:19+00:00\",\"dateModified\":\"2025-11-14T10:03:15+00:00\",\"breadcrumb\":{\"@id\":\"https:\/\/institutfrancais.sk\/fr\/podujatie\/vystava-martin-smatana-rok-dobrych-sprav\/#breadcrumb\"},\"inLanguage\":\"fr-FR\",\"potentialAction\":[{\"@type\":\"ReadAction\",\"target\":[\"https:\/\/institutfrancais.sk\/fr\/podujatie\/vystava-martin-smatana-rok-dobrych-sprav\/\"]}]},{\"@type\":\"ImageObject\",\"inLanguage\":\"fr-FR\",\"@id\":\"https:\/\/institutfrancais.sk\/fr\/podujatie\/vystava-martin-smatana-rok-dobrych-sprav\/#primaryimage\",\"url\":\"https:\/\/institutfrancais.sk\/wp-content\/uploads\/2025\/11\/Invitation-Martin-Smatana.png\",\"contentUrl\":\"https:\/\/institutfrancais.sk\/wp-content\/uploads\/2025\/11\/Invitation-Martin-Smatana.png\",\"width\":2049,\"height\":1152},{\"@type\":\"BreadcrumbList\",\"@id\":\"https:\/\/institutfrancais.sk\/fr\/podujatie\/vystava-martin-smatana-rok-dobrych-sprav\/#breadcrumb\",\"itemListElement\":[{\"@type\":\"ListItem\",\"position\":1,\"name\":\"Home\",\"item\":\"https:\/\/institutfrancais.sk\/fr\/\"},{\"@type\":\"ListItem\",\"position\":2,\"name\":\"Events\",\"item\":\"https:\/\/institutfrancais.sk\/fr\/podujatie\/\"},{\"@type\":\"ListItem\",\"position\":3,\"name\":\"V\u00ddSTAVA \/ Martin Smatana \u201e Rok dobr\u00fdch spr\u00e1v\u00a0\u201c\"}]},{\"@type\":\"WebSite\",\"@id\":\"https:\/\/institutfrancais.sk\/fr\/#website\",\"url\":\"https:\/\/institutfrancais.sk\/fr\/\",\"name\":\"Franc\u00fazsky in\u0161tit\u00fat na Slovensku\",\"description\":\"Franc\u00fazsky in\u0161tit\u00fat na Slovensku\",\"potentialAction\":[{\"@type\":\"SearchAction\",\"target\":{\"@type\":\"EntryPoint\",\"urlTemplate\":\"https:\/\/institutfrancais.sk\/fr\/?s={search_term_string}\"},\"query-input\":{\"@type\":\"PropertyValueSpecification\",\"valueRequired\":true,\"valueName\":\"search_term_string\"}}],\"inLanguage\":\"fr-FR\"}]}<\/script>\n<!-- \/ Yoast SEO plugin. -->","yoast_head_json":{"title":"V\u00ddSTAVA \/ Martin Smatana \u201e Rok dobr\u00fdch spr\u00e1v\u00a0\u201c - Franc\u00fazsky in\u0161tit\u00fat na Slovensku","robots":{"index":"index","follow":"follow","max-snippet":"max-snippet:-1","max-image-preview":"max-image-preview:large","max-video-preview":"max-video-preview:-1"},"canonical":"https:\/\/institutfrancais.sk\/fr\/podujatie\/vystava-martin-smatana-rok-dobrych-sprav\/","og_locale":"fr_FR","og_type":"article","og_title":"V\u00ddSTAVA \/ Martin Smatana \u201e Rok dobr\u00fdch spr\u00e1v\u00a0\u201c - Franc\u00fazsky in\u0161tit\u00fat na Slovensku","og_description":"Poz\u00fdvame v\u00e1s na&nbsp;v\u00fdstavu diel Martina Smatanu. Franc\u00fazsky in\u0161tit\u00fat na&nbsp;Slovensku v\u00e1s srde\u010dne poz\u00fdva na&nbsp;sl\u00e1vnostn\u00e9 otvorenie v\u00fdstavy\u00a0Rok dobr\u00fdch spr\u00e1v, ktor\u00e1 predstavuje jedine\u010dn\u00fd v\u00fdber textiln\u00fdch ilustr\u00e1ci\u00ed, kombinovan\u00fdch techn\u00edk a&nbsp;3D objektov z&nbsp;dielne oce\u0148ovan\u00e9ho slovensk\u00e9ho autora\u00a0Martina Smatanu. V roku 2021 vydal svoju prv\u00fa knihu&nbsp;Rok dobr\u00fdch spr\u00e1v, ktor\u00e1 vznikla ako&nbsp;reakcia na&nbsp;obdobie pand\u00e9mie. Z&nbsp;malej s\u00fakromnej iniciat\u00edvy h\u013eada\u0165 pozit\u00edvne pr\u00edbehy pre&nbsp;priate\u013eov sa stal [&hellip;]","og_url":"https:\/\/institutfrancais.sk\/fr\/podujatie\/vystava-martin-smatana-rok-dobrych-sprav\/","og_site_name":"Franc\u00fazsky in\u0161tit\u00fat na Slovensku","article_modified_time":"2025-11-14T10:03:15+00:00","og_image":[{"width":2049,"height":1152,"url":"https:\/\/institutfrancais.sk\/wp-content\/uploads\/2025\/11\/Invitation-Martin-Smatana.png","type":"image\/png"}],"twitter_card":"summary_large_image","twitter_misc":{"Dur\u00e9e de lecture estim\u00e9e":"4 minutes"},"schema":{"@context":"https:\/\/schema.org","@graph":[{"@type":"WebPage","@id":"https:\/\/institutfrancais.sk\/fr\/podujatie\/vystava-martin-smatana-rok-dobrych-sprav\/","url":"https:\/\/institutfrancais.sk\/fr\/podujatie\/vystava-martin-smatana-rok-dobrych-sprav\/","name":"V\u00ddSTAVA \/ Martin Smatana \u201e Rok dobr\u00fdch spr\u00e1v\u00a0\u201c - Franc\u00fazsky in\u0161tit\u00fat na Slovensku","isPartOf":{"@id":"https:\/\/institutfrancais.sk\/fr\/#website"},"primaryImageOfPage":{"@id":"https:\/\/institutfrancais.sk\/fr\/podujatie\/vystava-martin-smatana-rok-dobrych-sprav\/#primaryimage"},"image":{"@id":"https:\/\/institutfrancais.sk\/fr\/podujatie\/vystava-martin-smatana-rok-dobrych-sprav\/#primaryimage"},"thumbnailUrl":"https:\/\/institutfrancais.sk\/wp-content\/uploads\/2025\/11\/Invitation-Martin-Smatana.png","datePublished":"2025-11-14T09:18:19+00:00","dateModified":"2025-11-14T10:03:15+00:00","breadcrumb":{"@id":"https:\/\/institutfrancais.sk\/fr\/podujatie\/vystava-martin-smatana-rok-dobrych-sprav\/#breadcrumb"},"inLanguage":"fr-FR","potentialAction":[{"@type":"ReadAction","target":["https:\/\/institutfrancais.sk\/fr\/podujatie\/vystava-martin-smatana-rok-dobrych-sprav\/"]}]},{"@type":"ImageObject","inLanguage":"fr-FR","@id":"https:\/\/institutfrancais.sk\/fr\/podujatie\/vystava-martin-smatana-rok-dobrych-sprav\/#primaryimage","url":"https:\/\/institutfrancais.sk\/wp-content\/uploads\/2025\/11\/Invitation-Martin-Smatana.png","contentUrl":"https:\/\/institutfrancais.sk\/wp-content\/uploads\/2025\/11\/Invitation-Martin-Smatana.png","width":2049,"height":1152},{"@type":"BreadcrumbList","@id":"https:\/\/institutfrancais.sk\/fr\/podujatie\/vystava-martin-smatana-rok-dobrych-sprav\/#breadcrumb","itemListElement":[{"@type":"ListItem","position":1,"name":"Home","item":"https:\/\/institutfrancais.sk\/fr\/"},{"@type":"ListItem","position":2,"name":"Events","item":"https:\/\/institutfrancais.sk\/fr\/podujatie\/"},{"@type":"ListItem","position":3,"name":"V\u00ddSTAVA \/ Martin Smatana \u201e Rok dobr\u00fdch spr\u00e1v\u00a0\u201c"}]},{"@type":"WebSite","@id":"https:\/\/institutfrancais.sk\/fr\/#website","url":"https:\/\/institutfrancais.sk\/fr\/","name":"Franc\u00fazsky in\u0161tit\u00fat na Slovensku","description":"Franc\u00fazsky in\u0161tit\u00fat na Slovensku","potentialAction":[{"@type":"SearchAction","target":{"@type":"EntryPoint","urlTemplate":"https:\/\/institutfrancais.sk\/fr\/?s={search_term_string}"},"query-input":{"@type":"PropertyValueSpecification","valueRequired":true,"valueName":"search_term_string"}}],"inLanguage":"fr-FR"}]}},"_links":{"self":[{"href":"https:\/\/institutfrancais.sk\/fr\/wp-json\/wp\/v2\/podujatie\/37965"}],"collection":[{"href":"https:\/\/institutfrancais.sk\/fr\/wp-json\/wp\/v2\/podujatie"}],"about":[{"href":"https:\/\/institutfrancais.sk\/fr\/wp-json\/wp\/v2\/types\/podujatie"}],"wp:featuredmedia":[{"embeddable":true,"href":"https:\/\/institutfrancais.sk\/fr\/wp-json\/wp\/v2\/media\/37966"}],"wp:attachment":[{"href":"https:\/\/institutfrancais.sk\/fr\/wp-json\/wp\/v2\/media?parent=37965"}],"wp:term":[{"taxonomy":"typ-podujatia","embeddable":true,"href":"https:\/\/institutfrancais.sk\/fr\/wp-json\/wp\/v2\/typ-podujatia?post=37965"}],"curies":[{"name":"wp","href":"https:\/\/api.w.org\/{rel}","templated":true}]}}