{"id":37979,"date":"2025-11-14T11:13:52","date_gmt":"2025-11-14T10:13:52","guid":{"rendered":"https:\/\/institutfrancais.sk\/podujatie\/vystava-martin-smatana-rok-dobrych-sprav-2\/"},"modified":"2026-01-14T14:45:45","modified_gmt":"2026-01-14T13:45:45","slug":"vystava-martin-smatana-rok-dobrych-sprav-2","status":"publish","type":"podujatie","link":"https:\/\/institutfrancais.sk\/fr\/podujatie\/vystava-martin-smatana-rok-dobrych-sprav-2\/","title":{"rendered":"EXPOSITION \/ Martin Smatana"},"content":{"rendered":"\n<h1 class=\"wp-block-heading\">\u00ab Une ann\u00e9e de bonnes nouvelles \u00bb<\/h1>\n\n\n\n<h2 class=\"wp-block-heading\">Nous vous invitons \u00e0 l\u2019exposition des \u0153uvres de Martin Smatana!<\/h2>\n\n\n\n<p><strong>L\u2019Institut fran\u00e7ais de Slovaquie a&nbsp;le plaisir de vous inviter \u00e0 l\u2019inauguration de l\u2019exposition&nbsp;<em>Une ann\u00e9e de bonnes nouvelles<\/em>, pr\u00e9sentant une s\u00e9lection unique d\u2019illustrations en textiles, de techniques mixtes et d\u2019objets 3D r\u00e9alis\u00e9s par l\u2019artiste slovaque prim\u00e9 Martin Smatana.<\/strong><\/p>\n\n\n\n<p>En 2021, Martin Smatana a&nbsp;publi\u00e9 son premier livre,&nbsp;<em>Une ann\u00e9e de bonnes nouvelles<\/em>, n\u00e9 en r\u00e9action \u00e0 la p\u00e9riode de pand\u00e9mie. Ce qui avait commenc\u00e9 comme une petite initiative personnelle visant \u00e0 partager des histoires positives pour ses amis est devenu un ph\u00e9nom\u00e8ne international : des lecteurs ont commenc\u00e9 \u00e0 lui envoyer leurs propres histoires, des \u00e9coles ont cr\u00e9\u00e9 des tableaux d\u2019affichage des bonnes actions et les expositions de ses \u0153uvres ont voyag\u00e9 \u00e0 travers toute l\u2019Europe.<\/p>\n\n\n\n<p><em>Une ann\u00e9e de bonnes nouvelles<\/em>, que nous pr\u00e9sentons dans cette exposition, s\u2019inscrit dans l\u2019effort constant de l\u2019artiste de mettre en lumi\u00e8re la bont\u00e9, la compassion et les h\u00e9ro\u00efsmes discrets, en des temps o\u00f9 le monde semble souvent confus ou sombre. Chaque histoire est trait\u00e9e avec douceur, un grand souci du d\u00e9tail et une capacit\u00e9 exceptionnelle \u00e0 transformer un textile ordinaire en image po\u00e9tique.<\/p>\n\n\n\n<figure class=\"wp-block-embed is-type-video is-provider-youtube wp-block-embed-youtube wp-embed-aspect-16-9 wp-has-aspect-ratio\"><div class=\"wp-block-embed__wrapper\">\n<iframe loading=\"lazy\" title=\"Rok dobr\u00fdch spr\u00e1v\" width=\"500\" height=\"281\" src=\"https:\/\/www.youtube.com\/embed\/BG5cSEkDy94?start=7&#038;feature=oembed\" frameborder=\"0\" allow=\"accelerometer; autoplay; clipboard-write; encrypted-media; gyroscope; picture-in-picture; web-share\" referrerpolicy=\"strict-origin-when-cross-origin\" allowfullscreen><\/iframe>\n<\/div><\/figure>\n\n\n\n<hr class=\"wp-block-separator has-alpha-channel-opacity\"\/>\n\n\n\n<h2 class=\"wp-block-heading\"><strong>\u00c0 propos de l\u2019auteur \u2013 Martin Smatana<\/strong><\/h2>\n\n\n\n<p><strong>Martin Smatana \u2013 un jeune talent slovaque de l\u2019animation qui s\u00e9duit le public international<\/strong><\/p>\n\n\n\n<p>Martin Smatana est l\u2019un des cr\u00e9ateurs d\u2019animation les plus marquants de la jeune g\u00e9n\u00e9ration en Slovaquie. Il a&nbsp;\u00e9tudi\u00e9 l\u2019animation \u00e0 la FAMU \u00e0 Prague, et son travail se distingue par un d\u00e9licat travail manuel avec le textile, le papier et d\u2019autres mat\u00e9riaux, qu\u2019il transforme en films en stop-motion po\u00e9tiques et empreints d\u2019\u00e9motion.<\/p>\n\n\n\n<p>Le court m\u00e9trage d\u2019animation&nbsp;<em>Hello Summer<\/em>, qu\u2019il a&nbsp;r\u00e9alis\u00e9 avec Veronika Zacharov\u00e1, a&nbsp;\u00e9t\u00e9 salu\u00e9 dans de nombreux festivals internationaux, dont Animafest Zagreb, le BFI London Film Festival, Fest An\u010da en Slovaquie, le Kaohsiung Film Festival \u00e0 Ta\u00efwan, le Festival du film pour enfants et jeunes de Zl\u00edn, CinEast (Luxembourg) ou encore le Milwaukee Film Festival (\u00c9tats-Unis). Le film a&nbsp;remport\u00e9 plusieurs prix, parmi lesquels le&nbsp;<strong>Prix Jeune Public \u00e0 Annecy<\/strong>, la&nbsp;<strong>Special Mention \u2013 Best Slovak Short \u00e0 Fest An\u010da<\/strong>, le&nbsp;<strong>Audience Award \u2013 Best Short Animated Film \u00e0 CinEast<\/strong>, une&nbsp;<strong>Honored Mention aux Hsin-Yi Children\u2019s Animation Awards<\/strong>, une&nbsp;<strong>Special Jury Mention au Milwaukee Film Festival<\/strong>, l\u2019<strong>International Jury Award au Cactus International Children\u2019s &amp;&nbsp;Youth Film Festival<\/strong>, ainsi qu\u2019une&nbsp;<strong>Special Mention au Zl\u00edn Film Festival<\/strong>.<\/p>\n\n\n\n<p>Pour l\u2019<strong>Institut fran\u00e7ais de Slovaquie<\/strong>, Martin a&nbsp;cr\u00e9\u00e9, en collaboration avec Veronika Zacharov\u00e1, un court m\u00e9trage anim\u00e9 original pr\u00e9sentant l\u2019offre de cours de fran\u00e7ais pour enfants, jeunes et adultes.<\/p>\n\n\n\n<p>Martin est laur\u00e9at de nombreux prix nationaux et internationaux, dont&nbsp;<strong>Forbes 30 under 30<\/strong>, le&nbsp;<strong>Prix de la Fondation Tatra Banka pour l\u2019art<\/strong>, le&nbsp;<strong>Slnko v&nbsp;sieti du meilleur film slovaque<\/strong>&nbsp;et le&nbsp;<strong>Prix Viktor Kubal<\/strong>. Il participe r\u00e9guli\u00e8rement comme membre du jury \u00e0 des festivals renomm\u00e9s consacr\u00e9s au jeune public, tels que&nbsp;<strong>Ale Kino! \u00e0 Pozna\u0144<\/strong>, le&nbsp;<strong>Linoleum Festival \u00e0 Kyiv<\/strong>&nbsp;ou le&nbsp;<strong>Student International Film Festival \u00e0 Zagreb<\/strong>.<\/p>\n\n\n\n<hr class=\"wp-block-separator has-alpha-channel-opacity\"\/>\n\n\n\n<figure class=\"wp-block-embed is-type-video is-provider-vimeo wp-block-embed-vimeo wp-embed-aspect-16-9 wp-has-aspect-ratio\"><div class=\"wp-block-embed__wrapper\">\n<iframe loading=\"lazy\" title=\"Showreel\" src=\"https:\/\/player.vimeo.com\/video\/673121031?dnt=1&amp;app_id=122963\" width=\"500\" height=\"281\" frameborder=\"0\" allow=\"autoplay; fullscreen; picture-in-picture; clipboard-write; encrypted-media; web-share\" referrerpolicy=\"strict-origin-when-cross-origin\"><\/iframe>\n<\/div><figcaption class=\"wp-element-caption\">www.smatana.sk<\/figcaption><\/figure>\n\n\n\n<hr class=\"wp-block-separator has-alpha-channel-opacity\"\/>\n\n\n\n<h2 class=\"wp-block-heading\"><strong>Programme du vernissage \u2013 4 d\u00e9cembre 2025 \u00e0 16h30<\/strong><\/h2>\n\n\n\n<p><strong>Rencontre avec Martin Smatana<\/strong><br>Discutez avec l\u2019artiste de son travail, de son processus de cr\u00e9ation d\u2019illustrations textiles et des histoires qui l\u2019inspirent.<\/p>\n\n\n\n<p><strong>Atelier cr\u00e9atif textile<\/strong><br>Cr\u00e9ez votre propre mini-\u0153uvre \u00e0 partir de tissus, de fils et de mat\u00e9riaux recycl\u00e9s, sous la conduite de nos animateurs. Convient aux enfants comme aux adultes.<\/p>\n\n\n\n<p><strong>Cours d\u2019essai de fran\u00e7ais gratuits<\/strong><br>Essayez le fran\u00e7ais gr\u00e2ce \u00e0 de mini-le\u00e7ons pr\u00e9par\u00e9es par nos enseignants.<\/p>\n\n\n\n<p>Dans le cadre de cet apr\u00e8s-midi portes ouvertes, les visiteurs auront la possibilit\u00e9 de participer \u00e0 des cours d\u2019essai de fran\u00e7ais. Ils pourront aussi s\u2019informer sur l\u2019inscription aux cours de fran\u00e7ais du trimestre d\u2019hiver, qui d\u00e9butera le 14 janvier 2026.<\/p>\n\n\n\n<p><strong>Cours de d\u00e9monstration <\/strong><\/p>\n\n\n\n<figure class=\"wp-block-table\"><table><tbody><tr><td><strong>Mercredi 7 janvier de 17h30 \u00e0 18h15<\/strong><\/td><td>Adultes \u2013&nbsp;d\u00e9butants complets<\/td><td>en pr\u00e9sentiel \u00e0 IFS<\/td><\/tr><tr><td><strong>Jeudi 8 janvier de 19h00 \u00e0 19h45<\/strong><\/td><td>Adultes \u2013&nbsp;d\u00e9butants complets<\/td><td>en ligne<\/td><\/tr><tr><td><strong>Jeudi 8 janvier de 19h00 \u00e0 19h45<\/strong><\/td><td>Fran\u00e7ais des affaires<\/td><td>en ligne<\/td><\/tr><\/tbody><\/table><figcaption class=\"wp-element-caption\">Dur\u00e9e : 45 min<\/figcaption><\/figure>\n\n\n\n<ul>\n<li>En pr\u00e9sentiel&nbsp;dans une salle de classe de l\u2019Institut fran\u00e7ais de Slovaquie, Sedl\u00e1rska 7, Bratislava.<\/li>\n\n\n\n<li>En ligne via l\u2019application ZOOM.<\/li>\n<\/ul>\n\n\n<div class=\"text-center\"><a href=\"https:\/\/forms.gle\/4X4VroyUnG1AZx9T8\" class=\"btn btn-blue-invert\">Pr\u00e9inscription<\/a><\/div>\n\n\n<p><\/p>\n\n\n\n<ul>\n<li>Le cours en pr\u00e9sentiel aura lieu dans les locaux de l\u2019Institut fran\u00e7ais de Slovaquie, Sedl\u00e1rska 7, Bratislava.<\/li>\n\n\n\n<li>Le cours en ligne se d\u00e9roulera via l\u2019application ZOOM.<\/li>\n<\/ul>\n\n\n\n<p><\/p>\n\n\n\n<p>\ud83c\udfac Projection de films d\u2019animation pour enfants<br>Des courts-m\u00e9trages ludiques et po\u00e9tiques pour les petits comme pour les grands visiteurs.<\/p>\n\n\n\n<hr class=\"wp-block-separator has-alpha-channel-opacity\"\/>\n\n\n\n<p>L\u2019exposition sera pr\u00e9sent\u00e9e jusqu\u2019au 16 janvier 2026.<br>Nous nous r\u00e9jouissons de vous accueillir dans la Galerie de l\u2019Institut fran\u00e7ais.<\/p>\n\n\n<div class=\"space md\"><\/div>\n\n<div class=\"space md\"><\/div>\n\n<\/div><iframe loading=\"lazy\" src=\"https:\/\/www.google.com\/maps\/embed?pb=!1m18!1m12!1m3!1d2662.2735746915087!2d17.10532635165492!3d48.14353077912193!2m3!1f0!2f0!3f0!3m2!1i1024!2i768!4f13.1!3m3!1m2!1s0x476c8942d3867d0f%3A0xf92cfa7be90ee73!2zRnJhbmPDunpza3kgaW7FoXRpdMO6dA!5e0!3m2!1ssk!2ssk!4v1575902399794!5m2!1ssk!2ssk\" width=\"100%\" height=\"558\" frameborder=\"0\" class=\"gmap-iframe\" allowfullscreen=\"\"><\/iframe><div class=\"wrap narrow-wrap\">","protected":false},"featured_media":37966,"template":"","typ-podujatia":[56],"acf":[],"yoast_head":"<!-- This site is optimized with the Yoast SEO plugin v24.5 - https:\/\/yoast.com\/wordpress\/plugins\/seo\/ -->\n<title>EXPOSITION \/ Martin Smatana - Franc\u00fazsky in\u0161tit\u00fat na Slovensku<\/title>\n<meta name=\"robots\" content=\"index, follow, max-snippet:-1, max-image-preview:large, max-video-preview:-1\" \/>\n<link rel=\"canonical\" href=\"https:\/\/institutfrancais.sk\/fr\/podujatie\/vystava-martin-smatana-rok-dobrych-sprav-2\/\" \/>\n<meta property=\"og:locale\" content=\"fr_FR\" \/>\n<meta property=\"og:type\" content=\"article\" \/>\n<meta property=\"og:title\" content=\"EXPOSITION \/ Martin Smatana - Franc\u00fazsky in\u0161tit\u00fat na Slovensku\" \/>\n<meta property=\"og:description\" content=\"\u00ab Une ann\u00e9e de bonnes nouvelles \u00bb Nous vous invitons \u00e0 l\u2019exposition des \u0153uvres de Martin Smatana! L\u2019Institut fran\u00e7ais de Slovaquie a&nbsp;le plaisir de vous inviter \u00e0 l\u2019inauguration de l\u2019exposition&nbsp;Une ann\u00e9e de bonnes nouvelles, pr\u00e9sentant une s\u00e9lection unique d\u2019illustrations en textiles, de techniques mixtes et d\u2019objets 3D r\u00e9alis\u00e9s par l\u2019artiste slovaque prim\u00e9 Martin Smatana. En [&hellip;]\" \/>\n<meta property=\"og:url\" content=\"https:\/\/institutfrancais.sk\/fr\/podujatie\/vystava-martin-smatana-rok-dobrych-sprav-2\/\" \/>\n<meta property=\"og:site_name\" content=\"Franc\u00fazsky in\u0161tit\u00fat na Slovensku\" \/>\n<meta property=\"article:modified_time\" content=\"2026-01-14T13:45:45+00:00\" \/>\n<meta property=\"og:image\" content=\"https:\/\/institutfrancais.sk\/wp-content\/uploads\/2025\/11\/Invitation-Martin-Smatana.png\" \/>\n\t<meta property=\"og:image:width\" content=\"2049\" \/>\n\t<meta property=\"og:image:height\" content=\"1152\" \/>\n\t<meta property=\"og:image:type\" content=\"image\/png\" \/>\n<meta name=\"twitter:card\" content=\"summary_large_image\" \/>\n<meta name=\"twitter:label1\" content=\"Dur\u00e9e de lecture estim\u00e9e\" \/>\n\t<meta name=\"twitter:data1\" content=\"5 minutes\" \/>\n<script type=\"application\/ld+json\" class=\"yoast-schema-graph\">{\"@context\":\"https:\/\/schema.org\",\"@graph\":[{\"@type\":\"WebPage\",\"@id\":\"https:\/\/institutfrancais.sk\/fr\/podujatie\/vystava-martin-smatana-rok-dobrych-sprav-2\/\",\"url\":\"https:\/\/institutfrancais.sk\/fr\/podujatie\/vystava-martin-smatana-rok-dobrych-sprav-2\/\",\"name\":\"EXPOSITION \/ Martin Smatana - Franc\u00fazsky in\u0161tit\u00fat na Slovensku\",\"isPartOf\":{\"@id\":\"https:\/\/institutfrancais.sk\/fr\/#website\"},\"primaryImageOfPage\":{\"@id\":\"https:\/\/institutfrancais.sk\/fr\/podujatie\/vystava-martin-smatana-rok-dobrych-sprav-2\/#primaryimage\"},\"image\":{\"@id\":\"https:\/\/institutfrancais.sk\/fr\/podujatie\/vystava-martin-smatana-rok-dobrych-sprav-2\/#primaryimage\"},\"thumbnailUrl\":\"https:\/\/institutfrancais.sk\/wp-content\/uploads\/2025\/11\/Invitation-Martin-Smatana.png\",\"datePublished\":\"2025-11-14T10:13:52+00:00\",\"dateModified\":\"2026-01-14T13:45:45+00:00\",\"breadcrumb\":{\"@id\":\"https:\/\/institutfrancais.sk\/fr\/podujatie\/vystava-martin-smatana-rok-dobrych-sprav-2\/#breadcrumb\"},\"inLanguage\":\"fr-FR\",\"potentialAction\":[{\"@type\":\"ReadAction\",\"target\":[\"https:\/\/institutfrancais.sk\/fr\/podujatie\/vystava-martin-smatana-rok-dobrych-sprav-2\/\"]}]},{\"@type\":\"ImageObject\",\"inLanguage\":\"fr-FR\",\"@id\":\"https:\/\/institutfrancais.sk\/fr\/podujatie\/vystava-martin-smatana-rok-dobrych-sprav-2\/#primaryimage\",\"url\":\"https:\/\/institutfrancais.sk\/wp-content\/uploads\/2025\/11\/Invitation-Martin-Smatana.png\",\"contentUrl\":\"https:\/\/institutfrancais.sk\/wp-content\/uploads\/2025\/11\/Invitation-Martin-Smatana.png\",\"width\":2049,\"height\":1152},{\"@type\":\"BreadcrumbList\",\"@id\":\"https:\/\/institutfrancais.sk\/fr\/podujatie\/vystava-martin-smatana-rok-dobrych-sprav-2\/#breadcrumb\",\"itemListElement\":[{\"@type\":\"ListItem\",\"position\":1,\"name\":\"Home\",\"item\":\"https:\/\/institutfrancais.sk\/fr\/\"},{\"@type\":\"ListItem\",\"position\":2,\"name\":\"Events\",\"item\":\"https:\/\/institutfrancais.sk\/fr\/podujatie\/\"},{\"@type\":\"ListItem\",\"position\":3,\"name\":\"EXPOSITION \/ Martin Smatana\"}]},{\"@type\":\"WebSite\",\"@id\":\"https:\/\/institutfrancais.sk\/fr\/#website\",\"url\":\"https:\/\/institutfrancais.sk\/fr\/\",\"name\":\"Franc\u00fazsky in\u0161tit\u00fat na Slovensku\",\"description\":\"Franc\u00fazsky in\u0161tit\u00fat na Slovensku\",\"potentialAction\":[{\"@type\":\"SearchAction\",\"target\":{\"@type\":\"EntryPoint\",\"urlTemplate\":\"https:\/\/institutfrancais.sk\/fr\/?s={search_term_string}\"},\"query-input\":{\"@type\":\"PropertyValueSpecification\",\"valueRequired\":true,\"valueName\":\"search_term_string\"}}],\"inLanguage\":\"fr-FR\"}]}<\/script>\n<!-- \/ Yoast SEO plugin. -->","yoast_head_json":{"title":"EXPOSITION \/ Martin Smatana - Franc\u00fazsky in\u0161tit\u00fat na Slovensku","robots":{"index":"index","follow":"follow","max-snippet":"max-snippet:-1","max-image-preview":"max-image-preview:large","max-video-preview":"max-video-preview:-1"},"canonical":"https:\/\/institutfrancais.sk\/fr\/podujatie\/vystava-martin-smatana-rok-dobrych-sprav-2\/","og_locale":"fr_FR","og_type":"article","og_title":"EXPOSITION \/ Martin Smatana - Franc\u00fazsky in\u0161tit\u00fat na Slovensku","og_description":"\u00ab Une ann\u00e9e de bonnes nouvelles \u00bb Nous vous invitons \u00e0 l\u2019exposition des \u0153uvres de Martin Smatana! L\u2019Institut fran\u00e7ais de Slovaquie a&nbsp;le plaisir de vous inviter \u00e0 l\u2019inauguration de l\u2019exposition&nbsp;Une ann\u00e9e de bonnes nouvelles, pr\u00e9sentant une s\u00e9lection unique d\u2019illustrations en textiles, de techniques mixtes et d\u2019objets 3D r\u00e9alis\u00e9s par l\u2019artiste slovaque prim\u00e9 Martin Smatana. En [&hellip;]","og_url":"https:\/\/institutfrancais.sk\/fr\/podujatie\/vystava-martin-smatana-rok-dobrych-sprav-2\/","og_site_name":"Franc\u00fazsky in\u0161tit\u00fat na Slovensku","article_modified_time":"2026-01-14T13:45:45+00:00","og_image":[{"width":2049,"height":1152,"url":"https:\/\/institutfrancais.sk\/wp-content\/uploads\/2025\/11\/Invitation-Martin-Smatana.png","type":"image\/png"}],"twitter_card":"summary_large_image","twitter_misc":{"Dur\u00e9e de lecture estim\u00e9e":"5 minutes"},"schema":{"@context":"https:\/\/schema.org","@graph":[{"@type":"WebPage","@id":"https:\/\/institutfrancais.sk\/fr\/podujatie\/vystava-martin-smatana-rok-dobrych-sprav-2\/","url":"https:\/\/institutfrancais.sk\/fr\/podujatie\/vystava-martin-smatana-rok-dobrych-sprav-2\/","name":"EXPOSITION \/ Martin Smatana - Franc\u00fazsky in\u0161tit\u00fat na Slovensku","isPartOf":{"@id":"https:\/\/institutfrancais.sk\/fr\/#website"},"primaryImageOfPage":{"@id":"https:\/\/institutfrancais.sk\/fr\/podujatie\/vystava-martin-smatana-rok-dobrych-sprav-2\/#primaryimage"},"image":{"@id":"https:\/\/institutfrancais.sk\/fr\/podujatie\/vystava-martin-smatana-rok-dobrych-sprav-2\/#primaryimage"},"thumbnailUrl":"https:\/\/institutfrancais.sk\/wp-content\/uploads\/2025\/11\/Invitation-Martin-Smatana.png","datePublished":"2025-11-14T10:13:52+00:00","dateModified":"2026-01-14T13:45:45+00:00","breadcrumb":{"@id":"https:\/\/institutfrancais.sk\/fr\/podujatie\/vystava-martin-smatana-rok-dobrych-sprav-2\/#breadcrumb"},"inLanguage":"fr-FR","potentialAction":[{"@type":"ReadAction","target":["https:\/\/institutfrancais.sk\/fr\/podujatie\/vystava-martin-smatana-rok-dobrych-sprav-2\/"]}]},{"@type":"ImageObject","inLanguage":"fr-FR","@id":"https:\/\/institutfrancais.sk\/fr\/podujatie\/vystava-martin-smatana-rok-dobrych-sprav-2\/#primaryimage","url":"https:\/\/institutfrancais.sk\/wp-content\/uploads\/2025\/11\/Invitation-Martin-Smatana.png","contentUrl":"https:\/\/institutfrancais.sk\/wp-content\/uploads\/2025\/11\/Invitation-Martin-Smatana.png","width":2049,"height":1152},{"@type":"BreadcrumbList","@id":"https:\/\/institutfrancais.sk\/fr\/podujatie\/vystava-martin-smatana-rok-dobrych-sprav-2\/#breadcrumb","itemListElement":[{"@type":"ListItem","position":1,"name":"Home","item":"https:\/\/institutfrancais.sk\/fr\/"},{"@type":"ListItem","position":2,"name":"Events","item":"https:\/\/institutfrancais.sk\/fr\/podujatie\/"},{"@type":"ListItem","position":3,"name":"EXPOSITION \/ Martin Smatana"}]},{"@type":"WebSite","@id":"https:\/\/institutfrancais.sk\/fr\/#website","url":"https:\/\/institutfrancais.sk\/fr\/","name":"Franc\u00fazsky in\u0161tit\u00fat na Slovensku","description":"Franc\u00fazsky in\u0161tit\u00fat na Slovensku","potentialAction":[{"@type":"SearchAction","target":{"@type":"EntryPoint","urlTemplate":"https:\/\/institutfrancais.sk\/fr\/?s={search_term_string}"},"query-input":{"@type":"PropertyValueSpecification","valueRequired":true,"valueName":"search_term_string"}}],"inLanguage":"fr-FR"}]}},"_links":{"self":[{"href":"https:\/\/institutfrancais.sk\/fr\/wp-json\/wp\/v2\/podujatie\/37979"}],"collection":[{"href":"https:\/\/institutfrancais.sk\/fr\/wp-json\/wp\/v2\/podujatie"}],"about":[{"href":"https:\/\/institutfrancais.sk\/fr\/wp-json\/wp\/v2\/types\/podujatie"}],"wp:featuredmedia":[{"embeddable":true,"href":"https:\/\/institutfrancais.sk\/fr\/wp-json\/wp\/v2\/media\/37966"}],"wp:attachment":[{"href":"https:\/\/institutfrancais.sk\/fr\/wp-json\/wp\/v2\/media?parent=37979"}],"wp:term":[{"taxonomy":"typ-podujatia","embeddable":true,"href":"https:\/\/institutfrancais.sk\/fr\/wp-json\/wp\/v2\/typ-podujatia?post=37979"}],"curies":[{"name":"wp","href":"https:\/\/api.w.org\/{rel}","templated":true}]}}