{"id":38323,"date":"2026-01-09T09:09:57","date_gmt":"2026-01-09T08:09:57","guid":{"rendered":"https:\/\/institutfrancais.sk\/podujatie\/koncert-zaz\/"},"modified":"2026-01-14T14:06:37","modified_gmt":"2026-01-14T13:06:37","slug":"koncert-zaz","status":"publish","type":"podujatie","link":"https:\/\/institutfrancais.sk\/fr\/podujatie\/koncert-zaz\/","title":{"rendered":"\ud83c\udfb6\u00a0Concert de ZAZ \u00e0 Bratislava \u2013 Gagnez des billets !"},"content":{"rendered":"\n<p><strong>ZAZ encha\u00eene les concerts \u00e0 guichets ferm\u00e9s, elle chantera \u00e0 Bratislava en janvier<\/strong><\/p>\n\n\n\n<p>La chanteuse ZAZ prouve une fois de plus qu\u2019elle compte parmi les plus grandes stars de la musique fran\u00e7aise. Sa tourn\u00e9e europ\u00e9enne actuelle affiche complet concert apr\u00e8s concert \u2013 y compris l\u2019\u00e9tape pragoise \u2013 et Bratislava figure elle aussi parmi les villes privil\u00e9gi\u00e9es. ZAZ se produira le&nbsp;<strong>24 janvier<\/strong>&nbsp;\u00e0 <strong>Peugeot Ar\u00e9na<\/strong>&nbsp;de Bratislava, offrant ainsi \u00e0 la Slovaquie une soir\u00e9e musicale exceptionnelle, pleine de charme fran\u00e7ais, de temp\u00e9rament et de l\u2019\u00e9nergie musicale inimitable qui fait sa renomm\u00e9e dans le monde entier.<\/p>\n\n\n\n<p><strong>ZAZ \u2013 24.01.2026 \u2013 20h00<\/strong><br>Peugeot Ar\u00e9na Bratislava<br><a href=\"https:\/\/selection.cz\/cs\/shows\/zaz-bratislava\/\">https:\/\/selection.cz\/cs\/shows\/zaz-bratislava\/<\/a><\/p>\n\n\n\n<p>ZAZ a&nbsp;conquis le monde d\u00e8s ses d\u00e9buts avec le titre&nbsp;<strong>Je veux<\/strong>, devenu un hymne de la chanson moderne et qui l\u2019a propuls\u00e9e sur le devant de la sc\u00e8ne musicale europ\u00e9enne. Son m\u00e9lange unique de chanson, de jazz, de pop et de world music a&nbsp;imm\u00e9diatement s\u00e9duit le public slovaque. Elle a&nbsp;donn\u00e9 en Slovaquie plusieurs concerts m\u00e9morables et s\u2019y est construit un public extr\u00eamement fid\u00e8le.<\/p>\n\n\n\n<figure class=\"wp-block-embed is-type-video is-provider-youtube wp-block-embed-youtube wp-embed-aspect-16-9 wp-has-aspect-ratio\"><div class=\"wp-block-embed__wrapper\">\n<iframe loading=\"lazy\" title=\"ZAZ - Je veux (Clip officiel)\" width=\"500\" height=\"281\" src=\"https:\/\/www.youtube.com\/embed\/0TFNGRYMz1U?feature=oembed\" frameborder=\"0\" allow=\"accelerometer; autoplay; clipboard-write; encrypted-media; gyroscope; picture-in-picture; web-share\" referrerpolicy=\"strict-origin-when-cross-origin\" allowfullscreen><\/iframe>\n<\/div><\/figure>\n\n\n\n<p>\u00ab ZAZ est sur sc\u00e8ne l\u2019incarnation m\u00eame de la joie, de l\u2019\u00e9nergie et du contact humain. Ses concerts sont bien plus que de simples performances musicales : ce sont des moments \u00e9motionnels forts qui rassemblent le public au-del\u00e0 des langues et des fronti\u00e8res \u00bb, d\u00e9clare&nbsp;<strong>Michael \u0160imon<\/strong>, organisateur du concert, qui ajoute : \u00ab ZAZ est un ph\u00e9nom\u00e8ne que le public slovaque a&nbsp;litt\u00e9ralement adopt\u00e9. Ses concerts d\u00e9bordent de joie, d\u2019\u00e9motion et de spontan\u00e9it\u00e9 \u2013 exactement ce dont nous avons tous besoin en janvier, apr\u00e8s les f\u00eates. \u00bb<\/p>\n\n\n\n<p>Son premier album&nbsp;<strong>ZAZ<\/strong>&nbsp;(2010) a&nbsp;rencontr\u00e9 un immense succ\u00e8s international. Ont suivi&nbsp;<strong>Recto Verso<\/strong>&nbsp;(2013) et&nbsp;<strong>Paris<\/strong>(2014), un hommage \u00e0 la ville de l\u2019amour et \u00e0 la musique fran\u00e7aise.&nbsp;<strong>Effet miroir<\/strong>&nbsp;(2018) a&nbsp;r\u00e9v\u00e9l\u00e9 une facette plus personnelle et introspective de l\u2019artiste. Avec&nbsp;<strong>Isa<\/strong>&nbsp;(2021), ZAZ a&nbsp;d\u00e9montr\u00e9 une nouvelle maturit\u00e9 artistique : l\u2019album, r\u00e9alis\u00e9 en collaboration avec des musiciens et producteurs de renom, propose des textes forts refl\u00e9tant des exp\u00e9riences personnelles, les relations humaines et les th\u00e8mes de la libert\u00e9 int\u00e9rieure. En septembre 2025, elle a&nbsp;publi\u00e9 son dernier album&nbsp;<strong>Sains et saufs<\/strong>, confirmant sa place exceptionnelle sur la sc\u00e8ne musicale contemporaine.<\/p>\n\n\n\n<figure class=\"wp-block-embed is-type-video is-provider-youtube wp-block-embed-youtube wp-embed-aspect-16-9 wp-has-aspect-ratio\"><div class=\"wp-block-embed__wrapper\">\n<iframe loading=\"lazy\" title=\"ZAZ - Sains et saufs (Clip officiel)\" width=\"500\" height=\"281\" src=\"https:\/\/www.youtube.com\/embed\/LojwdAWTNzw?feature=oembed\" frameborder=\"0\" allow=\"accelerometer; autoplay; clipboard-write; encrypted-media; gyroscope; picture-in-picture; web-share\" referrerpolicy=\"strict-origin-when-cross-origin\" allowfullscreen><\/iframe>\n<\/div><\/figure>\n\n\n\n<p><strong>ZAZ \u00e0 Bratislava en janvier 2026<\/strong>&nbsp;\u2013 une soir\u00e9e unique r\u00e9unissant le meilleur de la musique fran\u00e7aise, \u00e0 ne surtout pas manquer. Les billets sont en vente sur le r\u00e9seau&nbsp;<a href=\"https:\/\/www.ticketportal.sk\/event\/ZAZ\"><strong>Ticketportal<\/strong>.<\/a><\/p>\n\n\n<div class=\"space md\"><\/div>\n\n\n<p class=\"has-small-font-size\"><em>Source Selection<\/em><\/p>\n\n\n<div class=\"text-center\"><a href=\"https:\/\/institutfrancais.sk\/wp-content\/uploads\/2026\/01\/PRAVIDLA-SUTAZE-Reglement-de-concours-ZAZ-1.pdf\" class=\"btn btn-blue-invert\">R\u00c8GLEMENT DU CONCOURS<\/a><\/div>\n\n\n<p><\/p>\n\n\n\n<p>Suivez-nous sur nos r\u00e9seaux sociaux :<\/p>\n\n\n\n<p>Instagram : @ifslovaquie<\/p>\n\n\n\n<p>Facebook : Institut fran\u00e7ais de Slovaquie \u2013 Franc\u00fazsky in\u0161tit\u00fat na&nbsp;Slovensku | Bratislava | Facebook<\/p>\n\n\n<div class=\"space md\"><\/div>","protected":false},"featured_media":38321,"template":"","typ-podujatia":[51],"acf":[],"yoast_head":"<!-- This site is optimized with the Yoast SEO plugin v24.5 - https:\/\/yoast.com\/wordpress\/plugins\/seo\/ -->\n<title>\ud83c\udfb6\u00a0Concert de ZAZ \u00e0 Bratislava \u2013 Gagnez des billets ! - Franc\u00fazsky in\u0161tit\u00fat na Slovensku<\/title>\n<meta name=\"robots\" content=\"index, follow, max-snippet:-1, max-image-preview:large, max-video-preview:-1\" \/>\n<link rel=\"canonical\" href=\"https:\/\/institutfrancais.sk\/fr\/podujatie\/koncert-zaz\/\" \/>\n<meta property=\"og:locale\" content=\"fr_FR\" \/>\n<meta property=\"og:type\" content=\"article\" \/>\n<meta property=\"og:title\" content=\"\ud83c\udfb6\u00a0Concert de ZAZ \u00e0 Bratislava \u2013 Gagnez des billets ! - Franc\u00fazsky in\u0161tit\u00fat na Slovensku\" \/>\n<meta property=\"og:description\" content=\"ZAZ encha\u00eene les concerts \u00e0 guichets ferm\u00e9s, elle chantera \u00e0 Bratislava en janvier La chanteuse ZAZ prouve une fois de plus qu\u2019elle compte parmi les plus grandes stars de la musique fran\u00e7aise. Sa tourn\u00e9e europ\u00e9enne actuelle affiche complet concert apr\u00e8s concert \u2013 y compris l\u2019\u00e9tape pragoise \u2013 et Bratislava figure elle aussi parmi les villes [&hellip;]\" \/>\n<meta property=\"og:url\" content=\"https:\/\/institutfrancais.sk\/fr\/podujatie\/koncert-zaz\/\" \/>\n<meta property=\"og:site_name\" content=\"Franc\u00fazsky in\u0161tit\u00fat na Slovensku\" \/>\n<meta property=\"article:modified_time\" content=\"2026-01-14T13:06:37+00:00\" \/>\n<meta property=\"og:image\" content=\"https:\/\/institutfrancais.sk\/wp-content\/uploads\/2026\/01\/ZAZ_2000x1000_Bratislava_.jpg\" \/>\n\t<meta property=\"og:image:width\" content=\"2000\" \/>\n\t<meta property=\"og:image:height\" content=\"1000\" \/>\n\t<meta property=\"og:image:type\" content=\"image\/jpeg\" \/>\n<meta name=\"twitter:card\" content=\"summary_large_image\" \/>\n<meta name=\"twitter:label1\" content=\"Dur\u00e9e de lecture estim\u00e9e\" \/>\n\t<meta name=\"twitter:data1\" content=\"3 minutes\" \/>\n<script type=\"application\/ld+json\" class=\"yoast-schema-graph\">{\"@context\":\"https:\/\/schema.org\",\"@graph\":[{\"@type\":\"WebPage\",\"@id\":\"https:\/\/institutfrancais.sk\/fr\/podujatie\/koncert-zaz\/\",\"url\":\"https:\/\/institutfrancais.sk\/fr\/podujatie\/koncert-zaz\/\",\"name\":\"\ud83c\udfb6\u00a0Concert de ZAZ \u00e0 Bratislava \u2013 Gagnez des billets ! - Franc\u00fazsky in\u0161tit\u00fat na Slovensku\",\"isPartOf\":{\"@id\":\"https:\/\/institutfrancais.sk\/fr\/#website\"},\"primaryImageOfPage\":{\"@id\":\"https:\/\/institutfrancais.sk\/fr\/podujatie\/koncert-zaz\/#primaryimage\"},\"image\":{\"@id\":\"https:\/\/institutfrancais.sk\/fr\/podujatie\/koncert-zaz\/#primaryimage\"},\"thumbnailUrl\":\"https:\/\/institutfrancais.sk\/wp-content\/uploads\/2026\/01\/ZAZ_2000x1000_Bratislava_.jpg\",\"datePublished\":\"2026-01-09T08:09:57+00:00\",\"dateModified\":\"2026-01-14T13:06:37+00:00\",\"breadcrumb\":{\"@id\":\"https:\/\/institutfrancais.sk\/fr\/podujatie\/koncert-zaz\/#breadcrumb\"},\"inLanguage\":\"fr-FR\",\"potentialAction\":[{\"@type\":\"ReadAction\",\"target\":[\"https:\/\/institutfrancais.sk\/fr\/podujatie\/koncert-zaz\/\"]}]},{\"@type\":\"ImageObject\",\"inLanguage\":\"fr-FR\",\"@id\":\"https:\/\/institutfrancais.sk\/fr\/podujatie\/koncert-zaz\/#primaryimage\",\"url\":\"https:\/\/institutfrancais.sk\/wp-content\/uploads\/2026\/01\/ZAZ_2000x1000_Bratislava_.jpg\",\"contentUrl\":\"https:\/\/institutfrancais.sk\/wp-content\/uploads\/2026\/01\/ZAZ_2000x1000_Bratislava_.jpg\",\"width\":2000,\"height\":1000},{\"@type\":\"BreadcrumbList\",\"@id\":\"https:\/\/institutfrancais.sk\/fr\/podujatie\/koncert-zaz\/#breadcrumb\",\"itemListElement\":[{\"@type\":\"ListItem\",\"position\":1,\"name\":\"Home\",\"item\":\"https:\/\/institutfrancais.sk\/fr\/\"},{\"@type\":\"ListItem\",\"position\":2,\"name\":\"Events\",\"item\":\"https:\/\/institutfrancais.sk\/fr\/podujatie\/\"},{\"@type\":\"ListItem\",\"position\":3,\"name\":\"\ud83c\udfb6\u00a0Concert de ZAZ \u00e0 Bratislava \u2013 Gagnez des billets !\"}]},{\"@type\":\"WebSite\",\"@id\":\"https:\/\/institutfrancais.sk\/fr\/#website\",\"url\":\"https:\/\/institutfrancais.sk\/fr\/\",\"name\":\"Franc\u00fazsky in\u0161tit\u00fat na Slovensku\",\"description\":\"Franc\u00fazsky in\u0161tit\u00fat na Slovensku\",\"potentialAction\":[{\"@type\":\"SearchAction\",\"target\":{\"@type\":\"EntryPoint\",\"urlTemplate\":\"https:\/\/institutfrancais.sk\/fr\/?s={search_term_string}\"},\"query-input\":{\"@type\":\"PropertyValueSpecification\",\"valueRequired\":true,\"valueName\":\"search_term_string\"}}],\"inLanguage\":\"fr-FR\"}]}<\/script>\n<!-- \/ Yoast SEO plugin. -->","yoast_head_json":{"title":"\ud83c\udfb6\u00a0Concert de ZAZ \u00e0 Bratislava \u2013 Gagnez des billets ! - Franc\u00fazsky in\u0161tit\u00fat na Slovensku","robots":{"index":"index","follow":"follow","max-snippet":"max-snippet:-1","max-image-preview":"max-image-preview:large","max-video-preview":"max-video-preview:-1"},"canonical":"https:\/\/institutfrancais.sk\/fr\/podujatie\/koncert-zaz\/","og_locale":"fr_FR","og_type":"article","og_title":"\ud83c\udfb6\u00a0Concert de ZAZ \u00e0 Bratislava \u2013 Gagnez des billets ! - Franc\u00fazsky in\u0161tit\u00fat na Slovensku","og_description":"ZAZ encha\u00eene les concerts \u00e0 guichets ferm\u00e9s, elle chantera \u00e0 Bratislava en janvier La chanteuse ZAZ prouve une fois de plus qu\u2019elle compte parmi les plus grandes stars de la musique fran\u00e7aise. Sa tourn\u00e9e europ\u00e9enne actuelle affiche complet concert apr\u00e8s concert \u2013 y compris l\u2019\u00e9tape pragoise \u2013 et Bratislava figure elle aussi parmi les villes [&hellip;]","og_url":"https:\/\/institutfrancais.sk\/fr\/podujatie\/koncert-zaz\/","og_site_name":"Franc\u00fazsky in\u0161tit\u00fat na Slovensku","article_modified_time":"2026-01-14T13:06:37+00:00","og_image":[{"width":2000,"height":1000,"url":"https:\/\/institutfrancais.sk\/wp-content\/uploads\/2026\/01\/ZAZ_2000x1000_Bratislava_.jpg","type":"image\/jpeg"}],"twitter_card":"summary_large_image","twitter_misc":{"Dur\u00e9e de lecture estim\u00e9e":"3 minutes"},"schema":{"@context":"https:\/\/schema.org","@graph":[{"@type":"WebPage","@id":"https:\/\/institutfrancais.sk\/fr\/podujatie\/koncert-zaz\/","url":"https:\/\/institutfrancais.sk\/fr\/podujatie\/koncert-zaz\/","name":"\ud83c\udfb6\u00a0Concert de ZAZ \u00e0 Bratislava \u2013 Gagnez des billets ! - Franc\u00fazsky in\u0161tit\u00fat na Slovensku","isPartOf":{"@id":"https:\/\/institutfrancais.sk\/fr\/#website"},"primaryImageOfPage":{"@id":"https:\/\/institutfrancais.sk\/fr\/podujatie\/koncert-zaz\/#primaryimage"},"image":{"@id":"https:\/\/institutfrancais.sk\/fr\/podujatie\/koncert-zaz\/#primaryimage"},"thumbnailUrl":"https:\/\/institutfrancais.sk\/wp-content\/uploads\/2026\/01\/ZAZ_2000x1000_Bratislava_.jpg","datePublished":"2026-01-09T08:09:57+00:00","dateModified":"2026-01-14T13:06:37+00:00","breadcrumb":{"@id":"https:\/\/institutfrancais.sk\/fr\/podujatie\/koncert-zaz\/#breadcrumb"},"inLanguage":"fr-FR","potentialAction":[{"@type":"ReadAction","target":["https:\/\/institutfrancais.sk\/fr\/podujatie\/koncert-zaz\/"]}]},{"@type":"ImageObject","inLanguage":"fr-FR","@id":"https:\/\/institutfrancais.sk\/fr\/podujatie\/koncert-zaz\/#primaryimage","url":"https:\/\/institutfrancais.sk\/wp-content\/uploads\/2026\/01\/ZAZ_2000x1000_Bratislava_.jpg","contentUrl":"https:\/\/institutfrancais.sk\/wp-content\/uploads\/2026\/01\/ZAZ_2000x1000_Bratislava_.jpg","width":2000,"height":1000},{"@type":"BreadcrumbList","@id":"https:\/\/institutfrancais.sk\/fr\/podujatie\/koncert-zaz\/#breadcrumb","itemListElement":[{"@type":"ListItem","position":1,"name":"Home","item":"https:\/\/institutfrancais.sk\/fr\/"},{"@type":"ListItem","position":2,"name":"Events","item":"https:\/\/institutfrancais.sk\/fr\/podujatie\/"},{"@type":"ListItem","position":3,"name":"\ud83c\udfb6\u00a0Concert de ZAZ \u00e0 Bratislava \u2013 Gagnez des billets !"}]},{"@type":"WebSite","@id":"https:\/\/institutfrancais.sk\/fr\/#website","url":"https:\/\/institutfrancais.sk\/fr\/","name":"Franc\u00fazsky in\u0161tit\u00fat na Slovensku","description":"Franc\u00fazsky in\u0161tit\u00fat na Slovensku","potentialAction":[{"@type":"SearchAction","target":{"@type":"EntryPoint","urlTemplate":"https:\/\/institutfrancais.sk\/fr\/?s={search_term_string}"},"query-input":{"@type":"PropertyValueSpecification","valueRequired":true,"valueName":"search_term_string"}}],"inLanguage":"fr-FR"}]}},"_links":{"self":[{"href":"https:\/\/institutfrancais.sk\/fr\/wp-json\/wp\/v2\/podujatie\/38323"}],"collection":[{"href":"https:\/\/institutfrancais.sk\/fr\/wp-json\/wp\/v2\/podujatie"}],"about":[{"href":"https:\/\/institutfrancais.sk\/fr\/wp-json\/wp\/v2\/types\/podujatie"}],"wp:featuredmedia":[{"embeddable":true,"href":"https:\/\/institutfrancais.sk\/fr\/wp-json\/wp\/v2\/media\/38321"}],"wp:attachment":[{"href":"https:\/\/institutfrancais.sk\/fr\/wp-json\/wp\/v2\/media?parent=38323"}],"wp:term":[{"taxonomy":"typ-podujatia","embeddable":true,"href":"https:\/\/institutfrancais.sk\/fr\/wp-json\/wp\/v2\/typ-podujatia?post=38323"}],"curies":[{"name":"wp","href":"https:\/\/api.w.org\/{rel}","templated":true}]}}