{"id":38399,"date":"2026-01-15T09:29:40","date_gmt":"2026-01-15T08:29:40","guid":{"rendered":"https:\/\/institutfrancais.sk\/?post_type=podujatie&#038;p=38399"},"modified":"2026-03-06T17:27:06","modified_gmt":"2026-03-06T16:27:06","slug":"mois-de-la-francophonie","status":"publish","type":"podujatie","link":"https:\/\/institutfrancais.sk\/fr\/podujatie\/mois-de-la-francophonie\/","title":{"rendered":"Mois de la francophonie 2026"},"content":{"rendered":"\n<h2 class=\"wp-block-heading\">Femmes en francophonie<\/h2>\n\n\n\n<p style=\"font-size:16px;letter-spacing:0px\">Ch\u00e8res et chers francophones, ch\u00e8res et chers francophiles,<\/p>\n\n\n\n<p style=\"font-size:16px;letter-spacing:0px\">Comme chaque ann\u00e9e, nous f\u00eatons la francophonie au mois de mars !<\/p>\n\n\n\n<p style=\"font-size:16px;letter-spacing:0px\">La Francophonie est un v\u00e9ritable pont entre les cultures port\u00e9 par la langue fran\u00e7aise. Pr\u00e9sente sur tous les continents, elle rassemble aujourd\u2019hui plus de 348 millions de locuteurs \u00e0 travers le monde. Mais la Francophonie ne se r\u00e9sume pas au partage d\u2019une langue commune, elle incarne \u00e9galement des valeurs fortes telles que l\u2019\u00e9galit\u00e9, la compl\u00e9mentarit\u00e9 et la solidarit\u00e9.<\/p>\n\n\n\n<p style=\"font-size:16px\">\u00c0 l\u2019occasion de l\u2019ouverture de l\u2019\u00e9dition 2026 du Mois de la Francophonie, le groupe des Ambassadeurs francophones en Slovaquie s&rsquo;est r\u00e9uni autour d\u2019un projet commun : une vid\u00e9o qui c\u00e9l\u00e8bre la richesse et la diversit\u00e9 de la francophonie dans le pays, \u00e0 travers ses locuteurs, ses cultures et les nombreux \u00e9v\u00e9nements qui la font vivre. Nous vous invitons \u00e0 d\u00e9couvrir cette initiative collective en visionnant la vid\u00e9o ci-dessous :<\/p>\n\n\n\n<p class=\"has-text-align-center\"><\/p>\n\n\n\n<figure class=\"wp-block-embed is-type-video is-provider-youtube wp-block-embed-youtube wp-embed-aspect-16-9 wp-has-aspect-ratio\"><div class=\"wp-block-embed__wrapper\">\n<iframe loading=\"lazy\" title=\"Francophonie 2026\" width=\"500\" height=\"281\" src=\"https:\/\/www.youtube.com\/embed\/PSoK0I4QIII?feature=oembed\" frameborder=\"0\" allow=\"accelerometer; autoplay; clipboard-write; encrypted-media; gyroscope; picture-in-picture; web-share\" referrerpolicy=\"strict-origin-when-cross-origin\" allowfullscreen><\/iframe>\n<\/div><\/figure>\n\n\n\n<p style=\"font-size:16px;letter-spacing:0px\">Cette maison qu&rsquo;est la langue fran\u00e7aise, tous les amoureux des multiples&nbsp;cultures francophones&nbsp;peuvent la partager&nbsp;\u00e0 travers la Slovaquie,&nbsp;gr\u00e2ce \u00e0 un programme vari\u00e9&nbsp;que nous vous avons pr\u00e9par\u00e9, en partenariat avec les Alliances fran\u00e7aises de Banska Bystrica et de Ko\u0161ice.<\/p>\n\n\n\n<p class=\"has-text-align-left\" style=\"font-size:16px;letter-spacing:0px\"><font dir=\"auto\" style=\"vertical-align: inherit;\"><font dir=\"auto\" style=\"vertical-align: inherit;\">Nous attirons votre attention sur la soir\u00e9e du <\/font><\/font><a href=\"https:\/\/institutfrancais.sk\/fr\/podujatie\/festival-du-film-francophone-de-bratislava\/\"><strong><font dir=\"auto\" style=\"vertical-align: inherit;\"><font dir=\"auto\" style=\"vertical-align: inherit;\">film francophone<\/font><\/font><\/strong><\/a><font dir=\"auto\" style=\"vertical-align: inherit;\"><font dir=\"auto\" style=\"vertical-align: inherit;\"> qui se tiendra au cin\u00e9ma Kino Lumi\u00e8re le 20 mars 2026 \u00e0 18h30, Journ\u00e9e internationale de la Francophonie. Cette soir\u00e9e sera l&rsquo;occasion de d\u00e9couvrir les projections de plusieurs films francophones li\u00e9s au th\u00e8me de l&rsquo;\u00e9dition en cours de la Francophonie, \u00ab Les Femmes en Francophonie \u00bb.<\/font><\/font><\/p>\n\n\n\n<p style=\"font-size:16px;letter-spacing:0px\"><font dir=\"auto\" style=\"vertical-align: inherit;\"><font dir=\"auto\" style=\"vertical-align: inherit;\">Parmi les nombreux autres \u00e9v\u00e9nements, vous d\u00e9couvrirez, pour la troisi\u00e8me \u00e9dition en Slovaquie, le <\/font><\/font><a href=\"https:\/\/institutfrancais.sk\/fr\/podujatie\/choix-goncourt-de-la-slovaquie-2026\/\" target=\"_blank\" rel=\"noreferrer noopener\"><strong><font dir=\"auto\" style=\"vertical-align: inherit;\"><font dir=\"auto\" style=\"vertical-align: inherit;\">Choix Goncourt<\/font><\/font><\/strong><\/a><font dir=\"auto\" style=\"vertical-align: inherit;\"><font dir=\"auto\" style=\"vertical-align: inherit;\">, la <\/font><\/font><strong><a href=\"https:\/\/institutfrancais.sk\/fr\/podujatie\/soiree-francophone\/\" target=\"_blank\" rel=\"noreferrer noopener\"><font dir=\"auto\" style=\"vertical-align: inherit;\"><font dir=\"auto\" style=\"vertical-align: inherit;\">soir\u00e9e francophone<\/font><\/font><\/a><\/strong><font dir=\"auto\" style=\"vertical-align: inherit;\"><font dir=\"auto\" style=\"vertical-align: inherit;\"> pour tester vos connaissances sur la francophonie autour d&rsquo;un quiz et de jeux, ainsi que, comme chaque ann\u00e9e, le concours de la chanson francophone <\/font><\/font><a href=\"https:\/\/institutfrancais.sk\/spievam-po-francuzsky-2025-zapisy-su-otvorene\/\" target=\"_blank\" rel=\"noreferrer noopener\"><strong><font dir=\"auto\" style=\"vertical-align: inherit;\"><font dir=\"auto\" style=\"vertical-align: inherit;\">Je chante en fran\u00e7ais<\/font><\/font><\/strong><\/a><font dir=\"auto\" style=\"vertical-align: inherit;\"><font dir=\"auto\" style=\"vertical-align: inherit;\">.<\/font><\/font><\/p>\n\n\n\n<p style=\"font-size:16px;letter-spacing:0px\"><font dir=\"auto\" style=\"vertical-align: inherit;\"><font dir=\"auto\" style=\"vertical-align: inherit;\">Nous sommes \u00e9galement fiers de travailler en collaboration avec nos partenaires francophones, dont nous vous d\u00e9voilerons le programme pour le mois de la francophonie tr\u00e8s vite!<\/font><\/font><\/p>\n\n\n\n<p style=\"font-size:16px;letter-spacing:0px\"><font dir=\"auto\" style=\"vertical-align: inherit;\"><font dir=\"auto\" style=\"vertical-align: inherit;\">Enfin, n&rsquo;oubliez pas que vous pouvez toujours vous inscrire au prochain trimestre de cours de langue fran\u00e7aise pour tous les niveaux, avec la possibilit\u00e9 d&rsquo;obtenir une certification !<\/font><\/font><\/p>\n\n\n\n<p>Olivier FAVRY, Directeur et Conseiller de Coop\u00e9ration et d\u2019Action Culturelle<\/p>\n\n\n<div class=\"accordion-menu\"><a href=\"#a1-\" class=\"smooth\"><\/a><\/div><div class=\"accordion\" id=\"a705\"><div class=\"card\"><div class=\"card-header\" id=\"ha705_1\"><h3 class=\"card-opener\"><button class=\"collapsed\" type=\"button\" data-toggle=\"collapse\" data-target=\"#ca705_1\" aria-expanded=\"true\" aria-controls=\"ca705_1\">Rendez-vous \u00e0 Bratislava<span class=\"plus\"><svg viewBox=\"0 0 29 29\" xmlns=\"http:\/\/www.w3.org\/2000\/svg\"><path d=\"M28.2857 12.9286V16.7857C28.2857 17.3214 28.0982 17.7768 27.7232 18.1518C27.3482 18.5268 26.8929 18.7143 26.3571 18.7143H18V27.0714C18 27.6071 17.8125 28.0625 17.4375 28.4375C17.0625 28.8125 16.6071 29 16.0714 29H12.2143C11.6786 29 11.2232 28.8125 10.8482 28.4375C10.4732 28.0625 10.2857 27.6071 10.2857 27.0714V18.7143H1.92857C1.39286 18.7143 0.9375 18.5268 0.5625 18.1518C0.1875 17.7768 0 17.3214 0 16.7857V12.9286C0 12.3929 0.1875 11.9375 0.5625 11.5625C0.9375 11.1875 1.39286 11 1.92857 11H10.2857V2.64286C10.2857 2.10714 10.4732 1.65178 10.8482 1.27678C11.2232 0.901784 11.6786 0.714284 12.2143 0.714284H16.0714C16.6071 0.714284 17.0625 0.901784 17.4375 1.27678C17.8125 1.65178 18 2.10714 18 2.64286V11H26.3571C26.8929 11 27.3482 11.1875 27.7232 11.5625C28.0982 11.9375 28.2857 12.3929 28.2857 12.9286Z\"><\/svg><\/span><span class=\"minus\"><svg viewBox=\"0 0 29 8\" xmlns=\"http:\/\/www.w3.org\/2000\/svg\"><path d=\"M28.2857 1.92857V5.78571C28.2857 6.32143 28.0982 6.77679 27.7232 7.15179C27.3482 7.52679 26.8929 7.71429 26.3571 7.71429H1.92857C1.39286 7.71429 0.9375 7.52679 0.5625 7.15179C0.1875 6.77679 0 6.32143 0 5.78571V1.92857C0 1.39286 0.1875 0.937499 0.5625 0.562499C0.9375 0.1875 1.39286 0 1.92857 0H26.3571C26.8929 0 27.3482 0.1875 27.7232 0.562499C28.0982 0.937499 28.2857 1.39286 28.2857 1.92857Z\"><\/svg><\/span><\/button><\/h3><\/div><div id=\"ca705_1\" class=\"collapse\" aria-labelledby=\"ha705_1\" data-parent=\"#a705\"><div class=\"card-body\"><div>\n<h2><span dir=\"auto\" style=\"vertical-align: inherit;\"><span dir=\"auto\" style=\"vertical-align: inherit;\"><span dir=\"auto\" style=\"vertical-align: inherit;\"><span dir=\"auto\" style=\"vertical-align: inherit;\"><span dir=\"auto\" style=\"vertical-align: inherit;\"><span dir=\"auto\" style=\"vertical-align: inherit;\">\u00c0 l&rsquo;Institut fran\u00e7ais de Slovaquie :<\/span><\/span><\/span><\/span><\/span><\/span><\/h2>\n<\/div>\n<p data-start=\"53\" data-end=\"124\"><strong data-start=\"53\" data-end=\"67\"><span dir=\"auto\" style=\"vertical-align: inherit;\"><span dir=\"auto\" style=\"vertical-align: inherit;\"><span dir=\"auto\" style=\"vertical-align: inherit;\"><span dir=\"auto\" style=\"vertical-align: inherit;\">Exposition <\/span><\/span><\/span><\/span><\/strong><br data-start=\"67\" data-end=\"70\" \/><strong data-start=\"70\" data-end=\"124\"><span dir=\"auto\" style=\"vertical-align: inherit;\"><span dir=\"auto\" style=\"vertical-align: inherit;\"><span dir=\"auto\" style=\"vertical-align: inherit;\"><span dir=\"auto\" style=\"vertical-align: inherit;\">2\u1d49 \u00e9dition de l&rsquo;exposition \u00ab Portraits de femmes \u00bb<\/span><\/span><\/span><\/span><\/strong><\/p>\n<p data-start=\"126\" data-end=\"337\"><span dir=\"auto\" style=\"vertical-align: inherit;\"><span dir=\"auto\" style=\"vertical-align: inherit;\"><span dir=\"auto\" style=\"vertical-align: inherit;\"><span dir=\"auto\" style=\"vertical-align: inherit;\">Ce projet est organis\u00e9 \u00e0 l&rsquo;occasion de la Journ\u00e9e internationale des droits des femmes et s&rsquo;inscrit dans le cadre de l&rsquo;\u00e9ducation aux valeurs humanistes fran\u00e7aises et plus largement universelles promues \u00e0 l&rsquo;EFIB.<\/span><\/span><\/span><\/span><\/p>\n<p data-start=\"339\" data-end=\"421\"><span dir=\"auto\" style=\"vertical-align: inherit;\"><span dir=\"auto\" style=\"vertical-align: inherit;\"><span dir=\"auto\" style=\"vertical-align: inherit;\"><span dir=\"auto\" style=\"vertical-align: inherit;\">\ud83d\udcc5 <strong>0<\/strong><\/span><\/span><\/span><\/span><strong data-start=\"342\" data-end=\"366\"><span dir=\"auto\" style=\"vertical-align: inherit;\"><span dir=\"auto\" style=\"vertical-align: inherit;\"><span dir=\"auto\" style=\"vertical-align: inherit;\"><span dir=\"auto\" style=\"vertical-align: inherit;\">5\/03\/2026 \u2013 14\/03\/2026<\/span><\/span><\/span><\/span><\/strong><br data-start=\"366\" data-end=\"369\" \/><span dir=\"auto\" style=\"vertical-align: inherit;\"><span dir=\"auto\" style=\"vertical-align: inherit;\"><span dir=\"auto\" style=\"vertical-align: inherit;\"><span dir=\"auto\" style=\"vertical-align: inherit;\"> \ud83d\udccd Galerie de l&rsquo;Institut fran\u00e7ais <\/span><\/span><\/span><\/span><br data-start=\"402\" data-end=\"405\" \/><span dir=\"auto\" style=\"vertical-align: inherit;\"><span dir=\"auto\" style=\"vertical-align: inherit;\"><span dir=\"auto\" style=\"vertical-align: inherit;\"><span dir=\"auto\" style=\"vertical-align: inherit;\">\ud83c\udf9f\ufe0f Entr\u00e9e libre<\/span><\/span><\/span><\/span><\/p>\n<p data-start=\"339\" data-end=\"421\"><a href=\"https:\/\/institutfrancais.sk\/fr\/podujatie\/portraits-de-femmes-edition-2026\/\" target=\"_blank\" rel=\"noopener\"><span dir=\"auto\" style=\"vertical-align: inherit;\"><span dir=\"auto\" style=\"vertical-align: inherit;\">Information<\/span><\/span><\/a><\/p>\n<hr data-start=\"423\" data-end=\"426\" \/>\n<p data-start=\"428\" data-end=\"514\"><strong data-start=\"428\" data-end=\"449\"><span dir=\"auto\" style=\"vertical-align: inherit;\"><span dir=\"auto\" style=\"vertical-align: inherit;\"><span dir=\"auto\" style=\"vertical-align: inherit;\"><span dir=\"auto\" style=\"vertical-align: inherit;\">R\u00e9alit\u00e9 virtuelle <\/span><\/span><\/span><\/span><\/strong><br data-start=\"449\" data-end=\"452\" \/><strong data-start=\"452\" data-end=\"514\"><span dir=\"auto\" style=\"vertical-align: inherit;\"><span dir=\"auto\" style=\"vertical-align: inherit;\"><span dir=\"auto\" style=\"vertical-align: inherit;\"><span dir=\"auto\" style=\"vertical-align: inherit;\">\u00ab H\u00e9l\u00e8ne Darroze \u2013 chef fran\u00e7aise de renomm\u00e9e mondiale \u00bb<\/span><\/span><\/span><\/span><\/strong><\/p>\n<p data-start=\"516\" data-end=\"631\"><span dir=\"auto\" style=\"vertical-align: inherit;\"><span dir=\"auto\" style=\"vertical-align: inherit;\"><span dir=\"auto\" style=\"vertical-align: inherit;\"><span dir=\"auto\" style=\"vertical-align: inherit;\">Venez nous rendre visite \u00e0 l&rsquo;Institut fran\u00e7ais et vivez une exp\u00e9rience exceptionnelle gr\u00e2ce \u00e0 la r\u00e9alit\u00e9 virtuelle.<\/span><\/span><\/span><\/span><\/p>\n<p data-start=\"633\" data-end=\"722\"><span dir=\"auto\" style=\"vertical-align: inherit;\"><span dir=\"auto\" style=\"vertical-align: inherit;\"><span dir=\"auto\" style=\"vertical-align: inherit;\"><span dir=\"auto\" style=\"vertical-align: inherit;\">\ud83d\udcc5 <strong>03<\/strong><\/span><\/span><\/span><\/span><strong data-start=\"636\" data-end=\"663\"><span dir=\"auto\" style=\"vertical-align: inherit;\"><span dir=\"auto\" style=\"vertical-align: inherit;\"><span dir=\"auto\" style=\"vertical-align: inherit;\"><span dir=\"auto\" style=\"vertical-align: inherit;\"><strong>\/<\/strong>07\/2026 | 9h30 \u2013 12h30<\/span><\/span><\/span><\/span><\/strong><br data-start=\"663\" data-end=\"666\" \/><span dir=\"auto\" style=\"vertical-align: inherit;\"><span dir=\"auto\" style=\"vertical-align: inherit;\"><span dir=\"auto\" style=\"vertical-align: inherit;\"><span dir=\"auto\" style=\"vertical-align: inherit;\"> \ud83d\udccd M\u00e9diath\u00e8que de l&rsquo;Institut fran\u00e7ais <\/span><\/span><\/span><\/span><br data-start=\"703\" data-end=\"706\" \/><span dir=\"auto\" style=\"vertical-align: inherit;\"><span dir=\"auto\" style=\"vertical-align: inherit;\"><span dir=\"auto\" style=\"vertical-align: inherit;\"><span dir=\"auto\" style=\"vertical-align: inherit;\">\ud83c\udf9f\ufe0f Entr\u00e9e libre<\/span><\/span><\/span><\/span><\/p>\n<p data-start=\"633\" data-end=\"722\"><a href=\"https:\/\/institutfrancais.sk\/fr\/podujatie\/virtualna-realita-francuzska-sefkucharka\/\" target=\"_blank\" rel=\"noopener\"><span dir=\"auto\" style=\"vertical-align: inherit;\"><span dir=\"auto\" style=\"vertical-align: inherit;\">Information<\/span><\/span><\/a><\/p>\n<hr data-start=\"724\" data-end=\"727\" \/>\n<p data-start=\"729\" data-end=\"767\"><strong data-start=\"729\" data-end=\"741\"><span dir=\"auto\" style=\"vertical-align: inherit;\"><span dir=\"auto\" style=\"vertical-align: inherit;\"><span dir=\"auto\" style=\"vertical-align: inherit;\"><span dir=\"auto\" style=\"vertical-align: inherit;\">Cin\u00e9club <\/span><\/span><\/span><\/span><\/strong><br data-start=\"741\" data-end=\"744\" \/><strong data-start=\"744\" data-end=\"767\"><span dir=\"auto\" style=\"vertical-align: inherit;\"><span dir=\"auto\" style=\"vertical-align: inherit;\"><span dir=\"auto\" style=\"vertical-align: inherit;\"><span dir=\"auto\" style=\"vertical-align: inherit;\">Un amour impossible<\/span><\/span><\/span><\/span><\/strong><\/p>\n<p data-start=\"769\" data-end=\"904\"><span dir=\"auto\" style=\"vertical-align: inherit;\"><span dir=\"auto\" style=\"vertical-align: inherit;\"><span dir=\"auto\" style=\"vertical-align: inherit;\"><span dir=\"auto\" style=\"vertical-align: inherit;\">\u00c0 l\u2019occasion de la Journ\u00e9e internationale des femmes, nous vous invitons \u00e0 la projection du film <\/span><\/span><\/span><\/span><em data-start=\"882\" data-end=\"903\"><span dir=\"auto\" style=\"vertical-align: inherit;\"><span dir=\"auto\" style=\"vertical-align: inherit;\"><span dir=\"auto\" style=\"vertical-align: inherit;\"><span dir=\"auto\" style=\"vertical-align: inherit;\">Un amour impossible<\/span><\/span><\/span><\/span><\/em><span dir=\"auto\" style=\"vertical-align: inherit;\"><span dir=\"auto\" style=\"vertical-align: inherit;\"><span dir=\"auto\" style=\"vertical-align: inherit;\"><span dir=\"auto\" style=\"vertical-align: inherit;\"> .<\/span><\/span><\/span><\/span><\/p>\n<p data-start=\"906\" data-end=\"985\"><span dir=\"auto\" style=\"vertical-align: inherit;\"><span dir=\"auto\" style=\"vertical-align: inherit;\"><span dir=\"auto\" style=\"vertical-align: inherit;\"><span dir=\"auto\" style=\"vertical-align: inherit;\">\ud83d\udcc5 <\/span><\/span><\/span><\/span><strong data-start=\"909\" data-end=\"930\"><span dir=\"auto\" style=\"vertical-align: inherit;\"><span dir=\"auto\" style=\"vertical-align: inherit;\"><span dir=\"auto\" style=\"vertical-align: inherit;\"><span dir=\"auto\" style=\"vertical-align: inherit;\">10\/03\/2026 | 18h00<\/span><\/span><\/span><\/span><\/strong><br data-start=\"930\" data-end=\"933\" \/><span dir=\"auto\" style=\"vertical-align: inherit;\"><span dir=\"auto\" style=\"vertical-align: inherit;\"><span dir=\"auto\" style=\"vertical-align: inherit;\"><span dir=\"auto\" style=\"vertical-align: inherit;\"> \ud83d\udccd Galerie de l&rsquo;Institut fran\u00e7ais <\/span><\/span><\/span><\/span><br data-start=\"966\" data-end=\"969\" \/><span dir=\"auto\" style=\"vertical-align: inherit;\"><span dir=\"auto\" style=\"vertical-align: inherit;\"><span dir=\"auto\" style=\"vertical-align: inherit;\"><span dir=\"auto\" style=\"vertical-align: inherit;\">\ud83c\udf9f\ufe0f Entr\u00e9e libre<\/span><\/span><\/span><\/span><\/p>\n<p data-start=\"906\" data-end=\"985\"><a href=\"https:\/\/institutfrancais.sk\/fr\/podujatie\/cineclub-un-amour-impossible\/\" target=\"_blank\" rel=\"noopener\"><span dir=\"auto\" style=\"vertical-align: inherit;\"><span dir=\"auto\" style=\"vertical-align: inherit;\">Information<\/span><\/span><\/a><\/p>\n<hr data-start=\"987\" data-end=\"990\" \/>\n<p data-start=\"992\" data-end=\"1020\"><strong data-start=\"992\" data-end=\"1020\"><span dir=\"auto\" style=\"vertical-align: inherit;\"><span dir=\"auto\" style=\"vertical-align: inherit;\"><span dir=\"auto\" style=\"vertical-align: inherit;\"><span dir=\"auto\" style=\"vertical-align: inherit;\">Choix Goncourt Slovaquie<\/span><\/span><\/span><\/span><\/strong><\/p>\n<p data-start=\"1022\" data-end=\"1252\"><span dir=\"auto\" style=\"vertical-align: inherit;\"><span dir=\"auto\" style=\"vertical-align: inherit;\"><span dir=\"auto\" style=\"vertical-align: inherit;\"><span dir=\"auto\" style=\"vertical-align: inherit;\">Cette rencontre litt\u00e9raire sera organis\u00e9e par <\/span><\/span><\/span><\/span><strong data-start=\"1065\" data-end=\"1093\"><span dir=\"auto\" style=\"vertical-align: inherit;\"><span dir=\"auto\" style=\"vertical-align: inherit;\"><span dir=\"auto\" style=\"vertical-align: inherit;\"><span dir=\"auto\" style=\"vertical-align: inherit;\">la professeure Katar\u00edna Bedn\u00e1rov\u00e1<\/span><\/span><\/span><\/span><\/strong><span dir=\"auto\" style=\"vertical-align: inherit;\"><span dir=\"auto\" style=\"vertical-align: inherit;\"><span dir=\"auto\" style=\"vertical-align: inherit;\"><span dir=\"auto\" style=\"vertical-align: inherit;\"> de la Facult\u00e9 des Lettres de l&rsquo;Universit\u00e9 Comenius et se tiendra en pr\u00e9sence de <\/span><\/span><\/span><\/span><strong data-start=\"1176\" data-end=\"1196\"><span dir=\"auto\" style=\"vertical-align: inherit;\"><span dir=\"auto\" style=\"vertical-align: inherit;\"><span dir=\"auto\" style=\"vertical-align: inherit;\"><span dir=\"auto\" style=\"vertical-align: inherit;\">Philippe Claudel<\/span><\/span><\/span><\/span><\/strong><span dir=\"auto\" style=\"vertical-align: inherit;\"><span dir=\"auto\" style=\"vertical-align: inherit;\"><span dir=\"auto\" style=\"vertical-align: inherit;\"><span dir=\"auto\" style=\"vertical-align: inherit;\"> , \u00e9crivain fran\u00e7ais et pr\u00e9sident de l&rsquo;Acad\u00e9mie Goncourt.<\/span><\/span><\/span><\/span><\/p>\n<div class=\"flex flex-col text-sm pb-25\">\n<article class=\"text-token-text-primary w-full focus:outline-none [--shadow-height:45px] has-data-writing-block:pointer-events-none has-data-writing-block:-mt-(--shadow-height) has-data-writing-block:pt-(--shadow-height) [&amp;:has([data-writing-block])&gt;*]:pointer-events-auto scroll-mt-[calc(var(--header-height)+min(200px,max(70px,20svh)))]\" dir=\"auto\" tabindex=\"-1\" data-turn-id=\"request-6937ee9b-19e0-8324-8200-f1f33d3dd301-3\" data-testid=\"conversation-turn-162\" data-scroll-anchor=\"true\" data-turn=\"assistant\">\n<div class=\"text-base my-auto mx-auto pb-10 [--thread-content-margin:var(--thread-content-margin-xs,calc(var(--spacing)*4))] @w-sm\/main:[--thread-content-margin:var(--thread-content-margin-sm,calc(var(--spacing)*6))] @w-lg\/main:[--thread-content-margin:var(--thread-content-margin-lg,calc(var(--spacing)*16))] px-(--thread-content-margin)\">\n<div class=\"[--thread-content-max-width:40rem] @w-lg\/main:[--thread-content-max-width:48rem] mx-auto max-w-(--thread-content-max-width) flex-1 group\/turn-messages focus-visible:outline-hidden relative flex w-full min-w-0 flex-col agent-turn\" tabindex=\"-1\">\n<div class=\"flex max-w-full flex-col gap-4 grow\">\n<div class=\"min-h-8 text-message relative flex w-full flex-col items-end gap-2 text-start break-words whitespace-normal [.text-message+&amp;]:mt-1\" dir=\"auto\" data-message-author-role=\"assistant\" data-message-id=\"df05bbd1-8004-4280-8988-05a0d02e3586\" data-message-model-slug=\"gpt-5-3\">\n<div class=\"flex w-full flex-col gap-1 empty:hidden\">\n<div class=\"markdown prose dark:prose-invert w-full wrap-break-word light markdown-new-styling\">\n<p data-start=\"0\" data-end=\"202\" data-is-last-node=\"\" data-is-only-node=\"\"><span dir=\"auto\" style=\"vertical-align: inherit;\"><span dir=\"auto\" style=\"vertical-align: inherit;\">\ud83d\udcc5 <\/span><\/span><strong><span dir=\"auto\" style=\"vertical-align: inherit;\"><span dir=\"auto\" style=\"vertical-align: inherit;\">12\/03\/2026 | 13h30<\/span><\/span><\/strong><br data-start=\"29\" data-end=\"32\" \/><span dir=\"auto\" style=\"vertical-align: inherit;\"><span dir=\"auto\" style=\"vertical-align: inherit;\"> \ud83d\udccd Lieu : Salle de conf\u00e9rence de la Biblioth\u00e8que universitaire de Bratislava, Vent\u00farska 11, Bratislava <\/span><\/span><br data-start=\"134\" data-end=\"137\" \/><span dir=\"auto\" style=\"vertical-align: inherit;\"><span dir=\"auto\" style=\"vertical-align: inherit;\">\ud83d\udde3\ufe0f \u00c9v\u00e9nement en fran\u00e7ais, sans interpr\u00e9tation <\/span><\/span><br data-start=\"183\" data-end=\"186\" \/><span dir=\"auto\" style=\"vertical-align: inherit;\"><span dir=\"auto\" style=\"vertical-align: inherit;\">\ud83c\udf9f\ufe0f Entr\u00e9e libre<\/span><\/span><\/p>\n<p data-start=\"0\" data-end=\"202\" data-is-last-node=\"\" data-is-only-node=\"\"><a href=\"https:\/\/institutfrancais.sk\/fr\/podujatie\/choix-goncourt-de-la-slovaquie-2026\/\" target=\"_blank\" rel=\"noopener\"><span dir=\"auto\" style=\"vertical-align: inherit;\"><span dir=\"auto\" style=\"vertical-align: inherit;\">Information<\/span><\/span><\/a><\/p>\n<\/div>\n<\/div>\n<\/div>\n<\/div>\n<\/div>\n<\/div>\n<\/article>\n<\/div>\n<hr data-start=\"1467\" data-end=\"1470\" \/>\n<p data-start=\"1472\" data-end=\"1547\"><strong data-start=\"1472\" data-end=\"1486\"><span dir=\"auto\" style=\"vertical-align: inherit;\"><span dir=\"auto\" style=\"vertical-align: inherit;\"><span dir=\"auto\" style=\"vertical-align: inherit;\"><span dir=\"auto\" style=\"vertical-align: inherit;\">Exposition <\/span><\/span><\/span><\/span><\/strong><br data-start=\"1486\" data-end=\"1489\" \/><strong data-start=\"1489\" data-end=\"1547\"><span dir=\"auto\" style=\"vertical-align: inherit;\"><span dir=\"auto\" style=\"vertical-align: inherit;\"><span dir=\"auto\" style=\"vertical-align: inherit;\"><span dir=\"auto\" style=\"vertical-align: inherit;\">Badass : h\u00e9ro\u00efnes de bandes dessin\u00e9es pour la jeunesse<\/span><\/span><\/span><\/span><\/strong><\/p>\n<p data-start=\"1549\" data-end=\"1803\"><span dir=\"auto\" style=\"vertical-align: inherit;\"><span dir=\"auto\" style=\"vertical-align: inherit;\"><span dir=\"auto\" style=\"vertical-align: inherit;\"><span dir=\"auto\" style=\"vertical-align: inherit;\">Cette exposition rend hommage \u00e0 dix h\u00e9ro\u00efnes de bande dessin\u00e9e qui, pour de nombreuses raisons, sont au fond d&rsquo;elles-m\u00eames de v\u00e9ritables h\u00e9ro\u00efnes rebelles. Diff\u00e9rentes mais unies par une m\u00eame chose : elles font ce qu&rsquo;elles veulent, et elles le font bien.<\/span><\/span><\/span><\/span><\/p>\n<p data-start=\"1805\" data-end=\"1888\"><span dir=\"auto\" style=\"vertical-align: inherit;\"><span dir=\"auto\" style=\"vertical-align: inherit;\"><span dir=\"auto\" style=\"vertical-align: inherit;\"><span dir=\"auto\" style=\"vertical-align: inherit;\">\ud83d\udcc5 <\/span><\/span><\/span><\/span><strong data-start=\"1808\" data-end=\"1833\"><span dir=\"auto\" style=\"vertical-align: inherit;\"><span dir=\"auto\" style=\"vertical-align: inherit;\"><span dir=\"auto\" style=\"vertical-align: inherit;\"><span dir=\"auto\" style=\"vertical-align: inherit;\">17\/03\/2026 \u2013 11\/04\/2026<\/span><\/span><\/span><\/span><\/strong><br data-start=\"1833\" data-end=\"1836\" \/><span dir=\"auto\" style=\"vertical-align: inherit;\"><span dir=\"auto\" style=\"vertical-align: inherit;\"><span dir=\"auto\" style=\"vertical-align: inherit;\"><span dir=\"auto\" style=\"vertical-align: inherit;\"> \ud83d\udccd Galerie de l&rsquo;Institut fran\u00e7ais <\/span><\/span><\/span><\/span><br data-start=\"1869\" data-end=\"1872\" \/><span dir=\"auto\" style=\"vertical-align: inherit;\"><span dir=\"auto\" style=\"vertical-align: inherit;\"><span dir=\"auto\" style=\"vertical-align: inherit;\"><span dir=\"auto\" style=\"vertical-align: inherit;\">\ud83c\udf9f\ufe0f Entr\u00e9e libre<\/span><\/span><\/span><\/span><\/p>\n<p data-start=\"1805\" data-end=\"1888\"><a href=\"https:\/\/institutfrancais.sk\/fr\/podujatie\/badass-les-heroines-de-bande-dessinee-jeunesse\/\" target=\"_blank\" rel=\"noopener\"><span dir=\"auto\" style=\"vertical-align: inherit;\"><span dir=\"auto\" style=\"vertical-align: inherit;\">Information<\/span><\/span><\/a><\/p>\n<hr data-start=\"1890\" data-end=\"1893\" \/>\n<p data-start=\"1895\" data-end=\"1953\"><strong data-start=\"1895\" data-end=\"1905\"><span dir=\"auto\" style=\"vertical-align: inherit;\"><span dir=\"auto\" style=\"vertical-align: inherit;\"><span dir=\"auto\" style=\"vertical-align: inherit;\"><span dir=\"auto\" style=\"vertical-align: inherit;\">Cin\u00e9ma <\/span><\/span><\/span><\/span><\/strong><br data-start=\"1905\" data-end=\"1908\" \/><strong data-start=\"1908\" data-end=\"1953\"><span dir=\"auto\" style=\"vertical-align: inherit;\"><span dir=\"auto\" style=\"vertical-align: inherit;\"><span dir=\"auto\" style=\"vertical-align: inherit;\"><span dir=\"auto\" style=\"vertical-align: inherit;\">Festival du film francophone \u00e0 Bratislava<\/span><\/span><\/span><\/span><\/strong><\/p>\n<p data-start=\"1955\" data-end=\"2168\"><span dir=\"auto\" style=\"vertical-align: inherit;\"><span dir=\"auto\" style=\"vertical-align: inherit;\"><span dir=\"auto\" style=\"vertical-align: inherit;\"><span dir=\"auto\" style=\"vertical-align: inherit;\">A l&rsquo;occasion du <\/span><\/span><\/span><\/span><strong data-start=\"1971\" data-end=\"2026\"><span dir=\"auto\" style=\"vertical-align: inherit;\"><span dir=\"auto\" style=\"vertical-align: inherit;\"><span dir=\"auto\" style=\"vertical-align: inherit;\"><span dir=\"auto\" style=\"vertical-align: inherit;\">20 mars \u2013 Journ\u00e9e internationale de la francophonie<\/span><\/span><\/span><\/span><\/strong><span dir=\"auto\" style=\"vertical-align: inherit;\"><span dir=\"auto\" style=\"vertical-align: inherit;\"><span dir=\"auto\" style=\"vertical-align: inherit;\"><span dir=\"auto\" style=\"vertical-align: inherit;\"> , nous vous invitons \u00e0 plusieurs projections de films francophones autour du th\u00e8me de cette \u00e9dition : <\/span><\/span><\/span><\/span><strong data-start=\"2128\" data-end=\"2167\"><span dir=\"auto\" style=\"vertical-align: inherit;\"><span dir=\"auto\" style=\"vertical-align: inherit;\"><span dir=\"auto\" style=\"vertical-align: inherit;\"><span dir=\"auto\" style=\"vertical-align: inherit;\">\u00ab Les femmes dans la francophonie \u00bb<\/span><\/span><\/span><\/span><\/strong><span dir=\"auto\" style=\"vertical-align: inherit;\"><span dir=\"auto\" style=\"vertical-align: inherit;\"><span dir=\"auto\" style=\"vertical-align: inherit;\"><span dir=\"auto\" style=\"vertical-align: inherit;\"> .<\/span><\/span><\/span><\/span><\/p>\n<p data-start=\"1955\" data-end=\"2168\"><span dir=\"auto\" style=\"vertical-align: inherit;\"><span dir=\"auto\" style=\"vertical-align: inherit;\">\u00c0 partir de 15 ans.<\/span><\/span><\/p>\n<p data-start=\"2170\" data-end=\"2262\"><span dir=\"auto\" style=\"vertical-align: inherit;\"><span dir=\"auto\" style=\"vertical-align: inherit;\"><span dir=\"auto\" style=\"vertical-align: inherit;\"><span dir=\"auto\" style=\"vertical-align: inherit;\">Films projet\u00e9s : <\/span><\/span><\/span><\/span><br data-start=\"2186\" data-end=\"2189\" \/><em data-start=\"2189\" data-end=\"2206\"><span dir=\"auto\" style=\"vertical-align: inherit;\"><span dir=\"auto\" style=\"vertical-align: inherit;\"><span dir=\"auto\" style=\"vertical-align: inherit;\"><span dir=\"auto\" style=\"vertical-align: inherit;\">\u00c0 bras-le-corps<\/span><\/span><\/span><\/span><\/em><span dir=\"auto\" style=\"vertical-align: inherit;\"><span dir=\"auto\" style=\"vertical-align: inherit;\"><span dir=\"auto\" style=\"vertical-align: inherit;\"><span dir=\"auto\" style=\"vertical-align: inherit;\"> \/ <\/span><\/span><\/span><\/span><em data-start=\"2209\" data-end=\"2224\"><span dir=\"auto\" style=\"vertical-align: inherit;\"><span dir=\"auto\" style=\"vertical-align: inherit;\"><span dir=\"auto\" style=\"vertical-align: inherit;\"><span dir=\"auto\" style=\"vertical-align: inherit;\">Silent rebel <\/span><\/span><\/span><\/span><\/em><br data-start=\"2224\" data-end=\"2227\" \/><em data-start=\"2227\" data-end=\"2242\"><span dir=\"auto\" style=\"vertical-align: inherit;\"><span dir=\"auto\" style=\"vertical-align: inherit;\"><span dir=\"auto\" style=\"vertical-align: inherit;\"><span dir=\"auto\" style=\"vertical-align: inherit;\">Femmes d\u00e9buts<\/span><\/span><\/span><\/span><\/em><span dir=\"auto\" style=\"vertical-align: inherit;\"><span dir=\"auto\" style=\"vertical-align: inherit;\"><span dir=\"auto\" style=\"vertical-align: inherit;\"><span dir=\"auto\" style=\"vertical-align: inherit;\"> \/ <\/span><\/span><\/span><\/span><em data-start=\"2245\" data-end=\"2262\"><span dir=\"auto\" style=\"vertical-align: inherit;\"><span dir=\"auto\" style=\"vertical-align: inherit;\"><span dir=\"auto\" style=\"vertical-align: inherit;\"><span dir=\"auto\" style=\"vertical-align: inherit;\">Stand tall<\/span><\/span><\/span><\/span><\/em><\/p>\n<p data-start=\"2264\" data-end=\"2346\"><span dir=\"auto\" style=\"vertical-align: inherit;\"><span dir=\"auto\" style=\"vertical-align: inherit;\">\ud83d\udcc5 <strong>20<\/strong><\/span><\/span><strong><span dir=\"auto\" style=\"vertical-align: inherit;\"><span dir=\"auto\" style=\"vertical-align: inherit;\"><strong>\/<\/strong>03\/2026 | 18h30<\/span><\/span><\/strong><br data-start=\"23\" data-end=\"26\" \/><span dir=\"auto\" style=\"vertical-align: inherit;\"><span dir=\"auto\" style=\"vertical-align: inherit;\"> \ud83d\udccd Cin\u00e9ma Lumi\u00e8re, salle K1, \u0160pit\u00e1lska 4, Bratislava <\/span><\/span><br data-start=\"78\" data-end=\"81\" \/><span dir=\"auto\" style=\"vertical-align: inherit;\"><span dir=\"auto\" style=\"vertical-align: inherit;\">\ud83c\udf9f\ufe0f Entr\u00e9e 7\u20ac<\/span><\/span><\/p>\n<p data-start=\"2264\" data-end=\"2346\"><a href=\"https:\/\/institutfrancais.sk\/fr\/podujatie\/festival-du-film-francophone-de-bratislava\/\" target=\"_blank\" rel=\"noopener\"><span dir=\"auto\" style=\"vertical-align: inherit;\"><span dir=\"auto\" style=\"vertical-align: inherit;\">Information<\/span><\/span><\/a><\/p>\n<hr data-start=\"2348\" data-end=\"2351\" \/>\n<p data-start=\"2353\" data-end=\"2417\"><strong data-start=\"2353\" data-end=\"2392\"><span dir=\"auto\" style=\"vertical-align: inherit;\"><span dir=\"auto\" style=\"vertical-align: inherit;\"><span dir=\"auto\" style=\"vertical-align: inherit;\"><span dir=\"auto\" style=\"vertical-align: inherit;\">Quiz + Festival du film francophone <\/span><\/span><\/span><\/span><\/strong><br data-start=\"2392\" data-end=\"2395\" \/><strong data-start=\"2395\" data-end=\"2417\"><span dir=\"auto\" style=\"vertical-align: inherit;\"><span dir=\"auto\" style=\"vertical-align: inherit;\"><span dir=\"auto\" style=\"vertical-align: inherit;\"><span dir=\"auto\" style=\"vertical-align: inherit;\">Soir\u00e9e francophone<\/span><\/span><\/span><\/span><\/strong><\/p>\n<p data-start=\"2419\" data-end=\"2486\"><span dir=\"auto\" style=\"vertical-align: inherit;\"><span dir=\"auto\" style=\"vertical-align: inherit;\">\ud83d\udcc5 <strong>23<\/strong><\/span><\/span><strong><span dir=\"auto\" style=\"vertical-align: inherit;\"><span dir=\"auto\" style=\"vertical-align: inherit;\"><strong>\/<\/strong>03\/2026 | 16h45<\/span><\/span><\/strong><br data-start=\"12\" data-end=\"15\" \/><span dir=\"auto\" style=\"vertical-align: inherit;\"><span dir=\"auto\" style=\"vertical-align: inherit;\"> \ud83d\udccd Galerie de l&rsquo;Institut fran\u00e7ais de Slovaquie <\/span><\/span><br data-start=\"61\" data-end=\"64\" \/><span dir=\"auto\" style=\"vertical-align: inherit;\"><span dir=\"auto\" style=\"vertical-align: inherit;\">\ud83c\udf9f\ufe0f Entr\u00e9e libre<\/span><\/span><\/p>\n<p data-start=\"2419\" data-end=\"2486\"><a href=\"https:\/\/institutfrancais.sk\/fr\/podujatie\/soiree-francophone\/\" target=\"_blank\" rel=\"noopener\"><span dir=\"auto\" style=\"vertical-align: inherit;\"><span dir=\"auto\" style=\"vertical-align: inherit;\"><span dir=\"auto\" style=\"vertical-align: inherit;\"><span dir=\"auto\" style=\"vertical-align: inherit;\">Information<\/span><\/span><\/span><\/span><\/a><\/p>\n<hr data-start=\"2504\" data-end=\"2507\" \/>\n<p data-start=\"2509\" data-end=\"2558\"><strong data-start=\"2509\" data-end=\"2531\"><span dir=\"auto\" style=\"vertical-align: inherit;\"><span dir=\"auto\" style=\"vertical-align: inherit;\"><span dir=\"auto\" style=\"vertical-align: inherit;\"><span dir=\"auto\" style=\"vertical-align: inherit;\">Musique \/ Concours <\/span><\/span><\/span><\/span><\/strong><br data-start=\"2531\" data-end=\"2534\" \/><strong data-start=\"2534\" data-end=\"2558\"><span dir=\"auto\" style=\"vertical-align: inherit;\"><span dir=\"auto\" style=\"vertical-align: inherit;\"><span dir=\"auto\" style=\"vertical-align: inherit;\"><span dir=\"auto\" style=\"vertical-align: inherit;\">Chantons en fran\u00e7ais<\/span><\/span><\/span><\/span><\/strong><\/p>\n<p data-start=\"2560\" data-end=\"2646\"><span dir=\"auto\" style=\"vertical-align: inherit;\"><span dir=\"auto\" style=\"vertical-align: inherit;\"><span dir=\"auto\" style=\"vertical-align: inherit;\"><span dir=\"auto\" style=\"vertical-align: inherit;\">Demi-finale pour la r\u00e9gion de Bratislava \u2013 inscriptions ouvertes jusqu&rsquo;au <\/span><\/span><\/span><\/span><strong data-start=\"2634\" data-end=\"2645\"><span dir=\"auto\" style=\"vertical-align: inherit;\"><span dir=\"auto\" style=\"vertical-align: inherit;\"><span dir=\"auto\" style=\"vertical-align: inherit;\"><span dir=\"auto\" style=\"vertical-align: inherit;\">15 mars<\/span><\/span><\/span><\/span><\/strong><span dir=\"auto\" style=\"vertical-align: inherit;\"><span dir=\"auto\" style=\"vertical-align: inherit;\"><span dir=\"auto\" style=\"vertical-align: inherit;\"><span dir=\"auto\" style=\"vertical-align: inherit;\"> .<\/span><\/span><\/span><\/span><\/p>\n<p data-start=\"2648\" data-end=\"2679\"><span dir=\"auto\" style=\"vertical-align: inherit;\"><span dir=\"auto\" style=\"vertical-align: inherit;\">\ud83d\udcc5 <\/span><\/span><strong><span dir=\"auto\" style=\"vertical-align: inherit;\"><span dir=\"auto\" style=\"vertical-align: inherit;\">31\/03\/2026 <\/span><\/span><span dir=\"auto\" style=\"vertical-align: inherit;\"><span dir=\"auto\" style=\"vertical-align: inherit;\"><span dir=\"auto\" style=\"vertical-align: inherit;\">| 10h30<\/span><\/span><\/span><\/strong><br data-start=\"13\" data-end=\"16\" \/><span dir=\"auto\" style=\"vertical-align: inherit;\"><span dir=\"auto\" style=\"vertical-align: inherit;\"> \ud83d\udccd V-Klub <\/span><\/span><br data-start=\"25\" data-end=\"28\" \/><span dir=\"auto\" style=\"vertical-align: inherit;\"><span dir=\"auto\" style=\"vertical-align: inherit;\">\ud83c\udf9f\ufe0f Entr\u00e9e libre<\/span><\/span><\/p>\n<p data-start=\"2648\" data-end=\"2679\"><a href=\"https:\/\/institutfrancais.sk\/fr\/spievam-po-francuzsky-2026-2\/\" target=\"_blank\" rel=\"noopener\"><span dir=\"auto\" style=\"vertical-align: inherit;\"><span dir=\"auto\" style=\"vertical-align: inherit;\"><span dir=\"auto\" style=\"vertical-align: inherit;\"><span dir=\"auto\" style=\"vertical-align: inherit;\">Informations et inscriptions<\/span><\/span><\/span><\/span><\/a><\/p>\n<div>\n<h2><span dir=\"auto\" style=\"vertical-align: inherit;\"><span dir=\"auto\" style=\"vertical-align: inherit;\"><span dir=\"auto\" style=\"vertical-align: inherit;\"><span dir=\"auto\" style=\"vertical-align: inherit;\">Universit\u00e9 d&rsquo;\u00c9conomie de Bratislava :<\/span><\/span><\/span><\/span><\/h2>\n<ul>\n<li><strong><span dir=\"auto\" style=\"vertical-align: inherit;\"><span dir=\"auto\" style=\"vertical-align: inherit;\"><span dir=\"auto\" style=\"vertical-align: inherit;\"><span dir=\"auto\" style=\"vertical-align: inherit;\">05\/03\/2026 \u2013 13h30-15h : <\/span><\/span><\/span><\/span><\/strong> <strong><span dir=\"auto\" style=\"vertical-align: inherit;\"><span dir=\"auto\" style=\"vertical-align: inherit;\"><span dir=\"auto\" style=\"vertical-align: inherit;\"><span dir=\"auto\" style=\"vertical-align: inherit;\">Conf\u00e9rence invit\u00e9e, Madame Diana JAMBOROV\u00c1 LEMAY<\/span><\/span><\/span><\/span><\/strong><span dir=\"auto\" style=\"vertical-align: inherit;\"><span dir=\"auto\" style=\"vertical-align: inherit;\"><span dir=\"auto\" style=\"vertical-align: inherit;\"><span dir=\"auto\" style=\"vertical-align: inherit;\"> de l&rsquo;Institut National des Langues et Cultures Orientales (INALCO) de Paris sur <\/span><\/span><\/span><\/span><strong><span dir=\"auto\" style=\"vertical-align: inherit;\"><span dir=\"auto\" style=\"vertical-align: inherit;\"><span dir=\"auto\" style=\"vertical-align: inherit;\"><span dir=\"auto\" style=\"vertical-align: inherit;\">l&rsquo;argot fran\u00e7ais<\/span><\/span><\/span><\/span><\/strong><\/li>\n<li><strong><span dir=\"auto\" style=\"vertical-align: inherit;\"><span dir=\"auto\" style=\"vertical-align: inherit;\"><span dir=\"auto\" style=\"vertical-align: inherit;\"><span dir=\"auto\" style=\"vertical-align: inherit;\">10\/03\/2026 \u2013 13h30 &#8211;&nbsp;15h00<\/span><\/span><\/span><\/span><\/strong><span dir=\"auto\" style=\"vertical-align: inherit;\"><span dir=\"auto\" style=\"vertical-align: inherit;\"><span dir=\"auto\" style=\"vertical-align: inherit;\"><span dir=\"auto\" style=\"vertical-align: inherit;\"> : <\/span><\/span><\/span><\/span><strong><span dir=\"auto\" style=\"vertical-align: inherit;\"><span dir=\"auto\" style=\"vertical-align: inherit;\"><span dir=\"auto\" style=\"vertical-align: inherit;\"><span dir=\"auto\" style=\"vertical-align: inherit;\">Rencontre Erasmus<\/span><\/span><\/span><\/span><\/strong><span dir=\"auto\" style=\"vertical-align: inherit;\"><span dir=\"auto\" style=\"vertical-align: inherit;\"><span dir=\"auto\" style=\"vertical-align: inherit;\"><span dir=\"auto\" style=\"vertical-align: inherit;\"> \u00a0autour d&rsquo;un pot de l&rsquo;amiti\u00e9 afin de partager des exp\u00e9riences li\u00e9es au programme<\/span><\/span><\/span><\/span><\/li>\n<li><strong><span dir=\"auto\" style=\"vertical-align: inherit;\"><span dir=\"auto\" style=\"vertical-align: inherit;\"><span dir=\"auto\" style=\"vertical-align: inherit;\"><span dir=\"auto\" style=\"vertical-align: inherit;\">18\/03\/2026 <\/span><\/span><\/span><\/span><\/strong><span style=\"font-weight: 400;\"><span dir=\"auto\" style=\"vertical-align: inherit;\"><span dir=\"auto\" style=\"vertical-align: inherit;\"><span dir=\"auto\" style=\"vertical-align: inherit;\"><span dir=\"auto\" style=\"vertical-align: inherit;\">\u00a0&#8211;&nbsp;<\/span><\/span><\/span><\/span><strong><span dir=\"auto\" style=\"vertical-align: inherit;\"><span dir=\"auto\" style=\"vertical-align: inherit;\"><span dir=\"auto\" style=\"vertical-align: inherit;\"><span dir=\"auto\" style=\"vertical-align: inherit;\">Matin\u00e9e francophone<\/span><\/span><\/span><\/span><\/strong><span dir=\"auto\" style=\"vertical-align: inherit;\"><span dir=\"auto\" style=\"vertical-align: inherit;\"><span dir=\"auto\" style=\"vertical-align: inherit;\"><span dir=\"auto\" style=\"vertical-align: inherit;\"> \u00a0&#8211;&nbsp;ensemble d&rsquo;expositions sur divers sujets concernant le fran\u00e7ais et la francophonie, <\/span><\/span><\/span><\/span><strong><span dir=\"auto\" style=\"vertical-align: inherit;\"><span dir=\"auto\" style=\"vertical-align: inherit;\"><span dir=\"auto\" style=\"vertical-align: inherit;\"><span dir=\"auto\" style=\"vertical-align: inherit;\">co-organis\u00e9e avec la Facult\u00e9 des Lettres de l&rsquo;Universit\u00e9 Comenius de Bratislava<\/span><\/span><\/span><\/span><\/strong><span dir=\"auto\" style=\"vertical-align: inherit;\"><span dir=\"auto\" style=\"vertical-align: inherit;\"><span dir=\"auto\" style=\"vertical-align: inherit;\"><span dir=\"auto\" style=\"vertical-align: inherit;\"> ;&nbsp;cette ann\u00e9e, l&rsquo;\u00e9v\u00e9nement aura lieu \u00e0 la Facult\u00e9 des lettres.<\/span><\/span><\/span><\/span><strong>\u00a0<\/strong><\/span><\/li>\n<\/ul>\n<\/div>\n<\/div><\/div><\/div><\/div>\n\n\n<p style=\"font-size:16px;letter-spacing:0px\">Toute l&rsquo;\u00e9quipe de l&rsquo;Institut fran\u00e7ais de Slovaquie vous souhaite un beau mois de la francophonie ! &nbsp;&nbsp;&nbsp;&nbsp;&nbsp;&nbsp;&nbsp;&nbsp;&nbsp;&nbsp;&nbsp;&nbsp;&nbsp;&nbsp;&nbsp;&nbsp;&nbsp;&nbsp;&nbsp;&nbsp;&nbsp;&nbsp;&nbsp;&nbsp;&nbsp;&nbsp;&nbsp;&nbsp;&nbsp;&nbsp;&nbsp;&nbsp;&nbsp;&nbsp;&nbsp;&nbsp;&nbsp;&nbsp;&nbsp;&nbsp;&nbsp;&nbsp;&nbsp;<\/p>\n\n\n\n<p style=\"font-size:16px;letter-spacing:0px\">Olivier FAVRY, Directeur et Conseiller de Coop\u00e9ration et d\u2019Action Culturelle<\/p>\n\n\n<\/div><div class=\"lines-bg lines-bg-threeleft-g\"><div class=\"lines-bg lines-bg-absolute lines-bg-oneright-g\"><\/div><div class=\"wrap\"><div class=\"events articles-events\"><div class=\"row\"><div class=\"col-md-6 col-lg-4\"><a href=\"https:\/\/institutfrancais.sk\/fr\/podujatie\/soiree-francophone\/\" class=\"event \"><div class=\"bg\"><div class=\"bghdn\"><div class=\"img\" style=\"background-image:url(https:\/\/institutfrancais.sk\/wp-content\/uploads\/2025\/02\/Invitation-Soiree-Jeux-537x379.jpg)\"><\/div><\/div><span class=\"type\">jeu-concours\/quiz<\/span><\/div><div class=\"content\"><div class=\"meta\"><strong class=\"color-green\">23.3.<\/strong> | <span class=\"color-black\">17:00<\/span><\/div><h3>Soir\u00e9e francophone &#8211;&nbsp;Jeux<\/h3><\/div><\/a><\/div><div class=\"col-md-6 col-lg-4\"><a href=\"https:\/\/institutfrancais.sk\/fr\/podujatie\/citatelsky-klub\/\" class=\"event \"><div class=\"bg\"><div class=\"bghdn\"><div class=\"img\" style=\"background-image:url(https:\/\/institutfrancais.sk\/wp-content\/uploads\/2025\/09\/Cite-1080-x-1080-px-1080-x-1080-px-297-x-210-mm-537x380.png)\"><\/div><\/div><span class=\"type\">litt\u00e9rature<\/span><\/div><div class=\"content\"><div class=\"meta\"><strong class=\"color-green\">21.3.<\/strong> | <span class=\"color-black\">10:00<\/span><\/div><h3>Club de lecture<\/h3><\/div><\/a><\/div><div class=\"col-md-6 col-lg-4\"><a href=\"https:\/\/institutfrancais.sk\/fr\/podujatie\/portraits-de-femmes-edition-2026\/\" class=\"event \"><div class=\"bg\"><div class=\"bghdn\"><div class=\"img\" style=\"background-image:url(https:\/\/institutfrancais.sk\/wp-content\/uploads\/2026\/02\/Vystava-Exhibition-3-537x302.png)\"><\/div><\/div><span class=\"type\">exposition<\/span><\/div><div class=\"content\"><div class=\"meta\"><strong class=\"color-green\">5.3. &#8211;&nbsp;14.3.<\/strong><\/div><h3>Portraits de femmes, \u00e9dition 2026<\/h3><\/div><\/a><\/div><div class=\"col-md-6 col-lg-4\"><a href=\"https:\/\/institutfrancais.sk\/fr\/podujatie\/cineclub-un-amour-impossible\/\" class=\"event \"><div class=\"bg\"><div class=\"bghdn\"><div class=\"img\" style=\"background-image:url(https:\/\/institutfrancais.sk\/wp-content\/uploads\/2026\/02\/un-amour-impossible-poster--403x537.jpg)\"><\/div><\/div><span class=\"type\">cin\u00e9ma\/film<\/span><\/div><div class=\"content\"><div class=\"meta\"><strong class=\"color-green\">10.3.<\/strong> | <span class=\"color-black\">18:00<\/span><\/div><h3>Cin\u00e9club \/ Un amour impossible<\/h3><\/div><\/a><\/div><div class=\"col-md-6 col-lg-4\"><a href=\"https:\/\/institutfrancais.sk\/fr\/podujatie\/badass-les-heroines-de-bande-dessinee-jeunesse\/\" class=\"event \"><div class=\"bg\"><div class=\"bghdn\"><div class=\"img\" style=\"background-image:url(https:\/\/institutfrancais.sk\/wp-content\/uploads\/2026\/02\/BADASS-537x425.png)\"><\/div><\/div><span class=\"type\">exposition<\/span><\/div><div class=\"content\"><div class=\"meta\"><strong class=\"color-green\">17.3. &#8211;&nbsp;9.4.<\/strong><\/div><h3>Badass : Les h\u00e9ro\u00efnes de bande dessin\u00e9e jeunesse<\/h3><\/div><\/a><\/div><div class=\"col-md-6 col-lg-4\"><a href=\"https:\/\/institutfrancais.sk\/fr\/podujatie\/virtualna-realita-francuzska-sefkucharka\/\" class=\"event \"><div class=\"bg\"><div class=\"bghdn\"><div class=\"img\" style=\"background-image:url(https:\/\/institutfrancais.sk\/wp-content\/uploads\/2026\/02\/ATELIER-VR-1-537x537.png)\"><\/div><\/div><span class=\"type\">rencontre<\/span><\/div><div class=\"content\"><div class=\"meta\"><strong class=\"color-green\">7.3.<\/strong> | <span class=\"color-black\">09:30<\/span><\/div><h3>R\u00e9alit\u00e9 virtuelle \u00ab\u00a0H\u00e9l\u00e8ne Darroze &#8211;&nbsp;une cheffe fran\u00e7aise de renomm\u00e9e mondiale\u00a0\u00bb<\/h3><\/div><\/a><\/div><div class=\"col-md-6 col-lg-4\"><a href=\"https:\/\/institutfrancais.sk\/fr\/podujatie\/festival-du-film-francophone-de-bratislava\/\" class=\"event \"><div class=\"bg\"><div class=\"bghdn\"><div class=\"img\" style=\"background-image:url(https:\/\/institutfrancais.sk\/wp-content\/uploads\/2026\/03\/Invitation-Soiree-Film-6-537x302.png)\"><\/div><\/div><span class=\"type\">cin\u00e9ma\/film<\/span><\/div><div class=\"content\"><div class=\"meta\"><strong class=\"color-green\">20.3. &#8211;&nbsp;23.3.<\/strong><\/div><h3>Festival du film francophone de Bratislava<\/h3><\/div><\/a><\/div><div class=\"col-md-6 col-lg-4\"><a href=\"https:\/\/institutfrancais.sk\/fr\/podujatie\/choix-goncourt-de-la-slovaquie-2026\/\" class=\"event \"><div class=\"bg\"><div class=\"bghdn\"><div class=\"img\" style=\"background-image:url(https:\/\/institutfrancais.sk\/wp-content\/uploads\/2026\/03\/1-CHOIX-GONCOURT-SLOVENSKO-2026--537x302.png)\"><\/div><\/div><span class=\"type\">litt\u00e9rature<\/span><\/div><div class=\"content\"><div class=\"meta\"><strong class=\"color-green\">12.3.<\/strong> | <span class=\"color-black\">13:30<\/span><\/div><h3>Choix Goncourt de la Slovaquie 2026<\/h3><\/div><\/a><\/div><div class=\"col-md-6 col-lg-4\"><a href=\"https:\/\/institutfrancais.sk\/fr\/podujatie\/spievam-po-francuzsky-zapis\/\" class=\"event \"><div class=\"bg\"><div class=\"bghdn\"><div class=\"img\" style=\"background-image:url(https:\/\/institutfrancais.sk\/wp-content\/uploads\/2025\/11\/SPF-2026-J1-537x235.png)\"><\/div><\/div><span class=\"type\">musique<\/span><\/div><div class=\"content\"><div class=\"meta\"><strong class=\"color-green\">31.3.<\/strong><\/div><h3>Je chante en fran\u00e7ais \/ Demi-finale 31 mars 2026 !<\/h3><\/div><\/a><\/div><\/div><\/div><\/div><\/div><div class=\"wrap narrow-wrap\">\n\n<div class=\"accordion-menu\"><a href=\"#a1-\" class=\"smooth\"><\/a><\/div><div class=\"accordion\" id=\"a767\"><div class=\"card\"><div class=\"card-header\" id=\"ha767_1\"><h3 class=\"card-opener\"><button class=\"collapsed\" type=\"button\" data-toggle=\"collapse\" data-target=\"#ca767_1\" aria-expanded=\"true\" aria-controls=\"ca767_1\">Rendez-vous \u00e0 Bansk\u00e1 Bystrica<span class=\"plus\"><svg viewBox=\"0 0 29 29\" xmlns=\"http:\/\/www.w3.org\/2000\/svg\"><path d=\"M28.2857 12.9286V16.7857C28.2857 17.3214 28.0982 17.7768 27.7232 18.1518C27.3482 18.5268 26.8929 18.7143 26.3571 18.7143H18V27.0714C18 27.6071 17.8125 28.0625 17.4375 28.4375C17.0625 28.8125 16.6071 29 16.0714 29H12.2143C11.6786 29 11.2232 28.8125 10.8482 28.4375C10.4732 28.0625 10.2857 27.6071 10.2857 27.0714V18.7143H1.92857C1.39286 18.7143 0.9375 18.5268 0.5625 18.1518C0.1875 17.7768 0 17.3214 0 16.7857V12.9286C0 12.3929 0.1875 11.9375 0.5625 11.5625C0.9375 11.1875 1.39286 11 1.92857 11H10.2857V2.64286C10.2857 2.10714 10.4732 1.65178 10.8482 1.27678C11.2232 0.901784 11.6786 0.714284 12.2143 0.714284H16.0714C16.6071 0.714284 17.0625 0.901784 17.4375 1.27678C17.8125 1.65178 18 2.10714 18 2.64286V11H26.3571C26.8929 11 27.3482 11.1875 27.7232 11.5625C28.0982 11.9375 28.2857 12.3929 28.2857 12.9286Z\"><\/svg><\/span><span class=\"minus\"><svg viewBox=\"0 0 29 8\" xmlns=\"http:\/\/www.w3.org\/2000\/svg\"><path d=\"M28.2857 1.92857V5.78571C28.2857 6.32143 28.0982 6.77679 27.7232 7.15179C27.3482 7.52679 26.8929 7.71429 26.3571 7.71429H1.92857C1.39286 7.71429 0.9375 7.52679 0.5625 7.15179C0.1875 6.77679 0 6.32143 0 5.78571V1.92857C0 1.39286 0.1875 0.937499 0.5625 0.562499C0.9375 0.1875 1.39286 0 1.92857 0H26.3571C26.8929 0 27.3482 0.1875 27.7232 0.562499C28.0982 0.937499 28.2857 1.39286 28.2857 1.92857Z\"><\/svg><\/span><\/button><\/h3><\/div><div id=\"ca767_1\" class=\"collapse\" aria-labelledby=\"ha767_1\" data-parent=\"#a767\"><div class=\"card-body\"><h2><img loading=\"lazy\" decoding=\"async\" class=\"alignnone wp-image-39064\" src=\"https:\/\/institutfrancais.sk\/wp-content\/uploads\/2026\/01\/Franco26-Poster-280x350.png\" alt=\"\" width=\"317\" height=\"396\" srcset=\"https:\/\/institutfrancais.sk\/wp-content\/uploads\/2026\/01\/Franco26-Poster-280x350.png 280w, https:\/\/institutfrancais.sk\/wp-content\/uploads\/2026\/01\/Franco26-Poster-430x537.png 430w, https:\/\/institutfrancais.sk\/wp-content\/uploads\/2026\/01\/Franco26-Poster-768x960.png 768w, https:\/\/institutfrancais.sk\/wp-content\/uploads\/2026\/01\/Franco26-Poster-800x1000.png 800w, https:\/\/institutfrancais.sk\/wp-content\/uploads\/2026\/01\/Franco26-Poster.png 1080w\" sizes=\"(max-width: 317px) 100vw, 317px\" \/><\/h2>\n<h2><span dir=\"auto\" style=\"vertical-align: inherit;\"><span dir=\"auto\" style=\"vertical-align: inherit;\">FRANCOPHONIE AFBB 2026<\/span><\/span><\/h2>\n<p style=\"font-weight: 400;\"><strong><span dir=\"auto\" style=\"vertical-align: inherit;\"><span dir=\"auto\" style=\"vertical-align: inherit;\">MERCREDI 4.3.<\/span><\/span><\/strong><\/p>\n<p style=\"font-weight: 400;\"><span dir=\"auto\" style=\"vertical-align: inherit;\"><span dir=\"auto\" style=\"vertical-align: inherit;\">19h00 Sirat &#8211;&nbsp;Cin\u00e9-Club (Interpr\u00e9tation)<\/span><\/span><\/p>\n<p style=\"font-weight: 400;\"><strong><span dir=\"auto\" style=\"vertical-align: inherit;\"><span dir=\"auto\" style=\"vertical-align: inherit;\">LUNDI 9.3.<\/span><\/span><\/strong><\/p>\n<p style=\"font-weight: 400;\"><span dir=\"auto\" style=\"vertical-align: inherit;\"><span dir=\"auto\" style=\"vertical-align: inherit;\">19h00 Silent Rebel (\u00c0 bras-le-corps) &#8211;&nbsp;Cin\u00e9-Club<\/span><\/span><\/p>\n<p style=\"font-weight: 400;\"><strong><span dir=\"auto\" style=\"vertical-align: inherit;\"><span dir=\"auto\" style=\"vertical-align: inherit;\">MARDI 10.3.<\/span><\/span><\/strong><\/p>\n<p style=\"font-weight: 400;\"><span dir=\"auto\" style=\"vertical-align: inherit;\"><span dir=\"auto\" style=\"vertical-align: inherit;\">17h30 Jeux de soci\u00e9t\u00e9 (Jeux de soci\u00e9t\u00e9) &#8211;&nbsp;Efpolit UMB<\/span><\/span><\/p>\n<p style=\"font-weight: 400;\"><strong><span dir=\"auto\" style=\"vertical-align: inherit;\"><span dir=\"auto\" style=\"vertical-align: inherit;\">MERCREDI 11.3.<\/span><\/span><\/strong><\/p>\n<p style=\"font-weight: 400;\"><span dir=\"auto\" style=\"vertical-align: inherit;\"><span dir=\"auto\" style=\"vertical-align: inherit;\">Matin\u00e9e Atelier cuisine Chef nomade &#8211;&nbsp;Private Hotel Academy Bansk\u00e1 Stiavnica<\/span><\/span><\/p>\n<p style=\"font-weight: 400;\"><span dir=\"auto\" style=\"vertical-align: inherit;\"><span dir=\"auto\" style=\"vertical-align: inherit;\">17h45 Critique ton film ! vol.5 \u2013 AFBB<\/span><\/span><\/p>\n<p style=\"font-weight: 400;\"><strong><span dir=\"auto\" style=\"vertical-align: inherit;\"><span dir=\"auto\" style=\"vertical-align: inherit;\">JEUDI 12.3.<\/span><\/span><\/strong><\/p>\n<p style=\"font-weight: 400;\"><span dir=\"auto\" style=\"vertical-align: inherit;\"><span dir=\"auto\" style=\"vertical-align: inherit;\">19h00 Deux procureurs &#8211;&nbsp;Cin\u00e9-Club<\/span><\/span><\/p>\n<p style=\"font-weight: 400;\"><strong><span dir=\"auto\" style=\"vertical-align: inherit;\"><span dir=\"auto\" style=\"vertical-align: inherit;\">VENDREDI 13.3.<\/span><\/span><\/strong><\/p>\n<p style=\"font-weight: 400;\"><span dir=\"auto\" style=\"vertical-align: inherit;\"><span dir=\"auto\" style=\"vertical-align: inherit;\">Exposition cuisine : Dessins, peintures, collages \/ Date limite<\/span><\/span><\/p>\n<p style=\"font-weight: 400;\"><strong><img loading=\"lazy\" decoding=\"async\" class=\"alignnone size-medium wp-image-39044\" src=\"https:\/\/institutfrancais.sk\/wp-content\/uploads\/2026\/01\/kresby-249x350.png\" alt=\"\" width=\"249\" height=\"350\" srcset=\"https:\/\/institutfrancais.sk\/wp-content\/uploads\/2026\/01\/kresby-249x350.png 249w, https:\/\/institutfrancais.sk\/wp-content\/uploads\/2026\/01\/kresby-381x537.png 381w, https:\/\/institutfrancais.sk\/wp-content\/uploads\/2026\/01\/kresby.png 568w\" sizes=\"(max-width: 249px) 100vw, 249px\" \/>\u00a0<\/strong><\/p>\n<p style=\"font-weight: 400;\"><strong><span dir=\"auto\" style=\"vertical-align: inherit;\"><span dir=\"auto\" style=\"vertical-align: inherit;\">SAMEDI 14.3.<\/span><\/span><\/strong><\/p>\n<p style=\"font-weight: 400;\"><span dir=\"auto\" style=\"vertical-align: inherit;\"><span dir=\"auto\" style=\"vertical-align: inherit;\">21h00 S\u00e9lectrice f\u00e9minine (sp\u00e9cial francophonie) &#8211;&nbsp;U&nbsp;Fran\u0163u Jazz Klub<\/span><\/span><\/p>\n<p style=\"font-weight: 400;\"><a href=\"https:\/\/www.facebook.com\/events\/1416032910241872\/\" target=\"_blank\" rel=\"noopener\"><span dir=\"auto\" style=\"vertical-align: inherit;\"><span dir=\"auto\" style=\"vertical-align: inherit;\">https:\/\/www.facebook.com\/events\/1416032910241872\/<\/span><\/span><\/a><\/p>\n<p style=\"font-weight: 400;\"><strong><span dir=\"auto\" style=\"vertical-align: inherit;\"><span dir=\"auto\" style=\"vertical-align: inherit;\">LUNDI 16.3.<\/span><\/span><\/strong><\/p>\n<p style=\"font-weight: 400;\"><span dir=\"auto\" style=\"vertical-align: inherit;\"><span dir=\"auto\" style=\"vertical-align: inherit;\">13h00&nbsp;15h00 KvizKids vol.17 &#8211;&nbsp;Biblioth\u00e8que scientifique d&rsquo;\u00c9tat (sur inscription \/ apr\u00e8s inscription)<\/span><\/span><\/p>\n<p style=\"font-weight: 400;\"><a href=\"https:\/\/form.jotform.com\/232683249128057\" target=\"_blank\" rel=\"noopener\"><span dir=\"auto\" style=\"vertical-align: inherit;\"><span dir=\"auto\" style=\"vertical-align: inherit;\">https:\/\/form.jotform.com\/232683249128057<\/span><\/span><\/a><\/p>\n<p><img loading=\"lazy\" decoding=\"async\" class=\"alignnone size-medium wp-image-39041\" src=\"https:\/\/institutfrancais.sk\/wp-content\/uploads\/2026\/01\/Picture2-350x197.jpg\" alt=\"\" width=\"350\" height=\"197\" srcset=\"https:\/\/institutfrancais.sk\/wp-content\/uploads\/2026\/01\/Picture2-350x197.jpg 350w, https:\/\/institutfrancais.sk\/wp-content\/uploads\/2026\/01\/Picture2-537x302.jpg 537w, https:\/\/institutfrancais.sk\/wp-content\/uploads\/2026\/01\/Picture2.jpg 605w\" sizes=\"(max-width: 350px) 100vw, 350px\" \/><\/p>\n<p style=\"font-weight: 400;\"><strong><span dir=\"auto\" style=\"vertical-align: inherit;\"><span dir=\"auto\" style=\"vertical-align: inherit;\">MARDI 17.3.<\/span><\/span><\/strong><\/p>\n<p style=\"font-weight: 400;\"><span dir=\"auto\" style=\"vertical-align: inherit;\"><span dir=\"auto\" style=\"vertical-align: inherit;\">17h00 Soir\u00e9e Litt\u00e9rature UMB (Facult\u00e9 des Lettres) &#8211;&nbsp;Femmes en francophonie<\/span><\/span><\/p>\n<p style=\"font-weight: 400;\"><strong><span dir=\"auto\" style=\"vertical-align: inherit;\"><span dir=\"auto\" style=\"vertical-align: inherit;\">MERCREDI 18.3.<\/span><\/span><\/strong><\/p>\n<p style=\"font-weight: 400;\"><span dir=\"auto\" style=\"vertical-align: inherit;\"><span dir=\"auto\" style=\"vertical-align: inherit;\">19h00 FootKviz vol.5 &#8211;&nbsp;U&nbsp;Fran\u0163u Jazz Klub<\/span><\/span><\/p>\n<p style=\"font-weight: 400;\"><span dir=\"auto\" style=\"vertical-align: inherit;\"><span dir=\"auto\" style=\"vertical-align: inherit;\">21h00 Ligue des Champions &#8211;&nbsp;U&nbsp;Fran\u0163u Jazz Klub<\/span><\/span><\/p>\n<p style=\"font-weight: 400;\"><strong><span dir=\"auto\" style=\"vertical-align: inherit;\"><span dir=\"auto\" style=\"vertical-align: inherit;\">JEUDI 19.3.<\/span><\/span><\/strong><\/p>\n<p style=\"font-weight: 400;\"><span dir=\"auto\" style=\"vertical-align: inherit;\"><span dir=\"auto\" style=\"vertical-align: inherit;\">19h00 L&rsquo;Architecte (L&rsquo;Inconnu De La Grande Arche) &#8211;&nbsp;Cin\u00e9-Club<\/span><\/span><\/p>\n<p style=\"font-weight: 400;\"><strong><span dir=\"auto\" style=\"vertical-align: inherit;\"><span dir=\"auto\" style=\"vertical-align: inherit;\">VENDREDI 20.3.<\/span><\/span><\/strong><\/p>\n<p style=\"font-weight: 400;\"><span dir=\"auto\" style=\"vertical-align: inherit;\"><span dir=\"auto\" style=\"vertical-align: inherit;\">Soir\u00e9e Atelier cuisine adulte Chef nomade &#8211;&nbsp;Lyc\u00e9e professionnel de l&rsquo;h\u00f4tellerie et du commerce Bansk\u00e1 Bystrica<\/span><\/span><\/p>\n<p style=\"font-weight: 400;\"><strong><span dir=\"auto\" style=\"vertical-align: inherit;\"><span dir=\"auto\" style=\"vertical-align: inherit;\">LUNDI 23.3.<\/span><\/span><\/strong><\/p>\n<p style=\"font-weight: 400;\"><span dir=\"auto\" style=\"vertical-align: inherit;\"><span dir=\"auto\" style=\"vertical-align: inherit;\">19h00 La Voix de Hind Rajab &#8211;&nbsp;Cin\u00e9-Club<\/span><\/span><\/p>\n<p style=\"font-weight: 400;\"><strong><span dir=\"auto\" style=\"vertical-align: inherit;\"><span dir=\"auto\" style=\"vertical-align: inherit;\">MARDI 24.3.<\/span><\/span><\/strong><\/p>\n<p style=\"font-weight: 400;\"><span dir=\"auto\" style=\"vertical-align: inherit;\"><span dir=\"auto\" style=\"vertical-align: inherit;\">19h00&nbsp;21h00 Quiz franco-slovaque vol.23 &#8211;&nbsp;CNK Garden (sur inscription \/ after inscription)<\/span><\/span><\/p>\n<p style=\"font-weight: 400;\"><a href=\"https:\/\/form.jotform.com\/232692847586069\" target=\"_blank\" rel=\"noopener\"><span dir=\"auto\" style=\"vertical-align: inherit;\"><span dir=\"auto\" style=\"vertical-align: inherit;\">https:\/\/form.jotform.com\/232692847586069<\/span><\/span><\/a><\/p>\n<p><img loading=\"lazy\" decoding=\"async\" class=\"alignnone size-medium wp-image-39039\" src=\"https:\/\/institutfrancais.sk\/wp-content\/uploads\/2026\/01\/Picture3-350x197.png\" alt=\"\" width=\"350\" height=\"197\" srcset=\"https:\/\/institutfrancais.sk\/wp-content\/uploads\/2026\/01\/Picture3-350x197.png 350w, https:\/\/institutfrancais.sk\/wp-content\/uploads\/2026\/01\/Picture3-537x302.png 537w, https:\/\/institutfrancais.sk\/wp-content\/uploads\/2026\/01\/Picture3-768x432.png 768w, https:\/\/institutfrancais.sk\/wp-content\/uploads\/2026\/01\/Picture3-1190x670.png 1190w, https:\/\/institutfrancais.sk\/wp-content\/uploads\/2026\/01\/Picture3.png 1386w\" sizes=\"(max-width: 350px) 100vw, 350px\" \/><\/p>\n<p style=\"font-weight: 400;\"><strong><span dir=\"auto\" style=\"vertical-align: inherit;\"><span dir=\"auto\" style=\"vertical-align: inherit;\">MERCREDI 25.3.<\/span><\/span><\/strong><\/p>\n<p style=\"font-weight: 400;\"><span dir=\"auto\" style=\"vertical-align: inherit;\"><span dir=\"auto\" style=\"vertical-align: inherit;\">Matin\u00e9e Atelier cuisine Chef nomade &#8211;&nbsp;\u00c9cole secondaire professionnelle des services h\u00f4teliers et du commerce de Zvolen<\/span><\/span><\/p>\n<p style=\"font-weight: 400;\"><strong><span dir=\"auto\" style=\"vertical-align: inherit;\"><span dir=\"auto\" style=\"vertical-align: inherit;\">JEUDI 26.3.<\/span><\/span><\/strong><\/p>\n<p style=\"font-weight: 400;\"><span dir=\"auto\" style=\"vertical-align: inherit;\"><span dir=\"auto\" style=\"vertical-align: inherit;\">19h00 Arco \u2013 un gar\u00e7on du futur (Arco) &#8211;&nbsp;Cin\u00e9-Club<\/span><\/span><\/p>\n<p style=\"font-weight: 400;\"><strong><span dir=\"auto\" style=\"vertical-align: inherit;\"><span dir=\"auto\" style=\"vertical-align: inherit;\">VENDREDI 27.3.<\/span><\/span><\/strong><\/p>\n<p style=\"font-weight: 400;\"><span dir=\"auto\" style=\"vertical-align: inherit;\"><span dir=\"auto\" style=\"vertical-align: inherit;\">18h00 ou 19h00 Ov\u010d\u00edn &#8211;&nbsp;Boulder &amp;&nbsp;Bistro (Horn\u00e9 Jaseno 160, Tur\u010dianske Jaseno) Soir\u00e9e restaurant Chef nomade<\/span><\/span><\/p>\n<p style=\"font-weight: 400;\"><strong><span dir=\"auto\" style=\"vertical-align: inherit;\"><span dir=\"auto\" style=\"vertical-align: inherit;\">MERCREDI 15.4.<\/span><\/span><\/strong><\/p>\n<p style=\"font-weight: 400;\"><span dir=\"auto\" style=\"vertical-align: inherit;\"><span dir=\"auto\" style=\"vertical-align: inherit;\">Atelier de cuisine Matin\u00e9e Nomad Chef &#8211;&nbsp;SO\u0160 Pod&nbsp;Bano\u0161om<\/span><\/span><\/p>\n<p style=\"font-weight: 400;\"><strong><span dir=\"auto\" style=\"vertical-align: inherit;\"><span dir=\"auto\" style=\"vertical-align: inherit;\">JEUDI 16.4.<\/span><\/span><\/strong><\/p>\n<p style=\"font-weight: 400;\"><span dir=\"auto\" style=\"vertical-align: inherit;\"><span dir=\"auto\" style=\"vertical-align: inherit;\">14h00 Vernissage exposition itin\u00e9rante sur la cuisine \u2013 365.labb<\/span><\/span><\/p>\n<p style=\"font-weight: 400;\"><strong><span dir=\"auto\" style=\"vertical-align: inherit;\"><span dir=\"auto\" style=\"vertical-align: inherit;\">JEUDI 23.4.<\/span><\/span><\/strong><\/p>\n<p style=\"font-weight: 400;\"><span dir=\"auto\" style=\"vertical-align: inherit;\"><span dir=\"auto\" style=\"vertical-align: inherit;\">17h30 Tournoi d&rsquo;\u00e9checs vol.7 &#8211;&nbsp;U&nbsp;Fran\u0163u Jazz Klub (sur inscription \/ apr\u00e8s inscription)<\/span><\/span><\/p>\n<p style=\"font-weight: 400;\"><strong><span dir=\"auto\" style=\"vertical-align: inherit;\"><span dir=\"auto\" style=\"vertical-align: inherit;\">VENDREDI 24.4.<\/span><\/span><\/strong><\/p>\n<p style=\"font-weight: 400;\"><span dir=\"auto\" style=\"vertical-align: inherit;\"><span dir=\"auto\" style=\"vertical-align: inherit;\"><span dir=\"auto\" style=\"vertical-align: inherit;\"><span dir=\"auto\" style=\"vertical-align: inherit;\">11h00 \u00bd finale Je chante en fran\u00e7ais &#8211;&nbsp;Biblioth\u00e8que scientifique d&rsquo;\u00c9tat<\/span><\/span><\/span><\/span><\/p>\n<p style=\"font-weight: 400;\"><a href=\"https:\/\/www.afsk.sk\/index.php?option=com_content&amp;view=article&amp;id=544:spf-2027&amp;catid=48&amp;lang=sk&amp;Itemid=101\" target=\"_blank\" rel=\"noopener\"><span dir=\"auto\" style=\"vertical-align: inherit;\"><span dir=\"auto\" style=\"vertical-align: inherit;\"><span dir=\"auto\" style=\"vertical-align: inherit;\"><span dir=\"auto\" style=\"vertical-align: inherit;\">https:\/\/www.afsk.sk\/index.php?option=com_content&amp;view=article&amp;id=544:spf-2027&amp;catid=48&amp;lang=sk&amp;Itemid=101<\/span><\/span><\/span><\/span><\/a><\/p>\n<p><img loading=\"lazy\" decoding=\"async\" class=\"alignnone size-medium wp-image-39037\" src=\"https:\/\/institutfrancais.sk\/wp-content\/uploads\/2026\/01\/Picture4-280x350.png\" alt=\"\" width=\"280\" height=\"350\" srcset=\"https:\/\/institutfrancais.sk\/wp-content\/uploads\/2026\/01\/Picture4-280x350.png 280w, https:\/\/institutfrancais.sk\/wp-content\/uploads\/2026\/01\/Picture4-429x537.png 429w, https:\/\/institutfrancais.sk\/wp-content\/uploads\/2026\/01\/Picture4.png 729w\" sizes=\"(max-width: 280px) 100vw, 280px\" \/><\/p>\n<p style=\"font-weight: 400;\"><strong><span dir=\"auto\" style=\"vertical-align: inherit;\"><span dir=\"auto\" style=\"vertical-align: inherit;\"><span dir=\"auto\" style=\"vertical-align: inherit;\"><span dir=\"auto\" style=\"vertical-align: inherit;\">SAMEDI 25.4.<\/span><\/span><\/span><\/span><\/strong><\/p>\n<p style=\"font-weight: 400;\"><span dir=\"auto\" style=\"vertical-align: inherit;\"><span dir=\"auto\" style=\"vertical-align: inherit;\"><span dir=\"auto\" style=\"vertical-align: inherit;\"><span dir=\"auto\" style=\"vertical-align: inherit;\">Concert Hermetic Delight (FR) &#8211;&nbsp;Jardin CNK<\/span><\/span><\/span><\/span><\/p>\n<p style=\"font-weight: 400;\"><strong><span dir=\"auto\" style=\"vertical-align: inherit;\"><span dir=\"auto\" style=\"vertical-align: inherit;\"><span dir=\"auto\" style=\"vertical-align: inherit;\"><span dir=\"auto\" style=\"vertical-align: inherit;\">LUNDI 27.4.<\/span><\/span><\/span><\/span><\/strong><\/p>\n<p style=\"font-weight: 400;\"><span dir=\"auto\" style=\"vertical-align: inherit;\"><span dir=\"auto\" style=\"vertical-align: inherit;\"><span dir=\"auto\" style=\"vertical-align: inherit;\"><span dir=\"auto\" style=\"vertical-align: inherit;\">18h00 Projet Stand Up Belge &#8211;&nbsp;U&nbsp;Fran\u0163u Jazz Club<\/span><\/span><\/span><\/span><\/p>\n<p style=\"font-weight: 400;\"><strong><em><span dir=\"auto\" style=\"vertical-align: inherit;\"><span dir=\"auto\" style=\"vertical-align: inherit;\"><span dir=\"auto\" style=\"vertical-align: inherit;\"><span dir=\"auto\" style=\"vertical-align: inherit;\">Et aussi&#8230;<\/span><\/span><\/span><\/span><\/em><\/strong><\/p>\n<p style=\"font-weight: 400;\"><span dir=\"auto\" style=\"vertical-align: inherit;\"><span dir=\"auto\" style=\"vertical-align: inherit;\"><span dir=\"auto\" style=\"vertical-align: inherit;\"><span dir=\"auto\" style=\"vertical-align: inherit;\">Club de randonn\u00e9e AFBB<\/span><\/span><\/span><\/span><\/p>\n<h4><strong><span dir=\"auto\" style=\"vertical-align: inherit;\"><span dir=\"auto\" style=\"vertical-align: inherit;\"><span dir=\"auto\" style=\"vertical-align: inherit;\"><span dir=\"auto\" style=\"vertical-align: inherit;\">Suivez l&rsquo;Alliance Fran\u00e7aise Bansk\u00e1 Bystrica :\u00a0<\/span><\/span><\/span><\/span><\/strong><\/h4>\n<ul>\n<li><strong><a href=\"https:\/\/www.afsk.sk\/index.php?lang=sk\" target=\"_blank\" rel=\"noopener\"><span dir=\"auto\" style=\"vertical-align: inherit;\"><span dir=\"auto\" style=\"vertical-align: inherit;\"><span dir=\"auto\" style=\"vertical-align: inherit;\"><span dir=\"auto\" style=\"vertical-align: inherit;\">www.afsk.sk<\/span><\/span><\/span><\/span><\/a><\/strong><\/li>\n<li><strong><a href=\"https:\/\/www.facebook.com\/af.debanskabystrica\" target=\"_blank\" rel=\"noopener\"><span dir=\"auto\" style=\"vertical-align: inherit;\"><span dir=\"auto\" style=\"vertical-align: inherit;\"><span dir=\"auto\" style=\"vertical-align: inherit;\"><span dir=\"auto\" style=\"vertical-align: inherit;\">Facebook\u00a0<\/span><\/span><\/span><\/span><\/a><\/strong><\/li>\n<li><strong><strong><a href=\"https:\/\/www.instagram.com\/alliancefrancaisebb\/\" target=\"_blank\" rel=\"noopener\"><span dir=\"auto\" style=\"vertical-align: inherit;\"><span dir=\"auto\" style=\"vertical-align: inherit;\"><span dir=\"auto\" style=\"vertical-align: inherit;\"><span dir=\"auto\" style=\"vertical-align: inherit;\">Instagram<\/span><\/span><\/span><\/span><\/a><\/strong><\/strong><\/li>\n<\/ul>\n<h2><span dir=\"auto\" style=\"vertical-align: inherit;\"><span dir=\"auto\" style=\"vertical-align: inherit;\">FRANCOPHONIE universit\u00e9 Matej Bel :<\/span><\/span><\/h2>\n<p><strong><span dir=\"auto\" style=\"vertical-align: inherit;\"><span dir=\"auto\" style=\"vertical-align: inherit;\"><span dir=\"auto\" style=\"vertical-align: inherit;\">Mardi 17.3.<\/span><\/span><\/span><\/strong><\/p>\n<p><span dir=\"auto\" style=\"vertical-align: inherit;\"><span dir=\"auto\" style=\"vertical-align: inherit;\"><span dir=\"auto\" style=\"vertical-align: inherit;\">Soir\u00e9e litt\u00e9raire \u00e0 17h &#8211;&nbsp;FF UMB<\/span><\/span><\/span><\/p>\n<p><img loading=\"lazy\" decoding=\"async\" class=\"alignnone size-medium wp-image-39074\" src=\"https:\/\/institutfrancais.sk\/wp-content\/uploads\/2026\/01\/Visuel-Soiree-litteraire-Insta-350x350.png\" alt=\"\" width=\"350\" height=\"350\" srcset=\"https:\/\/institutfrancais.sk\/wp-content\/uploads\/2026\/01\/Visuel-Soiree-litteraire-Insta-350x350.png 350w, https:\/\/institutfrancais.sk\/wp-content\/uploads\/2026\/01\/Visuel-Soiree-litteraire-Insta-537x537.png 537w, https:\/\/institutfrancais.sk\/wp-content\/uploads\/2026\/01\/Visuel-Soiree-litteraire-Insta-150x150.png 150w, https:\/\/institutfrancais.sk\/wp-content\/uploads\/2026\/01\/Visuel-Soiree-litteraire-Insta-768x768.png 768w, https:\/\/institutfrancais.sk\/wp-content\/uploads\/2026\/01\/Visuel-Soiree-litteraire-Insta-1000x1000.png 1000w, https:\/\/institutfrancais.sk\/wp-content\/uploads\/2026\/01\/Visuel-Soiree-litteraire-Insta.png 1080w\" sizes=\"(max-width: 350px) 100vw, 350px\" \/><\/p>\n<\/div><\/div><\/div><\/div>\n\n\n<div class=\"wp-block-columns is-layout-flex wp-container-core-columns-is-layout-1 wp-block-columns-is-layout-flex\">\n<div class=\"wp-block-column is-layout-flow wp-block-column-is-layout-flow\" style=\"flex-basis:100%\"><div class=\"accordion-menu\"><a href=\"#a1-\" class=\"smooth\"><\/a><\/div><div class=\"accordion\" id=\"a308\"><div class=\"card\"><div class=\"card-header\" id=\"ha308_1\"><h3 class=\"card-opener\"><button class=\"collapsed\" type=\"button\" data-toggle=\"collapse\" data-target=\"#ca308_1\" aria-expanded=\"true\" aria-controls=\"ca308_1\">Rendez-vous \u00e0 Ko\u0161ice<span class=\"plus\"><svg viewBox=\"0 0 29 29\" xmlns=\"http:\/\/www.w3.org\/2000\/svg\"><path d=\"M28.2857 12.9286V16.7857C28.2857 17.3214 28.0982 17.7768 27.7232 18.1518C27.3482 18.5268 26.8929 18.7143 26.3571 18.7143H18V27.0714C18 27.6071 17.8125 28.0625 17.4375 28.4375C17.0625 28.8125 16.6071 29 16.0714 29H12.2143C11.6786 29 11.2232 28.8125 10.8482 28.4375C10.4732 28.0625 10.2857 27.6071 10.2857 27.0714V18.7143H1.92857C1.39286 18.7143 0.9375 18.5268 0.5625 18.1518C0.1875 17.7768 0 17.3214 0 16.7857V12.9286C0 12.3929 0.1875 11.9375 0.5625 11.5625C0.9375 11.1875 1.39286 11 1.92857 11H10.2857V2.64286C10.2857 2.10714 10.4732 1.65178 10.8482 1.27678C11.2232 0.901784 11.6786 0.714284 12.2143 0.714284H16.0714C16.6071 0.714284 17.0625 0.901784 17.4375 1.27678C17.8125 1.65178 18 2.10714 18 2.64286V11H26.3571C26.8929 11 27.3482 11.1875 27.7232 11.5625C28.0982 11.9375 28.2857 12.3929 28.2857 12.9286Z\"><\/svg><\/span><span class=\"minus\"><svg viewBox=\"0 0 29 8\" xmlns=\"http:\/\/www.w3.org\/2000\/svg\"><path d=\"M28.2857 1.92857V5.78571C28.2857 6.32143 28.0982 6.77679 27.7232 7.15179C27.3482 7.52679 26.8929 7.71429 26.3571 7.71429H1.92857C1.39286 7.71429 0.9375 7.52679 0.5625 7.15179C0.1875 6.77679 0 6.32143 0 5.78571V1.92857C0 1.39286 0.1875 0.937499 0.5625 0.562499C0.9375 0.1875 1.39286 0 1.92857 0H26.3571C26.8929 0 27.3482 0.1875 27.7232 0.562499C28.0982 0.937499 28.2857 1.39286 28.2857 1.92857Z\"><\/svg><\/span><\/button><\/h3><\/div><div id=\"ca308_1\" class=\"collapse\" aria-labelledby=\"ha308_1\" data-parent=\"#a308\"><div class=\"card-body\"><p><strong><span dir=\"auto\" style=\"vertical-align: inherit;\"><span dir=\"auto\" style=\"vertical-align: inherit;\">Soir\u00e9e cin\u00e9ma le 12\/03\/2026 :<\/span><\/span><\/strong><\/p>\n<p><img loading=\"lazy\" decoding=\"async\" class=\"size-medium wp-image-39062 aligncenter\" src=\"https:\/\/institutfrancais.sk\/wp-content\/uploads\/2026\/01\/623416311_1435141151872317_5110110483327124899_n-245x350.jpg\" alt=\"\" width=\"245\" height=\"350\" srcset=\"https:\/\/institutfrancais.sk\/wp-content\/uploads\/2026\/01\/623416311_1435141151872317_5110110483327124899_n-245x350.jpg 245w, https:\/\/institutfrancais.sk\/wp-content\/uploads\/2026\/01\/623416311_1435141151872317_5110110483327124899_n-376x537.jpg 376w, https:\/\/institutfrancais.sk\/wp-content\/uploads\/2026\/01\/623416311_1435141151872317_5110110483327124899_n-768x1097.jpg 768w, https:\/\/institutfrancais.sk\/wp-content\/uploads\/2026\/01\/623416311_1435141151872317_5110110483327124899_n-700x1000.jpg 700w, https:\/\/institutfrancais.sk\/wp-content\/uploads\/2026\/01\/623416311_1435141151872317_5110110483327124899_n.jpg 980w\" sizes=\"(max-width: 245px) 100vw, 245px\" \/><\/p>\n<p>&nbsp;<\/p>\n<p><strong><span dir=\"auto\" style=\"vertical-align: inherit;\"><span dir=\"auto\" style=\"vertical-align: inherit;\">Soir\u00e9e cin\u00e9ma le 16\/03\/2026 \u00e0 18h00 :\u00a0<\/span><\/span><\/strong><\/p>\n<h4><img loading=\"lazy\" decoding=\"async\" class=\"size-medium wp-image-39047 aligncenter\" src=\"https:\/\/institutfrancais.sk\/wp-content\/uploads\/2026\/01\/SC_mars26_SK-350x350.png\" alt=\"\" width=\"350\" height=\"350\" srcset=\"https:\/\/institutfrancais.sk\/wp-content\/uploads\/2026\/01\/SC_mars26_SK-350x350.png 350w, https:\/\/institutfrancais.sk\/wp-content\/uploads\/2026\/01\/SC_mars26_SK-537x537.png 537w, https:\/\/institutfrancais.sk\/wp-content\/uploads\/2026\/01\/SC_mars26_SK-150x150.png 150w, https:\/\/institutfrancais.sk\/wp-content\/uploads\/2026\/01\/SC_mars26_SK-768x768.png 768w, https:\/\/institutfrancais.sk\/wp-content\/uploads\/2026\/01\/SC_mars26_SK-1000x1000.png 1000w, https:\/\/institutfrancais.sk\/wp-content\/uploads\/2026\/01\/SC_mars26_SK.png 1080w\" sizes=\"(max-width: 350px) 100vw, 350px\" \/><\/h4>\n<p><strong><span dir=\"auto\" style=\"vertical-align: inherit;\"><span dir=\"auto\" style=\"vertical-align: inherit;\">Quiz francophone<\/span><\/span><\/strong><\/p>\n<p><span dir=\"auto\" style=\"vertical-align: inherit;\"><span dir=\"auto\" style=\"vertical-align: inherit;\">Rendez-vous le mercredi 18 mars 2026 \u00e0 partir de 18h45 pour le Frankofokviz anim\u00e9 par Georges et Denis !<\/span><\/span><\/p>\n<p><span dir=\"auto\" style=\"vertical-align: inherit;\"><span dir=\"auto\" style=\"vertical-align: inherit;\">Le quiz sera consacr\u00e9 au th\u00e8me de la francophonie !<\/span><\/span><\/p>\n<p><span dir=\"auto\" style=\"vertical-align: inherit;\"><span dir=\"auto\" style=\"vertical-align: inherit;\">Il est possible de s&rsquo;inscrire seul ou en \u00e9quipe. <\/span><\/span><br \/>\n<span dir=\"auto\" style=\"vertical-align: inherit;\"><span dir=\"auto\" style=\"vertical-align: inherit;\">Comme d&rsquo;habitude, il y aura des petits cadeaux \u00e0 gagner !<\/span><\/span><\/p>\n<p><span dir=\"auto\" style=\"vertical-align: inherit;\"><span dir=\"auto\" style=\"vertical-align: inherit;\">Inscription souhait\u00e9e \u00e0 <\/span><\/span><a href=\"mailto:info@afke.sk\" target=\"_blank\" rel=\"noopener\"><span dir=\"auto\" style=\"vertical-align: inherit;\"><span dir=\"auto\" style=\"vertical-align: inherit;\">info@afke.sk<\/span><\/span><\/a><span dir=\"auto\" style=\"vertical-align: inherit;\"><span dir=\"auto\" style=\"vertical-align: inherit;\"> avant le 9\/03\/2026 (pr\u00e9cisez le nombre de personnes svp).<\/span><\/span><\/p>\n<p><span dir=\"auto\" style=\"vertical-align: inherit;\"><span dir=\"auto\" style=\"vertical-align: inherit;\">Entr\u00e9e : 3&nbsp;\u20ac \/ Gratuit pour les membres de l&rsquo;AFKE<\/span><\/span><\/p>\n<p><span dir=\"auto\" style=\"vertical-align: inherit;\"><span dir=\"auto\" style=\"vertical-align: inherit;\">Venez nombreux !<\/span><\/span><\/p>\n<h4><img loading=\"lazy\" decoding=\"async\" class=\"size-medium wp-image-39058 aligncenter\" src=\"https:\/\/institutfrancais.sk\/wp-content\/uploads\/2026\/01\/12-350x350.png\" alt=\"\" width=\"350\" height=\"350\" srcset=\"https:\/\/institutfrancais.sk\/wp-content\/uploads\/2026\/01\/12-350x350.png 350w, https:\/\/institutfrancais.sk\/wp-content\/uploads\/2026\/01\/12-537x537.png 537w, https:\/\/institutfrancais.sk\/wp-content\/uploads\/2026\/01\/12-150x150.png 150w, https:\/\/institutfrancais.sk\/wp-content\/uploads\/2026\/01\/12-768x768.png 768w, https:\/\/institutfrancais.sk\/wp-content\/uploads\/2026\/01\/12-1000x1000.png 1000w, https:\/\/institutfrancais.sk\/wp-content\/uploads\/2026\/01\/12.png 1080w\" sizes=\"(max-width: 350px) 100vw, 350px\" \/><\/h4>\n<h4><strong><span dir=\"auto\" style=\"vertical-align: inherit;\"><span dir=\"auto\" style=\"vertical-align: inherit;\">Suivez l&rsquo;Alliance Fran\u00e7aise Ko\u0161ice :\u00a0<\/span><\/span><\/strong><\/h4>\n<ul>\n<li><strong><a href=\"http:\/\/afke.sk\/\" target=\"_blank\" rel=\"noopener\"><span dir=\"auto\" style=\"vertical-align: inherit;\"><span dir=\"auto\" style=\"vertical-align: inherit;\">www.afke.sk<\/span><\/span><\/a><\/strong><\/li>\n<li><strong><a href=\"https:\/\/www.facebook.com\/AFKosice\" target=\"_blank\" rel=\"noopener\"><span dir=\"auto\" style=\"vertical-align: inherit;\"><span dir=\"auto\" style=\"vertical-align: inherit;\">Facebook\u00a0<\/span><\/span><\/a><\/strong><\/li>\n<li><strong><a href=\"https:\/\/www.instagram.com\/alliancefrancaisekosice\/\" target=\"_blank\" rel=\"noopener\"><span dir=\"auto\" style=\"vertical-align: inherit;\"><span dir=\"auto\" style=\"vertical-align: inherit;\">Instagram<\/span><\/span><\/a><\/strong><\/li>\n<\/ul>\n<\/div><\/div><\/div><\/div>\n\n<div class=\"accordion-menu\"><a href=\"#a1-\" class=\"smooth\"><\/a><\/div><div class=\"accordion\" id=\"a49\"><div class=\"card\"><div class=\"card-header\" id=\"ha49_1\"><h3 class=\"card-opener\"><button class=\"collapsed\" type=\"button\" data-toggle=\"collapse\" data-target=\"#ca49_1\" aria-expanded=\"true\" aria-controls=\"ca49_1\">Rendez-vous \u00e0 Pre\u0161ov<span class=\"plus\"><svg viewBox=\"0 0 29 29\" xmlns=\"http:\/\/www.w3.org\/2000\/svg\"><path d=\"M28.2857 12.9286V16.7857C28.2857 17.3214 28.0982 17.7768 27.7232 18.1518C27.3482 18.5268 26.8929 18.7143 26.3571 18.7143H18V27.0714C18 27.6071 17.8125 28.0625 17.4375 28.4375C17.0625 28.8125 16.6071 29 16.0714 29H12.2143C11.6786 29 11.2232 28.8125 10.8482 28.4375C10.4732 28.0625 10.2857 27.6071 10.2857 27.0714V18.7143H1.92857C1.39286 18.7143 0.9375 18.5268 0.5625 18.1518C0.1875 17.7768 0 17.3214 0 16.7857V12.9286C0 12.3929 0.1875 11.9375 0.5625 11.5625C0.9375 11.1875 1.39286 11 1.92857 11H10.2857V2.64286C10.2857 2.10714 10.4732 1.65178 10.8482 1.27678C11.2232 0.901784 11.6786 0.714284 12.2143 0.714284H16.0714C16.6071 0.714284 17.0625 0.901784 17.4375 1.27678C17.8125 1.65178 18 2.10714 18 2.64286V11H26.3571C26.8929 11 27.3482 11.1875 27.7232 11.5625C28.0982 11.9375 28.2857 12.3929 28.2857 12.9286Z\"><\/svg><\/span><span class=\"minus\"><svg viewBox=\"0 0 29 8\" xmlns=\"http:\/\/www.w3.org\/2000\/svg\"><path d=\"M28.2857 1.92857V5.78571C28.2857 6.32143 28.0982 6.77679 27.7232 7.15179C27.3482 7.52679 26.8929 7.71429 26.3571 7.71429H1.92857C1.39286 7.71429 0.9375 7.52679 0.5625 7.15179C0.1875 6.77679 0 6.32143 0 5.78571V1.92857C0 1.39286 0.1875 0.937499 0.5625 0.562499C0.9375 0.1875 1.39286 0 1.92857 0H26.3571C26.8929 0 27.3482 0.1875 27.7232 0.562499C28.0982 0.937499 28.2857 1.39286 28.2857 1.92857Z\"><\/svg><\/span><\/button><\/h3><\/div><div id=\"ca49_1\" class=\"collapse\" aria-labelledby=\"ha49_1\" data-parent=\"#a49\"><div class=\"card-body\"><p><strong><span dir=\"auto\" style=\"vertical-align: inherit;\"><span dir=\"auto\" style=\"vertical-align: inherit;\">Exposition \u00ab\u00a0Ma francophonie cette ann\u00e9e\u00a0\u00bb, jeudi 26 mars<\/span><\/span><\/strong><\/p>\n<p><img loading=\"lazy\" decoding=\"async\" class=\"alignnone size-medium wp-image-39068\" src=\"https:\/\/institutfrancais.sk\/wp-content\/uploads\/2026\/01\/Affiche-mois-de-la-francophonie1-251x350.jpg\" alt=\"\" width=\"251\" height=\"350\" srcset=\"https:\/\/institutfrancais.sk\/wp-content\/uploads\/2026\/01\/Affiche-mois-de-la-francophonie1-251x350.jpg 251w, https:\/\/institutfrancais.sk\/wp-content\/uploads\/2026\/01\/Affiche-mois-de-la-francophonie1-385x537.jpg 385w, https:\/\/institutfrancais.sk\/wp-content\/uploads\/2026\/01\/Affiche-mois-de-la-francophonie1-768x1071.jpg 768w, https:\/\/institutfrancais.sk\/wp-content\/uploads\/2026\/01\/Affiche-mois-de-la-francophonie1-1102x1536.jpg 1102w, https:\/\/institutfrancais.sk\/wp-content\/uploads\/2026\/01\/Affiche-mois-de-la-francophonie1-1469x2048.jpg 1469w, https:\/\/institutfrancais.sk\/wp-content\/uploads\/2026\/01\/Affiche-mois-de-la-francophonie1-717x1000.jpg 717w, https:\/\/institutfrancais.sk\/wp-content\/uploads\/2026\/01\/Affiche-mois-de-la-francophonie1-scaled.jpg 1836w\" sizes=\"(max-width: 251px) 100vw, 251px\" \/><\/p>\n<p><strong><span dir=\"auto\" style=\"vertical-align: inherit;\"><span dir=\"auto\" style=\"vertical-align: inherit;\">\u00ab\u00a0Mon m\u00e9moire en 5 minutes\u00a0\u00bb, jeudi 26 mars \u00e0 9h<\/span><\/span><\/strong><\/p>\n<p><img loading=\"lazy\" decoding=\"async\" class=\"alignnone size-medium wp-image-39071\" src=\"https:\/\/institutfrancais.sk\/wp-content\/uploads\/2026\/01\/Mon-memoire-en-5-minutes-247x350.png\" alt=\"\" width=\"247\" height=\"350\" srcset=\"https:\/\/institutfrancais.sk\/wp-content\/uploads\/2026\/01\/Mon-memoire-en-5-minutes-247x350.png 247w, https:\/\/institutfrancais.sk\/wp-content\/uploads\/2026\/01\/Mon-memoire-en-5-minutes-380x537.png 380w, https:\/\/institutfrancais.sk\/wp-content\/uploads\/2026\/01\/Mon-memoire-en-5-minutes-768x1086.png 768w, https:\/\/institutfrancais.sk\/wp-content\/uploads\/2026\/01\/Mon-memoire-en-5-minutes-1086x1536.png 1086w, https:\/\/institutfrancais.sk\/wp-content\/uploads\/2026\/01\/Mon-memoire-en-5-minutes-1448x2048.png 1448w, https:\/\/institutfrancais.sk\/wp-content\/uploads\/2026\/01\/Mon-memoire-en-5-minutes-707x1000.png 707w, https:\/\/institutfrancais.sk\/wp-content\/uploads\/2026\/01\/Mon-memoire-en-5-minutes.png 1587w\" sizes=\"(max-width: 247px) 100vw, 247px\" \/><\/p>\n<h4><strong><span dir=\"auto\" style=\"vertical-align: inherit;\"><span dir=\"auto\" style=\"vertical-align: inherit;\">Suivez le d\u00e9partement d&rsquo;\u00e9tudes romaines de l&rsquo;universit\u00e9 de Pre\u0161ov\u00a0:<\/span><\/span><\/strong><\/h4>\n<p><a href=\"https:\/\/www.instagram.com\/katedra_romanistiky_igar_ff_pu?igsh=MWJ1MmMzanFzZDczMg==\" target=\"_blank\" rel=\"noopener\"><span dir=\"auto\" style=\"vertical-align: inherit;\"><span dir=\"auto\" style=\"vertical-align: inherit;\"><span dir=\"auto\" style=\"vertical-align: inherit;\"><span dir=\"auto\" style=\"vertical-align: inherit;\">Instagram<\/span><\/span><\/span><\/span><\/a><\/p>\n<\/div><\/div><\/div><\/div><\/div>\n<\/div>\n\n\n\n<h2 class=\"wp-block-heading\">Les coorganisateurs et partenaires<\/h2>\n\n\n\n<p><em>Les Journ\u00e9es de la francophonie sont organis\u00e9es par l\u2019Institut fran\u00e7ais de Slovaquie, conjointement avec les Ambassades des pays membres ou membres observateurs de l\u2019OIF, le Minist\u00e8re des Affaires \u00e9trang\u00e8res de la R\u00e9publique slovaque, et les Alliances fran\u00e7aises de Bansk\u00e1 Bystrica et de Ko\u0161ice, ainsi qu\u2019avec la participation des \u00e9coles, lyc\u00e9es et universit\u00e9s slovaques et de l\u2019\u00c9cole Fran\u00e7aise <em>Internationale<\/em> de Bratislava<\/em> (EFIB).<\/p>\n\n\n<\/div><div class=\"gray-bg\"><div class=\"wrap\"><div class=\"white-boxes sponsors-partners nobtn\"><h2><span>Partenaires<\/span><\/h2><div class=\"box\"><h3>Partenaires<\/h3><div class=\"owl-carousel loop\"><div class=\"img\"><picture><source srcset=\"https:\/\/institutfrancais.sk\/wp-content\/uploads\/2021\/02\/OIF-300x148.jpg\" type=\"image\/jpeg\"><img decoding=\"async\" src=\"https:\/\/institutfrancais.sk\/wp-content\/uploads\/2021\/02\/OIF-300x148.jpg\" alt=\"\"width=\"100%\"\"><\/picture><\/div><div class=\"img\"><picture><source srcset=\"https:\/\/institutfrancais.sk\/wp-content\/uploads\/2023\/02\/IF_Logo_Slovaquie_Sans-Claim_Bleu_RVB-300x201.png\" type=\"image\/jpeg\"><img decoding=\"async\" src=\"https:\/\/institutfrancais.sk\/wp-content\/uploads\/2023\/02\/IF_Logo_Slovaquie_Sans-Claim_Bleu_RVB-300x201.png\" alt=\"\"width=\"100%\"\"><\/picture><\/div><div class=\"img\"><picture><source srcset=\"https:\/\/institutfrancais.sk\/wp-content\/uploads\/2020\/09\/logoAmb-Slovaquie-300x208.png\" type=\"image\/jpeg\"><img decoding=\"async\" src=\"https:\/\/institutfrancais.sk\/wp-content\/uploads\/2020\/09\/logoAmb-Slovaquie-300x208.png\" alt=\"\"width=\"100%\"\"><\/picture><\/div><div class=\"img\"><picture><source srcset=\"https:\/\/institutfrancais.sk\/wp-content\/uploads\/2021\/02\/3-Ambassade-de-Suisse-300x118.jpg\" type=\"image\/jpeg\"><img decoding=\"async\" src=\"https:\/\/institutfrancais.sk\/wp-content\/uploads\/2021\/02\/3-Ambassade-de-Suisse-300x118.jpg\" alt=\"\"width=\"100%\"\"><\/picture><\/div><div class=\"img\"><picture><source srcset=\"https:\/\/institutfrancais.sk\/wp-content\/uploads\/2021\/02\/6-Ambassade-du-Canada-2-300x75.jpg\" type=\"image\/jpeg\"><img decoding=\"async\" src=\"https:\/\/institutfrancais.sk\/wp-content\/uploads\/2021\/02\/6-Ambassade-du-Canada-2-300x75.jpg\" alt=\"\"width=\"100%\"\"><\/picture><\/div><div class=\"img\"><picture><source srcset=\"https:\/\/institutfrancais.sk\/wp-content\/uploads\/2021\/02\/5-Walonnie-Bruxelles-International-300x168.jpg\" type=\"image\/jpeg\"><img decoding=\"async\" src=\"https:\/\/institutfrancais.sk\/wp-content\/uploads\/2021\/02\/5-Walonnie-Bruxelles-International-300x168.jpg\" alt=\"\"width=\"100%\"\"><\/picture><\/div><div class=\"img\"><picture><source srcset=\"https:\/\/institutfrancais.sk\/wp-content\/uploads\/2021\/02\/9-MZV-300x88.jpg\" type=\"image\/jpeg\"><img decoding=\"async\" src=\"https:\/\/institutfrancais.sk\/wp-content\/uploads\/2021\/02\/9-MZV-300x88.jpg\" alt=\"\"width=\"100%\"\"><\/picture><\/div><div class=\"img\"><picture><source srcset=\"https:\/\/institutfrancais.sk\/wp-content\/uploads\/2020\/01\/Logo-AF-BB-1-300x268.jpg\" type=\"image\/jpeg\"><img decoding=\"async\" src=\"https:\/\/institutfrancais.sk\/wp-content\/uploads\/2020\/01\/Logo-AF-BB-1-300x268.jpg\" alt=\"\"width=\"100%\"\"><\/picture><\/div><div class=\"img\"><picture><source srcset=\"https:\/\/institutfrancais.sk\/wp-content\/uploads\/2020\/01\/af-kosice-300x229.png\" type=\"image\/jpeg\"><img decoding=\"async\" src=\"https:\/\/institutfrancais.sk\/wp-content\/uploads\/2020\/01\/af-kosice-300x229.png\" alt=\"\"width=\"100%\"\"><\/picture><\/div><div class=\"img\"><picture><source srcset=\"https:\/\/institutfrancais.sk\/wp-content\/uploads\/2021\/02\/13-Ambassade-de-Roumanie-215x300.jpg\" type=\"image\/jpeg\"><img decoding=\"async\" src=\"https:\/\/institutfrancais.sk\/wp-content\/uploads\/2021\/02\/13-Ambassade-de-Roumanie-215x300.jpg\" alt=\"\"width=\"100%\"\"><\/picture><\/div><div class=\"img\"><picture><source srcset=\"https:\/\/institutfrancais.sk\/wp-content\/uploads\/2022\/03\/LOGO-Albanie-2-300x253.png\" type=\"image\/jpeg\"><img decoding=\"async\" src=\"https:\/\/institutfrancais.sk\/wp-content\/uploads\/2022\/03\/LOGO-Albanie-2-300x253.png\" alt=\"\"width=\"100%\"\"><\/picture><\/div><div class=\"img\"><picture><source srcset=\"https:\/\/institutfrancais.sk\/wp-content\/uploads\/2021\/02\/14-Bulharsky-kulturny-institut-300x53.jpg\" type=\"image\/jpeg\"><img decoding=\"async\" src=\"https:\/\/institutfrancais.sk\/wp-content\/uploads\/2021\/02\/14-Bulharsky-kulturny-institut-300x53.jpg\" alt=\"\"width=\"100%\"\"><\/picture><\/div><div class=\"img\"><picture><source srcset=\"https:\/\/institutfrancais.sk\/wp-content\/uploads\/2023\/02\/logo-nivam-300x108.png\" type=\"image\/jpeg\"><img decoding=\"async\" src=\"https:\/\/institutfrancais.sk\/wp-content\/uploads\/2023\/02\/logo-nivam-300x108.png\" alt=\"\"width=\"100%\"\"><\/picture><\/div><div class=\"img\"><picture><source srcset=\"https:\/\/institutfrancais.sk\/wp-content\/uploads\/2023\/02\/efib-logo.jpg\" type=\"image\/jpeg\"><img decoding=\"async\" src=\"https:\/\/institutfrancais.sk\/wp-content\/uploads\/2023\/02\/efib-logo.jpg\" alt=\"\"width=\"100%\"\"><\/picture><\/div><div class=\"img\"><picture><source srcset=\"https:\/\/institutfrancais.sk\/wp-content\/uploads\/2023\/02\/Logo-Metodova.jpg\" type=\"image\/jpeg\"><img decoding=\"async\" src=\"https:\/\/institutfrancais.sk\/wp-content\/uploads\/2023\/02\/Logo-Metodova.jpg\" alt=\"\"width=\"100%\"\"><\/picture><\/div><div class=\"img\"><picture><source srcset=\"https:\/\/institutfrancais.sk\/wp-content\/uploads\/2021\/02\/18-Section-bilingue-GJGT-212x300.jpg\" type=\"image\/jpeg\"><img decoding=\"async\" src=\"https:\/\/institutfrancais.sk\/wp-content\/uploads\/2021\/02\/18-Section-bilingue-GJGT-212x300.jpg\" alt=\"\"width=\"100%\"\"><\/picture><\/div><div class=\"img\"><picture><source srcset=\"https:\/\/institutfrancais.sk\/wp-content\/uploads\/2021\/02\/unnamed.png\" type=\"image\/jpeg\"><img decoding=\"async\" src=\"https:\/\/institutfrancais.sk\/wp-content\/uploads\/2021\/02\/unnamed.png\" alt=\"\"width=\"100%\"\"><\/picture><\/div><div class=\"img\"><picture><source srcset=\"https:\/\/institutfrancais.sk\/wp-content\/uploads\/2021\/02\/20-UMB.png\" type=\"image\/jpeg\"><img decoding=\"async\" src=\"https:\/\/institutfrancais.sk\/wp-content\/uploads\/2021\/02\/20-UMB.png\" alt=\"\"width=\"100%\"\"><\/picture><\/div><div class=\"img\"><picture><source srcset=\"https:\/\/institutfrancais.sk\/wp-content\/uploads\/2021\/02\/unnamed-300x300.jpg\" type=\"image\/jpeg\"><img decoding=\"async\" src=\"https:\/\/institutfrancais.sk\/wp-content\/uploads\/2021\/02\/unnamed-300x300.jpg\" alt=\"\"width=\"100%\"\"><\/picture><\/div><div class=\"img\"><picture><source srcset=\"https:\/\/institutfrancais.sk\/wp-content\/uploads\/2023\/02\/FAJ-EUBA-300x200.jpg\" type=\"image\/jpeg\"><img decoding=\"async\" src=\"https:\/\/institutfrancais.sk\/wp-content\/uploads\/2023\/02\/FAJ-EUBA-300x200.jpg\" alt=\"\"width=\"100%\"\"><\/picture><\/div><div class=\"img\"><picture><source srcset=\"https:\/\/institutfrancais.sk\/wp-content\/uploads\/2021\/02\/30-Universite-de-Presov.jpg\" type=\"image\/jpeg\"><img decoding=\"async\" src=\"https:\/\/institutfrancais.sk\/wp-content\/uploads\/2021\/02\/30-Universite-de-Presov.jpg\" alt=\"\"width=\"100%\"\"><\/picture><\/div><div class=\"img\"><picture><source srcset=\"https:\/\/institutfrancais.sk\/wp-content\/uploads\/2023\/02\/logo-upjs-300x300.jpg\" type=\"image\/jpeg\"><img decoding=\"async\" src=\"https:\/\/institutfrancais.sk\/wp-content\/uploads\/2023\/02\/logo-upjs-300x300.jpg\" alt=\"\"width=\"100%\"\"><\/picture><\/div><div class=\"img\"><picture><source srcset=\"https:\/\/institutfrancais.sk\/wp-content\/uploads\/2022\/02\/92498669_1159849881034534_5729274570846765056_n-300x300.png\" type=\"image\/jpeg\"><img decoding=\"async\" src=\"https:\/\/institutfrancais.sk\/wp-content\/uploads\/2022\/02\/92498669_1159849881034534_5729274570846765056_n-300x300.png\" alt=\"\"width=\"100%\"\"><\/picture><\/div><div class=\"img\"><picture><source srcset=\"https:\/\/institutfrancais.sk\/wp-content\/uploads\/2023\/02\/les-ateliers-francais-logo.jpg\" type=\"image\/jpeg\"><img decoding=\"async\" src=\"https:\/\/institutfrancais.sk\/wp-content\/uploads\/2023\/02\/les-ateliers-francais-logo.jpg\" alt=\"\"width=\"100%\"\"><\/picture><\/div><div class=\"img\"><picture><source srcset=\"https:\/\/institutfrancais.sk\/wp-content\/uploads\/2025\/02\/Screenshot-2024-03-07-193006-768x542-1-350x247.png\" type=\"image\/jpeg\"><img decoding=\"async\" src=\"https:\/\/institutfrancais.sk\/wp-content\/uploads\/2025\/02\/Screenshot-2024-03-07-193006-768x542-1-350x247.png\" alt=\"\"width=\"100%\"\"><\/picture><\/div><div class=\"img\"><picture><source srcset=\"https:\/\/institutfrancais.sk\/wp-content\/uploads\/2025\/02\/logo_david_1-350x134.jpg\" type=\"image\/jpeg\"><img decoding=\"async\" src=\"https:\/\/institutfrancais.sk\/wp-content\/uploads\/2025\/02\/logo_david_1-350x134.jpg\" alt=\"\"width=\"100%\"\"><\/picture><\/div><div class=\"img\"><picture><source srcset=\"https:\/\/institutfrancais.sk\/wp-content\/uploads\/2025\/02\/logo_kybernetix-350x112.png\" type=\"image\/jpeg\"><img decoding=\"async\" src=\"https:\/\/institutfrancais.sk\/wp-content\/uploads\/2025\/02\/logo_kybernetix-350x112.png\" alt=\"\"width=\"100%\"\"><\/picture><\/div><div class=\"img\"><picture><source srcset=\"https:\/\/institutfrancais.sk\/wp-content\/uploads\/2025\/02\/GES-768x459-1-350x209.jpg\" type=\"image\/jpeg\"><img decoding=\"async\" src=\"https:\/\/institutfrancais.sk\/wp-content\/uploads\/2025\/02\/GES-768x459-1-350x209.jpg\" alt=\"\"width=\"100%\"\"><\/picture><\/div><\/div><\/div><\/div><\/div><\/div><\/div><div class=\"wrap narrow-wrap\">\n\n<\/div><div class=\"gray-bg\"><div class=\"wrap\"><div class=\"white-boxes sponsors-partners nobtn\"><h2><span>Partenaires<\/span><\/h2><div class=\"box\"><h3>Partenaires<\/h3><div class=\"owl-carousel loop-8\"><div class=\"img\"><picture><source srcset=\"\" type=\"image\/jpeg\"><img decoding=\"async\" src=\"\" alt=\"\"width=\"100%\"\"><\/picture><\/div><div class=\"img\"><picture><source srcset=\"https:\/\/institutfrancais.sk\/wp-content\/uploads\/2021\/02\/2-Radio-Devin-300x101.png\" type=\"image\/jpeg\"><img decoding=\"async\" src=\"https:\/\/institutfrancais.sk\/wp-content\/uploads\/2021\/02\/2-Radio-Devin-300x101.png\" alt=\"\"width=\"100%\"\"><\/picture><\/div><div class=\"img\"><picture><source srcset=\"https:\/\/institutfrancais.sk\/wp-content\/uploads\/2021\/02\/3-Radio-Slovakia-International-300x73.png\" type=\"image\/jpeg\"><img decoding=\"async\" src=\"https:\/\/institutfrancais.sk\/wp-content\/uploads\/2021\/02\/3-Radio-Slovakia-International-300x73.png\" alt=\"\"width=\"100%\"\"><\/picture><\/div><div class=\"img\"><picture><source srcset=\"https:\/\/institutfrancais.sk\/wp-content\/uploads\/2022\/12\/Dizajn-bez-nazvu-51-300x193.png\" type=\"image\/jpeg\"><img decoding=\"async\" src=\"https:\/\/institutfrancais.sk\/wp-content\/uploads\/2022\/12\/Dizajn-bez-nazvu-51-300x193.png\" alt=\"\"width=\"100%\"\"><\/picture><\/div><div class=\"img\"><picture><source srcset=\"https:\/\/institutfrancais.sk\/wp-content\/uploads\/2021\/02\/6-InBa-300x211.jpg\" type=\"image\/jpeg\"><img decoding=\"async\" src=\"https:\/\/institutfrancais.sk\/wp-content\/uploads\/2021\/02\/6-InBa-300x211.jpg\" alt=\"\"width=\"100%\"\"><\/picture><\/div><div class=\"img\"><picture><source srcset=\"https:\/\/institutfrancais.sk\/wp-content\/uploads\/2021\/02\/GO-OUT-300x151.jpg\" type=\"image\/jpeg\"><img decoding=\"async\" src=\"https:\/\/institutfrancais.sk\/wp-content\/uploads\/2021\/02\/GO-OUT-300x151.jpg\" alt=\"\"width=\"100%\"\"><\/picture><\/div><div class=\"img\"><picture><source srcset=\"https:\/\/institutfrancais.sk\/wp-content\/uploads\/2022\/01\/LOGO-TV5MONDE-digita\u0301l-modre\u0301-300x104.png\" type=\"image\/jpeg\"><img decoding=\"async\" src=\"https:\/\/institutfrancais.sk\/wp-content\/uploads\/2022\/01\/LOGO-TV5MONDE-digita\u0301l-modre\u0301-300x104.png\" alt=\"\"width=\"100%\"\"><\/picture><\/div><div class=\"img\"><picture><source srcset=\"https:\/\/institutfrancais.sk\/wp-content\/uploads\/2020\/01\/635px-France24-300x283.png\" type=\"image\/jpeg\"><img decoding=\"async\" src=\"https:\/\/institutfrancais.sk\/wp-content\/uploads\/2020\/01\/635px-France24-300x283.png\" alt=\"\"width=\"100%\"\"><\/picture><\/div><\/div><\/div><\/div><\/div><\/div><\/div><div class=\"wrap narrow-wrap\">\n\n<div class=\"space sm\"><\/div>\n\n\n<h2 class=\"wp-block-heading\">Liens utiles <\/h2>\n\n\n<div class=\"space xs\"><\/div>\n\n<a href=\"https:\/\/www.facebook.com\/dnifrankofonie\" class=\"btn btn-blue-invert\" target=\"blank\" rel=\"noreferrer noopener\">Suivez-nous sur Facebook<\/a>\n\n<div class=\"space xs\"><\/div>","protected":false},"featured_media":39022,"template":"","typ-podujatia":[],"acf":[],"yoast_head":"<!-- This site is optimized with the Yoast SEO plugin v24.5 - https:\/\/yoast.com\/wordpress\/plugins\/seo\/ -->\n<title>Mois de la francophonie 2026 - Franc\u00fazsky in\u0161tit\u00fat na Slovensku<\/title>\n<meta name=\"robots\" content=\"index, follow, max-snippet:-1, max-image-preview:large, max-video-preview:-1\" \/>\n<link rel=\"canonical\" href=\"https:\/\/institutfrancais.sk\/fr\/podujatie\/mois-de-la-francophonie\/\" \/>\n<meta property=\"og:locale\" content=\"fr_FR\" \/>\n<meta property=\"og:type\" content=\"article\" \/>\n<meta property=\"og:title\" content=\"Mois de la francophonie 2026 - Franc\u00fazsky in\u0161tit\u00fat na Slovensku\" \/>\n<meta property=\"og:description\" content=\"Femmes en francophonie Ch\u00e8res et chers francophones, ch\u00e8res et chers francophiles, Comme chaque ann\u00e9e, nous f\u00eatons la francophonie au mois de mars ! La Francophonie est un v\u00e9ritable pont entre les cultures port\u00e9 par la langue fran\u00e7aise. Pr\u00e9sente sur tous les continents, elle rassemble aujourd\u2019hui plus de 348 millions de locuteurs \u00e0 travers le monde. [&hellip;]\" \/>\n<meta property=\"og:url\" content=\"https:\/\/institutfrancais.sk\/fr\/podujatie\/mois-de-la-francophonie\/\" \/>\n<meta property=\"og:site_name\" content=\"Franc\u00fazsky in\u0161tit\u00fat na Slovensku\" \/>\n<meta property=\"article:modified_time\" content=\"2026-03-06T16:27:06+00:00\" \/>\n<meta property=\"og:image\" content=\"https:\/\/institutfrancais.sk\/wp-content\/uploads\/2026\/03\/Francophonie-2026-Webova-lokalita-scaled.jpg\" \/>\n\t<meta property=\"og:image:width\" content=\"2560\" \/>\n\t<meta property=\"og:image:height\" content=\"1439\" \/>\n\t<meta property=\"og:image:type\" content=\"image\/jpeg\" \/>\n<meta name=\"twitter:card\" content=\"summary_large_image\" \/>\n<meta name=\"twitter:label1\" content=\"Dur\u00e9e de lecture estim\u00e9e\" \/>\n\t<meta name=\"twitter:data1\" content=\"3 minutes\" \/>\n<script type=\"application\/ld+json\" class=\"yoast-schema-graph\">{\"@context\":\"https:\/\/schema.org\",\"@graph\":[{\"@type\":\"WebPage\",\"@id\":\"https:\/\/institutfrancais.sk\/fr\/podujatie\/mois-de-la-francophonie\/\",\"url\":\"https:\/\/institutfrancais.sk\/fr\/podujatie\/mois-de-la-francophonie\/\",\"name\":\"Mois de la francophonie 2026 - Franc\u00fazsky in\u0161tit\u00fat na Slovensku\",\"isPartOf\":{\"@id\":\"https:\/\/institutfrancais.sk\/fr\/#website\"},\"primaryImageOfPage\":{\"@id\":\"https:\/\/institutfrancais.sk\/fr\/podujatie\/mois-de-la-francophonie\/#primaryimage\"},\"image\":{\"@id\":\"https:\/\/institutfrancais.sk\/fr\/podujatie\/mois-de-la-francophonie\/#primaryimage\"},\"thumbnailUrl\":\"https:\/\/institutfrancais.sk\/wp-content\/uploads\/2026\/03\/Francophonie-2026-Webova-lokalita-scaled.jpg\",\"datePublished\":\"2026-01-15T08:29:40+00:00\",\"dateModified\":\"2026-03-06T16:27:06+00:00\",\"breadcrumb\":{\"@id\":\"https:\/\/institutfrancais.sk\/fr\/podujatie\/mois-de-la-francophonie\/#breadcrumb\"},\"inLanguage\":\"fr-FR\",\"potentialAction\":[{\"@type\":\"ReadAction\",\"target\":[\"https:\/\/institutfrancais.sk\/fr\/podujatie\/mois-de-la-francophonie\/\"]}]},{\"@type\":\"ImageObject\",\"inLanguage\":\"fr-FR\",\"@id\":\"https:\/\/institutfrancais.sk\/fr\/podujatie\/mois-de-la-francophonie\/#primaryimage\",\"url\":\"https:\/\/institutfrancais.sk\/wp-content\/uploads\/2026\/03\/Francophonie-2026-Webova-lokalita-scaled.jpg\",\"contentUrl\":\"https:\/\/institutfrancais.sk\/wp-content\/uploads\/2026\/03\/Francophonie-2026-Webova-lokalita-scaled.jpg\",\"width\":2560,\"height\":1439},{\"@type\":\"BreadcrumbList\",\"@id\":\"https:\/\/institutfrancais.sk\/fr\/podujatie\/mois-de-la-francophonie\/#breadcrumb\",\"itemListElement\":[{\"@type\":\"ListItem\",\"position\":1,\"name\":\"Home\",\"item\":\"https:\/\/institutfrancais.sk\/fr\/\"},{\"@type\":\"ListItem\",\"position\":2,\"name\":\"Events\",\"item\":\"https:\/\/institutfrancais.sk\/fr\/podujatie\/\"},{\"@type\":\"ListItem\",\"position\":3,\"name\":\"Mois de la francophonie 2026\"}]},{\"@type\":\"WebSite\",\"@id\":\"https:\/\/institutfrancais.sk\/fr\/#website\",\"url\":\"https:\/\/institutfrancais.sk\/fr\/\",\"name\":\"Franc\u00fazsky in\u0161tit\u00fat na Slovensku\",\"description\":\"Franc\u00fazsky in\u0161tit\u00fat na Slovensku\",\"potentialAction\":[{\"@type\":\"SearchAction\",\"target\":{\"@type\":\"EntryPoint\",\"urlTemplate\":\"https:\/\/institutfrancais.sk\/fr\/?s={search_term_string}\"},\"query-input\":{\"@type\":\"PropertyValueSpecification\",\"valueRequired\":true,\"valueName\":\"search_term_string\"}}],\"inLanguage\":\"fr-FR\"}]}<\/script>\n<!-- \/ Yoast SEO plugin. -->","yoast_head_json":{"title":"Mois de la francophonie 2026 - Franc\u00fazsky in\u0161tit\u00fat na Slovensku","robots":{"index":"index","follow":"follow","max-snippet":"max-snippet:-1","max-image-preview":"max-image-preview:large","max-video-preview":"max-video-preview:-1"},"canonical":"https:\/\/institutfrancais.sk\/fr\/podujatie\/mois-de-la-francophonie\/","og_locale":"fr_FR","og_type":"article","og_title":"Mois de la francophonie 2026 - Franc\u00fazsky in\u0161tit\u00fat na Slovensku","og_description":"Femmes en francophonie Ch\u00e8res et chers francophones, ch\u00e8res et chers francophiles, Comme chaque ann\u00e9e, nous f\u00eatons la francophonie au mois de mars ! La Francophonie est un v\u00e9ritable pont entre les cultures port\u00e9 par la langue fran\u00e7aise. Pr\u00e9sente sur tous les continents, elle rassemble aujourd\u2019hui plus de 348 millions de locuteurs \u00e0 travers le monde. [&hellip;]","og_url":"https:\/\/institutfrancais.sk\/fr\/podujatie\/mois-de-la-francophonie\/","og_site_name":"Franc\u00fazsky in\u0161tit\u00fat na Slovensku","article_modified_time":"2026-03-06T16:27:06+00:00","og_image":[{"width":2560,"height":1439,"url":"https:\/\/institutfrancais.sk\/wp-content\/uploads\/2026\/03\/Francophonie-2026-Webova-lokalita-scaled.jpg","type":"image\/jpeg"}],"twitter_card":"summary_large_image","twitter_misc":{"Dur\u00e9e de lecture estim\u00e9e":"3 minutes"},"schema":{"@context":"https:\/\/schema.org","@graph":[{"@type":"WebPage","@id":"https:\/\/institutfrancais.sk\/fr\/podujatie\/mois-de-la-francophonie\/","url":"https:\/\/institutfrancais.sk\/fr\/podujatie\/mois-de-la-francophonie\/","name":"Mois de la francophonie 2026 - Franc\u00fazsky in\u0161tit\u00fat na Slovensku","isPartOf":{"@id":"https:\/\/institutfrancais.sk\/fr\/#website"},"primaryImageOfPage":{"@id":"https:\/\/institutfrancais.sk\/fr\/podujatie\/mois-de-la-francophonie\/#primaryimage"},"image":{"@id":"https:\/\/institutfrancais.sk\/fr\/podujatie\/mois-de-la-francophonie\/#primaryimage"},"thumbnailUrl":"https:\/\/institutfrancais.sk\/wp-content\/uploads\/2026\/03\/Francophonie-2026-Webova-lokalita-scaled.jpg","datePublished":"2026-01-15T08:29:40+00:00","dateModified":"2026-03-06T16:27:06+00:00","breadcrumb":{"@id":"https:\/\/institutfrancais.sk\/fr\/podujatie\/mois-de-la-francophonie\/#breadcrumb"},"inLanguage":"fr-FR","potentialAction":[{"@type":"ReadAction","target":["https:\/\/institutfrancais.sk\/fr\/podujatie\/mois-de-la-francophonie\/"]}]},{"@type":"ImageObject","inLanguage":"fr-FR","@id":"https:\/\/institutfrancais.sk\/fr\/podujatie\/mois-de-la-francophonie\/#primaryimage","url":"https:\/\/institutfrancais.sk\/wp-content\/uploads\/2026\/03\/Francophonie-2026-Webova-lokalita-scaled.jpg","contentUrl":"https:\/\/institutfrancais.sk\/wp-content\/uploads\/2026\/03\/Francophonie-2026-Webova-lokalita-scaled.jpg","width":2560,"height":1439},{"@type":"BreadcrumbList","@id":"https:\/\/institutfrancais.sk\/fr\/podujatie\/mois-de-la-francophonie\/#breadcrumb","itemListElement":[{"@type":"ListItem","position":1,"name":"Home","item":"https:\/\/institutfrancais.sk\/fr\/"},{"@type":"ListItem","position":2,"name":"Events","item":"https:\/\/institutfrancais.sk\/fr\/podujatie\/"},{"@type":"ListItem","position":3,"name":"Mois de la francophonie 2026"}]},{"@type":"WebSite","@id":"https:\/\/institutfrancais.sk\/fr\/#website","url":"https:\/\/institutfrancais.sk\/fr\/","name":"Franc\u00fazsky in\u0161tit\u00fat na Slovensku","description":"Franc\u00fazsky in\u0161tit\u00fat na Slovensku","potentialAction":[{"@type":"SearchAction","target":{"@type":"EntryPoint","urlTemplate":"https:\/\/institutfrancais.sk\/fr\/?s={search_term_string}"},"query-input":{"@type":"PropertyValueSpecification","valueRequired":true,"valueName":"search_term_string"}}],"inLanguage":"fr-FR"}]}},"_links":{"self":[{"href":"https:\/\/institutfrancais.sk\/fr\/wp-json\/wp\/v2\/podujatie\/38399"}],"collection":[{"href":"https:\/\/institutfrancais.sk\/fr\/wp-json\/wp\/v2\/podujatie"}],"about":[{"href":"https:\/\/institutfrancais.sk\/fr\/wp-json\/wp\/v2\/types\/podujatie"}],"wp:featuredmedia":[{"embeddable":true,"href":"https:\/\/institutfrancais.sk\/fr\/wp-json\/wp\/v2\/media\/39022"}],"wp:attachment":[{"href":"https:\/\/institutfrancais.sk\/fr\/wp-json\/wp\/v2\/media?parent=38399"}],"wp:term":[{"taxonomy":"typ-podujatia","embeddable":true,"href":"https:\/\/institutfrancais.sk\/fr\/wp-json\/wp\/v2\/typ-podujatia?post=38399"}],"curies":[{"name":"wp","href":"https:\/\/api.w.org\/{rel}","templated":true}]}}