{"id":38875,"date":"2026-02-27T16:14:31","date_gmt":"2026-02-27T15:14:31","guid":{"rendered":"https:\/\/institutfrancais.sk\/podujatie\/antonin-bergeaud\/"},"modified":"2026-03-20T16:46:51","modified_gmt":"2026-03-20T15:46:51","slug":"antonin-bergeaud","status":"publish","type":"podujatie","link":"https:\/\/institutfrancais.sk\/fr\/podujatie\/antonin-bergeaud\/","title":{"rendered":"Conf\u00e9rence d&rsquo;Antonin Bergeaud"},"content":{"rendered":"\n<p>Dans le cadre du cycle \u00ab&nbsp;Saisons internationales&nbsp;\u00bb de l\u2019Institut fran\u00e7ais de Slovaquie, Monsieur&nbsp;<strong>Antonin Bergeaud<\/strong>, professeur asoci\u00e9 \u00e0 HEC Paris et prix du Meilleur jeune \u00e9conomiste Le Monde en 2025, donnera une conf\u00e9rence en anglais sur le th\u00e8me <strong>\u00ab\u00a0<em>What is the future of European productivity ?<\/em>\u00ab\u00a0<\/strong>. L\u2019\u00e9v\u00e8nement est organis\u00e9e en coop\u00e9ration avec la facult\u00e9 de Relations internationales de l\u2019Universit\u00e9 d&rsquo;\u00c9conomie \u00e0 Bratislava.<\/p>\n\n\n\n<p><strong>Date :<\/strong>\u00a0le mercredi\u00a025 mars 2026<br><strong>Heure :<\/strong>\u00a011h00<br><strong>Lieu :<\/strong>\u00a0Salle B1.05, Rectorat de l&rsquo;Universit\u00e9 d&rsquo;\u00c9conomie de Bratislava, Dolnozemsk\u00e1 cesta 1<br>E<strong>ntr\u00e9e libre<\/strong> dans la limite des places disponibles. Inscription pr\u00e9alable obligatoire\u00a0: <a href=\"https:\/\/forms.cloud.microsoft\/pages\/responsepage.aspx?id=fsX81NYc2kixyn8Z8eKzrM3aB6_hTNFPm1JBZszCidVUM0ZTT1dKTzZIQzdCN1VHVUVSSFpNUUZPTC4u&amp;route=shorturl\">Inscription<\/a><\/p>\n\n\n\n<p>Antonin Bergeaud est professeur associ\u00e9 en \u00e9conomie \u00e0 HEC Paris. Il est sp\u00e9cialiste de la croissance \u00e9conomique, de la productivit\u00e9, de l&rsquo;innovation et des effets du changement technologiques sur l\u2019\u00e9conomie et le march\u00e9 du travail.<\/p>\n\n\n\n<p>Il est \u00e9galement chercheur associ\u00e9 au CEPR, au&nbsp;<em>Centre for Economic Performance<\/em>&nbsp;de la London School of Economics et \u00e0 la chaire \u00c9conomie des institutions, de l&rsquo;innovation et de la croissance du Coll\u00e8ge de France. Il a&nbsp;co\u00e9crit le livre Le bel avenir de la croissance :&nbsp;<em>Le\u00e7ons du XX\u00e8me si\u00e8cle pour le futur<\/em>&nbsp;(OJ Economie, 2018).<\/p>\n\n\n\n<p>En 2025, il re\u00e7oit le Prix du meilleur jeune \u00e9conomiste fran\u00e7ais d\u00e9cern\u00e9 par le journal Le Monde et le Cercle des \u00e9conomistes.<\/p>\n\n\n\n<p>Nous esp\u00e9rons vous voir nombreux pour cet \u00e9v\u00e9nement de r\u00e9flexion et de discussion sur l\u2019avenir de l&rsquo;\u00e9conomie europ\u00e9enne !<\/p>\n","protected":false},"featured_media":39124,"template":"","typ-podujatia":[53],"acf":[],"yoast_head":"<!-- This site is optimized with the Yoast SEO plugin v24.5 - https:\/\/yoast.com\/wordpress\/plugins\/seo\/ -->\n<title>Conf\u00e9rence d&#039;Antonin Bergeaud - Franc\u00fazsky in\u0161tit\u00fat na Slovensku<\/title>\n<meta name=\"robots\" content=\"index, follow, max-snippet:-1, max-image-preview:large, max-video-preview:-1\" \/>\n<link rel=\"canonical\" href=\"https:\/\/institutfrancais.sk\/fr\/podujatie\/antonin-bergeaud\/\" \/>\n<meta property=\"og:locale\" content=\"fr_FR\" \/>\n<meta property=\"og:type\" content=\"article\" \/>\n<meta property=\"og:title\" content=\"Conf\u00e9rence d&#039;Antonin Bergeaud - Franc\u00fazsky in\u0161tit\u00fat na Slovensku\" \/>\n<meta property=\"og:description\" content=\"Dans le cadre du cycle \u00ab&nbsp;Saisons internationales&nbsp;\u00bb de l\u2019Institut fran\u00e7ais de Slovaquie, Monsieur&nbsp;Antonin Bergeaud, professeur asoci\u00e9 \u00e0 HEC Paris et prix du Meilleur jeune \u00e9conomiste Le Monde en 2025, donnera une conf\u00e9rence en anglais sur le th\u00e8me \u00ab\u00a0What is the future of European productivity ?\u00ab\u00a0. L\u2019\u00e9v\u00e8nement est organis\u00e9e en coop\u00e9ration avec la facult\u00e9 de Relations [&hellip;]\" \/>\n<meta property=\"og:url\" content=\"https:\/\/institutfrancais.sk\/fr\/podujatie\/antonin-bergeaud\/\" \/>\n<meta property=\"og:site_name\" content=\"Franc\u00fazsky in\u0161tit\u00fat na Slovensku\" \/>\n<meta property=\"article:modified_time\" content=\"2026-03-20T15:46:51+00:00\" \/>\n<meta property=\"og:image\" content=\"https:\/\/institutfrancais.sk\/wp-content\/uploads\/2026\/02\/Conference-Bergeaud-2.png\" \/>\n\t<meta property=\"og:image:width\" content=\"1366\" \/>\n\t<meta property=\"og:image:height\" content=\"768\" \/>\n\t<meta property=\"og:image:type\" content=\"image\/png\" \/>\n<meta name=\"twitter:card\" content=\"summary_large_image\" \/>\n<meta name=\"twitter:label1\" content=\"Dur\u00e9e de lecture estim\u00e9e\" \/>\n\t<meta name=\"twitter:data1\" content=\"2 minutes\" \/>\n<script type=\"application\/ld+json\" class=\"yoast-schema-graph\">{\"@context\":\"https:\/\/schema.org\",\"@graph\":[{\"@type\":\"WebPage\",\"@id\":\"https:\/\/institutfrancais.sk\/fr\/podujatie\/antonin-bergeaud\/\",\"url\":\"https:\/\/institutfrancais.sk\/fr\/podujatie\/antonin-bergeaud\/\",\"name\":\"Conf\u00e9rence d'Antonin Bergeaud - Franc\u00fazsky in\u0161tit\u00fat na Slovensku\",\"isPartOf\":{\"@id\":\"https:\/\/institutfrancais.sk\/fr\/#website\"},\"primaryImageOfPage\":{\"@id\":\"https:\/\/institutfrancais.sk\/fr\/podujatie\/antonin-bergeaud\/#primaryimage\"},\"image\":{\"@id\":\"https:\/\/institutfrancais.sk\/fr\/podujatie\/antonin-bergeaud\/#primaryimage\"},\"thumbnailUrl\":\"https:\/\/institutfrancais.sk\/wp-content\/uploads\/2026\/02\/Conference-Bergeaud-2.png\",\"datePublished\":\"2026-02-27T15:14:31+00:00\",\"dateModified\":\"2026-03-20T15:46:51+00:00\",\"breadcrumb\":{\"@id\":\"https:\/\/institutfrancais.sk\/fr\/podujatie\/antonin-bergeaud\/#breadcrumb\"},\"inLanguage\":\"fr-FR\",\"potentialAction\":[{\"@type\":\"ReadAction\",\"target\":[\"https:\/\/institutfrancais.sk\/fr\/podujatie\/antonin-bergeaud\/\"]}]},{\"@type\":\"ImageObject\",\"inLanguage\":\"fr-FR\",\"@id\":\"https:\/\/institutfrancais.sk\/fr\/podujatie\/antonin-bergeaud\/#primaryimage\",\"url\":\"https:\/\/institutfrancais.sk\/wp-content\/uploads\/2026\/02\/Conference-Bergeaud-2.png\",\"contentUrl\":\"https:\/\/institutfrancais.sk\/wp-content\/uploads\/2026\/02\/Conference-Bergeaud-2.png\",\"width\":1366,\"height\":768},{\"@type\":\"BreadcrumbList\",\"@id\":\"https:\/\/institutfrancais.sk\/fr\/podujatie\/antonin-bergeaud\/#breadcrumb\",\"itemListElement\":[{\"@type\":\"ListItem\",\"position\":1,\"name\":\"Home\",\"item\":\"https:\/\/institutfrancais.sk\/fr\/\"},{\"@type\":\"ListItem\",\"position\":2,\"name\":\"Events\",\"item\":\"https:\/\/institutfrancais.sk\/fr\/podujatie\/\"},{\"@type\":\"ListItem\",\"position\":3,\"name\":\"Conf\u00e9rence d&#8217;Antonin Bergeaud\"}]},{\"@type\":\"WebSite\",\"@id\":\"https:\/\/institutfrancais.sk\/fr\/#website\",\"url\":\"https:\/\/institutfrancais.sk\/fr\/\",\"name\":\"Franc\u00fazsky in\u0161tit\u00fat na Slovensku\",\"description\":\"Franc\u00fazsky in\u0161tit\u00fat na Slovensku\",\"potentialAction\":[{\"@type\":\"SearchAction\",\"target\":{\"@type\":\"EntryPoint\",\"urlTemplate\":\"https:\/\/institutfrancais.sk\/fr\/?s={search_term_string}\"},\"query-input\":{\"@type\":\"PropertyValueSpecification\",\"valueRequired\":true,\"valueName\":\"search_term_string\"}}],\"inLanguage\":\"fr-FR\"}]}<\/script>\n<!-- \/ Yoast SEO plugin. -->","yoast_head_json":{"title":"Conf\u00e9rence d'Antonin Bergeaud - Franc\u00fazsky in\u0161tit\u00fat na Slovensku","robots":{"index":"index","follow":"follow","max-snippet":"max-snippet:-1","max-image-preview":"max-image-preview:large","max-video-preview":"max-video-preview:-1"},"canonical":"https:\/\/institutfrancais.sk\/fr\/podujatie\/antonin-bergeaud\/","og_locale":"fr_FR","og_type":"article","og_title":"Conf\u00e9rence d'Antonin Bergeaud - Franc\u00fazsky in\u0161tit\u00fat na Slovensku","og_description":"Dans le cadre du cycle \u00ab&nbsp;Saisons internationales&nbsp;\u00bb de l\u2019Institut fran\u00e7ais de Slovaquie, Monsieur&nbsp;Antonin Bergeaud, professeur asoci\u00e9 \u00e0 HEC Paris et prix du Meilleur jeune \u00e9conomiste Le Monde en 2025, donnera une conf\u00e9rence en anglais sur le th\u00e8me \u00ab\u00a0What is the future of European productivity ?\u00ab\u00a0. L\u2019\u00e9v\u00e8nement est organis\u00e9e en coop\u00e9ration avec la facult\u00e9 de Relations [&hellip;]","og_url":"https:\/\/institutfrancais.sk\/fr\/podujatie\/antonin-bergeaud\/","og_site_name":"Franc\u00fazsky in\u0161tit\u00fat na Slovensku","article_modified_time":"2026-03-20T15:46:51+00:00","og_image":[{"width":1366,"height":768,"url":"https:\/\/institutfrancais.sk\/wp-content\/uploads\/2026\/02\/Conference-Bergeaud-2.png","type":"image\/png"}],"twitter_card":"summary_large_image","twitter_misc":{"Dur\u00e9e de lecture estim\u00e9e":"2 minutes"},"schema":{"@context":"https:\/\/schema.org","@graph":[{"@type":"WebPage","@id":"https:\/\/institutfrancais.sk\/fr\/podujatie\/antonin-bergeaud\/","url":"https:\/\/institutfrancais.sk\/fr\/podujatie\/antonin-bergeaud\/","name":"Conf\u00e9rence d'Antonin Bergeaud - Franc\u00fazsky in\u0161tit\u00fat na Slovensku","isPartOf":{"@id":"https:\/\/institutfrancais.sk\/fr\/#website"},"primaryImageOfPage":{"@id":"https:\/\/institutfrancais.sk\/fr\/podujatie\/antonin-bergeaud\/#primaryimage"},"image":{"@id":"https:\/\/institutfrancais.sk\/fr\/podujatie\/antonin-bergeaud\/#primaryimage"},"thumbnailUrl":"https:\/\/institutfrancais.sk\/wp-content\/uploads\/2026\/02\/Conference-Bergeaud-2.png","datePublished":"2026-02-27T15:14:31+00:00","dateModified":"2026-03-20T15:46:51+00:00","breadcrumb":{"@id":"https:\/\/institutfrancais.sk\/fr\/podujatie\/antonin-bergeaud\/#breadcrumb"},"inLanguage":"fr-FR","potentialAction":[{"@type":"ReadAction","target":["https:\/\/institutfrancais.sk\/fr\/podujatie\/antonin-bergeaud\/"]}]},{"@type":"ImageObject","inLanguage":"fr-FR","@id":"https:\/\/institutfrancais.sk\/fr\/podujatie\/antonin-bergeaud\/#primaryimage","url":"https:\/\/institutfrancais.sk\/wp-content\/uploads\/2026\/02\/Conference-Bergeaud-2.png","contentUrl":"https:\/\/institutfrancais.sk\/wp-content\/uploads\/2026\/02\/Conference-Bergeaud-2.png","width":1366,"height":768},{"@type":"BreadcrumbList","@id":"https:\/\/institutfrancais.sk\/fr\/podujatie\/antonin-bergeaud\/#breadcrumb","itemListElement":[{"@type":"ListItem","position":1,"name":"Home","item":"https:\/\/institutfrancais.sk\/fr\/"},{"@type":"ListItem","position":2,"name":"Events","item":"https:\/\/institutfrancais.sk\/fr\/podujatie\/"},{"@type":"ListItem","position":3,"name":"Conf\u00e9rence d&#8217;Antonin Bergeaud"}]},{"@type":"WebSite","@id":"https:\/\/institutfrancais.sk\/fr\/#website","url":"https:\/\/institutfrancais.sk\/fr\/","name":"Franc\u00fazsky in\u0161tit\u00fat na Slovensku","description":"Franc\u00fazsky in\u0161tit\u00fat na Slovensku","potentialAction":[{"@type":"SearchAction","target":{"@type":"EntryPoint","urlTemplate":"https:\/\/institutfrancais.sk\/fr\/?s={search_term_string}"},"query-input":{"@type":"PropertyValueSpecification","valueRequired":true,"valueName":"search_term_string"}}],"inLanguage":"fr-FR"}]}},"_links":{"self":[{"href":"https:\/\/institutfrancais.sk\/fr\/wp-json\/wp\/v2\/podujatie\/38875"}],"collection":[{"href":"https:\/\/institutfrancais.sk\/fr\/wp-json\/wp\/v2\/podujatie"}],"about":[{"href":"https:\/\/institutfrancais.sk\/fr\/wp-json\/wp\/v2\/types\/podujatie"}],"wp:featuredmedia":[{"embeddable":true,"href":"https:\/\/institutfrancais.sk\/fr\/wp-json\/wp\/v2\/media\/39124"}],"wp:attachment":[{"href":"https:\/\/institutfrancais.sk\/fr\/wp-json\/wp\/v2\/media?parent=38875"}],"wp:term":[{"taxonomy":"typ-podujatia","embeddable":true,"href":"https:\/\/institutfrancais.sk\/fr\/wp-json\/wp\/v2\/typ-podujatia?post=38875"}],"curies":[{"name":"wp","href":"https:\/\/api.w.org\/{rel}","templated":true}]}}