{"id":38879,"date":"2026-02-27T16:19:06","date_gmt":"2026-02-27T15:19:06","guid":{"rendered":"https:\/\/institutfrancais.sk\/podujatie\/tandem\/"},"modified":"2026-03-06T15:21:05","modified_gmt":"2026-03-06T14:21:05","slug":"tandem","status":"publish","type":"podujatie","link":"https:\/\/institutfrancais.sk\/fr\/podujatie\/tandem\/","title":{"rendered":"Lancement du projet Tandem | Sans colonies, colonial malgr\u00e9 tout ?"},"content":{"rendered":"\n<h4 class=\"wp-block-heading\"><em><strong>L\u2019histoire (tch\u00e9co)slovaque et l\u2019empire colonial fran\u00e7ais en Afrique (XVIIIe\u2013d\u00e9but XXe si\u00e8cle)<\/strong><\/em><\/h4>\n\n\n\n<p><em><strong>Lancement du&nbsp;<a href=\"https:\/\/cefres.cz\/fr\/sans-colonies-colonial-malgre-tout\/\" target=\"_blank\" rel=\"noreferrer noopener\">projet TANDEM<\/a>&nbsp;men\u00e9&nbsp;dans le cadre du&nbsp;<a href=\"https:\/\/cefres.cz\/fr\/23680\">TANDEM CNRS-SAV<\/a>&nbsp;d\u00e9velopp\u00e9 par l\u2019Acad\u00e9mie slovaque des sciences (<a href=\"https:\/\/www.sav.sk\/?lang=en\">SAV<\/a>),&nbsp;<a href=\"https:\/\/institutfrancais.sk\/fr\/\">l\u2019<\/a><a href=\"https:\/\/institutfrancais.sk\/fr\/\">Institut fran\u00e7ais de Slovaquie<\/a>,&nbsp;le CNRS Sciences humaines &amp;&nbsp;sociales (<a href=\"https:\/\/www.inshs.cnrs.fr\/fr\">CNRS SHS<\/a>) et le&nbsp;<a href=\"https:\/\/cefres.cz\/fr\/cefres-2\">CEFRES<\/a>.<\/strong><\/em><\/p>\n\n\n\n<p><strong>Date :\u00a0<\/strong>mardi, 10 mars 2026 | 9&nbsp;h 30<br><strong>Lieu :\u00a0<\/strong>Univerzitn\u00e1 kni\u017enica v&nbsp;Bratislave, Klarisk\u00e1 5, Bratislava<br><strong>Entr\u00e9e libre<\/strong> dans la limite des places disponibles.<em><br><\/em><strong>Langue<\/strong>\u00a0: anglais<\/p>\n\n\n\n<p><strong>Chercheurs principaux du projet :<br><\/strong><a href=\"https:\/\/cefres.cz\/fr\/silvester-trnovec-recherche-cv\/\" target=\"_blank\" rel=\"noreferrer noopener\"><strong>Silvester TRNOVEC<\/strong><\/a>&nbsp;(Institut des \u00e9tudes orientales, SAV \/ CEFRES)<br><a href=\"https:\/\/cefres.cz\/fr\/romain-tiquet-recherche-cv\/\" target=\"_blank\" rel=\"noreferrer noopener\"><strong>Romain TIQUET<\/strong><\/a>&nbsp;(Institut des mondes africains, CNRS \/ CEFRES)<\/p>\n\n\n\n<p><strong>Programme<\/strong><\/p>\n\n\n\n<p><strong>9h \u2013 9h30 | Accueil des participant\u00b7e\u00b7s<\/strong><\/p>\n\n\n\n<p><strong>9h30 \u2013 10h15 | Session d\u2019ouverture officielle<\/strong><\/p>\n\n\n\n<p><strong>Allocutions institutionnelles<br><\/strong>SEM l\u2019Ambassadeur de France en Slovaquie, Nicolas SURAN<br>William BERTHOMI\u00c9RE (Directeur Europe et international, CNRS SHS)<br>Zuzana PANCZOV\u00c1 (Vice Presidente&nbsp;des relations internationales, SAV)<br>Mateusz CHMURSKI (Directeur du CEFRES)<br>Gabirel PIRICK\u00dd (Directeur adjoint de l\u2019Institut d\u2019\u00e9tudes orientales, SAV)<\/p>\n\n\n\n<p><strong>10h15 \u2013 10h45 | Pr\u00e9sentation du projet<\/strong><\/p>\n\n\n\n<p>Silvester TRNOVEC (SAV)<br>Romain TIQUET (CNRS)<\/p>\n\n\n\n<p>10h45 \u2013 11h00<em>&nbsp;| Pause caf\u00e9<\/em><\/p>\n\n\n\n<p><strong>11h00 \u2013 12h20 | Workshop scientifique<br><\/strong>Moderation: Romain TIQUET<\/p>\n\n\n\n<p><strong>Intervenant.e.s<\/strong><br>Jana KANTO\u0158\u00cdKOV\u00c1 (EUR\u2019ORBEM Sorbonne universit\u00e9 \/ CNRS)<br><em>Domestication of colonial imagery in the Czech lands<\/em><\/p>\n\n\n\n<p>Zolt\u00e1n GINELLI (Institut des \u00e9tudes orientales, SAV)<br><em>Colonialism Without Colonies. Hungarians in the \u201cScramble for Africa\u201d<\/em><\/p>\n\n\n\n<p>Piotr PUCHALSKI (Universit\u00e9 de p\u00e9dagogie \u00ab Commission de l\u2019\u00c9ducation nationale \u00bb de Cracovie)<br><em>An Impossible Alliance? Promethean Colonialism and the Aborted Polish-French Partnership in Africa during the Interwar Period<\/em><\/p>\n\n\n\n<p>Barbora BUZ\u00c1SSYOV\u00c1 (Institut d\u2019histoire, SAV)<br><em>Addressing Colonialism and Coloniality in State-Curated Popular Culture in socialist Czechoslovakia<\/em><\/p>\n\n\n\n<p><strong>12h20 \u2013 12h45 | Discussion g\u00e9n\u00e9rale et conclusions<\/strong><\/p>\n\n\n\n<p><em>Vous trouverez la description enti\u00e8re du projet&nbsp;<a href=\"https:\/\/cefres.cz\/fr\/sans-colonies-colonial-malgre-tout\/\" target=\"_blank\" rel=\"noreferrer noopener\">ici.<\/a><\/em><\/p>\n","protected":false},"featured_media":38978,"template":"","typ-podujatia":[],"acf":[],"yoast_head":"<!-- This site is optimized with the Yoast SEO plugin v24.5 - https:\/\/yoast.com\/wordpress\/plugins\/seo\/ -->\n<title>Lancement du projet Tandem | Sans colonies, colonial malgr\u00e9 tout ? - Franc\u00fazsky in\u0161tit\u00fat na Slovensku<\/title>\n<meta name=\"robots\" content=\"index, follow, max-snippet:-1, max-image-preview:large, max-video-preview:-1\" \/>\n<link rel=\"canonical\" href=\"https:\/\/institutfrancais.sk\/fr\/podujatie\/tandem\/\" \/>\n<meta property=\"og:locale\" content=\"fr_FR\" \/>\n<meta property=\"og:type\" content=\"article\" \/>\n<meta property=\"og:title\" content=\"Lancement du projet Tandem | Sans colonies, colonial malgr\u00e9 tout ? - Franc\u00fazsky in\u0161tit\u00fat na Slovensku\" \/>\n<meta property=\"og:description\" content=\"L\u2019histoire (tch\u00e9co)slovaque et l\u2019empire colonial fran\u00e7ais en Afrique (XVIIIe\u2013d\u00e9but XXe si\u00e8cle) Lancement du&nbsp;projet TANDEM&nbsp;men\u00e9&nbsp;dans le cadre du&nbsp;TANDEM CNRS-SAV&nbsp;d\u00e9velopp\u00e9 par l\u2019Acad\u00e9mie slovaque des sciences (SAV),&nbsp;l\u2019Institut fran\u00e7ais de Slovaquie,&nbsp;le CNRS Sciences humaines &amp;&nbsp;sociales (CNRS SHS) et le&nbsp;CEFRES. Date :\u00a0mardi, 10 mars 2026 | 9&nbsp;h 30Lieu :\u00a0Univerzitn\u00e1 kni\u017enica v&nbsp;Bratislave, Klarisk\u00e1 5, BratislavaEntr\u00e9e libre dans la limite des places [&hellip;]\" \/>\n<meta property=\"og:url\" content=\"https:\/\/institutfrancais.sk\/fr\/podujatie\/tandem\/\" \/>\n<meta property=\"og:site_name\" content=\"Franc\u00fazsky in\u0161tit\u00fat na Slovensku\" \/>\n<meta property=\"article:modified_time\" content=\"2026-03-06T14:21:05+00:00\" \/>\n<meta property=\"og:image\" content=\"https:\/\/institutfrancais.sk\/wp-content\/uploads\/2026\/02\/Affiche-Tandem-mars26.pdf-Site-Web.png\" \/>\n\t<meta property=\"og:image:width\" content=\"1366\" \/>\n\t<meta property=\"og:image:height\" content=\"768\" \/>\n\t<meta property=\"og:image:type\" content=\"image\/png\" \/>\n<meta name=\"twitter:card\" content=\"summary_large_image\" \/>\n<meta name=\"twitter:label1\" content=\"Dur\u00e9e de lecture estim\u00e9e\" \/>\n\t<meta name=\"twitter:data1\" content=\"2 minutes\" \/>\n<script type=\"application\/ld+json\" class=\"yoast-schema-graph\">{\"@context\":\"https:\/\/schema.org\",\"@graph\":[{\"@type\":\"WebPage\",\"@id\":\"https:\/\/institutfrancais.sk\/fr\/podujatie\/tandem\/\",\"url\":\"https:\/\/institutfrancais.sk\/fr\/podujatie\/tandem\/\",\"name\":\"Lancement du projet Tandem | Sans colonies, colonial malgr\u00e9 tout ? - Franc\u00fazsky in\u0161tit\u00fat na Slovensku\",\"isPartOf\":{\"@id\":\"https:\/\/institutfrancais.sk\/fr\/#website\"},\"primaryImageOfPage\":{\"@id\":\"https:\/\/institutfrancais.sk\/fr\/podujatie\/tandem\/#primaryimage\"},\"image\":{\"@id\":\"https:\/\/institutfrancais.sk\/fr\/podujatie\/tandem\/#primaryimage\"},\"thumbnailUrl\":\"https:\/\/institutfrancais.sk\/wp-content\/uploads\/2026\/02\/Affiche-Tandem-mars26.pdf-Site-Web.png\",\"datePublished\":\"2026-02-27T15:19:06+00:00\",\"dateModified\":\"2026-03-06T14:21:05+00:00\",\"breadcrumb\":{\"@id\":\"https:\/\/institutfrancais.sk\/fr\/podujatie\/tandem\/#breadcrumb\"},\"inLanguage\":\"fr-FR\",\"potentialAction\":[{\"@type\":\"ReadAction\",\"target\":[\"https:\/\/institutfrancais.sk\/fr\/podujatie\/tandem\/\"]}]},{\"@type\":\"ImageObject\",\"inLanguage\":\"fr-FR\",\"@id\":\"https:\/\/institutfrancais.sk\/fr\/podujatie\/tandem\/#primaryimage\",\"url\":\"https:\/\/institutfrancais.sk\/wp-content\/uploads\/2026\/02\/Affiche-Tandem-mars26.pdf-Site-Web.png\",\"contentUrl\":\"https:\/\/institutfrancais.sk\/wp-content\/uploads\/2026\/02\/Affiche-Tandem-mars26.pdf-Site-Web.png\",\"width\":1366,\"height\":768},{\"@type\":\"BreadcrumbList\",\"@id\":\"https:\/\/institutfrancais.sk\/fr\/podujatie\/tandem\/#breadcrumb\",\"itemListElement\":[{\"@type\":\"ListItem\",\"position\":1,\"name\":\"Home\",\"item\":\"https:\/\/institutfrancais.sk\/fr\/\"},{\"@type\":\"ListItem\",\"position\":2,\"name\":\"Events\",\"item\":\"https:\/\/institutfrancais.sk\/fr\/podujatie\/\"},{\"@type\":\"ListItem\",\"position\":3,\"name\":\"Lancement du projet Tandem | Sans colonies, colonial malgr\u00e9 tout ?\"}]},{\"@type\":\"WebSite\",\"@id\":\"https:\/\/institutfrancais.sk\/fr\/#website\",\"url\":\"https:\/\/institutfrancais.sk\/fr\/\",\"name\":\"Franc\u00fazsky in\u0161tit\u00fat na Slovensku\",\"description\":\"Franc\u00fazsky in\u0161tit\u00fat na Slovensku\",\"potentialAction\":[{\"@type\":\"SearchAction\",\"target\":{\"@type\":\"EntryPoint\",\"urlTemplate\":\"https:\/\/institutfrancais.sk\/fr\/?s={search_term_string}\"},\"query-input\":{\"@type\":\"PropertyValueSpecification\",\"valueRequired\":true,\"valueName\":\"search_term_string\"}}],\"inLanguage\":\"fr-FR\"}]}<\/script>\n<!-- \/ Yoast SEO plugin. -->","yoast_head_json":{"title":"Lancement du projet Tandem | Sans colonies, colonial malgr\u00e9 tout ? - Franc\u00fazsky in\u0161tit\u00fat na Slovensku","robots":{"index":"index","follow":"follow","max-snippet":"max-snippet:-1","max-image-preview":"max-image-preview:large","max-video-preview":"max-video-preview:-1"},"canonical":"https:\/\/institutfrancais.sk\/fr\/podujatie\/tandem\/","og_locale":"fr_FR","og_type":"article","og_title":"Lancement du projet Tandem | Sans colonies, colonial malgr\u00e9 tout ? - Franc\u00fazsky in\u0161tit\u00fat na Slovensku","og_description":"L\u2019histoire (tch\u00e9co)slovaque et l\u2019empire colonial fran\u00e7ais en Afrique (XVIIIe\u2013d\u00e9but XXe si\u00e8cle) Lancement du&nbsp;projet TANDEM&nbsp;men\u00e9&nbsp;dans le cadre du&nbsp;TANDEM CNRS-SAV&nbsp;d\u00e9velopp\u00e9 par l\u2019Acad\u00e9mie slovaque des sciences (SAV),&nbsp;l\u2019Institut fran\u00e7ais de Slovaquie,&nbsp;le CNRS Sciences humaines &amp;&nbsp;sociales (CNRS SHS) et le&nbsp;CEFRES. Date :\u00a0mardi, 10 mars 2026 | 9&nbsp;h 30Lieu :\u00a0Univerzitn\u00e1 kni\u017enica v&nbsp;Bratislave, Klarisk\u00e1 5, BratislavaEntr\u00e9e libre dans la limite des places [&hellip;]","og_url":"https:\/\/institutfrancais.sk\/fr\/podujatie\/tandem\/","og_site_name":"Franc\u00fazsky in\u0161tit\u00fat na Slovensku","article_modified_time":"2026-03-06T14:21:05+00:00","og_image":[{"width":1366,"height":768,"url":"https:\/\/institutfrancais.sk\/wp-content\/uploads\/2026\/02\/Affiche-Tandem-mars26.pdf-Site-Web.png","type":"image\/png"}],"twitter_card":"summary_large_image","twitter_misc":{"Dur\u00e9e de lecture estim\u00e9e":"2 minutes"},"schema":{"@context":"https:\/\/schema.org","@graph":[{"@type":"WebPage","@id":"https:\/\/institutfrancais.sk\/fr\/podujatie\/tandem\/","url":"https:\/\/institutfrancais.sk\/fr\/podujatie\/tandem\/","name":"Lancement du projet Tandem | Sans colonies, colonial malgr\u00e9 tout ? - Franc\u00fazsky in\u0161tit\u00fat na Slovensku","isPartOf":{"@id":"https:\/\/institutfrancais.sk\/fr\/#website"},"primaryImageOfPage":{"@id":"https:\/\/institutfrancais.sk\/fr\/podujatie\/tandem\/#primaryimage"},"image":{"@id":"https:\/\/institutfrancais.sk\/fr\/podujatie\/tandem\/#primaryimage"},"thumbnailUrl":"https:\/\/institutfrancais.sk\/wp-content\/uploads\/2026\/02\/Affiche-Tandem-mars26.pdf-Site-Web.png","datePublished":"2026-02-27T15:19:06+00:00","dateModified":"2026-03-06T14:21:05+00:00","breadcrumb":{"@id":"https:\/\/institutfrancais.sk\/fr\/podujatie\/tandem\/#breadcrumb"},"inLanguage":"fr-FR","potentialAction":[{"@type":"ReadAction","target":["https:\/\/institutfrancais.sk\/fr\/podujatie\/tandem\/"]}]},{"@type":"ImageObject","inLanguage":"fr-FR","@id":"https:\/\/institutfrancais.sk\/fr\/podujatie\/tandem\/#primaryimage","url":"https:\/\/institutfrancais.sk\/wp-content\/uploads\/2026\/02\/Affiche-Tandem-mars26.pdf-Site-Web.png","contentUrl":"https:\/\/institutfrancais.sk\/wp-content\/uploads\/2026\/02\/Affiche-Tandem-mars26.pdf-Site-Web.png","width":1366,"height":768},{"@type":"BreadcrumbList","@id":"https:\/\/institutfrancais.sk\/fr\/podujatie\/tandem\/#breadcrumb","itemListElement":[{"@type":"ListItem","position":1,"name":"Home","item":"https:\/\/institutfrancais.sk\/fr\/"},{"@type":"ListItem","position":2,"name":"Events","item":"https:\/\/institutfrancais.sk\/fr\/podujatie\/"},{"@type":"ListItem","position":3,"name":"Lancement du projet Tandem | Sans colonies, colonial malgr\u00e9 tout ?"}]},{"@type":"WebSite","@id":"https:\/\/institutfrancais.sk\/fr\/#website","url":"https:\/\/institutfrancais.sk\/fr\/","name":"Franc\u00fazsky in\u0161tit\u00fat na Slovensku","description":"Franc\u00fazsky in\u0161tit\u00fat na Slovensku","potentialAction":[{"@type":"SearchAction","target":{"@type":"EntryPoint","urlTemplate":"https:\/\/institutfrancais.sk\/fr\/?s={search_term_string}"},"query-input":{"@type":"PropertyValueSpecification","valueRequired":true,"valueName":"search_term_string"}}],"inLanguage":"fr-FR"}]}},"_links":{"self":[{"href":"https:\/\/institutfrancais.sk\/fr\/wp-json\/wp\/v2\/podujatie\/38879"}],"collection":[{"href":"https:\/\/institutfrancais.sk\/fr\/wp-json\/wp\/v2\/podujatie"}],"about":[{"href":"https:\/\/institutfrancais.sk\/fr\/wp-json\/wp\/v2\/types\/podujatie"}],"wp:featuredmedia":[{"embeddable":true,"href":"https:\/\/institutfrancais.sk\/fr\/wp-json\/wp\/v2\/media\/38978"}],"wp:attachment":[{"href":"https:\/\/institutfrancais.sk\/fr\/wp-json\/wp\/v2\/media?parent=38879"}],"wp:term":[{"taxonomy":"typ-podujatia","embeddable":true,"href":"https:\/\/institutfrancais.sk\/fr\/wp-json\/wp\/v2\/typ-podujatia?post=38879"}],"curies":[{"name":"wp","href":"https:\/\/api.w.org\/{rel}","templated":true}]}}