{"id":39026,"date":"2026-03-06T02:42:41","date_gmt":"2026-03-06T01:42:41","guid":{"rendered":"https:\/\/institutfrancais.sk\/podujatie\/spievam-po-francuzsky-zapis\/"},"modified":"2026-03-19T16:11:29","modified_gmt":"2026-03-19T15:11:29","slug":"spievam-po-francuzsky-zapis","status":"publish","type":"podujatie","link":"https:\/\/institutfrancais.sk\/fr\/podujatie\/spievam-po-francuzsky-zapis\/","title":{"rendered":"Je chante en fran\u00e7ais \/ Demi-finale 31 mars 2026 !"},"content":{"rendered":"\n<h1 class=\"wp-block-heading\"><\/h1>\n\n\n\n<p><\/p>\n\n\n\n<p>Le concours&nbsp;<strong>\u00ab Je chante en fran\u00e7ais \u00bb<\/strong>&nbsp;revient en 2026 et apporte encore plus de musique, de passion et d\u2019ambiance unique \u00e0 la fran\u00e7aise ! \ud83c\udfa4\ud83c\uddeb\ud83c\uddf7<\/p>\n\n\n\n<p>Nous vous invitons \u00e0 une matin\u00e9e exceptionnelle, remplie de talent, d\u2019\u00e9motions et de belles m\u00e9lodies, o\u00f9 de jeunes chanteurs, amoureux de la langue et de la musique fran\u00e7aises, se produiront. Venez soutenir et encourager les candidats qui d\u00e9voileront tout leur talent sur sc\u00e8ne.<\/p>\n\n\n\n<p>L\u2019\u00e9v\u00e9nement aura lieu&nbsp;<strong>le mardi 31 mars de 10h30 \u00e0 14h00 au V&nbsp;Klub \u00e0 Bratislava<\/strong>. Vous y d\u00e9couvrirez un programme vari\u00e9, une ambiance agr\u00e9able et de nombreuses surprises musicales qui raviront tous les amateurs de chanson fran\u00e7aise ainsi que de cr\u00e9ations fran\u00e7aises contemporaines.<\/p>\n\n\n\n<p>N\u2019h\u00e9sitez pas \u00e0 venir profiter d\u2019une exp\u00e9rience culturelle qui vous transportera directement en France \u2013&nbsp;<strong>entr\u00e9e libre !<\/strong><\/p>\n\n\n\n<hr class=\"wp-block-separator has-alpha-channel-opacity\"\/>\n\n\n\n<h2 class=\"wp-block-heading\">Les inscriptions au concours sont d\u00e9sormais termin\u00e9es !<\/h2>\n\n\n\n<ul>\n<li>Avant de proc\u00e9der \u00e0 l\u2019inscription, veuillez prendre connaissance du&nbsp;<strong><a href=\"https:\/\/eu.jotform.com\/form\/233112093492046\" target=\"_blank\" rel=\"noreferrer noopener sponsored nofollow\">r\u00e8glement du concours<\/a><\/strong><\/li>\n\n\n\n<li>Inscrivez-vous via le<strong>&nbsp;<a href=\"https:\/\/form.jotform.com\/233112093492046\" target=\"_blank\" rel=\"noreferrer noopener sponsored nofollow\">formulaire d\u2019inscription<\/a><\/strong><\/li>\n\n\n\n<li><font dir=\"auto\" style=\"vertical-align: inherit;\"><font dir=\"auto\" style=\"vertical-align: inherit;\">Veuillez prendre connaissance du <\/font><\/font><strong><a href=\"https:\/\/www.youtube.com\/playlist?list=PLVBPlkSNsOIdT83P5Z3_ACfF9XngTihVW\" target=\"_blank\" rel=\"noreferrer noopener sponsored nofollow\"><font dir=\"auto\" style=\"vertical-align: inherit;\"><font dir=\"auto\" style=\"vertical-align: inherit;\">catalogue des chansons<\/font><\/font><\/a><\/strong><font dir=\"auto\" style=\"vertical-align: inherit;\"><font dir=\"auto\" style=\"vertical-align: inherit;\">, qui est \u00e0 titre indicatif. Vous pouvez donc choisir une chanson hors catalogue.<\/font><\/font><\/li>\n<\/ul>\n\n\n\n<h2 class=\"wp-block-heading\"><font dir=\"auto\" style=\"vertical-align: inherit;\"><font dir=\"auto\" style=\"vertical-align: inherit;\">Dates importantes<\/font><\/font><\/h2>\n\n\n\n<figure class=\"wp-block-table\"><table><tbody><tr><td>Demi-finales<\/td><td><strong>25&nbsp;mars 2026&nbsp;<\/strong>(Ko\u0161ice)<br><strong>31&nbsp;mars 2026&nbsp;<\/strong>(Bratislava)<strong><br>24 avril 2026&nbsp;<\/strong>(Bansk\u00e1 Bystrica)<\/td><\/tr><tr><td>Finale<\/td><td><\/td><\/tr><tr><td>Finale (inter)nationale<\/td><td><strong>29 mai 2026<\/strong>&nbsp;(Bansk\u00e1 Bystrica)<\/td><\/tr><\/tbody><\/table><\/figure>\n\n\n\n<h2 class=\"wp-block-heading\">Inspirez-vous des finales nationales de l&rsquo;ann\u00e9e derni\u00e8re !<\/h2>\n\n\n\n<figure class=\"wp-block-embed is-type-video is-provider-youtube wp-block-embed-youtube wp-embed-aspect-16-9 wp-has-aspect-ratio\"><div class=\"wp-block-embed__wrapper\">\n<iframe loading=\"lazy\" title=\"SPF 2025 - Aftermovie - Finale nationale\" width=\"500\" height=\"281\" src=\"https:\/\/www.youtube.com\/embed\/VmM_bVZTPSk?feature=oembed\" frameborder=\"0\" allow=\"accelerometer; autoplay; clipboard-write; encrypted-media; gyroscope; picture-in-picture; web-share\" referrerpolicy=\"strict-origin-when-cross-origin\" allowfullscreen><\/iframe>\n<\/div><\/figure>\n\n\n\n<h2 class=\"wp-block-heading\">Vous avez des questions ? &nbsp;Contactez-nous !<\/h2>\n\n\n\n<p><a href=\"mailto:directionbb@afsk.sk\"><strong>directionbb@afsk.sk<\/strong><\/a>&nbsp;&nbsp;<\/p>\n\n\n<div class=\"space md\"><\/div>","protected":false},"featured_media":37837,"template":"","typ-podujatia":[51],"acf":[],"yoast_head":"<!-- This site is optimized with the Yoast SEO plugin v24.5 - https:\/\/yoast.com\/wordpress\/plugins\/seo\/ -->\n<title>Je chante en fran\u00e7ais \/ Demi-finale 31 mars 2026 ! - Franc\u00fazsky in\u0161tit\u00fat na Slovensku<\/title>\n<meta name=\"robots\" content=\"index, follow, max-snippet:-1, max-image-preview:large, max-video-preview:-1\" \/>\n<link rel=\"canonical\" href=\"https:\/\/institutfrancais.sk\/fr\/podujatie\/spievam-po-francuzsky-zapis\/\" \/>\n<meta property=\"og:locale\" content=\"fr_FR\" \/>\n<meta property=\"og:type\" content=\"article\" \/>\n<meta property=\"og:title\" content=\"Je chante en fran\u00e7ais \/ Demi-finale 31 mars 2026 ! - Franc\u00fazsky in\u0161tit\u00fat na Slovensku\" \/>\n<meta property=\"og:description\" content=\"Le concours&nbsp;\u00ab Je chante en fran\u00e7ais \u00bb&nbsp;revient en 2026 et apporte encore plus de musique, de passion et d\u2019ambiance unique \u00e0 la fran\u00e7aise ! \ud83c\udfa4\ud83c\uddeb\ud83c\uddf7 Nous vous invitons \u00e0 une matin\u00e9e exceptionnelle, remplie de talent, d\u2019\u00e9motions et de belles m\u00e9lodies, o\u00f9 de jeunes chanteurs, amoureux de la langue et de la musique fran\u00e7aises, se produiront. [&hellip;]\" \/>\n<meta property=\"og:url\" content=\"https:\/\/institutfrancais.sk\/fr\/podujatie\/spievam-po-francuzsky-zapis\/\" \/>\n<meta property=\"og:site_name\" content=\"Franc\u00fazsky in\u0161tit\u00fat na Slovensku\" \/>\n<meta property=\"article:modified_time\" content=\"2026-03-19T15:11:29+00:00\" \/>\n<meta property=\"og:image\" content=\"https:\/\/institutfrancais.sk\/wp-content\/uploads\/2025\/11\/SPF-2026-J1-537x235.png\" \/>\n\t<meta property=\"og:image:width\" content=\"537\" \/>\n\t<meta property=\"og:image:height\" content=\"235\" \/>\n\t<meta property=\"og:image:type\" content=\"image\/png\" \/>\n<meta name=\"twitter:card\" content=\"summary_large_image\" \/>\n<meta name=\"twitter:label1\" content=\"Dur\u00e9e de lecture estim\u00e9e\" \/>\n\t<meta name=\"twitter:data1\" content=\"2 minutes\" \/>\n<script type=\"application\/ld+json\" class=\"yoast-schema-graph\">{\"@context\":\"https:\/\/schema.org\",\"@graph\":[{\"@type\":\"WebPage\",\"@id\":\"https:\/\/institutfrancais.sk\/fr\/podujatie\/spievam-po-francuzsky-zapis\/\",\"url\":\"https:\/\/institutfrancais.sk\/fr\/podujatie\/spievam-po-francuzsky-zapis\/\",\"name\":\"Je chante en fran\u00e7ais \/ Demi-finale 31 mars 2026 ! - Franc\u00fazsky in\u0161tit\u00fat na Slovensku\",\"isPartOf\":{\"@id\":\"https:\/\/institutfrancais.sk\/fr\/#website\"},\"primaryImageOfPage\":{\"@id\":\"https:\/\/institutfrancais.sk\/fr\/podujatie\/spievam-po-francuzsky-zapis\/#primaryimage\"},\"image\":{\"@id\":\"https:\/\/institutfrancais.sk\/fr\/podujatie\/spievam-po-francuzsky-zapis\/#primaryimage\"},\"thumbnailUrl\":\"https:\/\/institutfrancais.sk\/wp-content\/uploads\/2025\/11\/SPF-2026-J1.png\",\"datePublished\":\"2026-03-06T01:42:41+00:00\",\"dateModified\":\"2026-03-19T15:11:29+00:00\",\"breadcrumb\":{\"@id\":\"https:\/\/institutfrancais.sk\/fr\/podujatie\/spievam-po-francuzsky-zapis\/#breadcrumb\"},\"inLanguage\":\"fr-FR\",\"potentialAction\":[{\"@type\":\"ReadAction\",\"target\":[\"https:\/\/institutfrancais.sk\/fr\/podujatie\/spievam-po-francuzsky-zapis\/\"]}]},{\"@type\":\"ImageObject\",\"inLanguage\":\"fr-FR\",\"@id\":\"https:\/\/institutfrancais.sk\/fr\/podujatie\/spievam-po-francuzsky-zapis\/#primaryimage\",\"url\":\"https:\/\/institutfrancais.sk\/wp-content\/uploads\/2025\/11\/SPF-2026-J1.png\",\"contentUrl\":\"https:\/\/institutfrancais.sk\/wp-content\/uploads\/2025\/11\/SPF-2026-J1.png\",\"width\":3000,\"height\":1312},{\"@type\":\"BreadcrumbList\",\"@id\":\"https:\/\/institutfrancais.sk\/fr\/podujatie\/spievam-po-francuzsky-zapis\/#breadcrumb\",\"itemListElement\":[{\"@type\":\"ListItem\",\"position\":1,\"name\":\"Home\",\"item\":\"https:\/\/institutfrancais.sk\/fr\/\"},{\"@type\":\"ListItem\",\"position\":2,\"name\":\"Events\",\"item\":\"https:\/\/institutfrancais.sk\/fr\/podujatie\/\"},{\"@type\":\"ListItem\",\"position\":3,\"name\":\"Je chante en fran\u00e7ais \/ Demi-finale 31 mars 2026 !\"}]},{\"@type\":\"WebSite\",\"@id\":\"https:\/\/institutfrancais.sk\/fr\/#website\",\"url\":\"https:\/\/institutfrancais.sk\/fr\/\",\"name\":\"Franc\u00fazsky in\u0161tit\u00fat na Slovensku\",\"description\":\"Franc\u00fazsky in\u0161tit\u00fat na Slovensku\",\"potentialAction\":[{\"@type\":\"SearchAction\",\"target\":{\"@type\":\"EntryPoint\",\"urlTemplate\":\"https:\/\/institutfrancais.sk\/fr\/?s={search_term_string}\"},\"query-input\":{\"@type\":\"PropertyValueSpecification\",\"valueRequired\":true,\"valueName\":\"search_term_string\"}}],\"inLanguage\":\"fr-FR\"}]}<\/script>\n<!-- \/ Yoast SEO plugin. -->","yoast_head_json":{"title":"Je chante en fran\u00e7ais \/ Demi-finale 31 mars 2026 ! - Franc\u00fazsky in\u0161tit\u00fat na Slovensku","robots":{"index":"index","follow":"follow","max-snippet":"max-snippet:-1","max-image-preview":"max-image-preview:large","max-video-preview":"max-video-preview:-1"},"canonical":"https:\/\/institutfrancais.sk\/fr\/podujatie\/spievam-po-francuzsky-zapis\/","og_locale":"fr_FR","og_type":"article","og_title":"Je chante en fran\u00e7ais \/ Demi-finale 31 mars 2026 ! - Franc\u00fazsky in\u0161tit\u00fat na Slovensku","og_description":"Le concours&nbsp;\u00ab Je chante en fran\u00e7ais \u00bb&nbsp;revient en 2026 et apporte encore plus de musique, de passion et d\u2019ambiance unique \u00e0 la fran\u00e7aise ! \ud83c\udfa4\ud83c\uddeb\ud83c\uddf7 Nous vous invitons \u00e0 une matin\u00e9e exceptionnelle, remplie de talent, d\u2019\u00e9motions et de belles m\u00e9lodies, o\u00f9 de jeunes chanteurs, amoureux de la langue et de la musique fran\u00e7aises, se produiront. [&hellip;]","og_url":"https:\/\/institutfrancais.sk\/fr\/podujatie\/spievam-po-francuzsky-zapis\/","og_site_name":"Franc\u00fazsky in\u0161tit\u00fat na Slovensku","article_modified_time":"2026-03-19T15:11:29+00:00","og_image":[{"width":537,"height":235,"url":"https:\/\/institutfrancais.sk\/wp-content\/uploads\/2025\/11\/SPF-2026-J1-537x235.png","type":"image\/png"}],"twitter_card":"summary_large_image","twitter_misc":{"Dur\u00e9e de lecture estim\u00e9e":"2 minutes"},"schema":{"@context":"https:\/\/schema.org","@graph":[{"@type":"WebPage","@id":"https:\/\/institutfrancais.sk\/fr\/podujatie\/spievam-po-francuzsky-zapis\/","url":"https:\/\/institutfrancais.sk\/fr\/podujatie\/spievam-po-francuzsky-zapis\/","name":"Je chante en fran\u00e7ais \/ Demi-finale 31 mars 2026 ! - Franc\u00fazsky in\u0161tit\u00fat na Slovensku","isPartOf":{"@id":"https:\/\/institutfrancais.sk\/fr\/#website"},"primaryImageOfPage":{"@id":"https:\/\/institutfrancais.sk\/fr\/podujatie\/spievam-po-francuzsky-zapis\/#primaryimage"},"image":{"@id":"https:\/\/institutfrancais.sk\/fr\/podujatie\/spievam-po-francuzsky-zapis\/#primaryimage"},"thumbnailUrl":"https:\/\/institutfrancais.sk\/wp-content\/uploads\/2025\/11\/SPF-2026-J1.png","datePublished":"2026-03-06T01:42:41+00:00","dateModified":"2026-03-19T15:11:29+00:00","breadcrumb":{"@id":"https:\/\/institutfrancais.sk\/fr\/podujatie\/spievam-po-francuzsky-zapis\/#breadcrumb"},"inLanguage":"fr-FR","potentialAction":[{"@type":"ReadAction","target":["https:\/\/institutfrancais.sk\/fr\/podujatie\/spievam-po-francuzsky-zapis\/"]}]},{"@type":"ImageObject","inLanguage":"fr-FR","@id":"https:\/\/institutfrancais.sk\/fr\/podujatie\/spievam-po-francuzsky-zapis\/#primaryimage","url":"https:\/\/institutfrancais.sk\/wp-content\/uploads\/2025\/11\/SPF-2026-J1.png","contentUrl":"https:\/\/institutfrancais.sk\/wp-content\/uploads\/2025\/11\/SPF-2026-J1.png","width":3000,"height":1312},{"@type":"BreadcrumbList","@id":"https:\/\/institutfrancais.sk\/fr\/podujatie\/spievam-po-francuzsky-zapis\/#breadcrumb","itemListElement":[{"@type":"ListItem","position":1,"name":"Home","item":"https:\/\/institutfrancais.sk\/fr\/"},{"@type":"ListItem","position":2,"name":"Events","item":"https:\/\/institutfrancais.sk\/fr\/podujatie\/"},{"@type":"ListItem","position":3,"name":"Je chante en fran\u00e7ais \/ Demi-finale 31 mars 2026 !"}]},{"@type":"WebSite","@id":"https:\/\/institutfrancais.sk\/fr\/#website","url":"https:\/\/institutfrancais.sk\/fr\/","name":"Franc\u00fazsky in\u0161tit\u00fat na Slovensku","description":"Franc\u00fazsky in\u0161tit\u00fat na Slovensku","potentialAction":[{"@type":"SearchAction","target":{"@type":"EntryPoint","urlTemplate":"https:\/\/institutfrancais.sk\/fr\/?s={search_term_string}"},"query-input":{"@type":"PropertyValueSpecification","valueRequired":true,"valueName":"search_term_string"}}],"inLanguage":"fr-FR"}]}},"_links":{"self":[{"href":"https:\/\/institutfrancais.sk\/fr\/wp-json\/wp\/v2\/podujatie\/39026"}],"collection":[{"href":"https:\/\/institutfrancais.sk\/fr\/wp-json\/wp\/v2\/podujatie"}],"about":[{"href":"https:\/\/institutfrancais.sk\/fr\/wp-json\/wp\/v2\/types\/podujatie"}],"wp:featuredmedia":[{"embeddable":true,"href":"https:\/\/institutfrancais.sk\/fr\/wp-json\/wp\/v2\/media\/37837"}],"wp:attachment":[{"href":"https:\/\/institutfrancais.sk\/fr\/wp-json\/wp\/v2\/media?parent=39026"}],"wp:term":[{"taxonomy":"typ-podujatia","embeddable":true,"href":"https:\/\/institutfrancais.sk\/fr\/wp-json\/wp\/v2\/typ-podujatia?post=39026"}],"curies":[{"name":"wp","href":"https:\/\/api.w.org\/{rel}","templated":true}]}}