{"id":39165,"date":"2026-03-10T16:36:01","date_gmt":"2026-03-10T15:36:01","guid":{"rendered":"https:\/\/institutfrancais.sk\/?post_type=podujatie&#038;p=39165"},"modified":"2026-04-10T13:59:34","modified_gmt":"2026-04-10T11:59:34","slug":"nuit-des-idees-2026","status":"publish","type":"podujatie","link":"https:\/\/institutfrancais.sk\/fr\/podujatie\/nuit-des-idees-2026\/","title":{"rendered":"Nuit des id\u00e9es 2026"},"content":{"rendered":"\n<h2 class=\"wp-block-heading\"> \u00ab&nbsp;L\u2019information sous tension&nbsp;: cybers\u00e9curit\u00e9 et intelligence artificielle&nbsp;\u00bb<\/h2>\n\n\n\n<p>Le 15 avril 2026, l\u2019Institut fran\u00e7ais de Slovaquie organise sa&nbsp;<strong>3<sup>\u00e8me<\/sup>&nbsp;Nuit des id\u00e9es<\/strong>. Cette ann\u00e9e, cet \u00e9v\u00e9nement grand public s\u2019inscrit dans le cadre de la Semaine fran\u00e7aise de l\u2019Intelligence artificielle, et s\u2019int\u00e9resse aux enjeux de \u00ab&nbsp;<strong>l\u2019information sous tension&nbsp;: cybers\u00e9curit\u00e9 et intelligence artificielle&nbsp;\u00bb.&nbsp;<\/strong><\/p>\n\n\n<div class=\"text-center\"><a href=\"https:\/\/forms.cloud.microsoft\/Pages\/ResponsePage.aspx?id=qLcUkbfwtU2ksCSOZFoKU6IaUpKNavVJkqE4tYi6OLpURTU3U0JCWEpGUUhEM1RJVlhITFVDUjY4Ny4u\" class=\"btn btn-blue-invert\">INSCRIVEZ-VOUS<\/a><\/div>\n\n<div class=\"space md\"><\/div>\n\n\n<p>Aujourd\u2019hui, en raison de la guerre informationnelle qui s\u00e9vit particuli\u00e8rement en Europe, l\u2019information, quels que soient ses utilisateurs (entreprises, \u00c9tats, militaires, \u00e9lus, citoyens, experts) fait face \u00e0 plusieurs tensions, parmi lesquelles la cybercriminalit\u00e9 et la mont\u00e9e en puissance de l\u2019intelligence artificielle (IA) qui d\u00e9multiplie les possibilit\u00e9s d\u2019information comme les risques de d\u00e9sinformation.<\/p>\n\n\n\n<p>Dans ces conditions, l\u2019information sous tension n\u00e9cessite une ma\u00eetrise des outils num\u00e9riques en constante \u00e9volution et une prise de conscience collective et d\u00e9mocratique.<\/p>\n\n\n\n<p>La Nuit des id\u00e9es de l\u2019Institut fran\u00e7ais de Slovaquie explore les tensions croissantes qui entourent l\u2019information \u00e0 l\u2019\u00e8re de la num\u00e9risation g\u00e9n\u00e9ralis\u00e9e. L\u2019objectif est notamment de questionner les capacit\u00e9s d&rsquo;agir et de r\u00e9agir des individus face aux op\u00e9rations de d\u00e9sinformation, et d\u2019envisager les usages de l\u2019intelligence artificielle au service d\u2019une information int\u00e8gre et bas\u00e9e sur des faits av\u00e9r\u00e9s.<\/p>\n\n\n\n<p><strong>Quelles sont aujourd\u2019hui les principales menaces num\u00e9riques pesant sur l\u2019information ?<\/strong>&nbsp;<strong>Comment la d\u00e9sinformation se diffuse-t-elle dans tous les espaces de la soci\u00e9t\u00e9 ?<\/strong>&nbsp;<strong>Quels d\u00e9fis l\u2019Europe doit-elle affronter pour renforcer sa cybers\u00e9curit\u00e9 ? L\u2019intelligence artificielle peut-elle \u00eatre \u00e0 la fois une menace et une solution ?<\/strong>&nbsp;Autant de questions qui seront abord\u00e9es par des experts europ\u00e9ens dans le cadre d\u2019une table ronde mod\u00e9r\u00e9e par Mme Laurane Raimondo (Universit\u00e9 Lyon 3, CyberCercle).<\/p>\n\n\n\n<p>Experts invit\u00e9s\u00a0: D\u00e1vid Puchovsk\u00fd (<em>ONG Hoaxy a&nbsp;Podvody<\/em>), Al\u017eb\u011bta Solarczyk Krausov\u00e1 (<em>Respectful AI<\/em>), G\u00e9n\u00e9ral Patrick Perrot (<em>Gendarmerie nationale<\/em>), Ivana Budinsk\u00e1 (<em>Acad\u00e9mie slovaque des sciences<\/em>).<\/p>\n\n\n\n<p>A l\u2019issue de la table ronde, le public pourra parcourir un&nbsp;<strong>espace interactif<\/strong>&nbsp;anim\u00e9 par des entreprises et organisations partenaires en lien avec la th\u00e9matique.&nbsp;<\/p>\n\n\n\n<p>Date : Le 15 avril 2026 \u00e0 partir de 17h<\/p>\n\n\n\n<p>Lieu : Salle Moyzes, Facult\u00e9 des lettres de l\u2019Universit\u00e9 Comenius de Bratislava&nbsp;<\/p>\n\n\n\n<p>Vajansk\u00e9ho n\u00e1bre\u017eie 12, Bratislava<\/p>\n\n\n<div class=\"space xxs\"><\/div>\n\n<div class=\"space md\"><\/div>\n\n\n<p><strong>Programme \u2013 Semaine fran\u00e7aise de l\u2019intelligence artificielle<\/strong><\/p>\n\n\n\n<p>\ud83d\udccd Bratislava | \ud83d\uddd3\ufe0f 13 \u2013 17 avril 2026<\/p>\n\n\n\n<p>Une semaine exceptionnelle consacr\u00e9e aux principaux enjeux de l\u2019intelligence artificielle \u00e0 travers discussions, conf\u00e9rences, business et culture.<\/p>\n\n\n\n<p>\ud83d\udd39 <strong>13 avril \u2013 Conf\u00e9rence<\/strong><br>\ud83d\udccd \u00c9cole Fran\u00e7aise Internationale de Bratislava<br>\ud83d\udc49 <em>Lutte contre la d\u00e9sinformation \u00e0 l\u2019\u00e8re de l\u2019intelligence artificielle<\/em><br>\ud83d\udd12 R\u00e9serv\u00e9e uniquement aux \u00e9tudiants de l\u2019EFIB<\/p>\n\n\n\n<p>\ud83d\udd39 <strong>15 avril \u2013 La nuit des id\u00e9es \u2013 <\/strong>D\u00e9bat d<em>\u2019<\/em>id\u00e9e<br>\ud83d\udccd Universit\u00e9 Comenius, salle Moyzes<br>\ud83d\udd54 Ouverture \u00e0 17h<br>\ud83d\udc49 <em>\u00ab L\u2019information sous tension : cybers\u00e9curit\u00e9 et intelligence artificielle \u00bb<\/em><br>\ud83d\udcac Table ronde avec des experts europ\u00e9ens, des institutions et des entreprises<br>\ud83d\udde3\ufe0f D\u00e9bat avec le public<br>\ud83e\udd1d Espace partenaires interactif<br>\ud83c\udf9f\ufe0f Inscription : <a href=\"http:\/\/www.institutfrancais.sk\">www.institutfrancais.sk<\/a><\/p>\n\n\n\n<p>\ud83d\udd39 <strong>16 avril \u2013 Business Forum \u2013 Intelligence artificielle &amp;&nbsp;innovation dans les affaires<\/strong><br>\ud83d\udccd H\u00f4tel Park Inn by Radisson Danube<br>Organis\u00e9 par l\u2019Ambassade de France en partenariat avec la Chambre de commerce franco-slovaque<br>\ud83c\udfa4 Conf\u00e9rences et panels d\u2019experts<br>\ud83d\udcbc Opportunit\u00e9s \u00e9conomiques, d\u00e9veloppement et r\u00e9gulation<br>\ud83e\udd1d Networking<br>\ud83c\udf9f\ufe0f Inscription : <a href=\"http:\/\/www.fsok.sk\">www.fsok.sk<\/a><\/p>\n\n\n\n<p>\ud83d\udd39 <strong>17 avril \u2013 Cin\u00e9club<\/strong><br>\ud83d\udccd Institut fran\u00e7ais de Slovaquie<br>\ud83c\udfac Projection du film <em>Arthur Rambo<\/em> (2021) \u2013 17h30<br>\ud83c\udf9f\ufe0f Entr\u00e9e libre<\/p>\n\n\n<a href=\"https:\/\/institutfrancais.sk\/fr\/podujatie\/cineclub-arthur-rambo\/\" class=\"btn\">CIN\u00c9CLUB<\/a>\n\n\n<p>\ud83d\udcf2 Programme complet et inscriptions : <a href=\"http:\/\/www.institutfrancais.sk\">www.institutfrancais.sk<\/a> et <a href=\"http:\/\/www.fsok.sk\">www.fsok.sk<\/a><\/p>\n\n\n\n<p>\ud83d\udca1 Une semaine pour comprendre, d\u00e9battre et imaginer l\u2019avenir de l\u2019intelligence artificielle.<\/p>\n","protected":false},"featured_media":39322,"template":"","typ-podujatia":[53],"acf":[],"yoast_head":"<!-- This site is optimized with the Yoast SEO plugin v24.5 - https:\/\/yoast.com\/wordpress\/plugins\/seo\/ -->\n<title>Nuit des id\u00e9es 2026 - Franc\u00fazsky in\u0161tit\u00fat na Slovensku<\/title>\n<meta name=\"robots\" content=\"index, follow, max-snippet:-1, max-image-preview:large, max-video-preview:-1\" \/>\n<link rel=\"canonical\" href=\"https:\/\/institutfrancais.sk\/fr\/podujatie\/nuit-des-idees-2026\/\" \/>\n<meta property=\"og:locale\" content=\"fr_FR\" \/>\n<meta property=\"og:type\" content=\"article\" \/>\n<meta property=\"og:title\" content=\"Nuit des id\u00e9es 2026 - Franc\u00fazsky in\u0161tit\u00fat na Slovensku\" \/>\n<meta property=\"og:description\" content=\"\u00ab&nbsp;L\u2019information sous tension&nbsp;: cybers\u00e9curit\u00e9 et intelligence artificielle&nbsp;\u00bb Le 15 avril 2026, l\u2019Institut fran\u00e7ais de Slovaquie organise sa&nbsp;3\u00e8me&nbsp;Nuit des id\u00e9es. Cette ann\u00e9e, cet \u00e9v\u00e9nement grand public s\u2019inscrit dans le cadre de la Semaine fran\u00e7aise de l\u2019Intelligence artificielle, et s\u2019int\u00e9resse aux enjeux de \u00ab&nbsp;l\u2019information sous tension&nbsp;: cybers\u00e9curit\u00e9 et intelligence artificielle&nbsp;\u00bb.&nbsp; Aujourd\u2019hui, en raison de la guerre informationnelle [&hellip;]\" \/>\n<meta property=\"og:url\" content=\"https:\/\/institutfrancais.sk\/fr\/podujatie\/nuit-des-idees-2026\/\" \/>\n<meta property=\"og:site_name\" content=\"Franc\u00fazsky in\u0161tit\u00fat na Slovensku\" \/>\n<meta property=\"article:modified_time\" content=\"2026-04-10T11:59:34+00:00\" \/>\n<meta property=\"og:image\" content=\"https:\/\/institutfrancais.sk\/wp-content\/uploads\/2026\/03\/Noc_idei-vf-002.jpg\" \/>\n\t<meta property=\"og:image:width\" content=\"1920\" \/>\n\t<meta property=\"og:image:height\" content=\"1080\" \/>\n\t<meta property=\"og:image:type\" content=\"image\/jpeg\" \/>\n<meta name=\"twitter:card\" content=\"summary_large_image\" \/>\n<meta name=\"twitter:label1\" content=\"Dur\u00e9e de lecture estim\u00e9e\" \/>\n\t<meta name=\"twitter:data1\" content=\"4 minutes\" \/>\n<script type=\"application\/ld+json\" class=\"yoast-schema-graph\">{\"@context\":\"https:\/\/schema.org\",\"@graph\":[{\"@type\":\"WebPage\",\"@id\":\"https:\/\/institutfrancais.sk\/fr\/podujatie\/nuit-des-idees-2026\/\",\"url\":\"https:\/\/institutfrancais.sk\/fr\/podujatie\/nuit-des-idees-2026\/\",\"name\":\"Nuit des id\u00e9es 2026 - Franc\u00fazsky in\u0161tit\u00fat na Slovensku\",\"isPartOf\":{\"@id\":\"https:\/\/institutfrancais.sk\/fr\/#website\"},\"primaryImageOfPage\":{\"@id\":\"https:\/\/institutfrancais.sk\/fr\/podujatie\/nuit-des-idees-2026\/#primaryimage\"},\"image\":{\"@id\":\"https:\/\/institutfrancais.sk\/fr\/podujatie\/nuit-des-idees-2026\/#primaryimage\"},\"thumbnailUrl\":\"https:\/\/institutfrancais.sk\/wp-content\/uploads\/2026\/03\/Noc_idei-vf-002.jpg\",\"datePublished\":\"2026-03-10T15:36:01+00:00\",\"dateModified\":\"2026-04-10T11:59:34+00:00\",\"breadcrumb\":{\"@id\":\"https:\/\/institutfrancais.sk\/fr\/podujatie\/nuit-des-idees-2026\/#breadcrumb\"},\"inLanguage\":\"fr-FR\",\"potentialAction\":[{\"@type\":\"ReadAction\",\"target\":[\"https:\/\/institutfrancais.sk\/fr\/podujatie\/nuit-des-idees-2026\/\"]}]},{\"@type\":\"ImageObject\",\"inLanguage\":\"fr-FR\",\"@id\":\"https:\/\/institutfrancais.sk\/fr\/podujatie\/nuit-des-idees-2026\/#primaryimage\",\"url\":\"https:\/\/institutfrancais.sk\/wp-content\/uploads\/2026\/03\/Noc_idei-vf-002.jpg\",\"contentUrl\":\"https:\/\/institutfrancais.sk\/wp-content\/uploads\/2026\/03\/Noc_idei-vf-002.jpg\",\"width\":1920,\"height\":1080},{\"@type\":\"BreadcrumbList\",\"@id\":\"https:\/\/institutfrancais.sk\/fr\/podujatie\/nuit-des-idees-2026\/#breadcrumb\",\"itemListElement\":[{\"@type\":\"ListItem\",\"position\":1,\"name\":\"Home\",\"item\":\"https:\/\/institutfrancais.sk\/fr\/\"},{\"@type\":\"ListItem\",\"position\":2,\"name\":\"Events\",\"item\":\"https:\/\/institutfrancais.sk\/fr\/podujatie\/\"},{\"@type\":\"ListItem\",\"position\":3,\"name\":\"Nuit des id\u00e9es 2026\"}]},{\"@type\":\"WebSite\",\"@id\":\"https:\/\/institutfrancais.sk\/fr\/#website\",\"url\":\"https:\/\/institutfrancais.sk\/fr\/\",\"name\":\"Franc\u00fazsky in\u0161tit\u00fat na Slovensku\",\"description\":\"Franc\u00fazsky in\u0161tit\u00fat na Slovensku\",\"potentialAction\":[{\"@type\":\"SearchAction\",\"target\":{\"@type\":\"EntryPoint\",\"urlTemplate\":\"https:\/\/institutfrancais.sk\/fr\/?s={search_term_string}\"},\"query-input\":{\"@type\":\"PropertyValueSpecification\",\"valueRequired\":true,\"valueName\":\"search_term_string\"}}],\"inLanguage\":\"fr-FR\"}]}<\/script>\n<!-- \/ Yoast SEO plugin. -->","yoast_head_json":{"title":"Nuit des id\u00e9es 2026 - Franc\u00fazsky in\u0161tit\u00fat na Slovensku","robots":{"index":"index","follow":"follow","max-snippet":"max-snippet:-1","max-image-preview":"max-image-preview:large","max-video-preview":"max-video-preview:-1"},"canonical":"https:\/\/institutfrancais.sk\/fr\/podujatie\/nuit-des-idees-2026\/","og_locale":"fr_FR","og_type":"article","og_title":"Nuit des id\u00e9es 2026 - Franc\u00fazsky in\u0161tit\u00fat na Slovensku","og_description":"\u00ab&nbsp;L\u2019information sous tension&nbsp;: cybers\u00e9curit\u00e9 et intelligence artificielle&nbsp;\u00bb Le 15 avril 2026, l\u2019Institut fran\u00e7ais de Slovaquie organise sa&nbsp;3\u00e8me&nbsp;Nuit des id\u00e9es. Cette ann\u00e9e, cet \u00e9v\u00e9nement grand public s\u2019inscrit dans le cadre de la Semaine fran\u00e7aise de l\u2019Intelligence artificielle, et s\u2019int\u00e9resse aux enjeux de \u00ab&nbsp;l\u2019information sous tension&nbsp;: cybers\u00e9curit\u00e9 et intelligence artificielle&nbsp;\u00bb.&nbsp; Aujourd\u2019hui, en raison de la guerre informationnelle [&hellip;]","og_url":"https:\/\/institutfrancais.sk\/fr\/podujatie\/nuit-des-idees-2026\/","og_site_name":"Franc\u00fazsky in\u0161tit\u00fat na Slovensku","article_modified_time":"2026-04-10T11:59:34+00:00","og_image":[{"width":1920,"height":1080,"url":"https:\/\/institutfrancais.sk\/wp-content\/uploads\/2026\/03\/Noc_idei-vf-002.jpg","type":"image\/jpeg"}],"twitter_card":"summary_large_image","twitter_misc":{"Dur\u00e9e de lecture estim\u00e9e":"4 minutes"},"schema":{"@context":"https:\/\/schema.org","@graph":[{"@type":"WebPage","@id":"https:\/\/institutfrancais.sk\/fr\/podujatie\/nuit-des-idees-2026\/","url":"https:\/\/institutfrancais.sk\/fr\/podujatie\/nuit-des-idees-2026\/","name":"Nuit des id\u00e9es 2026 - Franc\u00fazsky in\u0161tit\u00fat na Slovensku","isPartOf":{"@id":"https:\/\/institutfrancais.sk\/fr\/#website"},"primaryImageOfPage":{"@id":"https:\/\/institutfrancais.sk\/fr\/podujatie\/nuit-des-idees-2026\/#primaryimage"},"image":{"@id":"https:\/\/institutfrancais.sk\/fr\/podujatie\/nuit-des-idees-2026\/#primaryimage"},"thumbnailUrl":"https:\/\/institutfrancais.sk\/wp-content\/uploads\/2026\/03\/Noc_idei-vf-002.jpg","datePublished":"2026-03-10T15:36:01+00:00","dateModified":"2026-04-10T11:59:34+00:00","breadcrumb":{"@id":"https:\/\/institutfrancais.sk\/fr\/podujatie\/nuit-des-idees-2026\/#breadcrumb"},"inLanguage":"fr-FR","potentialAction":[{"@type":"ReadAction","target":["https:\/\/institutfrancais.sk\/fr\/podujatie\/nuit-des-idees-2026\/"]}]},{"@type":"ImageObject","inLanguage":"fr-FR","@id":"https:\/\/institutfrancais.sk\/fr\/podujatie\/nuit-des-idees-2026\/#primaryimage","url":"https:\/\/institutfrancais.sk\/wp-content\/uploads\/2026\/03\/Noc_idei-vf-002.jpg","contentUrl":"https:\/\/institutfrancais.sk\/wp-content\/uploads\/2026\/03\/Noc_idei-vf-002.jpg","width":1920,"height":1080},{"@type":"BreadcrumbList","@id":"https:\/\/institutfrancais.sk\/fr\/podujatie\/nuit-des-idees-2026\/#breadcrumb","itemListElement":[{"@type":"ListItem","position":1,"name":"Home","item":"https:\/\/institutfrancais.sk\/fr\/"},{"@type":"ListItem","position":2,"name":"Events","item":"https:\/\/institutfrancais.sk\/fr\/podujatie\/"},{"@type":"ListItem","position":3,"name":"Nuit des id\u00e9es 2026"}]},{"@type":"WebSite","@id":"https:\/\/institutfrancais.sk\/fr\/#website","url":"https:\/\/institutfrancais.sk\/fr\/","name":"Franc\u00fazsky in\u0161tit\u00fat na Slovensku","description":"Franc\u00fazsky in\u0161tit\u00fat na Slovensku","potentialAction":[{"@type":"SearchAction","target":{"@type":"EntryPoint","urlTemplate":"https:\/\/institutfrancais.sk\/fr\/?s={search_term_string}"},"query-input":{"@type":"PropertyValueSpecification","valueRequired":true,"valueName":"search_term_string"}}],"inLanguage":"fr-FR"}]}},"_links":{"self":[{"href":"https:\/\/institutfrancais.sk\/fr\/wp-json\/wp\/v2\/podujatie\/39165"}],"collection":[{"href":"https:\/\/institutfrancais.sk\/fr\/wp-json\/wp\/v2\/podujatie"}],"about":[{"href":"https:\/\/institutfrancais.sk\/fr\/wp-json\/wp\/v2\/types\/podujatie"}],"wp:featuredmedia":[{"embeddable":true,"href":"https:\/\/institutfrancais.sk\/fr\/wp-json\/wp\/v2\/media\/39322"}],"wp:attachment":[{"href":"https:\/\/institutfrancais.sk\/fr\/wp-json\/wp\/v2\/media?parent=39165"}],"wp:term":[{"taxonomy":"typ-podujatia","embeddable":true,"href":"https:\/\/institutfrancais.sk\/fr\/wp-json\/wp\/v2\/typ-podujatia?post=39165"}],"curies":[{"name":"wp","href":"https:\/\/api.w.org\/{rel}","templated":true}]}}