{"id":39216,"date":"2026-03-25T09:51:01","date_gmt":"2026-03-25T08:51:01","guid":{"rendered":"https:\/\/institutfrancais.sk\/?post_type=podujatie&#038;p=39216"},"modified":"2026-04-13T10:23:18","modified_gmt":"2026-04-13T08:23:18","slug":"cafe-litteraire","status":"publish","type":"podujatie","link":"https:\/\/institutfrancais.sk\/fr\/podujatie\/cafe-litteraire\/","title":{"rendered":"Caf\u00e9 litt\u00e9raire"},"content":{"rendered":"\n<p>Chers amis du livre,<\/p>\n\n\n\n<p>Nous vous invitons chaleureusement \u00e0 notre <strong>Caf\u00e9 litt\u00e9raire<\/strong>, qui aura lieu le <strong>samedi 25 avril 2026, de 10h00 \u00e0 12h00, \u00e0 la M\u00e9diath\u00e8que de l\u2019Institut fran\u00e7ais<\/strong> <strong>de Slovaquie<\/strong>. Venez partager avec nous un moment convivial autour d\u2019un caf\u00e9 du samedi matin et discuter de litt\u00e9rature et d\u2019auteurs francophones.\u00a0Le th\u00e8me de cette rencontre sera :<strong>\u00a0\u00ab\u00a0La vie des \u00e9crivains francophones et leurs \u0153uvres\u00a0\u00bb<\/strong>. Chaque participant est invit\u00e9 \u00e0 pr\u00e9parer une courte pr\u00e9sentation d\u2019un \u00e9crivain francophone et d\u2019un ou de plusieurs de ses livres : quelques mots sur sa vie, sur son parcours litt\u00e9raire, sur l\u2019\u0153uvre choisie et sur les th\u00e8mes qu\u2019elle aborde. Vous pouvez \u00e9galement expliquer pourquoi cet auteur vous int\u00e9resse, ce que cette lecture vous a&nbsp;apport\u00e9, les \u00e9motions qu\u2019elle a&nbsp;suscit\u00e9es ou encore le message que vous y avez trouv\u00e9.<\/p>\n\n\n\n<p>Tous les niveaux de fran\u00e7ais sont les bienvenus.<\/p>\n","protected":false},"featured_media":0,"template":"","typ-podujatia":[654,98],"acf":[],"yoast_head":"<!-- This site is optimized with the Yoast SEO plugin v24.5 - https:\/\/yoast.com\/wordpress\/plugins\/seo\/ -->\n<title>Caf\u00e9 litt\u00e9raire - Franc\u00fazsky in\u0161tit\u00fat na Slovensku<\/title>\n<meta name=\"robots\" content=\"index, follow, max-snippet:-1, max-image-preview:large, max-video-preview:-1\" \/>\n<link rel=\"canonical\" href=\"https:\/\/institutfrancais.sk\/fr\/podujatie\/cafe-litteraire\/\" \/>\n<meta property=\"og:locale\" content=\"fr_FR\" \/>\n<meta property=\"og:type\" content=\"article\" \/>\n<meta property=\"og:title\" content=\"Caf\u00e9 litt\u00e9raire - Franc\u00fazsky in\u0161tit\u00fat na Slovensku\" \/>\n<meta property=\"og:description\" content=\"Chers amis du livre, Nous vous invitons chaleureusement \u00e0 notre Caf\u00e9 litt\u00e9raire, qui aura lieu le samedi 25 avril 2026, de 10h00 \u00e0 12h00, \u00e0 la M\u00e9diath\u00e8que de l\u2019Institut fran\u00e7ais de Slovaquie. Venez partager avec nous un moment convivial autour d\u2019un caf\u00e9 du samedi matin et discuter de litt\u00e9rature et d\u2019auteurs francophones.\u00a0Le th\u00e8me de cette [&hellip;]\" \/>\n<meta property=\"og:url\" content=\"https:\/\/institutfrancais.sk\/fr\/podujatie\/cafe-litteraire\/\" \/>\n<meta property=\"og:site_name\" content=\"Franc\u00fazsky in\u0161tit\u00fat na Slovensku\" \/>\n<meta property=\"article:modified_time\" content=\"2026-04-13T08:23:18+00:00\" \/>\n<meta name=\"twitter:card\" content=\"summary_large_image\" \/>\n<meta name=\"twitter:label1\" content=\"Dur\u00e9e de lecture estim\u00e9e\" \/>\n\t<meta name=\"twitter:data1\" content=\"1 minute\" \/>\n<script type=\"application\/ld+json\" class=\"yoast-schema-graph\">{\"@context\":\"https:\/\/schema.org\",\"@graph\":[{\"@type\":\"WebPage\",\"@id\":\"https:\/\/institutfrancais.sk\/fr\/podujatie\/cafe-litteraire\/\",\"url\":\"https:\/\/institutfrancais.sk\/fr\/podujatie\/cafe-litteraire\/\",\"name\":\"Caf\u00e9 litt\u00e9raire - Franc\u00fazsky in\u0161tit\u00fat na Slovensku\",\"isPartOf\":{\"@id\":\"https:\/\/institutfrancais.sk\/fr\/#website\"},\"datePublished\":\"2026-03-25T08:51:01+00:00\",\"dateModified\":\"2026-04-13T08:23:18+00:00\",\"breadcrumb\":{\"@id\":\"https:\/\/institutfrancais.sk\/fr\/podujatie\/cafe-litteraire\/#breadcrumb\"},\"inLanguage\":\"fr-FR\",\"potentialAction\":[{\"@type\":\"ReadAction\",\"target\":[\"https:\/\/institutfrancais.sk\/fr\/podujatie\/cafe-litteraire\/\"]}]},{\"@type\":\"BreadcrumbList\",\"@id\":\"https:\/\/institutfrancais.sk\/fr\/podujatie\/cafe-litteraire\/#breadcrumb\",\"itemListElement\":[{\"@type\":\"ListItem\",\"position\":1,\"name\":\"Home\",\"item\":\"https:\/\/institutfrancais.sk\/fr\/\"},{\"@type\":\"ListItem\",\"position\":2,\"name\":\"Events\",\"item\":\"https:\/\/institutfrancais.sk\/fr\/podujatie\/\"},{\"@type\":\"ListItem\",\"position\":3,\"name\":\"Caf\u00e9 litt\u00e9raire\"}]},{\"@type\":\"WebSite\",\"@id\":\"https:\/\/institutfrancais.sk\/fr\/#website\",\"url\":\"https:\/\/institutfrancais.sk\/fr\/\",\"name\":\"Franc\u00fazsky in\u0161tit\u00fat na Slovensku\",\"description\":\"Franc\u00fazsky in\u0161tit\u00fat na Slovensku\",\"potentialAction\":[{\"@type\":\"SearchAction\",\"target\":{\"@type\":\"EntryPoint\",\"urlTemplate\":\"https:\/\/institutfrancais.sk\/fr\/?s={search_term_string}\"},\"query-input\":{\"@type\":\"PropertyValueSpecification\",\"valueRequired\":true,\"valueName\":\"search_term_string\"}}],\"inLanguage\":\"fr-FR\"}]}<\/script>\n<!-- \/ Yoast SEO plugin. -->","yoast_head_json":{"title":"Caf\u00e9 litt\u00e9raire - Franc\u00fazsky in\u0161tit\u00fat na Slovensku","robots":{"index":"index","follow":"follow","max-snippet":"max-snippet:-1","max-image-preview":"max-image-preview:large","max-video-preview":"max-video-preview:-1"},"canonical":"https:\/\/institutfrancais.sk\/fr\/podujatie\/cafe-litteraire\/","og_locale":"fr_FR","og_type":"article","og_title":"Caf\u00e9 litt\u00e9raire - Franc\u00fazsky in\u0161tit\u00fat na Slovensku","og_description":"Chers amis du livre, Nous vous invitons chaleureusement \u00e0 notre Caf\u00e9 litt\u00e9raire, qui aura lieu le samedi 25 avril 2026, de 10h00 \u00e0 12h00, \u00e0 la M\u00e9diath\u00e8que de l\u2019Institut fran\u00e7ais de Slovaquie. Venez partager avec nous un moment convivial autour d\u2019un caf\u00e9 du samedi matin et discuter de litt\u00e9rature et d\u2019auteurs francophones.\u00a0Le th\u00e8me de cette [&hellip;]","og_url":"https:\/\/institutfrancais.sk\/fr\/podujatie\/cafe-litteraire\/","og_site_name":"Franc\u00fazsky in\u0161tit\u00fat na Slovensku","article_modified_time":"2026-04-13T08:23:18+00:00","twitter_card":"summary_large_image","twitter_misc":{"Dur\u00e9e de lecture estim\u00e9e":"1 minute"},"schema":{"@context":"https:\/\/schema.org","@graph":[{"@type":"WebPage","@id":"https:\/\/institutfrancais.sk\/fr\/podujatie\/cafe-litteraire\/","url":"https:\/\/institutfrancais.sk\/fr\/podujatie\/cafe-litteraire\/","name":"Caf\u00e9 litt\u00e9raire - Franc\u00fazsky in\u0161tit\u00fat na Slovensku","isPartOf":{"@id":"https:\/\/institutfrancais.sk\/fr\/#website"},"datePublished":"2026-03-25T08:51:01+00:00","dateModified":"2026-04-13T08:23:18+00:00","breadcrumb":{"@id":"https:\/\/institutfrancais.sk\/fr\/podujatie\/cafe-litteraire\/#breadcrumb"},"inLanguage":"fr-FR","potentialAction":[{"@type":"ReadAction","target":["https:\/\/institutfrancais.sk\/fr\/podujatie\/cafe-litteraire\/"]}]},{"@type":"BreadcrumbList","@id":"https:\/\/institutfrancais.sk\/fr\/podujatie\/cafe-litteraire\/#breadcrumb","itemListElement":[{"@type":"ListItem","position":1,"name":"Home","item":"https:\/\/institutfrancais.sk\/fr\/"},{"@type":"ListItem","position":2,"name":"Events","item":"https:\/\/institutfrancais.sk\/fr\/podujatie\/"},{"@type":"ListItem","position":3,"name":"Caf\u00e9 litt\u00e9raire"}]},{"@type":"WebSite","@id":"https:\/\/institutfrancais.sk\/fr\/#website","url":"https:\/\/institutfrancais.sk\/fr\/","name":"Franc\u00fazsky in\u0161tit\u00fat na Slovensku","description":"Franc\u00fazsky in\u0161tit\u00fat na Slovensku","potentialAction":[{"@type":"SearchAction","target":{"@type":"EntryPoint","urlTemplate":"https:\/\/institutfrancais.sk\/fr\/?s={search_term_string}"},"query-input":{"@type":"PropertyValueSpecification","valueRequired":true,"valueName":"search_term_string"}}],"inLanguage":"fr-FR"}]}},"_links":{"self":[{"href":"https:\/\/institutfrancais.sk\/fr\/wp-json\/wp\/v2\/podujatie\/39216"}],"collection":[{"href":"https:\/\/institutfrancais.sk\/fr\/wp-json\/wp\/v2\/podujatie"}],"about":[{"href":"https:\/\/institutfrancais.sk\/fr\/wp-json\/wp\/v2\/types\/podujatie"}],"wp:attachment":[{"href":"https:\/\/institutfrancais.sk\/fr\/wp-json\/wp\/v2\/media?parent=39216"}],"wp:term":[{"taxonomy":"typ-podujatia","embeddable":true,"href":"https:\/\/institutfrancais.sk\/fr\/wp-json\/wp\/v2\/typ-podujatia?post=39216"}],"curies":[{"name":"wp","href":"https:\/\/api.w.org\/{rel}","templated":true}]}}