{"id":39253,"date":"2026-03-30T16:32:48","date_gmt":"2026-03-30T14:32:48","guid":{"rendered":"https:\/\/institutfrancais.sk\/?post_type=podujatie&#038;p=39253"},"modified":"2026-03-30T16:37:29","modified_gmt":"2026-03-30T14:37:29","slug":"journee-mondiale-du-cirque-2026-au-cafe-des-nonchalants","status":"publish","type":"podujatie","link":"https:\/\/institutfrancais.sk\/fr\/podujatie\/journee-mondiale-du-cirque-2026-au-cafe-des-nonchalants\/","title":{"rendered":"Journ\u00e9e mondiale du cirque 2026 : \u00ab\u00a0Au caf\u00e9 des nonchalants\u00a0\u00bb"},"content":{"rendered":"\n<p>La 14e \u00e9dition du festival international des arts du cirque intitul\u00e9e \u00ab Svetov\u00fd de\u0148 cirkusu \u00bb (Journ\u00e9e mondiale du cirque), qui se tiendra du 10 au 12 avril 2026 \u00e0 Bratislava, pr\u00e9sentera dans le cadre de son programme le spectacle \u00ab Au caf\u00e9 des nonchalants \u00bb de la troupe fran\u00e7aise de jonglage et de danse Compagnie Circographie.<\/p>\n\n\n\n<figure class=\"wp-block-embed is-type-video is-provider-youtube wp-block-embed-youtube wp-embed-aspect-16-9 wp-has-aspect-ratio\"><div class=\"wp-block-embed__wrapper\">\n<iframe loading=\"lazy\" title=\"&quot;Au caf\u00e9 des nonchalants&quot; - Cie Circographie - Teaser\" width=\"500\" height=\"281\" src=\"https:\/\/www.youtube.com\/embed\/DpDtcrp4ZeE?feature=oembed\" frameborder=\"0\" allow=\"accelerometer; autoplay; clipboard-write; encrypted-media; gyroscope; picture-in-picture; web-share\" referrerpolicy=\"strict-origin-when-cross-origin\" allowfullscreen><\/iframe>\n<\/div><\/figure>\n\n\n<div class=\"space md\"><\/div>\n\n<a href=\"https:\/\/www.cirkuskus.sk\/festival-sdc\" class=\"btn\" target=\"blank\" rel=\"noreferrer noopener\">Plus sur le site du festival<\/a>\n\n<a href=\"https:\/\/www.circographie.fr\/home.html\" class=\"btn\" target=\"blank\" rel=\"noreferrer noopener\">Compagnie Circographie<\/a>\n\n<div class=\"space md\"><\/div>\n\n<div class=\"space md\"><\/div>","protected":false},"featured_media":39252,"template":"","typ-podujatia":[54],"acf":[],"yoast_head":"<!-- This site is optimized with the Yoast SEO plugin v24.5 - https:\/\/yoast.com\/wordpress\/plugins\/seo\/ -->\n<title>Journ\u00e9e mondiale du cirque 2026 : &quot;Au caf\u00e9 des nonchalants&quot; - Franc\u00fazsky in\u0161tit\u00fat na Slovensku<\/title>\n<meta name=\"description\" content=\"Journ\u00e9e mondiale du cirque 2026 : &quot;Au caf\u00e9 des nonchalants&quot;\" \/>\n<meta name=\"robots\" content=\"index, follow, max-snippet:-1, max-image-preview:large, max-video-preview:-1\" \/>\n<link rel=\"canonical\" href=\"https:\/\/institutfrancais.sk\/fr\/podujatie\/journee-mondiale-du-cirque-2026-au-cafe-des-nonchalants\/\" \/>\n<meta property=\"og:locale\" content=\"fr_FR\" \/>\n<meta property=\"og:type\" content=\"article\" \/>\n<meta property=\"og:title\" content=\"Journ\u00e9e mondiale du cirque 2026 : &quot;Au caf\u00e9 des nonchalants&quot; - Franc\u00fazsky in\u0161tit\u00fat na Slovensku\" \/>\n<meta property=\"og:description\" content=\"Journ\u00e9e mondiale du cirque 2026 : &quot;Au caf\u00e9 des nonchalants&quot;\" \/>\n<meta property=\"og:url\" content=\"https:\/\/institutfrancais.sk\/fr\/podujatie\/journee-mondiale-du-cirque-2026-au-cafe-des-nonchalants\/\" \/>\n<meta property=\"og:site_name\" content=\"Franc\u00fazsky in\u0161tit\u00fat na Slovensku\" \/>\n<meta property=\"article:modified_time\" content=\"2026-03-30T14:37:29+00:00\" \/>\n<meta property=\"og:image\" content=\"https:\/\/institutfrancais.sk\/wp-content\/uploads\/2026\/03\/SDC2026-v2.png\" \/>\n\t<meta property=\"og:image:width\" content=\"1452\" \/>\n\t<meta property=\"og:image:height\" content=\"693\" \/>\n\t<meta property=\"og:image:type\" content=\"image\/png\" \/>\n<meta name=\"twitter:card\" content=\"summary_large_image\" \/>\n<meta name=\"twitter:label1\" content=\"Dur\u00e9e de lecture estim\u00e9e\" \/>\n\t<meta name=\"twitter:data1\" content=\"1 minute\" \/>\n<script type=\"application\/ld+json\" class=\"yoast-schema-graph\">{\"@context\":\"https:\/\/schema.org\",\"@graph\":[{\"@type\":\"WebPage\",\"@id\":\"https:\/\/institutfrancais.sk\/fr\/podujatie\/journee-mondiale-du-cirque-2026-au-cafe-des-nonchalants\/\",\"url\":\"https:\/\/institutfrancais.sk\/fr\/podujatie\/journee-mondiale-du-cirque-2026-au-cafe-des-nonchalants\/\",\"name\":\"Journ\u00e9e mondiale du cirque 2026 : \\\"Au caf\u00e9 des nonchalants\\\" - Franc\u00fazsky in\u0161tit\u00fat na Slovensku\",\"isPartOf\":{\"@id\":\"https:\/\/institutfrancais.sk\/fr\/#website\"},\"primaryImageOfPage\":{\"@id\":\"https:\/\/institutfrancais.sk\/fr\/podujatie\/journee-mondiale-du-cirque-2026-au-cafe-des-nonchalants\/#primaryimage\"},\"image\":{\"@id\":\"https:\/\/institutfrancais.sk\/fr\/podujatie\/journee-mondiale-du-cirque-2026-au-cafe-des-nonchalants\/#primaryimage\"},\"thumbnailUrl\":\"https:\/\/institutfrancais.sk\/wp-content\/uploads\/2026\/03\/SDC2026-v2.png\",\"datePublished\":\"2026-03-30T14:32:48+00:00\",\"dateModified\":\"2026-03-30T14:37:29+00:00\",\"description\":\"Journ\u00e9e mondiale du cirque 2026 : \\\"Au caf\u00e9 des nonchalants\\\"\",\"breadcrumb\":{\"@id\":\"https:\/\/institutfrancais.sk\/fr\/podujatie\/journee-mondiale-du-cirque-2026-au-cafe-des-nonchalants\/#breadcrumb\"},\"inLanguage\":\"fr-FR\",\"potentialAction\":[{\"@type\":\"ReadAction\",\"target\":[\"https:\/\/institutfrancais.sk\/fr\/podujatie\/journee-mondiale-du-cirque-2026-au-cafe-des-nonchalants\/\"]}]},{\"@type\":\"ImageObject\",\"inLanguage\":\"fr-FR\",\"@id\":\"https:\/\/institutfrancais.sk\/fr\/podujatie\/journee-mondiale-du-cirque-2026-au-cafe-des-nonchalants\/#primaryimage\",\"url\":\"https:\/\/institutfrancais.sk\/wp-content\/uploads\/2026\/03\/SDC2026-v2.png\",\"contentUrl\":\"https:\/\/institutfrancais.sk\/wp-content\/uploads\/2026\/03\/SDC2026-v2.png\",\"width\":1452,\"height\":693},{\"@type\":\"BreadcrumbList\",\"@id\":\"https:\/\/institutfrancais.sk\/fr\/podujatie\/journee-mondiale-du-cirque-2026-au-cafe-des-nonchalants\/#breadcrumb\",\"itemListElement\":[{\"@type\":\"ListItem\",\"position\":1,\"name\":\"Home\",\"item\":\"https:\/\/institutfrancais.sk\/fr\/\"},{\"@type\":\"ListItem\",\"position\":2,\"name\":\"Events\",\"item\":\"https:\/\/institutfrancais.sk\/fr\/podujatie\/\"},{\"@type\":\"ListItem\",\"position\":3,\"name\":\"Journ\u00e9e mondiale du cirque 2026 : &#8222;Au caf\u00e9 des nonchalants&#8220;\"}]},{\"@type\":\"WebSite\",\"@id\":\"https:\/\/institutfrancais.sk\/fr\/#website\",\"url\":\"https:\/\/institutfrancais.sk\/fr\/\",\"name\":\"Franc\u00fazsky in\u0161tit\u00fat na Slovensku\",\"description\":\"Franc\u00fazsky in\u0161tit\u00fat na Slovensku\",\"potentialAction\":[{\"@type\":\"SearchAction\",\"target\":{\"@type\":\"EntryPoint\",\"urlTemplate\":\"https:\/\/institutfrancais.sk\/fr\/?s={search_term_string}\"},\"query-input\":{\"@type\":\"PropertyValueSpecification\",\"valueRequired\":true,\"valueName\":\"search_term_string\"}}],\"inLanguage\":\"fr-FR\"}]}<\/script>\n<!-- \/ Yoast SEO plugin. -->","yoast_head_json":{"title":"Journ\u00e9e mondiale du cirque 2026 : \"Au caf\u00e9 des nonchalants\" - Franc\u00fazsky in\u0161tit\u00fat na Slovensku","description":"Journ\u00e9e mondiale du cirque 2026 : \"Au caf\u00e9 des nonchalants\"","robots":{"index":"index","follow":"follow","max-snippet":"max-snippet:-1","max-image-preview":"max-image-preview:large","max-video-preview":"max-video-preview:-1"},"canonical":"https:\/\/institutfrancais.sk\/fr\/podujatie\/journee-mondiale-du-cirque-2026-au-cafe-des-nonchalants\/","og_locale":"fr_FR","og_type":"article","og_title":"Journ\u00e9e mondiale du cirque 2026 : \"Au caf\u00e9 des nonchalants\" - Franc\u00fazsky in\u0161tit\u00fat na Slovensku","og_description":"Journ\u00e9e mondiale du cirque 2026 : \"Au caf\u00e9 des nonchalants\"","og_url":"https:\/\/institutfrancais.sk\/fr\/podujatie\/journee-mondiale-du-cirque-2026-au-cafe-des-nonchalants\/","og_site_name":"Franc\u00fazsky in\u0161tit\u00fat na Slovensku","article_modified_time":"2026-03-30T14:37:29+00:00","og_image":[{"width":1452,"height":693,"url":"https:\/\/institutfrancais.sk\/wp-content\/uploads\/2026\/03\/SDC2026-v2.png","type":"image\/png"}],"twitter_card":"summary_large_image","twitter_misc":{"Dur\u00e9e de lecture estim\u00e9e":"1 minute"},"schema":{"@context":"https:\/\/schema.org","@graph":[{"@type":"WebPage","@id":"https:\/\/institutfrancais.sk\/fr\/podujatie\/journee-mondiale-du-cirque-2026-au-cafe-des-nonchalants\/","url":"https:\/\/institutfrancais.sk\/fr\/podujatie\/journee-mondiale-du-cirque-2026-au-cafe-des-nonchalants\/","name":"Journ\u00e9e mondiale du cirque 2026 : \"Au caf\u00e9 des nonchalants\" - Franc\u00fazsky in\u0161tit\u00fat na Slovensku","isPartOf":{"@id":"https:\/\/institutfrancais.sk\/fr\/#website"},"primaryImageOfPage":{"@id":"https:\/\/institutfrancais.sk\/fr\/podujatie\/journee-mondiale-du-cirque-2026-au-cafe-des-nonchalants\/#primaryimage"},"image":{"@id":"https:\/\/institutfrancais.sk\/fr\/podujatie\/journee-mondiale-du-cirque-2026-au-cafe-des-nonchalants\/#primaryimage"},"thumbnailUrl":"https:\/\/institutfrancais.sk\/wp-content\/uploads\/2026\/03\/SDC2026-v2.png","datePublished":"2026-03-30T14:32:48+00:00","dateModified":"2026-03-30T14:37:29+00:00","description":"Journ\u00e9e mondiale du cirque 2026 : \"Au caf\u00e9 des nonchalants\"","breadcrumb":{"@id":"https:\/\/institutfrancais.sk\/fr\/podujatie\/journee-mondiale-du-cirque-2026-au-cafe-des-nonchalants\/#breadcrumb"},"inLanguage":"fr-FR","potentialAction":[{"@type":"ReadAction","target":["https:\/\/institutfrancais.sk\/fr\/podujatie\/journee-mondiale-du-cirque-2026-au-cafe-des-nonchalants\/"]}]},{"@type":"ImageObject","inLanguage":"fr-FR","@id":"https:\/\/institutfrancais.sk\/fr\/podujatie\/journee-mondiale-du-cirque-2026-au-cafe-des-nonchalants\/#primaryimage","url":"https:\/\/institutfrancais.sk\/wp-content\/uploads\/2026\/03\/SDC2026-v2.png","contentUrl":"https:\/\/institutfrancais.sk\/wp-content\/uploads\/2026\/03\/SDC2026-v2.png","width":1452,"height":693},{"@type":"BreadcrumbList","@id":"https:\/\/institutfrancais.sk\/fr\/podujatie\/journee-mondiale-du-cirque-2026-au-cafe-des-nonchalants\/#breadcrumb","itemListElement":[{"@type":"ListItem","position":1,"name":"Home","item":"https:\/\/institutfrancais.sk\/fr\/"},{"@type":"ListItem","position":2,"name":"Events","item":"https:\/\/institutfrancais.sk\/fr\/podujatie\/"},{"@type":"ListItem","position":3,"name":"Journ\u00e9e mondiale du cirque 2026 : &#8222;Au caf\u00e9 des nonchalants&#8220;"}]},{"@type":"WebSite","@id":"https:\/\/institutfrancais.sk\/fr\/#website","url":"https:\/\/institutfrancais.sk\/fr\/","name":"Franc\u00fazsky in\u0161tit\u00fat na Slovensku","description":"Franc\u00fazsky in\u0161tit\u00fat na Slovensku","potentialAction":[{"@type":"SearchAction","target":{"@type":"EntryPoint","urlTemplate":"https:\/\/institutfrancais.sk\/fr\/?s={search_term_string}"},"query-input":{"@type":"PropertyValueSpecification","valueRequired":true,"valueName":"search_term_string"}}],"inLanguage":"fr-FR"}]}},"_links":{"self":[{"href":"https:\/\/institutfrancais.sk\/fr\/wp-json\/wp\/v2\/podujatie\/39253"}],"collection":[{"href":"https:\/\/institutfrancais.sk\/fr\/wp-json\/wp\/v2\/podujatie"}],"about":[{"href":"https:\/\/institutfrancais.sk\/fr\/wp-json\/wp\/v2\/types\/podujatie"}],"wp:featuredmedia":[{"embeddable":true,"href":"https:\/\/institutfrancais.sk\/fr\/wp-json\/wp\/v2\/media\/39252"}],"wp:attachment":[{"href":"https:\/\/institutfrancais.sk\/fr\/wp-json\/wp\/v2\/media?parent=39253"}],"wp:term":[{"taxonomy":"typ-podujatia","embeddable":true,"href":"https:\/\/institutfrancais.sk\/fr\/wp-json\/wp\/v2\/typ-podujatia?post=39253"}],"curies":[{"name":"wp","href":"https:\/\/api.w.org\/{rel}","templated":true}]}}